{"id":10873,"date":"2020-05-14T10:14:05","date_gmt":"2020-05-14T13:14:05","guid":{"rendered":"https:\/\/www.editorasolucao.com.br\/blog\/?post_type=concurso&#038;p=10873"},"modified":"2020-05-14T10:14:06","modified_gmt":"2020-05-14T13:14:06","slug":"prefeitura-de-frederico-westphalen-rs","status":"publish","type":"concurso","link":"https:\/\/www.editorasolucao.com.br\/blog\/concurso\/prefeitura-de-frederico-westphalen-rs","title":{"rendered":"Concurso Prefeitura de Frederico Westphalen &#8211; RS 2020: Oportunidades para n\u00edveis M\u00e9dio e Superior!"},"content":{"rendered":"\n<p>Foi divulgado o <a rel=\"noreferrer noopener\" aria-label=\"Edital (abre em uma nova aba)\" href=\"https:\/\/www.editorasolucao.com.br\" target=\"_blank\">Edital<\/a> do <strong>Concurso Prefeitura de Frederico Westphalen<\/strong>, no estado do <a href=\"https:\/\/www.editorasolucao.com.br\/blog\/concursos-abertos-rs\" target=\"_blank\" rel=\"noreferrer noopener\" aria-label=\"Rio Grande do Sul (abre em uma nova aba)\">Rio Grande do Sul<\/a>, que oferece <strong>vagas para candidatos de n\u00edveis M\u00e9dio e Superior<\/strong>, com sal\u00e1rios que chegam a <strong>R$ 4,4 mil<\/strong>. Confira os detalhes ao decorrer do texto. <\/p>\n\n\n\n<div id=\"ez-toc-container\" class=\"ez-toc-v2_0_69_1 counter-hierarchy ez-toc-counter ez-toc-grey ez-toc-container-direction\">\n<div class=\"ez-toc-title-container\">\n<p class=\"ez-toc-title \" >Menu de navega&ccedil;&atilde;o<\/p>\n<span class=\"ez-toc-title-toggle\"><a href=\"#\" class=\"ez-toc-pull-right ez-toc-btn ez-toc-btn-xs ez-toc-btn-default ez-toc-toggle\" aria-label=\"Toggle Table of Content\"><span class=\"ez-toc-js-icon-con\"><span class=\"\"><span class=\"eztoc-hide\" style=\"display:none;\">Toggle<\/span><span class=\"ez-toc-icon-toggle-span\"><svg style=\"fill: #999;color:#999\" xmlns=\"http:\/\/www.w3.org\/2000\/svg\" class=\"list-377408\" width=\"20px\" height=\"20px\" viewBox=\"0 0 24 24\" fill=\"none\"><path d=\"M6 6H4v2h2V6zm14 0H8v2h12V6zM4 11h2v2H4v-2zm16 0H8v2h12v-2zM4 16h2v2H4v-2zm16 0H8v2h12v-2z\" fill=\"currentColor\"><\/path><\/svg><svg style=\"fill: #999;color:#999\" class=\"arrow-unsorted-368013\" xmlns=\"http:\/\/www.w3.org\/2000\/svg\" width=\"10px\" height=\"10px\" viewBox=\"0 0 24 24\" version=\"1.2\" baseProfile=\"tiny\"><path d=\"M18.2 9.3l-6.2-6.3-6.2 6.3c-.2.2-.3.4-.3.7s.1.5.3.7c.2.2.4.3.7.3h11c.3 0 .5-.1.7-.3.2-.2.3-.5.3-.7s-.1-.5-.3-.7zM5.8 14.7l6.2 6.3 6.2-6.3c.2-.2.3-.5.3-.7s-.1-.5-.3-.7c-.2-.2-.4-.3-.7-.3h-11c-.3 0-.5.1-.7.3-.2.2-.3.5-.3.7s.1.5.3.7z\"\/><\/svg><\/span><\/span><\/span><\/a><\/span><\/div>\n<nav><ul class='ez-toc-list ez-toc-list-level-1 ' ><li class='ez-toc-page-1 ez-toc-heading-level-2'><a class=\"ez-toc-link ez-toc-heading-1\" href=\"https:\/\/www.editorasolucao.com.br\/blog\/concurso\/prefeitura-de-frederico-westphalen-rs\/#Inscricoes_do_Concurso_de_Frederico_Westphalen_%E2%80%93_RS\" title=\"Inscri\u00e7\u00f5es do Concurso de Frederico Westphalen \u2013 RS\">Inscri\u00e7\u00f5es do Concurso de Frederico Westphalen \u2013 RS<\/a><\/li><li class='ez-toc-page-1 ez-toc-heading-level-2'><a class=\"ez-toc-link ez-toc-heading-2\" href=\"https:\/\/www.editorasolucao.com.br\/blog\/concurso\/prefeitura-de-frederico-westphalen-rs\/#Cargos_vagas_e_salarios_do_Concurso_Prefeitura_de_Frederico_Westphalen_%E2%80%93_RS\" title=\"Cargos, vagas e sal\u00e1rios do Concurso Prefeitura de Frederico Westphalen \u2013 RS\">Cargos, vagas e sal\u00e1rios do Concurso Prefeitura de Frederico Westphalen \u2013 RS<\/a><\/li><li class='ez-toc-page-1 ez-toc-heading-level-2'><a class=\"ez-toc-link ez-toc-heading-3\" href=\"https:\/\/www.editorasolucao.com.br\/blog\/concurso\/prefeitura-de-frederico-westphalen-rs\/#Quais_sao_os_requisitos_basicos_para_a_investidura_nos_cargos_do_Concurso_de_Frederico_Westphalen_%E2%80%93_RS\" title=\"Quais s\u00e3o os requisitos b\u00e1sicos para a investidura nos cargos do Concurso de Frederico Westphalen \u2013 RS?\">Quais s\u00e3o os requisitos b\u00e1sicos para a investidura nos cargos do Concurso de Frederico Westphalen \u2013 RS?<\/a><\/li><li class='ez-toc-page-1 ez-toc-heading-level-2'><a class=\"ez-toc-link ez-toc-heading-4\" href=\"https:\/\/www.editorasolucao.com.br\/blog\/concurso\/prefeitura-de-frederico-westphalen-rs\/#Como_serao_as_provas_do_Concurso_Prefeitura_de_Frederico_Westphalen_%E2%80%93_RS\" title=\"Como ser\u00e3o as provas do Concurso Prefeitura de Frederico Westphalen \u2013 RS?\">Como ser\u00e3o as provas do Concurso Prefeitura de Frederico Westphalen \u2013 RS?<\/a><\/li><li class='ez-toc-page-1 ez-toc-heading-level-2'><a class=\"ez-toc-link ez-toc-heading-5\" href=\"https:\/\/www.editorasolucao.com.br\/blog\/concurso\/prefeitura-de-frederico-westphalen-rs\/#O_que_faz_um_Agente_de_Transito\" title=\"O que faz um Agente de Tr\u00e2nsito?\">O que faz um Agente de Tr\u00e2nsito?<\/a><\/li><li class='ez-toc-page-1 ez-toc-heading-level-2'><a class=\"ez-toc-link ez-toc-heading-6\" href=\"https:\/\/www.editorasolucao.com.br\/blog\/concurso\/prefeitura-de-frederico-westphalen-rs\/#O_que_faz_um_Analista_Ambiental\" title=\"O que faz um Analista Ambiental?\">O que faz um Analista Ambiental?<\/a><\/li><\/ul><\/nav><\/div>\n<h2 class=\"wp-block-heading\"><span class=\"ez-toc-section\" id=\"Inscricoes_do_Concurso_de_Frederico_Westphalen_%E2%80%93_RS\"><\/span>Inscri\u00e7\u00f5es do Concurso de Frederico Westphalen \u2013 RS<span class=\"ez-toc-section-end\"><\/span><\/h2>\n\n\n\n<p>As inscri\u00e7\u00f5es devem ser realizadas atrav\u00e9s do site da banca organizadora <a rel=\"noreferrer noopener\" aria-label=\"Fundatec (abre em uma nova aba)\" href=\"http:\/\/www.fundatec.org.br\/portal\/concursos\/pagina_editais.php?concurso=584\" target=\"_blank\">Fundatec<\/a>, at\u00e9 \u00e0s <strong>17 horas do dia 11 de junho de 2020<\/strong>. Para efetuar a inscri\u00e7\u00e3o \u00e9 necess\u00e1rio pagar uma taxa com valor referente ao n\u00edvel do cargo desejado. <\/p>\n\n\n\n<ul><li><strong>N\u00edvel M\u00e9dio:<\/strong> R$ 120,00<\/li><li> <strong>N\u00edvel Superior:<\/strong> R$ 150,0<\/li><\/ul>\n\n\n\n<p><\/p>\n\n\n\n<p>Haver\u00e1 <strong>isen\u00e7\u00e3o do pagamento da taxa de inscri\u00e7\u00e3o<\/strong> para os candidatos que atenderem um dos seguintes crit\u00e9rios: <\/p>\n\n\n\n<ul><li>For inscrito no Cadastro \u00danico para Programas Sociais do Governo Federal (Cad.\u00danico), cuja renda familiar mensal per capita seja inferior ou igual a meio sal\u00e1rio-m\u00ednimo nacional, de que trata o Decreto n\u00ba 6.135\/2007 e; <\/li><li> For membro de fam\u00edlia de baixa renda, nos termos do Decreto n\u00ba 6.135\/2007.<\/li><\/ul>\n\n\n\n<p><\/p>\n\n\n\n<p>A solicita\u00e7\u00e3o deve ser feita at\u00e9 o dia <strong>15 de maio de 2020<\/strong>.<\/p>\n\n\n\n<h2 class=\"wp-block-heading\"><span class=\"ez-toc-section\" id=\"Cargos_vagas_e_salarios_do_Concurso_Prefeitura_de_Frederico_Westphalen_%E2%80%93_RS\"><\/span>Cargos, vagas e sal\u00e1rios do Concurso Prefeitura de Frederico Westphalen \u2013 RS<span class=\"ez-toc-section-end\"><\/span><\/h2>\n\n\n\n<p>S\u00e3o ofertadas <strong>03 vagas imediatas mais forma\u00e7\u00e3o de cadastro reserva<\/strong>, sendo <strong>02 para o cargo de Agente de Tr\u00e2nsito, que exige n\u00edvel M\u00e9dio e conta com vencimento de R$ 2.076,91<\/strong>. A outra oportunidade \u00e9 destinada ao cargo de <strong>Analista Ambiental, que necessita de n\u00edvel Superior e tem remunera\u00e7\u00e3o de R$ 4.473,35<\/strong>. Ambos os cargos tem jornada de trabalho de 40 horas semanais. <\/p>\n\n\n\n<h2 class=\"wp-block-heading\"><span class=\"ez-toc-section\" id=\"Quais_sao_os_requisitos_basicos_para_a_investidura_nos_cargos_do_Concurso_de_Frederico_Westphalen_%E2%80%93_RS\"><\/span>Quais s\u00e3o os requisitos b\u00e1sicos para a investidura nos cargos do Concurso de Frederico Westphalen \u2013 RS?<span class=\"ez-toc-section-end\"><\/span><\/h2>\n\n\n\n<p>Saiba quais s\u00e3o as exig\u00eancias para que o candidato tome posse dos cargos ofertados:<\/p>\n\n\n\n<ul><li>O candidato nomeado por Portaria dever\u00e1 comparecer \u00e0 Prefeitura Municipal de Frederico Westphalen para tomar posse no prazo m\u00e1ximo de 10 (dez) dias contados da data de publica\u00e7\u00e3o do ato de nomea\u00e7\u00e3o, prorrogados por igual per\u00edodo, sendo contados da posse 5 (cinco) dias para entrar em exerc\u00edcio, munido dos documentos a seguir relacionados, sob pena de revoga\u00e7\u00e3o da Portaria de nomea\u00e7\u00e3o, com decorrente perda de todos os direitos e imediata nomea\u00e7\u00e3o do candidato subsequentemente classificado: <\/li><li> Declara\u00e7\u00e3o de inexist\u00eancia de impedimento para assumir o cargo, consubstanciada no n\u00e3o exerc\u00edcio de outro cargo, emprego ou fun\u00e7\u00e3o p\u00fablica, constitucionalmente inacumul\u00e1vel; <\/li><li> Declara\u00e7\u00e3o atualizada dos respectivos bens, com assinatura reconhecida em cart\u00f3rio; <\/li><li> Atestado m\u00e9dico de aptid\u00e3o para o exerc\u00edcio do cargo fornecido pelo Servi\u00e7o M\u00e9dico designado pelo Munic\u00edpio de Frederico Westphalen; <\/li><li> Certid\u00e3o de quita\u00e7\u00e3o de obriga\u00e7\u00f5es eleitorais; <\/li><li> Certid\u00e3o de quita\u00e7\u00e3o de obriga\u00e7\u00f5es militares (para os candidatos do sexo masculino); <\/li><li> Prova do status de brasileiro nato ou naturalizado; <\/li><li> Prova da idade m\u00ednima de 18 (dezoito) anos; <\/li><li> Prova do atendimento das exig\u00eancias da Lei Federal n\u00ba 7.853\/89 e do Decreto Federal n\u00ba 3.298\/99; <\/li><li> Prova da escolaridade m\u00ednima completa, da habilita\u00e7\u00e3o espec\u00edfica e do preenchimento dos demais requisitos exigidos no item 1.1 do Edital para o cargo pretendido; <\/li><li> Comprovar o endere\u00e7o por meio de entrega de c\u00f3pias de conta de luz, de \u00e1gua, de telefone ou de IPTU, em nome do candidato, ou declara\u00e7\u00e3o de que o candidato reside no endere\u00e7o indicado, que dever\u00e1 estar assinada pelo candidato aprovado com assinatura reconhecida em cart\u00f3rio.<\/li><\/ul>\n\n\n\n<h2 class=\"wp-block-heading\"><span class=\"ez-toc-section\" id=\"Como_serao_as_provas_do_Concurso_Prefeitura_de_Frederico_Westphalen_%E2%80%93_RS\"><\/span>Como ser\u00e3o as provas do Concurso Prefeitura de Frederico Westphalen \u2013 RS?<span class=\"ez-toc-section-end\"><\/span><\/h2>\n\n\n\n<p style=\"text-align:left\">O certame ser\u00e1 composto por etapa \u00fanica avaliativa de <strong>Prova Objetiva<\/strong> (car\u00e1ter eliminat\u00f3rio e classificat\u00f3rio), que est\u00e1 prevista para ser realizada no dia <strong>19 de julho de 2020<\/strong> e contar\u00e1 com <strong>40 quest\u00f5es de m\u00faltipla escolha<\/strong>. As disciplinas que versar\u00e3o as provas ser\u00e3o: <\/p>\n\n\n\n<p><strong>N\u00edvel M\u00e9dio<\/strong> <\/p>\n\n\n\n<ul><li>L\u00edngua Portuguesa \u2013 10 quest\u00f5es;<\/li><li> Matem\u00e1tica\/Racioc\u00ednio L\u00f3gico \u2013 10 quest\u00f5es;<\/li><li> Conhecimentos Gerais \u2013 05 quest\u00f5es;<\/li><li> Legisla\u00e7\u00e3o \u2013 10 quest\u00f5es; <\/li><li> Conhecimentos Espec\u00edficos \u2013 05 quest\u00f5es. <\/li><\/ul>\n\n\n\n<p><strong>N\u00edvel Superior<\/strong><\/p>\n\n\n\n<ul><li>L\u00edngua Portuguesa \u2013 10 quest\u00f5es;<\/li><li> Matem\u00e1tica\/Racioc\u00ednio L\u00f3gico \u2013 05 quest\u00f5es;<\/li><li> Conhecimentos Gerais \u2013 05 quest\u00f5es;<\/li><li> Legisla\u00e7\u00e3o \u2013 10 quest\u00f5es; <\/li><li> Conhecimentos Espec\u00edficos \u2013 10 quest\u00f5es. <\/li><\/ul>\n\n\n\n<p><\/p>\n\n\n\n<p>Cada quest\u00f5es ter\u00e1 valor de 2,50 pontos cada uma.<\/p>\n\n\n\n<h2 class=\"wp-block-heading\"><span class=\"ez-toc-section\" id=\"O_que_faz_um_Agente_de_Transito\"><\/span>O que faz um Agente de Tr\u00e2nsito?<span class=\"ez-toc-section-end\"><\/span><\/h2>\n\n\n\n<p>Saiba quais s\u00e3o as atribui\u00e7\u00f5es do cargo: <\/p>\n\n\n\n<p><strong>Descri\u00e7\u00e3o Sint\u00e9tica:<\/strong> Cumprir e fazer cumprir a legisla\u00e7\u00e3o e as normas de tr\u00e2nsito, fiscalizar o tr\u00e1fego de ve\u00edculos.<\/p>\n\n\n\n<p> <strong>Descri\u00e7\u00e3o Anal\u00edtica:<\/strong> Executar a fiscaliza\u00e7\u00e3o de tr\u00e2nsito, autuar e aplicar as medidas administrativas cab\u00edveis por infra\u00e7\u00e3o de circula\u00e7\u00e3o, estacionamento e parada, excesso de peso, dimens\u00f5es e lota\u00e7\u00e3o de ve\u00edculos, o n\u00edvel de emiss\u00e3o de poluentes e ru\u00eddos produzidos por ve\u00edculos automotores e outras definidas no C\u00f3digo de Tr\u00e2nsito Brasileiro, resolu\u00e7\u00f5es e por meio de conv\u00eanios. &#8211; Operar e monitorar o tr\u00e2nsito por meio de gestos e apito, bem como a utiliza\u00e7\u00e3o de equipamentos de uso tempor\u00e1rio (cones, cavaletes, etc.) zelando pela fluidez e seguran\u00e7a vi\u00e1ria. &#8211; Promover a coleta de dados para uso estat\u00edstico. &#8211; Participar de projetos e programas de educa\u00e7\u00e3o de tr\u00e2nsito. &#8211; Interagir em situa\u00e7\u00f5es emergenciais relacionadas ao tr\u00e2nsito. &#8211; Conduzir ve\u00edculos de fiscaliza\u00e7\u00e3o e opera\u00e7\u00e3o de tr\u00e2nsito em conformidade com sua habilita\u00e7\u00e3o. &#8211; Sugerir medidas para melhoria de tr\u00e2nsito. &#8211; Prestar apoio operacional a outros \u00f3rg\u00e3os p\u00fablicos referentes ao tr\u00e2nsito. &#8211; Promover a\u00e7\u00f5es operacionais de bloqueio e escolta. &#8211; Prestar informa\u00e7\u00f5es sobre o tr\u00e2nsito aos usu\u00e1rios das vias p\u00fablicas. &#8211; Avaliar as condi\u00e7\u00f5es das sinaliza\u00e7\u00f5es de obras. &#8211; Executar outras tarefas relacionadas ao tr\u00e2nsito e a seguran\u00e7a vi\u00e1ria. &#8211; Dirigir ve\u00edculos quando em servi\u00e7o, se habilitado para tanto &#8211; Desempenhar atividades afins, que por suas caracter\u00edsticas se incluam entre suas atribui\u00e7\u00f5es.<\/p>\n\n\n\n<h2 class=\"wp-block-heading\"><span class=\"ez-toc-section\" id=\"O_que_faz_um_Analista_Ambiental\"><\/span>O que faz um Analista Ambiental?<span class=\"ez-toc-section-end\"><\/span><\/h2>\n\n\n\n<p>Saiba quais s\u00e3o as atribui\u00e7\u00f5es do cargo:<\/p>\n\n\n\n<p><strong>Descri\u00e7\u00e3o sint\u00e9tica (s\u00edntese de deveres):<\/strong> efetuar an\u00e1lise interpretativa em processos de Licenciamento Ambiental considerados de impacto local com emiss\u00e3o de parecer t\u00e9cnico visando \u00e0 expedi\u00e7\u00e3o de licen\u00e7as ambientais nos termos de legisla\u00e7\u00e3o vigente e desenvolver a\u00e7\u00f5es de gest\u00e3o ambiental junto ao \u00f3rg\u00e3o ambiental municipal. <\/p>\n\n\n\n<p><strong>Descri\u00e7\u00e3o anal\u00edtica (exemplos de atribui\u00e7\u00f5es):<\/strong> analisar, avaliar e interpretar processos de licenciamento ambiental de impacto local, emitindo parecer t\u00e9cnico nos termos da legisla\u00e7\u00e3o vigente; oficiar o empreendedor ou requerente a fim de prestar esclarecimento ou complementa\u00e7\u00f5es, quando couber; elaborar, coordenar e executar projetos na \u00e1rea ambiental, inclusive de educa\u00e7\u00e3o ambiental de responsabilidade do munic\u00edpio; manter registro ativo no Conselho de Classe; emitir certid\u00f5es, declara\u00e7\u00f5es, laudos e outros documentos relativos \u00e0 sua fun\u00e7\u00e3o; efetuar levantamentos, laudos, diagn\u00f3sticos ou outros relacionados \u00e0 preserva\u00e7\u00e3o, controle, saneamento e melhoramento do meio ambiente; responsabilizar-se pela manuten\u00e7\u00e3o ativa e atualizada do Cadastro T\u00e9cnico Federal em nome da municipalidade; orientar e acompanhar as atividades potencialmente poluidoras consideradas de impacto local; coordenar Unidades de Conserva\u00e7\u00e3o (UC\u2019s) de dom\u00ednio municipal; executar tarefas correlatas \u00e0 gest\u00e3o ambiental municipal; e dirigir ve\u00edculos no atendimento de suas fun\u00e7\u00f5es.<\/p>\n\n\n\n<p><\/p>\n\n\n\n<p style=\"text-align:center\"><strong>Conte\u00fado Program\u00e1tico <\/strong><\/p>\n\n\n\n<ul><li>L\u00edngua Portuguesa: 1. Leitura e compreens\u00e3o de textos: 1.1 Assunto. 1.2 Estrutura\u00e7\u00e3o do texto. 1.3 Ideias principais e secund\u00e1rias. 1.4 Rela\u00e7\u00e3o entre as ideias.1.5 Efeitos de sentido. 1.6 Figuras de linguagem. 1.7 Recursos de argumenta\u00e7\u00e3o. 1.8 Informa\u00e7\u00f5es impl\u00edcitas: pressupostos e subentendidos. 1.9 Coes\u00e3o e coer\u00eancia textuais. 2. L\u00e9xico: 2.1 Significa\u00e7\u00e3o de palavras e express\u00f5es no texto. 2.2 Substitui\u00e7\u00e3o de palavras e de express\u00f5es no texto. 2.3 Estrutura e forma\u00e7\u00e3o de palavras. 3. Aspectos lingu\u00edsticos: 3.1 Rela\u00e7\u00f5es morfossint\u00e1ticas. 3.2 Ortografia: emprego de letras e acentua\u00e7\u00e3o gr\u00e1fica sistema oficial vigente (inclusive o Acordo Ortogr\u00e1fico vigente, conforme Decreto 7.875\/12). 3.3 Rela\u00e7\u00f5es entre fonemas e grafias. 3.4 Flex\u00f5es e emprego de classes gramaticais. 3.5 Vozes verbais e sua convers\u00e3o. 3.6 Concord\u00e2ncia nominal e verbal. 3.7 Reg\u00eancia nominal e verbal (inclusive emprego do acento indicativo de crase). 3.8 Coordena\u00e7\u00e3o e subordina\u00e7\u00e3o: emprego das conjun\u00e7\u00f5es, das locu\u00e7\u00f5es conjuntivas e dos pronomes relativos. 3.9 Pontua\u00e7\u00e3o.<\/li><li> Matem\u00e1tica\/Racioc\u00ednio L\u00f3gico: 1. Conjuntos Num\u00e9ricos: N\u00fameros naturais, inteiros, racionais, irracionais e reais: Opera\u00e7\u00f5es fundamentais (adi\u00e7\u00e3o, subtra\u00e7\u00e3o, multiplica\u00e7\u00e3o, divis\u00e3o, potencia\u00e7\u00e3o e radicia\u00e7\u00e3o) propriedades das opera\u00e7\u00f5es, m\u00faltiplos e divisores, n\u00fameros primos, m\u00ednimo m\u00faltiplo comum, m\u00e1ximo divisor comum. 2. Raz\u00f5es e Propor\u00e7\u00f5es \u2013 grandezas direta e inversamente proporcionais, divis\u00e3o em partes direta e inversamente proporcionais, regra de tr\u00eas simples e composta. Sistema de Medidas: comprimento, capacidade, massa e tempo (unidades, transforma\u00e7\u00e3o de unidades), sistema monet\u00e1rio brasileiro. 3. Calculo alg\u00e9brico: mon\u00f4mios e polin\u00f4mios 4. Fun\u00e7\u00f5es: Ideia de fun\u00e7\u00e3o, interpreta\u00e7\u00e3o de gr\u00e1ficos, dom\u00ednio e imagem, fun\u00e7\u00e3o do 1\u00ba grau, fun\u00e7\u00e3o do 2\u00ba grau\u2013 valor de m\u00e1ximo e m\u00ednimo de uma fun\u00e7\u00e3o do 2\u00ba grau. 5. Equa\u00e7\u00f5es de 1\u00ba e 2\u00ba graus. Sistemas de equa\u00e7\u00f5es de 1\u00ba grau com duas inc\u00f3gnitas. 6. Tri\u00e2ngulo ret\u00e2ngulo: rela\u00e7\u00f5es m\u00e9tricas no tri\u00e2ngulo ret\u00e2ngulo, teorema de Pit\u00e1goras e suas aplica\u00e7\u00f5es, rela\u00e7\u00f5es trigonom\u00e9tricas no triangulo ret\u00e2ngulo. 7. Teorema de Tales 8. Geometria Plana: c\u00e1lculo de \u00e1rea e per\u00edmetro de pol\u00edgonos. Circunfer\u00eancia e C\u00edrculo: comprimento da circunfer\u00eancia, \u00e1rea do c\u00edrculo. 9. No\u00e7\u00f5es de Geometria Espacial \u2013 c\u00e1lculo do volume de paralelep\u00edpedos e cilindros circulares retos. 10. Matem\u00e1tica Financeira: porcentagem, juro simples 11. Estat\u00edstica: C\u00e1lculo de m\u00e9dia aritm\u00e9tica simples e m\u00e9dia aritm\u00e9tica ponderada 12. Aplica\u00e7\u00e3o dos conte\u00fados acima listados em resolu\u00e7\u00e3o de problemas. PARTE 2: 1. Estrutura l\u00f3gica de rela\u00e7\u00f5es arbitr\u00e1rias entre pessoas, lugares, objetos ou eventos fict\u00edcios; deduzir novas informa\u00e7\u00f5es das rela\u00e7\u00f5es fornecidas e avaliar as condi\u00e7\u00f5es usadas para estabelecer a estrutura daquelas rela\u00e7\u00f5es. Diagramas l\u00f3gicos. 2. Proposi\u00e7\u00f5es e conectivos: Conceito de proposi\u00e7\u00e3o, valores l\u00f3gicos das proposi\u00e7\u00f5es, proposi\u00e7\u00f5es simples, proposi\u00e7\u00f5es compostas. Opera\u00e7\u00f5es l\u00f3gicas sobre proposi\u00e7\u00f5es: Nega\u00e7\u00e3o, conjun\u00e7\u00e3o, disjun\u00e7\u00e3o, disjun\u00e7\u00e3o exclusiva, condicional, bicondicional. 3. Constru\u00e7\u00e3o de tabelas-verdade. Tautologias, contradi\u00e7\u00f5es e conting\u00eancias. Implica\u00e7\u00e3o l\u00f3gica, equival\u00eancia l\u00f3gica, Leis De Morgan. Argumenta\u00e7\u00e3o e dedu\u00e7\u00e3o l\u00f3gica. 4. Senten\u00e7as abertas, opera\u00e7\u00f5es l\u00f3gicas sobre senten\u00e7as abertas. Quantificador universal, quantificador existencial, nega\u00e7\u00e3o de proposi\u00e7\u00f5es quantificadas. 5. Argumentos L\u00f3gicos Dedutivos; Argumentos Categ\u00f3ricos.<\/li><li> Conhecimentos Gerais: Cultura popular, personalidades, pontos tur\u00edsticos, organiza\u00e7\u00e3o pol\u00edtica e territorial, divis\u00e3o pol\u00edtica, regi\u00f5es administrativas, regionaliza\u00e7\u00e3o do IBGE, hierarquia urbana, s\u00edmbolos, estrutura dos poderes, fauna e flora locais, hidrografia e relevo, matriz produtiva, matriz energ\u00e9tica e matriz de transporte, unidades de conserva\u00e7\u00e3o, hist\u00f3ria e geografia do Estado, do Munic\u00edpio e da regi\u00e3o que o cerca. T\u00f3picos atuais, internacionais, nacionais, estaduais ou locais, de diversas \u00e1reas, tais como seguran\u00e7a, transportes, pol\u00edtica, economia, sociedade, educa\u00e7\u00e3o, sa\u00fade, cultura, tecnologia, desenvolvimento sustent\u00e1vel e ecologia.<\/li><li> Legisla\u00e7\u00e3o: 1. Lei Org\u00e2nica do Munic\u00edpio. 2. Plano de Carreira do Munic\u00edpio \u2013 (Lei Municipal n\u00ba 1.424\/90). 3. Regime Jur\u00eddico do Munic\u00edpio (Lei Complementar n\u00ba 002\/01). 4. C\u00f3digo de Posturas (Lei Municipal n\u00ba 691\/76). 5. Estatuto Estadual da Igualdade Racial (Lei Estadual do Rio do Grande do Sul n\u00ba 13.694\/2011). 6. Constitui\u00e7\u00e3o Estadual do Rio Grande do Sul. 7. Estatuto Nacional da Igualdade Racial (Lei FederaI n\u00ba 12.288\/2010). 8. Constitui\u00e7\u00e3o Federal de 1988: a) Princ\u00edpios fundamentais da Constitui\u00e7\u00e3o da Rep\u00fablica (Arts. 1\u00b0 ao 4\u00b0). b) Direitos e Garantias Fundamentais: Direitos e Deveres individuais e Coletivos; Direitos Sociais; Nacionalidade; Direitos Pol\u00edticos (Arts. 5\u00b0 a 16\u00ba). c) Da organiza\u00e7\u00e3o Pol\u00edtico-Administrativa (Arts. 18 e 19). d) Secretaria Municipal de Ordem P\u00fablica da uni\u00e3o (Arts. 20\u00ba a 24\u00ba). e) Dos Estados Federados (Arts. 25\u00ba a 28\u00ba). f) Dos Munic\u00edpios (Arts. 29\u00ba a 31\u00ba). g) Normas Constitucionais relativas a Administra\u00e7\u00e3o P\u00fablica e ao Servidor P\u00fablico (Arts. 37\u00ba a 41\u00ba). h) Princ\u00edpios Constitucionais da Administra\u00e7\u00e3o P\u00fablica (art. 37). i) Princ\u00edpios constitucionais de natureza \u00e9tica: moralidade, impessoalidade, probidade, motiva\u00e7\u00e3o e publicidade (Arts. 37\u00ba a 77\u00ba). j) Organiza\u00e7\u00e3o dos Poderes (Arts. 44\u00ba a 135\u00ba). k) Da Seguran\u00e7a P\u00fablica (Art. 144). 09. Lei Federal n\u00ba 8.429\/1992 \u2013 Lei de Improbidade Administrativa.<\/li><\/ul>\n\n\n\n<p><\/p>\n\n\n\n<p>Conferiu todo o texto? Deseja fazer o certame? Ent\u00e3o comece a se preparar com as <strong>Apostilas Solu\u00e7\u00e3o<\/strong> e tenha um resultado positivo! <strong>Bons estudos e boa prova!!!<\/strong><\/p>\n","protected":false},"excerpt":{"rendered":"<p>Foi divulgado o Edital do Concurso Prefeitura de Frederico Westphalen, no estado do Rio Grande do Sul, que oferece vagas para candidatos de n\u00edveis M\u00e9dio e Superior, com sal\u00e1rios que chegam a R$ 4,4 mil. Confira os detalhes ao decorrer do texto. Inscri\u00e7\u00f5es do Concurso de Frederico Westphalen \u2013 RS As inscri\u00e7\u00f5es devem ser realizadas atrav\u00e9s do site da banca organizadora Fundatec, at\u00e9 \u00e0s 17 horas do dia 11 de junho de 2020. Para efetuar a inscri\u00e7\u00e3o \u00e9 necess\u00e1rio pagar uma taxa com valor referente ao n\u00edvel do cargo desejado. N\u00edvel M\u00e9dio: R$ 120,00 N\u00edvel Superior: R$ 150,0 Haver\u00e1 isen\u00e7\u00e3o&#8230;<\/p>\n","protected":false},"author":7,"featured_media":10875,"template":"","meta":{"_acf_changed":false,"rank_math_lock_modified_date":false},"categories":[],"tags":[],"acf":[],"_links":{"self":[{"href":"https:\/\/www.editorasolucao.com.br\/blog\/wp-json\/wp\/v2\/concurso\/10873"}],"collection":[{"href":"https:\/\/www.editorasolucao.com.br\/blog\/wp-json\/wp\/v2\/concurso"}],"about":[{"href":"https:\/\/www.editorasolucao.com.br\/blog\/wp-json\/wp\/v2\/types\/concurso"}],"author":[{"embeddable":true,"href":"https:\/\/www.editorasolucao.com.br\/blog\/wp-json\/wp\/v2\/users\/7"}],"wp:featuredmedia":[{"embeddable":true,"href":"https:\/\/www.editorasolucao.com.br\/blog\/wp-json\/wp\/v2\/media\/10875"}],"wp:attachment":[{"href":"https:\/\/www.editorasolucao.com.br\/blog\/wp-json\/wp\/v2\/media?parent=10873"}],"wp:term":[{"taxonomy":"category","embeddable":true,"href":"https:\/\/www.editorasolucao.com.br\/blog\/wp-json\/wp\/v2\/categories?post=10873"},{"taxonomy":"post_tag","embeddable":true,"href":"https:\/\/www.editorasolucao.com.br\/blog\/wp-json\/wp\/v2\/tags?post=10873"}],"curies":[{"name":"wp","href":"https:\/\/api.w.org\/{rel}","templated":true}]}}