{"id":10888,"date":"2020-05-14T16:37:05","date_gmt":"2020-05-14T19:37:05","guid":{"rendered":"https:\/\/www.editorasolucao.com.br\/blog\/?post_type=concurso&#038;p=10888"},"modified":"2020-05-14T16:37:06","modified_gmt":"2020-05-14T19:37:06","slug":"prefeitura-de-sao-jose-do-piaui-pi","status":"publish","type":"concurso","link":"https:\/\/www.editorasolucao.com.br\/blog\/concurso\/prefeitura-de-sao-jose-do-piaui-pi","title":{"rendered":"Concurso Prefeitura de S\u00e3o Jos\u00e9 do Piau\u00ed &#8211; PI  2020: Inscri\u00e7\u00f5es est\u00e3o abertas!"},"content":{"rendered":"\n<p>Foi divulgado o <a rel=\"noreferrer noopener\" aria-label=\"Edital (abre em uma nova aba)\" href=\"https:\/\/www.editorasolucao.com.br\" target=\"_blank\">Edital<\/a> do <strong>Concurso Prefeitura de S\u00e3o Jos\u00e9 do Piau\u00ed<\/strong>, no estado do <a href=\"https:\/\/www.editorasolucao.com.br\/blog\/concursos-abertos-pi\" target=\"_blank\" rel=\"noreferrer noopener\" aria-label=\"Piau\u00ed, (abre em uma nova aba)\">Piau\u00ed,<\/a> que oferece <strong>23 vagas imediatas mais forma\u00e7\u00f5es de cadastro reserva para candidatos de todos os n\u00edveis de escolaridade<\/strong>, com sal\u00e1rios que chegam a <strong>R$ 2,5 mil<\/strong>. Confira os detalhes ao decorrer do texto.<\/p>\n\n\n\n<head>\n<style>\nbutton.css3button {\nfont-family: Arial, Helvetica, sans-serif;\nfont-size: 20px;\ncolor: #ffffff!important;\npadding: 12px 25px;\nbackground: -webkit-gradient(\nlinear, left top, left bottom,\nfrom(#0091ff),\nto(#037efa));\nbackground: linear-gradient(\ntop,\n#0091ff 0%,\n#037efa);\nborder-radius: 8px;\nborder: 0px solid #000000;\nbox-shadow:\n0px 4px 0px rgba(0,111,214,1),\ninset 0px 0px 1px rgba(84,84,84,0.5);\ntext-shadow:\n0px 0px 0px rgba(000,000,000,0.7),\n0px 0px 0px rgba(255,255,255,0.9);\n}\n\n<\/style>\n<\/head>\n<center><button type=\"button\" name=\"\" value=\"\" class=\"css3button\"><a data-cat=\"link-botao\" style=\"color:#ffffff!important; text-decoration:none;\" href=\"https:\/\/www.editorasolucao.com.br\/concurso\/prefeitura-de-sao-jose-do-piaui-pi\" target=\"_blank\"><strong><span style=\"color:#ffffff;\">Clique e Comece seus Estudos!<\/span><\/a><\/strong><\/button><\/center><br\/>\n\n\n\n<div id=\"ez-toc-container\" class=\"ez-toc-v2_0_69_1 counter-hierarchy ez-toc-counter ez-toc-grey ez-toc-container-direction\">\n<div class=\"ez-toc-title-container\">\n<p class=\"ez-toc-title \" >Menu de navega&ccedil;&atilde;o<\/p>\n<span class=\"ez-toc-title-toggle\"><a href=\"#\" class=\"ez-toc-pull-right ez-toc-btn ez-toc-btn-xs ez-toc-btn-default ez-toc-toggle\" aria-label=\"Toggle Table of Content\"><span class=\"ez-toc-js-icon-con\"><span class=\"\"><span class=\"eztoc-hide\" style=\"display:none;\">Toggle<\/span><span class=\"ez-toc-icon-toggle-span\"><svg style=\"fill: #999;color:#999\" xmlns=\"http:\/\/www.w3.org\/2000\/svg\" class=\"list-377408\" width=\"20px\" height=\"20px\" viewBox=\"0 0 24 24\" fill=\"none\"><path d=\"M6 6H4v2h2V6zm14 0H8v2h12V6zM4 11h2v2H4v-2zm16 0H8v2h12v-2zM4 16h2v2H4v-2zm16 0H8v2h12v-2z\" fill=\"currentColor\"><\/path><\/svg><svg style=\"fill: #999;color:#999\" class=\"arrow-unsorted-368013\" xmlns=\"http:\/\/www.w3.org\/2000\/svg\" width=\"10px\" height=\"10px\" viewBox=\"0 0 24 24\" version=\"1.2\" baseProfile=\"tiny\"><path d=\"M18.2 9.3l-6.2-6.3-6.2 6.3c-.2.2-.3.4-.3.7s.1.5.3.7c.2.2.4.3.7.3h11c.3 0 .5-.1.7-.3.2-.2.3-.5.3-.7s-.1-.5-.3-.7zM5.8 14.7l6.2 6.3 6.2-6.3c.2-.2.3-.5.3-.7s-.1-.5-.3-.7c-.2-.2-.4-.3-.7-.3h-11c-.3 0-.5.1-.7.3-.2.2-.3.5-.3.7s.1.5.3.7z\"\/><\/svg><\/span><\/span><\/span><\/a><\/span><\/div>\n<nav><ul class='ez-toc-list ez-toc-list-level-1 ' ><li class='ez-toc-page-1 ez-toc-heading-level-2'><a class=\"ez-toc-link ez-toc-heading-1\" href=\"https:\/\/www.editorasolucao.com.br\/blog\/concurso\/prefeitura-de-sao-jose-do-piaui-pi\/#Inscricoes_do_Concurso_de_Sao_Jose_do_Piaui_%E2%80%93_PI\" title=\"Inscri\u00e7\u00f5es do Concurso de S\u00e3o Jos\u00e9 do Piau\u00ed \u2013 PI\">Inscri\u00e7\u00f5es do Concurso de S\u00e3o Jos\u00e9 do Piau\u00ed \u2013 PI<\/a><\/li><li class='ez-toc-page-1 ez-toc-heading-level-2'><a class=\"ez-toc-link ez-toc-heading-2\" href=\"https:\/\/www.editorasolucao.com.br\/blog\/concurso\/prefeitura-de-sao-jose-do-piaui-pi\/#Cargos_vagas_e_salarios_do_Concurso_Prefeitura_de_Sao_Jose_do_Piaui_%E2%80%93_PI\" title=\"Cargos, vagas e sal\u00e1rios do Concurso Prefeitura de S\u00e3o Jos\u00e9 do Piau\u00ed \u2013 PI\">Cargos, vagas e sal\u00e1rios do Concurso Prefeitura de S\u00e3o Jos\u00e9 do Piau\u00ed \u2013 PI<\/a><\/li><li class='ez-toc-page-1 ez-toc-heading-level-2'><a class=\"ez-toc-link ez-toc-heading-3\" href=\"https:\/\/www.editorasolucao.com.br\/blog\/concurso\/prefeitura-de-sao-jose-do-piaui-pi\/#Quais_sao_os_requisitos_basicos_para_a_investidura_nos_cargos_do_Concurso_de_Sao_Jose_do_Piaui_%E2%80%93_PI\" title=\"Quais s\u00e3o os requisitos b\u00e1sicos para a investidura nos cargos do Concurso de S\u00e3o Jos\u00e9 do Piau\u00ed \u2013 PI?\">Quais s\u00e3o os requisitos b\u00e1sicos para a investidura nos cargos do Concurso de S\u00e3o Jos\u00e9 do Piau\u00ed \u2013 PI?<\/a><\/li><li class='ez-toc-page-1 ez-toc-heading-level-2'><a class=\"ez-toc-link ez-toc-heading-4\" href=\"https:\/\/www.editorasolucao.com.br\/blog\/concurso\/prefeitura-de-sao-jose-do-piaui-pi\/#Como_serao_as_provas_do_Concurso_Prefeitura_de_Sao_Jose_do_Piaui_%E2%80%93_PI\" title=\"Como ser\u00e3o as provas do Concurso Prefeitura de S\u00e3o Jos\u00e9 do Piau\u00ed \u2013 PI?\">Como ser\u00e3o as provas do Concurso Prefeitura de S\u00e3o Jos\u00e9 do Piau\u00ed \u2013 PI?<\/a><\/li><\/ul><\/nav><\/div>\n<h2 class=\"wp-block-heading\"><span class=\"ez-toc-section\" id=\"Inscricoes_do_Concurso_de_Sao_Jose_do_Piaui_%E2%80%93_PI\"><\/span>Inscri\u00e7\u00f5es do Concurso de S\u00e3o Jos\u00e9 do Piau\u00ed \u2013 PI <span class=\"ez-toc-section-end\"><\/span><\/h2>\n\n\n\n<p>As inscri\u00e7\u00f5es devem ser realizadas atrav\u00e9s do site da banca organizadora <a rel=\"noreferrer noopener\" aria-label=\"AV Moreira (abre em uma nova aba)\" href=\"http:\/\/www.avmoreira.com\/concursoListaNovo.php?idConcurso=13\" target=\"_blank\">AV Moreira<\/a>, at\u00e9 \u00e0s<strong> 23h59 do dia 29 de junho de 2020<\/strong>. Para efetuar a inscri\u00e7\u00e3o \u00e9 necess\u00e1rio pagar uma taxa com valor referente ao n\u00edvel do cargo desejado. <\/p>\n\n\n\n<ul><li><strong>N\u00edvel Fundamental:<\/strong> R$ 50,00<\/li><li> <strong>N\u00edvel M\u00e9dio\/T\u00e9cnico:<\/strong> R$ 70,00<\/li><li> <strong>N\u00edvel Superior:<\/strong> R$ 100,00<\/li><\/ul>\n\n\n\n<p><\/p>\n\n\n\n<p>Somente poder\u00e1 requerer <strong>isen\u00e7\u00e3o do pagamento da taxa de inscri\u00e7\u00e3o<\/strong>, o candidato que se enquadrar em uma das seguintes nos seguintes casos previstos na Lei 13.656\/2018.<\/p>\n\n\n\n<ul><li> Ser doador de medula \u00f3ssea; e\/ou <\/li><li> Ser hipossuficiente.<\/li><\/ul>\n\n\n\n<p><\/p>\n\n\n\n<p>A solicita\u00e7\u00e3o dever\u00e1 ser feita no per\u00edodo do dia <strong>18 ao dia 20 de maio de 2020<\/strong>.<\/p>\n\n\n\n<h2 class=\"wp-block-heading\"><span class=\"ez-toc-section\" id=\"Cargos_vagas_e_salarios_do_Concurso_Prefeitura_de_Sao_Jose_do_Piaui_%E2%80%93_PI\"><\/span>Cargos, vagas e sal\u00e1rios do Concurso Prefeitura de S\u00e3o Jos\u00e9 do Piau\u00ed \u2013 PI<span class=\"ez-toc-section-end\"><\/span><\/h2>\n\n\n\n<p>S\u00e3o ofertadas <strong>23 vagas imediatas mais forma\u00e7\u00e3o de cadastro reserva para candidatos de n\u00edveis Fundamental, M\u00e9dio, T\u00e9cnico e Superior<\/strong> com sal\u00e1rios que v\u00e3o de <strong>R$ 1.045,00 a R$ 2.500,00<\/strong> e jornadas de trabalho que variam de 20 a 40 horas semanais, dependendo do cargo. Abaixo est\u00e3o a quantidade de oportunidades imediatas correspondentes a cada fun\u00e7\u00e3o. <\/p>\n\n\n\n<p><strong>N\u00edvel Fundamental<\/strong><\/p>\n\n\n\n<p><a data-cat=\"link-cargo\" rel=\"noreferrer noopener\" aria-label=\"Agente Operacional de Servi\u00e7os Gerais (abre em uma nova aba)\" href=\"https:\/\/www.editorasolucao.com.br\/apostila-solucao\/prefeitura-sao-jose-piaui-pi-agente-operacional-servicos-gerais\" target=\"_blank\">Agente Operacional de Servi\u00e7os Gerais<\/a> (4) e <a data-cat=\"link-cargo\" href=\"https:\/\/www.editorasolucao.com.br\/apostila-solucao\/prefeitura-sao-jose-piaui-pi-motorista-categoria-d\" target=\"_blank\" rel=\"noreferrer noopener\" aria-label=\"Motorista Categoria D (abre em uma nova aba)\">Motorista Categoria D<\/a> (CR).<\/p>\n\n\n\n<p><strong>N\u00edvel M\u00e9dio\/T\u00e9cnico<\/strong><\/p>\n\n\n\n<p><a data-cat=\"link-cargo\" rel=\"noreferrer noopener\" aria-label=\"Agente Administrativo (abre em uma nova aba)\" href=\"https:\/\/www.editorasolucao.com.br\/apostila-solucao\/prefeitura-sao-jose-piaui-pi-agente-administrativo\" target=\"_blank\">Agente Administrativo<\/a> (2); <a data-cat=\"link-cargo\" href=\"https:\/\/www.editorasolucao.com.br\/apostila-solucao\/prefeitura-sao-jose-piaui-pi-agente-comunitario-saude\" target=\"_blank\" rel=\"noreferrer noopener\" aria-label=\"Agente Comunit\u00e1rio de Sa\u00fade (abre em uma nova aba)\">Agente Comunit\u00e1rio de Sa\u00fade<\/a> (2); Agente de Vigil\u00e2ncia Sanit\u00e1ria (1); <a data-cat=\"link-cargo\" rel=\"noreferrer noopener\" aria-label=\"T\u00e9cnico de Enfermagem (abre em uma nova aba)\" href=\"https:\/\/www.editorasolucao.com.br\/apostila-solucao\/prefeitura-sao-jose-piaui-pi-tecnico-enfermagem\" target=\"_blank\">T\u00e9cnico de Enfermagem<\/a> (3) e T\u00e9cnico de Sa\u00fade Bucal (2).<\/p>\n\n\n\n<p><strong>N\u00edvel Superior<\/strong><\/p>\n\n\n\n<p>Enfermeiro (1); Farmac\u00eautico (1); M\u00e9dico Cl\u00ednico Geral (3); Psic\u00f3logo (1); Professor Classe SL (2) e Psicopedagogo (1).<\/p>\n\n\n\n<h2 class=\"wp-block-heading\"><span class=\"ez-toc-section\" id=\"Quais_sao_os_requisitos_basicos_para_a_investidura_nos_cargos_do_Concurso_de_Sao_Jose_do_Piaui_%E2%80%93_PI\"><\/span>Quais s\u00e3o os requisitos b\u00e1sicos para a investidura nos cargos do Concurso de S\u00e3o Jos\u00e9 do Piau\u00ed \u2013 PI?<span class=\"ez-toc-section-end\"><\/span><\/h2>\n\n\n\n<p>Saiba quais s\u00e3o as exig\u00eancias para que o candidato tome posse dos cargos ofertados:<\/p>\n\n\n\n<ul><li>Ser brasileiro nato ou naturalizado ou portugu\u00eas em condi\u00e7\u00e3o de igualdade de direitos com os brasileiros de direitos e obriga\u00e7\u00f5es civis e gozo dos direitos pol\u00edticos (Decreto n\u00ba 70.436, de 18\/04\/1972, Constitui\u00e7\u00e3o Federal &#8211; \u00a7 1\u00b0 do art. 12 de 05\/10\/1988 e Emenda Constitucional n\u00ba 19, de 04\/06\/1998 \u2013 art. 3\u00ba);<\/li><li>Ter idade m\u00ednima de 18 (dezoito) anos na data de nomea\u00e7\u00e3o;<\/li><li>Estar em dia com as obriga\u00e7\u00f5es eleitorais;<\/li><li>Estar em dia com os deveres do Servi\u00e7o Militar, para os candidatos do sexo masculino;<\/li><li>Encontrar-se no pleno gozo dos direitos civis e pol\u00edticos;<\/li><li>Possuir os documentos comprobat\u00f3rios da escolaridade e pr\u00e9-requisitos constantes do Cap\u00edtulo II Quadro I, e os documentos constantes do Cap\u00edtulo XIII do Edital, \u00e0 \u00e9poca da nomea\u00e7\u00e3o;<\/li><li>Ter aptid\u00e3o f\u00edsica e mental para o exerc\u00edcio das atribui\u00e7\u00f5es do Cargo e n\u00e3o ser portador de defici\u00eancia incompat\u00edvel com o exerc\u00edcio das fun\u00e7\u00f5es atinentes ao cargo, atestado por meio da per\u00edcia m\u00e9dica oficial;<\/li><li>N\u00e3o ser aposentado por invalidez e nem estar com idade de aposentadoria compuls\u00f3ria;<\/li><li>Idoneidade moral; comprovada mediante Atestado de Bons Antecedentes;<\/li><li>Habilita\u00e7\u00e3o legal para o exerc\u00edcio de profiss\u00e3o regulamentada, quando houver exig\u00eancia legal;<\/li><li>N\u00e3o receber proventos, oriundos de cargo, aposentadoria, emprego ou fun\u00e7\u00e3o, exercidos no \u00e2mbito da Uni\u00e3o, do Territ\u00f3rio, dos Estados, do Distrito Federal, dos Munic\u00edpios e suas Autarquias, Empresas ou Funda\u00e7\u00f5es, conforme preceitua o artigo 37, \u00a7 10 da Constitui\u00e7\u00e3o Federal, com a reda\u00e7\u00e3o dada pela Emenda Constitucional n\u00ba 20, de 15\/12\/98, ressalvadas as acumula\u00e7\u00f5es permitidas pelo inciso XVI do citado dispositivo constitucional. Em caso de acumula\u00e7\u00e3o, o candidato dever\u00e1 apresentar no ato da convoca\u00e7\u00e3o para fins de nomea\u00e7\u00e3o comprova\u00e7\u00e3o da exonera\u00e7\u00e3o do cargo anteriormente acumulado, condi\u00e7\u00e3o determinante para a nomea\u00e7\u00e3o;<\/li><li>Conhecer e estar de acordo com as exig\u00eancias contidas no Edital.<\/li><\/ul>\n\n\n\n<p><\/p>\n\n\n\n<p style=\"text-align:center\"><strong><a data-cat=\"link-artigo-corpo\" href=\"https:\/\/www.editorasolucao.com.br\/concurso\/prefeitura-de-sao-jose-do-piaui-pi\" target=\"_blank\" rel=\"noreferrer noopener\" aria-label=\"Estude com as Apostilas Prefeitura de S\u00e3o Jos\u00e9 do Piau\u00ed - PI e parcele SEM JUROS (abre em uma nova aba)\">Estude com as Apostilas Prefeitura de S\u00e3o Jos\u00e9 do Piau\u00ed &#8211; PI e parcele SEM JUROS<\/a><\/strong><\/p>\n\n\n\n<h2 class=\"wp-block-heading\"><span class=\"ez-toc-section\" id=\"Como_serao_as_provas_do_Concurso_Prefeitura_de_Sao_Jose_do_Piaui_%E2%80%93_PI\"><\/span>Como ser\u00e3o as provas do Concurso Prefeitura de S\u00e3o Jos\u00e9 do Piau\u00ed \u2013 PI?<span class=\"ez-toc-section-end\"><\/span><\/h2>\n\n\n\n<p>O certame ser\u00e1 composto por <strong>duas etapas<\/strong>. S\u00e3o elas: <\/p>\n\n\n\n<ul><li><strong>Prova Objetiva<\/strong>, de car\u00e1ter eliminat\u00f3rio e classificat\u00f3rio (para todos os cargos); e<\/li><li> <strong>Prova de T\u00edtulos<\/strong>, de car\u00e1ter classificat\u00f3rio (para os cargos de Professor).<\/li><\/ul>\n\n\n\n<h4 class=\"wp-block-heading\">Prova Objetiva<\/h4>\n\n\n\n<p>A <strong>Prova Objetiva<\/strong> est\u00e1 prevista para ser realizada no dia <strong>27 de setembro de 2020 e contar\u00e1 com 40 quest\u00f5es de m\u00faltipla escolha<\/strong>. As disciplinas que versar\u00e3o as provas ser\u00e3o: <\/p>\n\n\n\n<p><strong>N\u00edvel Fundamental<\/strong><\/p>\n\n\n\n<ul><li>Portuguesa \u2013 10 quest\u00f5es com valor de 2,0 pontos cada uma;<\/li><li> Matem\u00e1tica \u2013 10 quest\u00f5es com valor de 2,0 pontos cada uma; e<\/li><li> Conhecimentos Espec\u00edficos \u2013 20 quest\u00f5es com valor de 3,0 pontos cada uma. <\/li><\/ul>\n\n\n\n<p><strong>N\u00edveis M\u00e9dio, T\u00e9cnico e Superior<\/strong><\/p>\n\n\n\n<ul><li>Portuguesa \u2013 10 quest\u00f5es com valor de 2,0 pontos cada uma;<\/li><li> Matem\u00e1tica \u2013 05 quest\u00f5es com valor de 2,0 pontos cada uma; <\/li><li> Inform\u00e1tica \u2013 05 quest\u00f5es com valor de 2,0 pontos cada uma; e<\/li><li> Conhecimentos Espec\u00edficos \u2013 20 quest\u00f5es com valor de 3,0 pontos cada uma. <\/li><\/ul>\n\n\n\n<h4 class=\"wp-block-heading\">Prova de T\u00edtulos <\/h4>\n\n\n\n<p>As atribui\u00e7\u00f5es de pontos se dar\u00e3o da seguinte forma:<\/p>\n\n\n\n<div class=\"wp-block-image\"><figure class=\"aligncenter\"><img loading=\"lazy\" decoding=\"async\" width=\"624\" height=\"418\" src=\"https:\/\/www.editorasolucao.com.br\/blog\/wp-content\/uploads\/2020\/05\/saojosedopiaui1.png\" alt=\"\" class=\"wp-image-10889\"\/><\/figure><\/div>\n\n\n\n<p> <\/p>\n\n\n\n<p><\/p>\n\n\n\n<p style=\"text-align:center\"><strong>Conte\u00fado Program\u00e1tico<\/strong> <\/p>\n\n\n\n<p><strong>N\u00edvel Fundamental<\/strong><\/p>\n\n\n\n<ul><li>L\u00edngua Portuguesa: Interpreta\u00e7\u00e3o e Compreens\u00e3o de texto. Bases da Sem\u00e2ntica e estil\u00edstica. Ortografia Oficial. Acentua\u00e7\u00e3o Gr\u00e1fica. Emprego de letras e divis\u00e3o sil\u00e1bica. Pontua\u00e7\u00e3o. Classes e emprego de palavras. Morfologia. Concord\u00e2ncia Nominal e Verbal. Significado das palavras: sin\u00f4nimos, ant\u00f4nimos. Crase. Reg\u00eancia Nominal e Verbal. Fonologia. Morfologia. Sentido pr\u00f3prio e figurado das palavras. Coloca\u00e7\u00e3o pronominal.<\/li><li> Matem\u00e1tica B\u00e1sica: Conjuntos Num\u00e9ricos: naturais, inteiros, racionais, irracionais e reais; Opera\u00e7\u00f5es com os conjuntos num\u00e9ricos: adi\u00e7\u00e3o, subtra\u00e7\u00e3o, multiplica\u00e7\u00e3o, divis\u00e3o, potencia\u00e7\u00e3o e radicia\u00e7\u00e3o; Equa\u00e7\u00e3o e inequa\u00e7\u00e3o do 1\u00ba grau; Equa\u00e7\u00e3o do 2\u00ba grau; Fatora\u00e7\u00e3o; Porcentagem; Juros simples e compostos; Descontos; Rela\u00e7\u00f5es e Fun\u00e7\u00f5es; \u00c1rea, per\u00edmetro, volume e densidade; \u00c1rea das figuras planas; Sistema decimal de medidas; Pol\u00edgonos e circunfer\u00eancia; Raz\u00f5es e propor\u00e7\u00f5es. Racioc\u00ednio L\u00f3gico. Express\u00f5es Num\u00e9ricas.<\/li><\/ul>\n\n\n\n<p><strong>N\u00edvel M\u00e9dio\/T\u00e9cnico<\/strong> <\/p>\n\n\n\n<ul><li>L\u00edngua Portuguesa: Interpreta\u00e7\u00e3o e Compreens\u00e3o de texto. Bases da Sem\u00e2ntica e estil\u00edstica. Ortografia Oficial. Acentua\u00e7\u00e3o Gr\u00e1fica. Emprego de letras e divis\u00e3o sil\u00e1bica. Pontua\u00e7\u00e3o. Classes e emprego de palavras. Morfologia. Vozes do Verbo. Emprego de tempo e modo verbais. Sintaxe. Concord\u00e2ncia Nominal e Verbal. Significado das palavras: sin\u00f4nimos, ant\u00f4nimos. Denota\u00e7\u00e3o e Conota\u00e7\u00e3o. Crase. Reg\u00eancia Nominal e Verbal. An\u00e1lise Sint\u00e1tica: coordena\u00e7\u00e3o e subordina\u00e7\u00e3o. Figuras de Linguagem. Fonologia. Morfologia e Sintaxe<\/li><li> Matem\u00e1tica B\u00e1sica: Conjuntos Num\u00e9ricos: naturais, inteiros, racionais, irracionais e reais; Opera\u00e7\u00f5es com os conjuntos num\u00e9ricos: adi\u00e7\u00e3o, subtra\u00e7\u00e3o, multiplica\u00e7\u00e3o, divis\u00e3o, potencia\u00e7\u00e3o e radicia\u00e7\u00e3o; Equa\u00e7\u00e3o e inequa\u00e7\u00e3o do 1\u00ba grau; Equa\u00e7\u00e3o do 2\u00ba grau; Fatora\u00e7\u00e3o; Porcentagem; Juros simples e compostos; Descontos; Rela\u00e7\u00f5es e Fun\u00e7\u00f5es; \u00c1rea, per\u00edmetro, volume e densidade; \u00c1rea das figuras planas; Sistema decimal de medidas; Pol\u00edgonos e circunfer\u00eancia; Raz\u00f5es e propor\u00e7\u00f5es. Racioc\u00ednio L\u00f3gico. Express\u00f5es Num\u00e9ricas. Matrizes e Determinantes; Progress\u00f5es Aritm\u00e9ticas; Progress\u00f5es Geom\u00e9tricas; Fun\u00e7\u00e3o Exponencial; Fun\u00e7\u00e3o Logar\u00edtmica.<\/li><li> Inform\u00e1tica B\u00e1sica: Conceitos b\u00e1sicos do hardware e perif\u00e9ricos de um microcomputador. Browsers Internet Explorer, Firefox e Chrome. Ferramentas e aplica\u00e7\u00f5es de inform\u00e1tica. Windows 7 ou superior. Linux. Correio eletr\u00f4nico. Procedimento para a realiza\u00e7\u00e3o de c\u00f3pia de seguran\u00e7a (backup). Microsoft Office (Word, Excel, PowerPoint 2010 ou superior). Conceitos de organiza\u00e7\u00e3o de arquivos e m\u00e9todos de acesso. Conceitos e tecnologias relacionados \u00e0 Internet e Intranet. Seguran\u00e7a Virtual. Malares. Antiv\u00edrus. Firewall. Outlook 2010 ou superior.<\/li><\/ul>\n\n\n\n<p><strong>N\u00edvel Superior <\/strong><\/p>\n\n\n\n<ul><li>L\u00edngua Portuguesa: Compreens\u00e3o e interpreta\u00e7\u00e3o de textos liter\u00e1rios e n\u00e3o liter\u00e1rios; Reconhecimento de tra\u00e7os caracter\u00edsticos da linguagem falada e da linguagem escrita. Tipologia textual. Par\u00e1frase, per\u00edfrase, s\u00edntese e resumo. Significa\u00e7\u00e3o literal e contextual de voc\u00e1bulos. Processos de coes\u00e3o textual. Elementos de coes\u00e3o textual: artigos, numerais, pronomes, conjun\u00e7\u00f5es, express\u00f5es sin\u00f4nimas e ant\u00f4nimas. Coordena\u00e7\u00e3o e subordina\u00e7\u00e3o. Emprego das classes de palavras. Concord\u00e2ncia Nominal e Verbal. Discurso Direto e Indireto. Reg\u00eancia. Estrutura, forma\u00e7\u00e3o e representa\u00e7\u00e3o das palavras. Ortografia oficial. Pontua\u00e7\u00e3o. Crase. Acentua\u00e7\u00e3o Gr\u00e1fica. Conota\u00e7\u00e3o e Denota\u00e7\u00e3o; Morfologia e Sintaxe.<\/li><li> Matem\u00e1tica: Conjuntos Num\u00e9ricos: naturais, inteiros, racionais, irracionais e reais; Opera\u00e7\u00f5es com os conjuntos num\u00e9ricos: adi\u00e7\u00e3o, subtra\u00e7\u00e3o, multiplica\u00e7\u00e3o, divis\u00e3o, potencia\u00e7\u00e3o e radicia\u00e7\u00e3o; Equa\u00e7\u00e3o e inequa\u00e7\u00e3o do 1\u00ba grau; Equa\u00e7\u00e3o do 2\u00ba grau; Fatora\u00e7\u00e3o; Porcentagem; Juros simples e compostos; Descontos; Rela\u00e7\u00f5es e Fun\u00e7\u00f5es; \u00c1rea, per\u00edmetro, volume e densidade; \u00c1rea das figuras planas; Sistema decimal de medidas; Pol\u00edgonos e circunfer\u00eancia; Raz\u00f5es e propor\u00e7\u00f5es. Racioc\u00ednio L\u00f3gico. Express\u00f5es Num\u00e9ricas. Matrizes e Determinantes; Progress\u00f5es Aritm\u00e9ticas; Progress\u00f5es Geom\u00e9tricas; Fun\u00e7\u00e3o Exponencial; Fun\u00e7\u00e3o Logar\u00edtmica.<\/li><\/ul>\n\n\n\n<p><\/p>\n\n\n\n<p>Conferiu todo o texto? Deseja fazer o certame? Ent\u00e3o comece a se preparar com as <strong>Apostilas Solu\u00e7\u00e3o<\/strong> e tenha um resultado positivo! <strong>Bons estudos e boa prova!!!<\/strong><\/p>\n\n\n\n<p style=\"text-align:center\"><strong><a data-cat=\"link-rodape\" href=\"https:\/\/www.editorasolucao.com.br\/concurso\/prefeitura-de-sao-jose-do-piaui-pi\" target=\"_blank\" rel=\"noreferrer noopener\">Estude com as Apostilas Prefeitura de S\u00e3o Jos\u00e9 do Piau\u00ed &#8211; PI e parcele SEM JUROS<\/a><\/strong><\/p>\n","protected":false},"excerpt":{"rendered":"<p>Foi divulgado o Edital do Concurso Prefeitura de S\u00e3o Jos\u00e9 do Piau\u00ed, no estado do Piau\u00ed, que oferece 23 vagas imediatas mais forma\u00e7\u00f5es de cadastro reserva para candidatos de todos os n\u00edveis de escolaridade, com sal\u00e1rios que chegam a R$ 2,5 mil. Confira os detalhes ao decorrer do texto. Clique e Comece seus Estudos! Inscri\u00e7\u00f5es do Concurso de S\u00e3o Jos\u00e9 do Piau\u00ed \u2013 PI As inscri\u00e7\u00f5es devem ser realizadas atrav\u00e9s do site da banca organizadora AV Moreira, at\u00e9 \u00e0s 23h59 do dia 29 de junho de 2020. Para efetuar a inscri\u00e7\u00e3o \u00e9 necess\u00e1rio pagar uma taxa com valor referente ao&#8230;<\/p>\n","protected":false},"author":7,"featured_media":10891,"template":"","meta":{"_acf_changed":false,"rank_math_lock_modified_date":false},"categories":[],"tags":[],"acf":[],"_links":{"self":[{"href":"https:\/\/www.editorasolucao.com.br\/blog\/wp-json\/wp\/v2\/concurso\/10888"}],"collection":[{"href":"https:\/\/www.editorasolucao.com.br\/blog\/wp-json\/wp\/v2\/concurso"}],"about":[{"href":"https:\/\/www.editorasolucao.com.br\/blog\/wp-json\/wp\/v2\/types\/concurso"}],"author":[{"embeddable":true,"href":"https:\/\/www.editorasolucao.com.br\/blog\/wp-json\/wp\/v2\/users\/7"}],"wp:featuredmedia":[{"embeddable":true,"href":"https:\/\/www.editorasolucao.com.br\/blog\/wp-json\/wp\/v2\/media\/10891"}],"wp:attachment":[{"href":"https:\/\/www.editorasolucao.com.br\/blog\/wp-json\/wp\/v2\/media?parent=10888"}],"wp:term":[{"taxonomy":"category","embeddable":true,"href":"https:\/\/www.editorasolucao.com.br\/blog\/wp-json\/wp\/v2\/categories?post=10888"},{"taxonomy":"post_tag","embeddable":true,"href":"https:\/\/www.editorasolucao.com.br\/blog\/wp-json\/wp\/v2\/tags?post=10888"}],"curies":[{"name":"wp","href":"https:\/\/api.w.org\/{rel}","templated":true}]}}