{"id":10895,"date":"2020-05-15T08:13:28","date_gmt":"2020-05-15T11:13:28","guid":{"rendered":"https:\/\/www.editorasolucao.com.br\/blog\/?post_type=concurso&#038;p=10895"},"modified":"2020-05-15T08:13:29","modified_gmt":"2020-05-15T11:13:29","slug":"prefeitura-de-matias-olimpio-pi","status":"publish","type":"concurso","link":"https:\/\/www.editorasolucao.com.br\/blog\/concurso\/prefeitura-de-matias-olimpio-pi","title":{"rendered":"Concurso Prefeitura de Matias Ol\u00edmpio &#8211; PI 2020: As provas est\u00e3o suspensas temporariamente!"},"content":{"rendered":"\n<p>O <strong><a rel=\"noreferrer noopener\" aria-label=\"Concurso (abre em uma nova aba)\" href=\"https:\/\/www.editorasolucao.com.br\" target=\"_blank\">Concurso<\/a> Prefeitura de Matias Ol\u00edmpio<\/strong>, no estado do <a rel=\"noreferrer noopener\" aria-label=\"Piau\u00ed (abre em uma nova aba)\" href=\"https:\/\/www.editorasolucao.com.br\/blog\/concursos-abertos-pi\" target=\"_blank\">Piau\u00ed<\/a> est\u00e1 suspenso devido as medidas de preven\u00e7\u00e3o da pandemia da Covid-19, mas voc\u00ea pode continuar se preparando para o certame que oferece <strong>96 vagas para candidatos de todos os n\u00edveis de escolaridade<\/strong>, com sal\u00e1rios que chegam a <strong>R$ 1,9 mil<\/strong>. Confira os detalhes ao decorrer do texto.<\/p>\n\n\n\n<p><strong>O per\u00edodo para realizar as inscri\u00e7\u00f5es se encerrou no dia 04 de maio de 2020. <\/strong><\/p>\n\n\n\n<div id=\"ez-toc-container\" class=\"ez-toc-v2_0_69_1 counter-hierarchy ez-toc-counter ez-toc-grey ez-toc-container-direction\">\n<div class=\"ez-toc-title-container\">\n<p class=\"ez-toc-title \" >Menu de navega&ccedil;&atilde;o<\/p>\n<span class=\"ez-toc-title-toggle\"><a href=\"#\" class=\"ez-toc-pull-right ez-toc-btn ez-toc-btn-xs ez-toc-btn-default ez-toc-toggle\" aria-label=\"Toggle Table of Content\"><span class=\"ez-toc-js-icon-con\"><span class=\"\"><span class=\"eztoc-hide\" style=\"display:none;\">Toggle<\/span><span class=\"ez-toc-icon-toggle-span\"><svg style=\"fill: #999;color:#999\" xmlns=\"http:\/\/www.w3.org\/2000\/svg\" class=\"list-377408\" width=\"20px\" height=\"20px\" viewBox=\"0 0 24 24\" fill=\"none\"><path d=\"M6 6H4v2h2V6zm14 0H8v2h12V6zM4 11h2v2H4v-2zm16 0H8v2h12v-2zM4 16h2v2H4v-2zm16 0H8v2h12v-2z\" fill=\"currentColor\"><\/path><\/svg><svg style=\"fill: #999;color:#999\" class=\"arrow-unsorted-368013\" xmlns=\"http:\/\/www.w3.org\/2000\/svg\" width=\"10px\" height=\"10px\" viewBox=\"0 0 24 24\" version=\"1.2\" baseProfile=\"tiny\"><path d=\"M18.2 9.3l-6.2-6.3-6.2 6.3c-.2.2-.3.4-.3.7s.1.5.3.7c.2.2.4.3.7.3h11c.3 0 .5-.1.7-.3.2-.2.3-.5.3-.7s-.1-.5-.3-.7zM5.8 14.7l6.2 6.3 6.2-6.3c.2-.2.3-.5.3-.7s-.1-.5-.3-.7c-.2-.2-.4-.3-.7-.3h-11c-.3 0-.5.1-.7.3-.2.2-.3.5-.3.7s.1.5.3.7z\"\/><\/svg><\/span><\/span><\/span><\/a><\/span><\/div>\n<nav><ul class='ez-toc-list ez-toc-list-level-1 ' ><li class='ez-toc-page-1 ez-toc-heading-level-2'><a class=\"ez-toc-link ez-toc-heading-1\" href=\"https:\/\/www.editorasolucao.com.br\/blog\/concurso\/prefeitura-de-matias-olimpio-pi\/#Cargos_vagas_e_salarios_do_Concurso_Prefeitura_de_Matias_Olimpio_%E2%80%93_PI\" title=\"Cargos, vagas e sal\u00e1rios do Concurso Prefeitura de Matias Ol\u00edmpio \u2013 PI\">Cargos, vagas e sal\u00e1rios do Concurso Prefeitura de Matias Ol\u00edmpio \u2013 PI<\/a><\/li><li class='ez-toc-page-1 ez-toc-heading-level-2'><a class=\"ez-toc-link ez-toc-heading-2\" href=\"https:\/\/www.editorasolucao.com.br\/blog\/concurso\/prefeitura-de-matias-olimpio-pi\/#Quais_sao_os_requisitos_basicos_para_a_investidura_nos_cargos_do_Concurso_de_Matias_Olimpio_%E2%80%93_PI\" title=\"Quais s\u00e3o os requisitos b\u00e1sicos para a investidura nos cargos do Concurso de Matias Ol\u00edmpio \u2013 PI?\">Quais s\u00e3o os requisitos b\u00e1sicos para a investidura nos cargos do Concurso de Matias Ol\u00edmpio \u2013 PI?<\/a><\/li><li class='ez-toc-page-1 ez-toc-heading-level-2'><a class=\"ez-toc-link ez-toc-heading-3\" href=\"https:\/\/www.editorasolucao.com.br\/blog\/concurso\/prefeitura-de-matias-olimpio-pi\/#Como_serao_as_provas_do_Concurso_Prefeitura_de_Matias_Olimpio_%E2%80%93_PI\" title=\"Como ser\u00e3o as provas do Concurso Prefeitura de Matias Ol\u00edmpio \u2013 PI?\">Como ser\u00e3o as provas do Concurso Prefeitura de Matias Ol\u00edmpio \u2013 PI?<\/a><\/li><\/ul><\/nav><\/div>\n<h2 class=\"wp-block-heading\"><span class=\"ez-toc-section\" id=\"Cargos_vagas_e_salarios_do_Concurso_Prefeitura_de_Matias_Olimpio_%E2%80%93_PI\"><\/span>Cargos, vagas e sal\u00e1rios do Concurso Prefeitura de Matias Ol\u00edmpio \u2013 PI <span class=\"ez-toc-section-end\"><\/span><\/h2>\n\n\n\n<p>S\u00e3o ofertadas <strong>96 vagas imediatas para candidatos de n\u00edveis Fundamental (completo e incompleto), M\u00e9dio e Superior<\/strong>, com sal\u00e1rios que v\u00e3o de <strong>R$ 1.045,00 a R$ 1.909,00<\/strong> e jornadas de trabalho que variam de 20 a 40 horas semanais, dependendo do cargo. Abaixo est\u00e3o a quantidade de oportunidades correspondentes a cada fun\u00e7\u00e3o. <\/p>\n\n\n\n<p><strong>N\u00edvel Fundamental<\/strong><\/p>\n\n\n\n<ul><li>Auxiliar de Servi\u00e7os Gerais (30) e<\/li><li> Motorista \u201cD\u201d (2).<\/li><\/ul>\n\n\n\n<p><strong>N\u00edvel M\u00e9dio <\/strong><\/p>\n\n\n\n<ul><li>Auxiliar Administrativo (10)<\/li><li> Professor de Educa\u00e7\u00e3o Infantil e Anos Iniciais do 1\u00ba ao 5\u00ba Ano (20).<\/li><\/ul>\n\n\n\n<p><strong>N\u00edvel Superior<\/strong><\/p>\n\n\n\n<ul><li>Professor de Educa\u00e7\u00e3o Infantil e Anos Iniciais do 1\u00ba ao 5\u00ba ano (21),<\/li><li> Professor de L\u00edngua Portuguesa (2),<\/li><li> Professor de Matem\u00e1tica (1),<\/li><li> Professor de Ci\u00eancias (2),<\/li><li> Professor de Hist\u00f3ria (1),<\/li><li> Professor de Educa\u00e7\u00e3o F\u00edsica (4),<\/li><li> Psicopedagogo (1) e<\/li><li> Assistente Social (2).<\/li><\/ul>\n\n\n\n<h2 class=\"wp-block-heading\"><span class=\"ez-toc-section\" id=\"Quais_sao_os_requisitos_basicos_para_a_investidura_nos_cargos_do_Concurso_de_Matias_Olimpio_%E2%80%93_PI\"><\/span>Quais s\u00e3o os requisitos b\u00e1sicos para a investidura nos cargos do Concurso de Matias Ol\u00edmpio \u2013 PI? <span class=\"ez-toc-section-end\"><\/span><\/h2>\n\n\n\n<p>Saiba quais s\u00e3o as exig\u00eancias para que o candidato tome posse dos cargos ofertados:<\/p>\n\n\n\n<ul><li> ter sido aprovado e classificado no concurso p\u00fablico na forma estabelecida no Edital, seus anexos e eventuais retifica\u00e7\u00f5es; <\/li><li> ter nacionalidade brasileira, e no caso de nacionalidade portuguesa, estar amparado pelo estatuto de igualdade entre brasileiros e portugueses, com reconhecimento do gozo dos direitos pol\u00edticos, nos termos do \u00a71\u00ba do Art. 12 da Constitui\u00e7\u00e3o da Rep\u00fablica Federativa do Brasil e na forma do disposto no Art. 13 do Decreto Federal n. 70.436, de 18 de abril de 1972; <\/li><li> ter idade m\u00ednima de 18 anos completos; <\/li><li> estar em gozo dos direitos pol\u00edticos e civis; <\/li><li> estar quite com as obriga\u00e7\u00f5es eleitorais e, se do sexo masculino, tamb\u00e9m com as militares; <\/li><li> firmar declara\u00e7\u00e3o de n\u00e3o estar cumprindo e nem ter sofrido, no exerc\u00edcio da fun\u00e7\u00e3o p\u00fablica, penalidade por pr\u00e1tica de improbidade administrativa aplicada por qualquer \u00f3rg\u00e3o p\u00fablico ou entidade da esfera federal, estadual ou municipal; <\/li><li> n\u00e3o estar em exerc\u00edcio remunerado de qualquer cargo, fun\u00e7\u00e3o ou emprego p\u00fablico em quaisquer dos \u00f3rg\u00e3os da Administra\u00e7\u00e3o P\u00fablica direta ou indiretamente, bem como n\u00e3o receber proventos de aposentadoria que n\u00e3o sejam acumul\u00e1veis quando em atividade, ressalvadas as hip\u00f3teses legais de acumula\u00e7\u00e3o; <\/li><li> apresentar declara\u00e7\u00e3o de bens e valores que constituam patrim\u00f4nio, e, se casado(a), a do c\u00f4njuge; <\/li><li> firmar declara\u00e7\u00e3o de n\u00e3o estar cumprindo san\u00e7\u00e3o por inidoneidade, aplicada por qualquer \u00f3rg\u00e3o p\u00fablico ou entidade da esfera federal, estadual ou municipal; <\/li><li> apresentar diploma, devidamente registrado, de conclus\u00e3o de curso, ou, na sua falta, certid\u00e3o de conclus\u00e3o de curso, expedido por institui\u00e7\u00e3o de ensino reconhecida pelo Minist\u00e9rio da Educa\u00e7\u00e3o-MEC, acompanhado de hist\u00f3rico escolar, quando os requisitos necess\u00e1rios para o exerc\u00edcio do cargo assim o exigirem; <\/li><li> n\u00e3o ter sido condenado a pena privativa de liberdade transitada em julgado ou qualquer outra condena\u00e7\u00e3o incompat\u00edvel com a fun\u00e7\u00e3o p\u00fablica; <\/li><li> estar apto f\u00edsica e mentalmente para o exerc\u00edcio do cargo, fato que pode ser apurado por equipe de avalia\u00e7\u00e3o multiprofissional a ser designada pela Prefeitura Municipal.<\/li><\/ul>\n\n\n\n<h2 class=\"wp-block-heading\"><span class=\"ez-toc-section\" id=\"Como_serao_as_provas_do_Concurso_Prefeitura_de_Matias_Olimpio_%E2%80%93_PI\"><\/span>Como ser\u00e3o as provas do Concurso Prefeitura de Matias Ol\u00edmpio \u2013 PI?<span class=\"ez-toc-section-end\"><\/span><\/h2>\n\n\n\n<p>O certame ser\u00e1 composto por <strong>duas etapas<\/strong>. S\u00e3o elas:<\/p>\n\n\n\n<ul><li> <strong>Prova Objetiva<\/strong>, de car\u00e1ter eliminat\u00f3rio e classificat\u00f3rio (para todos os cargos); e<\/li><li><strong> Prova de T\u00edtulos<\/strong>, de car\u00e1ter classificat\u00f3rio (para os cargos de Professor). <\/li><\/ul>\n\n\n\n<h4 class=\"wp-block-heading\">Prova Objetiva<\/h4>\n\n\n\n<p>As datas para a realiza\u00e7\u00e3o da <strong>Prova Objetiva<\/strong> ainda ser\u00e3o definidas. O exame contar\u00e1 com <strong>40 quest\u00f5es de m\u00faltipla escolha<\/strong>. As disciplinas que versar\u00e3o as provas ser\u00e3o: <\/p>\n\n\n\n<p><strong>Auxiliar de Servi\u00e7os Gerais e Motorista D:<\/strong><\/p>\n\n\n\n<ul><li>L\u00edngua Portuguesa \u2013 10 quest\u00f5es com valor de 2,0 pontos cada uma;<\/li><li> Racioc\u00ednio L\u00f3gico\/Matem\u00e1tico \u2013 05 quest\u00f5es com valor de 2,0 pontos cada uma;<\/li><li> Atualidades \u2013 05 quest\u00f5es com valor de 2,0 pontos cada uma; <\/li><li> Conhecimentos Espec\u00edficos \u2013 20 quest\u00f5es com valor de 3,0 pontos cada uma. <\/li><\/ul>\n\n\n\n<p><strong>Assistente Social, Auxiliar Administrativo e Professor Classe A \u2013 Educa\u00e7\u00e3o Infantil e Anos Iniciais \u2013 1\u00ba ao 5\u00ba Ano:<\/strong><\/p>\n\n\n\n<ul><li>L\u00edngua Portuguesa \u2013 10 quest\u00f5es com valor de 2,0 pontos cada uma;<\/li><li> Racioc\u00ednio L\u00f3gico\/Matem\u00e1tico \u2013 05 quest\u00f5es com valor de 2,0 pontos cada uma;<\/li><li> No\u00e7\u00f5es de inform\u00e1tica \u2013 05 quest\u00f5es com valor de 2,0 pontos cada uma; <\/li><li> Conhecimentos Espec\u00edficos \u2013 20 quest\u00f5es com valor de 3,0 pontos cada uma. <\/li><\/ul>\n\n\n\n<p><strong>Professor Classe C \u2013 Educa\u00e7\u00e3o Infantil e Anos Iniciais \u2013 1\u00ba ao 5\u00ba ano, Professor Classe C \u2013 L\u00edngua Portuguesa, Professor do Classe C \u2013 Matem\u00e1tica, Professor Classe C \u2013 Ci\u00eancias, Professor Classe C \u2013 Hist\u00f3ria, Professor Classe C \u2013 Educa\u00e7\u00e3o F\u00edsica e Psicopedagogo:<\/strong><\/p>\n\n\n\n<ul><li>L\u00edngua Portuguesa \u2013 10 quest\u00f5es com valor de 2,0 pontos cada uma;<\/li><li> No\u00e7\u00f5es de inform\u00e1tica \u2013 05 quest\u00f5es com valor de 2,0 pontos cada uma; <\/li><li> Conhecimentos Pedag\u00f3gicos \u2013 05 quest\u00f5es com valor de 2,0 pontos cada uma;<\/li><li> Conhecimentos Espec\u00edficos \u2013 20 quest\u00f5es com valor de 3,0 pontos cada uma. <\/li><\/ul>\n\n\n\n<h4 class=\"wp-block-heading\">Prova de T\u00edtulos <\/h4>\n\n\n\n<p>Somente ser\u00e3o aceitos os t\u00edtulos abaixo relacionados, observados os limites de pontos:<\/p>\n\n\n\n<div class=\"wp-block-image\"><figure class=\"aligncenter\"><img loading=\"lazy\" decoding=\"async\" width=\"568\" height=\"315\" src=\"https:\/\/www.editorasolucao.com.br\/blog\/wp-content\/uploads\/2020\/05\/matias1.png\" alt=\"\" class=\"wp-image-10896\"\/><\/figure><\/div>\n\n\n\n<p><\/p>\n\n\n\n<p>Os t\u00edtulos dever\u00e3o ser entregues na forma de c\u00f3pias autenticadas em cart\u00f3rio, juntamente com os diplomas que comprovem a escolaridade m\u00ednima exigida para cada cargo.<\/p>\n\n\n\n<p><\/p>\n\n\n\n<p style=\"text-align:center\"><strong>Conte\u00fado Program\u00e1tico <\/strong><\/p>\n\n\n\n<p><strong>N\u00edvel Superior <\/strong><\/p>\n\n\n\n<ul><li>L\u00cdNGUA PORTUGUESA: Compreens\u00e3o e interpreta\u00e7\u00e3o de g\u00eaneros textuais variados. Recursos de textualidade (coes\u00e3o, coer\u00eancia; rela\u00e7\u00f5es intertextuais). Dom\u00ednio da ortografia oficial: emprego das letras, pontua\u00e7\u00e3o e acentua\u00e7\u00e3o gr\u00e1fica oficial (Novo acordo). Sem\u00e2ntica (anton\u00edmia, sinon\u00edmia, paron\u00edmia, homon\u00edmia, polissemia e seus efeitos discursivos) Significa\u00e7\u00e3o, estrutura e forma\u00e7\u00e3o das palavras. Classes de palavras \u2013 flex\u00f5es e suas fun\u00e7\u00f5es textual-discursivas: substantivo, artigo, numeral, adjetivo, pronome, verbo, adv\u00e9rbio, preposi\u00e7\u00e3o, conjun\u00e7\u00e3o e interjei\u00e7\u00e3o. Dom\u00ednio da estrutura morfossint\u00e1tica do per\u00edodo simples e composto: rela\u00e7\u00f5es de coordena\u00e7\u00e3o entre ora\u00e7\u00f5es e entre termos da ora\u00e7\u00e3o; rela\u00e7\u00f5es de subordina\u00e7\u00e3o entre ora\u00e7\u00f5es e entre termos da ora\u00e7\u00e3o; concord\u00e2ncias verbal e nominal; reg\u00eancias nominal e verbal; emprego do sinal indicativo de crase; coloca\u00e7\u00e3o pronominal. Fun\u00e7\u00f5es e Empregos das palavras \u201cque\u201d e \u201cse\u201d; emprego dos porqu\u00eas. Estil\u00edstica: figuras de sintaxe, de som, de palavras e de pensamento. <\/li><li> NO\u00c7\u00d5ES DE INFORM\u00c1TICA: Conceitos b\u00e1sicos de inform\u00e1tica. Componentes b\u00e1sicos de um computador: hardware e software. Arquitetura b\u00e1sica de computadores e dispositivos perif\u00e9ricos. Dispositivos de armazenamento e c\u00f3pia de seguran\u00e7a. No\u00e7\u00f5es do sistema operacional Windows. Conceitos de organiza\u00e7\u00e3o e gerenciamento de arquivos e pastas. Conceitos b\u00e1sicos de internet: ferramentas, navegadores e aplicativos de Internet. Edi\u00e7\u00e3o de textos, planilhas e demais documentos utilizando o Microsoft Office 2016. <\/li><li> RACIOC\u00cdNIO L\u00d3GICO-MATEM\u00c1TICO: L\u00f3gica e racioc\u00ednio l\u00f3gico: problemas envolvendo l\u00f3gica e racioc\u00ednio l\u00f3gico. Proposi\u00e7\u00f5es: conectivos. Conceito de proposi\u00e7\u00e3o. Valores l\u00f3gicos das proposi\u00e7\u00f5es. Conectivos. Tabela-verdade. Opera\u00e7\u00f5es l\u00f3gicas sobre proposi\u00e7\u00f5es: nega\u00e7\u00e3o de uma proposi\u00e7\u00e3o. Conjun\u00e7\u00e3o de duas proposi\u00e7\u00f5es. Disjun\u00e7\u00e3o de duas proposi\u00e7\u00f5es. Proposi\u00e7\u00e3o condicional. Proposi\u00e7\u00e3o bicondicional. Tautologias e Contradi\u00e7\u00f5es. Equival\u00eancia L\u00f3gica e Implica\u00e7\u00e3o l\u00f3gica. Conceito e Propriedades da rela\u00e7\u00e3o de equival\u00eancia l\u00f3gica. Rec\u00edproca, contr\u00e1ria e contrapositiva de uma proposi\u00e7\u00e3o condicional. Implica\u00e7\u00e3o L\u00f3gica. Princ\u00edpio de substitui\u00e7\u00e3o. Propriedade da implica\u00e7\u00e3o l\u00f3gica. Argumentos: conceito de argumento. Validade de um argumento. Crit\u00e9rio de validade de um argumento. Sequ\u00eancias e s\u00e9ries: sequ\u00eancia num\u00e9rica. Progress\u00e3o aritm\u00e9tica. Progress\u00e3o geom\u00e9trica. S\u00e9rie geom\u00e9trica infinita. Juros simples e compostos. Probabilidade. An\u00e1lise combinat\u00f3ria. <\/li><li> CONHECIMENTOS PEDAG\u00d3GICOS (Somente para os cargos de professor classe C e psicopedagogo): Aspectos Filos\u00f3ficos da Educa\u00e7\u00e3o &#8211; o pensamento pedag\u00f3gico moderno: iluminista, positivista, socialista, escolanovista, fenomenol\u00f3gico-existencialista, antiautorit\u00e1rio, cr\u00edtico. Tend\u00eancias pedag\u00f3gicas na pr\u00e1tica escolar brasileira e seus pressupostos de aprendizagem: tend\u00eancias liberais e progressistas. Aspectos sociol\u00f3gicos da Educa\u00e7\u00e3o &#8211; as bases sociol\u00f3gicas da educa\u00e7\u00e3o, a educa\u00e7\u00e3o como processo social, as institui\u00e7\u00f5es sociais b\u00e1sicas, educa\u00e7\u00e3o para o controle e para a transforma\u00e7\u00e3o social, cultura e organiza\u00e7\u00e3o social, desigualdades sociais, a rela\u00e7\u00e3o escola\/fam\u00edlia\/comunidade. Aspectos Psicol\u00f3gicos da Educa\u00e7\u00e3o &#8211; a rela\u00e7\u00e3o desenvolvimento\/aprendizagem: diferentes abordagens, a rela\u00e7\u00e3o pensamento \/ linguagem &#8211; a forma\u00e7\u00e3o de conceitos, crescimento e desenvolvimento: o biol\u00f3gico, o psicol\u00f3gico e o social. O desenvolvimento cognitivo e afetivo. Aspectos do Cotidiano Escolar &#8211; a forma\u00e7\u00e3o do professor; a avalia\u00e7\u00e3o como processo e; a rela\u00e7\u00e3o aluno\/professor. A fun\u00e7\u00e3o social do ensino: os objetivos educacionais, os conte\u00fados de aprendizagem; as rela\u00e7\u00f5es interativas em sala de aula: o papel dos professores e dos alunos; a organiza\u00e7\u00e3o social da classe. Par\u00e2metros Curriculares Nacionais para o Ensino Fundamental.<\/li><\/ul>\n\n\n\n<p><strong>N\u00edvel M\u00e9dio <\/strong><\/p>\n\n\n\n<ul><li>L\u00cdNGUA PORTUGUESA: Compreens\u00e3o e interpreta\u00e7\u00e3o de g\u00eaneros textuais variados. Recursos de textualidade (coes\u00e3o, coer\u00eancia; rela\u00e7\u00f5es intertextuais). Dom\u00ednio da ortografia oficial: emprego das letras, pontua\u00e7\u00e3o e acentua\u00e7\u00e3o gr\u00e1fica oficial (Novo acordo). Sem\u00e2ntica (anton\u00edmia, sinon\u00edmia, paron\u00edmia, homon\u00edmia, polissemia e seus efeitos discursivos). Significa\u00e7\u00e3o, estrutura e forma\u00e7\u00e3o das palavras. Classes de palavras &#8211; flex\u00f5es e emprego: substantivo, artigo, numeral, adjetivo, pronome, verbo, adv\u00e9rbio, preposi\u00e7\u00e3o, conjun\u00e7\u00e3o e interjei\u00e7\u00e3o. Dom\u00ednio da estrutura morfossint\u00e1tica do per\u00edodo simples e composto: rela\u00e7\u00f5es de coordena\u00e7\u00e3o entre ora\u00e7\u00f5es e entre termos da ora\u00e7\u00e3o; rela\u00e7\u00f5es de subordina\u00e7\u00e3o entre ora\u00e7\u00f5es e entre termos da ora\u00e7\u00e3o; concord\u00e2ncias verbal e nominal; reg\u00eancias nominal e verbal; emprego do sinal indicativo de crase; coloca\u00e7\u00e3o pronominal. Fun\u00e7\u00f5es e Empregos das palavras \u201cque\u201d e \u201cse\u201d emprego dos porqu\u00eas. Estil\u00edstica: figuras de sintaxe, de palavras e de pensamento. <\/li><li> NO\u00c7\u00d5ES DE INFORM\u00c1TICA: Conceitos b\u00e1sicos de inform\u00e1tica. Componentes b\u00e1sicos de um computador: hardware e software. Arquitetura b\u00e1sica de computadores e dispositivos perif\u00e9ricos. Dispositivos de armazenamento e c\u00f3pia de seguran\u00e7a. No\u00e7\u00f5es do sistema operacional Windows. Conceitos de organiza\u00e7\u00e3o e gerenciamento de arquivos e pastas. Conceitos b\u00e1sicos de internet: ferramentas, navegadores e aplicativos de Internet. Edi\u00e7\u00e3o de textos, planilhas e demais documentos utilizando o Microsoft Office 2016. <\/li><li> RACIOC\u00cdNIO L\u00d3GICO-MATEM\u00c1TICO: Opera\u00e7\u00f5es com n\u00fameros reais. M\u00ednimo M\u00faltiplo Comum e M\u00e1ximo Divisor Comum. Raz\u00e3o e Propor\u00e7\u00e3o. Porcentagem. Regra de Tr\u00eas Simples e Composta. M\u00e9dia Aritm\u00e9tica Simples e Ponderada. Juros simples e compostos. Equa\u00e7\u00e3o de 1\u00ba e 2\u00ba Graus. Sistema de equa\u00e7\u00f5es de 1\u00ba Grau. Rela\u00e7\u00e3o entre grandezas. Tabelas e Gr\u00e1ficos. Sistemas de medidas usuais. No\u00e7\u00f5es de geometria: forma, per\u00edmetro, \u00e1rea, volume, \u00e2ngulo, Teorema de Pit\u00e1goras. Racioc\u00ednio l\u00f3gico. Resolu\u00e7\u00e3o de problemas.<\/li><\/ul>\n\n\n\n<p><strong>N\u00edvel Fundamental <\/strong><\/p>\n\n\n\n<ul><li>L\u00cdNGUA PORTUGUESA: Compreens\u00e3o de textos de uso pr\u00e1tico no cotidiano. Conhecimento lingu\u00edstico: ortografia, separa\u00e7\u00e3o sil\u00e1bica, acentua\u00e7\u00e3o gr\u00e1fica (Novo acordo); pontua\u00e7\u00e3o. Morfologia: flex\u00e3o e emprego das classes gramaticais. Sintaxe do per\u00edodo simples: os termos da ora\u00e7\u00e3o. Concord\u00e2ncias nominal e verbal. Sem\u00e2ntica &#8211; significa\u00e7\u00e3o das palavras: sin\u00f4nimos, ant\u00f4nimos, hom\u00f4nimos e par\u00f4nimos; polissemia das palavras. <\/li><li> RACIOC\u00cdNIO L\u00d3GICO-MATEM\u00c1TICO: N\u00fameros e Opera\u00e7\u00f5es: Naturais, Inteiros e Racionais. No\u00e7\u00f5es de d\u00fazia; Unidade, Dezena, Centena e Milhar; Arroba. Grandezas Proporcionais: Raz\u00e3o, Propor\u00e7\u00e3o, Regra de tr\u00eas simples, valor de um n\u00famero desconhecido. Tri\u00e2ngulos e quadril\u00e1teros: \u00e2ngulos, per\u00edmetros e \u00e1reas. Sistema de Medidas: Comprimento, Capacidade, Massa, Superf\u00edcie, Volume. Tratamento da Informa\u00e7\u00e3o: Leitura e Interpreta\u00e7\u00e3o de gr\u00e1ficos e tabelas. <\/li><li> ATUALIDADES: Fatos pol\u00edticos, econ\u00f4micos, sociais e culturais, nacionais e internacionais, ocorridos a partir de janeiro de 2020 at\u00e9 a data de realiza\u00e7\u00e3o das provas, divulgados na m\u00eddia local, estadual e\/ou nacional.<\/li><\/ul>\n\n\n\n<p><\/p>\n\n\n\n<p>Conferiu todo o texto? Deseja fazer o certame? Ent\u00e3o comece a se preparar com as <strong>Apostilas Solu\u00e7\u00e3o<\/strong> e tenha um resultado positivo! <strong>Bons estudos e boa prova!!!<\/strong><\/p>\n","protected":false},"excerpt":{"rendered":"<p>O Concurso Prefeitura de Matias Ol\u00edmpio, no estado do Piau\u00ed est\u00e1 suspenso devido as medidas de preven\u00e7\u00e3o da pandemia da Covid-19, mas voc\u00ea pode continuar se preparando para o certame que oferece 96 vagas para candidatos de todos os n\u00edveis de escolaridade, com sal\u00e1rios que chegam a R$ 1,9 mil. Confira os detalhes ao decorrer do texto. O per\u00edodo para realizar as inscri\u00e7\u00f5es se encerrou no dia 04 de maio de 2020. Cargos, vagas e sal\u00e1rios do Concurso Prefeitura de Matias Ol\u00edmpio \u2013 PI S\u00e3o ofertadas 96 vagas imediatas para candidatos de n\u00edveis Fundamental (completo e incompleto), M\u00e9dio e Superior,&#8230;<\/p>\n","protected":false},"author":7,"featured_media":10898,"template":"","meta":{"_acf_changed":false,"rank_math_lock_modified_date":false},"categories":[],"tags":[],"acf":[],"_links":{"self":[{"href":"https:\/\/www.editorasolucao.com.br\/blog\/wp-json\/wp\/v2\/concurso\/10895"}],"collection":[{"href":"https:\/\/www.editorasolucao.com.br\/blog\/wp-json\/wp\/v2\/concurso"}],"about":[{"href":"https:\/\/www.editorasolucao.com.br\/blog\/wp-json\/wp\/v2\/types\/concurso"}],"author":[{"embeddable":true,"href":"https:\/\/www.editorasolucao.com.br\/blog\/wp-json\/wp\/v2\/users\/7"}],"wp:featuredmedia":[{"embeddable":true,"href":"https:\/\/www.editorasolucao.com.br\/blog\/wp-json\/wp\/v2\/media\/10898"}],"wp:attachment":[{"href":"https:\/\/www.editorasolucao.com.br\/blog\/wp-json\/wp\/v2\/media?parent=10895"}],"wp:term":[{"taxonomy":"category","embeddable":true,"href":"https:\/\/www.editorasolucao.com.br\/blog\/wp-json\/wp\/v2\/categories?post=10895"},{"taxonomy":"post_tag","embeddable":true,"href":"https:\/\/www.editorasolucao.com.br\/blog\/wp-json\/wp\/v2\/tags?post=10895"}],"curies":[{"name":"wp","href":"https:\/\/api.w.org\/{rel}","templated":true}]}}