{"id":11211,"date":"2025-10-16T08:41:13","date_gmt":"2025-10-16T11:41:13","guid":{"rendered":"https:\/\/www.editorasolucao.com.br\/blog\/?post_type=concurso&#038;p=11211"},"modified":"2025-10-16T08:41:36","modified_gmt":"2025-10-16T11:41:36","slug":"sefaz-pr","status":"publish","type":"concurso","link":"https:\/\/www.editorasolucao.com.br\/blog\/concurso\/sefaz-pr","title":{"rendered":"Concurso Sefaz PR: Saiu edital 60 vagas! Sal\u00e1rio de R$12 mil!"},"content":{"rendered":"\n<p>Aten\u00e7\u00e3o, concurseiros! Foi divulgado o edital do concurso Sefaz PR (Secretaria da Fazenda do Estado do Paran\u00e1) com a oferta de <strong>60 vagas imediatas<\/strong> para o cargo de <strong>Agente Fazend\u00e1rio Estadual<\/strong>, que exige <strong>n\u00edvel superior<\/strong> em <strong>diversas \u00e1reas de forma\u00e7\u00e3o.<\/strong> As remunera\u00e7\u00f5es iniciais s\u00e3o de <strong>R$12,9 mil<\/strong>. As inscri\u00e7\u00f5es estar\u00e3o abertas entre os dias <strong>3 de novembro e 3 de dezembro de 2025<\/strong>, com provas previstas para <strong>25 de janeiro de 2026<\/strong>. Ficou interessado(a)? Venha saber todos os detalhes!<\/p>\n\n\n\n<div id=\"ez-toc-container\" class=\"ez-toc-v2_0_69_1 counter-hierarchy ez-toc-counter ez-toc-grey ez-toc-container-direction\">\n<div class=\"ez-toc-title-container\">\n<p class=\"ez-toc-title \" >Menu de navega&ccedil;&atilde;o<\/p>\n<span class=\"ez-toc-title-toggle\"><a href=\"#\" class=\"ez-toc-pull-right ez-toc-btn ez-toc-btn-xs ez-toc-btn-default ez-toc-toggle\" aria-label=\"Toggle Table of Content\"><span class=\"ez-toc-js-icon-con\"><span class=\"\"><span class=\"eztoc-hide\" style=\"display:none;\">Toggle<\/span><span class=\"ez-toc-icon-toggle-span\"><svg style=\"fill: #999;color:#999\" xmlns=\"http:\/\/www.w3.org\/2000\/svg\" class=\"list-377408\" width=\"20px\" height=\"20px\" viewBox=\"0 0 24 24\" fill=\"none\"><path d=\"M6 6H4v2h2V6zm14 0H8v2h12V6zM4 11h2v2H4v-2zm16 0H8v2h12v-2zM4 16h2v2H4v-2zm16 0H8v2h12v-2z\" fill=\"currentColor\"><\/path><\/svg><svg style=\"fill: #999;color:#999\" class=\"arrow-unsorted-368013\" xmlns=\"http:\/\/www.w3.org\/2000\/svg\" width=\"10px\" height=\"10px\" viewBox=\"0 0 24 24\" version=\"1.2\" baseProfile=\"tiny\"><path d=\"M18.2 9.3l-6.2-6.3-6.2 6.3c-.2.2-.3.4-.3.7s.1.5.3.7c.2.2.4.3.7.3h11c.3 0 .5-.1.7-.3.2-.2.3-.5.3-.7s-.1-.5-.3-.7zM5.8 14.7l6.2 6.3 6.2-6.3c.2-.2.3-.5.3-.7s-.1-.5-.3-.7c-.2-.2-.4-.3-.7-.3h-11c-.3 0-.5.1-.7.3-.2.2-.3.5-.3.7s.1.5.3.7z\"\/><\/svg><\/span><\/span><\/span><\/a><\/span><\/div>\n<nav><ul class='ez-toc-list ez-toc-list-level-1 ' ><li class='ez-toc-page-1 ez-toc-heading-level-2'><a class=\"ez-toc-link ez-toc-heading-1\" href=\"https:\/\/www.editorasolucao.com.br\/blog\/concurso\/sefaz-pr\/#Como_se_inscrever_no_concurso_Sefaz_PR\" title=\"Como se inscrever no concurso Sefaz PR\">Como se inscrever no concurso Sefaz PR<\/a><\/li><li class='ez-toc-page-1 ez-toc-heading-level-2'><a class=\"ez-toc-link ez-toc-heading-2\" href=\"https:\/\/www.editorasolucao.com.br\/blog\/concurso\/sefaz-pr\/#Cargos_vagas_e_salarios\" title=\"Cargos, vagas e sal\u00e1rios\">Cargos, vagas e sal\u00e1rios<\/a><\/li><li class='ez-toc-page-1 ez-toc-heading-level-2'><a class=\"ez-toc-link ez-toc-heading-3\" href=\"https:\/\/www.editorasolucao.com.br\/blog\/concurso\/sefaz-pr\/#Requisitos_para_investidura\" title=\"Requisitos para investidura\">Requisitos para investidura<\/a><\/li><li class='ez-toc-page-1 ez-toc-heading-level-2'><a class=\"ez-toc-link ez-toc-heading-4\" href=\"https:\/\/www.editorasolucao.com.br\/blog\/concurso\/sefaz-pr\/#Etapas_de_selecao_do_concurso_Sefaz_PR\" title=\"Etapas de sele\u00e7\u00e3o do concurso Sefaz PR\">Etapas de sele\u00e7\u00e3o do concurso Sefaz PR<\/a><\/li><li class='ez-toc-page-1 ez-toc-heading-level-2'><a class=\"ez-toc-link ez-toc-heading-5\" href=\"https:\/\/www.editorasolucao.com.br\/blog\/concurso\/sefaz-pr\/#Ultimo_concurso_Sefaz_PR\" title=\"\u00daltimo concurso Sefaz PR\">\u00daltimo concurso Sefaz PR<\/a><\/li><\/ul><\/nav><\/div>\n<h2 class=\"wp-block-heading\"><span class=\"ez-toc-section\" id=\"Como_se_inscrever_no_concurso_Sefaz_PR\"><\/span>Como se inscrever no concurso Sefaz PR<span class=\"ez-toc-section-end\"><\/span><\/h2>\n\n\n\n<p>Os interessados em participar do concurso Sefaz PR devem realizar a inscri\u00e7\u00e3o exclusivamente pelo site do <a href=\"https:\/\/www.cebraspe.org.br\/concursos\/SEFA_PR_25\" target=\"_blank\" rel=\"noreferrer noopener\">Cebraspe,<\/a> banca organizadora respons\u00e1vel pelo certame. O per\u00edodo de inscri\u00e7\u00e3o ficar\u00e1 aberto das 10h do dia <strong>3 de novembro<\/strong> at\u00e9 as 18h do dia <strong>3 de dezembro de 2025<\/strong>. <\/p>\n\n\n\n<p>Para que a candidatura seja efetivada, \u00e9 necess\u00e1rio pagar a taxa de inscri\u00e7\u00e3o no valor de <strong>R$130,00<\/strong> at\u00e9 o dia <strong>5 de dezembro de 2025.<\/strong><\/p>\n\n\n\n<p>Durante os dias <strong>3 a 11 de novembro de 2025<\/strong>, ser\u00e1 poss\u00edvel solicitar isen\u00e7\u00e3o do pagamento da taxa de inscri\u00e7\u00e3o. O benef\u00edcio \u00e9 voltado a candidatos que se enquadram em pelo menos uma das seguintes situa\u00e7\u00f5es:<\/p>\n\n\n\n<ul>\n<li>Estar inscrito no Cadastro \u00danico para Programas Sociais do Governo Federal (Cad\u00danico) e pertencer a fam\u00edlia de baixa renda;<\/li>\n\n\n\n<li>Ser pessoa com defici\u00eancia inscrita no Cad\u00danico;<\/li>\n\n\n\n<li>Ter atuado como mes\u00e1rio ou colaborador em, no m\u00ednimo, dois eventos eleitorais convocados pela Justi\u00e7a Eleitoral do Paran\u00e1;<\/li>\n\n\n\n<li>Ser doador de sangue, com comprova\u00e7\u00e3o de duas doa\u00e7\u00f5es realizadas nos 12 meses anteriores \u00e0 publica\u00e7\u00e3o do edital;<\/li>\n\n\n\n<li>Ser doador de medula \u00f3ssea cadastrado no REDOME, com ao menos uma doa\u00e7\u00e3o efetiva comprovada;<\/li>\n\n\n\n<li>Ser doador de leite humano, com comprova\u00e7\u00e3o de tr\u00eas doa\u00e7\u00f5es mensais realizadas nos seis meses anteriores \u00e0 publica\u00e7\u00e3o do edital.<\/li>\n<\/ul>\n\n\n\n<h2 class=\"wp-block-heading\"><span class=\"ez-toc-section\" id=\"Cargos_vagas_e_salarios\"><\/span>Cargos, vagas e sal\u00e1rios<span class=\"ez-toc-section-end\"><\/span><\/h2>\n\n\n\n<p>O concurso Sefaz PR oferece<strong> 60 vagas imediatas<\/strong> para o cargo de Agente Fazend\u00e1rio Estadual, al\u00e9m de forma\u00e7\u00e3o de cadastro reserva. As oportunidades est\u00e3o distribu\u00eddas entre diversas especialidades, abrangendo diferentes \u00e1reas de forma\u00e7\u00e3o superior.<\/p>\n\n\n\n<p>Confira a distribui\u00e7\u00e3o completa das vagas:<\/p>\n\n\n\n<ul>\n<li>Agente Fazend\u00e1rio Estadual \u2013 Fun\u00e7\u00e3o: Administrador\n<ul>\n<li>12 vagas + cadastro reserva<\/li>\n<\/ul>\n<\/li>\n\n\n\n<li>Agente Fazend\u00e1rio Estadual \u2013 Fun\u00e7\u00e3o: Analista Fazend\u00e1rio\n<ul>\n<li>9 vagas + cadastro reserva<\/li>\n<\/ul>\n<\/li>\n\n\n\n<li>Agente Fazend\u00e1rio Estadual \u2013 Fun\u00e7\u00e3o: Contador\n<ul>\n<li>25 vagas + cadastro reserva<\/li>\n<\/ul>\n<\/li>\n\n\n\n<li>Agente Fazend\u00e1rio Estadual \u2013 Fun\u00e7\u00e3o: Economista\n<ul>\n<li>7 vagas + cadastro reserva<\/li>\n<\/ul>\n<\/li>\n\n\n\n<li>Agente Fazend\u00e1rio Estadual \u2013 Fun\u00e7\u00e3o: Estat\u00edstico\n<ul>\n<li>1 vagas + cadastro reserva<\/li>\n<\/ul>\n<\/li>\n\n\n\n<li>Agente Fazend\u00e1rio Estadual \u2013 Fun\u00e7\u00e3o: Profissional de Tecnologia da Informa\u00e7\u00e3o (TI)\n<ul>\n<li>6 vagas + cadastro reserva<\/li>\n<\/ul>\n<\/li>\n<\/ul>\n\n\n\n<p>O cargo de Agente Fazend\u00e1rio Estadual conta com o sal\u00e1rio inicial de <strong>R$12.960,00<\/strong>, podendo ser acrescido de aux\u00edlio-alimenta\u00e7\u00e3o e outras gratifica\u00e7\u00f5es previstas em lei. A jornada de trabalho \u00e9 de 40 horas semanais, com dedica\u00e7\u00e3o integral \u00e0s atividades da Secretaria da Fazenda do Estado do Paran\u00e1.<\/p>\n\n\n\n<p><strong>Materiais preparat\u00f3rios para o concurso Sefaz PR!<\/strong>\u00a0<strong><a href=\"https:\/\/www.editorasolucao.com.br\/\">Comece a se preparar agora!<\/a><\/strong><\/p>\n\n\n\n<h2 class=\"wp-block-heading\" id=\"requisitos-bsicos\"><span class=\"ez-toc-section\" id=\"Requisitos_para_investidura\"><\/span>Requisitos para investidura<span class=\"ez-toc-section-end\"><\/span><\/h2>\n\n\n\n<p>Para investidura dos cargos do concurso Sefaz PR, \u00e9 necess\u00e1rio que os candidatos atendam aos seguintes requisitos b\u00e1sicos:<\/p>\n\n\n\n<ul>\n<li>Ser aprovado no concurso p\u00fablico<\/li>\n\n\n\n<li>Ter nacionalidade brasileira ou portuguesa e, no caso de nacionalidade portuguesa, estar amparado pelo Estatuto de Igualdade entre Brasileiros e Portugueses, com reconhecimento do gozo dos direitos pol\u00edticos, nos termos do \u00a7 1\u00ba do art. 12 da Constitui\u00e7\u00e3o Federal<\/li>\n\n\n\n<li>Estar em gozo dos direitos pol\u00edticos<\/li>\n\n\n\n<li>Estar quite com as obriga\u00e7\u00f5es militares, se do sexo masculino<\/li>\n\n\n\n<li>Estar quite com as obriga\u00e7\u00f5es eleitorais<\/li>\n\n\n\n<li>N\u00e3o possuir antecedentes criminais<\/li>\n\n\n\n<li>Possuir os requisitos exigidos para o exerc\u00edcio do cargo, conforme o item 2 do edital<\/li>\n\n\n\n<li>Gozar de boa sa\u00fade, comprovada em inspe\u00e7\u00e3o m\u00e9dica<\/li>\n\n\n\n<li>N\u00e3o ter sido demitido, nos \u00faltimos cinco anos, em decorr\u00eancia de aplica\u00e7\u00e3o de pena disciplinar no servi\u00e7o p\u00fablico federal, estadual, distrital ou municipal<\/li>\n<\/ul>\n\n\n\n<h3 class=\"wp-block-heading\">Requisitos espec\u00edficos<\/h3>\n\n\n\n<p>Al\u00e9m dos crit\u00e9rios b\u00e1sicos, \u00e9 necess\u00e1rio que os candidatos preencham os seguintes requisitos espec\u00edficos:<\/p>\n\n\n\n<p><strong>Agente Fazend\u00e1rio Estadual \u2013 Administrador<\/strong><\/p>\n\n\n\n<ul>\n<li>Gradua\u00e7\u00e3o completa em Administra\u00e7\u00e3o ou Administra\u00e7\u00e3o P\u00fablica;<\/li>\n\n\n\n<li>Diploma emitido por institui\u00e7\u00e3o de ensino superior reconhecida pelo MEC;<\/li>\n\n\n\n<li>Registro ativo no Conselho Regional de Administra\u00e7\u00e3o (CRA).<\/li>\n<\/ul>\n\n\n\n<p><strong>Agente Fazend\u00e1rio Estadual \u2013 Analista Fazend\u00e1rio<\/strong><\/p>\n\n\n\n<ul>\n<li>Gradua\u00e7\u00e3o completa em qualquer \u00e1rea de forma\u00e7\u00e3o;<\/li>\n\n\n\n<li>Diploma devidamente registrado e expedido por institui\u00e7\u00e3o reconhecida pelo MEC.<\/li>\n<\/ul>\n\n\n\n<p><strong>Agente Fazend\u00e1rio Estadual \u2013 Contador<\/strong><\/p>\n\n\n\n<ul>\n<li>Gradua\u00e7\u00e3o em Ci\u00eancias Cont\u00e1beis;<\/li>\n\n\n\n<li>Diploma emitido por institui\u00e7\u00e3o de ensino superior reconhecida pelo MEC;<\/li>\n\n\n\n<li>Registro profissional obrigat\u00f3rio no Conselho Regional de Contabilidade (CRC).<\/li>\n<\/ul>\n\n\n\n<p><strong>Agente Fazend\u00e1rio Estadual \u2013 Economista<\/strong><\/p>\n\n\n\n<ul>\n<li>Gradua\u00e7\u00e3o em Ci\u00eancias Econ\u00f4micas;<\/li>\n\n\n\n<li>Diploma expedido por institui\u00e7\u00e3o reconhecida pelo MEC;<\/li>\n\n\n\n<li>Registro ativo no Conselho Regional de Economia (Corecon).<\/li>\n<\/ul>\n\n\n\n<p><strong>Agente Fazend\u00e1rio Estadual \u2013 Estat\u00edstico<\/strong><\/p>\n\n\n\n<ul>\n<li>Gradua\u00e7\u00e3o em Estat\u00edstica;<\/li>\n\n\n\n<li>Diploma devidamente registrado e reconhecido pelo MEC;<\/li>\n\n\n\n<li>Inscri\u00e7\u00e3o obrigat\u00f3ria no Conselho Regional de Estat\u00edstica (Conre).<\/li>\n<\/ul>\n\n\n\n<p><strong>Agente Fazend\u00e1rio Estadual \u2013 Profissional de Tecnologia da Informa\u00e7\u00e3o (TI)<\/strong><\/p>\n\n\n\n<ul>\n<li>Gradua\u00e7\u00e3o (bacharelado) em uma das seguintes \u00e1reas:<ul><li>Ci\u00eancia da Computa\u00e7\u00e3o<\/li><li>Tecnologia da Informa\u00e7\u00e3o<\/li><li>Engenharia da Computa\u00e7\u00e3o<\/li><li>Sistemas de Informa\u00e7\u00e3o<\/li><li>Processamento de Dados<\/li><\/ul>Ou diploma de curso superior em Tecnologia, nas seguintes forma\u00e7\u00f5es:\n<ul>\n<li>Gest\u00e3o da Tecnologia da Informa\u00e7\u00e3o<\/li>\n\n\n\n<li>An\u00e1lise e Desenvolvimento de Sistemas<\/li>\n\n\n\n<li>Banco de Dados<\/li>\n\n\n\n<li>Redes de Computadores<\/li>\n\n\n\n<li>Seguran\u00e7a da Informa\u00e7\u00e3o<\/li>\n<\/ul>\n<\/li>\n<\/ul>\n\n\n\n<p>Em todos os casos, o diploma deve ser emitido por institui\u00e7\u00e3o de ensino superior reconhecida pelo MEC.<\/p>\n\n\n\n<h2 class=\"wp-block-heading\"><span class=\"ez-toc-section\" id=\"Etapas_de_selecao_do_concurso_Sefaz_PR\"><\/span>Etapas de sele\u00e7\u00e3o do concurso Sefaz PR<span class=\"ez-toc-section-end\"><\/span><\/h2>\n\n\n\n<p>O concurso Sefaz PR ser\u00e1 composto por duas etapas: <strong>prova objetiva<\/strong> e <strong>prova discursiva<\/strong>, ambas com car\u00e1ter eliminat\u00f3rio e classificat\u00f3rio. <\/p>\n\n\n\n<p>As avalia\u00e7\u00f5es ser\u00e3o aplicadas simultaneamente no dia <strong>25 de janeiro de 2026<\/strong>, nas cidades de Curitiba, Londrina, Maring\u00e1 e Cascavel, no Estado do Paran\u00e1.<\/p>\n\n\n\n<h3 class=\"wp-block-heading\">Prova objetiva<\/h3>\n\n\n\n<p>A prova objetiva do concurso Sefaz PR ser\u00e1 dividida em duas partes (P1 e P2), com quest\u00f5es de m\u00faltipla escolha e pontua\u00e7\u00e3o total de 155 pontos. Cada quest\u00e3o apresentar\u00e1 cinco alternativas (A, B, C, D e E), sendo apenas uma correta.<\/p>\n\n\n\n<ul>\n<li><strong>Prova P1 \u2013 Conhecimentos Gerais:<\/strong> aplicada no per\u00edodo da manh\u00e3, com dura\u00e7\u00e3o de 4 horas e 30 minutos, totalizando 85 pontos.<\/li>\n\n\n\n<li><strong>Prova P2 \u2013 Conhecimentos Espec\u00edficos:<\/strong> aplicada no per\u00edodo da tarde, com dura\u00e7\u00e3o de 4 horas, valendo 75 pontos no total.<\/li>\n<\/ul>\n\n\n\n<p>A seguir, veja a estrutura detalhada das provas de acordo com o cargo escolhido:<\/p>\n\n\n\n<p><strong>Agente Fazend\u00e1rio Estadual \u2013 Administrador<\/strong><\/p>\n\n\n\n<p><em>Prova Objetiva (P1) \u2013 Conhecimentos Gerais<\/em><\/p>\n\n\n\n<ul>\n<li>L\u00edngua Portuguesa \u2013 10 quest\u00f5es<\/li>\n\n\n\n<li>Direito Constitucional, Administrativo e ECA \u2013 10 quest\u00f5es<\/li>\n\n\n\n<li>Direito Tribut\u00e1rio \u2013 5 quest\u00f5es<\/li>\n\n\n\n<li>Racioc\u00ednio L\u00f3gico-Matem\u00e1tico \u2013 5 quest\u00f5es<\/li>\n\n\n\n<li>Matem\u00e1tica Financeira \u2013 5 quest\u00f5es<\/li>\n\n\n\n<li>Administra\u00e7\u00e3o P\u00fablica \u2013 5 quest\u00f5es<\/li>\n\n\n\n<li>Administra\u00e7\u00e3o Financeira e Or\u00e7ament\u00e1ria (AFO) \u2013 10 quest\u00f5es<\/li>\n\n\n\n<li>No\u00e7\u00f5es de Economia e Finan\u00e7as P\u00fablicas \u2013 15 quest\u00f5es<\/li>\n\n\n\n<li>No\u00e7\u00f5es de Tecnologia da Informa\u00e7\u00e3o \u2013 10 quest\u00f5es<\/li>\n\n\n\n<li>No\u00e7\u00f5es de Contabilidade Aplicada ao Setor P\u00fablico (CASP) \u2013 10 quest\u00f5es<\/li>\n<\/ul>\n\n\n\n<p><em>Prova Objetiva (P2) \u2013 Conhecimentos Espec\u00edficos<\/em><\/p>\n\n\n\n<ul>\n<li>Administra\u00e7\u00e3o \u2013 50 quest\u00f5es<\/li>\n<\/ul>\n\n\n\n<p><strong>Agente Fazend\u00e1rio Estadual \u2013 Analista Fazend\u00e1rio<\/strong><\/p>\n\n\n\n<p><em>Prova Objetiva (P1) \u2013 Conhecimentos Gerais<\/em><\/p>\n\n\n\n<ul>\n<li>L\u00edngua Portuguesa \u2013 10 quest\u00f5es<\/li>\n\n\n\n<li>Direito Constitucional, Administrativo e ECA \u2013 10 quest\u00f5es<\/li>\n\n\n\n<li>Direito Tribut\u00e1rio \u2013 5 quest\u00f5es<\/li>\n\n\n\n<li>Racioc\u00ednio L\u00f3gico-Matem\u00e1tico \u2013 5 quest\u00f5es<\/li>\n\n\n\n<li>Matem\u00e1tica Financeira \u2013 5 quest\u00f5es<\/li>\n\n\n\n<li>Administra\u00e7\u00e3o P\u00fablica \u2013 5 quest\u00f5es<\/li>\n\n\n\n<li>Administra\u00e7\u00e3o Financeira e Or\u00e7ament\u00e1ria (AFO) \u2013 10 quest\u00f5es<\/li>\n\n\n\n<li>No\u00e7\u00f5es de Economia e Finan\u00e7as P\u00fablicas \u2013 10 quest\u00f5es<\/li>\n\n\n\n<li>No\u00e7\u00f5es de Tecnologia da Informa\u00e7\u00e3o \u2013 10 quest\u00f5es<\/li>\n\n\n\n<li>No\u00e7\u00f5es de Contabilidade Aplicada ao Setor P\u00fablico (CASP) \u2013 10 quest\u00f5es<\/li>\n<\/ul>\n\n\n\n<p><em>Prova Objetiva (P2) \u2013 Conhecimentos Espec\u00edficos<\/em><\/p>\n\n\n\n<ul>\n<li>Analista Fazend\u00e1rio \u2013 50 quest\u00f5es<\/li>\n<\/ul>\n\n\n\n<p><strong>Agente Fazend\u00e1rio Estadual \u2013 Contador<\/strong><\/p>\n\n\n\n<p><em>Prova Objetiva (P1) \u2013 Conhecimentos Gerais<\/em><\/p>\n\n\n\n<ul>\n<li>L\u00edngua Portuguesa \u2013 10 quest\u00f5es<\/li>\n\n\n\n<li>Direito Constitucional, Administrativo e ECA \u2013 10 quest\u00f5es<\/li>\n\n\n\n<li>Direito Tribut\u00e1rio \u2013 5 quest\u00f5es<\/li>\n\n\n\n<li>Racioc\u00ednio L\u00f3gico-Matem\u00e1tico \u2013 5 quest\u00f5es<\/li>\n\n\n\n<li>Matem\u00e1tica Financeira \u2013 5 quest\u00f5es<\/li>\n\n\n\n<li>Administra\u00e7\u00e3o P\u00fablica \u2013 5 quest\u00f5es<\/li>\n\n\n\n<li>Administra\u00e7\u00e3o Financeira e Or\u00e7ament\u00e1ria (AFO) \u2013 10 quest\u00f5es<\/li>\n\n\n\n<li>No\u00e7\u00f5es de Economia e Finan\u00e7as P\u00fablicas \u2013 10 quest\u00f5es<\/li>\n\n\n\n<li>No\u00e7\u00f5es de Tecnologia da Informa\u00e7\u00e3o \u2013 10 quest\u00f5es<\/li>\n\n\n\n<li>No\u00e7\u00f5es de Contabilidade Aplicada ao Setor P\u00fablico (CASP) \u2013 10 quest\u00f5es<\/li>\n<\/ul>\n\n\n\n<p><em>Prova Objetiva (P2) \u2013 Conhecimentos Espec\u00edficos<\/em><\/p>\n\n\n\n<ul>\n<li>Contabilidade \u2013 50 quest\u00f5es<\/li>\n<\/ul>\n\n\n\n<p><strong>Agente Fazend\u00e1rio Estadual \u2013 Economista<\/strong><\/p>\n\n\n\n<p><em>Prova Objetiva (P1) \u2013 Conhecimentos Gerais<\/em><\/p>\n\n\n\n<ul>\n<li>L\u00edngua Portuguesa \u2013 10 quest\u00f5es<\/li>\n\n\n\n<li>Direito Constitucional, Administrativo e ECA \u2013 10 quest\u00f5es<\/li>\n\n\n\n<li>Direito Tribut\u00e1rio \u2013 5 quest\u00f5es<\/li>\n\n\n\n<li>Racioc\u00ednio L\u00f3gico-Matem\u00e1tico \u2013 5 quest\u00f5es<\/li>\n\n\n\n<li>Matem\u00e1tica Financeira \u2013 5 quest\u00f5es<\/li>\n\n\n\n<li>Administra\u00e7\u00e3o P\u00fablica \u2013 5 quest\u00f5es<\/li>\n\n\n\n<li>Administra\u00e7\u00e3o Financeira e Or\u00e7ament\u00e1ria (AFO) \u2013 10 quest\u00f5es<\/li>\n\n\n\n<li>No\u00e7\u00f5es de Economia e Finan\u00e7as P\u00fablicas \u2013 10 quest\u00f5es<\/li>\n\n\n\n<li>No\u00e7\u00f5es de Tecnologia da Informa\u00e7\u00e3o \u2013 10 quest\u00f5es<\/li>\n\n\n\n<li>No\u00e7\u00f5es de Contabilidade Aplicada ao Setor P\u00fablico (CASP) \u2013 10 quest\u00f5es<\/li>\n<\/ul>\n\n\n\n<p><em>Prova Objetiva (P2) \u2013 Conhecimentos Espec\u00edficos<\/em><\/p>\n\n\n\n<ul>\n<li>Economia \u2013 50 quest\u00f5es<\/li>\n<\/ul>\n\n\n\n<p><strong>Agente Fazend\u00e1rio Estadual \u2013 Estat\u00edstico<\/strong><\/p>\n\n\n\n<p><em>Prova Objetiva (P1) \u2013 Conhecimentos Gerais<\/em><\/p>\n\n\n\n<ul>\n<li>L\u00edngua Portuguesa \u2013 10 quest\u00f5es<\/li>\n\n\n\n<li>Direito Constitucional, Administrativo e ECA \u2013 10 quest\u00f5es<\/li>\n\n\n\n<li>Direito Tribut\u00e1rio \u2013 5 quest\u00f5es<\/li>\n\n\n\n<li>Racioc\u00ednio L\u00f3gico-Matem\u00e1tico \u2013 5 quest\u00f5es<\/li>\n\n\n\n<li>Matem\u00e1tica Financeira \u2013 5 quest\u00f5es<\/li>\n\n\n\n<li>Administra\u00e7\u00e3o P\u00fablica \u2013 5 quest\u00f5es<\/li>\n\n\n\n<li>Administra\u00e7\u00e3o Financeira e Or\u00e7ament\u00e1ria (AFO) \u2013 10 quest\u00f5es<\/li>\n\n\n\n<li>No\u00e7\u00f5es de Economia e Finan\u00e7as P\u00fablicas \u2013 10 quest\u00f5es<\/li>\n\n\n\n<li>No\u00e7\u00f5es de Tecnologia da Informa\u00e7\u00e3o \u2013 5 quest\u00f5es<\/li>\n\n\n\n<li>No\u00e7\u00f5es de Contabilidade Aplicada ao Setor P\u00fablico (CASP) \u2013 10 quest\u00f5es<\/li>\n<\/ul>\n\n\n\n<p><em>Prova Objetiva (P2) \u2013 Conhecimentos Espec\u00edficos<\/em><\/p>\n\n\n\n<ul>\n<li>Estat\u00edstica \u2013 50 quest\u00f5es<\/li>\n<\/ul>\n\n\n\n<p><strong>Agente Fazend\u00e1rio Estadual \u2013 Profissional de Tecnologia da Informa\u00e7\u00e3o (TI)<\/strong><\/p>\n\n\n\n<p><em>Prova Objetiva (P1) \u2013 Conhecimentos Gerais<\/em><\/p>\n\n\n\n<ul>\n<li>L\u00edngua Portuguesa \u2013 10 quest\u00f5es<\/li>\n\n\n\n<li>Direito Constitucional, Administrativo e ECA \u2013 10 quest\u00f5es<\/li>\n\n\n\n<li>Direito Tribut\u00e1rio \u2013 5 quest\u00f5es<\/li>\n\n\n\n<li>Racioc\u00ednio L\u00f3gico-Matem\u00e1tico \u2013 5 quest\u00f5es<\/li>\n\n\n\n<li>Matem\u00e1tica Financeira \u2013 5 quest\u00f5es<\/li>\n\n\n\n<li>Administra\u00e7\u00e3o P\u00fablica \u2013 5 quest\u00f5es<\/li>\n\n\n\n<li>Administra\u00e7\u00e3o Financeira e Or\u00e7ament\u00e1ria (AFO) \u2013 10 quest\u00f5es<\/li>\n\n\n\n<li>No\u00e7\u00f5es de Economia e Finan\u00e7as P\u00fablicas \u2013 10 quest\u00f5es<\/li>\n\n\n\n<li>No\u00e7\u00f5es de Tecnologia da Informa\u00e7\u00e3o \u2013 10 quest\u00f5es<\/li>\n\n\n\n<li>No\u00e7\u00f5es de Contabilidade Aplicada ao Setor P\u00fablico (CASP) \u2013 10 quest\u00f5es<\/li>\n<\/ul>\n\n\n\n<p><em>Prova Objetiva (P2) \u2013 Conhecimentos Espec\u00edficos<\/em><\/p>\n\n\n\n<ul>\n<li>Tecnologia da Informa\u00e7\u00e3o \u2013 50 quest\u00f5es<\/li>\n<\/ul>\n\n\n\n<p><\/p>\n\n\n\n<p>Para n\u00e3o ser eliminado, o candidato dever\u00e1 alcan\u00e7ar nota igual ou superior a 78 pontos na soma das duas provas.<\/p>\n\n\n\n<h4 class=\"wp-block-heading\">N\u00f3s temos a Solu\u00e7\u00e3o<\/h4>\n\n\n\n<p>Quer ser aprovado no concurso Sefaz PR, mas n\u00e3o sabe por onde come\u00e7ar a estudar? N\u00f3s temos a Solu\u00e7\u00e3o! Elaboramos diversos materiais completos e direcionados conforme o edital que te ajudar\u00e3o a conquistar o seu cargo dos sonhos!<\/p>\n\n\n\n<p><strong>Confira:\u00a0<a href=\"https:\/\/www.editorasolucao.com.br\/\">Materiais preparat\u00f3rios para o concurso\u00a0Sefaz PR!<\/a><\/strong><\/p>\n\n\n\n<h3 class=\"wp-block-heading\">Prova discursiva<\/h3>\n\n\n\n<p>A prova discursiva do concurso Sefaz PR ser\u00e1 aplicada a todos os cargos, no mesmo dia das provas objetivas, e ter\u00e1 car\u00e1ter eliminat\u00f3rio e classificat\u00f3rio. O objetivo dessa etapa \u00e9 avaliar a capacidade de argumenta\u00e7\u00e3o, clareza, coes\u00e3o, coer\u00eancia e dom\u00ednio t\u00e9cnico da norma-padr\u00e3o da L\u00edngua Portuguesa.<\/p>\n\n\n\n<p>A prova consistir\u00e1 em uma quest\u00e3o dissertativa sobre temas ligados \u00e0 Gest\u00e3o P\u00fablica, como pol\u00edticas p\u00fablicas, administra\u00e7\u00e3o financeira, governan\u00e7a, efici\u00eancia administrativa, \u00e9tica no servi\u00e7o p\u00fablico ou atualidades fazend\u00e1rias.<\/p>\n\n\n\n<p>O texto dever\u00e1 ter entre 20 e 30 linhas, com introdu\u00e7\u00e3o, desenvolvimento e conclus\u00e3o, demonstrando clareza, coer\u00eancia e dom\u00ednio t\u00e9cnico.<\/p>\n\n\n\n<p>A avalia\u00e7\u00e3o valer\u00e1 15 pontos, e ser\u00e1 aprovado o candidato que alcan\u00e7ar nota igual ou superior a 7,5. A reda\u00e7\u00e3o deve ser escrita \u00e0 m\u00e3o, com caneta preta e corpo transparente, conforme o edital. Textos com menos de 20 linhas ter\u00e3o desconto de 0,10 ponto por linha faltante.<\/p>\n\n\n\n<h2 class=\"wp-block-heading\"><span class=\"ez-toc-section\" id=\"Ultimo_concurso_Sefaz_PR\"><\/span>\u00daltimo concurso Sefaz PR<span class=\"ez-toc-section-end\"><\/span><\/h2>\n\n\n\n<p>O \u00faltimo concurso Sefaz PR ocorreu no in\u00edcio de 2025 e foram ofertadas 50 vagas imediatas para o cargo de Auditor Fiscal, que exige n\u00edvel superior completo. Confira como essas oportunidades foram distribu\u00eddas: <\/p>\n\n\n\n<ul>\n<li>Ampla concorr\u00eancia (42)<\/li>\n\n\n\n<li>Afro (5)<\/li>\n\n\n\n<li>PCD (3)<\/li>\n<\/ul>\n\n\n\n<p><\/p>\n\n\n\n<p>A remunera\u00e7\u00e3o inicial do cargo \u00e9 de <strong>R$16.953,96<\/strong>, para uma jornada de trabalho de 40 horas semanais. <\/p>\n\n\n\n<h3 class=\"wp-block-heading\">O que faz um Auditor Fiscal da Sefaz PR?<\/h3>\n\n\n\n<p>Confira quais s\u00e3o as fun\u00e7\u00f5es dadas ao cargo de Auditor Fiscal da Sefaz PR: <\/p>\n\n\n\n<ul>\n<li>Constituir o cr\u00e9dito tribut\u00e1rio pelo lan\u00e7amento e, sendo o caso, propor a aplica\u00e7\u00e3o da penalidade cab\u00edvel<\/li>\n\n\n\n<li>Julgar o processo administrativo fiscal em primeira inst\u00e2ncia administrativa<\/li>\n\n\n\n<li>Julgar o processo administrativo fiscal como membro do Corpo Deliberativo do Conselho de Contribuintes e Recursos Fiscais, representando a Fazenda P\u00fablica Estadual<\/li>\n\n\n\n<li>Exercer a fun\u00e7\u00e3o de Representante da Fazenda P\u00fablica Estadual no Conselho de Contribuintes e Recursos Fiscais<\/li>\n\n\n\n<li>Representar o Estado do Paran\u00e1 na Comiss\u00e3o T\u00e9cnica Permanente do ICMS (COTEPE\/ICMS), \u00f3rg\u00e3o de assessoramento do Conselho Nacional de Pol\u00edtica Fazend\u00e1ria (CONFAZ)<\/li>\n\n\n\n<li>Exercer a dire\u00e7\u00e3o, o assessoramento e a chefia das unidades administrativas da REPR, quando designado<\/li>\n\n\n\n<li>Responder \u00e0s consultas de mat\u00e9ria tribut\u00e1ria com car\u00e1ter orientativo<\/li>\n\n\n\n<li>Executar administrativamente os d\u00e9bitos tribut\u00e1rios<\/li>\n\n\n\n<li>Realizar auditorias fiscais e trabalhos correlatos<\/li>\n\n\n\n<li>Participar do Conselho Superior dos Auditores Fiscais<\/li>\n\n\n\n<li>Tratar e analisar dados sujeitos ao sigilo fiscal<\/li>\n<\/ul>\n\n\n\n<h3 class=\"wp-block-heading\">Como foram as provas do concurso Sefaz PR? <\/h3>\n\n\n\n<p>O concurso Sefaz PR avaliou seus candidatos por meio das seguintes etapas de sele\u00e7\u00e3o: <\/p>\n\n\n\n<ul>\n<li>Provas Objetivas, de car\u00e1ter eliminat\u00f3rio e classificat\u00f3rio;<\/li>\n\n\n\n<li>Prova Discursiva, de car\u00e1ter eliminat\u00f3rio e classificat\u00f3rio;<\/li>\n\n\n\n<li>Avalia\u00e7\u00e3o de T\u00edtulos, de car\u00e1ter classificat\u00f3rio.<\/li>\n<\/ul>\n\n\n\n<h4 class=\"wp-block-heading\">Prova Objetiva<\/h4>\n\n\n\n<p>A prova objetiva do concurso Sefaz PR foi aplicada no dia 18 de maio de 2025, em dois turnos: turno da manh\u00e3, das 8h \u00e0s 12h30min, e no turno da tarde, das 15h \u00e0s 19h. <\/p>\n\n\n\n<p>A avalia\u00e7\u00e3o foi versada sobre as seguintes disciplinas: <\/p>\n\n\n\n<ul>\n<li><strong>Conhecimentos B\u00e1sicos <\/strong>\n<ul>\n<li>L\u00edngua Portuguesa: 10 quest\u00f5es<\/li>\n\n\n\n<li>Racioc\u00ednio L\u00f3gico-Matem\u00e1tico: 10 quest\u00f5es<\/li>\n\n\n\n<li>Administra\u00e7\u00e3o P\u00fablica: 6 quest\u00f5es<\/li>\n\n\n\n<li>An\u00e1lise de Dados: Conceitos e Aplica\u00e7\u00f5es: 10 quest\u00f5es <\/li>\n<\/ul>\n<\/li>\n\n\n\n<li><strong>Conhecimentos Jur\u00eddicos<\/strong>\n<ul>\n<li>Direito Administrativo: 8 quest\u00f5es<\/li>\n\n\n\n<li>Direito Civil, Empresarial, Penal e ECA: 8 quest\u00f5es<\/li>\n\n\n\n<li>Direito Constitucional: 8 quest\u00f5es<\/li>\n\n\n\n<li>Legisla\u00e7\u00e3o Tribut\u00e1ria: 10 quest\u00f5es<\/li>\n\n\n\n<li>Direito Tribut\u00e1rio: 10 quest\u00f5es <\/li>\n<\/ul>\n<\/li>\n\n\n\n<li><strong>Conhecimentos Espec\u00edficos <\/strong>\n<ul>\n<li>Economia e Finan\u00e7as P\u00fablicas: 10 quest\u00f5es<\/li>\n\n\n\n<li>Contabilidade Geral, Avan\u00e7ada, Custos e Auditoria Fiscal: 22 quest\u00f5es<\/li>\n\n\n\n<li>Pr\u00e1tica em An\u00e1lise de Dados: 18 quest\u00f5es <\/li>\n<\/ul>\n<\/li>\n<\/ul>\n\n\n\n<p><\/p>\n\n\n\n<p>Foi considerado aprovado no concurso o candidato que, cumulativamente: <\/p>\n\n\n\n<ul>\n<li>atingiu, no m\u00ednimo, 50% (cinquenta por cento) do total de pontos dos M\u00f3dulos I e II;<\/li>\n\n\n\n<li>atingiu, no m\u00ednimo, 50% (cinquenta por cento) do total de pontos do M\u00f3dulo III;<\/li>\n\n\n\n<li>n\u00e3o zerou em nenhuma das disciplinas dos M\u00f3dulos I, II e III.<\/li>\n<\/ul>\n\n\n\n<h4 class=\"wp-block-heading\">Prova Discursiva<\/h4>\n\n\n\n<p>A prova discursiva do concurso Sefaz PR foi aplicada no mesmo dia da prova objetiva, mas no turno da tarde. <\/p>\n\n\n\n<p>Essa etapa foi constitu\u00edda de uma quest\u00e3o sobre Direito Tribut\u00e1rio e\/ou Legisla\u00e7\u00e3o Tribut\u00e1ria devendo conter no m\u00ednimo 20 e no m\u00e1ximo 30 linhas.<\/p>\n\n\n\n<p>A avalia\u00e7\u00e3o foi corrigida de acordo com o crit\u00e9rios a seguir: <\/p>\n\n\n\n<ul>\n<li>Dom\u00ednio do tema abordado: 7 pontos<\/li>\n\n\n\n<li>Dom\u00ednio da modalidade escrita da L\u00edngua Portuguesa: 8 pontos <\/li>\n<\/ul>\n\n\n\n<p><\/p>\n\n\n\n<p>A prova discursiva teve valor total de 15 pontos, considerando-se aprovado nesta etapa o candidato que, cumulativamente:<\/p>\n\n\n\n<ul>\n<li>atingiu, no m\u00ednimo, 2,5 (dois v\u00edrgula cinco) pontos no crit\u00e9rio dom\u00ednio do tema abordado;<\/li>\n\n\n\n<li>atingiu, no m\u00ednimo, 5 (cinco) pontos no crit\u00e9rio dom\u00ednio da modalidade escrita da l\u00edngua portuguesa;<\/li>\n\n\n\n<li>atingiu, no m\u00ednimo, 7,5 (sete v\u00edrgula cinco) pontos do total da prova discursiva.<\/li>\n<\/ul>\n\n\n\n<h4 class=\"wp-block-heading\">Avalia\u00e7\u00e3o de T\u00edtulos <\/h4>\n\n\n\n<p>A avalia\u00e7\u00e3o de t\u00edtulos pontuou os seguintes documentos: <\/p>\n\n\n\n<figure class=\"wp-block-image size-full\"><img loading=\"lazy\" decoding=\"async\" width=\"688\" height=\"221\" src=\"https:\/\/www.editorasolucao.com.br\/blog\/wp-content\/uploads\/2025\/02\/titulos-sefaz-pr.webp\" alt=\"Tabela de t\u00edtulos do concurso Sefaz PR!\" class=\"wp-image-45815\"\/><figcaption class=\"wp-element-caption\"><em>Tabela de t\u00edtulos do concurso Sefaz PR!<\/em><\/figcaption><\/figure>\n\n\n\n<p><\/p>\n\n\n\n<p><strong>Boa prova e bons estudos!<\/strong><\/p>\n","protected":false},"excerpt":{"rendered":"<p>O concurso Sefaz PR est\u00e1 ofertando 60 vagas para cargo de Agente Fazend\u00e1rio Estadual, de n\u00edvel superior. Sal\u00e1rio inicial de R$12,9 mil. Confira!<\/p>\n","protected":false},"author":26,"featured_media":48957,"template":"","meta":{"_acf_changed":false,"rank_math_lock_modified_date":false},"categories":[52],"tags":[2349],"acf":[],"_links":{"self":[{"href":"https:\/\/www.editorasolucao.com.br\/blog\/wp-json\/wp\/v2\/concurso\/11211"}],"collection":[{"href":"https:\/\/www.editorasolucao.com.br\/blog\/wp-json\/wp\/v2\/concurso"}],"about":[{"href":"https:\/\/www.editorasolucao.com.br\/blog\/wp-json\/wp\/v2\/types\/concurso"}],"author":[{"embeddable":true,"href":"https:\/\/www.editorasolucao.com.br\/blog\/wp-json\/wp\/v2\/users\/26"}],"wp:featuredmedia":[{"embeddable":true,"href":"https:\/\/www.editorasolucao.com.br\/blog\/wp-json\/wp\/v2\/media\/48957"}],"wp:attachment":[{"href":"https:\/\/www.editorasolucao.com.br\/blog\/wp-json\/wp\/v2\/media?parent=11211"}],"wp:term":[{"taxonomy":"category","embeddable":true,"href":"https:\/\/www.editorasolucao.com.br\/blog\/wp-json\/wp\/v2\/categories?post=11211"},{"taxonomy":"post_tag","embeddable":true,"href":"https:\/\/www.editorasolucao.com.br\/blog\/wp-json\/wp\/v2\/tags?post=11211"}],"curies":[{"name":"wp","href":"https:\/\/api.w.org\/{rel}","templated":true}]}}