{"id":11235,"date":"2020-06-09T17:06:48","date_gmt":"2020-06-09T20:06:48","guid":{"rendered":"https:\/\/www.editorasolucao.com.br\/blog\/?post_type=concurso&#038;p=11235"},"modified":"2020-06-23T10:42:20","modified_gmt":"2020-06-23T13:42:20","slug":"prefeitura-de-imbe-de-minas-mg","status":"publish","type":"concurso","link":"https:\/\/www.editorasolucao.com.br\/blog\/concurso\/prefeitura-de-imbe-de-minas-mg","title":{"rendered":"Concurso Prefeitura de Imb\u00e9 de Minas &#8211; MG 2020: Mais de 100 vagas pra todos os n\u00edveis!"},"content":{"rendered":"\n<p>Foi divulgado o <a rel=\"noreferrer noopener\" aria-label=\"Edital (abre em uma nova aba)\" href=\"https:\/\/www.editorasolucao.com.br\" target=\"_blank\">Edital<\/a> do <strong>Concurso Prefeitura de Imb\u00e9 de Minas<\/strong>, no estado de <a href=\"https:\/\/www.editorasolucao.com.br\/blog\/concursos-abertos-mg\" target=\"_blank\" rel=\"noreferrer noopener\" aria-label=\"Minas Gerais (abre em uma nova aba)\">Minas Gerais<\/a>, que oferece <strong>115 vagas para candidatos de todos os n\u00edveis de escolaridade<\/strong>, com sal\u00e1rios que chegam a <strong>R$ 7 mil<\/strong>. Confira os detalhes ao decorrer do texto.<\/p>\n\n\n\n<head>\n<style>\nbutton.css3button {\nfont-family: Arial, Helvetica, sans-serif;\nfont-size: 20px;\ncolor: #ffffff!important;\npadding: 12px 25px;\nbackground: -webkit-gradient(\nlinear, left top, left bottom,\nfrom(#0091ff),\nto(#037efa));\nbackground: linear-gradient(\ntop,\n#0091ff 0%,\n#037efa);\nborder-radius: 8px;\nborder: 0px solid #000000;\nbox-shadow:\n0px 4px 0px rgba(0,111,214,1),\ninset 0px 0px 1px rgba(84,84,84,0.5);\ntext-shadow:\n0px 0px 0px rgba(000,000,000,0.7),\n0px 0px 0px rgba(255,255,255,0.9);\n}\n\n<\/style>\n<\/head>\n<center><button type=\"button\" name=\"\" value=\"\" class=\"css3button\"><a data-cat=\"link-botao\" style=\"color:#ffffff!important; text-decoration:none;\" href=\"https:\/\/www.editorasolucao.com.br\/concurso\/prefeitura-de-imbe-de-minas-mg\" target=\"_blank\"><strong><span style=\"color:#ffffff;\">Clique e Comece seus Estudos!<\/span><\/a><\/strong><\/button><\/center><br\/>\n\n\n\n<div id=\"ez-toc-container\" class=\"ez-toc-v2_0_69_1 counter-hierarchy ez-toc-counter ez-toc-grey ez-toc-container-direction\">\n<div class=\"ez-toc-title-container\">\n<p class=\"ez-toc-title \" >Menu de navega&ccedil;&atilde;o<\/p>\n<span class=\"ez-toc-title-toggle\"><a href=\"#\" class=\"ez-toc-pull-right ez-toc-btn ez-toc-btn-xs ez-toc-btn-default ez-toc-toggle\" aria-label=\"Toggle Table of Content\"><span class=\"ez-toc-js-icon-con\"><span class=\"\"><span class=\"eztoc-hide\" style=\"display:none;\">Toggle<\/span><span class=\"ez-toc-icon-toggle-span\"><svg style=\"fill: #999;color:#999\" xmlns=\"http:\/\/www.w3.org\/2000\/svg\" class=\"list-377408\" width=\"20px\" height=\"20px\" viewBox=\"0 0 24 24\" fill=\"none\"><path d=\"M6 6H4v2h2V6zm14 0H8v2h12V6zM4 11h2v2H4v-2zm16 0H8v2h12v-2zM4 16h2v2H4v-2zm16 0H8v2h12v-2z\" fill=\"currentColor\"><\/path><\/svg><svg style=\"fill: #999;color:#999\" class=\"arrow-unsorted-368013\" xmlns=\"http:\/\/www.w3.org\/2000\/svg\" width=\"10px\" height=\"10px\" viewBox=\"0 0 24 24\" version=\"1.2\" baseProfile=\"tiny\"><path d=\"M18.2 9.3l-6.2-6.3-6.2 6.3c-.2.2-.3.4-.3.7s.1.5.3.7c.2.2.4.3.7.3h11c.3 0 .5-.1.7-.3.2-.2.3-.5.3-.7s-.1-.5-.3-.7zM5.8 14.7l6.2 6.3 6.2-6.3c.2-.2.3-.5.3-.7s-.1-.5-.3-.7c-.2-.2-.4-.3-.7-.3h-11c-.3 0-.5.1-.7.3-.2.2-.3.5-.3.7s.1.5.3.7z\"\/><\/svg><\/span><\/span><\/span><\/a><\/span><\/div>\n<nav><ul class='ez-toc-list ez-toc-list-level-1 ' ><li class='ez-toc-page-1 ez-toc-heading-level-2'><a class=\"ez-toc-link ez-toc-heading-1\" href=\"https:\/\/www.editorasolucao.com.br\/blog\/concurso\/prefeitura-de-imbe-de-minas-mg\/#Inscricoes_do_Concurso_de_Imbe_de_Minas_%E2%80%93_MG\" title=\"Inscri\u00e7\u00f5es do Concurso de Imb\u00e9 de Minas \u2013 MG\">Inscri\u00e7\u00f5es do Concurso de Imb\u00e9 de Minas \u2013 MG<\/a><\/li><li class='ez-toc-page-1 ez-toc-heading-level-2'><a class=\"ez-toc-link ez-toc-heading-2\" href=\"https:\/\/www.editorasolucao.com.br\/blog\/concurso\/prefeitura-de-imbe-de-minas-mg\/#Cargos_vagas_e_salarios_do_Concurso_Prefeitura_de_Imbe_de_Minas_%E2%80%93_MG\" title=\"Cargos, vagas e sal\u00e1rios do Concurso Prefeitura de Imb\u00e9 de Minas \u2013 MG\">Cargos, vagas e sal\u00e1rios do Concurso Prefeitura de Imb\u00e9 de Minas \u2013 MG<\/a><\/li><li class='ez-toc-page-1 ez-toc-heading-level-2'><a class=\"ez-toc-link ez-toc-heading-3\" href=\"https:\/\/www.editorasolucao.com.br\/blog\/concurso\/prefeitura-de-imbe-de-minas-mg\/#Quais_sao_os_requisitos_basicos_para_a_investidura_nos_cargos_do_Concurso_de_Imbe_de_Minas_%E2%80%93_MG\" title=\"Quais s\u00e3o os requisitos b\u00e1sicos para a investidura nos cargos do Concurso de Imb\u00e9 de Minas \u2013 MG?\">Quais s\u00e3o os requisitos b\u00e1sicos para a investidura nos cargos do Concurso de Imb\u00e9 de Minas \u2013 MG?<\/a><\/li><li class='ez-toc-page-1 ez-toc-heading-level-2'><a class=\"ez-toc-link ez-toc-heading-4\" href=\"https:\/\/www.editorasolucao.com.br\/blog\/concurso\/prefeitura-de-imbe-de-minas-mg\/#Como_serao_as_provas_do_Concurso_Prefeitura_de_Imbe_de_Minas_%E2%80%93_MG\" title=\"Como ser\u00e3o as provas do Concurso Prefeitura de Imb\u00e9 de Minas \u2013 MG?\">Como ser\u00e3o as provas do Concurso Prefeitura de Imb\u00e9 de Minas \u2013 MG?<\/a><\/li><\/ul><\/nav><\/div>\n<h2 class=\"wp-block-heading\"><span class=\"ez-toc-section\" id=\"Inscricoes_do_Concurso_de_Imbe_de_Minas_%E2%80%93_MG\"><\/span>Inscri\u00e7\u00f5es do Concurso de Imb\u00e9 de Minas \u2013 MG<span class=\"ez-toc-section-end\"><\/span><\/h2>\n\n\n\n<p>As inscri\u00e7\u00f5es dever\u00e3o ser realizadas atrav\u00e9s do site da banca organizadora <a rel=\"noreferrer noopener\" aria-label=\"JMS Tecnologia e Servi\u00e7os (abre em uma nova aba)\" href=\"http:\/\/www.jmsbhz.com.br\/concurso\/\" target=\"_blank\">JMS Tecnologia e Servi\u00e7os<\/a>, a partir do dia <strong>10 de agosto de 2020 at\u00e9 o dia 09 de setembro de 2020<\/strong>. Para efetuar a inscri\u00e7\u00e3o \u00e9 necess\u00e1rio pagar uma taxa com valores referentes ao n\u00edvel do cargo desejado.<\/p>\n\n\n\n<ul><li><strong>N\u00edveis Fundamental, M\u00e9dio e T\u00e9cnico:<\/strong> R$ 50,00<\/li><li> <strong>N\u00edvel Superior:<\/strong> R$ 50,00<\/li><\/ul>\n\n\n\n<p><\/p>\n\n\n\n<p>De acordo com a Lei Municipal n\u00ba 547\/2017, o candidato que se mostrar em condi\u00e7\u00e3o de hipossufici\u00eancia, poder\u00e1 requerer <strong>isen\u00e7\u00e3o do pagamento da Taxa de Inscri\u00e7\u00e3o<\/strong>, desde que seja capaz de comprovar, atrav\u00e9s de inscri\u00e7\u00e3o em um dos programas sociais mantidos pelo governo federal (Cad\u00fanico \u2013 Cadastro \u00danico) que sua situa\u00e7\u00e3o econ\u00f4mica n\u00e3o lhe permita pagar a referida taxa sem preju\u00edzo do sustento pr\u00f3prio ou de sua fam\u00edlia, declarando que n\u00e3o se encontra em gozo de nenhum benef\u00edcio previdenci\u00e1rio de presta\u00e7\u00e3o continuada, exceto a proveniente de seguro-desemprego.<\/p>\n\n\n\n<p>A solicita\u00e7\u00e3o dever\u00e1 ser feita entre os dias <strong>10 e 11 de agosto de 2020<\/strong>.<\/p>\n\n\n\n<h2 class=\"wp-block-heading\"><span class=\"ez-toc-section\" id=\"Cargos_vagas_e_salarios_do_Concurso_Prefeitura_de_Imbe_de_Minas_%E2%80%93_MG\"><\/span>Cargos, vagas e sal\u00e1rios do Concurso Prefeitura de Imb\u00e9 de Minas \u2013 MG<span class=\"ez-toc-section-end\"><\/span><\/h2>\n\n\n\n<p>S\u00e3o ofertadas <strong>115 vagas para candidatos de n\u00edveis <a data-cat=\"link-cargo\" rel=\"noreferrer noopener\" aria-label=\"Fundamental  (abre em uma nova aba)\" href=\"https:\/\/www.editorasolucao.com.br\/apostila-solucao\/prefeitura-imbe-minas-mg-cargos-nivel-fundamental\" target=\"_blank\">Fundamental <\/a>(completo e <a data-cat=\"link-cargo\" rel=\"noreferrer noopener\" aria-label=\"incompleto (abre em uma nova aba)\" href=\"https:\/\/www.editorasolucao.com.br\/apostila-solucao\/prefeitura-imbe-minas-mg-cargos-nivel-alfabetizado\" target=\"_blank\">incompleto<\/a>), <a data-cat=\"link-cargo\" href=\"https:\/\/www.editorasolucao.com.br\/apostila-solucao\/prefeitura-imbe-minas-mg-cargos-nivel-medio\" target=\"_blank\" rel=\"noreferrer noopener\" aria-label=\"M\u00e9dio (abre em uma nova aba)\">M\u00e9dio<\/a>, T\u00e9cnico e Superior<\/strong>, com sal\u00e1rios que v\u00e3o de <strong>R$ 1.045,00 a R$ 7.000,00<\/strong> e jornadas de trabalho que variam de 10 a 40 horas semanais, dependendo do cargo. Abaixo est\u00e3o a quantidade de oportunidades correspondentes a cada fun\u00e7\u00e3o. <\/p>\n\n\n\n<p>Agente Administrativo (1); Agente Administrativo do CRAS (1); Advogado (2); Agente Social (1); Arquiteto (1); Assistente Administrativo (1); Auxiliar de Administra\u00e7\u00e3o (1); Auxiliar de Arquivo (1); Auxiliar de Limpeza P\u00fablica (1) Auxiliar de Sa\u00fade (1); Auxiliar de Servi\u00e7os Gerais (4); Auxiliar Bibliotec\u00e1ria (1); Bi\u00f3logo (1); Contador (1); Copeira (1); Coveiro (2); Coordenador de CRAS (1); Cirurgi\u00e3o Dentista (2); Enfermeiro (2); Especialista da Educa\u00e7\u00e3o (4); Engenheiro Ambiental (1); Engenheiro Civil (2); Farmac\u00eautico (1); Fiscal de Postura (1); Fiscal Sanit\u00e1rio (1); Fisioterapeuta (2); Identificador(a) Civil (2); Jardineiro (1); Motorista I (2); Motorista II (1); Motorista III (5); Monitor de Transporte Escolar (5); Mec\u00e2nico (1); Medico Cl\u00ednico Geral (1); M\u00e9dico PSF (2); M\u00e9dico Pediatra (1); M\u00e9dico Cardiologista (1); M\u00e9dico Psiquiatra (1); M\u00e9dico Ginecologista (1); M\u00e9dico Veterin\u00e1rio (1); Nutricionista (1); Operador de M\u00e1quinas (1); Orientador Social (1); Pedreiro (1); Pintor (1); Professor de Educa\u00e7\u00e3o B\u00e1sica Especializada (2); Professor de Educa\u00e7\u00e3o B\u00e1sica I (2); Professor de Educa\u00e7\u00e3o B\u00e1sica II (10); Professor de Educa\u00e7\u00e3o Infantil (5); Professor de Educa\u00e7\u00e3o F\u00edsica (4); Professor de Ensino Religioso (1); Psic\u00f3logo (1); Psicopedagogo (1); Recepcionista (1); Secret\u00e1rio(a) Escolar (2); Seguran\u00e7a de Patrim\u00f4nio e Eventos (1); Servente Escolar (3); Seguran\u00e7a do Trabalho (1); Servente de Pedreiro (1); T\u00e9cnico Agr\u00edcola (1); T\u00e9cnico de Enfermagem (2); T\u00e9cnico de Inform\u00e1tica (1); T\u00e9cnico de Refer\u00eancia de Gest\u00e3o (1); T\u00e9cnico de Refer\u00eancia SCFV (1); Telefonista (1); Tratorista (1) e Vigia (1).<\/p>\n\n\n\n<h2 class=\"wp-block-heading\"><span class=\"ez-toc-section\" id=\"Quais_sao_os_requisitos_basicos_para_a_investidura_nos_cargos_do_Concurso_de_Imbe_de_Minas_%E2%80%93_MG\"><\/span>Quais s\u00e3o os requisitos b\u00e1sicos para a investidura nos cargos do Concurso de Imb\u00e9 de Minas \u2013 MG?<span class=\"ez-toc-section-end\"><\/span><\/h2>\n\n\n\n<p>Saiba quais s\u00e3o as exig\u00eancias para que o candidato tome posse dos cargos ofertados:<\/p>\n\n\n\n<ul><li>ser brasileiro nato ou naturalizado que goze das prerrogativas constantes do art. 12 da Constitui\u00e7\u00e3o Federal; <\/li><li> gozar dos direitos pol\u00edticos; <\/li><li> estar quite com as obriga\u00e7\u00f5es eleitorais; <\/li><li> ter no m\u00ednimo 18 (dezoito) anos completos na data da posse; <\/li><li> estar quite com as obriga\u00e7\u00f5es do Servi\u00e7o Militar, para os candidatos do sexo masculino; <\/li><li> possuir os requisitos exigidos para o exerc\u00edcio do cargo, conforme descrito no ANEXO I. <\/li><li> ter aptid\u00e3o f\u00edsica e mental para o exerc\u00edcio das atribui\u00e7\u00f5es do cargo, a ser comprovada por inspe\u00e7\u00e3o m\u00e9dica, realizada pelo servi\u00e7o m\u00e9dico indicado pela Prefeitura Municipal de Imb\u00e9 de Minas; <\/li><li> apresentar os documentos necess\u00e1rios \u00e0 \u00e9poca da posse, conforme disposto no item XIX, subitem 17, al\u00edneas \u201ca\u201d a \u201cr\u201d do Edital. <\/li><li> aus\u00eancia de demiss\u00e3o ou rescis\u00e3o contratual com a Administra\u00e7\u00e3o P\u00fablica Municipal, em decorr\u00eancia de infring\u00eancia de dever funcional nos \u00faltimos cinco anos.<\/li><\/ul>\n\n\n\n<p><\/p>\n\n\n\n<p style=\"text-align:center\"><strong><a data-cat=\"link-artigo-corpo\" href=\"https:\/\/www.editorasolucao.com.br\/concurso\/prefeitura-de-imbe-de-minas-mg\" target=\"_blank\" rel=\"noreferrer noopener\" aria-label=\"Estude com as Apostilas Prefeitura de Imb\u00e9 de Minas - MG e parcele SEM JUROS (abre em uma nova aba)\">Estude com as Apostilas Prefeitura de Imb\u00e9 de Minas &#8211; MG e parcele SEM JUROS<\/a><\/strong><\/p>\n\n\n\n<h2 class=\"wp-block-heading\"><span class=\"ez-toc-section\" id=\"Como_serao_as_provas_do_Concurso_Prefeitura_de_Imbe_de_Minas_%E2%80%93_MG\"><\/span>Como ser\u00e3o as provas do Concurso Prefeitura de Imb\u00e9 de Minas \u2013 MG?<span class=\"ez-toc-section-end\"><\/span><\/h2>\n\n\n\n<p>O certame ser\u00e1 composto pelas seguintes etapas. S\u00e3o elas:<\/p>\n\n\n\n<ul><li><strong>Prova Objetiva<\/strong>, de car\u00e1ter eliminat\u00f3rio e classificat\u00f3rio (para todos os cargos);<\/li><li> <strong>Prova Pr\u00e1tica<\/strong>, de car\u00e1ter eliminat\u00f3rio (para os cargos de Motoristas \u2013 todos e Tratorista aprovados na prova objetiva e classificados em at\u00e9 tr\u00eas vezes o n\u00famero de vagas ofertadas); e<\/li><li> <strong>Prova de T\u00edtulos<\/strong>, de car\u00e1ter classificat\u00f3rio (para os cargos de n\u00edvel Superior).<\/li><\/ul>\n\n\n\n<h4 class=\"wp-block-heading\">Prova Objetiva<\/h4>\n\n\n\n<p>A <strong>Prova Objetiva<\/strong> est\u00e1 prevista para ser realizada no dia <strong>11 de outubro de 2020<\/strong>, tendo dura\u00e7\u00e3o m\u00e1xima de at\u00e9 03 horas e contar\u00e1 com 20 quest\u00f5es de m\u00faltipla escolha para os cargos de n\u00edvel Alfabetizado e 40 quest\u00f5es para os demais. As disciplinas que versar\u00e3o as provas variam conforme o cargo, s\u00e3o elas:  L\u00edngua Portuguesa, Matem\u00e1tica, Conhecimentos Gerais e\/ou Conhecimentos Espec\u00edficos.<\/p>\n\n\n\n<p>Os candidatos que acertarem, pelo menos, 50% de toda a prova estar\u00e3o aprovados no concurso p\u00fablico.<\/p>\n\n\n\n<h4 class=\"wp-block-heading\">Prova Pr\u00e1tica<\/h4>\n\n\n\n<p>A <strong>Prova Pr\u00e1tica<\/strong> ser\u00e1 realizada apenas aos cargos de <strong>Motorista (todos) e Tratorista<\/strong>, desde que aprovados na prova objetiva e classificados em at\u00e9 tr\u00eas vezes o n\u00famero de vagas ofertadas.<\/p>\n\n\n\n<p>Para realizar essa etapa o candidato dever\u00e1 apresentar Carteira Nacional de Habilita\u00e7\u00e3o (CNH) na categoria exigida.<\/p>\n\n\n\n<h4 class=\"wp-block-heading\">Prova de T\u00edtulos<\/h4>\n\n\n\n<p>A <strong>Prova de T\u00edtulos<\/strong> ser\u00e1 de car\u00e1ter classificat\u00f3rio pela Forma\u00e7\u00e3o Acad\u00eamica do candidato e ser\u00e1 aplicada para todos os cargos que exijam N\u00edvel Superior a qual obedecer\u00e1 aos crit\u00e9rios discriminados a seguir:<\/p>\n\n\n\n<div class=\"wp-block-image\"><figure class=\"aligncenter\"><img loading=\"lazy\" decoding=\"async\" width=\"598\" height=\"430\" src=\"https:\/\/www.editorasolucao.com.br\/blog\/wp-content\/uploads\/2020\/06\/imb\u00e9-de-minas.png\" alt=\"\" class=\"wp-image-11236\"\/><\/figure><\/div>\n\n\n\n<p><\/p>\n\n\n\n<p style=\"text-align:center\"><strong>Conte\u00fado Program\u00e1tico <\/strong><\/p>\n\n\n\n<p><strong>N\u00edvel Alfabetizado<\/strong><\/p>\n\n\n\n<ul><li>Ortografia, interpreta\u00e7\u00e3o e associa\u00e7\u00e3o de palavras; 2\u2192Divis\u00e3o sil\u00e1bica; 3\u2192Associa\u00e7\u00e3o de id\u00e9ias a partir de imagens propostas, identifica\u00e7\u00e3o de figuras (teste de intelig\u00eancia n\u00e3o verbal), para medir a habilidade do candidato em entender as rela\u00e7\u00f5es entre as pessoas, lugares, coisas, objetos, etc., e deduzir novas informa\u00e7\u00f5es das rela\u00e7\u00f5es fornecidas, atrav\u00e9s de racioc\u00ednio b\u00e1sico. 4\u2192O teste serve tamb\u00e9m para verificar a capacidade de utilizar-se de racioc\u00ednio anal\u00edtico e dedutivo, bem como na interpreta\u00e7\u00e3o de sequ\u00eancias num\u00e9ricas, com opera\u00e7\u00f5es simples de n\u00fameros conjugados com figuras e imagens.<\/li><\/ul>\n\n\n\n<p><strong>N\u00edvel Fundamental<\/strong><\/p>\n\n\n\n<ul><li>L\u00cdNGUA PORTUGUESA 1\u2192 Interpreta\u00e7\u00e3o de Texto; 2\u2192 Alfabeto; 3\u2192 S\u00edlaba: Separa\u00e7\u00e3o de S\u00edlabas; 4\u2192 Nova Ortografia; 5\u2192 Grafia correta das palavras; 6\u2192 S\u00edlabas T\u00f4nicas: Ox\u00edtonas, Parox\u00edtonas e Proparox\u00edtonas; 7\u2192 Substantivo: G\u00eanero Feminino, G\u00eanero Masculino, N\u00famero e Grau do Substantivo, Substantivo Pr\u00f3prio e Comum; Singular, Plural e Coletivo; 8\u2192 Adjetivo; 9\u2192 Artigo; 10\u2192 Pronome; 11\u2192 Adv\u00e9rbio; 12\u2192 Verbo, Tempos do Verbo; 13\u2192 Acentua\u00e7\u00e3o; 14\u2192 Sin\u00f4nimos e Ant\u00f4nimos; 15\u2192 Encontro Voc\u00e1lico e Encontro Consonantal; 16\u2192 D\u00edgrafo; 17\u2192Pontua\u00e7\u00e3o; 18\u2192 Frase: Tipos de Frase; Frase e ora\u00e7\u00e3o; Sujeito; Predicado.<\/li><li> MATEM\u00c1TICA 1\u2192Sistema de medida: Sistema m\u00e9trico decimal, unidade de comprimento, unidades usuais de tempo; 2\u2192 Raz\u00f5es; 3\u2192 Propor\u00e7\u00f5es; 4\u2192Grandezas direta e inversamente proporcionais; 5\u2192 Regra de tr\u00eas simples e composta; 6\u2192 Porcentagem; 7\u2192 Juros; 8\u2192 Conjuntos Num\u00e9ricos; 9\u2192MDC e MMC; 10\u2192Equa\u00e7\u00f5es e inequa\u00e7\u00f5es de 1\u00ba grau; 11\u2192 Sistema de equa\u00e7\u00f5es; 12\u2192 Produtos Not\u00e1veis; 13\u2192 Fatora\u00e7\u00e3o; 14\u2192Raz\u00f5es trigonom\u00e9tricas no tri\u00e2ngulo ret\u00e2ngulo.<\/li><\/ul>\n\n\n\n<p><strong>N\u00edveis M\u00e9dio\/T\u00e9cnico e Superior<\/strong><\/p>\n\n\n\n<ul><li>L\u00cdNGUA PORTUGUESA 1\u2192Compreens\u00e3o de texto liter\u00e1rio ou informativo: 1.1\u2192Procedimentos de Leitura: Localizar uma informa\u00e7\u00e3o apresentada pelo texto e identificar seu sentido global; Saber o sentido de uma palavra ou express\u00e3o, por meio da constru\u00e7\u00e3o de infer\u00eancias, al\u00e9m perceber a inten\u00e7\u00e3o de um autor e distinguir entre um fato e uma opini\u00e3o; 1.2\u2192Compreens\u00e3o do texto: implica\u00e7\u00f5es do suporte, do g\u00eanero e\/ou do enunciador. Interpretar textos que associam linguagem verbal e n\u00e3o verbal ou simplesmente textos n\u00e3o verbais. Reconhecer diversos g\u00eaneros textuais; 1.3\u2192Rela\u00e7\u00e3o entre textos: Reconhecer posi\u00e7\u00f5es distintas entre duas ou mais opini\u00f5es relativas ao mesmo fato ou ao mesmo tema; Reconhecer diferentes formas de abordar uma informa\u00e7\u00e3o ao comparar textos que tratam do mesmo tema; 1.4\u2192 Coer\u00eancia e coes\u00e3o no processamento do texto: Reconhecer rela\u00e7\u00f5es l\u00f3gico-discursivas presentes no texto, marcadas por conjun\u00e7\u00f5es, adv\u00e9rbios etc; Estabelecer rela\u00e7\u00f5es entre elementos e partes do texto considerando: causa\/consequ\u00eancia, mecanismos de concord\u00e2ncia verbal e nominal repeti\u00e7\u00f5es ou substitui\u00e7\u00f5es que contribuem para sua continuidade. Identificar a tese do texto e estabelecer suas rela\u00e7\u00f5es com os argumentos de sustenta\u00e7\u00e3o. Diferenciar as partes principais e secund\u00e1rias em um texto; 1.5\u2192Rela\u00e7\u00f5es entre recursos expressivos e efeitos de sentido: Identificar efeitos e ironia ou humor nos textos; Reconhecer efeito de sentido decorrente da escolha de palavras ou express\u00f5es, do uso de pontua\u00e7\u00e3o e outras nota\u00e7\u00f5es, de recursos ortogr\u00e1ficos e morfossint\u00e1ticos; 1.6\u2192Varia\u00e7\u00e3o lingu\u00edstica Identificar marcas lingu\u00edsticas que evidenciam o locutor e o interlocutor de um texto. 2\u2192 Conhecimentos Ling\u00fc\u00edsticos: 2.1\u2192Fon\u00e9tica: fonemas, encontros voc\u00e1licos e consonantais, d\u00edgrafos, s\u00edlabas, tonicidade; 2.2\u2192Morfologia: a estrutura da palavra, forma\u00e7\u00e3o de palavras, as classes de palavras; 2.3\u2192Ortografia: emprego das letras, acentua\u00e7\u00e3o gr\u00e1fica; 2.4\u2192Pontua\u00e7\u00e3o: emprego dos sinais de pontua\u00e7\u00e3o; 2.5\u2192Sintaxe: os termos da ora\u00e7\u00e3o, as ora\u00e7\u00f5es no per\u00edodo composto, concord\u00e2ncia verbal e nominal, reg\u00eancia verbal e nominal, ocorr\u00eancia ida crase, coloca\u00e7\u00e3o de palavras. Sem\u00e2ntica: sinon\u00edmia e anton\u00edmia, homografia, homofonia, paron\u00edmia, polissemia.<\/li><li> MATEM\u00c1TICA 1\u2192Teoria dos Conjuntos; 2\u2192Rela\u00e7\u00f5es e Fun\u00e7\u00f5es; 3\u2192Fun\u00e7\u00e3o polinominal do 1\u00ba e 2\u00ba grau; Fun\u00e7\u00e3o modular; Fun\u00e7\u00e3o exponencial; Fun\u00e7\u00e3o logar\u00edtima; 4\u2192Progress\u00f5es aritm\u00e9ticas e geom\u00e9tricas; 5\u2192Matrizes; 6\u2192Determinantes; 7\u2192Sistemas Lineares; 8\u2192An\u00e1lise combinat\u00f3ria e Bin\u00f4mio de Newton; 9\u2192Conjuntos de n\u00fameros complexos; 10\u2192Polin\u00f4mios; 11\u2192Trigonometria &#8211; Aplica\u00e7\u00e3o no triangulo ret\u00e2ngulo, Fun\u00e7\u00f5es circulares, Rela\u00e7\u00f5es e identidades trigonom\u00e9tricas, Transforma\u00e7\u00f5es trigonom\u00e9tricas; Equa\u00e7\u00f5es trigonom\u00e9tricas; Inequa\u00e7\u00e3o trigonom\u00e9tricas; Rela\u00e7\u00f5es de tri\u00e2ngulos quaisquer.<\/li><li> CONHECIMENTOS GERAIS \u2013 Todos os cargos 1\u2192Hist\u00f3ria, Geografia e Ci\u00eancias de 1\u00ba grau; 2\u2192Assuntos ligados \u00e0 atualidade nas \u00e1reas: Econ\u00f4mica, Cient\u00edfica, Tecnol\u00f3gica, Pol\u00edtica, Cultural, Sa\u00fade, Meio Ambiente, Esportiva, Art\u00edstica e Social do Brasil e do Mundo.<\/li><\/ul>\n\n\n\n<p><\/p>\n\n\n\n<p>Conferiu todo o texto? Deseja fazer o certame? Ent\u00e3o comece a se preparar com as <strong>Apostilas Solu\u00e7\u00e3o<\/strong> e tenha um resultado positivo! <strong>Bons estudos e boa prova!!!<\/strong><\/p>\n\n\n\n<p style=\"text-align:center\"><strong><a data-cat=\"link-rodape\" href=\"https:\/\/www.editorasolucao.com.br\/concurso\/prefeitura-de-imbe-de-minas-mg\" target=\"_blank\" rel=\"noreferrer noopener\">\ufeffEstude com as Apostilas Prefeitura de Imb\u00e9 de Minas &#8211; MG e parcele SEM JUROS<\/a><\/strong><\/p>\n","protected":false},"excerpt":{"rendered":"<p>Foi divulgado o Edital do Concurso Prefeitura de Imb\u00e9 de Minas, no estado de Minas Gerais, que oferece 115 vagas para candidatos de todos os n\u00edveis de escolaridade, com sal\u00e1rios que chegam a R$ 7 mil. Confira os detalhes ao decorrer do texto. Clique e Comece seus Estudos! Inscri\u00e7\u00f5es do Concurso de Imb\u00e9 de Minas \u2013 MG As inscri\u00e7\u00f5es dever\u00e3o ser realizadas atrav\u00e9s do site da banca organizadora JMS Tecnologia e Servi\u00e7os, a partir do dia 10 de agosto de 2020 at\u00e9 o dia 09 de setembro de 2020. Para efetuar a inscri\u00e7\u00e3o \u00e9 necess\u00e1rio pagar uma taxa com valores&#8230;<\/p>\n","protected":false},"author":7,"featured_media":11238,"template":"","meta":{"_acf_changed":false,"rank_math_lock_modified_date":false},"categories":[],"tags":[],"acf":[],"_links":{"self":[{"href":"https:\/\/www.editorasolucao.com.br\/blog\/wp-json\/wp\/v2\/concurso\/11235"}],"collection":[{"href":"https:\/\/www.editorasolucao.com.br\/blog\/wp-json\/wp\/v2\/concurso"}],"about":[{"href":"https:\/\/www.editorasolucao.com.br\/blog\/wp-json\/wp\/v2\/types\/concurso"}],"author":[{"embeddable":true,"href":"https:\/\/www.editorasolucao.com.br\/blog\/wp-json\/wp\/v2\/users\/7"}],"wp:featuredmedia":[{"embeddable":true,"href":"https:\/\/www.editorasolucao.com.br\/blog\/wp-json\/wp\/v2\/media\/11238"}],"wp:attachment":[{"href":"https:\/\/www.editorasolucao.com.br\/blog\/wp-json\/wp\/v2\/media?parent=11235"}],"wp:term":[{"taxonomy":"category","embeddable":true,"href":"https:\/\/www.editorasolucao.com.br\/blog\/wp-json\/wp\/v2\/categories?post=11235"},{"taxonomy":"post_tag","embeddable":true,"href":"https:\/\/www.editorasolucao.com.br\/blog\/wp-json\/wp\/v2\/tags?post=11235"}],"curies":[{"name":"wp","href":"https:\/\/api.w.org\/{rel}","templated":true}]}}