{"id":11379,"date":"2020-06-22T17:00:34","date_gmt":"2020-06-22T20:00:34","guid":{"rendered":"https:\/\/www.editorasolucao.com.br\/blog\/?post_type=concurso&#038;p=11379"},"modified":"2020-06-22T17:00:37","modified_gmt":"2020-06-22T20:00:37","slug":"agepen-ms","status":"publish","type":"concurso","link":"https:\/\/www.editorasolucao.com.br\/blog\/concurso\/agepen-ms","title":{"rendered":"Concurso Agepen-MS: Altera\u00e7\u00e3o na regra de idade para ingresso no cargo!"},"content":{"rendered":"\n<p><strong>Ol\u00e1 <a rel=\"noreferrer noopener\" aria-label=\"concurseiros (abre em uma nova aba)\" href=\"https:\/\/www.editorasolucao.com.br\" target=\"_blank\">concurseiros<\/a><\/strong> que se interessam em realizar o <strong>Concurso Agepen \u2013 MS<\/strong> (Ag\u00eancia Estadual de Administra\u00e7\u00e3o do Sistema Penitenci\u00e1rio do Estado de <a href=\"https:\/\/www.editorasolucao.com.br\/blog\/concursos-previstos-ms\" target=\"_blank\" rel=\"noreferrer noopener\" aria-label=\"Mato Grosso do Sul (abre em uma nova aba)\">Mato Grosso do Sul<\/a>). Foi publicado no dia <strong>09 de junho de 2020<\/strong>, a altera\u00e7\u00e3o na regra de idade para ingresso no cargo.<\/p>\n\n\n\n<head>\n<style>\nbutton.css3button {\nfont-family: Arial, Helvetica, sans-serif;\nfont-size: 20px;\ncolor: #ffffff!important;\npadding: 12px 25px;\nbackground: -webkit-gradient(\nlinear, left top, left bottom,\nfrom(#0091ff),\nto(#037efa));\nbackground: linear-gradient(\ntop,\n#0091ff 0%,\n#037efa);\nborder-radius: 8px;\nborder: 0px solid #000000;\nbox-shadow:\n0px 4px 0px rgba(0,111,214,1),\ninset 0px 0px 1px rgba(84,84,84,0.5);\ntext-shadow:\n0px 0px 0px rgba(000,000,000,0.7),\n0px 0px 0px rgba(255,255,255,0.9);\n}\n\n<\/style>\n<\/head>\n<center><button type=\"button\" name=\"\" value=\"\" class=\"css3button\"><a data-cat=\"link-botao\" style=\"color:#ffffff!important; text-decoration:none;\" href=\"https:\/\/www.editorasolucao.com.br\/apostila-solucao\/agepen-ms-agente-penitenciario-estadual-area-seguranca-custodia-prep\" target=\"_blank\"><strong><span style=\"color:#ffffff;\">Clique e Comece seus Estudos!<\/span><\/a><\/strong><\/button><\/center><br\/>\n\n\n\n<p>A Lei n\u00ba 5.525, de 08 de junho de 2020 altera a reda\u00e7\u00e3o do \u00a7 2\u00ba do art. 11 da Lei n\u00ba 4.490, de 3 abril de 2014, que disp\u00f5e sobre a reorganiza\u00e7\u00e3o da carreira Seguran\u00e7a Penitenci\u00e1ria, composta por cargos efetivos do Grupo Seguran\u00e7a do Plano de Cargos, Empregos e Carreira do Poder Executivo; reestrutura o Quadro de Pessoal da Ag\u00eancia Estadual de Administra\u00e7\u00e3o do Sistema Penitenci\u00e1rio do Estado de Mato Grosso do Sul (AGEPEN-MS). <\/p>\n\n\n\n<p>A nova publica\u00e7\u00e3o modifica o \u00a7 2\u00ba do artigo 11 da Lei n\u00ba 4.490 e estabelece que a comprova\u00e7\u00e3o da idade para investidura nos cargos efetivos seja realizada j\u00e1 no ato da inscri\u00e7\u00e3o do concurso p\u00fablico, para evitar que o candidato seja eliminado por esse crit\u00e9rio nas etapas finais da sele\u00e7\u00e3o. De acordo com a Lei, a idade m\u00ednima \u00e9 de 21 e a m\u00e1xima de 40 anos.<\/p>\n\n\n\n<div id=\"ez-toc-container\" class=\"ez-toc-v2_0_69_1 counter-hierarchy ez-toc-counter ez-toc-grey ez-toc-container-direction\">\n<div class=\"ez-toc-title-container\">\n<p class=\"ez-toc-title \" >Menu de navega&ccedil;&atilde;o<\/p>\n<span class=\"ez-toc-title-toggle\"><a href=\"#\" class=\"ez-toc-pull-right ez-toc-btn ez-toc-btn-xs ez-toc-btn-default ez-toc-toggle\" aria-label=\"Toggle Table of Content\"><span class=\"ez-toc-js-icon-con\"><span class=\"\"><span class=\"eztoc-hide\" style=\"display:none;\">Toggle<\/span><span class=\"ez-toc-icon-toggle-span\"><svg style=\"fill: #999;color:#999\" xmlns=\"http:\/\/www.w3.org\/2000\/svg\" class=\"list-377408\" width=\"20px\" height=\"20px\" viewBox=\"0 0 24 24\" fill=\"none\"><path d=\"M6 6H4v2h2V6zm14 0H8v2h12V6zM4 11h2v2H4v-2zm16 0H8v2h12v-2zM4 16h2v2H4v-2zm16 0H8v2h12v-2z\" fill=\"currentColor\"><\/path><\/svg><svg style=\"fill: #999;color:#999\" class=\"arrow-unsorted-368013\" xmlns=\"http:\/\/www.w3.org\/2000\/svg\" width=\"10px\" height=\"10px\" viewBox=\"0 0 24 24\" version=\"1.2\" baseProfile=\"tiny\"><path d=\"M18.2 9.3l-6.2-6.3-6.2 6.3c-.2.2-.3.4-.3.7s.1.5.3.7c.2.2.4.3.7.3h11c.3 0 .5-.1.7-.3.2-.2.3-.5.3-.7s-.1-.5-.3-.7zM5.8 14.7l6.2 6.3 6.2-6.3c.2-.2.3-.5.3-.7s-.1-.5-.3-.7c-.2-.2-.4-.3-.7-.3h-11c-.3 0-.5.1-.7.3-.2.2-.3.5-.3.7s.1.5.3.7z\"\/><\/svg><\/span><\/span><\/span><\/a><\/span><\/div>\n<nav><ul class='ez-toc-list ez-toc-list-level-1 ' ><li class='ez-toc-page-1 ez-toc-heading-level-2'><a class=\"ez-toc-link ez-toc-heading-1\" href=\"https:\/\/www.editorasolucao.com.br\/blog\/concurso\/agepen-ms\/#Remuneracoes_Agepen_%E2%80%93_MS\" title=\"Remunera\u00e7\u00f5es Agepen \u2013 MS\">Remunera\u00e7\u00f5es Agepen \u2013 MS<\/a><\/li><li class='ez-toc-page-1 ez-toc-heading-level-2'><a class=\"ez-toc-link ez-toc-heading-2\" href=\"https:\/\/www.editorasolucao.com.br\/blog\/concurso\/agepen-ms\/#Quais_sao_os_requisitos_basicos_para_a_investidura_nos_cargos_do_Concurso_Agepen_%E2%80%93_MS\" title=\"Quais s\u00e3o os requisitos b\u00e1sicos para a investidura nos cargos do Concurso Agepen \u2013 MS?\">Quais s\u00e3o os requisitos b\u00e1sicos para a investidura nos cargos do Concurso Agepen \u2013 MS?<\/a><\/li><li class='ez-toc-page-1 ez-toc-heading-level-2'><a class=\"ez-toc-link ez-toc-heading-3\" href=\"https:\/\/www.editorasolucao.com.br\/blog\/concurso\/agepen-ms\/#Ultimo_Concurso_Agepen_%E2%80%93_MS\" title=\"\u00daltimo Concurso Agepen \u2013 MS\">\u00daltimo Concurso Agepen \u2013 MS<\/a><\/li><li class='ez-toc-page-1 ez-toc-heading-level-2'><a class=\"ez-toc-link ez-toc-heading-4\" href=\"https:\/\/www.editorasolucao.com.br\/blog\/concurso\/agepen-ms\/#Provas_ultimo_Concurso_Agepen-MS_2014\" title=\"Provas \u00faltimo Concurso Agepen-MS 2014\">Provas \u00faltimo Concurso Agepen-MS 2014<\/a><\/li><\/ul><\/nav><\/div>\n<h2 class=\"wp-block-heading\"><span class=\"ez-toc-section\" id=\"Remuneracoes_Agepen_%E2%80%93_MS\"><\/span>Remunera\u00e7\u00f5es Agepen \u2013 MS<span class=\"ez-toc-section-end\"><\/span><\/h2>\n\n\n\n<p>Ao ingressar na carreira de <strong>Agente Penitenci\u00e1rio<\/strong>, o profissional contar\u00e1 com sal\u00e1rio de <strong>R$ 2.940,00<\/strong>, podendo chegar a <strong>R$ 6.997,20<\/strong>. Confira a tabela das classes da carreira. <\/p>\n\n\n\n<div class=\"wp-block-image\"><figure class=\"aligncenter\"><img loading=\"lazy\" decoding=\"async\" width=\"858\" height=\"196\" src=\"https:\/\/www.editorasolucao.com.br\/blog\/wp-content\/uploads\/2020\/06\/agepenms.png\" alt=\"\" class=\"wp-image-11382\" srcset=\"https:\/\/www.editorasolucao.com.br\/blog\/wp-content\/uploads\/2020\/06\/agepenms.png 858w, https:\/\/www.editorasolucao.com.br\/blog\/wp-content\/uploads\/2020\/06\/agepenms-768x175.png 768w\" sizes=\"(max-width: 858px) 100vw, 858px\" \/><\/figure><\/div>\n\n\n\n<h3 class=\"wp-block-heading\">As atribui\u00e7\u00f5es do cargo de Agente Penitenci\u00e1rio, distribu\u00eddas pelas seguintes \u00e1reas:<\/h3>\n\n\n\n<p><strong>Seguran\u00e7a e Cust\u00f3dia<\/strong><\/p>\n\n\n\n<ul><li>o planejamento, a supervis\u00e3o e a execu\u00e7\u00e3o da vigil\u00e2ncia, da disciplina e do controle social dos presos;<\/li><li> o desenvolvimento, a coordena\u00e7\u00e3o e o acompanhamento de programas que operacionalizam trabalhos produtivos na pris\u00e3o e em estabelecimentos p\u00fablicos ou privados, e incentivam mudan\u00e7as comportamentais para a efetiva e adequada integra\u00e7\u00e3o do indiv\u00edduo preso \u00e0 sociedade.<\/li><\/ul>\n\n\n\n<p><strong>Assist\u00eancia e Per\u00edcia<\/strong><\/p>\n\n\n\n<ul><li>o planejamento, a supervis\u00e3o e a execu\u00e7\u00e3o de per\u00edcia;<\/li><li> a reabilita\u00e7\u00e3o, a valoriza\u00e7\u00e3o humana no ambiente prisional e a compreens\u00e3o do homem criminoso como pessoa, para torn\u00e1-lo apto a descobrir e a preservar o que lhe resta de positivo, em face dos infort\u00fanios da pris\u00e3o;<\/li><li> o est\u00edmulo a mudan\u00e7as comportamentais do preso, para sua efetiva e adequada integra\u00e7\u00e3o \u00e0 sociedade, e \u00e0 identifica\u00e7\u00e3o de suas potencialidades naturais, visando ao seu reingresso social e familiar.<\/li><\/ul>\n\n\n\n<p><strong>Administra\u00e7\u00e3o e Finan\u00e7as<\/strong><\/p>\n\n\n\n<ul><li>o planejamento, a coordena\u00e7\u00e3o e a administra\u00e7\u00e3o de materiais, patrim\u00f4nio, or\u00e7amento e finan\u00e7as;<\/li><li> a administra\u00e7\u00e3o, a forma\u00e7\u00e3o e a capacita\u00e7\u00e3o de recursos humanos, destinados \u00e0 efetiva e adequada integra\u00e7\u00e3o do indiv\u00edduo preso \u00e0 sociedade.<\/li><\/ul>\n\n\n\n<h2 class=\"wp-block-heading\"><span class=\"ez-toc-section\" id=\"Quais_sao_os_requisitos_basicos_para_a_investidura_nos_cargos_do_Concurso_Agepen_%E2%80%93_MS\"><\/span>Quais s\u00e3o os requisitos b\u00e1sicos para a investidura nos cargos do Concurso Agepen \u2013 MS?<span class=\"ez-toc-section-end\"><\/span><\/h2>\n\n\n\n<p>Saiba quais s\u00e3o as exig\u00eancias para que o candidato tome posse dos cargos ofertados:<\/p>\n\n\n\n<ul><li>a nacionalidade brasileira;<\/li><li> a quita\u00e7\u00e3o com as obriga\u00e7\u00f5es militares e eleitorais;<\/li><li> possuir escolaridade de Ensino Superior e a habilita\u00e7\u00e3o exigida para o exerc\u00edcio do cargo;<\/li><li> a idade m\u00ednima de 21 anos;<\/li><li> a idade m\u00e1xima de 40 anos;<\/li><li> a altura min\u00edma de 1,60 m para ambos os sexos;<\/li><li> boa sa\u00fade e aptid\u00e3o f\u00edsica e mental para o exerc\u00edcio das atribui\u00e7\u00f5es do cargo;<\/li><li> conduta moral ilibada; e<\/li><li> carteira nacional de habilita\u00e7\u00e3o (CNH), categoria B, no m\u00ednimo.<\/li><\/ul>\n\n\n\n<p><\/p>\n\n\n\n<p style=\"text-align:center\"><strong><a data-cat=\"link-artigo-corpo\" href=\"https:\/\/www.editorasolucao.com.br\/apostila-solucao\/agepen-ms-agente-penitenciario-estadual-area-seguranca-custodia-prep\" target=\"_blank\" rel=\"noreferrer noopener\" aria-label=\"Estude com a Apostila Agepen - MS e parcele SEM JUROS (abre em uma nova aba)\">Estude com a Apostila Agepen &#8211; MS e parcele SEM JUROS<\/a><\/strong><\/p>\n\n\n\n<h2 class=\"wp-block-heading\"><span class=\"ez-toc-section\" id=\"Ultimo_Concurso_Agepen_%E2%80%93_MS\"><\/span>\u00daltimo Concurso Agepen \u2013 MS<span class=\"ez-toc-section-end\"><\/span><\/h2>\n\n\n\n<p>O \u00faltimo certame da Ag\u00eancia ocorreu no ano de <strong>2014<\/strong>. Na \u00e9poca foram ofertadas <strong>438 vagas<\/strong>, distribu\u00eddas da seguinte forma: <\/p>\n\n\n\n<ul><li>Agente Penitenci\u00e1rio Estadual \u2013 \u00e1rea de Seguran\u00e7a e Cust\u00f3dia Vagas: 307<\/li><li> Agente Penitenci\u00e1rio \u2013 \u00e1rea de Administra\u00e7\u00e3o e Finan\u00e7as     Vagas: 87<\/li><li> Agente Penitenci\u00e1rio \u2013 \u00e1rea de Assist\u00eancia e Per\u00edcia             Vagas: 44<\/li><\/ul>\n\n\n\n<h2 class=\"wp-block-heading\"><span class=\"ez-toc-section\" id=\"Provas_ultimo_Concurso_Agepen-MS_2014\"><\/span>Provas \u00faltimo Concurso Agepen-MS 2014 <span class=\"ez-toc-section-end\"><\/span><\/h2>\n\n\n\n<p>O certame foi composto das seguintes etapas: <\/p>\n\n\n\n<ul><li><strong>Fase I \u2013 Prova Escrita Objetiva<\/strong>, de car\u00e1ter eliminat\u00f3rio e classificat\u00f3rio;<\/li><li> <strong>Fase II \u2013 Avalia\u00e7\u00e3o Psicol\u00f3gica (Exame Psicot\u00e9cnico)<\/strong>, de car\u00e1ter eliminat\u00f3rio;<\/li><li><strong> Fase III- Exame de Sa\u00fade, Antropom\u00e9trico e Cl\u00ednico<\/strong>, de car\u00e1ter eliminat\u00f3rio;<\/li><li> <strong>Fase IV \u2013 Exame de Aptid\u00e3o F\u00edsica<\/strong>, de car\u00e1ter eliminat\u00f3rio;<\/li><li> <strong>Fase V \u2013 Prova de T\u00edtulos<\/strong>, de car\u00e1ter classificat\u00f3rio;<\/li><li> <strong>Fase IV \u2013 Curso de Forma\u00e7\u00e3o<\/strong>, de car\u00e1ter eliminat\u00f3rio e classificat\u00f3rio.<\/li><\/ul>\n\n\n\n<p><\/p>\n\n\n\n<p>A <strong>Prova Objetiva<\/strong> foi realizada nas cidades de Campo Grande, Corumb\u00e1, Coxim, Dourados, Jardim, Navira\u00ed, Parana\u00edba e Ponta Por\u00e3 e teve dura\u00e7\u00e3o de 4 horas. Os exames contaram com <strong>80 quest\u00f5es de m\u00faltipla escolha<\/strong>. As disciplinas que versaram as provas foram: <\/p>\n\n\n\n<p><strong>Agente Penitenci\u00e1rio \u2013 \u00e1reas de Administra\u00e7\u00e3o e Finan\u00e7as e Assist\u00eancia e Per\u00edcia<\/strong><\/p>\n\n\n\n<ul><li>L\u00edngua portuguesa \u2013 20 quest\u00f5es;<\/li><li> Conhecimentos de Legisla\u00e7\u00e3o \u2013 25 quest\u00f5es; e<\/li><li> Conhecimentos Espec\u00edficos \u2013 35 quest\u00f5es.<\/li><\/ul>\n\n\n\n<p><strong>Agente Penitenci\u00e1rio \u2013 \u00e1rea de Seguran\u00e7a e Cust\u00f3dia<\/strong><\/p>\n\n\n\n<ul><li>L\u00edngua portuguesa \u2013 20 quest\u00f5es;<\/li><li> Conhecimentos de Legisla\u00e7\u00e3o \u2013 30 quest\u00f5es; e<\/li><li> Atualidade Brasileira \u2013 30 quest\u00f5es.<\/li><\/ul>\n\n\n\n<h4 class=\"wp-block-heading\">Exame de Aptid\u00e3o F\u00edsica<\/h4>\n\n\n\n<p>Foram convocados para realizar o Exame de Aptid\u00e3o F\u00edsica os candidatos considerados aptos no Exame de Sa\u00fade, Antropom\u00e9trico e Cl\u00ednico.<\/p>\n\n\n\n<p>O Exame de Aptid\u00e3o F\u00edsica teve como objetivo avaliar a capacidade do candidato para suportar f\u00edsica e organicamente o treinamento f\u00edsico a que soi submetido durante o Curso de Capacita\u00e7\u00e3o.<\/p>\n\n\n\n<p>Esta etapa foi composta dos seguintes testes para o cargo de:<\/p>\n\n\n\n<p><strong>Agente Penitenci\u00e1rio Estadual \u2013 \u00e1rea: Seguran\u00e7a e Cust\u00f3dia<\/strong><\/p>\n\n\n\n<ul><li>flex\u00e3o em barra fixa, somente para os candidatos do sexo masculino;<\/li><li> sustenta\u00e7\u00e3o na barra, somente para os candidatos do sexo feminino;<\/li><li> abdominal tipo remador, para ambos os sexos; e<\/li><li> corrida de 12 minutos para ambos os sexos.<\/li><\/ul>\n\n\n\n<p><strong>Agente Penitenci\u00e1rio Estadual \u2013 \u00e1reas: Administra\u00e7\u00e3o e Finan\u00e7as e Assist\u00eancia e Per\u00edcia<\/strong><\/p>\n\n\n\n<ul><li>corrida de 12 minutos para ambos os sexos.<\/li><\/ul>\n\n\n\n<h4 class=\"wp-block-heading\">Prova de T\u00edtulos<\/h4>\n\n\n\n<p>Os candidatos que foram aprovados no Exame de Aptid\u00e3o F\u00edsica tiveram de entregar pessoalmente ou postar, via Sedex, c\u00f3pia dos t\u00edtulos devidamente autenticados e o formul\u00e1rio da rela\u00e7\u00e3o dos t\u00edtulos.<\/p>\n\n\n\n<p>Os t\u00edtulos foram os seguintes:<\/p>\n\n\n\n<div class=\"wp-block-image\"><figure class=\"aligncenter\"><img loading=\"lazy\" decoding=\"async\" width=\"530\" height=\"295\" src=\"https:\/\/www.editorasolucao.com.br\/blog\/wp-content\/uploads\/2020\/06\/agepenms1.png\" alt=\"\" class=\"wp-image-11380\"\/><\/figure><\/div>\n\n\n\n<div class=\"wp-block-image\"><figure class=\"aligncenter\"><img loading=\"lazy\" decoding=\"async\" width=\"530\" height=\"172\" src=\"https:\/\/www.editorasolucao.com.br\/blog\/wp-content\/uploads\/2020\/06\/agepenms2.png\" alt=\"\" class=\"wp-image-11381\"\/><\/figure><\/div>\n\n\n\n<h4 class=\"wp-block-heading\">Curso de Forma\u00e7\u00e3o<\/h4>\n\n\n\n<p>O Curso de Forma\u00e7\u00e3o tem por finalidade propiciar ao candidato os conhecimentos necess\u00e1rios \u00e0 execu\u00e7\u00e3o das atividades institucionais de seguran\u00e7a penitenci\u00e1ria, \u00e0 preserva\u00e7\u00e3o da ordem no \u00e2mbito da Agepen, nos estabelecimentos penais.<\/p>\n\n\n\n<p><\/p>\n\n\n\n<p style=\"text-align:center\"><strong>Conte\u00fado Program\u00e1tico <\/strong><\/p>\n\n\n\n<ul><li>L\u00cdNGUA PORTUGUESA: Fonologia: sons e letras; ortoepia e pros\u00f3dia; divis\u00e3o sil\u00e1bica; acentua\u00e7\u00e3o gr\u00e1fica, ortografia. Reforma ortogr\u00e1fica de 2009. Morfologia: estrutura das palavras; forma\u00e7\u00e3o de palavras; classes de palavras: forma e fun\u00e7\u00e3o. Sintaxe: (a) anal\u00edtica: per\u00edodo simples; per\u00edodo composto; (b) das rela\u00e7\u00f5es: concord\u00e2ncia, reg\u00eancia e coloca\u00e7\u00e3o. Crase. Pontua\u00e7\u00e3o. Sem\u00e2ntica: denota\u00e7\u00e3o, conota\u00e7\u00e3o; sinon\u00edmia e anton\u00edmia; campo sem\u00e2ntico, hipon\u00edmia, hiperon\u00edmia, polissemia; ambiguidade. Estil\u00edstica: linguagem figurada; figuras de linguagem. Textualidade: coes\u00e3o, coer\u00eancia. Varia\u00e7\u00e3o lingu\u00edstica. Compreens\u00e3o e interpreta\u00e7\u00e3o de textos. <\/li><li>CONHECIMENTO DE LEGISLA\u00c7\u00c3O: Direito Penal: Da Imputabilidade Penal. Dos Crimes Praticados por Funcion\u00e1rio P\u00fablico Contra a Administra\u00e7\u00e3o em Geral. Lei de Execu\u00e7\u00e3o Penal (Lei n. 7.210\/84, de 11 de julho de 1984): Do Objeto e Da Aplica\u00e7\u00e3o da Lei de Execu\u00e7\u00e3o Penal. Do Condenado e Do internado (Da Classifica\u00e7\u00e3o do Condenado. Da Assist\u00eancia. Do Trabalho. Dos Deveres, Dos Direitos do Condenado e Da Disciplina). Dos Estabelecimentos Penais (Da Penitenci\u00e1ria. Da Col\u00f4nia Agr\u00edcola, Industrial ou Similar. Da Casa do Albergado. Do Centro de Observa\u00e7\u00e3o. Da Cadeia P\u00fablica). Da Execu\u00e7\u00e3o das Penas em esp\u00e9cie (Das Penas Privativas de Liberdade. Das Penas Restritivas de direitos. Da Suspens\u00e3o Condicional. Da Remiss\u00e3o de Pena. Do Livramento Condicional. Do Indulto e Comuta\u00e7\u00e3o). Decreto n. 4.904, de 1\u00b0 de dezembro de 2.003. Direito Administrativo: Princ\u00edpios: da legalidade, da impessoalidade, da moralidade, da publicidade, da finalidade, da continuidade, da indisponibilidade, da autotutela,da supremacia do interesse p\u00fablico, da igualdade, da efici\u00eancia e da motiva\u00e7\u00e3o. Os poderes e deveres do administrador p\u00fablico: poder-dever de agir, dever de efici\u00eancia, dever de probidade e dever de prestar contas. Uso e abuso do poder: excesso de poder, desvio de finalidade, omiss\u00e3o da administra\u00e7\u00e3o. Servidores p\u00fablicos: conceito, caracter\u00edstica, esp\u00e9cies, compet\u00eancia organizacional, princ\u00edpios constitucionais aplic\u00e1veis aos servidores p\u00fablicos e agentes militares. Poder de pol\u00edcia: pol\u00edcia administrativa e judici\u00e1ria, meios de atua\u00e7\u00e3o, caracter\u00edsticas e limites. Atos administrativos: fatos e atos administrativos, requisitos, classifica\u00e7\u00e3o, discricionariedade e vincula\u00e7\u00e3o, atributos e elementos dos atos administrativos, controle jurisdicional e invalida\u00e7\u00e3o dos atos administrativos. Poderes administrativos: poder vinculado, poder discricion\u00e1rio, poder hier\u00e1rquico, poder disciplinar e podre regulamentar. Responsabilidade civil da administra\u00e7\u00e3o p\u00fablica no direito brasileiro. Lei n. 4.490, de 3 de abril de 2014. Lei n\u00ba 2.518, de 25 de setembro de 2002.<\/li><\/ul>\n\n\n\n<p><\/p>\n\n\n\n<p>Para mais informa\u00e7\u00f5es referentes ao <strong>Concurso Agepen-MS<\/strong>, fique atento as publica\u00e7\u00f5es do <strong>Blog Editora Solu\u00e7\u00e3o<\/strong>. <\/p>\n\n\n\n<p style=\"text-align:center\"><strong><a data-cat=\"link-rodape\" href=\"https:\/\/www.editorasolucao.com.br\/apostila-solucao\/agepen-ms-agente-penitenciario-estadual-area-seguranca-custodia-prep\" target=\"_blank\" rel=\"noreferrer noopener\">\ufeffEstude com a Apostila Agepen &#8211; MS e parcele SEM JUROS<\/a><\/strong><\/p>\n","protected":false},"excerpt":{"rendered":"<p>Ol\u00e1 concurseiros que se interessam em realizar o Concurso Agepen \u2013 MS (Ag\u00eancia Estadual de Administra\u00e7\u00e3o do Sistema Penitenci\u00e1rio do Estado de Mato Grosso do Sul). Foi publicado no dia 09 de junho de 2020, a altera\u00e7\u00e3o na regra de idade para ingresso no cargo. Clique e Comece seus Estudos! A Lei n\u00ba 5.525, de 08 de junho de 2020 altera a reda\u00e7\u00e3o do \u00a7 2\u00ba do art. 11 da Lei n\u00ba 4.490, de 3 abril de 2014, que disp\u00f5e sobre a reorganiza\u00e7\u00e3o da carreira Seguran\u00e7a Penitenci\u00e1ria, composta por cargos efetivos do Grupo Seguran\u00e7a do Plano de Cargos, Empregos e&#8230;<\/p>\n","protected":false},"author":7,"featured_media":1648,"template":"","meta":{"_acf_changed":false,"rank_math_lock_modified_date":false},"categories":[],"tags":[],"acf":[],"_links":{"self":[{"href":"https:\/\/www.editorasolucao.com.br\/blog\/wp-json\/wp\/v2\/concurso\/11379"}],"collection":[{"href":"https:\/\/www.editorasolucao.com.br\/blog\/wp-json\/wp\/v2\/concurso"}],"about":[{"href":"https:\/\/www.editorasolucao.com.br\/blog\/wp-json\/wp\/v2\/types\/concurso"}],"author":[{"embeddable":true,"href":"https:\/\/www.editorasolucao.com.br\/blog\/wp-json\/wp\/v2\/users\/7"}],"wp:featuredmedia":[{"embeddable":true,"href":"https:\/\/www.editorasolucao.com.br\/blog\/wp-json\/wp\/v2\/media\/1648"}],"wp:attachment":[{"href":"https:\/\/www.editorasolucao.com.br\/blog\/wp-json\/wp\/v2\/media?parent=11379"}],"wp:term":[{"taxonomy":"category","embeddable":true,"href":"https:\/\/www.editorasolucao.com.br\/blog\/wp-json\/wp\/v2\/categories?post=11379"},{"taxonomy":"post_tag","embeddable":true,"href":"https:\/\/www.editorasolucao.com.br\/blog\/wp-json\/wp\/v2\/tags?post=11379"}],"curies":[{"name":"wp","href":"https:\/\/api.w.org\/{rel}","templated":true}]}}