{"id":11609,"date":"2020-07-07T09:15:42","date_gmt":"2020-07-07T12:15:42","guid":{"rendered":"https:\/\/www.editorasolucao.com.br\/blog\/?post_type=concurso&#038;p=11609"},"modified":"2020-07-07T09:15:44","modified_gmt":"2020-07-07T12:15:44","slug":"saen-artur-nogueira-sp","status":"publish","type":"concurso","link":"https:\/\/www.editorasolucao.com.br\/blog\/concurso\/saen-artur-nogueira-sp","title":{"rendered":"Concurso SAEN Artur Nogueira &#8211; SP 2020: Sal\u00e1rios de at\u00e9 R$ 3,7 mil!"},"content":{"rendered":"\n<p>Foi divulgado o <a rel=\"noreferrer noopener\" aria-label=\"Edital (abre em uma nova aba)\" href=\"https:\/\/www.editorasolucao.com.br\" target=\"_blank\">Edital<\/a> do <strong>Concurso SAEN de Artur Nogueira<\/strong> (Servi\u00e7o de \u00c1gua e Esgoto), no estado de <a href=\"https:\/\/www.editorasolucao.com.br\/blog\/concursos-abertos-sp\" target=\"_blank\" rel=\"noreferrer noopener\" aria-label=\"S\u00e3o Paulo (abre em uma nova aba)\">S\u00e3o Paulo<\/a>, que oferece <strong>31 vagas imediatas para candidatos de todos os n\u00edveis de escolaridade<\/strong>, com sal\u00e1rios que chegam a <strong>R$ 3,7 mil<\/strong>. Confira os detalhes ao decorrer do texto.<\/p>\n\n\n\n<div id=\"ez-toc-container\" class=\"ez-toc-v2_0_69_1 counter-hierarchy ez-toc-counter ez-toc-grey ez-toc-container-direction\">\n<div class=\"ez-toc-title-container\">\n<p class=\"ez-toc-title \" >Menu de navega&ccedil;&atilde;o<\/p>\n<span class=\"ez-toc-title-toggle\"><a href=\"#\" class=\"ez-toc-pull-right ez-toc-btn ez-toc-btn-xs ez-toc-btn-default ez-toc-toggle\" aria-label=\"Toggle Table of Content\"><span class=\"ez-toc-js-icon-con\"><span class=\"\"><span class=\"eztoc-hide\" style=\"display:none;\">Toggle<\/span><span class=\"ez-toc-icon-toggle-span\"><svg style=\"fill: #999;color:#999\" xmlns=\"http:\/\/www.w3.org\/2000\/svg\" class=\"list-377408\" width=\"20px\" height=\"20px\" viewBox=\"0 0 24 24\" fill=\"none\"><path d=\"M6 6H4v2h2V6zm14 0H8v2h12V6zM4 11h2v2H4v-2zm16 0H8v2h12v-2zM4 16h2v2H4v-2zm16 0H8v2h12v-2z\" fill=\"currentColor\"><\/path><\/svg><svg style=\"fill: #999;color:#999\" class=\"arrow-unsorted-368013\" xmlns=\"http:\/\/www.w3.org\/2000\/svg\" width=\"10px\" height=\"10px\" viewBox=\"0 0 24 24\" version=\"1.2\" baseProfile=\"tiny\"><path d=\"M18.2 9.3l-6.2-6.3-6.2 6.3c-.2.2-.3.4-.3.7s.1.5.3.7c.2.2.4.3.7.3h11c.3 0 .5-.1.7-.3.2-.2.3-.5.3-.7s-.1-.5-.3-.7zM5.8 14.7l6.2 6.3 6.2-6.3c.2-.2.3-.5.3-.7s-.1-.5-.3-.7c-.2-.2-.4-.3-.7-.3h-11c-.3 0-.5.1-.7.3-.2.2-.3.5-.3.7s.1.5.3.7z\"\/><\/svg><\/span><\/span><\/span><\/a><\/span><\/div>\n<nav><ul class='ez-toc-list ez-toc-list-level-1 ' ><li class='ez-toc-page-1 ez-toc-heading-level-2'><a class=\"ez-toc-link ez-toc-heading-1\" href=\"https:\/\/www.editorasolucao.com.br\/blog\/concurso\/saen-artur-nogueira-sp\/#Inscricoes_do_Concurso_de_Artur_Nogueira_%E2%80%93_SP\" title=\"Inscri\u00e7\u00f5es do Concurso de Artur Nogueira \u2013 SP\">Inscri\u00e7\u00f5es do Concurso de Artur Nogueira \u2013 SP<\/a><\/li><li class='ez-toc-page-1 ez-toc-heading-level-2'><a class=\"ez-toc-link ez-toc-heading-2\" href=\"https:\/\/www.editorasolucao.com.br\/blog\/concurso\/saen-artur-nogueira-sp\/#Cargos_vagas_e_salarios_do_Concurso_SAEN_de_Artur_Nogueira_%E2%80%93_SP\" title=\"Cargos, vagas e sal\u00e1rios do Concurso SAEN de Artur Nogueira \u2013 SP\">Cargos, vagas e sal\u00e1rios do Concurso SAEN de Artur Nogueira \u2013 SP<\/a><\/li><li class='ez-toc-page-1 ez-toc-heading-level-2'><a class=\"ez-toc-link ez-toc-heading-3\" href=\"https:\/\/www.editorasolucao.com.br\/blog\/concurso\/saen-artur-nogueira-sp\/#Quais_sao_os_requisitos_basicos_para_a_investidura_nos_cargos_do_Concurso_de_Artur_Nogueira_%E2%80%93_SP\" title=\"Quais s\u00e3o os requisitos b\u00e1sicos para a investidura nos cargos do Concurso de Artur Nogueira \u2013 SP?\">Quais s\u00e3o os requisitos b\u00e1sicos para a investidura nos cargos do Concurso de Artur Nogueira \u2013 SP?<\/a><\/li><li class='ez-toc-page-1 ez-toc-heading-level-2'><a class=\"ez-toc-link ez-toc-heading-4\" href=\"https:\/\/www.editorasolucao.com.br\/blog\/concurso\/saen-artur-nogueira-sp\/#Como_serao_as_provas_do_Concurso_Camara_de_Artur_Nogueira_%E2%80%93_SP\" title=\"Como ser\u00e3o as provas do Concurso C\u00e2mara de Artur Nogueira \u2013 SP?\">Como ser\u00e3o as provas do Concurso C\u00e2mara de Artur Nogueira \u2013 SP?<\/a><\/li><\/ul><\/nav><\/div>\n<h2 class=\"wp-block-heading\"><span class=\"ez-toc-section\" id=\"Inscricoes_do_Concurso_de_Artur_Nogueira_%E2%80%93_SP\"><\/span>Inscri\u00e7\u00f5es do Concurso de Artur Nogueira \u2013 SP<span class=\"ez-toc-section-end\"><\/span><\/h2>\n\n\n\n<p>As inscri\u00e7\u00f5es dever\u00e3o ser realizadas atrav\u00e9s do site da banca organizadora <a rel=\"noreferrer noopener\" aria-label=\"INDEPAC (abre em uma nova aba)\" href=\"https:\/\/concursos.indepac.org.br\/inscricao\/concurso\/show\/id\/29\" target=\"_blank\">INDEPAC<\/a>, a partir do dia <strong>08 de julho de 2020 at\u00e9 o dia 24 do mesmo m\u00eas<\/strong>. Para efetuar a inscri\u00e7\u00e3o \u00e9 necess\u00e1rio pagar uma taxa com valor referente ao n\u00edvel do cargo desejado. <\/p>\n\n\n\n<ul><li><strong>N\u00edvel Fundamental:<\/strong> R$ 24,00<\/li><li> <strong>N\u00edvel M\u00e9dio\/T\u00e9cnico:<\/strong> R$ 40,00<\/li><li> <strong>N\u00edvel Superior:<\/strong> R$ 50,00<\/li><\/ul>\n\n\n\n<h2 class=\"wp-block-heading\"><span class=\"ez-toc-section\" id=\"Cargos_vagas_e_salarios_do_Concurso_SAEN_de_Artur_Nogueira_%E2%80%93_SP\"><\/span>Cargos, vagas e sal\u00e1rios do Concurso SAEN de Artur Nogueira \u2013 SP<span class=\"ez-toc-section-end\"><\/span><\/h2>\n\n\n\n<p>S\u00e3o ofertadas <strong>31 vagas imediatas para candidatos de n\u00edveis Fundamental, M\u00e9dio, T\u00e9cnico e Superior<\/strong>, com sal\u00e1rios que v\u00e3o de <strong>R$ 1.150,76 a R$ 3.711,15 <\/strong>e jornadas de trabalho que variam de 40 a 44 horas semanais, dependendo do cargo. Abaixo est\u00e3o a quantidade de oportunidades correspondentes a cada fun\u00e7\u00e3o. <\/p>\n\n\n\n<p>Ajudante Geral (4); Encanador (2); Faxineira (3); Mec\u00e2nico (1); Motorista (1); Operador de M\u00e1quinas (1); Agente de Fiscaliza\u00e7\u00e3o (3); Analista de Recursos Humanos (1); Auxiliar Administrativo (1); Auxiliar de Contabilidade (1); Leiturista (3); Operador de ETA\/ETE (6); T\u00e9cnico em Qu\u00edmica (1); T\u00e9cnico em Seguran\u00e7a do Trabalho (1); Controlador Interno (1); Procurador Jur\u00eddico (1).<\/p>\n\n\n\n<h2 class=\"wp-block-heading\"><span class=\"ez-toc-section\" id=\"Quais_sao_os_requisitos_basicos_para_a_investidura_nos_cargos_do_Concurso_de_Artur_Nogueira_%E2%80%93_SP\"><\/span>Quais s\u00e3o os requisitos b\u00e1sicos para a investidura nos cargos do Concurso de Artur Nogueira \u2013 SP?<span class=\"ez-toc-section-end\"><\/span><\/h2>\n\n\n\n<p>Saiba quais s\u00e3o as exig\u00eancias para que o candidato tome posse dos cargos ofertados:<\/p>\n\n\n\n<ul><li>Ser brasileiro nato ou naturalizado, ou ser estrangeiro, com igualdade de direitos, nos termos em que dispuser a legisla\u00e7\u00e3o espec\u00edfica; <\/li><li> Ter, na data da posse, idade m\u00ednima de 18 (dezoito) anos completos. <\/li><li> No caso do sexo masculino, estar em dia com o Servi\u00e7o Militar, nos termos do Decreto n\u00ba 57.654\/66, alterado pelo Decreto n\u00ba 93.670\/86; <\/li><li> Ser eleitor e estar quite com a Justi\u00e7a Eleitoral; <\/li><li> Possuir documenta\u00e7\u00e3o comprobat\u00f3ria, no ato da posse, dos REQUISITOS M\u00cdNIMOS EXIGIDOS para o cargo, conforme especificado na Tabela I, do Cap\u00edtulo 1, e a DOCUMENTA\u00c7\u00c3O COMPROBAT\u00d3RIA determinada no item 12.5 do Cap\u00edtulo 12 do Edital; <\/li><li> Ter aptid\u00e3o f\u00edsica e mental e n\u00e3o possuir defici\u00eancia f\u00edsica incompat\u00edvel com o exerc\u00edcio do cargo, comprovada em inspe\u00e7\u00e3o realizada pelo Servi\u00e7o M\u00e9dico indicado pelo SAEAN; <\/li><li> N\u00e3o ter sido punido, em decis\u00e3o da qual n\u00e3o caiba recurso administrativo, em processo disciplinar, por ato lesivo ao patrim\u00f4nio p\u00fablico de qualquer esfera de governo, condenado em processo criminal por pr\u00e1tica de crimes contra a administra\u00e7\u00e3o p\u00fablica, capitulados nos t\u00edtulos II e XI da Parte Especial do C\u00f3digo Penal Brasileiro, na Lei n\u00ba 7.492\/86 e na Lei n\u00ba 8.429\/92; <\/li><li> N\u00e3o estar, no ato da posse, incompatibilizado para nova nomea\u00e7\u00e3o em novo cargo p\u00fablico; <\/li><li>  N\u00e3o possuir antecedentes criminais; <\/li><li> N\u00e3o estar com idade de aposentadoria compuls\u00f3ria; <\/li><li> N\u00e3o receber proventos de aposentadoria ou remunera\u00e7\u00e3o de cargo, emprego ou fun\u00e7\u00e3o p\u00fablica, ressalvados os cargos acumul\u00e1veis previstos na Constitui\u00e7\u00e3o Federal.<\/li><\/ul>\n\n\n\n<h2 class=\"wp-block-heading\"><span class=\"ez-toc-section\" id=\"Como_serao_as_provas_do_Concurso_Camara_de_Artur_Nogueira_%E2%80%93_SP\"><\/span>Como ser\u00e3o as provas do Concurso C\u00e2mara de Artur Nogueira \u2013 SP?<span class=\"ez-toc-section-end\"><\/span><\/h2>\n\n\n\n<p>O certame ser\u00e1 composto pelas seguintes etapas: <\/p>\n\n\n\n<ul><li><strong>Prova Objetiva<\/strong>, de car\u00e1ter eliminat\u00f3rio e classificat\u00f3rio (para todos os cargos);<\/li><li> <strong>Prova Dissertativa<\/strong>, de car\u00e1ter classificat\u00f3rio (para o cargo de Procurador Jur\u00eddico);<\/li><li> <strong>Prova Pr\u00e1tica<\/strong>, de car\u00e1ter eliminat\u00f3rio e classificat\u00f3rio (para os cargos de Motorista e Operador de M\u00e1quinas).<\/li><\/ul>\n\n\n\n<h4 class=\"wp-block-heading\">Prova Objetiva<\/h4>\n\n\n\n<p>A<strong> Prova Objetiva<\/strong> est\u00e1 prevista para ser realizada no dia <strong>09 de agosto de 2020<\/strong>, tendo dura\u00e7\u00e3o de 3 (tr\u00eas) horas, exceto para o cargo de Procurador Jur\u00eddico, cuja totalidade das Provas ter\u00e1 a dura\u00e7\u00e3o de 4 (quatro) horas. Os exames contar\u00e3o com <strong>50 quest\u00f5es de m\u00faltipla escolha para os cargos de n\u00edvel Superior e 30 quest\u00f5es para os demais<\/strong>. As disciplinas que versar\u00e3o as provas variam conforme o cargo, s\u00e3o elas: L\u00edngua Portuguesa, Matem\u00e1tica, Conhecimentos em Inform\u00e1tica e Conhecimentos Espec\u00edficos. <\/p>\n\n\n\n<h4 class=\"wp-block-heading\">Prova Dissertativa<\/h4>\n\n\n\n<p>A <strong>Prova Dissertativa<\/strong> visa avaliar a express\u00e3o do candidato na l\u00edngua portuguesa, os conhecimentos espec\u00edficos constantes do conte\u00fado program\u00e1tico. <\/p>\n\n\n\n<p>Na prova dissertativa, o candidato dever\u00e1 elaborar 1 (uma) pe\u00e7a profissional, que versar\u00e1 sobre o conte\u00fado program\u00e1tico estabelecido para o cargo de Procurador Jur\u00eddico. <\/p>\n\n\n\n<p>O candidato dever\u00e1 redigir dentro da quantidade m\u00ednima e m\u00e1xima de linhas de acordo com o estabelecido no caderno de quest\u00f5es. N\u00e3o ser\u00e1 considerado texto escrito fora do local apropriado, que n\u00e3o atingir a quantidade m\u00ednima de linhas e\/ou que ultrapassar a extens\u00e3o m\u00e1xima estabelecida.<\/p>\n\n\n\n<h4 class=\"wp-block-heading\">Prova Pr\u00e1tica<\/h4>\n\n\n\n<p>A <strong>Prova Pr\u00e1tica<\/strong> (PP) ser\u00e1 aplicada para os cargos de Motorista e Operador de M\u00e1quinas, na cidade de Artur Nogueira\/SP, em datas, locais e hor\u00e1rios a serem comunicados atrav\u00e9s do edital de convoca\u00e7\u00e3o para a prova pr\u00e1tica, que ser\u00e1 publicado no Jornal \u201cO Regional\u201d e divulgado atrav\u00e9s da Internet no endere\u00e7o eletr\u00f4nico www.indepac.org.br\/concursos.<\/p>\n\n\n\n<p>As provas pr\u00e1ticas buscam aferir a capacidade de adequa\u00e7\u00e3o funcional e situacional do candidato \u00e0s exig\u00eancias e ao desempenho eficiente das atividades. <\/p>\n\n\n\n<p>O candidato condutor do ve\u00edculo ser\u00e1 o respons\u00e1vel pelos eventuais danos ao ve\u00edculo e aos terceiros, conforme a Legisla\u00e7\u00e3o de Tr\u00e2nsito vigente.<\/p>\n\n\n\n<p>A Prova Pr\u00e1tica ter\u00e1 car\u00e1ter eliminat\u00f3rio e classificat\u00f3rio e ter\u00e1 o valor m\u00e1ximo de 100 (cem) pontos.<\/p>\n\n\n\n<p>Ser\u00e1 considerado habilitado na Prova Pr\u00e1tica o candidato que obtiver total de pontos igual ou superior a 50 (cinquenta).<\/p>\n\n\n\n<p><\/p>\n\n\n\n<p style=\"text-align:center\"><strong>Conte\u00fado Program\u00e1tico <\/strong><\/p>\n\n\n\n<p><strong>N\u00edvel Fundamental<\/strong><\/p>\n\n\n\n<ul><li>L\u00cdNGUA PORTUGUESA Interpreta\u00e7\u00e3o de texto. Significa\u00e7\u00e3o das palavras: sin\u00f4nimos, ant\u00f4nimos, sentido pr\u00f3prio e figurado das palavras. Ortografia Oficial. Pontua\u00e7\u00e3o. Acentua\u00e7\u00e3o. Emprego das classes de palavras: substantivo, adjetivo, numeral, verbo. Concord\u00e2ncia verbal e nominal. Reconhecimento de frases corretas e incorretas. <\/li><li> MATEM\u00c1TICA Opera\u00e7\u00f5es com n\u00fameros naturais e fracion\u00e1rios: adi\u00e7\u00e3o, subtra\u00e7\u00e3o, multiplica\u00e7\u00e3o e divis\u00e3o. Sistema de Medidas Legais. Porcentagem. Sistema monet\u00e1rio brasileiro. Resolu\u00e7\u00e3o de situa\u00e7\u00f5es problema. Rela\u00e7\u00e3o entre grandezas: tabelas e gr\u00e1ficos. Racioc\u00ednio l\u00f3gico.<\/li><\/ul>\n\n\n\n<p><strong>N\u00edvel M\u00e9dio\/T\u00e9cnico<\/strong><\/p>\n\n\n\n<ul><li>L\u00cdNGUA PORTUGUESA Interpreta\u00e7\u00e3o de texto. Significa\u00e7\u00e3o das palavras: sin\u00f4nimos, ant\u00f4nimos, par\u00f4nimos, hom\u00f4nimos, sentido pr\u00f3prio e figurado das palavras. Ortografia Oficial. Pontua\u00e7\u00e3o. Acentua\u00e7\u00e3o. Emprego das classes de palavras: substantivo, adjetivo, numeral, pronome, verbo, adv\u00e9rbio, preposi\u00e7\u00e3o, conjun\u00e7\u00e3o (classifica\u00e7\u00e3o e sentido que imprime \u00e0s rela\u00e7\u00f5es entre as ora\u00e7\u00f5es). Concord\u00e2ncia verbal e nominal. Reg\u00eancia verbal e nominal. Coloca\u00e7\u00e3o pronominal. Crase. Sintaxe. <\/li><li> MATEM\u00c1TICA Resolu\u00e7\u00e3o de situa\u00e7\u00f5es-problema. N\u00fameros Inteiros: Opera\u00e7\u00f5es, Propriedades, M\u00faltiplos e Divisores; N\u00fameros Racionais: Opera\u00e7\u00f5es e Propriedades. Raz\u00f5es e Propor\u00e7\u00f5es, Divis\u00e3o Proporcional, Regra de Tr\u00eas Simples. Porcentagem. Juros Simples. Sistema de Medidas Legais. Conceitos b\u00e1sicos de geometria: c\u00e1lculo de \u00e1rea e c\u00e1lculo de volume. Rela\u00e7\u00e3o entre grandezas: tabelas e gr\u00e1ficos. Racioc\u00ednio L\u00f3gico.<\/li><\/ul>\n\n\n\n<p><strong>N\u00edvel Superior<\/strong><\/p>\n\n\n\n<ul><li>L\u00cdNGUA PORTUGUESA Interpreta\u00e7\u00e3o de texto. Significa\u00e7\u00e3o das palavras: sin\u00f4nimos, ant\u00f4nimos, par\u00f4nimos, hom\u00f4nimos, sentido pr\u00f3prio e figurado das palavras. Ortografia Oficial. Pontua\u00e7\u00e3o. Acentua\u00e7\u00e3o. Emprego das classes de palavras: substantivo, adjetivo, numeral, pronome, verbo, adv\u00e9rbio, preposi\u00e7\u00e3o, conjun\u00e7\u00e3o (classifica\u00e7\u00e3o e sentido que imprime \u00e0s rela\u00e7\u00f5es entre as ora\u00e7\u00f5es). Concord\u00e2ncia verbal e nominal. Reg\u00eancia verbal e nominal. Coloca\u00e7\u00e3o pronominal. Crase. Sintaxe. <\/li><li> CONHECIMENTOS EM INFORM\u00c1TICA MS-Windows 7 ou vers\u00f5es mais recentes: \u00e1rea de trabalho, \u00e1rea de transfer\u00eancia, \u00edcones, barra de tarefas e ferramentas, comandos e recursos; unidades de armazenamento; conceito de pastas, diret\u00f3rios, arquivos e atalhos; visualiza\u00e7\u00e3o, exibi\u00e7\u00e3o e manipula\u00e7\u00e3o de arquivos e pastas; uso dos menus, programas e aplicativos; painel de controle; intera\u00e7\u00e3o com o conjunto de aplicativos MS-Office 2010 ou vers\u00f5es mais recentes. MS-Word 2010 ou vers\u00f5es mais recentes: barra de ferramentas, comandos, atalhos e recursos; editora\u00e7\u00e3o e processamento de textos; propriedades e estrutura b\u00e1sica dos documentos; distribui\u00e7\u00e3o de conte\u00fado na p\u00e1gina; formata\u00e7\u00e3o; cabe\u00e7alho e rodap\u00e9; tabelas; impress\u00e3o; inser\u00e7\u00e3o de objetos\/imagens; campos predefinidos; envelopes, etiquetas, mala-direta; caixas de texto. MS-Excel 2010 ou vers\u00f5es mais recentes: barra de ferramentas, comandos, atalhos e recursos; funcionalidades e estrutura das planilhas; configura\u00e7\u00e3o de pain\u00e9is e c\u00e9lulas; linhas, colunas, pastas, tabelas e gr\u00e1ficos; formata\u00e7\u00e3o; uso de f\u00f3rmulas, fun\u00e7\u00f5es e macros; impress\u00e3o; inser\u00e7\u00e3o de objetos\/imagens; campos predefinidos; controle de quebras e numera\u00e7\u00e3o de p\u00e1ginas; valida\u00e7\u00e3o de dados e obten\u00e7\u00e3o de dados externos; filtragens e classifica\u00e7\u00e3o de dados. Correio Eletr\u00f4nico: comandos, atalhos e recursos; uso do correio eletr\u00f4nico; preparo e envio de mensagens; anexa\u00e7\u00e3o de arquivos; modos de exibi\u00e7\u00e3o; organiza\u00e7\u00e3o de e-mails, gerenciador de contatos. Internet: barra de ferramentas, comandos, atalhos e recursos dos principais navegadores; navega\u00e7\u00e3o e princ\u00edpios de acesso \u00e0 internet; downloads; conceitos de URL, links, sites, v\u00edrus, busca e impress\u00e3o de p\u00e1ginas. <\/li><li> PARA O CARGO DE CONTROLADOR INTERNO MATEM\u00c1TICA Resolu\u00e7\u00e3o de situa\u00e7\u00f5es-problema. N\u00fameros Inteiros: Opera\u00e7\u00f5es, Propriedades, M\u00faltiplos e Divisores; N\u00fameros Racionais: Opera\u00e7\u00f5es e Propriedades. Raz\u00f5es e Propor\u00e7\u00f5es, Divis\u00e3o Proporcional, Regra de Tr\u00eas Simples. Porcentagem. Juros Simples. Sistema de Medidas Legais. Conceitos b\u00e1sicos de geometria: c\u00e1lculo de \u00e1rea e c\u00e1lculo de volume. Rela\u00e7\u00e3o entre grandezas: tabelas e gr\u00e1ficos. Racioc\u00ednio L\u00f3gico<\/li><li> <strong>Conhecimentos Espec\u00edficos \u2013 Procurador Jur\u00eddico (PROVA DISSERTATIVA)<\/strong><\/li><li> Direito Administrativo &#8211; Atos Administrativos: conceitos, requisitos, atributos, validade, efic\u00e1cia, vig\u00eancia, esp\u00e9cie, exterioriza\u00e7\u00e3o, extin\u00e7\u00e3o, revoga\u00e7\u00e3o, anula\u00e7\u00e3o, convalida\u00e7\u00e3o, atos vinculados, discricion\u00e1rios, inexistentes, nulos e anul\u00e1veis, de direito privado; Administra\u00e7\u00e3o Direta e Indireta: descentraliza\u00e7\u00e3o e desconcentra\u00e7\u00e3o, descentraliza\u00e7\u00e3o pol\u00edtica e administrativa, entidades da administra\u00e7\u00e3o indireta, autarquias e funda\u00e7\u00e3o p\u00fablica; Processo Administrativo: devido processo legal; licita\u00e7\u00e3o: conceito, finalidade, objeto, princ\u00edpios, modalidades, dispensabilidade, inexigibilidade, adjudica\u00e7\u00e3o, homologa\u00e7\u00e3o e anula\u00e7\u00e3o; Lei n\u00ba 8.666\/ 93. Bens P\u00fablicos: conceito, classifica\u00e7\u00e3o, aquisi\u00e7\u00e3o, uso, imprescritibilidade, impenhorabilidade, e n\u00e3o onera\u00e7\u00e3o, concess\u00e3o, permiss\u00e3o, autoriza\u00e7\u00e3o, servid\u00f5es administrativas, da aliena\u00e7\u00e3o dos bens p\u00fablicos; Desapropria\u00e7\u00e3o: conceitos, requisitos, por utilidade p\u00fablica, por zona e indireta, para urbaniza\u00e7\u00e3o e reurbaniza\u00e7\u00e3o e retrocess\u00e3o; Servi\u00e7o P\u00fablico: conceitos, requisitos, remunera\u00e7\u00e3o, execu\u00e7\u00e3o, centralizada e descentralizada; Poder regulamentar e poder de pol\u00edcia: conceito, compet\u00eancia e limites; Contratos administrativos. Servidores P\u00fablicos: princ\u00edpios constitucionais, regime jur\u00eddico, provimento, acumula\u00e7\u00e3o, estabilidade, reintegra\u00e7\u00e3o, responsabilidade civil, disciplinar e responsabilidade patrimonial do Estado. <\/li><li> Direito Constitucional \u2013 Constitui\u00e7\u00e3o: conceito e esp\u00e9cies, interpreta\u00e7\u00e3o e aplicabilidade das normas constitucionais, controle da constitucionalidade, \u00f3rg\u00e3os e formas; A federa\u00e7\u00e3o, a rep\u00fablica, a democracia e o estado de direito: conceitos; A triparti\u00e7\u00e3o dos poderes: o Poder Legislativo, o Poder Executivo e o Poder Judici\u00e1rio; O Estado federal: a Uni\u00e3o, os Estados, O Distrito Federal e os Munic\u00edpios; Os Munic\u00edpios: Lei Org\u00e2nica Municipal, autonomia, compet\u00eancia, organiza\u00e7\u00e3o pol\u00edtica e administrativa, interven\u00e7\u00e3o nos munic\u00edpios, fiscaliza\u00e7\u00e3o financeira e or\u00e7ament\u00e1ria; O Processo Legislativo: conceito de Lei, fases do processo, esp\u00e9cies normativas e processo or\u00e7ament\u00e1rio; Controle de constitucionalidade de atos municipais; O mandado de Seguran\u00e7a e a\u00e7\u00e3o Popular; A Administra\u00e7\u00e3o P\u00fablica: conceito, princ\u00edpios, controle interno e controle externo \u2013 Tribunal de Contas. <\/li><li> Direito Tribut\u00e1rio \u2013 Fontes do Direito tribut\u00e1rio; Sistema Constitucional Tribut\u00e1rio: compet\u00eancia, princ\u00edpios constitucionais tribut\u00e1rios, limita\u00e7\u00f5es constitucionais; C\u00f3digo Tribut\u00e1rio Nacional: normas gerais \u2013 vig\u00eancia, aplica\u00e7\u00e3o e interpreta\u00e7\u00e3o da legisla\u00e7\u00e3o tribut\u00e1ria \u2013 tributos, esp\u00e9cies \u2013 fato gerador, conceito, aspectos e classifica\u00e7\u00e3o, cr\u00e9dito tribut\u00e1rio e obriga\u00e7\u00e3o tribut\u00e1ria, esp\u00e9cies \u2013 sujei\u00e7\u00e3o ativa e passiva direta e indireta, capacidade \u2013 domic\u00edlio tribut\u00e1rio \u2013 constitui\u00e7\u00e3o, suspens\u00e3o, exclus\u00e3o extin\u00e7\u00e3o do cr\u00e9dito tribut\u00e1rio \u2013 garantias e privil\u00e9gios de cr\u00e9dito tribut\u00e1rio \u2013 administra\u00e7\u00e3o tribut\u00e1ria \u2013 d\u00edvida ativa; Impostos municipais \u2013 IPTU, ISS e ITBI; Taxas Contribui\u00e7\u00e3o de melhoria; Lei de Responsabilidade Fiscal (L.C. 101\/00) \u2013 administra\u00e7\u00e3o da Receita P\u00fablica \u2013 da previs\u00e3o e da arrecada\u00e7\u00e3o tribut\u00e1ria \u2013 ren\u00fancia de receita e medidas de compensa\u00e7\u00e3o; Precat\u00f3rios Judiciais; Conceitos e limites de D\u00edvida P\u00fablica; <\/li><li> Direito Civil \u2013 Das pessoas \u2013 pessoa natural, pessoa jur\u00eddica de direito privado e de direito p\u00fablico; Dos fatos jur\u00eddicos \u2013 conceito; Dos atos jur\u00eddicos \u2013 conceito; elementos constitutivos, classifica\u00e7\u00e3o, defeitos, formas, nulidade, prescri\u00e7\u00e3o e decad\u00eancia; Dos atos il\u00edcitos \u2013 conceito; elementos constitutivos, abuso do direito; A propriedade, conceito, generalidades, aquisi\u00e7\u00e3o, e perda da propriedade m\u00f3vel e im\u00f3vel \u2013 aposse \u2013 conceito; Da Da\u00e7\u00e3o em pagamento e suas modalidades; Da Compensa\u00e7\u00e3o. <\/li><li> Direito Processual Civil \u2013 Lei n\u00ba 13.105, de 16 de mar\u00e7o de 2015. &#8220;Das normas processuais civis: das normas processuais civis. Da fun\u00e7\u00e3o jurisdicional: Da jurisdi\u00e7\u00e3o e da a\u00e7\u00e3o, Dos limites da jurisdi\u00e7\u00e3o nacional e da coopera\u00e7\u00e3o internacional. Compet\u00eancia interna. Das partes e dos procuradores. Do litiscons\u00f3rcio. Da interven\u00e7\u00e3o de terceiros. Do juiz e dos auxiliares de justi\u00e7a. Do Minist\u00e9rio P\u00fablico. Da advocacia p\u00fablica. Da defensoria p\u00fablica. Dos atos processuais: da forma, do tempo e do lugar dos atos processuais. Da comunica\u00e7\u00e3o dos atos processuais. Das nulidades. Da distribui\u00e7\u00e3o e do registro. Do valor da causa. Da tutela provis\u00f3ria: disposi\u00e7\u00f5es gerais, tutela de urg\u00eancia, tutela de evid\u00eancia. Da forma\u00e7\u00e3o suspens\u00e3o e extin\u00e7\u00e3o do processo. Procedimento de conhecimento e cumprimento de senten\u00e7a. Dos procedimentos especiais. Do Processo de Execu\u00e7\u00e3o. Da ordem dos processos e dos processos de compet\u00eancia origin\u00e1ria dos tribunais. Dos recursos. E Disposi\u00e7\u00f5es finais e transit\u00f3rias. <\/li><li> Direito Penal \u2013 Teoria do crime; Dos crimes contra a Administra\u00e7\u00e3o P\u00fablica; Dos crimes contra a ordem tribut\u00e1ria; Crimes contra as finan\u00e7as p\u00fablicas (Lei n\u00ba 10.028 de 19\/10\/00) Crime de responsabilidade e acr\u00e9scimo a Lei n\u00ba 1.079\/50, pela Lei Complementar n\u00ba 101\/00; Crime de responsabilidade de Prefeitos e vereadores com altera\u00e7\u00f5es ao Decreto-Lei n\u00ba 201\/67; Lei n\u00ba 8.429\/92. <\/li><li> Direito do Trabalho \u2013 Fontes do Direito do trabalho; Rela\u00e7\u00e3o de Trabalho e Seus Sujeitos; Trabalhador Rural; Contrato de Trabalho e os Contratos de trabalho; Remunera\u00e7\u00e3o e Formas de remunera\u00e7\u00e3o; Prote\u00e7\u00e3o ao sal\u00e1rio; dura\u00e7\u00e3o do trabalho e repousos; Altera\u00e7\u00e3o, Suspens\u00e3o e T\u00e9rmino do Contrato de Trabalho; aviso pr\u00e9vio, dispensa, estabilidade e garantia de emprego; Fundo de Garantia por Tempo de Servi\u00e7o; Acordo e Conven\u00e7\u00e3o Coletiva de trabalho; sindicato e arbitragem. <\/li><li> Legisla\u00e7\u00e3o Municipal: Lei Org\u00e2nica Municipal. Estatuto do Servidor P\u00fablico Municipal de Artur Nogueira.<\/li><\/ul>\n\n\n\n<p><\/p>\n\n\n\n<p>Conferiu todo o texto? Deseja fazer o certame? Ent\u00e3o comece a se preparar com as <strong>Apostilas Solu\u00e7\u00e3o<\/strong> e tenha um resultado positivo! <strong>Bons estudos e boa prova!!!<\/strong><\/p>\n","protected":false},"excerpt":{"rendered":"<p>Foi divulgado o Edital do Concurso SAEN de Artur Nogueira (Servi\u00e7o de \u00c1gua e Esgoto), no estado de S\u00e3o Paulo, que oferece 31 vagas imediatas para candidatos de todos os n\u00edveis de escolaridade, com sal\u00e1rios que chegam a R$ 3,7 mil. Confira os detalhes ao decorrer do texto. Inscri\u00e7\u00f5es do Concurso de Artur Nogueira \u2013 SP As inscri\u00e7\u00f5es dever\u00e3o ser realizadas atrav\u00e9s do site da banca organizadora INDEPAC, a partir do dia 08 de julho de 2020 at\u00e9 o dia 24 do mesmo m\u00eas. Para efetuar a inscri\u00e7\u00e3o \u00e9 necess\u00e1rio pagar uma taxa com valor referente ao n\u00edvel do cargo&#8230;<\/p>\n","protected":false},"author":7,"featured_media":9861,"template":"","meta":{"_acf_changed":false,"rank_math_lock_modified_date":false},"categories":[],"tags":[],"acf":[],"_links":{"self":[{"href":"https:\/\/www.editorasolucao.com.br\/blog\/wp-json\/wp\/v2\/concurso\/11609"}],"collection":[{"href":"https:\/\/www.editorasolucao.com.br\/blog\/wp-json\/wp\/v2\/concurso"}],"about":[{"href":"https:\/\/www.editorasolucao.com.br\/blog\/wp-json\/wp\/v2\/types\/concurso"}],"author":[{"embeddable":true,"href":"https:\/\/www.editorasolucao.com.br\/blog\/wp-json\/wp\/v2\/users\/7"}],"wp:featuredmedia":[{"embeddable":true,"href":"https:\/\/www.editorasolucao.com.br\/blog\/wp-json\/wp\/v2\/media\/9861"}],"wp:attachment":[{"href":"https:\/\/www.editorasolucao.com.br\/blog\/wp-json\/wp\/v2\/media?parent=11609"}],"wp:term":[{"taxonomy":"category","embeddable":true,"href":"https:\/\/www.editorasolucao.com.br\/blog\/wp-json\/wp\/v2\/categories?post=11609"},{"taxonomy":"post_tag","embeddable":true,"href":"https:\/\/www.editorasolucao.com.br\/blog\/wp-json\/wp\/v2\/tags?post=11609"}],"curies":[{"name":"wp","href":"https:\/\/api.w.org\/{rel}","templated":true}]}}