{"id":11669,"date":"2020-07-07T17:59:16","date_gmt":"2020-07-07T20:59:16","guid":{"rendered":"https:\/\/www.editorasolucao.com.br\/blog\/?post_type=concurso&#038;p=11669"},"modified":"2020-08-21T08:42:48","modified_gmt":"2020-08-21T11:42:48","slug":"prefeitura-de-itabaiana-se","status":"publish","type":"concurso","link":"https:\/\/www.editorasolucao.com.br\/blog\/concurso\/prefeitura-de-itabaiana-se","title":{"rendered":"Concurso Prefeitura de Itabaiana &#8211; SE 2020: 258 vagas para todos os n\u00edveis!"},"content":{"rendered":"\n<p>As <a rel=\"noreferrer noopener\" aria-label=\"inscri\u00e7\u00f5es (abre em uma nova aba)\" href=\"https:\/\/www.editorasolucao.com.br\" target=\"_blank\">inscri\u00e7\u00f5es<\/a> do <strong>Concurso Prefeitura de Itabaiana<\/strong>, no estado de <a href=\"https:\/\/www.editorasolucao.com.br\/blog\/concursos-abertos-se\" target=\"_blank\" rel=\"noreferrer noopener\" aria-label=\"Sergipe (abre em uma nova aba)\">Sergipe<\/a>, est\u00e3o em andamento. O certame oferece <strong>258 vagas imediatas mais forma\u00e7\u00e3o de cadastro reserva para candidatos de todos os n\u00edveis de escolaridade<\/strong>, com sal\u00e1rios que chegam a <strong>R$ 9,5 mil<\/strong>. Confira os detalhes ao decorrer do texto.<\/p>\n\n\n\n<div id=\"ez-toc-container\" class=\"ez-toc-v2_0_69_1 counter-hierarchy ez-toc-counter ez-toc-grey ez-toc-container-direction\">\n<div class=\"ez-toc-title-container\">\n<p class=\"ez-toc-title \" >Menu de navega&ccedil;&atilde;o<\/p>\n<span class=\"ez-toc-title-toggle\"><a href=\"#\" class=\"ez-toc-pull-right ez-toc-btn ez-toc-btn-xs ez-toc-btn-default ez-toc-toggle\" aria-label=\"Toggle Table of Content\"><span class=\"ez-toc-js-icon-con\"><span class=\"\"><span class=\"eztoc-hide\" style=\"display:none;\">Toggle<\/span><span class=\"ez-toc-icon-toggle-span\"><svg style=\"fill: #999;color:#999\" xmlns=\"http:\/\/www.w3.org\/2000\/svg\" class=\"list-377408\" width=\"20px\" height=\"20px\" viewBox=\"0 0 24 24\" fill=\"none\"><path d=\"M6 6H4v2h2V6zm14 0H8v2h12V6zM4 11h2v2H4v-2zm16 0H8v2h12v-2zM4 16h2v2H4v-2zm16 0H8v2h12v-2z\" fill=\"currentColor\"><\/path><\/svg><svg style=\"fill: #999;color:#999\" class=\"arrow-unsorted-368013\" xmlns=\"http:\/\/www.w3.org\/2000\/svg\" width=\"10px\" height=\"10px\" viewBox=\"0 0 24 24\" version=\"1.2\" baseProfile=\"tiny\"><path d=\"M18.2 9.3l-6.2-6.3-6.2 6.3c-.2.2-.3.4-.3.7s.1.5.3.7c.2.2.4.3.7.3h11c.3 0 .5-.1.7-.3.2-.2.3-.5.3-.7s-.1-.5-.3-.7zM5.8 14.7l6.2 6.3 6.2-6.3c.2-.2.3-.5.3-.7s-.1-.5-.3-.7c-.2-.2-.4-.3-.7-.3h-11c-.3 0-.5.1-.7.3-.2.2-.3.5-.3.7s.1.5.3.7z\"\/><\/svg><\/span><\/span><\/span><\/a><\/span><\/div>\n<nav><ul class='ez-toc-list ez-toc-list-level-1 ' ><li class='ez-toc-page-1 ez-toc-heading-level-2'><a class=\"ez-toc-link ez-toc-heading-1\" href=\"https:\/\/www.editorasolucao.com.br\/blog\/concurso\/prefeitura-de-itabaiana-se\/#Inscricoes_do_Concurso_de_Itabaiana_%E2%80%93_SE\" title=\"Inscri\u00e7\u00f5es do Concurso de Itabaiana \u2013 SE\">Inscri\u00e7\u00f5es do Concurso de Itabaiana \u2013 SE<\/a><\/li><li class='ez-toc-page-1 ez-toc-heading-level-2'><a class=\"ez-toc-link ez-toc-heading-2\" href=\"https:\/\/www.editorasolucao.com.br\/blog\/concurso\/prefeitura-de-itabaiana-se\/#Cargos_vagas_e_salarios_do_Concurso_Prefeitura_de_Itabaiana_%E2%80%93_SE\" title=\"Cargos, vagas e sal\u00e1rios do Concurso Prefeitura de Itabaiana \u2013 SE\">Cargos, vagas e sal\u00e1rios do Concurso Prefeitura de Itabaiana \u2013 SE<\/a><\/li><li class='ez-toc-page-1 ez-toc-heading-level-2'><a class=\"ez-toc-link ez-toc-heading-3\" href=\"https:\/\/www.editorasolucao.com.br\/blog\/concurso\/prefeitura-de-itabaiana-se\/#Quais_sao_os_requisitos_basicos_para_a_investidura_nos_cargos_do_Concurso_de_Itabaiana_%E2%80%93_SE\" title=\"Quais s\u00e3o os requisitos b\u00e1sicos para a investidura nos cargos do Concurso de Itabaiana \u2013 SE?\">Quais s\u00e3o os requisitos b\u00e1sicos para a investidura nos cargos do Concurso de Itabaiana \u2013 SE?<\/a><\/li><li class='ez-toc-page-1 ez-toc-heading-level-2'><a class=\"ez-toc-link ez-toc-heading-4\" href=\"https:\/\/www.editorasolucao.com.br\/blog\/concurso\/prefeitura-de-itabaiana-se\/#Como_serao_as_provas_do_Concurso_Prefeitura_de_Itabaiana_%E2%80%93_SE\" title=\"Como ser\u00e3o as provas do Concurso Prefeitura de Itabaiana \u2013 SE?\">Como ser\u00e3o as provas do Concurso Prefeitura de Itabaiana \u2013 SE?<\/a><\/li><\/ul><\/nav><\/div>\n<h2 class=\"wp-block-heading\"><span class=\"ez-toc-section\" id=\"Inscricoes_do_Concurso_de_Itabaiana_%E2%80%93_SE\"><\/span>Inscri\u00e7\u00f5es do Concurso de Itabaiana \u2013 SE<span class=\"ez-toc-section-end\"><\/span><\/h2>\n\n\n\n<p>As inscri\u00e7\u00f5es devem ser realizadas atrav\u00e9s do site da banca organizadora <a href=\"http:\/\/www.consep-pi.com.br\" target=\"_blank\" rel=\"noreferrer noopener\" aria-label=\"CONSEP (abre em uma nova aba)\">CONSEP<\/a>, at\u00e9 o dia <strong>24 de julho de 2020<\/strong>. Para efetuar a inscri\u00e7\u00e3o \u00e9 necess\u00e1rio pagar uma taxa com valor referente ao n\u00edvel do cargo desejado. <\/p>\n\n\n\n<head>\n<style>\nbutton.css3button {\nfont-family: Arial, Helvetica, sans-serif;\nfont-size: 20px;\ncolor: #ffffff!important;\npadding: 12px 25px;\nbackground: -webkit-gradient(\nlinear, left top, left bottom,\nfrom(#0091ff),\nto(#037efa));\nbackground: linear-gradient(\ntop,\n#0091ff 0%,\n#037efa);\nborder-radius: 8px;\nborder: 0px solid #000000;\nbox-shadow:\n0px 4px 0px rgba(0,111,214,1),\ninset 0px 0px 1px rgba(84,84,84,0.5);\ntext-shadow:\n0px 0px 0px rgba(000,000,000,0.7),\n0px 0px 0px rgba(255,255,255,0.9);\n}\n\n<\/style>\n<\/head>\n<center><button type=\"button\" name=\"\" value=\"\" class=\"css3button\"><a data-cat=\"link-botao\" style=\"color:#ffffff!important; text-decoration:none;\" href=\"https:\/\/www.editorasolucao.com.br\/concurso\/prefeitura-de-itabaiana-se\" target=\"_blank\"><strong><span style=\"color:#ffffff;\">Clique e Comece seus Estudos!<\/span><\/a><\/strong><\/button><\/center><br\/>\n\n\n\n<ul><li><strong>N\u00edvel Fundamental (Completo e Incompleto):<\/strong> R$ 50,00<\/li><li> <strong>N\u00edvel M\u00e9dio\/T\u00e9cnico:<\/strong> R$ 70,00<\/li><li> <strong>N\u00edvel Superior: <\/strong>R$ 110,00<\/li><\/ul>\n\n\n\n<h2 class=\"wp-block-heading\"><span class=\"ez-toc-section\" id=\"Cargos_vagas_e_salarios_do_Concurso_Prefeitura_de_Itabaiana_%E2%80%93_SE\"><\/span>Cargos, vagas e sal\u00e1rios do Concurso Prefeitura de Itabaiana \u2013 SE<span class=\"ez-toc-section-end\"><\/span><\/h2>\n\n\n\n<p>S\u00e3o ofertadas <strong>258 vagas imediatas mais forma\u00e7\u00e3o de cadastro reserva para candidatos de n\u00edveis Fundamental (completo e incompleto), M\u00e9dio, T\u00e9cnico e Superior<\/strong>, com sal\u00e1rios que v\u00e3o de <strong>R$ 1.045,00 a R$ 9.562,28<\/strong> e jornadas de trabalho que variam de 20 a 40 horas semanais, dependendo do cargo. Abaixo est\u00e3o a quantidade de oportunidades correspondentes a cada fun\u00e7\u00e3o. <\/p>\n\n\n\n<p><a data-cat=\"link-cargo\" rel=\"noreferrer noopener\" aria-label=\"Agente de Coleta de Lixo (abre em uma nova aba)\" href=\"https:\/\/www.editorasolucao.com.br\/apostila-solucao\/prefeitura-itabaiana-se-agente-coleta-lixo\" target=\"_blank\">Agente de Coleta de Lixo<\/a> (30); <a data-cat=\"link-botao\" rel=\"noreferrer noopener\" aria-label=\"Agente de Limpeza e Conserva\u00e7\u00e3o de Logradouros (abre em uma nova aba)\" href=\"https:\/\/www.editorasolucao.com.br\/apostila-solucao\/prefeitura-itabaiana-se-agente-limpeza-conservacao-logradouros\" target=\"_blank\">Agente de Limpeza e Conserva\u00e7\u00e3o de Logradouros<\/a> (120); Agente de Opera\u00e7\u00e3o de M\u00e1quinas Motrizes; Agente de Servi\u00e7os de Carpintaria; <a data-cat=\"link-botao\" rel=\"noreferrer noopener\" aria-label=\"Agente de Condu\u00e7\u00e3o de Ve\u00edculos de Pequeno e M\u00e9dio Porte (abre em uma nova aba)\" href=\"https:\/\/www.editorasolucao.com.br\/apostila-solucao\/prefeitura-itabaiana-se-agente-conducao-veiculos-pequeno-medio-porte\" target=\"_blank\">Agente de Condu\u00e7\u00e3o de Ve\u00edculos de Pequeno e M\u00e9dio Porte<\/a> (7); Agente de Instru\u00e7\u00e3o em Corte e Costura; Agente de Servi\u00e7o de Eletricidade; Agente de Servi\u00e7os de Hidr\u00e1ulica; Auxiliar de Cuidador Social; <a data-cat=\"link-botao\" rel=\"noreferrer noopener\" aria-label=\"Cuidador de Creche (abre em uma nova aba)\" href=\"https:\/\/www.editorasolucao.com.br\/apostila-solucao\/prefeitura-itabaiana-cuidador-creche\" target=\"_blank\">Cuidador de Creche<\/a> (10); Cuidador em Sa\u00fade (1); Agente Auxiliar de Sa\u00fade Bucal (2); <a data-cat=\"link-botao\" rel=\"noreferrer noopener\" aria-label=\"Agente Comunit\u00e1rio em Sa\u00fade (abre em uma nova aba)\" href=\"https:\/\/www.editorasolucao.com.br\/apostila-solucao\/prefeitura-itabaiana-se-agente-comunitario-saude\" target=\"_blank\">Agente Comunit\u00e1rio em Sa\u00fade<\/a> (16); Agente de Almoxarifado; Agente de Anima\u00e7\u00e3o Cultural; Agente de Fiscaliza\u00e7\u00e3o de Posturas; Agente de Fiscaliza\u00e7\u00e3o Tribut\u00e1ria; Agente de Monitoria de Esporte; Agente de Monitoria Social (1); Agente de Monitoria Social em Sa\u00fade; Agente de Recrea\u00e7\u00e3o; Agente T\u00e9cnico de Agricultura; Agente T\u00e9cnico de Contabilidade; Agente T\u00e9cnico de Desenho; Agente T\u00e9cnico de Educa\u00e7\u00e3o Social; <a data-cat=\"link-botao\" rel=\"noreferrer noopener\" aria-label=\"Agente T\u00e9cnico de Enfermagem (abre em uma nova aba)\" href=\"https:\/\/www.editorasolucao.com.br\/apostila-solucao\/prefeitura-itabaiana-se-agente-tecnico-enfermagem\" target=\"_blank\">Agente T\u00e9cnico de Enfermagem<\/a> (10); Agente T\u00e9cnico de Enfermagem em Sa\u00fade da Fam\u00edlia; Agente T\u00e9cnico em Fiscaliza\u00e7\u00e3o de Obras; Agente T\u00e9cnico de Organiza\u00e7\u00e3o de Eventos; Agente T\u00e9cnico de Patologia Cl\u00ednica (1); Agente T\u00e9cnico de Supervis\u00e3o em Obras; Agente T\u00e9cnico de Topografia; Cuidador Social; <a data-cat=\"link-botao\" href=\"https:\/\/www.editorasolucao.com.br\/apostila-solucao\/prefeitura-itabaiana-se-monitor-educacional\" target=\"_blank\" rel=\"noreferrer noopener\" aria-label=\"Monitor Educacional (abre em uma nova aba)\">Monitor Educacional<\/a> (10); Analista de Pol\u00edticas P\u00fablicas e Gest\u00e3o Governamental; Arque\u00f3logo; Arquiteto (1); Assistente Social em Sa\u00fade (1); Auditor Fiscal e Tribut\u00e1rio; Auditor Interno; Auditor M\u00e9dico (1); Biblioteconomista; Bi\u00f3logo (1); Biom\u00e9dico (1); Cart\u00f3grafo; Cirurgi\u00e3o Buco-Maxilo-Facial; Cirurgi\u00e3o Dentista (1); Cirurgi\u00e3o Dentista em Sa\u00fade da Fam\u00edlia (1); Cirurgi\u00e3o Endodontista (1); Cirurgi\u00e3o Periodontista (1); Contador P\u00fablico; Enfermeiro (8); Engenheiro Agr\u00f4nomo (1); Engenheiro Civil (2); Engenheiro de Seguran\u00e7a do Trabalho; Engenheiro de Petr\u00f3leo e G\u00e1s (1); Engenheiro Qu\u00edmico (1); Ge\u00f3logo (1); Histori\u00f3grafo; Inspetor Sanit\u00e1rio (1); M\u00e9dico Angiologista; M\u00e9dico Cardiologista (1); M\u00e9dico Cirurgi\u00e3o (2); M\u00e9dico Cl\u00ednico Geral; M\u00e9dico Dermatologista (1); M\u00e9dico do Trabalho (1); M\u00e9dico Endocrinologista e Metabologista (1); M\u00e9dico Gastroenterologista e Endoscopista; M\u00e9dico Geriatra; M\u00e9dico Ginecologista\/ Obstetr\u00edcia (4); M\u00e9dico Mastologista; M\u00e9dico Neurologista; M\u00e9dico Oftalmologista (1); M\u00e9dico Otorrinolaringologista; M\u00e9dico Pediatra (2); M\u00e9dico Pneumologista; M\u00e9dico PSF (3); M\u00e9dico Urologista (1); M\u00e9dico Veterin\u00e1rio (1); Muse\u00f3logo; Nutricionista (1); Psic\u00f3logo Social; Psiquiatra (3); Terapeuta Ocupacional (3); e Zootecnista (1).<\/p>\n\n\n\n<h2 class=\"wp-block-heading\"><span class=\"ez-toc-section\" id=\"Quais_sao_os_requisitos_basicos_para_a_investidura_nos_cargos_do_Concurso_de_Itabaiana_%E2%80%93_SE\"><\/span>Quais s\u00e3o os requisitos b\u00e1sicos para a investidura nos cargos do Concurso de Itabaiana \u2013 SE?<span class=\"ez-toc-section-end\"><\/span><\/h2>\n\n\n\n<p>Saiba quais s\u00e3o as exig\u00eancias para que o candidato tome posse dos cargos ofertados:<\/p>\n\n\n\n<ul><li>Ser brasileiro nato ou naturalizado ou portugu\u00eas; em caso de nacionalidade portuguesa, estar amparado pelo estatuto de igualdade entre brasileiros e portugueses, com reconhecimento de gozo de direitos pol\u00edticos, nos termos dos incisos I e II e \u00a7 1\u00ba do artigo 12 da Constitui\u00e7\u00e3o da Rep\u00fablica e do Decreto n\u00ba 70.436\/72, respectivamente; <\/li><li> Estar quite com as obriga\u00e7\u00f5es eleitorais, para os candidatos de ambos os sexos, e militares para os do sexo masculino; <\/li><li> Ter idade m\u00ednima de 18 (dezoito) anos; <\/li><li> Declarar de n\u00e3o ter sofrido condena\u00e7\u00e3o criminal com pena privativa de liberdade transitada em julgado ou qualquer condena\u00e7\u00e3o incompat\u00edvel com o cargo pretendido; <\/li><li> Declarar n\u00e3o ter sido demitido, nos \u00faltimos 5 (cinco) anos do servi\u00e7o p\u00fablico por for\u00e7a de Processo Administrativo Disciplinar; <\/li><li> Gozar de boa sa\u00fade f\u00edsica e mental (Aptid\u00e3o F\u00edsica, Mental e Psicol\u00f3gica); <\/li><li> Apresentar atestado m\u00e9dico comprovando higidez f\u00edsica e mental, que dever\u00e1 estar munido de: Raio X do T\u00f3rax, Parasitologia de Fezes, Sum\u00e1rio de Urina, Hemograma Completo, Eletroencefalograma e Atestado de Sanidade Mental (fornecido por psiquiatra); <\/li><li> Apresentar comprova\u00e7\u00e3o dos requisitos exigidos para o cargo e constantes do ANEXO I do Edital; <\/li><li> Apresentar comprovante de registro no Conselho da Categoria, quando exigido no edital, devidamente atualizado; <\/li><li> Declarar, mediante termo, ter disponibilidade para cumprir a carga hor\u00e1ria prevista no ANEXO II do Edital; <\/li><li> Declarar que n\u00e3o \u00e9 s\u00f3cio gerente\/administrador de empresas, que mant\u00e9m v\u00ednculo com a administra\u00e7\u00e3o p\u00fablica municipal; <\/li><li> Apresentar declara\u00e7\u00e3o de bens; <\/li><li> Apresentar declara\u00e7\u00e3o de n\u00e3o acumula\u00e7\u00e3o ilegal de cargo p\u00fablico nos termos da Constitui\u00e7\u00e3o Federal.<\/li><\/ul>\n\n\n\n<p><\/p>\n\n\n\n<p style=\"text-align:center\"><strong><a data-cat=\"link-artigo-corpo\" href=\"https:\/\/www.editorasolucao.com.br\/concurso\/prefeitura-de-itabaiana-se\" target=\"_blank\" rel=\"noreferrer noopener\" aria-label=\"Estude com as Apostilas Prefeitura de Itabaiana - SE e parcele SEM JUROS (abre em uma nova aba)\">Estude com as Apostilas Prefeitura de Itabaiana &#8211; SE e parcele SEM JUROS<\/a><\/strong><\/p>\n\n\n\n<h2 class=\"wp-block-heading\"><span class=\"ez-toc-section\" id=\"Como_serao_as_provas_do_Concurso_Prefeitura_de_Itabaiana_%E2%80%93_SE\"><\/span>Como ser\u00e3o as provas do Concurso Prefeitura de Itabaiana \u2013 SE?<span class=\"ez-toc-section-end\"><\/span><\/h2>\n\n\n\n<p>O certame ser\u00e1 composto pelas seguintes etapas:<\/p>\n\n\n\n<ul><li><strong>Prova Objetiva<\/strong>, de car\u00e1ter eliminat\u00f3rio e classificat\u00f3rio (para todos os cargos); e<\/li><li> <strong>Prova de T\u00edtulos<\/strong>, de car\u00e1ter classificat\u00f3rio (para os cargos de n\u00edvel Superior). <\/li><\/ul>\n\n\n\n<h4 class=\"wp-block-heading\">Prova Objetiva<\/h4>\n\n\n\n<p>A <strong>Prova Objetiva<\/strong> est\u00e1 prevista para ser realizada no dia <strong>06 de setembro de 2020<\/strong>, tendo dura\u00e7\u00e3o m\u00e1xima de 03 horas e contar\u00e1 com <strong>40 quest\u00f5es de m\u00faltipla escolha para os cargos de n\u00edvel Superior e 25 quest\u00f5es para os demais<\/strong>. As disciplinas que versar\u00e3o as provas ser\u00e3o: Portugu\u00eas, Matem\u00e1tica\/Racioc\u00ednio L\u00f3gico e Conhecimentos Espec\u00edficos.<\/p>\n\n\n\n<h4 class=\"wp-block-heading\"> Prova de T\u00edtulos<\/h4>\n\n\n\n<p>A <strong>Prova de T\u00edtulos<\/strong> ser\u00e1 exclusivamente para os cargos de N\u00edvel Superior e valer\u00e1 no m\u00e1ximo 27,5 (vinte e sete v\u00edrgula cinco) pontos distribu\u00eddos da seguinte forma:<\/p>\n\n\n\n<div class=\"wp-block-image\"><figure class=\"aligncenter\"><img loading=\"lazy\" decoding=\"async\" width=\"586\" height=\"121\" src=\"https:\/\/www.editorasolucao.com.br\/blog\/wp-content\/uploads\/2020\/07\/itabaiana.png\" alt=\"\" class=\"wp-image-11672\"\/><\/figure><\/div>\n\n\n\n<p><\/p>\n\n\n\n<p style=\"text-align:center\"><strong>Conte\u00fado Program\u00e1tico <\/strong><\/p>\n\n\n\n<p><strong>L\u00edngua Portuguesa<\/strong><\/p>\n\n\n\n<ul><li>N\u00edvel Fundamental \u2013 Anos Iniciais Avalia\u00e7\u00f5es baseadas na experi\u00eancia de vida. interpreta\u00e7\u00f5es de textos simples. No\u00e7\u00f5es de aumentativo e diminutivo, ortografia, pontua\u00e7\u00e3o, singular e plural, masculino e feminino, numerais, separa\u00e7\u00e3o sil\u00e1bica. <\/li><li> N\u00edvel Fundamental Compreens\u00e3o de textos; fon\u00e9tica e fonologia: fonemas, vogais, consoantes e semivogais; encontros voc\u00e1licos, consonantais e d\u00edgrafos, classifica\u00e7\u00e3o das palavras quanto \u00e0 s\u00edlaba t\u00f4nica. Ortografia: emprego das letras, divis\u00e3o sil\u00e1bica e acentua\u00e7\u00e3o gr\u00e1fica. Classes de palavras: substantivos, adjetivos, artigos, pronomes, verbos e adv\u00e9rbios. Emprego dos conectivos: preposi\u00e7\u00f5es e conjun\u00e7\u00f5es. Concord\u00e2ncia nominal e verbal. Sin\u00f4nimos, ant\u00f4nimos, hom\u00f4nimos e par\u00f4nimos. Emprego dos sinais de pontua\u00e7\u00e3o. <\/li><li> N\u00edvel M\u00e9dio \/ Curso T\u00e9cnico Interpreta\u00e7\u00e3o de textos de diferentes g\u00eaneros. Comunica\u00e7\u00e3o verbal e n\u00e3o \u2013 verbal, elementos da comunica\u00e7\u00e3o verbal e fun\u00e7\u00f5es da linguagem. Fon\u00e9tica e fonologia: fonemas, vogais, consoantes e semivogais; encontros voc\u00e1licos, consonantais e d\u00edgrafos, classifica\u00e7\u00e3o das palavras quanto \u00e0 s\u00edlaba t\u00f4nica, paron\u00edmia e homon\u00edmia; orto\u00e9pia e pros\u00f3dia. As classes de palavras &#8211; defini\u00e7\u00f5es, classifica\u00e7\u00f5es, formas e flex\u00f5es, emprego: substantivos, adjetivos, pronomes, verbos, adv\u00e9rbios, preposi\u00e7\u00f5es e conjun\u00e7\u00f5es. Concord\u00e2ncia verbal e concord\u00e2ncia nominal. Reg\u00eancia verbal e reg\u00eancia nominal. Ortografia: acentua\u00e7\u00e3o gr\u00e1fica, uso da crase, emprego do h\u00edfen e divis\u00e3o sil\u00e1bica. Pontua\u00e7\u00e3o: sinais de pontua\u00e7\u00e3o. Estil\u00edstica: figuras de linguagem, figuras de palavras, figuras de sintaxe, figuras de pensamento. Varia\u00e7\u00e3o lingu\u00edstica: as diversas modalidades do uso da l\u00edngua. Sem\u00e2ntica: denota\u00e7\u00e3o e conota\u00e7\u00e3o, significa\u00e7\u00e3o das palavras (sin\u00f4nimo, ant\u00f4nimo, hom\u00f4nimo e par\u00f4nimo), polissemia e homon\u00edmia. Interpreta\u00e7\u00e3o e an\u00e1lise de textos: compreens\u00e3o de texto liter\u00e1rio ou n\u00e3o-liter\u00e1rio. <\/li><li> N\u00edvel Superior L\u00edngua, Linguagem e fala &#8211; signos, \u00edndices, \u00edcones e s\u00edmbolos. Os signos lingu\u00edsticos, significantes e significados, os conceitos de gram\u00e1tica. Estrutura e elementos de textos normativos, descritivos e dissertativos. Coes\u00e3o e coer\u00eancia textuais. A coer\u00eancia e o texto da rela\u00e7\u00e3o entre coer\u00eancia e coes\u00e3o. Coer\u00eancia narrativa, figurativa, argumentativa. Coes\u00e3o no per\u00edodo composto, o papel dos elementos de coes\u00e3o; A coes\u00e3o referencial. Formas remissivas gramaticais presas; Formas remissivas gramaticais livres; Formas remissivos lexicais e nominaliza\u00e7\u00f5es; Coes\u00e3o sequencial; Sequencia\u00e7\u00e3o Parafr\u00e1stica; Recorr\u00eancia de termos; Recorr\u00eancia de conte\u00fados sem\u00e2nticos &#8211; par\u00e1frase; Recorr\u00eancia de tempo e os aspectos verbal; Sequencia\u00e7\u00e3o fr\u00e1stica; Procedimentos de manuten\u00e7\u00e3o tem\u00e1tica; Progress\u00e3o tem\u00e1tica. O voc\u00e1bulo formal, an\u00e1lise m\u00f3rfica: princ\u00edpios B\u00e1sicos e Auxiliares; Tipos de morfemas. Estrutura: Forma\u00e7\u00e3o do voc\u00e1bulo; Tipos de deriva\u00e7\u00e3o; Processos de Composi\u00e7\u00e3o; Outros processos de forma\u00e7\u00e3o de palavras; Flex\u00e3o nominal e verbal; Concord\u00e2ncias verbal e nominal; Per\u00edodo simples e composto; Termos da ora\u00e7\u00e3o: Essenciais integrantes e acess\u00f3rios. Tipos de ora\u00e7\u00f5es; Sintagma e seus tipos; Ora\u00e7\u00f5es coordenadas e subordinadas; Ora\u00e7\u00f5es independentes coordenadas entre si; Ora\u00e7\u00f5es ou per\u00edodo interferentes; Ora\u00e7\u00f5es subordinadas.<\/li><\/ul>\n\n\n\n<p><strong>MATEM\u00c1TICA \/ RACIOC\u00cdNIO L\u00d3GICO <\/strong><\/p>\n\n\n\n<ul><li>N\u00edvel Fundamental \u2013 Anos Iniciais Matem\u00e1tica: as quatro opera\u00e7\u00f5es fundamentais (adi\u00e7\u00e3o, subtra\u00e7\u00e3o, multiplica\u00e7\u00e3o e divis\u00e3o); n\u00fameros pares e \u00edmpares; dezena e d\u00fazia; n\u00fameros decimais; pesos; sistema m\u00e9trico decimal; unidade de Sistema Monet\u00e1rio Brasileiro. Racioc\u00ednio L\u00f3gico: estruturas l\u00f3gicas; l\u00f3gica de argumenta\u00e7\u00e3o; analogias, infer\u00eancias, dedu\u00e7\u00f5es e conclus\u00f5es; l\u00f3gica sentencial (ou proposicional); proposi\u00e7\u00f5es simples e compostas; tabelas-verdade; equival\u00eancias; leis de De Morgan; diagramas l\u00f3gicos; l\u00f3gica de primeira ordem; princ\u00edpios de contagem e probabilidade; opera\u00e7\u00f5es com conjuntos. Racioc\u00ednio logico envolvendo problemas aritm\u00e9ticos, geom\u00e9tricos e matriciais. <\/li><li> N\u00edvel Fundamental Matem\u00e1tica: no\u00e7\u00f5es de conjuntos; n\u00fameros inteiros, opera\u00e7\u00f5es fundamentais; problemas envolvendo as opera\u00e7\u00f5es fundamentais; no\u00e7\u00f5es de posi\u00e7\u00e3o e forma, express\u00f5es num\u00e9ricas; Sistemas de medidas: medidas de tempo, de comprimento, de massas, de temperaturas, de \u00e1reas, peso; m\u00faltiplos e divisores de n\u00fameros naturais; regra de tr\u00eas simples; porcentagem e problemas. Racioc\u00ednio L\u00f3gico &#8211; Estruturas l\u00f3gicas. L\u00f3gica de argumenta\u00e7\u00e3o. Analogias, infer\u00eancias, dedu\u00e7\u00f5es e conclus\u00f5es. L\u00f3gica sentencial (ou proposicional). Proposi\u00e7\u00f5es simples e compostas. Tabelas-verdade. Equival\u00eancias. Leis de De Morgan. Diagramas l\u00f3gicos. L\u00f3gica de primeira ordem. Princ\u00edpios de contagem e probabilidade. Opera\u00e7\u00f5es com conjuntos. Racioc\u00ednio logico envolvendo problemas aritm\u00e9ticos, geom\u00e9tricos e matriciais. <\/li><li> N\u00edvel M\u00e9dio \/ Ensino Superior Matem\u00e1tica \u2013 N\u00fameros reais, inteiros e racionais. Opera\u00e7\u00f5es. Problemas. N\u00fameros e grandezas proporcionais. Raz\u00e3o e propor\u00e7\u00e3o. Divis\u00e3o proporcional. Regras de tr\u00eas simples e composta. Porcentagem. Juros simples e compostos. Descontos. Equa\u00e7\u00f5es e inequa\u00e7\u00f5es do 1\u00ba e 2\u00ba Graus. Sistemas de 1\u00ba e de 2\u00ba Graus. Problemas. Progress\u00f5es Aritm\u00e9ticas e Geom\u00e9tricas. An\u00e1lise Combinat\u00f3ria. Probabilidade. Medidas de comprimento, superf\u00edcie, volume, capacidade, massa e tempo. Sistema legal de unidades de medida. Racioc\u00ednio L\u00f3gico. Estruturas l\u00f3gicas. L\u00f3gica de argumenta\u00e7\u00e3o. Analogias, infer\u00eancias, dedu\u00e7\u00f5es e conclus\u00f5es. L\u00f3gica sentencial (ou proposicional). Proposi\u00e7\u00f5es simples e compostas. Tabelas-verdade. Equival\u00eancias. Leis de De Morgan. Diagramas l\u00f3gicos. L\u00f3gica de primeira ordem. Princ\u00edpios de contagem e probabilidade. Opera\u00e7\u00f5es com conjuntos. Racioc\u00ednio logico envolvendo problemas aritm\u00e9ticos, geom\u00e9tricos e matriciais.<\/li><\/ul>\n\n\n\n<p><\/p>\n\n\n\n<p>Conferiu todo o texto? Deseja fazer o certame? Ent\u00e3o comece a se preparar com as <strong>Apostilas Solu\u00e7\u00e3o<\/strong> e tenha um resultado positivo! <strong>Bons estudos e boa prova!!!<\/strong><\/p>\n\n\n\n<p style=\"text-align:center\"><strong><a data-cat=\"link-rodape\" href=\"https:\/\/www.editorasolucao.com.br\/concurso\/prefeitura-de-itabaiana-se\" target=\"_blank\" rel=\"noreferrer noopener\">Estude com as Apostilas Prefeitura de Itabaiana &#8211; SE e parcele SEM JUROS<\/a><\/strong><\/p>\n","protected":false},"excerpt":{"rendered":"<p>As inscri\u00e7\u00f5es do Concurso Prefeitura de Itabaiana, no estado de Sergipe, est\u00e3o em andamento. O certame oferece 258 vagas imediatas mais forma\u00e7\u00e3o de cadastro reserva para candidatos de todos os n\u00edveis de escolaridade, com sal\u00e1rios que chegam a R$ 9,5 mil. Confira os detalhes ao decorrer do texto. Inscri\u00e7\u00f5es do Concurso de Itabaiana \u2013 SE As inscri\u00e7\u00f5es devem ser realizadas atrav\u00e9s do site da banca organizadora CONSEP, at\u00e9 o dia 24 de julho de 2020. Para efetuar a inscri\u00e7\u00e3o \u00e9 necess\u00e1rio pagar uma taxa com valor referente ao n\u00edvel do cargo desejado. Clique e Comece seus Estudos! N\u00edvel Fundamental (Completo&#8230;<\/p>\n","protected":false},"author":7,"featured_media":3875,"template":"","meta":{"_acf_changed":false,"rank_math_lock_modified_date":false},"categories":[],"tags":[],"acf":[],"_links":{"self":[{"href":"https:\/\/www.editorasolucao.com.br\/blog\/wp-json\/wp\/v2\/concurso\/11669"}],"collection":[{"href":"https:\/\/www.editorasolucao.com.br\/blog\/wp-json\/wp\/v2\/concurso"}],"about":[{"href":"https:\/\/www.editorasolucao.com.br\/blog\/wp-json\/wp\/v2\/types\/concurso"}],"author":[{"embeddable":true,"href":"https:\/\/www.editorasolucao.com.br\/blog\/wp-json\/wp\/v2\/users\/7"}],"wp:featuredmedia":[{"embeddable":true,"href":"https:\/\/www.editorasolucao.com.br\/blog\/wp-json\/wp\/v2\/media\/3875"}],"wp:attachment":[{"href":"https:\/\/www.editorasolucao.com.br\/blog\/wp-json\/wp\/v2\/media?parent=11669"}],"wp:term":[{"taxonomy":"category","embeddable":true,"href":"https:\/\/www.editorasolucao.com.br\/blog\/wp-json\/wp\/v2\/categories?post=11669"},{"taxonomy":"post_tag","embeddable":true,"href":"https:\/\/www.editorasolucao.com.br\/blog\/wp-json\/wp\/v2\/tags?post=11669"}],"curies":[{"name":"wp","href":"https:\/\/api.w.org\/{rel}","templated":true}]}}