{"id":1248,"date":"2024-11-19T15:08:06","date_gmt":"2024-11-19T18:08:06","guid":{"rendered":"https:\/\/www.editorasolucao.com.br\/blog\/?post_type=concurso&#038;p=1248"},"modified":"2024-11-20T13:44:37","modified_gmt":"2024-11-20T16:44:37","slug":"prefeitura-de-itapevi-sp","status":"publish","type":"concurso","link":"https:\/\/www.editorasolucao.com.br\/blog\/concurso\/prefeitura-de-itapevi-sp","title":{"rendered":"Concurso Prefeitura de Itapevi: Sa\u00edram editais com 217 vagas!"},"content":{"rendered":"\n<p>Ol\u00e1, concurseiros! O concurso Prefeitura de Itapevi, munic\u00edpio do estado de S\u00e3o Paulo, est\u00e1 ofertando <strong>217 vagas imediatas<\/strong> para cargos de n\u00edveis fundamental, m\u00e9dio, t\u00e9cnico e superior. As remunera\u00e7\u00f5es iniciais chamam bastante aten\u00e7\u00e3o, j\u00e1 que podem chegar at\u00e9 <strong>R$ 11 mil!<\/strong> Ficou interessado(a)? Venha saber mais! <\/p>\n\n\n\n<div id=\"ez-toc-container\" class=\"ez-toc-v2_0_69_1 counter-hierarchy ez-toc-counter ez-toc-grey ez-toc-container-direction\">\n<div class=\"ez-toc-title-container\">\n<p class=\"ez-toc-title \" >Menu de navega&ccedil;&atilde;o<\/p>\n<span class=\"ez-toc-title-toggle\"><a href=\"#\" class=\"ez-toc-pull-right ez-toc-btn ez-toc-btn-xs ez-toc-btn-default ez-toc-toggle\" aria-label=\"Toggle Table of Content\"><span class=\"ez-toc-js-icon-con\"><span class=\"\"><span class=\"eztoc-hide\" style=\"display:none;\">Toggle<\/span><span class=\"ez-toc-icon-toggle-span\"><svg style=\"fill: #999;color:#999\" xmlns=\"http:\/\/www.w3.org\/2000\/svg\" class=\"list-377408\" width=\"20px\" height=\"20px\" viewBox=\"0 0 24 24\" fill=\"none\"><path d=\"M6 6H4v2h2V6zm14 0H8v2h12V6zM4 11h2v2H4v-2zm16 0H8v2h12v-2zM4 16h2v2H4v-2zm16 0H8v2h12v-2z\" fill=\"currentColor\"><\/path><\/svg><svg style=\"fill: #999;color:#999\" class=\"arrow-unsorted-368013\" xmlns=\"http:\/\/www.w3.org\/2000\/svg\" width=\"10px\" height=\"10px\" viewBox=\"0 0 24 24\" version=\"1.2\" baseProfile=\"tiny\"><path d=\"M18.2 9.3l-6.2-6.3-6.2 6.3c-.2.2-.3.4-.3.7s.1.5.3.7c.2.2.4.3.7.3h11c.3 0 .5-.1.7-.3.2-.2.3-.5.3-.7s-.1-.5-.3-.7zM5.8 14.7l6.2 6.3 6.2-6.3c.2-.2.3-.5.3-.7s-.1-.5-.3-.7c-.2-.2-.4-.3-.7-.3h-11c-.3 0-.5.1-.7.3-.2.2-.3.5-.3.7s.1.5.3.7z\"\/><\/svg><\/span><\/span><\/span><\/a><\/span><\/div>\n<nav><ul class='ez-toc-list ez-toc-list-level-1 ' ><li class='ez-toc-page-1 ez-toc-heading-level-2'><a class=\"ez-toc-link ez-toc-heading-1\" href=\"https:\/\/www.editorasolucao.com.br\/blog\/concurso\/prefeitura-de-itapevi-sp\/#Como_posso_me_inscrever_no_concurso_Prefeitura_de_Itapevi\" title=\"Como posso me inscrever no concurso Prefeitura de Itapevi?\">Como posso me inscrever no concurso Prefeitura de Itapevi?<\/a><\/li><li class='ez-toc-page-1 ez-toc-heading-level-2'><a class=\"ez-toc-link ez-toc-heading-2\" href=\"https:\/\/www.editorasolucao.com.br\/blog\/concurso\/prefeitura-de-itapevi-sp\/#Quais_cargos_vagas_e_salarios_estao_sendo_ofertados_no_concurso_Prefeitura_de_Itapevi\" title=\"Quais cargos, vagas e sal\u00e1rios est\u00e3o sendo ofertados no concurso Prefeitura de Itapevi?\">Quais cargos, vagas e sal\u00e1rios est\u00e3o sendo ofertados no concurso Prefeitura de Itapevi?<\/a><\/li><li class='ez-toc-page-1 ez-toc-heading-level-2'><a class=\"ez-toc-link ez-toc-heading-3\" href=\"https:\/\/www.editorasolucao.com.br\/blog\/concurso\/prefeitura-de-itapevi-sp\/#Requisitos_para_a_investidura_dos_cargos_do_concurso_Prefeitura_de_Itapevi\" title=\"Requisitos para a investidura dos cargos do concurso Prefeitura de Itapevi\">Requisitos para a investidura dos cargos do concurso Prefeitura de Itapevi<\/a><\/li><li class='ez-toc-page-1 ez-toc-heading-level-2'><a class=\"ez-toc-link ez-toc-heading-4\" href=\"https:\/\/www.editorasolucao.com.br\/blog\/concurso\/prefeitura-de-itapevi-sp\/#Como_os_candidatos_do_concurso_Prefeitura_de_Itapevi_serao_avaliados\" title=\"Como os candidatos do concurso Prefeitura de Itapevi ser\u00e3o avaliados?\">Como os candidatos do concurso Prefeitura de Itapevi ser\u00e3o avaliados?<\/a><\/li><\/ul><\/nav><\/div>\n<h2 class=\"wp-block-heading\"><span class=\"ez-toc-section\" id=\"Como_posso_me_inscrever_no_concurso_Prefeitura_de_Itapevi\"><\/span>Como posso me inscrever no concurso Prefeitura de Itapevi? <span class=\"ez-toc-section-end\"><\/span><\/h2>\n\n\n\n<p>As inscri\u00e7\u00f5es para o Concurso Prefeitura de Itapevi estar\u00e3o abertas de <strong>28 de novembro de 2024 at\u00e9 9 de janeiro de 2025<\/strong> e poder\u00e3o ser realizadas exclusivamente atrav\u00e9s do site da banca organizadora, a <a href=\"https:\/\/www.vunesp.com.br\/PMIP2402\" target=\"_blank\" rel=\"noreferrer noopener\">Funda\u00e7\u00e3o Vunesp.<\/a> <\/p>\n\n\n\n<p>Para validar a inscri\u00e7\u00e3o, \u00e9 necess\u00e1rio efetuar o pagamento das taxas de inscri\u00e7\u00e3o, que variam de acordo com o n\u00edvel do cargo desejado: <strong>R$ 54,90<\/strong> para n\u00edvel fundamental, <strong>R$ 67,90<\/strong> para n\u00edvel m\u00e9dio e t\u00e9cnico, e <strong>R$ 98,80<\/strong> para n\u00edvel superior.<\/p>\n\n\n\n<p>Al\u00e9m disso, conforme as Leis Municipais n\u00b0 2.384\/2016 e 2.577\/2018, bem como a Lei n\u00b0 1.701\/2004, candidatos que atendam aos requisitos podem solicitar isen\u00e7\u00e3o do pagamento da taxa de inscri\u00e7\u00e3o. <\/p>\n\n\n\n<p>Para isso, \u00e9 preciso comprovar a doa\u00e7\u00e3o de sangue em qualquer Banco de Sangue do Estado de S\u00e3o Paulo ou estar qualificado como desempregado ou com renda de at\u00e9 um sal\u00e1rio m\u00ednimo. <\/p>\n\n\n\n<p>O pedido de isen\u00e7\u00e3o deve ser feito entre <strong>10h de 28 de novembro de 2024 e 23h59min de 30 de novembro de 2024<\/strong> no site da organizadora.<\/p>\n\n\n\n<h2 class=\"wp-block-heading\"><span class=\"ez-toc-section\" id=\"Quais_cargos_vagas_e_salarios_estao_sendo_ofertados_no_concurso_Prefeitura_de_Itapevi\"><\/span>Quais cargos, vagas e sal\u00e1rios est\u00e3o sendo ofertados no concurso Prefeitura de Itapevi? <span class=\"ez-toc-section-end\"><\/span><\/h2>\n\n\n\n<p>O <a href=\"https:\/\/www.editorasolucao.com.br\/blog\/\" target=\"_blank\" rel=\"noreferrer noopener\">concurso<\/a> Prefeitura de Itapevi est\u00e1 ofertando, por meio de dois editais, <strong>217 vagas imediatas<\/strong> para cargos de todos os n\u00edveis de escolaridade. Confira com detalhes como essas oportunidades est\u00e3o sendo distribu\u00eddas e suas respectivas remunera\u00e7\u00f5es: <\/p>\n\n\n\n<h3 class=\"wp-block-heading\">Edital 001\/2024<\/h3>\n\n\n\n<p><strong>M\u00e9dio e t\u00e9cnico <\/strong><\/p>\n\n\n\n<ul>\n<li>Agente Comunit\u00e1rio de Sa\u00fade (10 + CR)\n<ul>\n<li>R$ 2.824,00<\/li>\n<\/ul>\n<\/li>\n\n\n\n<li>Recepcionista de Unidade de Sa\u00fade (30)\n<ul>\n<li>R$ 1.851,42<\/li>\n<\/ul>\n<\/li>\n\n\n\n<li>T\u00e9cnico em Enfermagem (CR)\n<ul>\n<li>R$ 3.041,62<\/li>\n<\/ul>\n<\/li>\n\n\n\n<li>T\u00e9cnico em Farm\u00e1cia (CR)\n<ul>\n<li>R$ 3.041,62<\/li>\n<\/ul>\n<\/li>\n\n\n\n<li>T\u00e9cnico em Sa\u00fade Bucal (2)\n<ul>\n<li>R$ 3.041,62<\/li>\n<\/ul>\n<\/li>\n<\/ul>\n\n\n\n<p><strong>Superior <\/strong><\/p>\n\n\n\n<ul>\n<li>Enfermeiro (20)\n<ul>\n<li>R$ 6.612,20<\/li>\n<\/ul>\n<\/li>\n\n\n\n<li>Fisioterapeuta Neurol\u00f3gico (1)\n<ul>\n<li>R$ 3.967,33<\/li>\n<\/ul>\n<\/li>\n\n\n\n<li>Fonoaudi\u00f3logo (1)\n<ul>\n<li>R$ 5.289,75<\/li>\n<\/ul>\n<\/li>\n\n\n\n<li>M\u00e9dico &#8211; cirurgi\u00e3o geral emerg\u00eancia (2)\n<ul>\n<li>R$ 59,58 por hora<\/li>\n<\/ul>\n<\/li>\n\n\n\n<li>M\u00e9dico &#8211; cl\u00ednico geral ubs (CR)\n<ul>\n<li>R$ 59,58 por hora<\/li>\n<\/ul>\n<\/li>\n\n\n\n<li>M\u00e9dico &#8211; ginecologista (5)\n<ul>\n<li>R$ 59,58 por hora<\/li>\n<\/ul>\n<\/li>\n\n\n\n<li>M\u00e9dico &#8211; pediatra ubs (5)\n<ul>\n<li>R$ 59,58 por hora<\/li>\n<\/ul>\n<\/li>\n\n\n\n<li>M\u00e9dico &#8211; pediatra urg\u00eancia e emerg\u00eancia (10)\n<ul>\n<li>R$ 59,58 por hora<\/li>\n<\/ul>\n<\/li>\n\n\n\n<li>M\u00e9dico &#8211; psiquiatra (5)\n<ul>\n<li>R$ 59,58 por hora<\/li>\n<\/ul>\n<\/li>\n\n\n\n<li>M\u00e9dico do Trabalho (1)\n<ul>\n<li>R$ 59,58 por hora<\/li>\n<\/ul>\n<\/li>\n\n\n\n<li>M\u00e9dico &#8211; urg\u00eancia e emerg\u00eancia (30)\n<ul>\n<li>R$ 59,58 por hora<\/li>\n<\/ul>\n<\/li>\n\n\n\n<li>Terapeuta Ocupacional (1)\n<ul>\n<li>R$ 3.967,33<\/li>\n<\/ul>\n<\/li>\n<\/ul>\n\n\n\n<h3 class=\"wp-block-heading\">Edital 002\/2024<\/h3>\n\n\n\n<p><strong>Fundamental <\/strong><\/p>\n\n\n\n<ul>\n<li><a href=\"https:\/\/www.editorasolucao.com.br\/apostila\/prefeitura-itapevi-sp-agente-servicos\" target=\"_blank\" rel=\"noreferrer noopener\">Agente de Servi\u00e7os (10)<\/a>\n<ul>\n<li>R$ 1.503,50<\/li>\n<\/ul>\n<\/li>\n<\/ul>\n\n\n\n<p><strong>M\u00e9dio e t\u00e9cnico <\/strong><\/p>\n\n\n\n<ul>\n<li><a href=\"https:\/\/www.editorasolucao.com.br\/apostila\/prefeitura-itapevi-sp-agente-administracao-publica\" target=\"_blank\" rel=\"noreferrer noopener\">Agente de Administra\u00e7\u00e3o P\u00fablica (CR)<\/a>\n<ul>\n<li>R$ 1.851,42<\/li>\n<\/ul>\n<\/li>\n\n\n\n<li><a href=\"https:\/\/www.editorasolucao.com.br\/apostila\/prefeitura-itapevi-sp-agente-inclusao-escolar\" target=\"_blank\" rel=\"noreferrer noopener\">Agente de Inclus\u00e3o Escolar (50)<\/a>\n<ul>\n<li>R$ 1.586,93<\/li>\n<\/ul>\n<\/li>\n\n\n\n<li><a href=\"https:\/\/www.editorasolucao.com.br\/apostila\/prefeitura-itapevi-sp-condutor-veiculos\" target=\"_blank\" rel=\"noreferrer noopener\">Condutor de Ve\u00edculos (10)<\/a>\n<ul>\n<li>R$ 1.851,42<\/li>\n<\/ul>\n<\/li>\n\n\n\n<li><a href=\"https:\/\/www.editorasolucao.com.br\/apostila\/prefeitura-itapevi-sp-cuidador-social\" target=\"_blank\" rel=\"noreferrer noopener\">Cuidador Social (CR)<\/a>\n<ul>\n<li>R$ 1.983,67<\/li>\n<\/ul>\n<\/li>\n\n\n\n<li>Orientador Social (CR)\n<ul>\n<li>R$ 1.983,67<\/li>\n<\/ul>\n<\/li>\n\n\n\n<li>T\u00e9cnico em Agrimensura (CR)\n<ul>\n<li>R$ 3.041,62<\/li>\n<\/ul>\n<\/li>\n<\/ul>\n\n\n\n<p><strong>Superior <\/strong><\/p>\n\n\n\n<ul>\n<li>Advogado de CREAS (1)\n<ul>\n<li>R$ 11.915,18<\/li>\n<\/ul>\n<\/li>\n\n\n\n<li>Assistente Social (5)\n<ul>\n<li>R$ 4.628,55<\/li>\n<\/ul>\n<\/li>\n\n\n\n<li>Auditor (1)\n<ul>\n<li>R$ 4.628,55<\/li>\n<\/ul>\n<\/li>\n\n\n\n<li>Contador (CR)\n<ul>\n<li>R$ 4.628,55<\/li>\n<\/ul>\n<\/li>\n\n\n\n<li>Gestor Administrativo (5)\n<ul>\n<li>R$ 9.303,79<\/li>\n<\/ul>\n<\/li>\n\n\n\n<li>Professor Educa\u00e7\u00e3o B\u00e1sica II &#8211; especial (5)\n<ul>\n<li>R$ 1.836,07<\/li>\n<\/ul>\n<\/li>\n\n\n\n<li>Professor Educa\u00e7\u00e3o B\u00e1sica II &#8211; ingl\u00eas (5)\n<ul>\n<li>R$ 1.836,07<\/li>\n<\/ul>\n<\/li>\n\n\n\n<li>Professor Educa\u00e7\u00e3o B\u00e1sica II &#8211; artes (2)\n<ul>\n<li>R$ 1.836,07<\/li>\n<\/ul>\n<\/li>\n\n\n\n<li>Professor Educa\u00e7\u00e3o B\u00e1sica II &#8211; educa\u00e7\u00e3o f\u00edsica (CR)\n<ul>\n<li>R$ 1.836,07<\/li>\n<\/ul>\n<\/li>\n<\/ul>\n\n\n\n<p><\/p>\n\n\n\n<p>Al\u00e9m do vencimento base, os candidatos aprovados e admitidos no concurso far\u00e3o jus aos seguintes benef\u00edcios: <\/p>\n\n\n\n<ul>\n<li>Aux\u00edlio Transporte no valor de R$ 244,50;<\/li>\n\n\n\n<li>Aux\u00edlio Alimenta\u00e7\u00e3o no valor de R$ 303,43.<\/li>\n<\/ul>\n\n\n\n<p><\/p>\n\n\n\n<p>As jornadas de trabalho variam de 15 a 40 horas semanais. <\/p>\n\n\n\n<h2 class=\"wp-block-heading\"><span class=\"ez-toc-section\" id=\"Requisitos_para_a_investidura_dos_cargos_do_concurso_Prefeitura_de_Itapevi\"><\/span>Requisitos para a investidura dos cargos do concurso Prefeitura de Itapevi<span class=\"ez-toc-section-end\"><\/span><\/h2>\n\n\n\n<p>De acordo com o edital, esses s\u00e3o os requisitos b\u00e1sicos exigidos para a nomea\u00e7\u00e3o e posse dos cargos ofertados no concurso Prefeitura de Itapevi: <\/p>\n\n\n\n<ul>\n<li>Ter sido classificado neste Concurso P\u00fablico e considerado apto nos Exames M\u00e9dicos Admissionais;<\/li>\n\n\n\n<li>Possuir, no ato da nomea\u00e7\u00e3o, a escolaridade m\u00ednima exigida para o provimento do cargo, bem como os requisitos constantes no Item 02 do presente edital. Os documentos comprobat\u00f3rios de escolaridade obtidos no exterior (certificados, diplomas, hist\u00f3rico escolar) poder\u00e3o ser aceitos para fins de nomea\u00e7\u00e3o somente se revalidados ou convalidados por autoridade educacional brasileira competente. Estes documentos, bem como quaisquer outros obtidos no exterior, dever\u00e3o estar acompanhados de tradu\u00e7\u00e3o p\u00fablica e juramentada.<\/li>\n\n\n\n<li>No momento da nomea\u00e7\u00e3o, o candidato dever\u00e1 comprovar a escolaridade exigida em cada cargo, sendo exigida, no m\u00ednimo, a cola\u00e7\u00e3o de grau.<\/li>\n\n\n\n<li>Apresentar todos os documentos pessoais (RG, CPF e T\u00edtulo de Eleitor com comprovante de vota\u00e7\u00e3o para os eleitores que j\u00e1 votaram).<\/li>\n\n\n\n<li>Para os candidatos de sexo masculino, apresentar todos os documentos citados, mais o certificado de regularidade no servi\u00e7o militar, quando for o caso;<\/li>\n\n\n\n<li>Apresentar junto ao Departamento de Gest\u00e3o de Pessoas, atestado de antecedentes criminais, com prazo de expedi\u00e7\u00e3o n\u00e3o superior \u00e0 60 dias da data de sua nomea\u00e7\u00e3o.<\/li>\n\n\n\n<li>De acordo com a Lei Municipal n\u00ba 2.106\/2011, ser Brasileiro Nato ou Naturalizado, Cidad\u00e3o Portugu\u00eas a quem foi deferida igualdade nas condi\u00e7\u00f5es previstas na Legisla\u00e7\u00e3o Federal pr\u00f3pria, Estrangeiro em situa\u00e7\u00e3o regular e permanente no territ\u00f3rio nacional, nos termos e atendido \u00e0s exig\u00eancias contidas na Legisla\u00e7\u00e3o Federal pertinente. Fica vedado o acesso de estrangeiros aos cargos, fun\u00e7\u00f5es e empregos p\u00fablicos cujas atribui\u00e7\u00f5es envolvam atividades de: fiscaliza\u00e7\u00e3o e arrecada\u00e7\u00e3o, exerc\u00edcio de poder de pol\u00edcia, inscri\u00e7\u00e3o e cobran\u00e7a judicial e extrajudicial da D\u00edvida Ativa; Representa\u00e7\u00e3o judicial e extrajudicial do munic\u00edpio;<\/li>\n\n\n\n<li>Estar em dia com o servi\u00e7o militar, se do sexo masculino;<\/li>\n\n\n\n<li>Estar em dia com seus direitos pol\u00edticos e obriga\u00e7\u00f5es eleitorais;<\/li>\n\n\n\n<li>Ter plena aptid\u00e3o f\u00edsica e mental e n\u00e3o ser portador de defici\u00eancia f\u00edsica incompat\u00edvel com os requisitos e atribui\u00e7\u00f5es para o pleno exerc\u00edcio do cargo, comprovada em inspe\u00e7\u00e3o realizada pela Medicina do Trabalho da Administra\u00e7\u00e3o Municipal;<\/li>\n\n\n\n<li>Os candidatos deficientes, se aprovados e classificados, ser\u00e3o submetidos a uma Junta M\u00e9dica Oficial para a verifica\u00e7\u00e3o da compatibilidade de sua defici\u00eancia para o exerc\u00edcio dos requisitos e atribui\u00e7\u00f5es do cargo, ao final ser\u00e1 considerado apto ou inapto para o cargo.<\/li>\n\n\n\n<li>N\u00e3o ter sofrido nenhuma condena\u00e7\u00e3o em virtude de crime contra a Administra\u00e7\u00e3o;<\/li>\n\n\n\n<li>Ter idade m\u00ednima de 18 anos completos na data de nomea\u00e7\u00e3o e n\u00e3o ter completado 75 (setenta e cinco) anos, idade esta da aposentadoria compuls\u00f3ria dos servidores p\u00fablicos.<\/li>\n\n\n\n<li>No caso de ser egresso do quadro de servidores da Administra\u00e7\u00e3o P\u00fablica de qualquer esfera do Governo, na Administra\u00e7\u00e3o direta ou indireta, a qualquer tempo, apresentar certid\u00e3o negativa da vida funcional, e sendo positiva, com a respectiva certid\u00e3o de objeto e p\u00e9 do processo administrativo disciplinar de origem.<\/li>\n\n\n\n<li>Apresentar no ato da nomea\u00e7\u00e3o declara\u00e7\u00e3o quanto ao exerc\u00edcio ou n\u00e3o de cargo, emprego ou fun\u00e7\u00e3o p\u00fablica e sobre recebimento de provento decorrente de aposentadoria e pens\u00e3o;<\/li>\n\n\n\n<li>N\u00e3o ser\u00e3o nomeados ex-servidores p\u00fablicos demitidos nos \u00faltimos 8 (oito) anos, a bem do servi\u00e7o p\u00fablico, em qualquer \u00e1rea da administra\u00e7\u00e3o p\u00fablica; bem como os candidatos que tenham sofrido condena\u00e7\u00e3o criminal;<\/li>\n\n\n\n<li>Os candidatos aprovados somente ser\u00e3o convocados por ato expl\u00edcito da Administra\u00e7\u00e3o da Prefeitura do Munic\u00edpio de Itapevi e de acordo com as necessidades e disponibilidades financeiras da Administra\u00e7\u00e3o.<\/li>\n\n\n\n<li>N\u00e3o estar, no ato da nomea\u00e7\u00e3o, incompatibilizado para nova nomea\u00e7\u00e3o em novo cargo p\u00fablico;<\/li>\n\n\n\n<li>A n\u00e3o comprova\u00e7\u00e3o de qualquer dos requisitos exigidos, importar\u00e1 na exclus\u00e3o do candidato do respectivo concurso.<\/li>\n<\/ul>\n\n\n\n<h2 class=\"wp-block-heading\"><span class=\"ez-toc-section\" id=\"Como_os_candidatos_do_concurso_Prefeitura_de_Itapevi_serao_avaliados\"><\/span>Como os candidatos do concurso Prefeitura de Itapevi ser\u00e3o avaliados? <span class=\"ez-toc-section-end\"><\/span><\/h2>\n\n\n\n<p>Os candidatos do concurso Prefeitura de Itapevi ser\u00e3o avaliados por meio das seguintes etapas de sele\u00e7\u00e3o: prova objetiva (para todos os cargos), prova pr\u00e1tico-processual (para o cargo de Advogado de Creas), prova pr\u00e1tica (para o cargo de Condutor de Ve\u00edculos) e prova de t\u00edtulos (para os cargos de professores). <\/p>\n\n\n\n<p>Vamos conferir com mais detalhes? <\/p>\n\n\n\n<h3 class=\"wp-block-heading\">Prova Objetiva<\/h3>\n\n\n\n<p>A prova objetiva do concurso Prefeitura de Itapevi, que possui car\u00e1ter eliminat\u00f3rio e classificat\u00f3rio, ser\u00e1 aplicada na data prevista de <strong>9 de mar\u00e7o de 2025<\/strong>, nos turnos da manh\u00e3 e da tarde. <\/p>\n\n\n\n<p>A avalia\u00e7\u00e3o ser\u00e1 versada sobre as seguintes disciplinas: <\/p>\n\n\n\n<p><strong>Edital 001\/2024<\/strong><\/p>\n\n\n\n<ul>\n<li><strong>Agente Comunit\u00e1rio de Sa\u00fade, Recepcionista de Unidade de Sa\u00fade, T\u00e9cnico em Enfermagem, T\u00e9cnico em Farm\u00e1cia e T\u00e9cnico em Sa\u00fade Bucal<\/strong>\n<ul>\n<li>L\u00edngua Portuguesa: 10 quest\u00f5es<\/li>\n\n\n\n<li>Matem\u00e1tica: 10 quest\u00f5es<\/li>\n\n\n\n<li>Conhecimentos Espec\u00edficos: 20 quest\u00f5es <\/li>\n<\/ul>\n<\/li>\n\n\n\n<li><strong>Enfermeiro, Fisioterapeuta Neurol\u00f3gico, Fonoaudi\u00f3logo e Terapeuta Ocupacional<\/strong>\n<ul>\n<li>L\u00edngua Portuguesa: 15 quest\u00f5es<\/li>\n\n\n\n<li>Pol\u00edtica de Sa\u00fade: 10 quest\u00f5es<\/li>\n\n\n\n<li>Conhecimentos Espec\u00edficos: 25 quest\u00f5es<\/li>\n<\/ul>\n<\/li>\n\n\n\n<li><strong>M\u00e9dico \u2013 Cirurgi\u00e3o Geral<\/strong>\n<ul>\n<li>L\u00edngua Portuguesa: 10 quest\u00f5es<\/li>\n\n\n\n<li>Pol\u00edtica de Sa\u00fade: 10 quest\u00f5es<\/li>\n\n\n\n<li>Conhecimentos Espec\u00edficos: 20 quest\u00f5es<\/li>\n<\/ul>\n<\/li>\n\n\n\n<li><strong>M\u00e9dico &#8211; demais cargos <\/strong>\n<ul>\n<li>L\u00edngua Portuguesa: 5 quest\u00f5es<\/li>\n\n\n\n<li>Pol\u00edtica de Sa\u00fade: 10 quest\u00f5es<\/li>\n\n\n\n<li>Conhecimentos Espec\u00edficos: 25 quest\u00f5es <\/li>\n<\/ul>\n<\/li>\n<\/ul>\n\n\n\n<p><strong>Edital 002\/2024<\/strong><\/p>\n\n\n\n<ul>\n<li><strong>Agente de Administra\u00e7\u00e3o P\u00fablica, Agente de Inclus\u00e3o Escolar, Agente de Servi\u00e7os, Cuidador Social, Orientador Social, T\u00e9cnico em Agrimensura e Condutor de Ve\u00edculos<\/strong>\n<ul>\n<li>L\u00edngua Portuguesa: 10 quest\u00f5es<\/li>\n\n\n\n<li>Matem\u00e1tica: 10 quest\u00f5es<\/li>\n\n\n\n<li>Conhecimentos Espec\u00edficos: 20 quest\u00f5es <\/li>\n<\/ul>\n<\/li>\n\n\n\n<li><strong>Advogado de CREAS<\/strong>\n<ul>\n<li>Conhecimentos Espec\u00edficos: 50 quest\u00f5es<\/li>\n<\/ul>\n<\/li>\n\n\n\n<li><strong>Assistente Social, Auditor, Contador e Gestor Administrativo<\/strong>\n<ul>\n<li>L\u00edngua Portuguesa: 10 quest\u00f5es<\/li>\n\n\n\n<li>Matem\u00e1tica: 10 quest\u00f5es<\/li>\n\n\n\n<li>No\u00e7\u00f5es de Inform\u00e1tica: 5 quest\u00f5es<\/li>\n\n\n\n<li>Conhecimentos Espec\u00edficos: 25 quest\u00f5es<\/li>\n<\/ul>\n<\/li>\n\n\n\n<li><strong>Professores <\/strong>\n<ul>\n<li>L\u00edngua Portuguesa: 10 quest\u00f5es<\/li>\n\n\n\n<li>Conhecimentos Pedag\u00f3gicos e Legisla\u00e7\u00e3o: 15 quest\u00f5es<\/li>\n\n\n\n<li>Conhecimentos Espec\u00edficos: 25 quest\u00f5es <\/li>\n<\/ul>\n<\/li>\n<\/ul>\n\n\n\n<p><\/p>\n\n\n\n<p>A prova objetiva ter\u00e1 valor total de 100 pontos, sendo aprovado o candidato que obtiver nota igual ou superior a 50 pontos. <\/p>\n\n\n\n<h3 class=\"wp-block-heading\">Prova Pr\u00e1tico-Profissional <\/h3>\n\n\n\n<p>A prova pr\u00e1tico-profissional do concurso Prefeitura de Itapevi, de car\u00e1ter eliminat\u00f3rio e classificat\u00f3rio, ser\u00e1 aplicada na mesma data e hor\u00e1rio da prova objetiva. <\/p>\n\n\n\n<p>Essa etapa ser\u00e1 composta de uma pe\u00e7a processual que visa avaliar o grau de conhecimento e a capacidade de argumenta\u00e7\u00e3o t\u00e9cnica do candidato, necess\u00e1rios ao desempenho do cargo de Advogado do Creas. <\/p>\n\n\n\n<h3 class=\"wp-block-heading\">Prova de T\u00edtulos <\/h3>\n\n\n\n<p>A prova de t\u00edtulos, de car\u00e1ter classificat\u00f3rio, \u00e9 exclusiva para os cargos de professores. <\/p>\n\n\n\n<p>O envio dos t\u00edtulos dever\u00e1 ser feito atrav\u00e9s do site da banca organizadora do certame, entre os dias <strong>23 de novembro de 2024 at\u00e9 9 de janeiro de 2025. <\/strong><\/p>\n\n\n\n<p>Confira quais t\u00edtulos ser\u00e3o avaliados: <\/p>\n\n\n\n<figure class=\"wp-block-image size-full\"><img loading=\"lazy\" decoding=\"async\" width=\"632\" height=\"182\" src=\"https:\/\/www.editorasolucao.com.br\/blog\/wp-content\/uploads\/2024\/11\/titulos-prefeitura-de-itapevi.webp\" alt=\"Tabela de t\u00edtulos do concurso Prefeitura de Itapevi!\" class=\"wp-image-44964\"\/><figcaption class=\"wp-element-caption\"><em>Tabela de t\u00edtulos do concurso Prefeitura de Itapevi!<\/em><\/figcaption><\/figure>\n\n\n\n<h3 class=\"wp-block-heading\">Prova Pr\u00e1tica<\/h3>\n\n\n\n<p>A prova pr\u00e1tica ser\u00e1 composta por um percurso com dura\u00e7\u00e3o de aproximadamente, 20 minutos. <\/p>\n\n\n\n<p>Esse percurso objetiva aferir a experi\u00eancia, adequa\u00e7\u00e3o de atitudes, zelo com o ve\u00edculo, postura e habilidades do candidato em dirigir, na cidade ou na estrada, de acordo com o itiner\u00e1rio preestabelecido.<\/p>\n\n\n\n<p><\/p>\n\n\n\n<p><strong>Boa prova e bons estudos!<\/strong><\/p>\n","protected":false},"excerpt":{"rendered":"<p>Foram divulgados os editais do concurso Prefeitura de Itapevi que est\u00e3o ofertando 217 vagas imediatas para cargos de todos os n\u00edveis de escolaridade! <\/p>\n","protected":false},"author":21,"featured_media":44963,"template":"","meta":{"_acf_changed":false,"rank_math_lock_modified_date":false},"categories":[52],"tags":[4388],"acf":[],"_links":{"self":[{"href":"https:\/\/www.editorasolucao.com.br\/blog\/wp-json\/wp\/v2\/concurso\/1248"}],"collection":[{"href":"https:\/\/www.editorasolucao.com.br\/blog\/wp-json\/wp\/v2\/concurso"}],"about":[{"href":"https:\/\/www.editorasolucao.com.br\/blog\/wp-json\/wp\/v2\/types\/concurso"}],"author":[{"embeddable":true,"href":"https:\/\/www.editorasolucao.com.br\/blog\/wp-json\/wp\/v2\/users\/21"}],"wp:featuredmedia":[{"embeddable":true,"href":"https:\/\/www.editorasolucao.com.br\/blog\/wp-json\/wp\/v2\/media\/44963"}],"wp:attachment":[{"href":"https:\/\/www.editorasolucao.com.br\/blog\/wp-json\/wp\/v2\/media?parent=1248"}],"wp:term":[{"taxonomy":"category","embeddable":true,"href":"https:\/\/www.editorasolucao.com.br\/blog\/wp-json\/wp\/v2\/categories?post=1248"},{"taxonomy":"post_tag","embeddable":true,"href":"https:\/\/www.editorasolucao.com.br\/blog\/wp-json\/wp\/v2\/tags?post=1248"}],"curies":[{"name":"wp","href":"https:\/\/api.w.org\/{rel}","templated":true}]}}