{"id":12556,"date":"2024-04-09T12:28:03","date_gmt":"2024-04-09T15:28:03","guid":{"rendered":"https:\/\/www.editorasolucao.com.br\/blog\/?post_type=concurso&#038;p=12556"},"modified":"2024-04-23T10:51:46","modified_gmt":"2024-04-23T13:51:46","slug":"ministerio-da-saude","status":"publish","type":"concurso","link":"https:\/\/www.editorasolucao.com.br\/blog\/concurso\/ministerio-da-saude","title":{"rendered":"Concurso Minist\u00e9rio da Sa\u00fade: Edital publicado. 852 vagas para tempor\u00e1rios!"},"content":{"rendered":"\n<p>Aten\u00e7\u00e3o! O <strong>concurso Minist\u00e9rio da Sa\u00fade<\/strong> tem edital publicado com a oferta de 852 vagas para provimento imediato e para forma\u00e7\u00e3o de cadastro reserva para tempor\u00e1rios de n\u00edvel superior de escolaridade. Ficou interessado(a)? Confira os demais detalhes no decorrer da not\u00edcia. \ud83e\udd70<\/p>\n\n\n\n<div id=\"ez-toc-container\" class=\"ez-toc-v2_0_69_1 counter-hierarchy ez-toc-counter ez-toc-grey ez-toc-container-direction\">\n<div class=\"ez-toc-title-container\">\n<p class=\"ez-toc-title \" >Menu de navega&ccedil;&atilde;o<\/p>\n<span class=\"ez-toc-title-toggle\"><a href=\"#\" class=\"ez-toc-pull-right ez-toc-btn ez-toc-btn-xs ez-toc-btn-default ez-toc-toggle\" aria-label=\"Toggle Table of Content\"><span class=\"ez-toc-js-icon-con\"><span class=\"\"><span class=\"eztoc-hide\" style=\"display:none;\">Toggle<\/span><span class=\"ez-toc-icon-toggle-span\"><svg style=\"fill: #999;color:#999\" xmlns=\"http:\/\/www.w3.org\/2000\/svg\" class=\"list-377408\" width=\"20px\" height=\"20px\" viewBox=\"0 0 24 24\" fill=\"none\"><path d=\"M6 6H4v2h2V6zm14 0H8v2h12V6zM4 11h2v2H4v-2zm16 0H8v2h12v-2zM4 16h2v2H4v-2zm16 0H8v2h12v-2z\" fill=\"currentColor\"><\/path><\/svg><svg style=\"fill: #999;color:#999\" class=\"arrow-unsorted-368013\" xmlns=\"http:\/\/www.w3.org\/2000\/svg\" width=\"10px\" height=\"10px\" viewBox=\"0 0 24 24\" version=\"1.2\" baseProfile=\"tiny\"><path d=\"M18.2 9.3l-6.2-6.3-6.2 6.3c-.2.2-.3.4-.3.7s.1.5.3.7c.2.2.4.3.7.3h11c.3 0 .5-.1.7-.3.2-.2.3-.5.3-.7s-.1-.5-.3-.7zM5.8 14.7l6.2 6.3 6.2-6.3c.2-.2.3-.5.3-.7s-.1-.5-.3-.7c-.2-.2-.4-.3-.7-.3h-11c-.3 0-.5.1-.7.3-.2.2-.3.5-.3.7s.1.5.3.7z\"\/><\/svg><\/span><\/span><\/span><\/a><\/span><\/div>\n<nav><ul class='ez-toc-list ez-toc-list-level-1 ' ><li class='ez-toc-page-1 ez-toc-heading-level-2'><a class=\"ez-toc-link ez-toc-heading-1\" href=\"https:\/\/www.editorasolucao.com.br\/blog\/concurso\/ministerio-da-saude\/#Como_serao_as_inscricoes_do_concurso_Ministerio_da_Saude\" title=\"Como ser\u00e3o as inscri\u00e7\u00f5es do concurso Minist\u00e9rio da Sa\u00fade?\">Como ser\u00e3o as inscri\u00e7\u00f5es do concurso Minist\u00e9rio da Sa\u00fade?<\/a><\/li><li class='ez-toc-page-1 ez-toc-heading-level-2'><a class=\"ez-toc-link ez-toc-heading-2\" href=\"https:\/\/www.editorasolucao.com.br\/blog\/concurso\/ministerio-da-saude\/#Quantas_vagas_serao_ofertadas_no_concurso_Ministerio_da_Saude\" title=\"Quantas vagas ser\u00e3o ofertadas no concurso Minist\u00e9rio da Sa\u00fade?\">Quantas vagas ser\u00e3o ofertadas no concurso Minist\u00e9rio da Sa\u00fade?<\/a><\/li><li class='ez-toc-page-1 ez-toc-heading-level-2'><a class=\"ez-toc-link ez-toc-heading-3\" href=\"https:\/\/www.editorasolucao.com.br\/blog\/concurso\/ministerio-da-saude\/#Quais_sao_os_requisitos_para_participar_do_concurso_Ministerio_da_Saude\" title=\"Quais s\u00e3o os requisitos para participar do concurso Minist\u00e9rio da Sa\u00fade?\">Quais s\u00e3o os requisitos para participar do concurso Minist\u00e9rio da Sa\u00fade?<\/a><\/li><li class='ez-toc-page-1 ez-toc-heading-level-2'><a class=\"ez-toc-link ez-toc-heading-4\" href=\"https:\/\/www.editorasolucao.com.br\/blog\/concurso\/ministerio-da-saude\/#Quais_sao_as_atribuicoes_dos_cargos_ofertados_no_certame\" title=\"Quais s\u00e3o as atribui\u00e7\u00f5es dos cargos ofertados no certame?\">Quais s\u00e3o as atribui\u00e7\u00f5es dos cargos ofertados no certame?<\/a><\/li><li class='ez-toc-page-1 ez-toc-heading-level-2'><a class=\"ez-toc-link ez-toc-heading-5\" href=\"https:\/\/www.editorasolucao.com.br\/blog\/concurso\/ministerio-da-saude\/#Quais_sao_as_etapas_de_selecao_do_concurso_Ministerio_da_Saude\" title=\"Quais s\u00e3o as etapas de sele\u00e7\u00e3o do concurso Minist\u00e9rio da Sa\u00fade?\">Quais s\u00e3o as etapas de sele\u00e7\u00e3o do concurso Minist\u00e9rio da Sa\u00fade?<\/a><\/li><li class='ez-toc-page-1 ez-toc-heading-level-2'><a class=\"ez-toc-link ez-toc-heading-6\" href=\"https:\/\/www.editorasolucao.com.br\/blog\/concurso\/ministerio-da-saude\/#Ministerio_da_Saude\" title=\"Minist\u00e9rio da Sa\u00fade\">Minist\u00e9rio da Sa\u00fade<\/a><\/li><\/ul><\/nav><\/div>\n<h2 class=\"wp-block-heading\" id=\"situa\u00e7\u00e3o\"><span class=\"ez-toc-section\" id=\"Como_serao_as_inscricoes_do_concurso_Ministerio_da_Saude\"><\/span>Como ser\u00e3o as inscri\u00e7\u00f5es do concurso Minist\u00e9rio da Sa\u00fade?<span class=\"ez-toc-section-end\"><\/span><\/h2>\n\n\n\n<p>Os interessados em participar do certame poder\u00e3o realizar as inscri\u00e7\u00f5es <strong>a partir das 09h do dia 10 de abril at\u00e9 \u00e0s 14h do dia 29 de abril de 2024<\/strong>, atrav\u00e9s do site da banca organizadora, <a href=\"https:\/\/www.institutoaocp.org.br\/concursos\/609\" target=\"_blank\" rel=\"noreferrer noopener\">Instituto AOCP<\/a>.<\/p>\n\n\n\n<p>Para que a inscri\u00e7\u00e3o seja efetivada \u00e9 necess\u00e1rio que o candidato efetue o pagamento de uma taxa no valor fixo de <strong>R$ 36,00<\/strong>.<\/p>\n\n\n\n<p>Haver\u00e1 a possibilidade de solicitar a isen\u00e7\u00e3o da taxa de participa\u00e7\u00e3o <strong>entre os dias 10 e 12 de abril de 2024<\/strong>, para o candidato que se adequarem a uma das seguintes condi\u00e7\u00f5es:<\/p>\n\n\n\n<ol>\n<li>Economicamente hipossuficiente que estiver inscrito no Cadastro \u00danico para Programas Sociais do Governo Federal &#8211; Cad\u00danico, de que trata o Decreto n\u00ba 11.016, de 29 de mar\u00e7o de 2022, e for membro de fam\u00edlia de baixa renda, nos termos do 11.016, de 29 de mar\u00e7o de 2022; ou<\/li>\n\n\n\n<li>For doador de medula \u00f3ssea em entidades reconhecidas pelo Minist\u00e9rio da Sa\u00fade, nos termos da Lei n\u00ba 13.656\/2018.<\/li>\n<\/ol>\n\n\n\n<h2 class=\"wp-block-heading\" id=\"cargos\"><span class=\"ez-toc-section\" id=\"Quantas_vagas_serao_ofertadas_no_concurso_Ministerio_da_Saude\"><\/span>Quantas vagas ser\u00e3o ofertadas no concurso Minist\u00e9rio da Sa\u00fade?<span class=\"ez-toc-section-end\"><\/span><\/h2>\n\n\n\n<p>Conforme o edital, ao todo est\u00e3o sendo ofertadas 852 vagas, sendo <strong>300 vagas imediatas mais 552 oportunidades para forma\u00e7\u00e3o de cadastro reserva <\/strong>para cargos de n\u00edvel superior. Confira os cargos ofertados, a distribui\u00e7\u00e3o das vagas e os sal\u00e1rios:<\/p>\n\n\n\n<ol>\n<li>Gestor (16+45CR)\n<ul>\n<li>R$ 8.300,00<\/li>\n<\/ul>\n<\/li>\n\n\n\n<li>Analista de dados e controle de qualidade (12+37CR)\n<ul>\n<li>R$ 6.130,00<\/li>\n<\/ul>\n<\/li>\n\n\n\n<li>Analista de requisitos processuais, normativos, econ\u00f4micos, financeiros e pol\u00edticos de sa\u00fade (218+302CR)\n<ul>\n<li>R$ 6.130,00<\/li>\n<\/ul>\n<\/li>\n\n\n\n<li>Analista t\u00e9cnico em edifica\u00e7\u00f5es (08+28CR)\n<ul>\n<li>R$ 6.130,00<\/li>\n<\/ul>\n<\/li>\n\n\n\n<li>Analista t\u00e9cnico em equipamentos (18+61CR)\n<ul>\n<li>R$ 6.130,00<\/li>\n<\/ul>\n<\/li>\n\n\n\n<li>T\u00e9cnico administrativo (28+79CR)\n<ul>\n<li>R$ 3.800,00<\/li>\n<\/ul>\n<\/li>\n<\/ol>\n\n\n\n<p>A carga hor\u00e1ria \u00e9 de 40 horas semanais para todos os cargos ofertados.<\/p>\n\n\n\n<h2 class=\"wp-block-heading\" id=\"requisitos\"><span class=\"ez-toc-section\" id=\"Quais_sao_os_requisitos_para_participar_do_concurso_Ministerio_da_Saude\"><\/span>Quais s\u00e3o os requisitos para participar do concurso Minist\u00e9rio da Sa\u00fade?<span class=\"ez-toc-section-end\"><\/span><\/h2>\n\n\n\n<p>Confira quais s\u00e3o as exig\u00eancias do <strong>concurso Minist\u00e9rio da Sa\u00fade <\/strong>para que o candidato tome posse do cargo pretendido:<\/p>\n\n\n\n<ul>\n<li>Atender aos requisitos descritos no item \u201cInscri\u00e7\u00f5es\u201d;<\/li>\n\n\n\n<li>Estar em dia com as obriga\u00e7\u00f5es eleitorais;<\/li>\n\n\n\n<li>Estar em dia com as obriga\u00e7\u00f5es do servi\u00e7o militar, para os candidatos do sexo masculino;<\/li>\n\n\n\n<li>Ter idade m\u00ednima de 18 anos completos na data de contrata\u00e7\u00e3o;<\/li>\n\n\n\n<li>Ter nacionalidade brasileira ou portuguesa e, em caso de nacionalidade portuguesa, estar amparado pelo estatuto de igualdade entre brasileiros e portugueses, com reconhecimento de direitos e obriga\u00e7\u00f5es civis e de gozo de direitos pol\u00edticos, nos termos do \u00a7 1\u00ba, art. 12, da Constitui\u00e7\u00e3o Federal e do Tratado de Amizade, Coopera\u00e7\u00e3o e Consulta, promulgado no Brasil por meio do Decreto n\u00ba 3.927\/2001.<\/li>\n\n\n\n<li>Apresentar diploma, devidamente registrado, de conclus\u00e3o de curso de n\u00edvel superior, fornecido por institui\u00e7\u00e3o de ensino, reconhecida pelo Minist\u00e9rio da Educa\u00e7\u00e3o, ou c\u00f3pia autenticada em cart\u00f3rio para a \u00e1rea de atua\u00e7\u00e3o espec\u00edfica classificada;<\/li>\n\n\n\n<li>Estar devidamente registrado e em dia junto ao respectivo Conselho Profissional espec\u00edfico, para o cargo que assim o exigir;<\/li>\n\n\n\n<li>Estar em pleno gozo dos direitos pol\u00edticos;<\/li>\n\n\n\n<li>Cumprir as determina\u00e7\u00f5es deste edital.<\/li>\n<\/ul>\n\n\n\n<h2 class=\"wp-block-heading\" id=\"atribui\u00e7\u00f5es\"><span class=\"ez-toc-section\" id=\"Quais_sao_as_atribuicoes_dos_cargos_ofertados_no_certame\"><\/span>Quais s\u00e3o as atribui\u00e7\u00f5es dos cargos ofertados no certame?<span class=\"ez-toc-section-end\"><\/span><\/h2>\n\n\n\n<p>Saiba quais s\u00e3o as <strong>atividades atribu\u00eddas<\/strong> a cada cargo ofertado no concurso Minist\u00e9rio da Sa\u00fade:<\/p>\n\n\n\n<ol>\n<li>Gestor:\n<ul>\n<li>Atividades t\u00e9cnicas de complexidade gerencial, compreendendo defini\u00e7\u00e3o de diretrizes estrat\u00e9gicas, proposi\u00e7\u00e3o de projetos, coordena\u00e7\u00e3o, supervis\u00e3o, monitoramento e avalia\u00e7\u00e3o da implementa\u00e7\u00e3o.<\/li>\n<\/ul>\n<\/li>\n\n\n\n<li>Analista de dados e controle de qualidade:\n<ul>\n<li>An\u00e1lise e interpreta\u00e7\u00e3o de dados de execu\u00e7\u00e3o instrumentos de repasse de recursos realizados no \u00e2mbito do minist\u00e9rio da sa\u00fade. <\/li>\n\n\n\n<li>Elabora\u00e7\u00e3o de metas e procedimentos para o monitoramento das atividades desenvolvidas na gest\u00e3o e execu\u00e7\u00e3o de instrumentos de repasse de recursos realizados no \u00e2mbito do minist\u00e9rio da sa\u00fade. <\/li>\n\n\n\n<li>Elaborar relat\u00f3rios de acompanhamento de metas e de desempenho quantitativo e qualitativo no \u00e2mbito das an\u00e1lises de presta\u00e7\u00e3o de contas, processo de devolu\u00e7\u00e3o de recursos e instaura\u00e7\u00e3o de tomadas no \u00e2mbito do minist\u00e9rio da sa\u00fade.<\/li>\n<\/ul>\n<\/li>\n\n\n\n<li>Analista de requisitos processuais, normativos, econ\u00f4micos, financeiros e pol\u00edticos de sa\u00fade:\n<ul>\n<li>An\u00e1lise financeira, de presta\u00e7\u00e3o de contas, de requisitos normativos, elabora\u00e7\u00e3o de pareceres, realiza\u00e7\u00e3o de notifica\u00e7\u00f5es, atualiza\u00e7\u00f5es em sistemas oficiais, realiza\u00e7\u00e3o de conformidade processual, an\u00e1lise de alcance de objetivos das pol\u00edticas de sa\u00fade e indica\u00e7\u00e3o de pressupostos para instaura\u00e7\u00e3o de tomada de contas.<\/li>\n<\/ul>\n<\/li>\n\n\n\n<li>Analista t\u00e9cnico em edifica\u00e7\u00f5es:\n<ul>\n<li>Elabora\u00e7\u00e3o e emiss\u00e3o de estudos e pareceres de an\u00e1lise t\u00e9cnica econ\u00f4mica de obras de Estabelecimentos Assistenciais de Sa\u00fade, an\u00e1lise de projetos b\u00e1sico de arquitetura, planilhas or\u00e7ament\u00e1rias de Obras e demais documenta\u00e7\u00f5es t\u00e9cnicas de Engenharia.<\/li>\n<\/ul>\n<\/li>\n\n\n\n<li>Analista t\u00e9cnico em equipamentos:\n<ul>\n<li>Elabora\u00e7\u00e3o e emiss\u00e3o de estudos e pareceres de an\u00e1lise t\u00e9cnica econ\u00f4mica de equipamentos m\u00e9dico-hospitalares, e avalia\u00e7\u00e3o de resultados dos instrumentos de repasse de recursos.<\/li>\n<\/ul>\n<\/li>\n\n\n\n<li>T\u00e9cnico administrativo:\n<ul>\n<li>Realiza\u00e7\u00e3o de atividades t\u00e9cnicas de suporte administrativo.<\/li>\n<\/ul>\n<\/li>\n<\/ol>\n\n\n\n<h2 class=\"wp-block-heading\" id=\"etapas\"><span class=\"ez-toc-section\" id=\"Quais_sao_as_etapas_de_selecao_do_concurso_Ministerio_da_Saude\"><\/span>Quais s\u00e3o as etapas de sele\u00e7\u00e3o do concurso Minist\u00e9rio da Sa\u00fade?<span class=\"ez-toc-section-end\"><\/span><\/h2>\n\n\n\n<p>Os candidatos ser\u00e3o avaliados por meio de <strong>Avalia\u00e7\u00e3o de T\u00edtulos e Experi\u00eancia Profissional<\/strong>, portando todos os documentos que se pretende pontuar dever\u00e3o ser preenchidos numa \u00fanica vez no formul\u00e1rio de cadastro de t\u00edtulos e experi\u00eancia profissional.<\/p>\n\n\n\n<p>\u00c9 de responsabilidade do candidato o cadastramento dos t\u00edtulos e da experi\u00eancia profissional no site da banca organizadora, o envio dos documentos e a comprova\u00e7\u00e3o dos t\u00edtulos e experi\u00eancia.<\/p>\n\n\n\n<p>Aten\u00e7\u00e3o! Os documentos dever\u00e3o ser enviados no ato de inscri\u00e7\u00e3o da candidatura.<\/p>\n\n\n\n<p><a href=\"https:\/\/www.editorasolucao.com.br\/blog\/wp-content\/uploads\/2024\/04\/Avaliacao-de-titulos_Ministerio-da-Saude.pdf\" target=\"_blank\" rel=\"noreferrer noopener\">Clique aqui e confira<\/a> quais ser\u00e3o os t\u00edtulos aceitos para a avalia\u00e7\u00e3o de cada cargo ofertado.<\/p>\n\n\n\n<h2 class=\"wp-block-heading\" id=\"minist\u00e9rio\"><span class=\"ez-toc-section\" id=\"Ministerio_da_Saude\"><\/span>Minist\u00e9rio da Sa\u00fade <span class=\"ez-toc-section-end\"><\/span><\/h2>\n\n\n\n<p>O Minist\u00e9rio da Sa\u00fade \u00e9 o \u00f3rg\u00e3o do <strong>Poder Executivo Federal <\/strong>respons\u00e1vel pela organiza\u00e7\u00e3o e elabora\u00e7\u00e3o de planos e pol\u00edticas p\u00fablicas voltados para a promo\u00e7\u00e3o, a preven\u00e7\u00e3o e a assist\u00eancia \u00e0 sa\u00fade dos brasileiros.<\/p>\n\n\n\n<p>\u00c9 <strong>fun\u00e7\u00e3o <\/strong>do Minist\u00e9rio dispor de condi\u00e7\u00f5es para a prote\u00e7\u00e3o e recupera\u00e7\u00e3o da sa\u00fade da popula\u00e7\u00e3o, reduzindo as enfermidades, bem como controlando as doen\u00e7as end\u00eamicas e parasit\u00e1rias e melhorando a vigil\u00e2ncia \u00e0 sa\u00fade, dando, assim, mais qualidade de vida ao brasileiro.<\/p>\n\n\n\n<h3 class=\"wp-block-heading\">Miss\u00e3o<\/h3>\n\n\n\n<p><strong>Promover a sa\u00fade da popula\u00e7\u00e3o<\/strong> mediante a integra\u00e7\u00e3o e a constru\u00e7\u00e3o de parcerias com os \u00f3rg\u00e3os federais, as unidades da Federa\u00e7\u00e3o, os munic\u00edpios, a iniciativa privada e a sociedade, por fim, contribuindo para a melhoria da qualidade de vida e para o exerc\u00edcio da cidadania.<\/p>\n\n\n\n<p><strong>Bons estudos!!!<\/strong><\/p>\n","protected":false},"excerpt":{"rendered":"<p>Aten\u00e7\u00e3o! O concurso Minist\u00e9rio da Sa\u00fade tem edital publicado com a oferta de 852 vagas para provimento imediato e para forma\u00e7\u00e3o de cadastro reserva para tempor\u00e1rios de n\u00edvel superior de escolaridade. Ficou interessado(a)? Confira os demais detalhes no decorrer da not\u00edcia. \ud83e\udd70 Como ser\u00e3o as inscri\u00e7\u00f5es do concurso Minist\u00e9rio da Sa\u00fade? Os interessados em participar do certame poder\u00e3o realizar as inscri\u00e7\u00f5es a partir das 09h do dia 10 de abril at\u00e9 \u00e0s 14h do dia 29 de abril de 2024, atrav\u00e9s do site da banca organizadora, Instituto AOCP. Para que a inscri\u00e7\u00e3o seja efetivada \u00e9 necess\u00e1rio que o candidato efetue&#8230;<\/p>\n","protected":false},"author":18,"featured_media":41767,"template":"","meta":{"_acf_changed":false,"rank_math_lock_modified_date":false},"categories":[],"tags":[],"acf":[],"_links":{"self":[{"href":"https:\/\/www.editorasolucao.com.br\/blog\/wp-json\/wp\/v2\/concurso\/12556"}],"collection":[{"href":"https:\/\/www.editorasolucao.com.br\/blog\/wp-json\/wp\/v2\/concurso"}],"about":[{"href":"https:\/\/www.editorasolucao.com.br\/blog\/wp-json\/wp\/v2\/types\/concurso"}],"author":[{"embeddable":true,"href":"https:\/\/www.editorasolucao.com.br\/blog\/wp-json\/wp\/v2\/users\/18"}],"wp:featuredmedia":[{"embeddable":true,"href":"https:\/\/www.editorasolucao.com.br\/blog\/wp-json\/wp\/v2\/media\/41767"}],"wp:attachment":[{"href":"https:\/\/www.editorasolucao.com.br\/blog\/wp-json\/wp\/v2\/media?parent=12556"}],"wp:term":[{"taxonomy":"category","embeddable":true,"href":"https:\/\/www.editorasolucao.com.br\/blog\/wp-json\/wp\/v2\/categories?post=12556"},{"taxonomy":"post_tag","embeddable":true,"href":"https:\/\/www.editorasolucao.com.br\/blog\/wp-json\/wp\/v2\/tags?post=12556"}],"curies":[{"name":"wp","href":"https:\/\/api.w.org\/{rel}","templated":true}]}}