{"id":12699,"date":"2020-09-11T17:38:36","date_gmt":"2020-09-11T20:38:36","guid":{"rendered":"https:\/\/www.editorasolucao.com.br\/blog\/?post_type=concurso&#038;p=12699"},"modified":"2020-09-11T17:38:38","modified_gmt":"2020-09-11T20:38:38","slug":"prefeitura-de-corumbiara-ro","status":"publish","type":"concurso","link":"https:\/\/www.editorasolucao.com.br\/blog\/concurso\/prefeitura-de-corumbiara-ro","title":{"rendered":"Concurso Prefeitura de Corumbiara &#8211; RO 2020: Sal\u00e1rios de at\u00e9 R$ 7,1 mil!"},"content":{"rendered":"\n<p>Foi divulgado o <a rel=\"noreferrer noopener\" aria-label=\"Edital (abre em uma nova aba)\" href=\"https:\/\/www.editorasolucao.com.br\" target=\"_blank\">Edital<\/a> do <strong>Concurso Prefeitura de Corumbiara<\/strong>, no estado de <a href=\"https:\/\/www.editorasolucao.com.br\/blog\/concursos-abertos-ro\" target=\"_blank\" rel=\"noreferrer noopener\" aria-label=\"Rond\u00f4nia (abre em uma nova aba)\">Rond\u00f4nia<\/a>, que oferece <strong>vagas para candidatos de todos os n\u00edveis de escolaridade<\/strong>, com sal\u00e1rios que chegam a <strong>R$ 7,1 mil<\/strong>. Confira os detalhes ao decorrer do texto.<\/p>\n\n\n\n<div id=\"ez-toc-container\" class=\"ez-toc-v2_0_69_1 counter-hierarchy ez-toc-counter ez-toc-grey ez-toc-container-direction\">\n<div class=\"ez-toc-title-container\">\n<p class=\"ez-toc-title \" >Menu de navega&ccedil;&atilde;o<\/p>\n<span class=\"ez-toc-title-toggle\"><a href=\"#\" class=\"ez-toc-pull-right ez-toc-btn ez-toc-btn-xs ez-toc-btn-default ez-toc-toggle\" aria-label=\"Toggle Table of Content\"><span class=\"ez-toc-js-icon-con\"><span class=\"\"><span class=\"eztoc-hide\" style=\"display:none;\">Toggle<\/span><span class=\"ez-toc-icon-toggle-span\"><svg style=\"fill: #999;color:#999\" xmlns=\"http:\/\/www.w3.org\/2000\/svg\" class=\"list-377408\" width=\"20px\" height=\"20px\" viewBox=\"0 0 24 24\" fill=\"none\"><path d=\"M6 6H4v2h2V6zm14 0H8v2h12V6zM4 11h2v2H4v-2zm16 0H8v2h12v-2zM4 16h2v2H4v-2zm16 0H8v2h12v-2z\" fill=\"currentColor\"><\/path><\/svg><svg style=\"fill: #999;color:#999\" class=\"arrow-unsorted-368013\" xmlns=\"http:\/\/www.w3.org\/2000\/svg\" width=\"10px\" height=\"10px\" viewBox=\"0 0 24 24\" version=\"1.2\" baseProfile=\"tiny\"><path d=\"M18.2 9.3l-6.2-6.3-6.2 6.3c-.2.2-.3.4-.3.7s.1.5.3.7c.2.2.4.3.7.3h11c.3 0 .5-.1.7-.3.2-.2.3-.5.3-.7s-.1-.5-.3-.7zM5.8 14.7l6.2 6.3 6.2-6.3c.2-.2.3-.5.3-.7s-.1-.5-.3-.7c-.2-.2-.4-.3-.7-.3h-11c-.3 0-.5.1-.7.3-.2.2-.3.5-.3.7s.1.5.3.7z\"\/><\/svg><\/span><\/span><\/span><\/a><\/span><\/div>\n<nav><ul class='ez-toc-list ez-toc-list-level-1 ' ><li class='ez-toc-page-1 ez-toc-heading-level-2'><a class=\"ez-toc-link ez-toc-heading-1\" href=\"https:\/\/www.editorasolucao.com.br\/blog\/concurso\/prefeitura-de-corumbiara-ro\/#Inscricoes_do_Concurso_de_Corumbiara_%E2%80%93_RO\" title=\"Inscri\u00e7\u00f5es do Concurso de Corumbiara \u2013 RO\">Inscri\u00e7\u00f5es do Concurso de Corumbiara \u2013 RO<\/a><\/li><li class='ez-toc-page-1 ez-toc-heading-level-2'><a class=\"ez-toc-link ez-toc-heading-2\" href=\"https:\/\/www.editorasolucao.com.br\/blog\/concurso\/prefeitura-de-corumbiara-ro\/#Cargos_vagas_e_salarios_do_Concurso_Prefeitura_de_Corumbiara_%E2%80%93_RO\" title=\"Cargos, vagas e sal\u00e1rios do Concurso Prefeitura de Corumbiara \u2013 RO\">Cargos, vagas e sal\u00e1rios do Concurso Prefeitura de Corumbiara \u2013 RO<\/a><\/li><li class='ez-toc-page-1 ez-toc-heading-level-2'><a class=\"ez-toc-link ez-toc-heading-3\" href=\"https:\/\/www.editorasolucao.com.br\/blog\/concurso\/prefeitura-de-corumbiara-ro\/#Quais_sao_os_requisitos_basicos_para_a_investidura_nos_cargos_do_Concurso_de_Corumbiara_%E2%80%93_RO\" title=\"Quais s\u00e3o os requisitos b\u00e1sicos para a investidura nos cargos do Concurso de Corumbiara \u2013 RO?\">Quais s\u00e3o os requisitos b\u00e1sicos para a investidura nos cargos do Concurso de Corumbiara \u2013 RO?<\/a><\/li><li class='ez-toc-page-1 ez-toc-heading-level-2'><a class=\"ez-toc-link ez-toc-heading-4\" href=\"https:\/\/www.editorasolucao.com.br\/blog\/concurso\/prefeitura-de-corumbiara-ro\/#Como_serao_as_provas_do_Concurso_Prefeitura_de_Corumbiara_%E2%80%93_RO\" title=\"Como ser\u00e3o as provas do Concurso Prefeitura de Corumbiara \u2013 RO?\">Como ser\u00e3o as provas do Concurso Prefeitura de Corumbiara \u2013 RO?<\/a><\/li><\/ul><\/nav><\/div>\n<h2 class=\"wp-block-heading\"><span class=\"ez-toc-section\" id=\"Inscricoes_do_Concurso_de_Corumbiara_%E2%80%93_RO\"><\/span>Inscri\u00e7\u00f5es do Concurso de Corumbiara \u2013 RO<span class=\"ez-toc-section-end\"><\/span><\/h2>\n\n\n\n<p>As inscri\u00e7\u00f5es devem ser realizadas atrav\u00e9s do site da banca organizadora MS Concursos, at\u00e9 o dia <strong>24 de setembro de 2020<\/strong>. Para efetuar a inscri\u00e7\u00e3o \u00e9 necess\u00e1rio pagar uma taxa com valor referente ao n\u00edvel do cargo desejado. <\/p>\n\n\n\n<ul><li><strong>N\u00edvel Fundamental:<\/strong> R$ 50,00<\/li><li><strong> N\u00edvel M\u00e9dio\/T\u00e9cnico:<\/strong> R$ 70,00<\/li><li> <strong>N\u00edvel Superior:<\/strong> R$ 90,00<\/li><\/ul>\n\n\n\n<p><\/p>\n\n\n\n<p>Haver\u00e1 <strong>isen\u00e7\u00e3o do pagamento da taxa de inscri\u00e7\u00e3o<\/strong> para o candidato que atender os seguintes crit\u00e9rios: <\/p>\n\n\n\n<ul><li>Estiver inscrito no Cadastro \u00danico para Programas Sociais do Governo Federal (Cad\u00danico);<\/li><li> Pertencer \u00e0 fam\u00edlia de baixa renda, com renda mensal per capita de at\u00e9 meio sal\u00e1rio m\u00ednimo.<\/li><\/ul>\n\n\n\n<p><\/p>\n\n\n\n<p>A solicita\u00e7\u00e3o deve ser feita at\u00e9 o dia <strong>14 de setembro de 2020<\/strong>.<\/p>\n\n\n\n<h2 class=\"wp-block-heading\"><span class=\"ez-toc-section\" id=\"Cargos_vagas_e_salarios_do_Concurso_Prefeitura_de_Corumbiara_%E2%80%93_RO\"><\/span>Cargos, vagas e sal\u00e1rios do Concurso Prefeitura de Corumbiara \u2013 RO<span class=\"ez-toc-section-end\"><\/span><\/h2>\n\n\n\n<p>S\u00e3o ofertadas <strong>08 vagas imediatas mais forma\u00e7\u00e3o de cadastro reserva para candidatos de n\u00edveis Fundamental, M\u00e9dio, T\u00e9cnico e Superior<\/strong>, com sal\u00e1rios que v\u00e3o de <strong>R$ 800,00 a R$ 7.100,00<\/strong> e jornadas de trabalho de 40 horas semanais. Abaixo est\u00e3o a quantidade de oportunidades correspondentes a cada fun\u00e7\u00e3o. <\/p>\n\n\n\n<p><strong>N\u00edvel Fundamental<\/strong><\/p>\n\n\n\n<p>Carpinteiro; Coveiro; Gari; Marceneiro; Mec\u00e2nico; Merendeira; Monitor de transporte escolar; Motorista de ve\u00edculos oficiais; Operador de m\u00e1quinas pesadas (1); Zeladora;<\/p>\n\n\n\n<p><strong>N\u00edvel M\u00e9dio\/T\u00e9cnico<\/strong><\/p>\n\n\n\n<p>Agente administrativo; Cuidador; Desenhista cadista; Fiscal de obras; Fiscal de vigil\u00e2ncia sanit\u00e1ria; Fiscal de tributos; T\u00e9cnico em edifica\u00e7\u00f5es; T\u00e9cnico em radiologia;<\/p>\n\n\n\n<p><strong>N\u00edvel Superior<\/strong><\/p>\n\n\n\n<p>Advogado (Procurador jur\u00eddico); Analista administrativo em conv\u00eanios; Analista de planejamento, or\u00e7amento e finan\u00e7as p\u00fablicas; Assistente social; Bioqu\u00edmico; Controlador geral; Enfermeiro (2); Engenheiro civil; Farmac\u00eautico; Fisioterapeuta; M\u00e9dico (2); Nutricionista; Odont\u00f3logo; Professor pedagogia (3); e Psic\u00f3logo.<\/p>\n\n\n\n<h2 class=\"wp-block-heading\"><span class=\"ez-toc-section\" id=\"Quais_sao_os_requisitos_basicos_para_a_investidura_nos_cargos_do_Concurso_de_Corumbiara_%E2%80%93_RO\"><\/span>Quais s\u00e3o os requisitos b\u00e1sicos para a investidura nos cargos do Concurso de Corumbiara \u2013 RO?<span class=\"ez-toc-section-end\"><\/span><\/h2>\n\n\n\n<p>Saiba quais s\u00e3o as exig\u00eancias para que o candidato tome posse dos cargos ofertados:<\/p>\n\n\n\n<ul><li>Ser brasileiro nato, ou naturalizado, ou ainda cidad\u00e3o portugu\u00eas, ao qual foi deferida a igualdade nas condi\u00e7\u00f5es previstas no par\u00e1grafo 1\u00ba do art. 12 da Constitui\u00e7\u00e3o Federal; <\/li><li> Estar em dia com as obriga\u00e7\u00f5es eleitorais; <\/li><li> Estar em dia com as obriga\u00e7\u00f5es militares, se do sexo masculino; <\/li><li> Ter, na data da posse, no m\u00ednimo, 18 (dezoito) anos completos; <\/li><li> Estar em pleno gozo dos direitos civis e pol\u00edticos; <\/li><li> N\u00e3o ter sido demitido por justa causa por \u00f3rg\u00e3o p\u00fablico federal, estadual e municipal; <\/li><li> Possuir aptid\u00e3o f\u00edsica e mental, comprovada em pr\u00e9via inspe\u00e7\u00e3o m\u00e9dica oficial, admitida a incapacidade f\u00edsica parcial, na forma dos art. 14 e 15 da Lei Complementar n\u00ba 961, de 07 de fevereiro de 2020 e regulamenta\u00e7\u00e3o espec\u00edfica; <\/li><li> N\u00edvel de escolaridade e demais requisitos exigidos para o desempenho do cargo.<\/li><\/ul>\n\n\n\n<h2 class=\"wp-block-heading\"><span class=\"ez-toc-section\" id=\"Como_serao_as_provas_do_Concurso_Prefeitura_de_Corumbiara_%E2%80%93_RO\"><\/span>Como ser\u00e3o as provas do Concurso Prefeitura de Corumbiara \u2013 RO?<span class=\"ez-toc-section-end\"><\/span><\/h2>\n\n\n\n<p>O certame ser\u00e1 composto pelas seguintes etapas: <\/p>\n\n\n\n<ul><li><strong>Prova Objetiva<\/strong>, de car\u00e1ter eliminat\u00f3rio e classificat\u00f3rio (para todos os cargos);<\/li><li> <strong>Reda\u00e7\u00e3o<\/strong>, de car\u00e1ter eliminat\u00f3rio (para os cargos de n\u00edvel Superior);<\/li><li> <strong>Prova Pr\u00e1tica<\/strong>, de car\u00e1ter eliminat\u00f3rio (para os cargos de Carpinteiro, Marceneiro, Mec\u00e2nico, Motorista de Ve\u00edculos Oficiais, Operador de M\u00e1quinas Pesadas e Professor de Pedagogia); e<\/li><li> <strong>Prova de T\u00edtulos<\/strong>, de car\u00e1ter classificat\u00f3rio (para os cargos de n\u00edvel Superior).<\/li><\/ul>\n\n\n\n<h4 class=\"wp-block-heading\">Prova Objetiva<\/h4>\n\n\n\n<p>A <strong>Prova Objetiva<\/strong> est\u00e1 prevista para ser realizada nos dias <strong>10, 11 e 12 de outubro de 2020<\/strong>, tendo dura\u00e7\u00e3o m\u00e1xima de 03 horas e contar\u00e1 com 20,30 ou 40 quest\u00f5es de m\u00faltipla escolha, conforme o cargo pleiteado. As disciplinas que versar\u00e3o as provas ser\u00e3o:<\/p>\n\n\n\n<p><strong>N\u00edvel Fundamental<\/strong><\/p>\n\n\n\n<ul><li>L\u00edngua Portuguesa \u2013 05 quest\u00f5es;<\/li><li> Matem\u00e1tica \u2013 05 quest\u00f5es;<\/li><li> Conhecimentos Gerais \u2013 05 quest\u00f5es;<\/li><li> Conhecimentos Espec\u00edficos \u2013 05 quest\u00f5es.<\/li><\/ul>\n\n\n\n<p><strong>N\u00edvel M\u00e9dio\/T\u00e9cnico <\/strong><\/p>\n\n\n\n<ul><li>L\u00edngua Portuguesa \u2013 10 quest\u00f5es;<\/li><li> Racioc\u00ednio L\u00f3gico \u2013 05 quest\u00f5es;<\/li><li> Conhecimentos Gerais \u2013 05 quest\u00f5es;<\/li><li> Conhecimentos Espec\u00edficos \u2013 10 quest\u00f5es.<\/li><\/ul>\n\n\n\n<p><strong>N\u00edvel Superior<\/strong><\/p>\n\n\n\n<ul><li>L\u00edngua Portuguesa \u2013 10 quest\u00f5es;<\/li><li> Racioc\u00ednio L\u00f3gico \u2013 05 quest\u00f5es;<\/li><li> Conhecimentos Gerais \u2013 10 quest\u00f5es;<\/li><li> Conhecimentos Espec\u00edficos \u2013 15 quest\u00f5es.<\/li><\/ul>\n\n\n\n<p><\/p>\n\n\n\n<p>As provas ter\u00e3o valor de 50,0 pontos cada.<\/p>\n\n\n\n<p>Os crit\u00e9rios de aprova\u00e7\u00e3o ser\u00e3o os seguintes: <\/p>\n\n\n\n<ul><li><strong>APROVADO:<\/strong> o candidato que alcan\u00e7ou a pontua\u00e7\u00e3o m\u00ednima de 50 pontos na Prova Objetiva e n\u00e3o zerou em nenhuma \u00e1rea de conhecimento. <\/li><li> <strong>REPROVADO:<\/strong> o candidato que n\u00e3o alcan\u00e7ou a pontua\u00e7\u00e3o m\u00ednima para aprova\u00e7\u00e3o na Prova Objetiva. <\/li><li> <strong>AUSENTE:<\/strong> o candidato que n\u00e3o compareceu para realiza\u00e7\u00e3o da Prova Objetiva. <\/li><li><strong> EXCLU\u00cdDO:<\/strong> o candidato que n\u00e3o entregou, n\u00e3o assinou seu cart\u00e3o-resposta, ou descumpriu algum item do Edital.<\/li><\/ul>\n\n\n\n<h4 class=\"wp-block-heading\">Reda\u00e7\u00e3o <\/h4>\n\n\n\n<p>A <strong>Reda\u00e7\u00e3o<\/strong> ser\u00e1 aplicada junto \u00e0 Prova Objetiva e dever\u00e1 ser feita \u00e0 caneta, em letra leg\u00edvel, contendo no m\u00ednimo, 10 (dez) linhas e, no m\u00e1ximo, 15 (quinze). <\/p>\n\n\n\n<p>Somente ser\u00e1 corrigida a reda\u00e7\u00e3o que contiver no m\u00ednimo 10 (dez) e no m\u00e1ximo 15 (quinze) linhas.<\/p>\n\n\n\n<h4 class=\"wp-block-heading\">Prova Pr\u00e1tica<\/h4>\n\n\n\n<p>\u00c0<strong> Prova Pr\u00e1tica<\/strong> ser\u00e1 atribu\u00eddo o valor m\u00e1ximo de 100 (cem) pontos. <\/p>\n\n\n\n<p>\u00c0 Prova Pr\u00e1tica ser\u00e1 atribu\u00eddo o seguinte resultado. <\/p>\n\n\n\n<ul><li><strong>APROVADO:<\/strong> o candidato que alcan\u00e7ou o m\u00ednimo de 50 pontos na Prova Pr\u00e1tica; <\/li><li> <strong>REPROVADO:<\/strong> o candidato que n\u00e3o alcan\u00e7ou o m\u00ednimo de 50 pontos na Prova Pr\u00e1tica; <\/li><li> <strong>AUSENTE:<\/strong> o candidato que n\u00e3o compareceu para realiza\u00e7\u00e3o da Prova Pr\u00e1tica; <\/li><li><strong> EXCLU\u00cdDO:<\/strong> o candidato que descumpriu algum item do Edital. <\/li><\/ul>\n\n\n\n<h4 class=\"wp-block-heading\">Prova de T\u00edtulos<\/h4>\n\n\n\n<p>Ser\u00e3o analisados e pontuados somente os t\u00edtulos relacionados no quadro a seguir:<\/p>\n\n\n\n<figure class=\"wp-block-image\"><img loading=\"lazy\" decoding=\"async\" width=\"672\" height=\"176\" src=\"https:\/\/www.editorasolucao.com.br\/blog\/wp-content\/uploads\/2020\/09\/corumbiara1.png\" alt=\"\" class=\"wp-image-12700\"\/><\/figure>\n\n\n\n<p><\/p>\n\n\n\n<p style=\"text-align:center\"><strong>Conte\u00fado Program\u00e1tico<\/strong><\/p>\n\n\n\n<p><strong>N\u00cdVEL FUNDAMENTAL<\/strong><\/p>\n\n\n\n<ul><li> L\u00cdNGUA PORTUGUESA: Interpreta\u00e7\u00e3o de texto. Vocabul\u00e1rio. Fonemas e Letras: classifica\u00e7\u00e3o dos fonemas. Encontros voc\u00e1licos: ditongo, hiato, tritongo. Encontro consonantal e d\u00edgrafo. Divis\u00e3o sil\u00e1bica. S\u00edlaba t\u00f4nica. Classifica\u00e7\u00e3o das palavras quanto ao n\u00famero de s\u00edlabas. Acentua\u00e7\u00e3o gr\u00e1fica. Ortografia. Estrutura e forma\u00e7\u00e3o das palavras. Classe de palavras: substantivo (tipos, g\u00eanero, n\u00famero e grau); artigo, adjetivo (tipos, g\u00eanero, n\u00famero e grau); numeral (flex\u00e3o, leitura e escrita dos n\u00fameros); pronome (defini\u00e7\u00e3o e classifica\u00e7\u00e3o); verbos regulares e irregulares (no\u00e7\u00f5es de tempo presente, passado e futuro, defini\u00e7\u00e3o, pessoa, n\u00famero, tempos verbais, modos, formas, voz, conjuga\u00e7\u00f5es); adv\u00e9rbio e locu\u00e7\u00f5es adverbiais; preposi\u00e7\u00e3o e locu\u00e7\u00f5es prepositivas, combina\u00e7\u00f5es e contra\u00e7\u00f5es; conjun\u00e7\u00f5es (coordenativas e subordinativas, locu\u00e7\u00f5es conjuntivas); interjei\u00e7\u00e3o e locu\u00e7\u00e3o interjetiva. Emprego do sinal indicativo de crase. Termos essenciais da ora\u00e7\u00e3o: sujeito (tipos), predicado (tipos). Verbo de liga\u00e7\u00e3o: predicativo do sujeito e predicativo do objeto. Figuras de linguagem. Frase, ora\u00e7\u00e3o, per\u00edodo. Sintaxe do per\u00edodo simples e composto. Concord\u00e2ncia nominal e verbal. Pontua\u00e7\u00e3o. Uso dos porqu\u00eas. <\/li><li> MATEM\u00c1TICA: Sistema de numera\u00e7\u00e3o romano. N\u00fameros naturais: opera\u00e7\u00f5es e propriedades. N\u00fameros inteiros: opera\u00e7\u00f5es e propriedades. M\u00ednimo m\u00faltiplo comum e m\u00e1ximo divisor comum. N\u00fameros racionais, representa\u00e7\u00e3o fracion\u00e1ria e decimal: opera\u00e7\u00f5es e propriedades. N\u00fameros irracionais e reais: opera\u00e7\u00f5es e propriedades. Pot\u00eancia com expoente inteiro e fracion\u00e1rio no conjunto dos n\u00fameros reais: opera\u00e7\u00f5es e propriedades. Equa\u00e7\u00f5es de 1o grau e sistemas: resolu\u00e7\u00e3o e problemas. Equa\u00e7\u00f5es de 2o grau e sistemas: resolu\u00e7\u00e3o e problemas. Raz\u00e3o e propor\u00e7\u00e3o. Regra de tr\u00eas simples e composta. Porcentagem. Juros simples. Medidas de comprimento, superf\u00edcie, volume, capacidade, massa e tempo. Sistema monet\u00e1rio brasileiro (dinheiro). \u00c1reas e per\u00edmetros de figuras planas. M\u00e9dia aritm\u00e9tica simples. Estat\u00edstica B\u00e1sica: an\u00e1lise de tabelas e gr\u00e1ficos. Resolu\u00e7\u00e3o de situa\u00e7\u00f5es-problema. <\/li><\/ul>\n\n\n\n<p><strong>N\u00edvel M\u00e9dio\/T\u00e9cnico<\/strong><\/p>\n\n\n\n<ul><li>L\u00cdNGUA PORTUGUESA: Interpreta\u00e7\u00e3o de texto. Vocabul\u00e1rio. Tipologia e g\u00eaneros textuais. Alguns elementos constitutivos do texto: discurso direto, indireto, indireto livre, pressuposto, subentendido e ambiguidade. Intertextualidade. Coes\u00e3o e coer\u00eancia. Figuras de Linguagem. Fun\u00e7\u00f5es da Linguagem (F\u00e1tica, Conativa, Po\u00e9tica, Referencial, Emotiva, Metalingu\u00edstica). Fonemas e Fon\u00e9tica: representa\u00e7\u00e3o e classifica\u00e7\u00e3o dos fonemas, encontros voc\u00e1licos: ditongo, hiato, tritongo, encontro consonantal e d\u00edgrafo. S\u00edlaba e tonicidade. Acentua\u00e7\u00e3o gr\u00e1fica. Emprego do sinal indicativo de crase. Ortografia. Estrutura e forma\u00e7\u00e3o das palavras. Classe de palavras (estrutura, forma\u00e7\u00e3o, flex\u00f5es, emprego e morfossintaxe): substantivo. adjetivo. verbo. pronome. artigo. numeral. adv\u00e9rbio. preposi\u00e7\u00e3o. conjun\u00e7\u00e3o. interjei\u00e7\u00e3o e onomatopeia. Frase, ora\u00e7\u00e3o, per\u00edodo. Sintaxe do per\u00edodo simples e composto: (coordena\u00e7\u00e3o e subordina\u00e7\u00e3o). Pontua\u00e7\u00e3o. Significa\u00e7\u00e3o das palavras: sin\u00f4nimos, ant\u00f4nimos, par\u00f4nimos, hom\u00f4nimos, polissemia, denota\u00e7\u00e3o e conota\u00e7\u00e3o. Neologismo e estrangeirismo. Orto\u00e9pia e Pros\u00f3dia. Reescrita de frases. Concord\u00e2ncia nominal e verbal. Reg\u00eancia nominal e verbal. Coloca\u00e7\u00e3o pronominal. Termos essenciais da ora\u00e7\u00e3o: tipos de sujeito, tipos de predicado, predicativo do sujeito e do objeto. Termos acess\u00f3rios da ora\u00e7\u00e3o: adjunto adnominal, adjunto adverbial, aposto e vocativo. Termos integrantes da ora\u00e7\u00e3o: objeto direto, objeto indireto, agente da passiva. Emprego e omiss\u00e3o do h\u00edfen. Uso de h\u00e1 (verbo) e a (preposi\u00e7\u00e3o). Uso de onde e aonde. Uso dos porqu\u00eas. Literatura Brasileira (periodiza\u00e7\u00e3o: in\u00edcio e t\u00e9rmino de cada per\u00edodo &#8211; ano, acontecimento e autor &#8211; caracter\u00edsticas, representantes e obras de cada movimento). <\/li><li> RACIOC\u00cdNIO L\u00d3GICO: Estruturas l\u00f3gicas. Teoria dos conjuntos. L\u00f3gica de argumenta\u00e7\u00e3o. Diagramas l\u00f3gicos. Sucess\u00f5es. Problemas envolvendo racioc\u00ednio l\u00f3gico. Conceitos b\u00e1sicos de racioc\u00ednio l\u00f3gico. Tautologia. Conjuntos num\u00e9ricos: opera\u00e7\u00f5es e propriedades. Regra de tr\u00eas simples. Probabilidade. An\u00e1lise Combinat\u00f3ria. Senten\u00e7as abertas. Conectivos. Proposi\u00e7\u00f5es simples e compostas. Raz\u00f5es e propor\u00e7\u00f5es. Racioc\u00ednio l\u00f3gicomatem\u00e1tico. Arranjos e permuta\u00e7\u00f5es. Combina\u00e7\u00f5es.<\/li><\/ul>\n\n\n\n<p><strong>N\u00edvel Superior<\/strong><\/p>\n\n\n\n<ul><li>L\u00cdNGUA PORTUGUESA: Compreens\u00e3o e interpreta\u00e7\u00e3o de texto. Vocabul\u00e1rio. Tipologia e g\u00eaneros textuais. A l\u00edngua e suas modalidades. Elementos da obra liter\u00e1ria. Estilo, g\u00eaneros liter\u00e1rios. Alguns elementos constitutivos do texto: discurso direto, indireto, indireto livre (ou semi-indireto). Intertextualidade. Coes\u00e3o e coer\u00eancia. Figuras de Linguagem (figuras de palavras, figuras de constru\u00e7\u00e3o e figuras de pensamento). Neologismo. Fun\u00e7\u00f5es da Linguagem: (F\u00e1tica, Conativa (ou apelativa), Po\u00e9tica, Referencial (informativa ou cognitiva), Emotiva (ou expressiva), Metalingu\u00edstica. Fonologia e Fon\u00e9tica: fonemas, classifica\u00e7\u00e3o de fonemas, encontros voc\u00e1licos (ditongo, hiato, tritongo). Encontro consonantal, d\u00edgrafos. Classifica\u00e7\u00e3o das palavras quanto ao n\u00famero de s\u00edlabas (monoss\u00edlabas, diss\u00edlabas, triss\u00edlabas, poliss\u00edlabas). Classifica\u00e7\u00e3o das palavras quanto ao acento t\u00f4nico (ox\u00edtonas, parox\u00edtonas, proparox\u00edtonas). Acentua\u00e7\u00e3o gr\u00e1fica. Emprego do sinal indicativo de crase. Ortografia. Classe de palavras (estrutura, forma\u00e7\u00e3o, flex\u00f5es, emprego e morfossintaxe): substantivo, adjetivo, verbo, pronome, artigo, numeral, adv\u00e9rbio, preposi\u00e7\u00e3o, conjun\u00e7\u00e3o, interjei\u00e7\u00e3o. Frase, ora\u00e7\u00e3o, per\u00edodo simples e composto: coordena\u00e7\u00e3o e subordina\u00e7\u00e3o. Pontua\u00e7\u00e3o. Significa\u00e7\u00e3o das palavras: sinon\u00edmia, anton\u00edmia, homon\u00edmia, hom\u00f3grafos, hom\u00f3fonos, hom\u00f4nimos perfeitos, paron\u00edmia, polissemia, hiperon\u00edmia, hipon\u00edmia, denota\u00e7\u00e3o e conota\u00e7\u00e3o. Concord\u00e2ncia nominal, concord\u00e2ncia verbal, reg\u00eancia verbal e reg\u00eancia nominal. Coloca\u00e7\u00e3o pronominal. Termos essenciais da ora\u00e7\u00e3o: sujeito (tipos), predicado (tipos), predicativo do sujeito e do objeto. Verbo de liga\u00e7\u00e3o, predicativo do sujeito e do objeto. Termos integrantes da ora\u00e7\u00e3o: objeto direto, objeto indireto, complemento nominal, agente da passiva. Termos acess\u00f3rios da ora\u00e7\u00e3o: adjunto adnominal, adjunto adverbial, aposto e vocativo. Emprego e omiss\u00e3o do h\u00edfen. Uso de h\u00e1 (verbo) e a (preposi\u00e7\u00e3o). Uso de onde e aonde. Uso dos porqu\u00eas. Uso dos pronomes este, esse, aquele (isto, isso, aquilo). Versifica\u00e7\u00e3o: estrofe, verso, rima, soneto, divis\u00e3o po\u00e9tica. Literatura Brasileira (periodiza\u00e7\u00e3o: in\u00edcio e t\u00e9rmino de cada per\u00edodo \u2013 ano, acontecimento e autor \u2013 caracter\u00edsticas, representantes e obras de cada movimento). Foco narrativo: narrador-personagem, narrador-protagonista, narrador-testemunha, narradoronisciente, narrador-observador. <\/li><li> RACIOC\u00cdNIO L\u00d3GICO: Sequ\u00eancias L\u00f3gicas envolvendo n\u00fameros, letras e figuras. Geometria b\u00e1sica. Conjuntos num\u00e9ricos. Criptografia. Conjuntos; as rela\u00e7\u00f5es de pertin\u00eancia, inclus\u00e3o e igualdade; opera\u00e7\u00f5es entre conjuntos: uni\u00e3o, interse\u00e7\u00e3o e diferen\u00e7a. Compara\u00e7\u00f5es. Numera\u00e7\u00e3o. Raz\u00e3o e propor\u00e7\u00e3o. N\u00fameros decimais, fra\u00e7\u00f5es e porcentagem. Estruturas l\u00f3gicas. Teoria dos conjuntos. L\u00f3gica de argumenta\u00e7\u00e3o. Diagramas l\u00f3gicos. Sucess\u00f5es. Problemas envolvendo racioc\u00ednio l\u00f3gico. Conceitos b\u00e1sicos de racioc\u00ednio l\u00f3gico. Tautologia. Conjuntos num\u00e9ricos: opera\u00e7\u00f5es e propriedades. Regra de tr\u00eas simples. Probabilidade. An\u00e1lise Combinat\u00f3ria. Senten\u00e7as abertas. Conectivos. Proposi\u00e7\u00f5es simples e compostas. Raz\u00f5es e propor\u00e7\u00f5es. Racioc\u00ednio l\u00f3gico-matem\u00e1tico. Arranjos e permuta\u00e7\u00f5es. Combina\u00e7\u00f5es.<\/li><\/ul>\n\n\n\n<p><\/p>\n\n\n\n<p><strong>CONHECIMENTOS GERAIS \u2013 Para todos os cargos:<\/strong> Not\u00edcias nacionais e internacionais, veiculadas a partir de julho de 2019 em sites oficiais e de not\u00edcias, jornais, revistas, programas de r\u00e1dio e televis\u00e3o sobre economia, pol\u00edtica, esportes, meio ambiente, ecologia, educa\u00e7\u00e3o, sa\u00fade, ci\u00eancia, cultura, turismo e tecnologia. Conhecimentos sobre o Munic\u00edpio de Corumbiara, RO. Lei Org\u00e2nica do Munic\u00edpio de Corumbiara, RO. Plano de Carreira, Cargos e Sal\u00e1rios da Prefeitura do Munic\u00edpio de Corumbiara, RO, (Lei n\u00ba 042\/2014 e altera\u00e7\u00f5es).<\/p>\n\n\n\n<p><\/p>\n\n\n\n<p>Conferiu todo o texto? Deseja fazer o certame? Ent\u00e3o comece a se preparar com as <strong>Apostilas Solu\u00e7\u00e3o<\/strong> e tenha um resultado positivo! <strong>Bons estudos e boa prova!!!<\/strong><\/p>\n","protected":false},"excerpt":{"rendered":"<p>Foi divulgado o Edital do Concurso Prefeitura de Corumbiara, no estado de Rond\u00f4nia, que oferece vagas para candidatos de todos os n\u00edveis de escolaridade, com sal\u00e1rios que chegam a R$ 7,1 mil. Confira os detalhes ao decorrer do texto. Inscri\u00e7\u00f5es do Concurso de Corumbiara \u2013 RO As inscri\u00e7\u00f5es devem ser realizadas atrav\u00e9s do site da banca organizadora MS Concursos, at\u00e9 o dia 24 de setembro de 2020. Para efetuar a inscri\u00e7\u00e3o \u00e9 necess\u00e1rio pagar uma taxa com valor referente ao n\u00edvel do cargo desejado. N\u00edvel Fundamental: R$ 50,00 N\u00edvel M\u00e9dio\/T\u00e9cnico: R$ 70,00 N\u00edvel Superior: R$ 90,00 Haver\u00e1 isen\u00e7\u00e3o do pagamento&#8230;<\/p>\n","protected":false},"author":7,"featured_media":7905,"template":"","meta":{"_acf_changed":false,"rank_math_lock_modified_date":false},"categories":[],"tags":[],"acf":[],"_links":{"self":[{"href":"https:\/\/www.editorasolucao.com.br\/blog\/wp-json\/wp\/v2\/concurso\/12699"}],"collection":[{"href":"https:\/\/www.editorasolucao.com.br\/blog\/wp-json\/wp\/v2\/concurso"}],"about":[{"href":"https:\/\/www.editorasolucao.com.br\/blog\/wp-json\/wp\/v2\/types\/concurso"}],"author":[{"embeddable":true,"href":"https:\/\/www.editorasolucao.com.br\/blog\/wp-json\/wp\/v2\/users\/7"}],"wp:featuredmedia":[{"embeddable":true,"href":"https:\/\/www.editorasolucao.com.br\/blog\/wp-json\/wp\/v2\/media\/7905"}],"wp:attachment":[{"href":"https:\/\/www.editorasolucao.com.br\/blog\/wp-json\/wp\/v2\/media?parent=12699"}],"wp:term":[{"taxonomy":"category","embeddable":true,"href":"https:\/\/www.editorasolucao.com.br\/blog\/wp-json\/wp\/v2\/categories?post=12699"},{"taxonomy":"post_tag","embeddable":true,"href":"https:\/\/www.editorasolucao.com.br\/blog\/wp-json\/wp\/v2\/tags?post=12699"}],"curies":[{"name":"wp","href":"https:\/\/api.w.org\/{rel}","templated":true}]}}