{"id":12936,"date":"2020-09-28T23:21:10","date_gmt":"2020-09-29T02:21:10","guid":{"rendered":"https:\/\/www.editorasolucao.com.br\/blog\/?post_type=concurso&#038;p=12936"},"modified":"2020-09-28T23:21:11","modified_gmt":"2020-09-29T02:21:11","slug":"prefeitura-de-bandeirantes-ms","status":"publish","type":"concurso","link":"https:\/\/www.editorasolucao.com.br\/blog\/concurso\/prefeitura-de-bandeirantes-ms","title":{"rendered":"Concurso Prefeitura de Bandeirantes &#8211; MS 2020: 126 vagas para todos os n\u00edveis!"},"content":{"rendered":"\n<p>As <a rel=\"noreferrer noopener\" aria-label=\"inscri\u00e7\u00f5es (abre em uma nova aba)\" href=\"https:\/\/www.editorasolucao.com.br\" target=\"_blank\">inscri\u00e7\u00f5es<\/a> do <strong>Concurso Prefeitura de Bandeirantes<\/strong>, no estado do <a href=\"https:\/\/www.editorasolucao.com.br\/blog\/concursos-abertos-ms\" target=\"_blank\" rel=\"noreferrer noopener\" aria-label=\"Mato Grosso do Sul (abre em uma nova aba)\">Mato Grosso do Sul<\/a>, foram prorrogadas. O certame oferece <strong>126 vagas imediatas para candidatos de todos os n\u00edveis de escolaridade<\/strong>, com sal\u00e1rios que chegam a <strong>R$ 4 mil<\/strong>. Confira os detalhes ao decorrer do texto.<\/p>\n\n\n\n<div id=\"ez-toc-container\" class=\"ez-toc-v2_0_69_1 counter-hierarchy ez-toc-counter ez-toc-grey ez-toc-container-direction\">\n<div class=\"ez-toc-title-container\">\n<p class=\"ez-toc-title \" >Menu de navega&ccedil;&atilde;o<\/p>\n<span class=\"ez-toc-title-toggle\"><a href=\"#\" class=\"ez-toc-pull-right ez-toc-btn ez-toc-btn-xs ez-toc-btn-default ez-toc-toggle\" aria-label=\"Toggle Table of Content\"><span class=\"ez-toc-js-icon-con\"><span class=\"\"><span class=\"eztoc-hide\" style=\"display:none;\">Toggle<\/span><span class=\"ez-toc-icon-toggle-span\"><svg style=\"fill: #999;color:#999\" xmlns=\"http:\/\/www.w3.org\/2000\/svg\" class=\"list-377408\" width=\"20px\" height=\"20px\" viewBox=\"0 0 24 24\" fill=\"none\"><path d=\"M6 6H4v2h2V6zm14 0H8v2h12V6zM4 11h2v2H4v-2zm16 0H8v2h12v-2zM4 16h2v2H4v-2zm16 0H8v2h12v-2z\" fill=\"currentColor\"><\/path><\/svg><svg style=\"fill: #999;color:#999\" class=\"arrow-unsorted-368013\" xmlns=\"http:\/\/www.w3.org\/2000\/svg\" width=\"10px\" height=\"10px\" viewBox=\"0 0 24 24\" version=\"1.2\" baseProfile=\"tiny\"><path d=\"M18.2 9.3l-6.2-6.3-6.2 6.3c-.2.2-.3.4-.3.7s.1.5.3.7c.2.2.4.3.7.3h11c.3 0 .5-.1.7-.3.2-.2.3-.5.3-.7s-.1-.5-.3-.7zM5.8 14.7l6.2 6.3 6.2-6.3c.2-.2.3-.5.3-.7s-.1-.5-.3-.7c-.2-.2-.4-.3-.7-.3h-11c-.3 0-.5.1-.7.3-.2.2-.3.5-.3.7s.1.5.3.7z\"\/><\/svg><\/span><\/span><\/span><\/a><\/span><\/div>\n<nav><ul class='ez-toc-list ez-toc-list-level-1 ' ><li class='ez-toc-page-1 ez-toc-heading-level-2'><a class=\"ez-toc-link ez-toc-heading-1\" href=\"https:\/\/www.editorasolucao.com.br\/blog\/concurso\/prefeitura-de-bandeirantes-ms\/#Inscricoes_do_Concurso_de_Bandeirantes_%E2%80%93_MS\" title=\"Inscri\u00e7\u00f5es do Concurso de Bandeirantes \u2013 MS\">Inscri\u00e7\u00f5es do Concurso de Bandeirantes \u2013 MS<\/a><\/li><li class='ez-toc-page-1 ez-toc-heading-level-2'><a class=\"ez-toc-link ez-toc-heading-2\" href=\"https:\/\/www.editorasolucao.com.br\/blog\/concurso\/prefeitura-de-bandeirantes-ms\/#Cargos_vagas_e_salarios_do_Concurso_Prefeitura_de_Bandeirantes_%E2%80%93_MS\" title=\"Cargos, vagas e sal\u00e1rios do Concurso Prefeitura de Bandeirantes \u2013 MS\">Cargos, vagas e sal\u00e1rios do Concurso Prefeitura de Bandeirantes \u2013 MS<\/a><\/li><li class='ez-toc-page-1 ez-toc-heading-level-2'><a class=\"ez-toc-link ez-toc-heading-3\" href=\"https:\/\/www.editorasolucao.com.br\/blog\/concurso\/prefeitura-de-bandeirantes-ms\/#Quais_sao_os_requisitos_basicos_para_a_investidura_nos_cargos_do_Concurso_de_Bandeirantes_%E2%80%93_MS\" title=\"Quais s\u00e3o os requisitos b\u00e1sicos para a investidura nos cargos do Concurso de Bandeirantes \u2013 MS?\">Quais s\u00e3o os requisitos b\u00e1sicos para a investidura nos cargos do Concurso de Bandeirantes \u2013 MS?<\/a><\/li><li class='ez-toc-page-1 ez-toc-heading-level-2'><a class=\"ez-toc-link ez-toc-heading-4\" href=\"https:\/\/www.editorasolucao.com.br\/blog\/concurso\/prefeitura-de-bandeirantes-ms\/#Como_serao_as_provas_do_Concurso_Prefeitura_de_Bandeirantes_%E2%80%93_MS\" title=\"Como ser\u00e3o as provas do Concurso Prefeitura de Bandeirantes \u2013 MS?\">Como ser\u00e3o as provas do Concurso Prefeitura de Bandeirantes \u2013 MS?<\/a><\/li><\/ul><\/nav><\/div>\n<h2 class=\"wp-block-heading\"><span class=\"ez-toc-section\" id=\"Inscricoes_do_Concurso_de_Bandeirantes_%E2%80%93_MS\"><\/span>Inscri\u00e7\u00f5es do Concurso de Bandeirantes \u2013 MS<span class=\"ez-toc-section-end\"><\/span><\/h2>\n\n\n\n<p>As inscri\u00e7\u00f5es devem ser realizadas atrav\u00e9s do site da banca organizadora <a rel=\"noreferrer noopener\" aria-label=\"Fapec Concursos (abre em uma nova aba)\" href=\"https:\/\/concurso.fapec.org\/single-edital.php?new_id=110\" target=\"_blank\">Fapec Concursos<\/a>, at\u00e9 \u00e0s <strong>23h59 do dia 15 de novembro de 2020<\/strong>. Para efetuar a inscri\u00e7\u00e3o \u00e9 necess\u00e1rio pagar uma taxa com valor referente ao n\u00edvel do cargo desejado.<\/p>\n\n\n\n<ul><li><strong>N\u00edvel Fundamental Completo e Incompleto:<\/strong> R$ 80,00<\/li><li> <strong>N\u00edvel M\u00e9dio\/T\u00e9cnico:<\/strong> R$ 100,00<\/li><li> <strong>N\u00edvel M\u00e9dio com atividades regulamentada e Agente Comunit\u00e1rio de Sa\u00fade e Agente de Combate a Endemias:<\/strong> R$ 150,00<\/li><li> <strong>N\u00edvel Superior:<\/strong> R$ 200,00<\/li><\/ul>\n\n\n\n<h2 class=\"wp-block-heading\"><span class=\"ez-toc-section\" id=\"Cargos_vagas_e_salarios_do_Concurso_Prefeitura_de_Bandeirantes_%E2%80%93_MS\"><\/span>Cargos, vagas e sal\u00e1rios do Concurso Prefeitura de Bandeirantes \u2013 MS<span class=\"ez-toc-section-end\"><\/span><\/h2>\n\n\n\n<p>S\u00e3o ofertadas <strong>126 vagas imediatas para candidatos de n\u00edveis Fundamental (completo e incompleto), M\u00e9dio, T\u00e9cnico e Superior<\/strong>, com sal\u00e1rios que v\u00e3o de <strong>R$ 1.065,75 e R$ 4.032,00<\/strong> e jornadas de trabalho que v\u00e3o de 20 a 40 horas semanais, dependendo do cargo. Abaixo est\u00e3o a quantidade de oportunidades correspondentes a cada fun\u00e7\u00e3o. <\/p>\n\n\n\n<p><strong>N\u00edvel Fundamental Completo e Incompleto <\/strong><\/p>\n\n\n\n<p>Agente de Disciplina &#8211; Assistente de Apoio Escolar I (1); Agente de Limpeza &#8211; Assistente de Atividades Organizacionais II (10); Agente de Merenda &#8211; Assistente de Apoio Escolar I (5); Agente de Merenda &#8211; Assistente de Servi\u00e7os de Sa\u00fade (1); Auxiliar Mec\u00e2nico &#8211; Agente de Servi\u00e7os Operacionais (1); Eletricista &#8211; Especializados I (1); Gari &#8211; Agente de Servi\u00e7os Operacionais (5); Mec\u00e2nico de M\u00e1quinas e Ve\u00edculos &#8211; Agente de Servi\u00e7os Especializados II (1); Motorista de Caminh\u00e3o Ca\u00e7amba &#8211; Agente Condutor de Ve\u00edculos III (1); Motorista de Ve\u00edculos da Sa\u00fade &#8211; Agente Condutor de Ve\u00edculos III (4); Motorista de Ve\u00edculos Leves &#8211; Agente Condutor de Ve\u00edculos I (1); Operador de Mini Carregadeira &#8211; Agente de Servi\u00e7os Especializados II (1); Operador de Motoniveladora &#8211; Agente de Servi\u00e7os Especializados II (1); Operador de P\u00e1 Carregadeira &#8211; Agente de Servi\u00e7os Especializados II (1); Operador de Retroescavadeira &#8211; Agente de Servi\u00e7os Especializados II (1); Pedreiro &#8211; Agente de Servi\u00e7os Especializados I (1); Pintor &#8211; Agente de Servi\u00e7os Especializados I (1); Vigia &#8211; Agente de Servi\u00e7os Operacionais (1).<\/p>\n\n\n\n<p><strong>N\u00edvel M\u00e9dio\/T\u00e9cnico<\/strong><\/p>\n\n\n\n<p>Agente Comunit\u00e1rio de Sa\u00fade (3); Agente de Combate \u00e0s Endemias (1); Assistente de Atividades Organizacionais III (10); Assistente de Educa\u00e7\u00e3o Infantil &#8211; T\u00e9cnico de Apoio Escolar (5); Cuidador Social &#8211; T\u00e9cnico de A\u00e7\u00f5es Assistenciais (3); Fiscal de Tributos Municipais (1); Orientador Social &#8211; T\u00e9cnico de A\u00e7\u00f5es Assistenciais (1); Secret\u00e1rio escolar &#8211; T\u00e9cnico de Apoio Escolar (1); T\u00e9cnico Agr\u00edcola (1); T\u00e9cnico Cont\u00e1bil &#8211; T\u00e9cnico de Atividades Organizacionais(1); T\u00e9cnico de Inform\u00e1tica &#8211; T\u00e9cnico de Atividades Organizacionais (1); T\u00e9cnico de Laborat\u00f3rio &#8211; T\u00e9cnico de Servi\u00e7os de Sa\u00fade II (1); T\u00e9cnico de Recursos Humanos &#8211; T\u00e9cnico de Atividades Organizacionais (1); T\u00e9cnico em Enfermagem &#8211; T\u00e9cnico de Servi\u00e7os de Sa\u00fade II (6); T\u00e9cnico em Higiene Dental &#8211; T\u00e9cnico de Servi\u00e7os de Sa\u00fade II (1) e T\u00e9cnico em Radiologia &#8211; T\u00e9cnico de Servi\u00e7os de Sa\u00fade II (1).<\/p>\n\n\n\n<p><strong>N\u00edvel Superior<\/strong><\/p>\n\n\n\n<p>Administrador (1); Advogado &#8211; Procurador Municipal (2); Analista de Controle Interno (2); Analista de Sistemas &#8211; Gestor de Atividades Organizacionais I(1); Assistente Social -Gestor de A\u00e7\u00f5es Assistenciais I (1); Assistente Social &#8211; Profissional de Sa\u00fade P\u00fablica II (1); Auditor Fiscal de Tributos Municipais (1); Contador &#8211; Gestor de Opera\u00e7\u00e3o e Fiscaliza\u00e7\u00e3o (1); Enfermeiro (6); Farmac\u00eautico\/ Bioqu\u00edmico &#8211; Profissional de Sa\u00fade P\u00fablica III (1); Fiscal de Inspe\u00e7\u00e3o Municipal &#8211; Fiscal de Vigil\u00e2ncia Em Sa\u00fade (1); Jornalista &#8211; Gestor de Atividades Organizacionais I (1); M\u00e9dico de Estrat\u00e9gia de Sa\u00fade de Fam\u00edlia &#8211; Profissional de Medicina II (2); Nutricionista &#8211; Gestor de Atividades de Apoio Escolar I (1); Nutricionista &#8211; Profissional de Sa\u00fade P\u00fablica III (1); Odont\u00f3logo (2); Pedagogo &#8211; Gestor de A\u00e7\u00f5es Assistenciais II (1); Profissional de Educa\u00e7\u00e3o F\u00edsica &#8211; Gestor de Apoio Ao Esporte (1); Psic\u00f3logo &#8211; Gestor de A\u00e7\u00f5es Assistenciais I (1); Psic\u00f3logo &#8211; Profissional de Sa\u00fade P\u00fablica II (1); Professor Regente de Ensino Infantil (8); Professor de Ensino Fundamental do 1\u00ba Ao 5\u00ba Anos (8); Professor de Artes Ensino Fundamental (2) e Professor da Educa\u00e7\u00e3o F\u00edsica Ensino Fundamental (3).<\/p>\n\n\n\n<h2 class=\"wp-block-heading\"><span class=\"ez-toc-section\" id=\"Quais_sao_os_requisitos_basicos_para_a_investidura_nos_cargos_do_Concurso_de_Bandeirantes_%E2%80%93_MS\"><\/span>Quais s\u00e3o os requisitos b\u00e1sicos para a investidura nos cargos do Concurso de Bandeirantes \u2013 MS?<span class=\"ez-toc-section-end\"><\/span><\/h2>\n\n\n\n<p>Saiba quais s\u00e3o as exig\u00eancias para que o candidato tome posse dos cargos ofertados:<\/p>\n\n\n\n<ul><li>ser brasileiro nato ou naturalizado; <\/li><li> estar em gozo dos direitos pol\u00edticos e civis; <\/li><li> estar quite com as obriga\u00e7\u00f5es eleitorais; <\/li><li> estar quite com as obriga\u00e7\u00f5es militares, se do sexo masculino; <\/li><li> ter a idade igual ou superior a dezoito anos; <\/li><li> comprovar a escolaridade e os requisitos espec\u00edficos exigidos para ocupar o cargo no momento da posse; <\/li><li> ter aptid\u00e3o f\u00edsica e mental para o exerc\u00edcio das atribui\u00e7\u00f5es do cargo, verificada em exame m\u00e9dico-pericial; <\/li><li> n\u00e3o exercer cargo, emprego ou fun\u00e7\u00e3o p\u00fablica e n\u00e3o acumular proventos de aposentadoria na administra\u00e7\u00e3o p\u00fablica federal, estadual ou municipal, salvo as exce\u00e7\u00f5es previstas na Constitui\u00e7\u00e3o Federal; <\/li><li> n\u00e3o ter sofrido penalidade de demiss\u00e3o, por justa causa, de \u00f3rg\u00e3o ou entidade da administra\u00e7\u00e3o p\u00fablica municipal, estadual ou federal; e <\/li><li> n\u00e3o registrar antecedentes criminais, achando-se no pleno exerc\u00edcio de seus direitos civis e pol\u00edticos.<\/li><\/ul>\n\n\n\n<h2 class=\"wp-block-heading\"><span class=\"ez-toc-section\" id=\"Como_serao_as_provas_do_Concurso_Prefeitura_de_Bandeirantes_%E2%80%93_MS\"><\/span>Como ser\u00e3o as provas do Concurso Prefeitura de Bandeirantes \u2013 MS?<span class=\"ez-toc-section-end\"><\/span><\/h2>\n\n\n\n<p>O certame ser\u00e1 composto pelas seguintes etapas:<\/p>\n\n\n\n<ul><li><strong>Prova Objetiva<\/strong>, de car\u00e1ter eliminat\u00f3rio e classificat\u00f3rio (para todos os cargos);<\/li><li><strong> Prova Discursiva<\/strong>, de car\u00e1ter eliminat\u00f3rio e classificat\u00f3rio (para o cargo de Procurador Jur\u00eddico); <\/li><li> <strong>Prova Pr\u00e1tica<\/strong>, de car\u00e1ter eliminat\u00f3rio e classificat\u00f3rio (para os cargos de Agente Condutor de Ve\u00edculos I (MOTORISTA DE VE\u00cdCULOS LEVES); Agente Condutos de Ve\u00edculos III (MOTORISTA DE CAMINH\u00c3O CA\u00c7AMBA); Agente Condutor de Ve\u00edculos III (MOTORISTA DE VE\u00cdCULOS DA SA\u00daDE); Agente de Servi\u00e7os Especializados II (OPERADOR DE RETROESCAVADEIRA); Agente de Servi\u00e7os Especializados II (OPERADOR DE MINI CARREGADEIRA); Agente de Servi\u00e7os Especializados II (OPERADOR DE MOTONIVELADORA); Agente de Servi\u00e7os Especializados II (OPERADOR DE P\u00c1 CARREGADEIRA)); e <\/li><li> <strong>Prova de T\u00edtulos<\/strong>, de car\u00e1ter classificat\u00f3rio (para candidatos de n\u00edveis M\u00e9dio e Superior).<\/li><\/ul>\n\n\n\n<h4 class=\"wp-block-heading\">Prova Objetiva<\/h4>\n\n\n\n<p>A <strong>Prova Objetiva<\/strong> est\u00e1 prevista para ser realizada no dia <strong>06 de dezembro de 2020<\/strong>, tendo dura\u00e7\u00e3o de at\u00e9 04 horas, com exce\u00e7\u00e3o do cargo de Procurador Municipal, que contar\u00e1 com 05 horas. Os exames contar\u00e3o com 60 quest\u00f5es de m\u00faltipla escolha. As disciplinas que versar\u00e3o as provas variam conforme o cargo, s\u00e3o elas: L\u00edngua Portuguesa, Matem\u00e1tica, Legisla\u00e7\u00e3o do Munic\u00edpio, Conhecimentos Pedag\u00f3gicos e Conhecimentos Espec\u00edficos. <\/p>\n\n\n\n<p>Ser\u00e3o considerados aprovados nas Provas Escritas (Objetivas), os candidatos que obtiverem Nota da Prova Escrita (Objetiva) (NPE) igual ou superior a 40% (quarenta por cento) do somat\u00f3rio da pontua\u00e7\u00e3o m\u00e1xima prevista.<\/p>\n\n\n\n<h4 class=\"wp-block-heading\">Prova Discursiva<\/h4>\n\n\n\n<p>A <strong>Prova Discursiva<\/strong> valer\u00e1 100,00 (cem) pontos e consistir\u00e1 na elabora\u00e7\u00e3o de pe\u00e7as processuais e respostas de car\u00e1ter discursivas \u00e0s quest\u00f5es apresentadas.<\/p>\n\n\n\n<p>A Prova Discursiva tem o objetivo de avaliar o dom\u00ednio de conte\u00fado dos temas aplicados e o conhecimento t\u00e9cnico na \u00e1rea de atua\u00e7\u00e3o, a capacidade de express\u00e3o na modalidade escrita e o uso das normas do registro formal culto da L\u00edngua Portuguesa.<\/p>\n\n\n\n<h4 class=\"wp-block-heading\">Prova Pr\u00e1tica<\/h4>\n\n\n\n<p>A <strong>Prova Pr\u00e1tica<\/strong> ter\u00e1 car\u00e1ter classificat\u00f3rio e eliminat\u00f3rio e valer\u00e1 100 pontos no total.<\/p>\n\n\n\n<p>A Prova Pr\u00e1tica ser\u00e1 composta com as exigibilidades e os crit\u00e9rios de avalia\u00e7\u00e3o constantes do ANEXO IV, do Edital e ser\u00e3o atribu\u00eddos os conceitos \u201cApto\u201d (nota \uf0b3 50 pontos) ou \u201cInapto\u201d (nota \uf0a3 49 pontos).<\/p>\n\n\n\n<h4 class=\"wp-block-heading\">Prova de T\u00edtulos<\/h4>\n\n\n\n<p>As atribui\u00e7\u00f5es de pontos se dar\u00e3o da seguinte forma: <\/p>\n\n\n\n<p><strong>N\u00edvel Superior<\/strong><\/p>\n\n\n\n<div class=\"wp-block-image\"><figure class=\"aligncenter\"><img loading=\"lazy\" decoding=\"async\" width=\"630\" height=\"203\" src=\"https:\/\/www.editorasolucao.com.br\/blog\/wp-content\/uploads\/2020\/09\/bandeirantes1.png\" alt=\"\" class=\"wp-image-12937\"\/><\/figure><\/div>\n\n\n\n<div class=\"wp-block-image\"><figure class=\"aligncenter\"><img loading=\"lazy\" decoding=\"async\" width=\"631\" height=\"298\" src=\"https:\/\/www.editorasolucao.com.br\/blog\/wp-content\/uploads\/2020\/09\/bandeirantes2.png\" alt=\"\" class=\"wp-image-12938\"\/><\/figure><\/div>\n\n\n\n<div class=\"wp-block-image\"><figure class=\"aligncenter\"><img loading=\"lazy\" decoding=\"async\" width=\"630\" height=\"132\" src=\"https:\/\/www.editorasolucao.com.br\/blog\/wp-content\/uploads\/2020\/09\/bandeirantes3.png\" alt=\"\" class=\"wp-image-12939\"\/><\/figure><\/div>\n\n\n\n<div class=\"wp-block-image\"><figure class=\"aligncenter\"><img loading=\"lazy\" decoding=\"async\" width=\"631\" height=\"20\" src=\"https:\/\/www.editorasolucao.com.br\/blog\/wp-content\/uploads\/2020\/09\/bandeirantes4.png\" alt=\"\" class=\"wp-image-12940\"\/><\/figure><\/div>\n\n\n\n<div class=\"wp-block-image\"><figure class=\"aligncenter\"><img loading=\"lazy\" decoding=\"async\" width=\"630\" height=\"178\" src=\"https:\/\/www.editorasolucao.com.br\/blog\/wp-content\/uploads\/2020\/09\/bandeirantes5.png\" alt=\"\" class=\"wp-image-12941\"\/><\/figure><\/div>\n\n\n\n<p><\/p>\n\n\n\n<p><strong>N\u00edvel M\u00e9dio<\/strong><\/p>\n\n\n\n<div class=\"wp-block-image\"><figure class=\"aligncenter\"><img loading=\"lazy\" decoding=\"async\" width=\"630\" height=\"166\" src=\"https:\/\/www.editorasolucao.com.br\/blog\/wp-content\/uploads\/2020\/09\/bandeirantes6.png\" alt=\"\" class=\"wp-image-12942\"\/><\/figure><\/div>\n\n\n\n<div class=\"wp-block-image\"><figure class=\"aligncenter\"><img loading=\"lazy\" decoding=\"async\" width=\"629\" height=\"299\" src=\"https:\/\/www.editorasolucao.com.br\/blog\/wp-content\/uploads\/2020\/09\/bandeirantes7.png\" alt=\"\" class=\"wp-image-12943\"\/><\/figure><\/div>\n\n\n\n<div class=\"wp-block-image\"><figure class=\"aligncenter\"><img loading=\"lazy\" decoding=\"async\" width=\"631\" height=\"132\" src=\"https:\/\/www.editorasolucao.com.br\/blog\/wp-content\/uploads\/2020\/09\/bandeirantes8.png\" alt=\"\" class=\"wp-image-12944\"\/><\/figure><\/div>\n\n\n\n<div class=\"wp-block-image\"><figure class=\"aligncenter\"><img loading=\"lazy\" decoding=\"async\" width=\"630\" height=\"20\" src=\"https:\/\/www.editorasolucao.com.br\/blog\/wp-content\/uploads\/2020\/09\/bandeirantes9.png\" alt=\"\" class=\"wp-image-12945\"\/><\/figure><\/div>\n\n\n\n<div class=\"wp-block-image\"><figure class=\"aligncenter\"><img loading=\"lazy\" decoding=\"async\" width=\"630\" height=\"177\" src=\"https:\/\/www.editorasolucao.com.br\/blog\/wp-content\/uploads\/2020\/09\/bandeirantes91.png\" alt=\"\" class=\"wp-image-12946\"\/><\/figure><\/div>\n\n\n\n<p><\/p>\n\n\n\n<p style=\"text-align:center\"><strong>Conte\u00fado Program\u00e1tico <\/strong><\/p>\n\n\n\n<ul><li>PROGRAMA DE L\u00cdNGUA PORTUGUESA \u2013 PARA OS CARGOS DE N\u00cdVEL SUPERIOR Compreens\u00e3o e interpreta\u00e7\u00e3o de textos. G\u00eaneros e tipologias textuais. Fun\u00e7\u00f5es da linguagem. Coes\u00e3o textual. Ortografia (emprego das letras, do h\u00edfen e de iniciais mai\u00fasculas ou min\u00fasculas) e acentua\u00e7\u00e3o, incluindo conhecimentos sobre as novas normas. Emprego de par\u00f4nimos, hom\u00f4nimos e formas variantes. Emprego das classes de palavras. Per\u00edodos compostos por coordena\u00e7\u00e3o e subordina\u00e7\u00e3o; Reg\u00eancia (verbal e nominal) e crase. Concord\u00e2ncia nominal e verbal. Emprego dos tempos e modos verbais. Pontua\u00e7\u00e3o. Ora\u00e7\u00f5es reduzidas. <\/li><li> PROGRAMA DE L\u00cdNGUA PORTUGUESA &#8211; PARA OS CARGOS DE N\u00cdVEL M\u00c9DIO Interpreta\u00e7\u00e3o de textos; Ortografia; Classes gramaticais; Acentua\u00e7\u00e3o gr\u00e1fica; Crase; Termos da ora\u00e7\u00e3o; Per\u00edodo composto por coordena\u00e7\u00e3o e subordina\u00e7\u00e3o; Concord\u00e2ncia nominal e verbal; Reg\u00eancia verbal; Coloca\u00e7\u00e3o de pronomes; Pontua\u00e7\u00e3o; Sin\u00f4nimos, ant\u00f4nimos, hom\u00f4nimos e par\u00f4nimos; Conota\u00e7\u00e3o e denota\u00e7\u00e3o; Coes\u00e3o e coer\u00eancia textual; Estrutura e forma\u00e7\u00e3o de palavras; Variedades Lingu\u00edsticas: norma culta, popular e liter\u00e1ria. <\/li><li> PROGRAMA DE L\u00cdNGUA PORTUGUESA \u2013 PARA OS CARGOS DE N\u00cdVEL FUNDAMENTAL An\u00e1lise de textos simples; Ortografia; Divis\u00e3o sil\u00e1bica; Utiliza\u00e7\u00e3o das letras mai\u00fasculas; Reconhecimento dos sinais de pontua\u00e7\u00e3o e sua aplica\u00e7\u00e3o em textos e frases; Flex\u00e3o das palavras: diminutivo e aumentativo \/ singular e plural \/ masculino e feminino; Sin\u00f4nimo e ant\u00f4nimo; A narra\u00e7\u00e3o: fato, personagem, tempo, espa\u00e7o; Flex\u00e3o verbal: presente, passado e futuro; Propaganda, imagens, formas, objetos, sinais. <\/li><li> PROGRAMA DE MATEM\u00c1TICA &#8211; PARA OS CARGOS DE N\u00cdVEL M\u00c9DIO Conjuntos Num\u00e9ricos: N\u00fameros Naturais, Inteiros, Racionais (fracion\u00e1rios e decimais) e Reais &#8211; Opera\u00e7\u00f5es e Propriedades. N\u00fameros e Grandezas Proporcionais: Raz\u00f5es e Propor\u00e7\u00f5es; Divis\u00e3o Proporcional; Regras de Tr\u00eas Simples e Composta. Sistemas de Medidas: \u00c1rea, Volume, Massa, Capacidade, Tempo, Sistema Monet\u00e1rio Brasileiro. Fun\u00e7\u00f5es Alg\u00e9bricas. Equa\u00e7\u00f5es e Inequa\u00e7\u00f5es: de 1\u00ba e 2\u00ba graus, Problemas. <\/li><li> PROGRAMA DE MATEM\u00c1TICA \u2013 PARA OS CARGOS DE N\u00cdVEL FUNDAMENTAL Conjuntos Num\u00e9ricos: Naturais, Inteiros, Fracion\u00e1rios. Opera\u00e7\u00f5es: Adi\u00e7\u00e3o, Subtra\u00e7\u00e3o, Divis\u00e3o, Multiplica\u00e7\u00e3o. Problemas Sobre as Opera\u00e7\u00f5es: Adi\u00e7\u00e3o, Subtra\u00e7\u00e3o, Divis\u00e3o, Multiplica\u00e7\u00e3o. Regra de Tr\u00eas Simples. Equa\u00e7\u00f5es de Primeiro Grau, Sistema Monet\u00e1rio Brasileiro.<\/li><\/ul>\n\n\n\n<p><\/p>\n\n\n\n<p>Conferiu todo o texto? Deseja fazer o certame? Ent\u00e3o comece a se preparar com as <strong>Apostilas Solu\u00e7\u00e3o<\/strong> e tenha um resultado positivo!<strong> Bons estudos e boa prova!!!<\/strong><\/p>\n","protected":false},"excerpt":{"rendered":"<p>As inscri\u00e7\u00f5es do Concurso Prefeitura de Bandeirantes, no estado do Mato Grosso do Sul, foram prorrogadas. O certame oferece 126 vagas imediatas para candidatos de todos os n\u00edveis de escolaridade, com sal\u00e1rios que chegam a R$ 4 mil. Confira os detalhes ao decorrer do texto. Inscri\u00e7\u00f5es do Concurso de Bandeirantes \u2013 MS As inscri\u00e7\u00f5es devem ser realizadas atrav\u00e9s do site da banca organizadora Fapec Concursos, at\u00e9 \u00e0s 23h59 do dia 15 de novembro de 2020. Para efetuar a inscri\u00e7\u00e3o \u00e9 necess\u00e1rio pagar uma taxa com valor referente ao n\u00edvel do cargo desejado. N\u00edvel Fundamental Completo e Incompleto: R$ 80,00 N\u00edvel&#8230;<\/p>\n","protected":false},"author":7,"featured_media":12948,"template":"","meta":{"_acf_changed":false,"rank_math_lock_modified_date":false},"categories":[],"tags":[],"acf":[],"_links":{"self":[{"href":"https:\/\/www.editorasolucao.com.br\/blog\/wp-json\/wp\/v2\/concurso\/12936"}],"collection":[{"href":"https:\/\/www.editorasolucao.com.br\/blog\/wp-json\/wp\/v2\/concurso"}],"about":[{"href":"https:\/\/www.editorasolucao.com.br\/blog\/wp-json\/wp\/v2\/types\/concurso"}],"author":[{"embeddable":true,"href":"https:\/\/www.editorasolucao.com.br\/blog\/wp-json\/wp\/v2\/users\/7"}],"wp:featuredmedia":[{"embeddable":true,"href":"https:\/\/www.editorasolucao.com.br\/blog\/wp-json\/wp\/v2\/media\/12948"}],"wp:attachment":[{"href":"https:\/\/www.editorasolucao.com.br\/blog\/wp-json\/wp\/v2\/media?parent=12936"}],"wp:term":[{"taxonomy":"category","embeddable":true,"href":"https:\/\/www.editorasolucao.com.br\/blog\/wp-json\/wp\/v2\/categories?post=12936"},{"taxonomy":"post_tag","embeddable":true,"href":"https:\/\/www.editorasolucao.com.br\/blog\/wp-json\/wp\/v2\/tags?post=12936"}],"curies":[{"name":"wp","href":"https:\/\/api.w.org\/{rel}","templated":true}]}}