{"id":13383,"date":"2020-10-26T17:09:18","date_gmt":"2020-10-26T20:09:18","guid":{"rendered":"https:\/\/www.editorasolucao.com.br\/blog\/?post_type=concurso&#038;p=13383"},"modified":"2020-10-26T17:09:20","modified_gmt":"2020-10-26T20:09:20","slug":"prefeitura-de-nova-esperanca-do-sul-rs","status":"publish","type":"concurso","link":"https:\/\/www.editorasolucao.com.br\/blog\/concurso\/prefeitura-de-nova-esperanca-do-sul-rs","title":{"rendered":"Concurso Prefeitura de Nova Esperan\u00e7a do Sul &#8211; RS 2020: Tr\u00eas Editais abertos!"},"content":{"rendered":"\n<p>Foram divulgados <strong>tr\u00eas <a rel=\"noreferrer noopener\" aria-label=\"Editais (abre em uma nova aba)\" href=\"https:\/\/www.editorasolucao.com.br\" target=\"_blank\">Editais<\/a><\/strong> do <strong>Concurso Prefeitura de Nova Esperan\u00e7a do Sul<\/strong>, no estado do <a href=\"https:\/\/www.editorasolucao.com.br\/blog\/concursos-abertos-rs\" target=\"_blank\" rel=\"noreferrer noopener\" aria-label=\"Rio Grande do Sul (abre em uma nova aba)\">Rio Grande do Sul<\/a>, que oferecem<strong> 22 vagas imediatas mais forma\u00e7\u00e3o de cadastro reserva para candidatos de todos os n\u00edveis de escolaridade<\/strong>, com sal\u00e1rios que chegam a <strong>R$ 4,5 mil<\/strong>. Confira os detalhes ao decorrer do texto.<\/p>\n\n\n\n<div id=\"ez-toc-container\" class=\"ez-toc-v2_0_69_1 counter-hierarchy ez-toc-counter ez-toc-grey ez-toc-container-direction\">\n<div class=\"ez-toc-title-container\">\n<p class=\"ez-toc-title \" >Menu de navega&ccedil;&atilde;o<\/p>\n<span class=\"ez-toc-title-toggle\"><a href=\"#\" class=\"ez-toc-pull-right ez-toc-btn ez-toc-btn-xs ez-toc-btn-default ez-toc-toggle\" aria-label=\"Toggle Table of Content\"><span class=\"ez-toc-js-icon-con\"><span class=\"\"><span class=\"eztoc-hide\" style=\"display:none;\">Toggle<\/span><span class=\"ez-toc-icon-toggle-span\"><svg style=\"fill: #999;color:#999\" xmlns=\"http:\/\/www.w3.org\/2000\/svg\" class=\"list-377408\" width=\"20px\" height=\"20px\" viewBox=\"0 0 24 24\" fill=\"none\"><path d=\"M6 6H4v2h2V6zm14 0H8v2h12V6zM4 11h2v2H4v-2zm16 0H8v2h12v-2zM4 16h2v2H4v-2zm16 0H8v2h12v-2z\" fill=\"currentColor\"><\/path><\/svg><svg style=\"fill: #999;color:#999\" class=\"arrow-unsorted-368013\" xmlns=\"http:\/\/www.w3.org\/2000\/svg\" width=\"10px\" height=\"10px\" viewBox=\"0 0 24 24\" version=\"1.2\" baseProfile=\"tiny\"><path d=\"M18.2 9.3l-6.2-6.3-6.2 6.3c-.2.2-.3.4-.3.7s.1.5.3.7c.2.2.4.3.7.3h11c.3 0 .5-.1.7-.3.2-.2.3-.5.3-.7s-.1-.5-.3-.7zM5.8 14.7l6.2 6.3 6.2-6.3c.2-.2.3-.5.3-.7s-.1-.5-.3-.7c-.2-.2-.4-.3-.7-.3h-11c-.3 0-.5.1-.7.3-.2.2-.3.5-.3.7s.1.5.3.7z\"\/><\/svg><\/span><\/span><\/span><\/a><\/span><\/div>\n<nav><ul class='ez-toc-list ez-toc-list-level-1 ' ><li class='ez-toc-page-1 ez-toc-heading-level-2'><a class=\"ez-toc-link ez-toc-heading-1\" href=\"https:\/\/www.editorasolucao.com.br\/blog\/concurso\/prefeitura-de-nova-esperanca-do-sul-rs\/#Inscricoes_do_Concurso_de_Nova_Esperanca_do_Sul_%E2%80%93_RS\" title=\"Inscri\u00e7\u00f5es do Concurso de Nova Esperan\u00e7a do Sul \u2013 RS\">Inscri\u00e7\u00f5es do Concurso de Nova Esperan\u00e7a do Sul \u2013 RS<\/a><\/li><li class='ez-toc-page-1 ez-toc-heading-level-2'><a class=\"ez-toc-link ez-toc-heading-2\" href=\"https:\/\/www.editorasolucao.com.br\/blog\/concurso\/prefeitura-de-nova-esperanca-do-sul-rs\/#Cargos_vagas_e_salarios_do_Concurso_Prefeitura_de_Nova_Esperanca_do_Sul_%E2%80%93_RS\" title=\"Cargos, vagas e sal\u00e1rios do Concurso Prefeitura de Nova Esperan\u00e7a do Sul \u2013 RS\">Cargos, vagas e sal\u00e1rios do Concurso Prefeitura de Nova Esperan\u00e7a do Sul \u2013 RS<\/a><\/li><li class='ez-toc-page-1 ez-toc-heading-level-2'><a class=\"ez-toc-link ez-toc-heading-3\" href=\"https:\/\/www.editorasolucao.com.br\/blog\/concurso\/prefeitura-de-nova-esperanca-do-sul-rs\/#Quais_sao_os_requisitos_basicos_para_a_investidura_no_Concurso_de_Nova_Esperanca_do_Sul_%E2%80%93_RS\" title=\"Quais s\u00e3o os requisitos b\u00e1sicos para a investidura no Concurso de Nova Esperan\u00e7a do Sul \u2013 RS?\">Quais s\u00e3o os requisitos b\u00e1sicos para a investidura no Concurso de Nova Esperan\u00e7a do Sul \u2013 RS?<\/a><\/li><li class='ez-toc-page-1 ez-toc-heading-level-2'><a class=\"ez-toc-link ez-toc-heading-4\" href=\"https:\/\/www.editorasolucao.com.br\/blog\/concurso\/prefeitura-de-nova-esperanca-do-sul-rs\/#Como_serao_as_provas_do_Concurso_Prefeitura_de_Nova_Esperanca_do_Sul_%E2%80%93_RS\" title=\"Como ser\u00e3o as provas do Concurso Prefeitura de Nova Esperan\u00e7a do Sul \u2013 RS?\">Como ser\u00e3o as provas do Concurso Prefeitura de Nova Esperan\u00e7a do Sul \u2013 RS?<\/a><\/li><\/ul><\/nav><\/div>\n<h2 class=\"wp-block-heading\"><span class=\"ez-toc-section\" id=\"Inscricoes_do_Concurso_de_Nova_Esperanca_do_Sul_%E2%80%93_RS\"><\/span>Inscri\u00e7\u00f5es do Concurso de Nova Esperan\u00e7a do Sul \u2013 RS<span class=\"ez-toc-section-end\"><\/span><\/h2>\n\n\n\n<p>As inscri\u00e7\u00f5es devem ser realizadas atrav\u00e9s do site da banca organizadora <a rel=\"noreferrer noopener\" aria-label=\"Legalle Concursos (abre em uma nova aba)\" href=\"https:\/\/legalleconcursos.com.br\/editais\/abertos\" target=\"_blank\">Legalle Concursos<\/a>, at\u00e9 o dia <strong>19 de novembro de 2020<\/strong>. Para efetuar a inscri\u00e7\u00e3o \u00e9 necess\u00e1rio pagar uma taxa com valor referente ao n\u00edvel do cargo desejado. <\/p>\n\n\n\n<ul><li><strong>N\u00edvel Fundamental Incompleto: <\/strong>R$ 40,00<\/li><li> <strong>N\u00edvel M\u00e9dio\/T\u00e9cnico:<\/strong> R$ 70,00<\/li><li> <strong>N\u00edvel Superior:<\/strong> R$ 100,00<\/li><\/ul>\n\n\n\n<p><\/p>\n\n\n\n<p>\u00c9 assegurado o direito de isen\u00e7\u00e3o da taxa de inscri\u00e7\u00e3o ao candidato que for doador regular de sangue, sendo assim considerado aquele que realizou no m\u00ednimo duas doa\u00e7\u00f5es de sangue nos \u00faltimos 12 (doze) meses anteriores ao momento da inscri\u00e7\u00e3o, atestadas por \u00f3rg\u00e3o oficial ou entidade credenciada pelo Poder P\u00fablico.<\/p>\n\n\n\n<p>A solicita\u00e7\u00e3o deve ser feita at\u00e9 o dia <strong>27 de outubro de 2020<\/strong>.<\/p>\n\n\n\n<h2 class=\"wp-block-heading\"><span class=\"ez-toc-section\" id=\"Cargos_vagas_e_salarios_do_Concurso_Prefeitura_de_Nova_Esperanca_do_Sul_%E2%80%93_RS\"><\/span>Cargos, vagas e sal\u00e1rios do Concurso Prefeitura de Nova Esperan\u00e7a do Sul \u2013 RS<span class=\"ez-toc-section-end\"><\/span><\/h2>\n\n\n\n<p>S\u00e3o ofertadas <strong>22 vagas imediatas mais forma\u00e7\u00e3o de cadastro reserva, que est\u00e3o distribu\u00eddas em tr\u00eas Editais<\/strong>, sendo um de <strong>Concurso P\u00fablico \u2013 Prefeitura<\/strong>, outro de <strong>Processo Seletivo \u2013 Prefeitura<\/strong> e um destinado a <strong>C\u00e2mara Municipal<\/strong>. As oportunidades s\u00e3o para candidatos de <strong>n\u00edveis Fundamental incompleto, M\u00e9dio, T\u00e9cnico e Superior<\/strong>, com sal\u00e1rios que v\u00e3o de <strong>R$ 975,31 a R$ 4.569,03<\/strong>, mais vale-alimenta\u00e7\u00e3o no valor de <strong>R$ 400,00<\/strong> e jornadas de trabalho que variam de 20 a 40 horas semanais, dependendo do cargo. Abaixo est\u00e3o a quantidade de oportunidades imediatas correspondentes a cada fun\u00e7\u00e3o. <\/p>\n\n\n\n<p><strong>C\u00e2mara &#8211; Concurso P\u00fablico n\u00ba 01\/2020<\/strong><\/p>\n\n\n\n<p>Agente Legislativo (01).<\/p>\n\n\n\n<p><strong>Prefeitura &#8211; Concurso P\u00fablico n\u00ba 01\/2020<\/strong><\/p>\n\n\n\n<p>M\u00e9dico do ESF &#8211; Cl\u00ednico Geral (1); M\u00e9dico Pediatra (1); Professor &#8211; Educa\u00e7\u00e3o Infantil (1); Professor &#8211; S\u00e9ries Iniciais do Ensino Fundamental (1); Psic\u00f3logo (1); Agente Administrativo (5); Monitor de Creche (1); T\u00e9cnico em Contabilidade (1); T\u00e9cnico em Enfermagem (1); Visitador (2); Motorista (3); Operador de M\u00e1quinas (1); Oper\u00e1rio (1) e Servi\u00e7os Gerais (1).<\/p>\n\n\n\n<p><strong>Prefeitura &#8211; Processo Seletivo n\u00ba 01\/2020<\/strong><\/p>\n\n\n\n<p>Agente Comunit\u00e1rio de Sa\u00fade (CR) e Agente de Combate \u00e0s Endemias (CR).<\/p>\n\n\n\n<h2 class=\"wp-block-heading\"><span class=\"ez-toc-section\" id=\"Quais_sao_os_requisitos_basicos_para_a_investidura_no_Concurso_de_Nova_Esperanca_do_Sul_%E2%80%93_RS\"><\/span>Quais s\u00e3o os requisitos b\u00e1sicos para a investidura no Concurso de Nova Esperan\u00e7a do Sul \u2013 RS?<span class=\"ez-toc-section-end\"><\/span><\/h2>\n\n\n\n<p>Saiba quais s\u00e3o as exig\u00eancias para que o candidato tome posse dos cargos ofertados:<\/p>\n\n\n\n<ul><li>Ser brasileiro, nato ou naturalizado, ou estrangeiro, na forma da lei; <\/li><li> Ter idade m\u00ednima de 18 (dezoito) anos; <\/li><li> C\u00e9dula de Identidade original ou c\u00f3pia autenticada; <\/li><li> Cadastro de Pessoas F\u00edsicas original ou c\u00f3pia autenticada; <\/li><li> Estar quite com as obriga\u00e7\u00f5es eleitorais; <\/li><li> Estar quite com as obriga\u00e7\u00f5es militares, quando se tratar de candidato do sexo masculino; <\/li><li> Possuir o grau de instru\u00e7\u00e3o e a habilita\u00e7\u00e3o exigidos para o exerc\u00edcio do cargo, comprovando-os na data da posse; <\/li><li> Firmar declara\u00e7\u00e3o de que n\u00e3o exerce outro cargo p\u00fablico, salvo os acumul\u00e1veis nas condi\u00e7\u00f5es do art. 37, XVI, da Constitui\u00e7\u00e3o Federal, na ocasi\u00e3o da posse; <\/li><li> Documentos que comprovem as condi\u00e7\u00f5es previstas no Cap\u00edtulo I \u2013 item 1.3 do Edital (requisitos exigidos para o cargo, acompanhado de fotoc\u00f3pia); <\/li><li> Apresentar atestado de boa sa\u00fade f\u00edsica e mental, comprovada mediante inspe\u00e7\u00e3o m\u00e9dica oficial.<\/li><\/ul>\n\n\n\n<h2 class=\"wp-block-heading\"><span class=\"ez-toc-section\" id=\"Como_serao_as_provas_do_Concurso_Prefeitura_de_Nova_Esperanca_do_Sul_%E2%80%93_RS\"><\/span>Como ser\u00e3o as provas do Concurso Prefeitura de Nova Esperan\u00e7a do Sul \u2013 RS?<span class=\"ez-toc-section-end\"><\/span><\/h2>\n\n\n\n<p>O certame ser\u00e1 composto pelas seguintes etapas:<\/p>\n\n\n\n<ul><li><strong>Prova objetiva<\/strong>, de car\u00e1ter eliminat\u00f3rio\/classificat\u00f3rio (para todos os cargos);<\/li><li> <strong>Prova Pr\u00e1tica<\/strong>, de car\u00e1ter eliminat\u00f3rio\/classificat\u00f3rio (para os cargos de Motorista e Operador de M\u00e1quinas); e<\/li><li> <strong>Prova de T\u00edtulos<\/strong>, de car\u00e1ter classificat\u00f3rio (para os cargos de Professor).<\/li><\/ul>\n\n\n\n<h4 class=\"wp-block-heading\">Prova Objetiva<\/h4>\n\n\n\n<p>A <strong>Prova Objetiva<\/strong> est\u00e1 prevista para ser realizada no dia <strong>20 de dezembro de 2020<\/strong>, tendo dura\u00e7\u00e3o m\u00e1xima de 03 horas e contar\u00e1 com 40 quest\u00f5es de m\u00faltipla escolha. As disciplinas que versar\u00e3o as provas ser\u00e3o:<\/p>\n\n\n\n<p><strong>N\u00edvel Fundamental Incompleto: Motorista e Operador de M\u00e1quinas<\/strong><\/p>\n\n\n\n<ul><li>L\u00edngua Portuguesa: 10 quest\u00f5es com peso 1,0;<\/li><li> Matem\u00e1tica: 5 quest\u00f5es com peso 1,0;<\/li><li> Conhecimentos Gerais: 5 quest\u00f5es com peso 1,0;<\/li><li> Legisla\u00e7\u00e3o e Conhecimentos Espec\u00edficos: 20 quest\u00f5es com peso 2,0.<\/li><li><\/li><\/ul>\n\n\n\n<p><\/p>\n\n\n\n<p><strong>N\u00edvel Fundamental Incompleto: Oper\u00e1rio e Servi\u00e7os Gerais<\/strong><\/p>\n\n\n\n<ul><li>L\u00edngua Portuguesa: 10 quest\u00f5es com peso 2,0;<\/li><li> Matem\u00e1tica: 5 quest\u00f5es com peso 2,0;<\/li><li> Conhecimentos Gerais: 5 quest\u00f5es com peso 2,0;<\/li><li> Legisla\u00e7\u00e3o e Conhecimentos Espec\u00edficos: 20 quest\u00f5es com peso 3,0.<\/li><\/ul>\n\n\n\n<p><\/p>\n\n\n\n<p><strong>N\u00edvel M\u00e9dio\/T\u00e9cnico<\/strong><\/p>\n\n\n\n<ul><li>L\u00edngua Portuguesa: 10 quest\u00f5es com peso 2,0;<\/li><li> Racioc\u00ednio L\u00f3gico: 5 quest\u00f5es com peso 2,0;<\/li><li> Conhecimentos Gerais: 5 quest\u00f5es com peso 2,0;<\/li><li> Legisla\u00e7\u00e3o e Conhecimentos Espec\u00edficos: 20 quest\u00f5es com peso 3,0.<\/li><\/ul>\n\n\n\n<p><\/p>\n\n\n\n<p><strong>N\u00edvel Superior: M\u00e9dicos<\/strong><\/p>\n\n\n\n<ul><li>L\u00edngua Portuguesa: 10 quest\u00f5es com peso 2,0;<\/li><li> Racioc\u00ednio L\u00f3gico: 5 quest\u00f5es com peso 2,0;<\/li><li> Conhecimentos Gerais: 5 quest\u00f5es com peso 2,0;<\/li><li> Legisla\u00e7\u00e3o e Conhecimentos Espec\u00edficos: 20 quest\u00f5es com peso 3,0.<\/li><\/ul>\n\n\n\n<p><\/p>\n\n\n\n<p><strong>N\u00edvel Superior: Professores<\/strong><\/p>\n\n\n\n<ul><li>L\u00edngua Portuguesa: 10 quest\u00f5es com peso 1,5;<\/li><li> Racioc\u00ednio L\u00f3gico: 5 quest\u00f5es com peso 1,5;<\/li><li> Conhecimentos Gerais: 5 quest\u00f5es com peso 1,5;<\/li><li> Legisla\u00e7\u00e3o e Conhecimentos Espec\u00edficos: 20 quest\u00f5es com peso 2,5.<\/li><\/ul>\n\n\n\n<h4 class=\"wp-block-heading\">Prova Pr\u00e1tica<\/h4>\n\n\n\n<p>A <strong>Prova Pr\u00e1tica<\/strong> ser\u00e1 aplicada aos candidatos aprovados na Prova Te\u00f3rico-Objetiva, limitado aos 20% (vinte por cento) primeiros colocados de cada cargo.<\/p>\n\n\n\n<p>A prova pr\u00e1tica se destina a avaliar a experi\u00eancia e os conhecimentos pr\u00e1ticos e t\u00e9cnicos que os candidatos possuem no desempenho de atividades que s\u00e3o inerentes ao cargo pleiteado, constando de demonstra\u00e7\u00e3o pr\u00e1tica de sua habilita\u00e7\u00e3o na execu\u00e7\u00e3o das atribui\u00e7\u00f5es do cargo, resultando em Parecer de Avalia\u00e7\u00e3o da Prova Pr\u00e1tica.<\/p>\n\n\n\n<h4 class=\"wp-block-heading\">Prova de T\u00edtulos<\/h4>\n\n\n\n<p>As atribui\u00e7\u00f5es de pontos se dar\u00e3o da seguinte forma: <\/p>\n\n\n\n<div class=\"wp-block-image\"><figure class=\"aligncenter\"><img loading=\"lazy\" decoding=\"async\" width=\"581\" height=\"143\" src=\"https:\/\/www.editorasolucao.com.br\/blog\/wp-content\/uploads\/2020\/10\/esperan\u00e7a-do-sul1.png\" alt=\"\" class=\"wp-image-13384\"\/><\/figure><\/div>\n\n\n\n<p><\/p>\n\n\n\n<p style=\"text-align:center\"><strong>Conte\u00fado Program\u00e1tico<\/strong><\/p>\n\n\n\n<p><strong>N\u00edvel Fundamental<\/strong><\/p>\n\n\n\n<ul><li>L\u00edngua Portuguesa: Interpreta\u00e7\u00e3o de texto. Sin\u00f4nimos e ant\u00f4nimos. Alfabeto (ordem alfab\u00e9tica, reconhecimento de vogais e de consoantes). S\u00edlaba: separa\u00e7\u00e3o e classifica\u00e7\u00e3o. Emprego, flex\u00e3o e substitui\u00e7\u00e3o de substantivos, adjetivos, artigos, pronomes e adv\u00e9rbios. Emprego e flex\u00e3o de verbos regulares. Acentua\u00e7\u00e3o gr\u00e1fica e t\u00f4nica. Ortografia. Emprego de mai\u00fasculas e min\u00fasculas. Grafia do m antes do p e b. Emprego das letras h, ch\/x, \u00e7\/ss, s\/z, g\/j, s\/ss, r\/rr. Fon\u00e9tica: vogal, semivogal e consoante; fonema e letra; encontros consonantais, voc\u00e1licos e d\u00edgrafos. Pontua\u00e7\u00e3o (ponto final, ponto de exclama\u00e7\u00e3o, ponto de interroga\u00e7\u00e3o, dois pontos, travess\u00e3o e v\u00edrgula). Sentido de palavras e de express\u00f5es no texto. Substitui\u00e7\u00e3o de palavras e de express\u00f5es no texto.<\/li><li> Matem\u00e1tica: Sistema de numera\u00e7\u00e3o decimal. N\u00fameros naturais: opera\u00e7\u00f5es (adi\u00e7\u00e3o, subtra\u00e7\u00e3o, multiplica\u00e7\u00e3o e divis\u00e3o), express\u00f5es num\u00e9ricas, m\u00faltiplos e divisores; crit\u00e9rios de divisibilidade, n\u00fameros primos, decomposi\u00e7\u00e3o em fatores primos, m\u00ednimo m\u00faltiplo comum e m\u00e1ximo divisor comum. N\u00fameros fracion\u00e1rios: representa\u00e7\u00e3o e leitura, equival\u00eancia, simplifica\u00e7\u00e3o, compara\u00e7\u00e3o, opera\u00e7\u00f5es (adi\u00e7\u00e3o, subtra\u00e7\u00e3o, multiplica\u00e7\u00e3o e divis\u00e3o). N\u00fameros decimais: representa\u00e7\u00e3o e leitura, transforma\u00e7\u00f5es (escrita de fra\u00e7\u00e3o e n\u00famero decimal), compara\u00e7\u00e3o, opera\u00e7\u00f5es (adi\u00e7\u00e3o, subtra\u00e7\u00e3o, multiplica\u00e7\u00e3o e divis\u00e3o). Sistema monet\u00e1rio brasileiro. Sistema de medidas: comprimento, superf\u00edcie, massa, volume, capacidade e tempo. No\u00e7\u00f5es de porcentagem. Aplica\u00e7\u00e3o dos conte\u00fados acima listados em resolu\u00e7\u00e3o de problemas.<\/li><li> Conhecimentos Gerais <strong>(PARA TODOS OS CARGOS): <\/strong>Conhecimentos gerais: dados hist\u00f3ricos, geogr\u00e1ficos, geopol\u00edticos e socioecon\u00f4micos do munic\u00edpio, do estado, do pa\u00eds e do mundo. Informa\u00e7\u00f5es sobre pol\u00edtica, economia e esportes em geral. Informa\u00e7\u00f5es sobre o Meio Ambiente; ecologia; ecossistema; desenvolvimento sustent\u00e1vel e preserva\u00e7\u00e3o\/prote\u00e7\u00e3o ambiental. Informa\u00e7\u00f5es acerca das ci\u00eancias naturais, f\u00edsicas, biol\u00f3gicas; informa\u00e7\u00f5es acerca da cultura e das artes em geral do Rio Grande do Sul, do Brasil e do Mundo. Atualidades no Brasil: Cen\u00e1rio pol\u00edtico brasileiro. Governo Bolsonaro. Crise econ\u00f4mica. PIB. Reforma pol\u00edtica. COAF. Estatuto do desarmamento. Reforma da previd\u00eancia. Pacote anticorrup\u00e7\u00e3o. Sistema prisional brasileiro. Mil\u00edcias no Brasil. Miss\u00e3o permanente do Brasil na ONU. Petr\u00f3leo e sua import\u00e2ncia na pol\u00edtica brasileira. NAFTA e sua rela\u00e7\u00e3o com o Brasil. Acordo entre o Mercosul e a Uni\u00e3o Europeia. Mobilidade urbana (problema de moradia nos grandes centros urbanos). Acessibilidade e o papel das pol\u00edticas p\u00fablicas. Desastres ambientais: chuvas em Minas Gerais. Hist\u00f3ria da sa\u00fade p\u00fablica no Brasil. A pandemia do Coronav\u00edrus. Discrimina\u00e7\u00e3o: xenofobia, racismo, homofobia etc. Problema das cotas sociais e raciais. Problema da desigualdade de g\u00eanero. Debate sobre cultura do estupro. Bullying. Massacre ind\u00edgena. Arte: os centen\u00e1rios de Clarice Lispector e de Jo\u00e3o Cabral de Melo Neto. Atualidades no mundo: Cen\u00e1rio pol\u00edtico mundial. Governo de Donald Trump. Pol\u00edtica Imigrat\u00f3ria dos EUA. Racismo nos EUA. D\u00edaz-Canel e o governo cubano. Governo de Kim Jong-Un. Negocia\u00e7\u00f5es e reaproxima\u00e7\u00e3o das Coreias. Guerra na S\u00edria. Catalunha e o movimento separatista. Brexit. Angela Merkel e a Alemanha. Refugiados. Atentados terroristas. Acordo de Paris. Kremlin e a corrida armamentista. Sistema pol\u00edtico da R\u00fassia. A d\u00e9cada da China. Nova rota da Seda chinesa. Riscos dos agrot\u00f3xicos. Ir\u00e3 e seu Programa Nuclear como amea\u00e7a global. Equil\u00edbrio de for\u00e7as no Oriente M\u00e9dio. Crise entre EUA e Ir\u00e3. Instabilidade econ\u00f4mica da Argentina. Crise no Chile. Governo de Nicol\u00e1s Maduro. Novo bloco Prosul. A pandemia do Coronav\u00edrus. Inc\u00eandios na Austr\u00e1lia. F\u00f3rum Econ\u00f4mico Mundial.<\/li><li><strong>Inform\u00e1tica (PARA OS CARGOS DE N\u00cdVEIS M\u00c9DIO\/T\u00c9CNICO E SUPERIOR):<\/strong> Conhecimentos do sistema operacional Microsoft Windows 7 e vers\u00f5es superiores: \u00c1rea de Trabalho (Exibir, Classificar, Atualizar, Resolu\u00e7\u00e3o da tela, Gadgets) e Menu Iniciar (Documentos, Imagens, Computador, Painel de Controle, Dispositivos e Impressoras, Programa Padr\u00e3o, Ajuda e Suporte, Desligar, Todos os exibir, alterar, organizar, classificar, ver as propriedades, identificar, usar e configurar, utilizando menus r\u00e1pidos ou suspensos, pain\u00e9is, listas, caixa de pesquisa, menus, \u00edcones, janelas, teclado e\/ou mouse). Propriedades da Barra de Tarefas, do Menu Iniciar e do Gerenciador de tarefas: saber trabalhar, exibir, alterar, organizar, identificar, usar, fechar Programa e configurar, utilizando as partes da janela (bot\u00f5es, pain\u00e9is, listas, caixa de pesquisa, caixas de marca\u00e7\u00e3o, menus, \u00edcones e etc.), teclado e\/ou mouse. Janelas para facilitar a navega\u00e7\u00e3o no Windows e o trabalho com arquivos, pastas e bibliotecas. Painel de Controle e Lixeira: saber exibir, alterar, organizar, identificar, usar e configurar ambientes, componentes da janela, menus, barras de ferramentas e \u00edcones. Usar as funcionalidades das janelas, Programa e aplicativos utilizando as partes da janela (bot\u00f5es, pain\u00e9is, listas, caixa de pesquisa, caixas de marca\u00e7\u00e3o, menus, \u00edcones etc.), teclado e\/ou mouse. Realizar a\u00e7\u00f5es e opera\u00e7\u00f5es sobre bibliotecas, arquivos, pastas, \u00edcones e atalhos: localizar, copiar, mover, criar, criar atalhos, criptografar, ocultar, excluir, recortar, colar, renomear, abrir, abrir.<\/li><\/ul>\n\n\n\n<p><\/p>\n\n\n\n<p><strong>N\u00edvel M\u00e9dio\/T\u00e9cnico<\/strong><\/p>\n\n\n\n<ul><li> L\u00edngua Portuguesa <strong>(TAMB\u00c9M PARA OS CARGOS DE N\u00cdVEL SUPERIOR):<\/strong> Leitura e compreens\u00e3o de textos: assunto e estrutura\u00e7\u00e3o. Ideias principais e secund\u00e1rias. Rela\u00e7\u00e3o entre ideias. Efeitos de sentido. Figuras de linguagem. Recursos de argumenta\u00e7\u00e3o. Informa\u00e7\u00f5es impl\u00edcitas: pressupostos e subentendidos. Coes\u00e3o e coer\u00eancia textuais. L\u00e9xico: significa\u00e7\u00e3o e substitui\u00e7\u00e3o de palavras e express\u00f5es no texto. Estrutura e forma\u00e7\u00e3o de palavras. Aspectos lingu\u00edsticos: rela\u00e7\u00f5es morfossint\u00e1ticas. Ortografia: emprego de letras e acentua\u00e7\u00e3o gr\u00e1fica, conforme o sistema oficial vigente (Acordo Ortogr\u00e1fico da L\u00edngua Portuguesa de 1990). Rela\u00e7\u00f5es entre fonemas e grafias. Flex\u00f5es e emprego de classes gramaticais. Vozes verbais e suas convers\u00f5es. Concord\u00e2ncia nominal e verbal. Reg\u00eancia nominal e verbal. Coordena\u00e7\u00e3o e subordina\u00e7\u00e3o: emprego das conjun\u00e7\u00f5es, das locu\u00e7\u00f5es conjuntivas e dos pronomes relativos. Pontua\u00e7\u00e3o. Reda\u00e7\u00e3o oficial: padr\u00e3o of\u00edcio.<\/li><li> Matem\u00e1tica: Fun\u00e7\u00f5es reais: ideia de fun\u00e7\u00e3o, interpreta\u00e7\u00e3o de gr\u00e1ficos, dom\u00ednio e imagem, fun\u00e7\u00e3o do 1\u00ba grau, fun\u00e7\u00e3o do 2\u00ba grau (valor de m\u00e1ximo e de m\u00ednimo de uma fun\u00e7\u00e3o do 2\u00ba grau). Equa\u00e7\u00f5es de 1\u00ba e 2\u00ba graus. Sistemas de equa\u00e7\u00f5es de 1\u00ba grau com duas inc\u00f3gnitas. Trigonometria: semelhan\u00e7a de tri\u00e2ngulos. Teorema de Tales. Rela\u00e7\u00f5es m\u00e9tricas no tri\u00e2ngulo ret\u00e2ngulo. Teorema de Pit\u00e1goras e suas aplica\u00e7\u00f5es. Geometria plana: \u00e2ngulos, pol\u00edgonos, tri\u00e2ngulos, quadril\u00e1teros, c\u00edrculo, circunfer\u00eancia, pol\u00edgonos regulares inscritos e circunscritos. Propriedades, per\u00edmetro e \u00e1rea. Geometria espacial: poliedros, prismas, pir\u00e2mide, cilindro, cone esfera. Elementos, classifica\u00e7\u00e3o, \u00e1reas e volume.<\/li><\/ul>\n\n\n\n<p><\/p>\n\n\n\n<p><strong>N\u00edvel Superior<\/strong><\/p>\n\n\n\n<ul><li>Matem\u00e1tica: Conjuntos num\u00e9ricos: naturais, inteiros, racionais, irracionais, reais; propriedades, opera\u00e7\u00f5es, representa\u00e7\u00e3o geom\u00e9trica, divisibilidade, n\u00fameros primos, fatora\u00e7\u00e3o, m\u00e1ximo divisor comum, m\u00ednimo m\u00faltiplo comum. Equa\u00e7\u00f5es e inequa\u00e7\u00f5es: 1\u00ba grau, 2\u00ba grau, exponencial, logar\u00edtmica. Fun\u00e7\u00f5es: fun\u00e7\u00e3o polinomial do 1\u00ba grau, fun\u00e7\u00e3o polinomial do 2\u00ba grau, fun\u00e7\u00e3o exponencial, fun\u00e7\u00e3o logar\u00edtmica, fun\u00e7\u00f5es trigonom\u00e9tricas. Trigonometria: tri\u00e2ngulo ret\u00e2ngulo, tri\u00e2ngulos quaisquer, ciclo trigonom\u00e9trico, rela\u00e7\u00f5es entre arcos, equa\u00e7\u00f5es e inequa\u00e7\u00f5es. Sequ\u00eancias num\u00e9ricas: progress\u00e3o aritm\u00e9tica e progress\u00e3o geom\u00e9trica. Matriz, determinante e sistemas lineares. An\u00e1lise combinat\u00f3ria. Probabilidade. Estat\u00edstica. Matem\u00e1tica financeira: juros simples e compostos, descontos, taxas proporcionais. Raz\u00e3o e propor\u00e7\u00e3o, regra de tr\u00eas, porcentagem, taxas de acr\u00e9scimo e decr\u00e9scimos, taxa de lucro ou margem sobre o pre\u00e7o de custo e sobre o pre\u00e7o de venda. Geometria plana: \u00e2ngulos, pol\u00edgonos, tri\u00e2ngulos, quadril\u00e1teros, c\u00edrculo, circunfer\u00eancia, pol\u00edgonos regulares inscritos e circunscritos. Propriedades, per\u00edmetro e \u00e1rea. Geometria espacial: poliedros, prismas, pir\u00e2mide, cilindro, cone esfera. Elementos, classifica\u00e7\u00e3o, \u00e1reas e volume. Geometria anal\u00edtica: ponto, reta e circunfer\u00eancia. C\u00f4nicas: elipse, hip\u00e9rbole, par\u00e1bola. N\u00fameros complexos. Polin\u00f4mios e equa\u00e7\u00f5es alg\u00e9bricas. C\u00e1lculo e aplica\u00e7\u00f5es. Racioc\u00ednio l\u00f3gico.<\/li><\/ul>\n\n\n\n<p><\/p>\n\n\n\n<p>Conferiu todo o texto? Deseja fazer o certame? Ent\u00e3o comece a se preparar com as <strong>Apostilas Solu\u00e7\u00e3o<\/strong> e tenha um resultado positivo! <strong>Bons estudos e boa prova!!!<\/strong><\/p>\n\n\n\n<p><\/p>\n\n\n\n<div class=\"wp-block-file\"><a href=\"https:\/\/www.editorasolucao.com.br\/blog\/wp-content\/uploads\/2020\/10\/Edital-Concurso-P\u00fablico-Nova-Esperan\u00e7a-do-Sul.pdf\">Edital Concurso P\u00fablico &#8211; Nova Esperan\u00e7a do Sul<\/a><a href=\"https:\/\/www.editorasolucao.com.br\/blog\/wp-content\/uploads\/2020\/10\/Edital-Concurso-P\u00fablico-Nova-Esperan\u00e7a-do-Sul.pdf\" class=\"wp-block-file__button\" download>Baixar<\/a><\/div>\n\n\n\n<div class=\"wp-block-file\"><a href=\"https:\/\/www.editorasolucao.com.br\/blog\/wp-content\/uploads\/2020\/10\/Edital-Processo-Seletivo-Nova-Esperan\u00e7a-do-Sul.pdf\">Edital Processo Seletivo &#8211; Nova Esperan\u00e7a do Sul<\/a><a href=\"https:\/\/www.editorasolucao.com.br\/blog\/wp-content\/uploads\/2020\/10\/Edital-Processo-Seletivo-Nova-Esperan\u00e7a-do-Sul.pdf\" class=\"wp-block-file__button\" download>Baixar<\/a><\/div>\n\n\n\n<div class=\"wp-block-file\"><a href=\"https:\/\/www.editorasolucao.com.br\/blog\/wp-content\/uploads\/2020\/10\/Edital-C\u00e2mara-Municipal-Nova-Esperan\u00e7a-do-Sul.pdf\">Edital C\u00e2mara Municipal &#8211; Nova Esperan\u00e7a do Sul<\/a><a href=\"https:\/\/www.editorasolucao.com.br\/blog\/wp-content\/uploads\/2020\/10\/Edital-C\u00e2mara-Municipal-Nova-Esperan\u00e7a-do-Sul.pdf\" class=\"wp-block-file__button\" download>Baixar<\/a><\/div>\n","protected":false},"excerpt":{"rendered":"<p>Foram divulgados tr\u00eas Editais do Concurso Prefeitura de Nova Esperan\u00e7a do Sul, no estado do Rio Grande do Sul, que oferecem 22 vagas imediatas mais forma\u00e7\u00e3o de cadastro reserva para candidatos de todos os n\u00edveis de escolaridade, com sal\u00e1rios que chegam a R$ 4,5 mil. Confira os detalhes ao decorrer do texto. Inscri\u00e7\u00f5es do Concurso de Nova Esperan\u00e7a do Sul \u2013 RS As inscri\u00e7\u00f5es devem ser realizadas atrav\u00e9s do site da banca organizadora Legalle Concursos, at\u00e9 o dia 19 de novembro de 2020. Para efetuar a inscri\u00e7\u00e3o \u00e9 necess\u00e1rio pagar uma taxa com valor referente ao n\u00edvel do cargo desejado&#8230;.<\/p>\n","protected":false},"author":7,"featured_media":7905,"template":"","meta":{"_acf_changed":false,"rank_math_lock_modified_date":false},"categories":[],"tags":[],"acf":[],"_links":{"self":[{"href":"https:\/\/www.editorasolucao.com.br\/blog\/wp-json\/wp\/v2\/concurso\/13383"}],"collection":[{"href":"https:\/\/www.editorasolucao.com.br\/blog\/wp-json\/wp\/v2\/concurso"}],"about":[{"href":"https:\/\/www.editorasolucao.com.br\/blog\/wp-json\/wp\/v2\/types\/concurso"}],"author":[{"embeddable":true,"href":"https:\/\/www.editorasolucao.com.br\/blog\/wp-json\/wp\/v2\/users\/7"}],"wp:featuredmedia":[{"embeddable":true,"href":"https:\/\/www.editorasolucao.com.br\/blog\/wp-json\/wp\/v2\/media\/7905"}],"wp:attachment":[{"href":"https:\/\/www.editorasolucao.com.br\/blog\/wp-json\/wp\/v2\/media?parent=13383"}],"wp:term":[{"taxonomy":"category","embeddable":true,"href":"https:\/\/www.editorasolucao.com.br\/blog\/wp-json\/wp\/v2\/categories?post=13383"},{"taxonomy":"post_tag","embeddable":true,"href":"https:\/\/www.editorasolucao.com.br\/blog\/wp-json\/wp\/v2\/tags?post=13383"}],"curies":[{"name":"wp","href":"https:\/\/api.w.org\/{rel}","templated":true}]}}