{"id":1388,"date":"2024-09-23T11:10:11","date_gmt":"2024-09-23T14:10:11","guid":{"rendered":"https:\/\/www.editorasolucao.com.br\/blog\/?post_type=concurso&#038;p=1388"},"modified":"2024-09-26T13:07:43","modified_gmt":"2024-09-26T16:07:43","slug":"see-ac","status":"publish","type":"concurso","link":"https:\/\/www.editorasolucao.com.br\/blog\/concurso\/see-ac","title":{"rendered":"Concurso SEE AC: Saiu edital com 3 mil vagas; at\u00e9 R$3,8 mil!"},"content":{"rendered":"\n<p>O <strong>concurso SEE AC (Secretaria de Estado da Educa\u00e7\u00e3o do Acre) tem edital publicado<\/strong> com a oferta de 3.000 vagas para cargos de n\u00edveis m\u00e9dio e superior de escolaridade! Confira os detalhes no decorrer da not\u00edcia. \ud83e\udd70<\/p>\n\n\n\n<div id=\"ez-toc-container\" class=\"ez-toc-v2_0_69_1 counter-hierarchy ez-toc-counter ez-toc-grey ez-toc-container-direction\">\n<div class=\"ez-toc-title-container\">\n<p class=\"ez-toc-title \" >Menu de navega&ccedil;&atilde;o<\/p>\n<span class=\"ez-toc-title-toggle\"><a href=\"#\" class=\"ez-toc-pull-right ez-toc-btn ez-toc-btn-xs ez-toc-btn-default ez-toc-toggle\" aria-label=\"Toggle Table of Content\"><span class=\"ez-toc-js-icon-con\"><span class=\"\"><span class=\"eztoc-hide\" style=\"display:none;\">Toggle<\/span><span class=\"ez-toc-icon-toggle-span\"><svg style=\"fill: #999;color:#999\" xmlns=\"http:\/\/www.w3.org\/2000\/svg\" class=\"list-377408\" width=\"20px\" height=\"20px\" viewBox=\"0 0 24 24\" fill=\"none\"><path d=\"M6 6H4v2h2V6zm14 0H8v2h12V6zM4 11h2v2H4v-2zm16 0H8v2h12v-2zM4 16h2v2H4v-2zm16 0H8v2h12v-2z\" fill=\"currentColor\"><\/path><\/svg><svg style=\"fill: #999;color:#999\" class=\"arrow-unsorted-368013\" xmlns=\"http:\/\/www.w3.org\/2000\/svg\" width=\"10px\" height=\"10px\" viewBox=\"0 0 24 24\" version=\"1.2\" baseProfile=\"tiny\"><path d=\"M18.2 9.3l-6.2-6.3-6.2 6.3c-.2.2-.3.4-.3.7s.1.5.3.7c.2.2.4.3.7.3h11c.3 0 .5-.1.7-.3.2-.2.3-.5.3-.7s-.1-.5-.3-.7zM5.8 14.7l6.2 6.3 6.2-6.3c.2-.2.3-.5.3-.7s-.1-.5-.3-.7c-.2-.2-.4-.3-.7-.3h-11c-.3 0-.5.1-.7.3-.2.2-.3.5-.3.7s.1.5.3.7z\"\/><\/svg><\/span><\/span><\/span><\/a><\/span><\/div>\n<nav><ul class='ez-toc-list ez-toc-list-level-1 ' ><li class='ez-toc-page-1 ez-toc-heading-level-2'><a class=\"ez-toc-link ez-toc-heading-1\" href=\"https:\/\/www.editorasolucao.com.br\/blog\/concurso\/see-ac\/#Como_serao_as_inscricoes_no_concurso_SEE_AC\" title=\"Como ser\u00e3o as inscri\u00e7\u00f5es no concurso SEE AC?\">Como ser\u00e3o as inscri\u00e7\u00f5es no concurso SEE AC?<\/a><\/li><li class='ez-toc-page-1 ez-toc-heading-level-2'><a class=\"ez-toc-link ez-toc-heading-2\" href=\"https:\/\/www.editorasolucao.com.br\/blog\/concurso\/see-ac\/#Cargos_vagas_e_salarios_ofertadas_no_certame\" title=\"Cargos, vagas e sal\u00e1rios ofertadas no certame\">Cargos, vagas e sal\u00e1rios ofertadas no certame<\/a><\/li><li class='ez-toc-page-1 ez-toc-heading-level-2'><a class=\"ez-toc-link ez-toc-heading-3\" href=\"https:\/\/www.editorasolucao.com.br\/blog\/concurso\/see-ac\/#Quais_sao_os_requisitos_basicos_para_a_investidura_dos_cargos_do_concurso_SEE_AC\" title=\"Quais s\u00e3o os requisitos b\u00e1sicos para a investidura dos cargos do concurso SEE AC?\">Quais s\u00e3o os requisitos b\u00e1sicos para a investidura dos cargos do concurso SEE AC?<\/a><\/li><li class='ez-toc-page-1 ez-toc-heading-level-2'><a class=\"ez-toc-link ez-toc-heading-4\" href=\"https:\/\/www.editorasolucao.com.br\/blog\/concurso\/see-ac\/#Etapas_de_selecao_do_concurso_SEE_AC\" title=\"Etapas de sele\u00e7\u00e3o do concurso SEE AC\">Etapas de sele\u00e7\u00e3o do concurso SEE AC<\/a><\/li><\/ul><\/nav><\/div>\n<h2 class=\"wp-block-heading\" id=\"inscri\u00e7\u00f5es\"><span class=\"ez-toc-section\" id=\"Como_serao_as_inscricoes_no_concurso_SEE_AC\"><\/span>Como ser\u00e3o as inscri\u00e7\u00f5es no concurso SEE AC?<span class=\"ez-toc-section-end\"><\/span><\/h2>\n\n\n\n<p>As inscri\u00e7\u00f5es para o concurso SEE AC poder\u00e3o ser realizadas <strong>a partir das 15h do dia 3 at\u00e9 \u00e0s 21h59 do dia 29 de outubro de 2024<\/strong>, atrav\u00e9s do site da banca organizadora, <a href=\"https:\/\/www.nossorumo.org.br\/\" target=\"_blank\" rel=\"noreferrer noopener\">Nosso Rumo<\/a>.<\/p>\n\n\n\n<p>Aten\u00e7\u00e3o! O hor\u00e1rio deve ser observado conforme o fuso hor\u00e1rio do estado do Acre.<\/p>\n\n\n\n<p>Para concluir a inscri\u00e7\u00e3o \u00e9 necess\u00e1rio que o candidato efetue o pagamento de uma taxa, at\u00e9 o dia 30 de outubro de 2024, no valor de R$ 69,79 para o cargo de n\u00edvel m\u00e9dio e de R$ 88,98 para os cargos de n\u00edvel superior.<\/p>\n\n\n\n<p>Haver\u00e1 a possibilidade de solicitar a<strong> isen\u00e7\u00e3o da taxa<\/strong> de participa\u00e7\u00e3o entre os dias 3 e 4 de outubro para o candidato que esteja inscrito no Cad\u00danico; ou seja doador de Medula \u00d3ssea; ou foi eleitor convocado e nomeado pela Justi\u00e7a Eleitoral; ou doador de Sangue.<\/p>\n\n\n\n<h2 class=\"wp-block-heading\" id=\"cargos\"><span class=\"ez-toc-section\" id=\"Cargos_vagas_e_salarios_ofertadas_no_certame\"><\/span>Cargos, vagas e sal\u00e1rios ofertadas no certame<span class=\"ez-toc-section-end\"><\/span><\/h2>\n\n\n\n<p>Ao todo est\u00e3o sendo ofertadas <strong>3.000 vagas imediatas mais oportunidades para forma\u00e7\u00e3o de cadastro reserva <\/strong>para cargos de n\u00edveis m\u00e9dio e superior. As oportunidades ser\u00e3o divididas por v\u00e1rios munic\u00edpios do estado do Acre. Abaixo est\u00e3o os cargos ofertados e a distribui\u00e7\u00e3o das vagas:<\/p>\n\n\n\n<p><span style=\"text-decoration: underline;\"><em>N\u00edvel M\u00e9dio<\/em><\/span><\/p>\n\n\n\n<ul>\n<li><a href=\"https:\/\/www.editorasolucao.com.br\/apostila-solucao\/see-ac-apoio-administrativo-educacional-aae-nivel-2\">Apoio Administrativo Educacional<\/a> (500+CR)<\/li>\n<\/ul>\n\n\n\n<p><span style=\"text-decoration: underline;\"><em>N\u00edvel Superior<\/em><\/span><\/p>\n\n\n\n<ul>\n<li>Professor P2\n<ul>\n<li>Arte (111+CR)<\/li>\n\n\n\n<li>Biologia (256+CR)<\/li>\n\n\n\n<li>Educa\u00e7\u00e3o F\u00edsica (108+CR)<\/li>\n\n\n\n<li>L\u00edngua Espanhola (126+CR)<\/li>\n\n\n\n<li>Filosofia (83+CR)<\/li>\n\n\n\n<li>F\u00edsica (152+CR)<\/li>\n\n\n\n<li>Geografia (178+CR)<\/li>\n\n\n\n<li>Hist\u00f3ria (178+CR)<\/li>\n\n\n\n<li><a href=\"https:\/\/www.editorasolucao.com.br\/apostila-solucao\/see-ac-professor-lingua-inglesa\">L\u00edngua Inglesa<\/a> (128+CR)<\/li>\n\n\n\n<li><a href=\"https:\/\/www.editorasolucao.com.br\/apostila-solucao\/see-ac-professor-lingua-portuguesa\">L\u00edngua Portuguesa<\/a> (174+CR)<\/li>\n\n\n\n<li><a href=\"https:\/\/www.editorasolucao.com.br\/apostila-solucao\/see-ac-professor-matematica\">Matem\u00e1tica<\/a> (308+CR)<\/li>\n\n\n\n<li>Qu\u00edmica (138+CR)<\/li>\n\n\n\n<li>Sociologia (60+CR)<\/li>\n\n\n\n<li>Braile (5+CR)<\/li>\n\n\n\n<li>Educa\u00e7\u00e3o Especial (485+CR)<\/li>\n\n\n\n<li>Libras (10+CR)<\/li>\n<\/ul>\n<\/li>\n<\/ul>\n\n\n\n<p>A jornada de trabalho \u00e9 de 30 horas semanais para uma remunera\u00e7\u00e3o no valor de R$ 1.941,51 para o n\u00edvel m\u00e9dio e de R$ 3.850,21 para os cargos de n\u00edvel superior. Al\u00e9m dos sal\u00e1rios base, os candidatos aprovados far\u00e3o jus a um aux\u00edlio alimenta\u00e7\u00e3o no valor de R$ 420,00.<\/p>\n\n\n\n<h2 class=\"wp-block-heading\" id=\"requisitos\"><span class=\"ez-toc-section\" id=\"Quais_sao_os_requisitos_basicos_para_a_investidura_dos_cargos_do_concurso_SEE_AC\"><\/span>Quais s\u00e3o os requisitos b\u00e1sicos para a investidura dos cargos do concurso SEE AC?<span class=\"ez-toc-section-end\"><\/span><\/h2>\n\n\n\n<p>Saiba quais s\u00e3o as exig\u00eancias para que o candidato tome posse dos cargos ofertados no concurso da <a href=\"https:\/\/see.ac.gov.br\/\" target=\"_blank\" rel=\"noreferrer noopener\">Secretaria de Estado de Educa\u00e7\u00e3o do Acre<\/a>:<\/p>\n\n\n\n<ul>\n<li>Ser brasileiro nato ou naturalizado e em caso de nacionalidade portuguesa, estar amparado pelo Estatuto da Igualdade entre Brasileiros e Portugueses, com reconhecimento de gozo de direitos pol\u00edticos, nos termos do par\u00e1grafo 1\u00ba, inciso II do artigo 12, da Constitui\u00e7\u00e3o Federal e do Decreto Federal n\u00ba 70.436\/72;<\/li>\n\n\n\n<li>Ter, na data da nomea\u00e7\u00e3o, idade igual ou superior a 18 anos;<\/li>\n\n\n\n<li>No caso do sexo masculino, estar em dia com o Servi\u00e7o Militar;<\/li>\n\n\n\n<li>Ser eleitor e estar quite com a Justi\u00e7a Eleitoral;<\/li>\n\n\n\n<li>Possuir documenta\u00e7\u00e3o comprobat\u00f3ria, no ato da posse, dos requisitos m\u00ednimos exigidos para o cargo, conforme na Tabela I, deste Edital, e a documenta\u00e7\u00e3o comprobat\u00f3ria determinada no item 14.4. do Cap\u00edtulo 14, deste Edital;<\/li>\n\n\n\n<li>Ter aptid\u00e3o f\u00edsica e mental e n\u00e3o ser pessoa com defici\u00eancia incompat\u00edvel com o exerc\u00edcio das atribui\u00e7\u00f5es do cargo, comprovada em inspe\u00e7\u00e3o realizada pela Junta M\u00e9dica Oficial do Estado do Acre;<\/li>\n\n\n\n<li>N\u00e3o registrar antecedentes criminais, que impliquem perda ou \u00f3bice para assumir cargo ou emprego p\u00fablico, oriundos de senten\u00e7a transitada em julgado ou demonstrar o cumprimento integral das penas que tenham sido cominadas;<\/li>\n\n\n\n<li>N\u00e3o se encontrar acumulando cargo, emprego ou fun\u00e7\u00e3o p\u00fablica em desconformidade com as hip\u00f3teses de acumula\u00e7\u00e3o l\u00edcitas previstas em Lei e na Constitui\u00e7\u00e3o Federal;<\/li>\n\n\n\n<li>N\u00e3o receber, nos termos do Artigo 37, \u00a710, da Constitui\u00e7\u00e3o Federal, proventos de aposentadoria decorrentes do Artigo 40 ou dos Artigos 42 e 142 da Constitui\u00e7\u00e3o Federal, ressalvados os Cargos\/Empregos acumul\u00e1veis na forma da referida Constitui\u00e7\u00e3o.<\/li>\n<\/ul>\n\n\n\n<h2 class=\"wp-block-heading\" id=\"etapas\"><span class=\"ez-toc-section\" id=\"Etapas_de_selecao_do_concurso_SEE_AC\"><\/span>Etapas de sele\u00e7\u00e3o do concurso SEE AC<span class=\"ez-toc-section-end\"><\/span><\/h2>\n\n\n\n<p>Todos os candidatos do certame ser\u00e3o avaliados por meio de uma uma prova objetiva, de car\u00e1ter eliminat\u00f3rio e classificat\u00f3rio.<\/p>\n\n\n\n<p>Para os cargos de n\u00edvel superior ainda haver\u00e1 a prova discursiva, de car\u00e1ter eliminat\u00f3rio e classificat\u00f3rio, a avalia\u00e7\u00e3o de t\u00edtulos, de car\u00e1ter classificat\u00f3rio, e a prova pr\u00e1tica, de car\u00e1ter eliminat\u00f3rio e classificat\u00f3rio.<\/p>\n\n\n\n<p>Confira abaixo como ser\u00e1 cada etapa do concurso SEE AC:<\/p>\n\n\n\n<h3 class=\"wp-block-heading\">Prova objetiva <\/h3>\n\n\n\n<p>Essa etapa est\u00e1 prevista para ser aplicada no dia <strong>24 de novembro de 2024<\/strong>, onde os candidatos ter\u00e3o o tempo m\u00e1ximo de 4 horas para realizar o exame.<\/p>\n\n\n\n<p>A avalia\u00e7\u00e3o do concurso SEE AC ser\u00e1 composta por <strong>50 quest\u00f5es de m\u00faltipla escolha<\/strong> que ser\u00e3o versadas nas seguintes disciplinas:<\/p>\n\n\n\n<p>Para o n\u00edvel m\u00e9dio as disciplinas s\u00e3o as de L\u00edngua Portuguesa (10), Matem\u00e1tica (10), No\u00e7\u00f5es de Inform\u00e1tica (8), Hist\u00f3ria do Acre (4), Geografia do Acre (4) e Conhecimentos Espec\u00edficos (14).<\/p>\n\n\n\n<p>J\u00e1 para o <a href=\"https:\/\/www.editorasolucao.com.br\/apostila-solucao\/see-ac-comum-cargos-professor\">n\u00edvel superior,<\/a> as disciplinas ser\u00e3o L\u00edngua Portuguesa (6), Matem\u00e1tica (6), Hist\u00f3ria do Acre (4), Geografia do Acre (4), Legisla\u00e7\u00e3o Educacional (8), Conhecimentos Pedag\u00f3gicos (8) e Conhecimentos Espec\u00edficos (14).<\/p>\n\n\n\n<p>Ser\u00e1 considerado habilitado o candidato que: obtiver nota igual ou superior a 50% dos pontos em Conhecimentos Gerais; obtiver nota igual ou superior a 50% dos pontos em Conhecimentos Espec\u00edficos; e obtiver nota igual ou superior a 50% dos pontos no conjunto das provas objetivas.<\/p>\n\n\n\n<h3 class=\"wp-block-heading\">Prova discursiva<\/h3>\n\n\n\n<p>Essa fase consistir\u00e1 em 01 quest\u00e3o com base no Conte\u00fado Program\u00e1tico, e tem o objetivo de avaliar o dom\u00ednio do conhecimento te\u00f3rico pr\u00e1tico, uso adequado da linguagem, a articula\u00e7\u00e3o do racioc\u00ednio, a capacidade de argumenta\u00e7\u00e3o te\u00f3rico metodol\u00f3gica e o uso correto do vern\u00e1culo.<\/p>\n\n\n\n<p>Ser\u00e1 atribu\u00edda a seguinte pontua\u00e7\u00e3o: Norma-padr\u00e3o (2 pontos), Coes\u00e3o e Coer\u00eancia (2 pontos) e t\u00e9cnica -no caso, argumenta\u00e7\u00e3o do estudo de caso &#8211; (6 pontos).<\/p>\n\n\n\n<p>A avalia\u00e7\u00e3o ser\u00e1 avaliada em uma escala de 0 a 10 pontos, sendo considerado aprovado no concurso SEE AC o candidato que obtiver no m\u00ednimo 6 pontos.<\/p>\n\n\n\n<h3 class=\"wp-block-heading\">Avalia\u00e7\u00e3o de t\u00edtulos<\/h3>\n\n\n\n<p>Para a realiza\u00e7\u00e3o dessa etapa, ser\u00e3o aceitos para a avalia\u00e7\u00e3o as titula\u00e7\u00f5es de Doutorado e Mestrado, ambos conclu\u00eddos at\u00e9 a data de apresenta\u00e7\u00e3o dos t\u00edtulos, desde que relacionado \u00e0 \u00e1rea da educa\u00e7\u00e3o.<\/p>\n\n\n\n<p>E tamb\u00e9m, ser\u00e1 aceito o t\u00edtulo de P\u00f3s-Gradua\u00e7\u00e3o Lato Sensu (especializa\u00e7\u00e3o) na \u00e1rea do Cargo, com carga hor\u00e1ria m\u00ednima de 360 horas, conclu\u00eddas at\u00e9 a data de apresenta\u00e7\u00e3o dos t\u00edtulos, desde que relacionada \u00e0 \u00e1rea da educa\u00e7\u00e3o.<\/p>\n\n\n\n<h3 class=\"wp-block-heading\">Prova pr\u00e1tica<\/h3>\n\n\n\n<p>Essa etapa ser\u00e1 realizada atrav\u00e9s de videoaula, desenvolvida sobre um tema, acompanhado do plano de aula encaminhado pelo candidato durante o per\u00edodo de inscri\u00e7\u00e3o e ser\u00e1 avaliada seguindo os seguintes aspectos:<\/p>\n\n\n\n<ul>\n<li>Planejamento contendo elementos essenciais do Plano de Aula.<\/li>\n\n\n\n<li>Precis\u00e3o e clareza entre os elementos do Plano de Aula.<\/li>\n\n\n\n<li>Utiliza\u00e7\u00e3o e cita\u00e7\u00e3o durante a exposi\u00e7\u00e3o de referencial te\u00f3rico adequado ao tema.<\/li>\n\n\n\n<li>Coer\u00eancia entre o planejamento e execu\u00e7\u00e3o da aula.<\/li>\n\n\n\n<li>Utiliza\u00e7\u00e3o de linguagem apropriada com flu\u00eancia verbal e concord\u00e2ncia gramatical.<\/li>\n\n\n\n<li>Abordagem e sequ\u00eancia l\u00f3gica no desenvolvimento da aula dos aspectos essenciais do tema.<\/li>\n\n\n\n<li>Dom\u00ednio e seguran\u00e7a no desenvolvimento do conte\u00fado.<\/li>\n\n\n\n<li>Emprego de t\u00e9cnica e recurso de ensino apropriados ao tema.<\/li>\n\n\n\n<li>Utiliza\u00e7\u00e3o de exemplos refor\u00e7adores do conte\u00fado explorado.<\/li>\n\n\n\n<li>Aula ministrada com introdu\u00e7\u00e3o, desenvolvimento e conclus\u00e3o de forma articulada com a tem\u00e1tica explorada.<\/li>\n<\/ul>\n\n\n\n<p>A videoaula dever\u00e1 ter dura\u00e7\u00e3o de no m\u00ednimo 10 minutos e no m\u00e1ximo de 15 minutos. <\/p>\n\n\n\n<h4 class=\"wp-block-heading\">Quais ser\u00e3o os temas da prova pr\u00e1tica?<\/h4>\n\n\n\n<p>Al\u00e9m de descrever os aspectos a serem avaliados, o edital do concurso SEE AC j\u00e1 divulga os temas a serem abordados por cada cargo na realiza\u00e7\u00e3o da prova, sendo eles:<\/p>\n\n\n\n<ul>\n<li>Arte: A identidade e a diversidade cultural brasileira<\/li>\n\n\n\n<li>Biologia: Rela\u00e7\u00f5es entre os seres vivos de um ecossistema.<\/li>\n\n\n\n<li>Educa\u00e7\u00e3o F\u00edsica: Nutri\u00e7\u00e3o e atividade f\u00edsica<\/li>\n\n\n\n<li>L\u00edngua Espanhola: Variaci\u00f3n ling\u00fc\u00edstica y diversidad en la lengua espa\u00f1ola<\/li>\n\n\n\n<li>Filosofia: Rela\u00e7\u00e3o entre filosofia, ci\u00eancia e religi\u00e3o.<\/li>\n\n\n\n<li>F\u00edsica: Trabalho de for\u00e7a constante e vari\u00e1vel.<\/li>\n\n\n\n<li>Geografia: O meio ambiente no Brasil e os dom\u00ednios geoecol\u00f3gicos.<\/li>\n\n\n\n<li>Hist\u00f3ria: A Revolu\u00e7\u00e3o de 30 e o Estado Novo (1930-1945).<\/li>\n\n\n\n<li>L\u00edngua Inglesa: Passive Voice; &#8211; Direct and Indirect Speech.<\/li>\n\n\n\n<li>L\u00edngua Portuguesa: Concord\u00e2ncia Verbal e Nominal.<\/li>\n\n\n\n<li>Matem\u00e1tica: Fun\u00e7\u00e3o polinomial de 1\u00ba grau<\/li>\n\n\n\n<li>Qu\u00edmica: Misturas: m\u00e9todos de separa\u00e7\u00e3o e composi\u00e7\u00e3o.<\/li>\n\n\n\n<li>Sociologia: Teorias Sociol\u00f3gicas Cl\u00e1ssicas.<\/li>\n\n\n\n<li>Braile: Processos de Leitura e Escrita Braille<\/li>\n\n\n\n<li>Educa\u00e7\u00e3o Especial: Tecnologia Assistiva.<\/li>\n\n\n\n<li>Libras: Diferen\u00e7as entre a l\u00edngua brasileira de sinais e a l\u00edngua portuguesa.<\/li>\n<\/ul>\n\n\n\n<p>A prova ter\u00e1 a pontua\u00e7\u00e3o m\u00e1xima de 10 pontos, sendo considerado aprovado o candidato que obtiver no m\u00ednimo 5 pontos.<\/p>\n\n\n\n<p>Se interessa pela carreira p\u00fablica e quer ficar por dentro de todas as informa\u00e7\u00f5es? Acompanhe a nossa p\u00e1gina e mantenha-se sempre atualizado sobre os <a href=\"https:\/\/www.editorasolucao.com.br\/blog\/concursos-abertos-ac\">concursos abertos no Estado do Acre<\/a>!<\/p>\n\n\n\n<p><strong>Bons estudos e boa prova!!!<\/strong><\/p>\n","protected":false},"excerpt":{"rendered":"<p>O concurso SEE AC (Secretaria de Estado da Educa\u00e7\u00e3o do Acre) tem edital publicado com a oferta de 3.000 vagas para cargos de n\u00edveis m\u00e9dio e superior de escolaridade! Confira os detalhes no decorrer da not\u00edcia. \ud83e\udd70 Como ser\u00e3o as inscri\u00e7\u00f5es no concurso SEE AC? As inscri\u00e7\u00f5es para o concurso SEE AC poder\u00e3o ser realizadas a partir das 15h do dia 3 at\u00e9 \u00e0s 21h59 do dia 29 de outubro de 2024, atrav\u00e9s do site da banca organizadora, Nosso Rumo. Aten\u00e7\u00e3o! O hor\u00e1rio deve ser observado conforme o fuso hor\u00e1rio do estado do Acre. Para concluir a inscri\u00e7\u00e3o \u00e9 necess\u00e1rio&#8230;<\/p>\n","protected":false},"author":18,"featured_media":44438,"template":"","meta":{"_acf_changed":true,"rank_math_lock_modified_date":false},"categories":[],"tags":[],"acf":[],"_links":{"self":[{"href":"https:\/\/www.editorasolucao.com.br\/blog\/wp-json\/wp\/v2\/concurso\/1388"}],"collection":[{"href":"https:\/\/www.editorasolucao.com.br\/blog\/wp-json\/wp\/v2\/concurso"}],"about":[{"href":"https:\/\/www.editorasolucao.com.br\/blog\/wp-json\/wp\/v2\/types\/concurso"}],"author":[{"embeddable":true,"href":"https:\/\/www.editorasolucao.com.br\/blog\/wp-json\/wp\/v2\/users\/18"}],"wp:featuredmedia":[{"embeddable":true,"href":"https:\/\/www.editorasolucao.com.br\/blog\/wp-json\/wp\/v2\/media\/44438"}],"wp:attachment":[{"href":"https:\/\/www.editorasolucao.com.br\/blog\/wp-json\/wp\/v2\/media?parent=1388"}],"wp:term":[{"taxonomy":"category","embeddable":true,"href":"https:\/\/www.editorasolucao.com.br\/blog\/wp-json\/wp\/v2\/categories?post=1388"},{"taxonomy":"post_tag","embeddable":true,"href":"https:\/\/www.editorasolucao.com.br\/blog\/wp-json\/wp\/v2\/tags?post=1388"}],"curies":[{"name":"wp","href":"https:\/\/api.w.org\/{rel}","templated":true}]}}