{"id":14440,"date":"2024-05-14T10:22:03","date_gmt":"2024-05-14T13:22:03","guid":{"rendered":"https:\/\/www.editorasolucao.com.br\/blog\/?post_type=concurso&#038;p=14440"},"modified":"2024-08-26T12:14:52","modified_gmt":"2024-08-26T15:14:52","slug":"codevasf","status":"publish","type":"concurso","link":"https:\/\/www.editorasolucao.com.br\/blog\/concurso\/codevasf","title":{"rendered":"Concurso Codevasf: Edital publicado. 67 vagas de Analista em v\u00e1rias especialidades!"},"content":{"rendered":"\n<p>\u00d3timas not\u00edcias, concurseiros!! Foi publicado o edital do concurso Codevasf (Companhia de Desenvolvimento dos Vales do S\u00e3o Francisco e Parna\u00edba) com oferta de<strong> 67 vagas para Analista<\/strong> em v\u00e1rias especialidades. As vagas ofertadas exigem n\u00edvel superior de forma\u00e7\u00e3o e as remunera\u00e7\u00f5es iniciais podem chegar at\u00e9<strong> 9 mil!! <\/strong>Se interessou pelo certame? Venha saber mais!!\u00a0<\/p>\n\n\n\n<div id=\"ez-toc-container\" class=\"ez-toc-v2_0_69_1 counter-hierarchy ez-toc-counter ez-toc-grey ez-toc-container-direction\">\n<div class=\"ez-toc-title-container\">\n<p class=\"ez-toc-title \" >Menu de navega&ccedil;&atilde;o<\/p>\n<span class=\"ez-toc-title-toggle\"><a href=\"#\" class=\"ez-toc-pull-right ez-toc-btn ez-toc-btn-xs ez-toc-btn-default ez-toc-toggle\" aria-label=\"Toggle Table of Content\"><span class=\"ez-toc-js-icon-con\"><span class=\"\"><span class=\"eztoc-hide\" style=\"display:none;\">Toggle<\/span><span class=\"ez-toc-icon-toggle-span\"><svg style=\"fill: #999;color:#999\" xmlns=\"http:\/\/www.w3.org\/2000\/svg\" class=\"list-377408\" width=\"20px\" height=\"20px\" viewBox=\"0 0 24 24\" fill=\"none\"><path d=\"M6 6H4v2h2V6zm14 0H8v2h12V6zM4 11h2v2H4v-2zm16 0H8v2h12v-2zM4 16h2v2H4v-2zm16 0H8v2h12v-2z\" fill=\"currentColor\"><\/path><\/svg><svg style=\"fill: #999;color:#999\" class=\"arrow-unsorted-368013\" xmlns=\"http:\/\/www.w3.org\/2000\/svg\" width=\"10px\" height=\"10px\" viewBox=\"0 0 24 24\" version=\"1.2\" baseProfile=\"tiny\"><path d=\"M18.2 9.3l-6.2-6.3-6.2 6.3c-.2.2-.3.4-.3.7s.1.5.3.7c.2.2.4.3.7.3h11c.3 0 .5-.1.7-.3.2-.2.3-.5.3-.7s-.1-.5-.3-.7zM5.8 14.7l6.2 6.3 6.2-6.3c.2-.2.3-.5.3-.7s-.1-.5-.3-.7c-.2-.2-.4-.3-.7-.3h-11c-.3 0-.5.1-.7.3-.2.2-.3.5-.3.7s.1.5.3.7z\"\/><\/svg><\/span><\/span><\/span><\/a><\/span><\/div>\n<nav><ul class='ez-toc-list ez-toc-list-level-1 ' ><li class='ez-toc-page-1 ez-toc-heading-level-2'><a class=\"ez-toc-link ez-toc-heading-1\" href=\"https:\/\/www.editorasolucao.com.br\/blog\/concurso\/codevasf\/#Como_posso_me_inscrever_para_o_concurso_Codevasf\" title=\"Como posso me inscrever para o concurso Codevasf?&nbsp;\">Como posso me inscrever para o concurso Codevasf?&nbsp;<\/a><\/li><li class='ez-toc-page-1 ez-toc-heading-level-2'><a class=\"ez-toc-link ez-toc-heading-2\" href=\"https:\/\/www.editorasolucao.com.br\/blog\/concurso\/codevasf\/#Quais_vagas_estao_sendo_ofertadas\" title=\"Quais vagas est\u00e3o sendo ofertadas?&nbsp;\">Quais vagas est\u00e3o sendo ofertadas?&nbsp;<\/a><\/li><li class='ez-toc-page-1 ez-toc-heading-level-2'><a class=\"ez-toc-link ez-toc-heading-3\" href=\"https:\/\/www.editorasolucao.com.br\/blog\/concurso\/codevasf\/#Quais_sao_os_requisitos_para_a_investidura_dos_cargos\" title=\"Quais s\u00e3o os requisitos para a investidura dos cargos?&nbsp;\">Quais s\u00e3o os requisitos para a investidura dos cargos?&nbsp;<\/a><\/li><li class='ez-toc-page-1 ez-toc-heading-level-2'><a class=\"ez-toc-link ez-toc-heading-4\" href=\"https:\/\/www.editorasolucao.com.br\/blog\/concurso\/codevasf\/#Como_posso_me_preparar_para_as_etapas_de_selecao_do_concurso_Codevasf\" title=\"Como posso me preparar para as etapas de sele\u00e7\u00e3o do concurso Codevasf?&nbsp;\">Como posso me preparar para as etapas de sele\u00e7\u00e3o do concurso Codevasf?&nbsp;<\/a><\/li><li class='ez-toc-page-1 ez-toc-heading-level-2'><a class=\"ez-toc-link ez-toc-heading-5\" href=\"https:\/\/www.editorasolucao.com.br\/blog\/concurso\/codevasf\/#Quando_ocorreu_o_ultimo_concurso_Codevasf\" title=\"Quando ocorreu o \u00faltimo concurso Codevasf?&nbsp;\">Quando ocorreu o \u00faltimo concurso Codevasf?&nbsp;<\/a><\/li><\/ul><\/nav><\/div>\n<h2 class=\"wp-block-heading\"><span class=\"ez-toc-section\" id=\"Como_posso_me_inscrever_para_o_concurso_Codevasf\"><\/span>Como posso me inscrever para o concurso Codevasf?&nbsp;<span class=\"ez-toc-section-end\"><\/span><\/h2>\n\n\n\n<p>As inscri\u00e7\u00f5es para o concurso Codevasf ser\u00e3o aceitas no site do <a href=\"https:\/\/www.cebraspe.org.br\/concursos\/\" target=\"_blank\" rel=\"noreferrer noopener\">Cebraspe,<\/a> banca organizadora, <strong>a partir das 10h do dia 26 de agosto at\u00e9 \u00e0s 18h do dia 30 de agosto de 2024.<\/strong> <\/p>\n\n\n\n<p>Ap\u00f3s preencher o formul\u00e1rio com os dados solicitados, os candidatos dever\u00e3o emitir o boleto banc\u00e1rio e efetuar o pagamento da taxa de inscri\u00e7\u00e3o de R$90,00.<\/p>\n\n\n\n<p>Candidatos cadastrados no Cad\u00danico e doadores de medula \u00f3ssea em entidades reconhecidas pelo Minist\u00e9rio da Sa\u00fade poder\u00e3o solicitar a isen\u00e7\u00e3o da taxa, mediante envio de documenta\u00e7\u00e3o comprobat\u00f3ria.<\/p>\n\n\n\n<p>Os pedidos de isen\u00e7\u00e3o ser\u00e3o recebidos durante todo o per\u00edodo de inscri\u00e7\u00f5es.<\/p>\n\n\n\n<h2 class=\"wp-block-heading\"><span class=\"ez-toc-section\" id=\"Quais_vagas_estao_sendo_ofertadas\"><\/span>Quais vagas est\u00e3o sendo ofertadas?&nbsp;<span class=\"ez-toc-section-end\"><\/span><\/h2>\n\n\n\n<p>O concurso Codevasf est\u00e1 ofertando <strong>67 vagas imediatas<\/strong> para o cargo de Analista em v\u00e1rias especialidades. Vamos conferir?\u00a0<\/p>\n\n\n\n<ul>\n<li><a href=\"https:\/\/www.editorasolucao.com.br\/apostila\/codevasf-analista-comum-todas-areas\" target=\"_blank\" rel=\"noreferrer noopener\">Analista em Desenvolvimento Regional &#8211; R$ 9.065,95<\/a>\n<ul>\n<li>Administra\u00e7\u00e3o: 19\u00a0vagas<\/li>\n\n\n\n<li>Contabilidade: 3 vagas<\/li>\n\n\n\n<li>Economia: 1 vaga<\/li>\n\n\n\n<li>Engenharia Civil: 22 vagas<\/li>\n\n\n\n<li>Engenharia de Agrimensura: 1 vaga<\/li>\n\n\n\n<li>Engenharia de Pesca e Agricultura: 2 vagas<\/li>\n\n\n\n<li>Estat\u00edstica: 1 vaga<\/li>\n\n\n\n<li>Geologia: 1 vaga<\/li>\n\n\n\n<li>Jornalismo: 8 vagas<\/li>\n\n\n\n<li>Publicidade e Propaganda: 1 vaga<\/li>\n\n\n\n<li>Tecnologia da Informa\u00e7\u00e3o: 8 vagas<\/li>\n<\/ul>\n<\/li>\n<\/ul>\n\n\n\n<p>Os candidatos aprovados e admitidos dever\u00e3o cumprir uma jornada de trabalho <strong>quarenta horas semanais.&nbsp;<\/strong><\/p>\n\n\n\n<p>Al\u00e9m do vencimento base, os candidatos far\u00e3o jus de benef\u00edcios como aux\u00edlio alimenta\u00e7\u00e3o\/refei\u00e7\u00e3o, aux\u00edlio bab\u00e1\/creche\/pr\u00e9-escolar, aux\u00edlio ao filho com defici\u00eancia, seguro de vida em grupo, previd\u00eancia complementar, plano de sa\u00fade, vale cultura e vale transporte.<\/p>\n\n\n\n<p>E, por fim, as vagas ser\u00e3o distribu\u00eddas nas cidades de Montes Claros\/MG, Bom Jesus da Lapa\/BA, Petrolina\/PE, Juazeiro\/BA, Macei\u00f3\/AL, Teresina\/PI, S\u00e3o Lu\u00eds\/MA, Goi\u00e2nia\/GO, Palmas\/TO, Macap\u00e1\/AP  e Acaraju\/SE.<\/p>\n\n\n\n<h2 class=\"wp-block-heading\"><span class=\"ez-toc-section\" id=\"Quais_sao_os_requisitos_para_a_investidura_dos_cargos\"><\/span>Quais s\u00e3o os requisitos para a investidura dos cargos?&nbsp;<span class=\"ez-toc-section-end\"><\/span><\/h2>\n\n\n\n<p>De acordo com o edital, esses s\u00e3o os requisitos b\u00e1sicos exigidos para a nomea\u00e7\u00e3o e posse dos cargos ofertados:&nbsp;<\/p>\n\n\n\n<ul>\n<li>Ser aprovado no concurso p\u00fablico.<\/li>\n\n\n\n<li>Ter a nacionalidade brasileira ou portuguesa e, no caso de nacionalidade portuguesa, estar amparado pelo Estatuto de Igualdade entre Brasileiros e Portugueses, com reconhecimento do gozo dos direitos pol\u00edticos, nos termos do \u00a7 1\u00ba do art. 12 da Constitui\u00e7\u00e3o Federal.<\/li>\n\n\n\n<li>Estar em gozo dos direitos pol\u00edticos.<\/li>\n\n\n\n<li>Estar quite com as obriga\u00e7\u00f5es militares, em caso de candidato do sexo masculino.<\/li>\n\n\n\n<li>Estar quite com as obriga\u00e7\u00f5es eleitorais.<\/li>\n\n\n\n<li>Possuir os requisitos exigidos para o exerc\u00edcio do cargo, conforme o item 2 deste edital.<\/li>\n\n\n\n<li><strong>Ter idade m\u00ednima de 18 anos completos na data da contrata\u00e7\u00e3o.<\/strong><\/li>\n\n\n\n<li>Ter aptid\u00e3o f\u00edsica e mental para o exerc\u00edcio das atribui\u00e7\u00f5es do cargo\/\u00e1rea.<\/li>\n<\/ul>\n\n\n\n<h2 class=\"wp-block-heading\"><span class=\"ez-toc-section\" id=\"Como_posso_me_preparar_para_as_etapas_de_selecao_do_concurso_Codevasf\"><\/span>Como posso me preparar para as etapas de sele\u00e7\u00e3o do concurso Codevasf?&nbsp;<span class=\"ez-toc-section-end\"><\/span><\/h2>\n\n\n\n<p>Os candidatos do concurso Codevasf ser\u00e3o avaliados por meio de uma prova objetiva e uma prova discursiva, ambas com car\u00e1ter eliminat\u00f3rio e classificat\u00f3rio. <\/p>\n\n\n\n<h3 class=\"wp-block-heading\">Prova Objetiva<\/h3>\n\n\n\n<p>A prova objetiva ser\u00e1 aplicada no dia<strong> 20 de outubro de 2024, <\/strong>com dura\u00e7\u00e3o m\u00e1xima de 4h30min. Os hor\u00e1rios e locais de aplica\u00e7\u00e3o ainda ser\u00e3o divulgados pela banca organizadora.\u00a0<\/p>\n\n\n\n<p>A avalia\u00e7\u00e3o ser\u00e1 realizada no modelo \u201ccerto ou errado\u201d, <strong>contendo 120 quest\u00f5es,<\/strong> sendo 50 de Conhecimentos B\u00e1sicos e 70 de Conhecimentos Espec\u00edficos.&nbsp;<\/p>\n\n\n\n<p>Ser\u00e1 eliminado do concurso o candidato que obtiver nota inferior a 10 pontos na prova objetiva de conhecimentos b\u00e1sicos, nota inferior a 21 pontos na prova objetiva de conhecimentos espec\u00edficos e nota inferior a 36 pontos no conjunto das provas objetivas.<\/p>\n\n\n\n<h3 class=\"wp-block-heading\">Prova Discursiva<\/h3>\n\n\n\n<p>A prova discursiva est\u00e1 prevista para acontecer <strong>no mesmo dia e hor\u00e1rio<\/strong> das provas objetivas.&nbsp;<\/p>\n\n\n\n<p>Essa etapa valer\u00e1<strong> 30 pontos <\/strong>e consistir\u00e1 de uma quest\u00e3o discursiva, a ser respondida em at\u00e9 30 linhas, a respeito de temas relacionados a conhecimentos espec\u00edficos de cada cargo\/\u00e1rea.<\/p>\n\n\n\n<h2 class=\"wp-block-heading\"><span class=\"ez-toc-section\" id=\"Quando_ocorreu_o_ultimo_concurso_Codevasf\"><\/span>Quando ocorreu o \u00faltimo concurso Codevasf?&nbsp;<span class=\"ez-toc-section-end\"><\/span><\/h2>\n\n\n\n<p>O \u00faltimo concurso Codevasf foi realizado no ano de <strong>2020 <\/strong>com oferta de <strong>91 vagas de n\u00edvel superior, <\/strong>com sal\u00e1rios que podiam chegar at\u00e9<strong> R$8,1 mil!&nbsp;<\/strong><\/p>\n\n\n\n<p>Os cargos oferecidos neste certame foram:&nbsp;<\/p>\n\n\n\n<ul>\n<li>Analista em Desenvolvimento Regional, nas \u00e1reas de Administra\u00e7\u00e3o (15)<\/li>\n\n\n\n<li>Cartografia (3)<\/li>\n\n\n\n<li>Contabilidade (8)<\/li>\n\n\n\n<li>Economia (1)<\/li>\n\n\n\n<li>Engenharia Agron\u00f4mica (12)<\/li>\n\n\n\n<li>Engenharia Ambiental (1)<\/li>\n\n\n\n<li>Engenharia Civil (19)<\/li>\n\n\n\n<li>Engenharia de Agrimensura (3)<\/li>\n\n\n\n<li>Engenharia de Pesca (2)<\/li>\n\n\n\n<li>Engenharia El\u00e9trica (4)<\/li>\n\n\n\n<li>Engenharia Mec\u00e2nica (2)<\/li>\n\n\n\n<li>Geologia (1)<\/li>\n\n\n\n<li>Psicologia (1)<\/li>\n\n\n\n<li>Tecnologia da Informa\u00e7\u00e3o (4)<\/li>\n\n\n\n<li>Assessor Jur\u00eddico na \u00e1rea de direito (14)<\/li>\n<\/ul>\n\n\n\n<p>As cidades onde as provas foram aplicadas foram Bras\u00edlia &#8211; DF, Montes Carlos &#8211; MG, Bom Jesus da Lapa e Juazeiro &#8211; BA, Petrolina &#8211; PE, Penedo &#8211; AL, S\u00e3o Luiz &#8211; MA, Macap\u00e1 &#8211; AP, Teresina &#8211; PI e Aracaju &#8211; SE. <\/p>\n\n\n\n<p><strong>Vale ressaltar que a banca organizadora do concurso de 2020 \u00e9 a mesma do novo concurso!&nbsp;<\/strong><\/p>\n\n\n\n<p>Os candidatos do concurso Codevasf foram avaliados por meio de duas etapas de sele\u00e7\u00e3o, sendo uma prova objetiva e uma prova discursiva.&nbsp;<\/p>\n\n\n\n<p>Na <strong>prova objetiva<\/strong> foram cobradas 50 quest\u00f5es de Conhecimentos B\u00e1sicos e 70 quest\u00f5es de Conhecimentos Especializados.&nbsp;<\/p>\n\n\n\n<p>J\u00e1 na <strong>prova discursiva<\/strong> foi cobrada a reda\u00e7\u00e3o de uma quest\u00e3o discursiva, de at\u00e9 30 linhas, acerca dos conhecimentos especializados de cada cargo\/\u00e1rea.<\/p>\n\n\n\n<p>Os candidatos tiveram 4h30min para a realiza\u00e7\u00e3o de ambas as provas!&nbsp;<\/p>\n\n\n\n<p><\/p>\n\n\n\n<p>Se voc\u00ea busca ser aprovado neste <strong>concurso<\/strong>, n\u00f3s temos <strong>material<\/strong> certo para voc\u00ea! <a href=\"https:\/\/www.editorasolucao.com.br\/apostila\/codevasf-analista-comum-todas-areas\" target=\"_blank\" rel=\"noreferrer noopener\">Confira aqui.<\/a>&nbsp;<\/p>\n","protected":false},"excerpt":{"rendered":"<p>\u00d3timas not\u00edcias, concurseiros!! Foi publicado o edital do concurso Codevasf (Companhia de Desenvolvimento dos Vales do S\u00e3o Francisco e Parna\u00edba) com oferta de 67 vagas para Analista em v\u00e1rias especialidades. As vagas ofertadas exigem n\u00edvel superior de forma\u00e7\u00e3o e as remunera\u00e7\u00f5es iniciais podem chegar at\u00e9 9 mil!! Se interessou pelo certame? Venha saber mais!!\u00a0 Como posso me inscrever para o concurso Codevasf?&nbsp; As inscri\u00e7\u00f5es para o concurso Codevasf ser\u00e3o aceitas no site do Cebraspe, banca organizadora, a partir das 10h do dia 26 de agosto at\u00e9 \u00e0s 18h do dia 30 de agosto de 2024. Ap\u00f3s preencher o formul\u00e1rio com&#8230;<\/p>\n","protected":false},"author":21,"featured_media":41911,"template":"","meta":{"_acf_changed":true,"rank_math_lock_modified_date":false},"categories":[],"tags":[],"acf":[],"_links":{"self":[{"href":"https:\/\/www.editorasolucao.com.br\/blog\/wp-json\/wp\/v2\/concurso\/14440"}],"collection":[{"href":"https:\/\/www.editorasolucao.com.br\/blog\/wp-json\/wp\/v2\/concurso"}],"about":[{"href":"https:\/\/www.editorasolucao.com.br\/blog\/wp-json\/wp\/v2\/types\/concurso"}],"author":[{"embeddable":true,"href":"https:\/\/www.editorasolucao.com.br\/blog\/wp-json\/wp\/v2\/users\/21"}],"wp:featuredmedia":[{"embeddable":true,"href":"https:\/\/www.editorasolucao.com.br\/blog\/wp-json\/wp\/v2\/media\/41911"}],"wp:attachment":[{"href":"https:\/\/www.editorasolucao.com.br\/blog\/wp-json\/wp\/v2\/media?parent=14440"}],"wp:term":[{"taxonomy":"category","embeddable":true,"href":"https:\/\/www.editorasolucao.com.br\/blog\/wp-json\/wp\/v2\/categories?post=14440"},{"taxonomy":"post_tag","embeddable":true,"href":"https:\/\/www.editorasolucao.com.br\/blog\/wp-json\/wp\/v2\/tags?post=14440"}],"curies":[{"name":"wp","href":"https:\/\/api.w.org\/{rel}","templated":true}]}}