{"id":1445,"date":"2020-09-15T15:48:16","date_gmt":"2020-09-15T18:48:16","guid":{"rendered":"https:\/\/www.editorasolucao.com.br\/blog\/?post_type=concurso&#038;p=1445"},"modified":"2020-09-16T08:16:24","modified_gmt":"2020-09-16T11:16:24","slug":"isgh-ce","status":"publish","type":"concurso","link":"https:\/\/www.editorasolucao.com.br\/blog\/concurso\/isgh-ce","title":{"rendered":"Processo Seletivo ISGH-CE 2020: Sal\u00e1rios chegam a R$ 8,5 mil!"},"content":{"rendered":"\n<p>Foi divulgado o <a rel=\"noreferrer noopener\" aria-label=\"Edital (abre em uma nova aba)\" href=\"https:\/\/www.editorasolucao.com.br\" target=\"_blank\">Edital<\/a> do <strong>Processo Seletivo ISGH-CE <\/strong>(Instituto de Sa\u00fade e Gest\u00e3o Hospitalar no estado do <a rel=\"noreferrer noopener\" aria-label=\"Cear\u00e1 (abre em uma nova aba)\" href=\"https:\/\/www.editorasolucao.com.br\/blog\/concursos-abertos-ce\" target=\"_blank\">Cear\u00e1<\/a>), que oferece <strong>vagas para candidatos de n\u00edveis M\u00e9dio e Superior<\/strong>, com sal\u00e1rios que chegam a <strong>R$ 8,5 mil<\/strong>. Confira os detalhes ao decorrer do texto. <\/p>\n\n\n\n<div id=\"ez-toc-container\" class=\"ez-toc-v2_0_69_1 counter-hierarchy ez-toc-counter ez-toc-grey ez-toc-container-direction\">\n<div class=\"ez-toc-title-container\">\n<p class=\"ez-toc-title \" >Menu de navega&ccedil;&atilde;o<\/p>\n<span class=\"ez-toc-title-toggle\"><a href=\"#\" class=\"ez-toc-pull-right ez-toc-btn ez-toc-btn-xs ez-toc-btn-default ez-toc-toggle\" aria-label=\"Toggle Table of Content\"><span class=\"ez-toc-js-icon-con\"><span class=\"\"><span class=\"eztoc-hide\" style=\"display:none;\">Toggle<\/span><span class=\"ez-toc-icon-toggle-span\"><svg style=\"fill: #999;color:#999\" xmlns=\"http:\/\/www.w3.org\/2000\/svg\" class=\"list-377408\" width=\"20px\" height=\"20px\" viewBox=\"0 0 24 24\" fill=\"none\"><path d=\"M6 6H4v2h2V6zm14 0H8v2h12V6zM4 11h2v2H4v-2zm16 0H8v2h12v-2zM4 16h2v2H4v-2zm16 0H8v2h12v-2z\" fill=\"currentColor\"><\/path><\/svg><svg style=\"fill: #999;color:#999\" class=\"arrow-unsorted-368013\" xmlns=\"http:\/\/www.w3.org\/2000\/svg\" width=\"10px\" height=\"10px\" viewBox=\"0 0 24 24\" version=\"1.2\" baseProfile=\"tiny\"><path d=\"M18.2 9.3l-6.2-6.3-6.2 6.3c-.2.2-.3.4-.3.7s.1.5.3.7c.2.2.4.3.7.3h11c.3 0 .5-.1.7-.3.2-.2.3-.5.3-.7s-.1-.5-.3-.7zM5.8 14.7l6.2 6.3 6.2-6.3c.2-.2.3-.5.3-.7s-.1-.5-.3-.7c-.2-.2-.4-.3-.7-.3h-11c-.3 0-.5.1-.7.3-.2.2-.3.5-.3.7s.1.5.3.7z\"\/><\/svg><\/span><\/span><\/span><\/a><\/span><\/div>\n<nav><ul class='ez-toc-list ez-toc-list-level-1 ' ><li class='ez-toc-page-1 ez-toc-heading-level-2'><a class=\"ez-toc-link ez-toc-heading-1\" href=\"https:\/\/www.editorasolucao.com.br\/blog\/concurso\/isgh-ce\/#Inscricoes_do_Processo_Seletivo_ISGH\" title=\"Inscri\u00e7\u00f5es do Processo Seletivo ISGH\">Inscri\u00e7\u00f5es do Processo Seletivo ISGH<\/a><\/li><li class='ez-toc-page-1 ez-toc-heading-level-2'><a class=\"ez-toc-link ez-toc-heading-2\" href=\"https:\/\/www.editorasolucao.com.br\/blog\/concurso\/isgh-ce\/#Cargos_vagas_e_salarios_do_Processo_Seletivo_ISGH_%E2%80%93_CE\" title=\"Cargos, vagas e sal\u00e1rios do Processo Seletivo ISGH \u2013 CE\">Cargos, vagas e sal\u00e1rios do Processo Seletivo ISGH \u2013 CE<\/a><\/li><li class='ez-toc-page-1 ez-toc-heading-level-2'><a class=\"ez-toc-link ez-toc-heading-3\" href=\"https:\/\/www.editorasolucao.com.br\/blog\/concurso\/isgh-ce\/#Quais_sao_os_requisitos_basicos_para_a_investidura_nos_cargos_do_Concurso_ISGH_%E2%80%93_CE\" title=\"Quais s\u00e3o os requisitos b\u00e1sicos para a investidura nos cargos do Concurso ISGH \u2013 CE?\">Quais s\u00e3o os requisitos b\u00e1sicos para a investidura nos cargos do Concurso ISGH \u2013 CE?<\/a><\/li><li class='ez-toc-page-1 ez-toc-heading-level-2'><a class=\"ez-toc-link ez-toc-heading-4\" href=\"https:\/\/www.editorasolucao.com.br\/blog\/concurso\/isgh-ce\/#Como_serao_as_provas_do_Processo_Seletivo_ISGH-CE\" title=\"Como ser\u00e3o as provas do Processo Seletivo ISGH-CE?\">Como ser\u00e3o as provas do Processo Seletivo ISGH-CE?<\/a><\/li><\/ul><\/nav><\/div>\n<h2 class=\"wp-block-heading\"><span class=\"ez-toc-section\" id=\"Inscricoes_do_Processo_Seletivo_ISGH\"><\/span>Inscri\u00e7\u00f5es do Processo Seletivo ISGH <span class=\"ez-toc-section-end\"><\/span><\/h2>\n\n\n\n<p>As inscri\u00e7\u00f5es devem ser realizadas no site da banca organizadora <a rel=\"noreferrer noopener\" aria-label=\"D\u00e9dalus Concursos (abre em uma nova aba)\" href=\"https:\/\/portal.dlsconcursos.com.br\/edital\/ver\/2\" target=\"_blank\">D\u00e9dalus Concursos<\/a>, at\u00e9 o dia <strong>17 de setembro de 2020<\/strong>. Para efetuar a inscri\u00e7\u00e3o \u00e9 necess\u00e1rio pagar uma taxa com valor referente ao n\u00edvel do cargo desejado. <\/p>\n\n\n\n<ul><li><strong>N\u00edvel M\u00e9dio:<\/strong> R$ 60,00<\/li><li> <strong>N\u00edvel Superior: <\/strong>R$ 120,00<\/li><\/ul>\n\n\n\n<h2 class=\"wp-block-heading\"><span class=\"ez-toc-section\" id=\"Cargos_vagas_e_salarios_do_Processo_Seletivo_ISGH_%E2%80%93_CE\"><\/span>Cargos, vagas e sal\u00e1rios do Processo Seletivo ISGH \u2013 CE<span class=\"ez-toc-section-end\"><\/span><\/h2>\n\n\n\n<p>S\u00e3o ofertadas <strong>vagas para forma\u00e7\u00e3o de cadastro reserva, destinadas a candidatos de n\u00edveis M\u00e9dio e Superior<\/strong>, com sal\u00e1rios que v\u00e3o de <strong>R$ 1.105,66 a R$ 8.576,09<\/strong> e jornadas de trabalho que variam de 24 a 44 horas semanais, dependendo do cargo. Abaixo est\u00e3o os cargos que est\u00e3o sendo oferecidos no certame e a remunera\u00e7\u00e3o referente a cada um.<\/p>\n\n\n\n<p><strong>N\u00edvel M\u00e9dio <\/strong><\/p>\n\n\n\n<ul><li>Recepcionista &#8211; R$ 1.169,87 <\/li><li> Auxiliar de Farm\u00e1cia &#8211; R$ 1.299,89<\/li><li> Copeiro Hospitalar &#8211; R$ 1.105,66<\/li><\/ul>\n\n\n\n<p><strong>N\u00edvel Superior<\/strong><\/p>\n\n\n\n<ul><li>Tecn\u00f3logo em Constru\u00e7\u00e3o Civil &#8211; R$ 7.837,50; <\/li><li> Farmac\u00eautico &#8211; R$ 3.772,31; <\/li><li> Farmac\u00eautico Cl\u00ednico &#8211; R$ 4.148,92; <\/li><li> Nutricionista &#8211; R$ 3.387,62; <\/li><li> M\u00e9dico Cl\u00ednica M\u00e9dica Plantonista &#8211; R$ 7.674,04; <\/li><li> M\u00e9dico Neurologista Pedi\u00e1trico &#8211; R$ 7.674,04; <\/li><li> M\u00e9dico Pediatria &#8211; R$ 7.674,04;  <\/li><li> M\u00e9dico Terapia Intensiva Neonatologia &#8211; R$ 8.576,09.<\/li><\/ul>\n\n\n\n<h2 class=\"wp-block-heading\"><span class=\"ez-toc-section\" id=\"Quais_sao_os_requisitos_basicos_para_a_investidura_nos_cargos_do_Concurso_ISGH_%E2%80%93_CE\"><\/span>Quais s\u00e3o os requisitos b\u00e1sicos para a investidura nos cargos do Concurso ISGH \u2013 CE?<span class=\"ez-toc-section-end\"><\/span><\/h2>\n\n\n\n<p>Saiba quais s\u00e3o as exig\u00eancias para que o candidato tome posse dos cargos ofertados:<\/p>\n\n\n\n<ul><li>Ter sido aprovado e classificado no Processo Seletivo, na forma estabelecida no Edital e em suas poss\u00edveis retifica\u00e7\u00f5es e aditamentos; <\/li><li> Ser brasileiro nato, naturalizado ou estrangeiro que goze das prerrogativas do art. 12 e do Inciso I do art. 37 da Constitui\u00e7\u00e3o da Rep\u00fablica. No caso de nacionalidade portuguesa, estar amparado pelo Estatuto da Igualdade entre Brasileiros e Portugueses, com reconhecimento do gozo dos direitos pol\u00edticos; <\/li><li> Ter no m\u00ednimo 18 (dezoito) anos completos ou emancipados na data da posse; <\/li><li> Gozar dos direitos pol\u00edticos e estar quite com as obriga\u00e7\u00f5es eleitorais e de seus direitos civis bem como n\u00e3o registrar antecedentes criminais; <\/li><li> Estar quite com as obriga\u00e7\u00f5es do Servi\u00e7o Militar, quando se tratar de candidatos do sexo masculino; <\/li><li> Ter aptid\u00e3o f\u00edsica e mental para o exerc\u00edcio das atribui\u00e7\u00f5es da fun\u00e7\u00e3o, que poder\u00e1 ser aferida mediante per\u00edcia m\u00e9dica, realizada pelo servi\u00e7o m\u00e9dico oficial do Instituto de Sa\u00fade e Gest\u00e3o Hospitalar \u2013 ISGH, ou em sua falta, de quem este indicar; <\/li><li> Comprovar, quando convocado com finalidade de Admiss\u00e3o, as habilita\u00e7\u00f5es e os demais pr\u00e9-requisitos exigidos para a fun\u00e7\u00e3o, de acordo com cada \u00e1rea e especificados nos respectivos anexos do edital; <\/li><li> Estar com a situa\u00e7\u00e3o cadastral regular na Receita Federal; <\/li><li> Estar inscrito no \u00f3rg\u00e3o fiscalizador do exerc\u00edcio profissional e devidamente quite com suas demais exig\u00eancias legais, quando for o caso; <\/li><li> N\u00e3o estar suspenso do exerc\u00edcio profissional nem cumprindo qualquer outra penalidade disciplinar; <\/li><li> N\u00e3o ter sido demitido pelo ISGH &#8211; INSTITUTO DE SA\u00daDE E GEST\u00c3O HOSPITALAR por justa causa; <\/li><li> N\u00e3o haver sofrido, no exerc\u00edcio da atividade p\u00fablica, penalidade por atos incompat\u00edveis com o servi\u00e7o p\u00fablico; <\/li><li> N\u00e3o receber proventos de aposentadoria civil ou militar ou remunera\u00e7\u00e3o oriundos de cargos, emprego ou fun\u00e7\u00e3o p\u00fablica que caracterizem acumula\u00e7\u00e3o il\u00edcita de empregos na forma do inciso XVI e do par\u00e1grafo 10 do Artigo 37 da Constitui\u00e7\u00e3o Federal do Brasil; <\/li><li> N\u00e3o encontrar-se impedido de celebrar contrato com o Instituto de Sa\u00fade e Gest\u00e3o Hospitalar \u2013 ISGH.<\/li><\/ul>\n\n\n\n<h2 class=\"wp-block-heading\"><span class=\"ez-toc-section\" id=\"Como_serao_as_provas_do_Processo_Seletivo_ISGH-CE\"><\/span>Como ser\u00e3o as provas do Processo Seletivo ISGH-CE?<span class=\"ez-toc-section-end\"><\/span><\/h2>\n\n\n\n<p>O certame ser\u00e1 composto pelas seguintes etapas: <\/p>\n\n\n\n<ul><li><strong>Prova Objetiva<\/strong>, de car\u00e1ter eliminat\u00f3rio e classificat\u00f3rio (para todos os cargos); e<\/li><li> <strong>Avalia\u00e7\u00e3o de T\u00edtulos<\/strong>, de car\u00e1ter classificat\u00f3rio (para os cargos de n\u00edvel Superior).<\/li><\/ul>\n\n\n\n<h4 class=\"wp-block-heading\">Prova Objetiva<\/h4>\n\n\n\n<p>A <strong>Prova Objetiva<\/strong> est\u00e1 prevista para ser realizada no dia<strong> 25 de outubro de 2020<\/strong>, tendo dura\u00e7\u00e3o m\u00e1xima de at\u00e9 2h30min e contar\u00e1 com 30 quest\u00f5es de m\u00faltipla escolha. As disciplinas que versar\u00e3o as provas variam conforme o cargo, s\u00e3o elas: L\u00edngua Portuguesa, Conhecimentos Gerais, Inform\u00e1tica, Pol\u00edticas de Sa\u00fade P\u00fablica e Conhecimentos Espec\u00edficos. <\/p>\n\n\n\n<p>A avalia\u00e7\u00e3o do Processo Seletivo ser\u00e1 composta pela Prova Objetiva de m\u00faltipla escolha que ser\u00e1 atribu\u00eddo um valor de 0 (zero) a 100 (cem) pontos. O candidato dever\u00e1 obter no m\u00ednimo 50% (cinquenta por cento) de acertos no total para ser aprovado.<\/p>\n\n\n\n<h4 class=\"wp-block-heading\">Avalia\u00e7\u00e3o de T\u00edtulos<\/h4>\n\n\n\n<p>A avalia\u00e7\u00e3o de <strong>T\u00edtulos<\/strong> ter\u00e1 car\u00e1ter apenas classificat\u00f3rio, tendo como objetivo valorar a forma\u00e7\u00e3o acad\u00eamica e a experi\u00eancia profissional.<br> A distribui\u00e7\u00e3o de pontos se dar\u00e1 da seguinte forma: <\/p>\n\n\n\n<div class=\"wp-block-image\"><figure class=\"aligncenter\"><img loading=\"lazy\" decoding=\"async\" width=\"594\" height=\"118\" src=\"https:\/\/www.editorasolucao.com.br\/blog\/wp-content\/uploads\/2020\/09\/isgh1.png\" alt=\"\" class=\"wp-image-12734\"\/><\/figure><\/div>\n\n\n\n<p><\/p>\n\n\n\n<p style=\"text-align:center\"><strong>Conte\u00fado Program\u00e1tico <\/strong><\/p>\n\n\n\n<p><strong>N\u00edvel M\u00e9dio <\/strong><\/p>\n\n\n\n<ul><li>PORTUGU\u00caS \u2013 N\u00cdVEL M\u00c9DIO (ASSISTENCIAL E ADMINISTRATIVO) Compreens\u00e3o e interpreta\u00e7\u00e3o de frases, palavras ou textos; encontros voc\u00e1licos e consonantais; ortografia; acentua\u00e7\u00e3o gr\u00e1fica; sinais de pontua\u00e7\u00e3o: ponto, ponto de exclama\u00e7\u00e3o, ponto de interroga\u00e7\u00e3o, dois pontos, travess\u00e3o, v\u00edrgula, etc.; emprego das classes de palavras; an\u00e1lise sint\u00e1tica; sin\u00f4nimos e ant\u00f4nimos; Concord\u00e2ncia verbal: identifica\u00e7\u00e3o dos tempos e modos verbais, correspond\u00eancia de formas verbais, conjuga\u00e7\u00e3o verbal, flex\u00e3o de verbos; Concord\u00e2ncia Nominal; reg\u00eancia nominal e verbal, crase; coloca\u00e7\u00e3o pronominal; classifica\u00e7\u00e3o dos termos da ora\u00e7\u00e3o; per\u00edodo composto por coordena\u00e7\u00e3o; per\u00edodo composto por subordina\u00e7\u00e3o; Figura de Linguagem; Morfologia; Uso da crase; Uso do por que; Objeto direto e Indireto. <\/li><li> CONHECIMENTOS GERAIS \u2013 N\u00cdVEL M\u00c9DIO (ADMINISTRATIVO) Conhecimentos de assuntos relevantes de diversas \u00e1reas, tais como: atualidades, Brasil, Exterior, pol\u00edtica, economia, esporte, turismo, sociedade, cotidiano, sa\u00fade, educa\u00e7\u00e3o, tecnologia, energia, rela\u00e7\u00f5es internacionais, desenvolvimento sustent\u00e1vel, seguran\u00e7a, artes e literatura e suas vincula\u00e7\u00f5es. Hist\u00f3ria e geografia do Munic\u00edpio, Estado, Brasil e do mundo. <\/li><li> POL\u00cdTICAS DE SA\u00daDE P\u00daBLICA (ASSISTENCIAL) Legisla\u00e7\u00e3o do Sistema \u00danico de Sa\u00fade \u2013 SUS: Constitui\u00e7\u00e3o da Rep\u00fablica Federativa do Brasil (Com as Emendas Constitucionais): Art.196 a 200; Lei n\u00b0 8.080, de 19 de setembro de 1990 e altera\u00e7\u00f5es &#8211; Disp\u00f5e sobre as condi\u00e7\u00f5es para a promo\u00e7\u00e3o e recupera\u00e7\u00e3o da sa\u00fade e d\u00e1 outras provid\u00eancias; Decreto n\u00b0 7.508, de 28 de junho de 2011; Lei n\u00b0 8.142, de 28 de dezembro de 1990 e altera\u00e7\u00f5es \u2013 Disp\u00f5e sobre a participa\u00e7\u00e3o da comunidade na gest\u00e3o do SUS e d\u00e1 outras provid\u00eancias; PORTARIA MS\/GM N\u00ba 2.048 DE 03\/09\/2009 &#8211; Aprova o regulamento do Sistema \u00danico de Sa\u00fade (SUS). Portaria n\u00ba 2.436, de 21 de setembro de 2017, que aprova a Pol\u00edtica Nacional de Aten\u00e7\u00e3o B\u00e1sica, estabelecendo a revis\u00e3o de diretrizes para a organiza\u00e7\u00e3o da Aten\u00e7\u00e3o B\u00e1sica, no \u00e2mbito do Sistema \u00danico de Sa\u00fade (SUS). Atualidades sobre Sa\u00fade P\u00fablica; <\/li><li> INFORM\u00c1TICA \u2013 N\u00cdVEL M\u00c9DIO (ASSISTENCIAL E ADMINISTRATIVO) Windows vers\u00f5es 7, 8 e 10; Edi\u00e7\u00e3o de texto e planilhas (ambiente Microsoft Office &#8211; Word, Excel e Outlook) vers\u00f5es 2010, 2013 e 365; Correio eletr\u00f4nico.<\/li><\/ul>\n\n\n\n<p><strong>N\u00edvel Superior <\/strong><\/p>\n\n\n\n<ul><li>PORTUGU\u00caS &#8211; ENSINO SUPERIOR ( ADMINISTRATIVO, ASSISTENCIAL M\u00c9DICOS E N\u00c3O M\u00c9DICOS) A Comunica\u00e7\u00e3o: linguagem, texto e discurso; o texto, contexto e a constru\u00e7\u00e3o dos sentidos; Coes\u00e3o e coer\u00eancia textuais; Intertextualidade e polifonia; A L\u00edngua: norma culta e variedades lingu\u00edsticas; dialetos e registros, g\u00edria; L\u00edngua padr\u00e3o: ortografia, acentua\u00e7\u00e3o e pontua\u00e7\u00e3o; Sem\u00e2ntica: denota\u00e7\u00e3o e conota\u00e7\u00e3o; figuras de linguagem; sinon\u00edmia, anton\u00edmia, homon\u00edmia, par\u00f4nima; polissemia e ambiguidade; Morfologia: estrutura e processos de forma\u00e7\u00e3o de palavras; classes de palavras: flex\u00f5es, emprego e valores sem\u00e2nticos, com \u00eanfase em verbos, pronomes, conjun\u00e7\u00f5es e preposi\u00e7\u00f5es; Sintaxe: Termos e Ora\u00e7\u00f5es coordenadas e subordinadas; concord\u00e2ncia nominal e verbal; reg\u00eancia nominal e verbal; crase; sintaxe de coloca\u00e7\u00e3o. Sentido denotativo e conotativo (figurado). V\u00edcios de linguagem. <\/li><li> POL\u00cdTICAS DE SA\u00daDE P\u00daBLICA (ASSISTENCIAL M\u00c9DICOS E N\u00c3O M\u00c9DICOS) Legisla\u00e7\u00e3o do Sistema \u00danico de Sa\u00fade \u2013 SUS: Constitui\u00e7\u00e3o da Rep\u00fablica Federativa do Brasil (Com as Emendas Constitucionais): Art.196 a 200; Lei n\u00b0 8.080, de 19 de setembro de 1990 e altera\u00e7\u00f5es &#8211; Disp\u00f5e sobre as condi\u00e7\u00f5es para a promo\u00e7\u00e3o e recupera\u00e7\u00e3o da sa\u00fade e d\u00e1 outras provid\u00eancias; Decreto n\u00b0 7.508, de 28 de junho de 2011; Lei n\u00b0 8.142, de 28 de dezembro de 1990 e altera\u00e7\u00f5es \u2013 Disp\u00f5e sobre a participa\u00e7\u00e3o da comunidade na gest\u00e3o do SUS e d\u00e1 outras provid\u00eancias; PORTARIA MS\/GM N\u00ba 2.048 DE 03\/09\/2009 &#8211; Aprova o regulamento do Sistema \u00danico de Sa\u00fade (SUS). Portaria n\u00ba 2.436, de 21 de setembro de 2017, que aprova a Pol\u00edtica Nacional de Aten\u00e7\u00e3o B\u00e1sica, estabelecendo a revis\u00e3o de diretrizes para a organiza\u00e7\u00e3o da Aten\u00e7\u00e3o B\u00e1sica, no \u00e2mbito do Sistema \u00danico de Sa\u00fade (SUS). Conhecimentos de Sa\u00fade P\u00fablica: Diretrizes e bases da implanta\u00e7\u00e3o do SUS; Organiza\u00e7\u00e3o da Aten\u00e7\u00e3o B\u00e1sica no Sistema \u00danico de Sa\u00fade; Modelos Assistenciais de Sa\u00fade \u2013 Vigil\u00e2ncia em Sa\u00fade; Indicadores de n\u00edvel de sa\u00fade da popula\u00e7\u00e3o; Pol\u00edticas de descentraliza\u00e7\u00e3o e aten\u00e7\u00e3o prim\u00e1ria \u00e0 Sa\u00fade; Atualidades sobre Sa\u00fade P\u00fablica; Redes de Aten\u00e7\u00e3o \u00e0 Sa\u00fade e Linhas de Cuidados. <\/li><li> CONHECIMENTOS GERAIS \u2013 N\u00cdVEL SUPERIOR (ADMINISTRATIVO) Conhecimentos de assuntos relevantes de diversas \u00e1reas, tais como: atualidades, Brasil, Exterior, pol\u00edtica, economia, esporte, turismo, sociedade, cotidiano, sa\u00fade, educa\u00e7\u00e3o, tecnologia, energia, rela\u00e7\u00f5es internacionais, desenvolvimento sustent\u00e1vel, seguran\u00e7a, artes e literatura e suas vincula\u00e7\u00f5es. Hist\u00f3ria e geografia do Munic\u00edpio, Estado, Brasil e do mundo. <\/li><li> INFORM\u00c1TICA \u2013 N\u00cdVEL SUPERIOR (ADMINISTRATIVO, ASSISTENCIAL M\u00c9DICOS E N\u00c3O M\u00c9DICOS) Windows vers\u00f5es 7, 8 e 10; Edi\u00e7\u00e3o de texto e planilhas (ambiente Microsoft Office &#8211; Word, Excel e Outlook) vers\u00f5es 2010, 2013 e 365; Correio eletr\u00f4nico. Conceitos de Internet\/Intranet. Conceitos b\u00e1sicos e modos de utiliza\u00e7\u00e3o de tecnologias, ferramentas, aplicativos e procedimentos associados a Internet\/Intranet. Ferramentas e aplicativos comerciais de navega\u00e7\u00e3o, de correio eletr\u00f4nico, de grupos de discuss\u00e3o, de busca e pesquisa. Conceitos de prote\u00e7\u00e3o e seguran\u00e7a. Conceitos b\u00e1sicos e modos de utiliza\u00e7\u00e3o de tecnologias, ferramentas, aplicativos e procedimentos de inform\u00e1tica: tipos de computadores, conceitos de hardware e de software. Procedimentos, aplicativos e dispositivos para armazenamento de dados. Realiza\u00e7\u00e3o de c\u00f3pia de seguran\u00e7a (backup).<\/li><\/ul>\n\n\n\n<p><\/p>\n\n\n\n<p>Conferiu todo o texto? Deseja fazer o certame? Ent\u00e3o comece a se preparar com as <strong>Apostilas Solu\u00e7\u00e3o<\/strong> e tenha um resultado positivo! <strong>Bons estudos e boa prova!!!<\/strong><\/p>\n","protected":false},"excerpt":{"rendered":"<p>Foi divulgado o Edital do Processo Seletivo ISGH-CE (Instituto de Sa\u00fade e Gest\u00e3o Hospitalar no estado do Cear\u00e1), que oferece vagas para candidatos de n\u00edveis M\u00e9dio e Superior, com sal\u00e1rios que chegam a R$ 8,5 mil. Confira os detalhes ao decorrer do texto. Inscri\u00e7\u00f5es do Processo Seletivo ISGH As inscri\u00e7\u00f5es devem ser realizadas no site da banca organizadora D\u00e9dalus Concursos, at\u00e9 o dia 17 de setembro de 2020. Para efetuar a inscri\u00e7\u00e3o \u00e9 necess\u00e1rio pagar uma taxa com valor referente ao n\u00edvel do cargo desejado. N\u00edvel M\u00e9dio: R$ 60,00 N\u00edvel Superior: R$ 120,00 Cargos, vagas e sal\u00e1rios do Processo Seletivo&#8230;<\/p>\n","protected":false},"author":3,"featured_media":1446,"template":"","meta":{"_acf_changed":false,"rank_math_lock_modified_date":false},"categories":[],"tags":[],"acf":[],"_links":{"self":[{"href":"https:\/\/www.editorasolucao.com.br\/blog\/wp-json\/wp\/v2\/concurso\/1445"}],"collection":[{"href":"https:\/\/www.editorasolucao.com.br\/blog\/wp-json\/wp\/v2\/concurso"}],"about":[{"href":"https:\/\/www.editorasolucao.com.br\/blog\/wp-json\/wp\/v2\/types\/concurso"}],"author":[{"embeddable":true,"href":"https:\/\/www.editorasolucao.com.br\/blog\/wp-json\/wp\/v2\/users\/3"}],"wp:featuredmedia":[{"embeddable":true,"href":"https:\/\/www.editorasolucao.com.br\/blog\/wp-json\/wp\/v2\/media\/1446"}],"wp:attachment":[{"href":"https:\/\/www.editorasolucao.com.br\/blog\/wp-json\/wp\/v2\/media?parent=1445"}],"wp:term":[{"taxonomy":"category","embeddable":true,"href":"https:\/\/www.editorasolucao.com.br\/blog\/wp-json\/wp\/v2\/categories?post=1445"},{"taxonomy":"post_tag","embeddable":true,"href":"https:\/\/www.editorasolucao.com.br\/blog\/wp-json\/wp\/v2\/tags?post=1445"}],"curies":[{"name":"wp","href":"https:\/\/api.w.org\/{rel}","templated":true}]}}