{"id":1463,"date":"2019-01-11T10:33:25","date_gmt":"2019-01-11T12:33:25","guid":{"rendered":"https:\/\/www.editorasolucao.com.br\/blog\/?post_type=concurso&#038;p=1463"},"modified":"2019-01-11T20:54:05","modified_gmt":"2019-01-11T22:54:05","slug":"fundacao-cultural-de-foz-do-iguacu","status":"publish","type":"concurso","link":"https:\/\/www.editorasolucao.com.br\/blog\/concurso\/fundacao-cultural-de-foz-do-iguacu","title":{"rendered":"Concurso Funda\u00e7\u00e3o Cultural de Foz do Igua\u00e7u &#8211; PR: Inscri\u00e7\u00f5es abertas!"},"content":{"rendered":"\n<p>Est\u00e3o abertas as inscri\u00e7\u00f5es para o <strong>Concurso Funda\u00e7\u00e3o Cultural de Foz do Igua\u00e7u<\/strong>, Paran\u00e1, com a oferta de 20 vagas imediatas com oportunidades para <strong>candidatos de todos os n\u00edveis de escolaridade.<\/strong><br><\/p>\n\n\n\n<p style=\"text-align:center\"><strong><a href=\"https:\/\/www.editorasolucao.com.br\/catalogsearch\/result\/?q=Funda%C3%A7%C3%A3o+Cultural+de+Foz+do+Igua%C3%A7u&amp;cat=\" target=\"_blank\" rel=\"noreferrer noopener\" aria-label=\"Estude com a Apostila Funda\u00e7\u00e3o Cultural de Foz do Igua\u00e7u - PR 2019 e parcele SEM JUROS! (abre em uma nova aba)\">Estude com a Apostila Funda\u00e7\u00e3o Cultural de Foz do Igua\u00e7u &#8211; PR 2019 e parcele SEM JUROS!<\/a><\/strong><br><\/p>\n\n\n\n<p>Para se inscrever acesse o site da organizadora, <strong><a href=\"http:\/\/www.fundacaofafipa.org.br\" target=\"_blank\" rel=\"noreferrer noopener\" aria-label=\"FAPIPA (abre em uma nova aba)\">FAPIPA<\/a><\/strong>, at\u00e9 o dia<strong> 27 de janeiro de 2019<\/strong>. As taxas s\u00e3o no valor de <strong>R$ 50,00<\/strong> (n\u00edvel fundamental), <strong>R$ 70,00<\/strong> (n\u00edvel m\u00e9dio)<strong> <\/strong>e<strong> R$ 100,00<\/strong> (n\u00edvel superior).<br><\/p>\n\n\n\n<p><strong>Quais os cargos ofertados no Concurso Funda\u00e7\u00e3o Cultural de Foz do Igua\u00e7u &#8211; PR?<\/strong><br><\/p>\n\n\n\n<p>As oportunidades s\u00e3o para os cargos de:<br><\/p>\n\n\n\n<p><strong>N\u00edvel fundamental:<\/strong> Auxiliar de Manuten\u00e7\u00e3o (1).<br><strong>N\u00edvel m\u00e9dio:<\/strong> Assistente Administrativo J\u00fanior (2), Assistente Cont\u00e1bil J\u00fanior (1), Assistente Cultural J\u00fanior (4), Auxiliar de Biblioteca J\u00fanior (7), Operador de Computador J\u00fanior (1) e Recepcionista J\u00fanior (1).<br><strong>N\u00edvel superior: <\/strong>Bibliotec\u00e1rio J\u00fanior (1), Contador J\u00fanior (1) e Procurador J\u00fanior (1).<br><\/p>\n\n\n\n<p>A remunera\u00e7\u00e3o inicial varia, dependendo do cargo escolhido, sendo de <strong>R$ 1.551,44 at\u00e9 R$ 3.656,23<\/strong> com jornada de trabalho de 20h ou 40h semanais.<br><\/p>\n\n\n\n<div id=\"ez-toc-container\" class=\"ez-toc-v2_0_69_1 counter-hierarchy ez-toc-counter ez-toc-grey ez-toc-container-direction\">\n<div class=\"ez-toc-title-container\">\n<p class=\"ez-toc-title \" >Menu de navega&ccedil;&atilde;o<\/p>\n<span class=\"ez-toc-title-toggle\"><a href=\"#\" class=\"ez-toc-pull-right ez-toc-btn ez-toc-btn-xs ez-toc-btn-default ez-toc-toggle\" aria-label=\"Toggle Table of Content\"><span class=\"ez-toc-js-icon-con\"><span class=\"\"><span class=\"eztoc-hide\" style=\"display:none;\">Toggle<\/span><span class=\"ez-toc-icon-toggle-span\"><svg style=\"fill: #999;color:#999\" xmlns=\"http:\/\/www.w3.org\/2000\/svg\" class=\"list-377408\" width=\"20px\" height=\"20px\" viewBox=\"0 0 24 24\" fill=\"none\"><path d=\"M6 6H4v2h2V6zm14 0H8v2h12V6zM4 11h2v2H4v-2zm16 0H8v2h12v-2zM4 16h2v2H4v-2zm16 0H8v2h12v-2z\" fill=\"currentColor\"><\/path><\/svg><svg style=\"fill: #999;color:#999\" class=\"arrow-unsorted-368013\" xmlns=\"http:\/\/www.w3.org\/2000\/svg\" width=\"10px\" height=\"10px\" viewBox=\"0 0 24 24\" version=\"1.2\" baseProfile=\"tiny\"><path d=\"M18.2 9.3l-6.2-6.3-6.2 6.3c-.2.2-.3.4-.3.7s.1.5.3.7c.2.2.4.3.7.3h11c.3 0 .5-.1.7-.3.2-.2.3-.5.3-.7s-.1-.5-.3-.7zM5.8 14.7l6.2 6.3 6.2-6.3c.2-.2.3-.5.3-.7s-.1-.5-.3-.7c-.2-.2-.4-.3-.7-.3h-11c-.3 0-.5.1-.7.3-.2.2-.3.5-.3.7s.1.5.3.7z\"\/><\/svg><\/span><\/span><\/span><\/a><\/span><\/div>\n<nav><ul class='ez-toc-list ez-toc-list-level-1 ' ><li class='ez-toc-page-1 ez-toc-heading-level-2'><a class=\"ez-toc-link ez-toc-heading-1\" href=\"https:\/\/www.editorasolucao.com.br\/blog\/concurso\/fundacao-cultural-de-foz-do-iguacu\/#Informacoes_importantes_sobre_o_Concurso_Fundacao_Cultural_de_Foz_do_Iguacu_%E2%80%93_PR\" title=\"Informa\u00e7\u00f5es importantes sobre o Concurso Funda\u00e7\u00e3o Cultural de Foz do Igua\u00e7u &#8211; PR\">Informa\u00e7\u00f5es importantes sobre o Concurso Funda\u00e7\u00e3o Cultural de Foz do Igua\u00e7u &#8211; PR<\/a><\/li><li class='ez-toc-page-1 ez-toc-heading-level-2'><a class=\"ez-toc-link ez-toc-heading-2\" href=\"https:\/\/www.editorasolucao.com.br\/blog\/concurso\/fundacao-cultural-de-foz-do-iguacu\/#Como_sera_a_prova_do_Concurso_Fundacao_Cultural_de_Foz_do_Iguacu_%E2%80%93_PR\" title=\"Como ser\u00e1 a prova do Concurso Funda\u00e7\u00e3o Cultural de Foz do Igua\u00e7u &#8211; PR?\">Como ser\u00e1 a prova do Concurso Funda\u00e7\u00e3o Cultural de Foz do Igua\u00e7u &#8211; PR?<\/a><\/li><\/ul><\/nav><\/div>\n<h2 class=\"wp-block-heading\"><span class=\"ez-toc-section\" id=\"Informacoes_importantes_sobre_o_Concurso_Fundacao_Cultural_de_Foz_do_Iguacu_%E2%80%93_PR\"><\/span><strong>Informa\u00e7\u00f5es importantes sobre o Concurso Funda\u00e7\u00e3o Cultural de Foz do Igua\u00e7u &#8211; PR<\/strong><br><span class=\"ez-toc-section-end\"><\/span><\/h2>\n\n\n\n<p><strong>Inscri\u00e7\u00e3o:<\/strong> 27\/12\/2018 a 27\/01\/2019<br><strong>Taxa: <\/strong>R$ 50,00 a R$ 100,00<br><strong>Vagas: <\/strong>20 <br><strong>Sal\u00e1rio:<\/strong> R$ 1.551,44 a R$ 3.656,23<br><strong>N\u00edvel: <\/strong>fundamental, m\u00e9dio e superior<br><strong>Prova: <\/strong>24\/02\/2019<br><\/p>\n\n\n\n<h2 class=\"wp-block-heading\"><span class=\"ez-toc-section\" id=\"Como_sera_a_prova_do_Concurso_Fundacao_Cultural_de_Foz_do_Iguacu_%E2%80%93_PR\"><\/span><strong>Como ser\u00e1 a prova do Concurso Funda\u00e7\u00e3o Cultural de Foz do Igua\u00e7u &#8211; PR?<\/strong><br><span class=\"ez-toc-section-end\"><\/span><\/h2>\n\n\n\n<p>As provas objetivas ser\u00e3o aplicadas no dia <strong>24 de fevereiro de 2019<\/strong>, no per\u00edodo da manh\u00e3 para cargos de n\u00edveis m\u00e9dio e superior, e a tarde para o cargo de Auxiliar de Manuten\u00e7\u00e3o I.<br><\/p>\n\n\n\n<p>Os locais e hor\u00e1rios de prova ser\u00e3o divulgados no site da organizadora a partir do dia 13 de fevereiro de 2019.<br><\/p>\n\n\n\n<p>Haver\u00e1 ainda <strong>Prova discursiva<\/strong> de car\u00e1ter eliminat\u00f3rio e classificat\u00f3rio para os cargos de Assistente Administrativo J\u00fanior, Assistente Cont\u00e1bil J\u00fanior, Assistente Cultural J\u00fanior, Auxiliar de Biblioteca J\u00fanior, Bibliotec\u00e1rio J\u00fanior, Contador J\u00fanior, Operador de Computador J\u00fanior, Procurador J\u00fanior e Recepcionista J\u00fanior.<br><\/p>\n\n\n\n<p><strong>Prova de t\u00edtulos<\/strong> para os cargos de Assistente Administrativo J\u00fanior, Assistente Cont\u00e1bil J\u00fanior, Assistente Cultural J\u00fanior, Auxiliar de Biblioteca J\u00fanior, Bibliotec\u00e1rio J\u00fanior, Contador J\u00fanior, Operador de Computador J\u00fanior, Procurador J\u00fanior e Recepcionista J\u00fanior.<\/p>\n\n\n\n<p style=\"text-align:center\"><strong><a href=\"https:\/\/www.editorasolucao.com.br\/catalogsearch\/result\/?q=Funda%C3%A7%C3%A3o+Cultural+de+Foz+do+Igua%C3%A7u&amp;cat=\" target=\"_blank\" rel=\"noreferrer noopener\">Estude com a Apostila Funda\u00e7\u00e3o Cultural de Foz do Igua\u00e7u &#8211; PR 2019 e parcele SEM JUROS!<\/a><\/strong><\/p>\n\n\n\n<p>Com mais de 30 anos no mundo dos concursos, a&nbsp;<strong><a href=\"https:\/\/www.editorasolucao.com.br\/\" target=\"_blank\" rel=\"noreferrer noopener\">Editora Solu\u00e7\u00e3o<\/a><\/strong>&nbsp;tem tradi\u00e7\u00e3o na aprova\u00e7\u00e3o\nde milhares de concurseiros, oferecendo&nbsp;<strong>produtos\nde qualidade&nbsp;<\/strong>e pre\u00e7os bastante competitivos.\nConfira&nbsp;\ud83d\ude09 <\/p>\n","protected":false},"excerpt":{"rendered":"<p>Est\u00e3o abertas as inscri\u00e7\u00f5es para o Concurso Funda\u00e7\u00e3o Cultural de Foz do Igua\u00e7u, Paran\u00e1, com a oferta de 20 vagas imediatas com oportunidades para candidatos de todos os n\u00edveis de escolaridade. Estude com a Apostila Funda\u00e7\u00e3o Cultural de Foz do Igua\u00e7u &#8211; PR 2019 e parcele SEM JUROS! Para se inscrever acesse o site da organizadora, FAPIPA, at\u00e9 o dia 27 de janeiro de 2019. As taxas s\u00e3o no valor de R$ 50,00 (n\u00edvel fundamental), R$ 70,00 (n\u00edvel m\u00e9dio) e R$ 100,00 (n\u00edvel superior). Quais os cargos ofertados no Concurso Funda\u00e7\u00e3o Cultural de Foz do Igua\u00e7u &#8211; PR? As oportunidades&#8230;<\/p>\n","protected":false},"author":3,"featured_media":1465,"template":"","meta":{"_acf_changed":false,"rank_math_lock_modified_date":false},"categories":[],"tags":[],"acf":[],"_links":{"self":[{"href":"https:\/\/www.editorasolucao.com.br\/blog\/wp-json\/wp\/v2\/concurso\/1463"}],"collection":[{"href":"https:\/\/www.editorasolucao.com.br\/blog\/wp-json\/wp\/v2\/concurso"}],"about":[{"href":"https:\/\/www.editorasolucao.com.br\/blog\/wp-json\/wp\/v2\/types\/concurso"}],"author":[{"embeddable":true,"href":"https:\/\/www.editorasolucao.com.br\/blog\/wp-json\/wp\/v2\/users\/3"}],"wp:featuredmedia":[{"embeddable":true,"href":"https:\/\/www.editorasolucao.com.br\/blog\/wp-json\/wp\/v2\/media\/1465"}],"wp:attachment":[{"href":"https:\/\/www.editorasolucao.com.br\/blog\/wp-json\/wp\/v2\/media?parent=1463"}],"wp:term":[{"taxonomy":"category","embeddable":true,"href":"https:\/\/www.editorasolucao.com.br\/blog\/wp-json\/wp\/v2\/categories?post=1463"},{"taxonomy":"post_tag","embeddable":true,"href":"https:\/\/www.editorasolucao.com.br\/blog\/wp-json\/wp\/v2\/tags?post=1463"}],"curies":[{"name":"wp","href":"https:\/\/api.w.org\/{rel}","templated":true}]}}