{"id":1475,"date":"2025-05-23T10:22:13","date_gmt":"2025-05-23T13:22:13","guid":{"rendered":"https:\/\/www.editorasolucao.com.br\/blog\/?post_type=concurso&#038;p=1475"},"modified":"2025-05-30T12:03:17","modified_gmt":"2025-05-30T15:03:17","slug":"uff","status":"publish","type":"concurso","link":"https:\/\/www.editorasolucao.com.br\/blog\/concurso\/uff","title":{"rendered":"Concurso UFF: Saiu o edital com 105 vagas! Iniciais de R$4,9 mil!"},"content":{"rendered":"\n<p>O concurso UFF <a href=\"https:\/\/www.editorasolucao.com.br\/concurso\/uff-rj-universidade-federal-fluminense\">(Universidade Federal Fluminense)<\/a> est\u00e1 com edital divulgado e oferece <strong>105 vagas<\/strong> para cargos t\u00e9cnico-administrativos em educa\u00e7\u00e3o. As oportunidades s\u00e3o para <strong>n\u00edveis m\u00e9dio\/t\u00e9cnico e superior<\/strong>, com sal\u00e1rios que chegam a <strong>R$4.967,04<\/strong>, al\u00e9m de diversos benef\u00edcios. Ficou interessado? Veja abaixo todos os detalhes do certame!<\/p>\n\n\n\n<div id=\"ez-toc-container\" class=\"ez-toc-v2_0_69_1 counter-hierarchy ez-toc-counter ez-toc-grey ez-toc-container-direction\">\n<div class=\"ez-toc-title-container\">\n<p class=\"ez-toc-title \" >Menu de navega&ccedil;&atilde;o<\/p>\n<span class=\"ez-toc-title-toggle\"><a href=\"#\" class=\"ez-toc-pull-right ez-toc-btn ez-toc-btn-xs ez-toc-btn-default ez-toc-toggle\" aria-label=\"Toggle Table of Content\"><span class=\"ez-toc-js-icon-con\"><span class=\"\"><span class=\"eztoc-hide\" style=\"display:none;\">Toggle<\/span><span class=\"ez-toc-icon-toggle-span\"><svg style=\"fill: #999;color:#999\" xmlns=\"http:\/\/www.w3.org\/2000\/svg\" class=\"list-377408\" width=\"20px\" height=\"20px\" viewBox=\"0 0 24 24\" fill=\"none\"><path d=\"M6 6H4v2h2V6zm14 0H8v2h12V6zM4 11h2v2H4v-2zm16 0H8v2h12v-2zM4 16h2v2H4v-2zm16 0H8v2h12v-2z\" fill=\"currentColor\"><\/path><\/svg><svg style=\"fill: #999;color:#999\" class=\"arrow-unsorted-368013\" xmlns=\"http:\/\/www.w3.org\/2000\/svg\" width=\"10px\" height=\"10px\" viewBox=\"0 0 24 24\" version=\"1.2\" baseProfile=\"tiny\"><path d=\"M18.2 9.3l-6.2-6.3-6.2 6.3c-.2.2-.3.4-.3.7s.1.5.3.7c.2.2.4.3.7.3h11c.3 0 .5-.1.7-.3.2-.2.3-.5.3-.7s-.1-.5-.3-.7zM5.8 14.7l6.2 6.3 6.2-6.3c.2-.2.3-.5.3-.7s-.1-.5-.3-.7c-.2-.2-.4-.3-.7-.3h-11c-.3 0-.5.1-.7.3-.2.2-.3.5-.3.7s.1.5.3.7z\"\/><\/svg><\/span><\/span><\/span><\/a><\/span><\/div>\n<nav><ul class='ez-toc-list ez-toc-list-level-1 ' ><li class='ez-toc-page-1 ez-toc-heading-level-2'><a class=\"ez-toc-link ez-toc-heading-1\" href=\"https:\/\/www.editorasolucao.com.br\/blog\/concurso\/uff\/#Inscricoes_para_o_concurso_UFF\" title=\"Inscri\u00e7\u00f5es para o concurso UFF\">Inscri\u00e7\u00f5es para o concurso UFF<\/a><\/li><li class='ez-toc-page-1 ez-toc-heading-level-2'><a class=\"ez-toc-link ez-toc-heading-2\" href=\"https:\/\/www.editorasolucao.com.br\/blog\/concurso\/uff\/#Cargos_e_vagas_do_concurso_UFF\" title=\"Cargos e vagas do concurso UFF\">Cargos e vagas do concurso UFF<\/a><\/li><li class='ez-toc-page-1 ez-toc-heading-level-2'><a class=\"ez-toc-link ez-toc-heading-3\" href=\"https:\/\/www.editorasolucao.com.br\/blog\/concurso\/uff\/#Salarios_e_beneficios\" title=\"Sal\u00e1rios e benef\u00edcios\">Sal\u00e1rios e benef\u00edcios<\/a><\/li><li class='ez-toc-page-1 ez-toc-heading-level-2'><a class=\"ez-toc-link ez-toc-heading-4\" href=\"https:\/\/www.editorasolucao.com.br\/blog\/concurso\/uff\/#Requisitos_para_investidura_no_cargo\" title=\"Requisitos para investidura no cargo\">Requisitos para investidura no cargo<\/a><\/li><li class='ez-toc-page-1 ez-toc-heading-level-2'><a class=\"ez-toc-link ez-toc-heading-5\" href=\"https:\/\/www.editorasolucao.com.br\/blog\/concurso\/uff\/#Etapas_de_selecao_do_concurso_UFF\" title=\"Etapas de sele\u00e7\u00e3o do concurso UFF\">Etapas de sele\u00e7\u00e3o do concurso UFF<\/a><\/li><li class='ez-toc-page-1 ez-toc-heading-level-2'><a class=\"ez-toc-link ez-toc-heading-6\" href=\"https:\/\/www.editorasolucao.com.br\/blog\/concurso\/uff\/#Ultimo_concurso_UFF\" title=\"\u00daltimo concurso UFF\">\u00daltimo concurso UFF<\/a><\/li><\/ul><\/nav><\/div>\n<h2 class=\"wp-block-heading\"><span class=\"ez-toc-section\" id=\"Inscricoes_para_o_concurso_UFF\"><\/span>Inscri\u00e7\u00f5es para o concurso UFF<span class=\"ez-toc-section-end\"><\/span><\/h2>\n\n\n\n<p>As inscri\u00e7\u00f5es para o concurso UFF dever\u00e3o ser feitas exclusivamente pela internet, no site oficial da banca <a href=\"https:\/\/portal.coseac.uff.br\/project\/concursouff2025\/\" target=\"_blank\" rel=\"noreferrer noopener\">COSEAC\/UFF<\/a>. O prazo come\u00e7a \u00e0s 12h do dia <strong>9 de junho<\/strong> e termina \u00e0s 12h do dia <strong>7 de julho de 2025.<\/strong><\/p>\n\n\n\n<p>Ap\u00f3s o preenchimento do formul\u00e1rio eletr\u00f4nico, o candidato precisar\u00e1 gerar o boleto banc\u00e1rio e efetuar o pagamento at\u00e9 o \u00faltimo dia de inscri\u00e7\u00f5es. Confira as taxas:<\/p>\n\n\n\n<ul>\n<li>N\u00edvel m\u00e9dio\/t\u00e9cnico: <strong>R$145,00<\/strong><\/li>\n\n\n\n<li>N\u00edvel superior: <strong>R$195,00<\/strong><\/li>\n<\/ul>\n\n\n\n<p>Ter\u00e3o direito \u00e0 isen\u00e7\u00e3o da taxa de inscri\u00e7\u00e3o os candidatos que:<\/p>\n\n\n\n<ul>\n<li>estiverem inscritos no Cad\u00danico e pertencerem a fam\u00edlias de baixa renda;<\/li>\n\n\n\n<li>forem doadores de medula \u00f3ssea registrados no REDOME.<\/li>\n<\/ul>\n\n\n\n<p>As solicita\u00e7\u00f5es devem ser feitas entre os dias <strong>9 <\/strong>e<strong> 11 de junho de 2025<\/strong>, pelo site da organizadora.<\/p>\n\n\n\n<h2 class=\"wp-block-heading\"><span class=\"ez-toc-section\" id=\"Cargos_e_vagas_do_concurso_UFF\"><\/span>Cargos e vagas do concurso UFF<span class=\"ez-toc-section-end\"><\/span><\/h2>\n\n\n\n<p>O edital do concurso UFF oferece vagas distribu\u00eddas entre os seguintes campi no Rio de Janeiro, confira:<\/p>\n\n\n\n<p><strong>Campus UFF Angra dos Reis<\/strong><\/p>\n\n\n\n<p><em>N\u00edvel superior<\/em><\/p>\n\n\n\n<ul>\n<li>Bibliotec\u00e1rio-documentalista \u2013 1 vaga<\/li>\n<\/ul>\n\n\n\n<p><strong>Campus UFF Campos dos Goytacazes<\/strong><\/p>\n\n\n\n<p><em>N\u00edvel m\u00e9dio\/t\u00e9cnico<\/em><\/p>\n\n\n\n<ul>\n<li>T\u00e9cnico de Tecnologia da Informa\u00e7\u00e3o \u2013 1 vaga<\/li>\n<\/ul>\n\n\n\n<p><strong>Campus UFF Niter\u00f3i<\/strong><\/p>\n\n\n\n<p><em>N\u00edvel m\u00e9dio\/t\u00e9cnico<\/em><\/p>\n\n\n\n<ul>\n<li><a href=\"https:\/\/www.editorasolucao.com.br\/apostila-solucao\/uff-rj-assistente-administracao\">Assistente em Administra\u00e7\u00e3o<\/a> \u2013 46 vagas<\/li>\n\n\n\n<li>T\u00e9cnico de Laborat\u00f3rio \/ Eletr\u00f4nica \u2013 1 vaga<\/li>\n\n\n\n<li>T\u00e9cnico de Laborat\u00f3rio \/ Eletrot\u00e9cnica \u2013 1 vaga<\/li>\n\n\n\n<li>T\u00e9cnico de Laborat\u00f3rio \/ Qu\u00edmica \u2013 5 vagas<\/li>\n\n\n\n<li>T\u00e9cnico de Tecnologia da Informa\u00e7\u00e3o \u2013 17 vagas<\/li>\n\n\n\n<li>T\u00e9cnico em Contabilidade \u2013 1 vaga<\/li>\n<\/ul>\n\n\n\n<p><em>N\u00edvel superior<\/em><\/p>\n\n\n\n<ul>\n<li>Arquivista \u2013 5 vagas<\/li>\n\n\n\n<li>Auditor \u2013 2 vagas<\/li>\n\n\n\n<li>Bibliotec\u00e1rio-documentalista \u2013 2 vagas<\/li>\n\n\n\n<li>Bi\u00f3logo \u2013 1 vaga<\/li>\n\n\n\n<li>Contador \u2013 3 vagas<\/li>\n\n\n\n<li>Engenheiro \/ El\u00e9trica \u2013 1 vaga<\/li>\n\n\n\n<li>Engenheiro \/ Florestal \u2013 1 vaga<\/li>\n\n\n\n<li>Engenheiro \/ Mec\u00e2nica \u2013 2 vagas<\/li>\n\n\n\n<li>Farmac\u00eautico \u2013 1 vaga<\/li>\n\n\n\n<li>M\u00e9dico \/ Cardiologia \u2013 1 vaga<\/li>\n\n\n\n<li>M\u00e9dico \/ Dermatologia \u2013 1 vaga<\/li>\n\n\n\n<li>M\u00e9dico \/ Endocrinologia e Metabologia \u2013 1 vaga<\/li>\n\n\n\n<li>M\u00e9dico \/ Medicina do Trabalho \u2013 1 vaga<\/li>\n\n\n\n<li>Produtor Cultural \u2013 2 vagas<\/li>\n\n\n\n<li>Psic\u00f3logo \/ Organizacional e do Trabalho \u2013 2 vagas<\/li>\n<\/ul>\n\n\n\n<p><strong>Campus UFF Rio das Ostras<\/strong><\/p>\n\n\n\n<p><em>N\u00edvel m\u00e9dio\/t\u00e9cnico<\/em><\/p>\n\n\n\n<ul>\n<li>T\u00e9cnico de Laborat\u00f3rio \/ Biot\u00e9rio \u2013 1 vaga<\/li>\n\n\n\n<li>T\u00e9cnico de Tecnologia da Informa\u00e7\u00e3o \u2013 1 vaga<\/li>\n<\/ul>\n\n\n\n<p><em>N\u00edvel superior<\/em><\/p>\n\n\n\n<ul>\n<li>Bibliotec\u00e1rio-documentalista \u2013 1 vaga<\/li>\n<\/ul>\n\n\n\n<p><strong>Campus UFF Santo Ant\u00f4nio de P\u00e1dua<\/strong><\/p>\n\n\n\n<p><em>N\u00edvel superior<\/em><\/p>\n\n\n\n<ul>\n<li>Bibliotec\u00e1rio-documentalista \u2013 1 vaga<\/li>\n<\/ul>\n\n\n\n<p><strong>Campus UFF Volta Redonda<\/strong><\/p>\n\n\n\n<p><em>N\u00edvel superior<\/em><\/p>\n\n\n\n<ul>\n<li>Bibliotec\u00e1rio-documentalista \u2013 1 vaga<\/li>\n\n\n\n<li>M\u00e9dico \/ Cl\u00ednica M\u00e9dica \u2013 1 vaga<\/li>\n<\/ul>\n\n\n\n<h2 class=\"wp-block-heading\"><span class=\"ez-toc-section\" id=\"Salarios_e_beneficios\"><\/span>Sal\u00e1rios e benef\u00edcios<span class=\"ez-toc-section-end\"><\/span><\/h2>\n\n\n\n<p>O concurso UFF garante os seguintes vencimentos:<\/p>\n\n\n\n<ul>\n<li><strong>R$3.029,90<\/strong> para cargos de n\u00edvel m\u00e9dio\/t\u00e9cnico<\/li>\n\n\n\n<li><strong>R$4.967,04<\/strong> para cargos de n\u00edvel superior<\/li>\n<\/ul>\n\n\n\n<p>Al\u00e9m do sal\u00e1rio base, os servidores tamb\u00e9m t\u00eam direito aos seguintes benef\u00edcios:<\/p>\n\n\n\n<ul>\n<li>Aux\u00edlio-alimenta\u00e7\u00e3o no valor de R$ 1.000<\/li>\n\n\n\n<li>Aux\u00edlio-transporte<\/li>\n\n\n\n<li>Aux\u00edlio pr\u00e9-escolar<\/li>\n\n\n\n<li>Ressarcimento de plano de sa\u00fade<\/li>\n<\/ul>\n\n\n\n<h2 class=\"wp-block-heading\"><span class=\"ez-toc-section\" id=\"Requisitos_para_investidura_no_cargo\"><\/span>Requisitos para investidura no cargo<span class=\"ez-toc-section-end\"><\/span><\/h2>\n\n\n\n<p>Para assumir o cargo do concurso UFF, o candidato dever\u00e1 atender aos seguintes requisitos:<\/p>\n\n\n\n<ul>\n<li>Ter sido aprovado e homologado no concurso p\u00fablico, conforme as regras do edital.<\/li>\n\n\n\n<li>Ter nacionalidade brasileira ou portuguesa, com amparo pelo estatuto de igualdade entre brasileiros e portugueses, nos termos do \u00a71\u00ba do artigo 12 da Constitui\u00e7\u00e3o Federal.<\/li>\n\n\n\n<li>Ter, no m\u00ednimo,&nbsp;<strong>18 anos completos<\/strong>&nbsp;na data da posse.<\/li>\n\n\n\n<li>Possuir&nbsp;<strong>aptid\u00e3o f\u00edsica e mental<\/strong>&nbsp;para o exerc\u00edcio das atribui\u00e7\u00f5es do cargo, com avalia\u00e7\u00e3o da Junta M\u00e9dica Oficial da UFF no caso de pessoa com defici\u00eancia.<\/li>\n\n\n\n<li>Estar&nbsp;<strong>em dia com as obriga\u00e7\u00f5es eleitorais<\/strong>.<\/li>\n\n\n\n<li>Estar&nbsp;<strong>quite com as obriga\u00e7\u00f5es militares<\/strong>, para candidatos do sexo masculino, conforme o artigo 210 do Decreto n\u00ba 57.654\/1966 (entre 1\u00ba de janeiro do ano em que completar 19 anos e 31 de dezembro do ano em que completar 45 anos).<\/li>\n\n\n\n<li>Possuir todos os documentos exigidos para a comprova\u00e7\u00e3o dos requisitos espec\u00edficos do cargo, conforme o Anexo I do edital, com deferimento pela Comiss\u00e3o T\u00e9cnica designada.<\/li>\n\n\n\n<li>Estar registrado no respectivo Conselho de Classe, quando exigido, e estar quite com as demais exig\u00eancias legais do \u00f3rg\u00e3o regulador da profiss\u00e3o.<\/li>\n\n\n\n<li>Apresentar todos os documentos exigidos para a posse, conforme indicado no edital e nas orienta\u00e7\u00f5es da Pr\u00f3-Reitoria de Gest\u00e3o de Pessoas da UFF.<\/li>\n\n\n\n<li>Cumprir todas as demais exig\u00eancias estabelecidas no edital do concurso.<\/li>\n<\/ul>\n\n\n\n<h2 class=\"wp-block-heading\"><span class=\"ez-toc-section\" id=\"Etapas_de_selecao_do_concurso_UFF\"><\/span>Etapas de sele\u00e7\u00e3o do concurso UFF<span class=\"ez-toc-section-end\"><\/span><\/h2>\n\n\n\n<p>A sele\u00e7\u00e3o dos candidatos ser\u00e1 feita por meio de provas objetivas para todos os cargos. Para determinadas fun\u00e7\u00f5es, tamb\u00e9m haver\u00e1 prova de reda\u00e7\u00e3o. <\/p>\n\n\n\n<p>Os exames ser\u00e3o aplicados nas seguintes cidades: Angra dos Reis, Campos dos Goytacazes, Niter\u00f3i, Rio das Ostras, Rio de Janeiro, Santo Ant\u00f4nio de P\u00e1dua, S\u00e3o Gon\u00e7alo e Volta Redonda.<\/p>\n\n\n\n<p>As provas objetivas do concurso UFF ocorrer\u00e3o em duas datas distintas:<\/p>\n\n\n\n<ul>\n<li><strong>31 de agosto de 2025<\/strong> \u2013 cargos de n\u00edvel m\u00e9dio\/t\u00e9cnico<\/li>\n\n\n\n<li><strong>14 de setembro de 2025<\/strong> \u2013 cargos de n\u00edvel superior<\/li>\n<\/ul>\n\n\n\n<p>As avalia\u00e7\u00f5es ter\u00e3o in\u00edcio \u00e0s <strong>9h<\/strong>, com dura\u00e7\u00e3o de 4 horas e 30 minutos.<\/p>\n\n\n\n<h3 class=\"wp-block-heading\">Prova objetiva<\/h3>\n\n\n\n<p>A prova objetiva do concurso UFF ser\u00e1 destinada aos cargos de arquivista, auditor, bibliotec\u00e1rio, produtor cultural, psic\u00f3logo e assistente em administra\u00e7\u00e3o far\u00e3o uma prova com 55 quest\u00f5es e uma reda\u00e7\u00e3o. As quest\u00f5es estar\u00e3o divididas em:<\/p>\n\n\n\n<ul>\n<li>L\u00edngua Portuguesa \u2013 10<\/li>\n\n\n\n<li>No\u00e7\u00f5es de Administra\u00e7\u00e3o P\u00fablica \u2013 10<\/li>\n\n\n\n<li>Conhecimentos Espec\u00edficos \u2013 35<\/li>\n<\/ul>\n\n\n\n<p>Para aprova\u00e7\u00e3o, ser\u00e1 necess\u00e1rio alcan\u00e7ar as seguintes notas m\u00ednimas:<\/p>\n\n\n\n<ul>\n<li>6 pontos em L\u00edngua Portuguesa<\/li>\n\n\n\n<li>6 pontos em Administra\u00e7\u00e3o<\/li>\n\n\n\n<li>36 pontos na parte espec\u00edfica<\/li>\n\n\n\n<li>50 pontos na reda\u00e7\u00e3o<\/li>\n<\/ul>\n\n\n\n<p>Para os demais cargos, a prova ter\u00e1 65 quest\u00f5es, com a seguinte composi\u00e7\u00e3o:<\/p>\n\n\n\n<ul>\n<li>L\u00edngua Portuguesa \u2013 20<\/li>\n\n\n\n<li>No\u00e7\u00f5es de Administra\u00e7\u00e3o P\u00fablica \u2013 10<\/li>\n\n\n\n<li>Conhecimentos Espec\u00edficos \u2013 35<\/li>\n<\/ul>\n\n\n\n<p>Nesse modelo, ser\u00e1 exigida a seguinte pontua\u00e7\u00e3o m\u00ednima:<\/p>\n\n\n\n<ul>\n<li>8 pontos em L\u00edngua Portuguesa<\/li>\n\n\n\n<li>4 pontos em Administra\u00e7\u00e3o P\u00fablica<\/li>\n\n\n\n<li>36 pontos em Conhecimentos Espec\u00edficos<\/li>\n<\/ul>\n\n\n\n<h3 class=\"wp-block-heading\">Reda\u00e7\u00e3o <\/h3>\n\n\n\n<p>A reda\u00e7\u00e3o do concurso UFF ser\u00e1 aplicada para alguns cargos e ter\u00e1 car\u00e1ter eliminat\u00f3rio. Consistir\u00e1 em um texto dissertativo em L\u00edngua Portuguesa, onde ser\u00e3o avaliados aspectos formais, estrutura textual e argumenta\u00e7\u00e3o. A pontua\u00e7\u00e3o total ser\u00e1 de 100 pontos, divididos entre:<\/p>\n\n\n\n<ul>\n<li>Aspectos formais da l\u00edngua \u2013 at\u00e9 30 pontos<\/li>\n\n\n\n<li>Aspectos textuais \u2013 at\u00e9 30 pontos<\/li>\n\n\n\n<li>Aspectos discursivos \u2013 at\u00e9 40 pontos<\/li>\n<\/ul>\n\n\n\n<p>Para n\u00e3o ser eliminado, o candidato precisa atingir pelo menos 50 pontos na reda\u00e7\u00e3o do concurso UFF .<\/p>\n\n\n\n<h2 class=\"wp-block-heading\" id=\"cargos\"><span class=\"ez-toc-section\" id=\"Ultimo_concurso_UFF\"><\/span>\u00daltimo concurso UFF<span class=\"ez-toc-section-end\"><\/span><\/h2>\n\n\n\n<p>O \u00faltimo concurso UFF foi realizado em 2023 e foram ofertadas 186 vagas para candidatos de n\u00edveis m\u00e9dio e superior. As vagas foram distribu\u00eddas em diversos munic\u00edpios localizados no estado do Rio de Janeiro, onde a Universidade possui unidade de atua\u00e7\u00e3o. Confira abaixo os munic\u00edpios e as vagas.<\/p>\n\n\n\n<ul>\n<li><em><strong>Angra dos Reis<\/strong> <\/em>(01 vaga);\n<ul>\n<li>Assistente em administra\u00e7\u00e3o<\/li>\n<\/ul>\n<\/li>\n\n\n\n<li><em> <strong>Campos dos Goytacazes<\/strong><\/em> (04 vaga);\n<ul>\n<li><a href=\"https:\/\/www.editorasolucao.com.br\/apostila-solucao\/uff-rj-assistente-administracao\" target=\"_blank\" rel=\"noreferrer noopener\">Assistente em administra\u00e7\u00e3o<\/a>: 3 vagas<\/li>\n\n\n\n<li>T\u00e9cnico em Enfermagem: 1 vaga<\/li>\n<\/ul>\n<\/li>\n\n\n\n<li><em><strong>Cachoeiras de Macacu<\/strong><\/em> (01 vaga);\n<ul>\n<li>T\u00e9cnico em Agropecu\u00e1ria<\/li>\n<\/ul>\n<\/li>\n\n\n\n<li><strong><em>Maca\u00e9<\/em> <\/strong>(02vagas);\n<ul>\n<li>M\u00e9dico\/\u00c1rea: Cl\u00ednica M\u00e9dica&nbsp;<\/li>\n\n\n\n<li><a href=\"https:\/\/www.editorasolucao.com.br\/apostila-solucao\/uff-rj-tecnico-enfermagem\" target=\"_blank\" rel=\"noreferrer noopener\">T\u00e9cnico em Enfermagem&nbsp;<\/a><\/li>\n<\/ul>\n<\/li>\n\n\n\n<li><strong><em>Niter\u00f3i<\/em> <\/strong>(159 vagas);<ul><li>Administrador: 14 vagas<\/li><li>Analista de Tecnologia da Informa\u00e7\u00e3o: 20 vagas<\/li><li>Arquiteto e Urbanista: 3 vagas<\/li><li>Assistente em Administra\u00e7\u00e3o: 65 vagas<\/li><li>Assistente Social: 2 vagas<\/li><li>Contador: 1 vaga<\/li><li>Engenheiro\/\u00c1rea: Civil: 3 vagas<\/li><li>Engenheiro\/\u00c1rea: El\u00e9trica: 1 vaga<\/li><li>Engenheiro de Seguran\u00e7a do Trabalho: 4 vagas<\/li><li>Fisioterapeuta: 1 vaga<\/li><li>Fonoaudi\u00f3logo: 1 vaga<\/li><li>Historiador: 1 vaga<\/li><li>M\u00e9dico\/\u00c1rea: Urologia: 2 vagas<\/li><li>M\u00e9dico Veterin\u00e1rio: 2 vagas<\/li><li>Nutricionista\/ Habilita\u00e7\u00e3o: Cl\u00ednica: 1 vaga<\/li><li>Pedagogo: 2 vagas<\/li><li>Soci\u00f3logo: 1 vaga<\/li><li>T\u00e9cnico de Laborat\u00f3rio\/\u00c1rea: An\u00e1lises Cl\u00ednicas: 2 vagas<\/li><li>T\u00e9cnico de Laborat\u00f3rio\/\u00c1rea: Biotecnologia: 2 vagas<\/li><li>T\u00e9cnico de Laborat\u00f3rio\/\u00c1rea: Edifica\u00e7\u00f5es: 2 vagas<\/li><li>T\u00e9cnico de Laborat\u00f3rio\/\u00c1rea: Histologia: 1 vaga<\/li><li>T\u00e9cnico de Laborat\u00f3rio\/\u00c1rea: Inform\u00e1tica: 2 vagas<\/li><li>T\u00e9cnico de Laborat\u00f3rio\/\u00c1rea: Mec\u00e2nica: 1 vaga<\/li><li>T\u00e9cnico de Laborat\u00f3rio\/\u00c1rea: Museologia: 1 vaga<\/li><li>T\u00e9cnico de Tecnologia da Informa\u00e7\u00e3o: 5 vagas<\/li><li>T\u00e9cnico em Contabilidade: 3 vagas<\/li><li>T\u00e9cnico em Enfermagem: 3 vagas<\/li><\/ul>\n<ul>\n<li>T\u00e9cnico em Farm\u00e1cia: 3 vagas<\/li>\n\n\n\n<li>T\u00e9cnico em Assuntos Educacionais: 7 vagas<\/li>\n\n\n\n<li>Tecn\u00f3logo\/Forma\u00e7\u00e3o: Comunica\u00e7\u00e3o Social: 2 vagas<\/li>\n\n\n\n<li>Tecn\u00f3logo\/Forma\u00e7\u00e3o: Gest\u00e3o P\u00fablica: 1 vaga<\/li>\n<\/ul>\n<\/li>\n\n\n\n<li><em><strong>Nova Friburgo<\/strong><\/em> (02 vagas);\n<ul>\n<li>M\u00e9dico\/\u00c1rea: Cl\u00ednica M\u00e9dica<\/li>\n\n\n\n<li>T\u00e9cnico em Enfermagem <\/li>\n<\/ul>\n<\/li>\n\n\n\n<li><em><strong>Petr\u00f3polis<\/strong><\/em> (05 vagas);\n<ul>\n<li>Administrador: 1 vaga<\/li>\n\n\n\n<li>Assistente em Administra\u00e7\u00e3o: 1 vaga<\/li>\n\n\n\n<li>M\u00e9dico\/\u00c1rea: Cl\u00ednica M\u00e9dica: 1 vaga<\/li>\n\n\n\n<li>M\u00e9dico\/\u00c1rea: Medicina do Trabalho: 1 vaga<\/li>\n\n\n\n<li>T\u00e9cnico em Enfermagem: 1 vaga.<\/li>\n<\/ul>\n<\/li>\n\n\n\n<li><em><strong>Rio das Ostras<\/strong><\/em> (04 vagas);\n<ul>\n<li>Assistente em Administra\u00e7\u00e3o (n\u00edvel m\u00e9dio): 1 vaga<\/li>\n\n\n\n<li>M\u00e9dico\/\u00c1rea: Cl\u00ednica M\u00e9dica (n\u00edvel superior): 1 vaga<\/li>\n\n\n\n<li>T\u00e9cnico em Enfermagem (n\u00edvel t\u00e9cnico): 2 vagas<\/li>\n<\/ul>\n<\/li>\n\n\n\n<li><strong><em>Santo Ant\u00f4nio de P\u00e1dua<\/em> <\/strong>(03 vagas);\n<ul>\n<li>M\u00e9dico\/\u00c1rea: Cl\u00ednica M\u00e9dica: 1 vaga<\/li>\n\n\n\n<li>M\u00e9dico\/\u00c1rea: Medicina do Trabalho: 1 vaga<\/li>\n\n\n\n<li>T\u00e9cnico em Enfermagem: 1 vaga<\/li>\n<\/ul>\n<\/li>\n\n\n\n<li><em><strong>Volta Redonda <\/strong><\/em>(05 vagas);\n<ul>\n<li>Assistente em Administra\u00e7\u00e3o: 1 vaga<\/li>\n\n\n\n<li>M\u00e9dico\/\u00c1rea: Cl\u00ednica M\u00e9dica: 1 vaga<\/li>\n\n\n\n<li>T\u00e9cnico de Laborat\u00f3rio\/\u00c1rea: Inform\u00e1tica: 1 vaga<\/li>\n\n\n\n<li>T\u00e9cnico de Laborat\u00f3rio\/\u00c1rea: Mec\u00e2nica: 1 vaga<\/li>\n\n\n\n<li>T\u00e9cnico em Enfermagem: 1 vaga<\/li>\n<\/ul>\n<\/li>\n<\/ul>\n\n\n\n<p>Os sal\u00e1rios dos aprovados do concurso UFF foram de <strong>R$ 2.446,96 a R$ 4.180,66<\/strong> com jornadas de trabalho que variam de 20 a 40 horas semanais, dependendo do cargo. <\/p>\n\n\n\n<h3 class=\"wp-block-heading\" id=\"provas\">Etapas de sele\u00e7\u00e3o<\/h3>\n\n\n\n<p>O concurso UFF foi composto por duas etapas, sendo elas: Prova Objetiva (para todos os cargos) e Prova Escrita.<\/p>\n\n\n\n<h4 class=\"wp-block-heading\">Prova Objetiva<\/h4>\n\n\n\n<p>Composi\u00e7\u00e3o da Prova para os cargos constantes na tabela a seguir:<\/p>\n\n\n\n<figure class=\"wp-block-image size-full\"><img loading=\"lazy\" decoding=\"async\" width=\"629\" height=\"384\" src=\"https:\/\/www.editorasolucao.com.br\/blog\/wp-content\/uploads\/2023\/01\/image-77.png\" alt=\"\" class=\"wp-image-32928\"\/><\/figure>\n\n\n\n<figure class=\"wp-block-image size-full\"><img loading=\"lazy\" decoding=\"async\" width=\"629\" height=\"296\" src=\"https:\/\/www.editorasolucao.com.br\/blog\/wp-content\/uploads\/2023\/01\/image-78.png\" alt=\"\" class=\"wp-image-32929\"\/><\/figure>\n\n\n\n<figure class=\"wp-block-image size-full\"><img loading=\"lazy\" decoding=\"async\" width=\"625\" height=\"63\" src=\"https:\/\/www.editorasolucao.com.br\/blog\/wp-content\/uploads\/2023\/01\/image-79.png\" alt=\"\" class=\"wp-image-32930\"\/><\/figure>\n\n\n\n<p>A prova do \u00faltimo concurso UFF foi composta por 65 (sessenta e cinco) quest\u00f5es de m\u00faltipla escolha que comp\u00f5em Partes I, II e III, ter\u00e1 cinco alternativas, sendo apenas uma a correta.<\/p>\n\n\n\n<ul>\n<li>Parte I-<strong>L\u00edngua Portuguesa<\/strong>\n<ul>\n<li>De car\u00e1ter eliminat\u00f3rio, composta por 20 (vinte) quest\u00f5es de m\u00faltipla escolha.<\/li>\n<\/ul>\n<\/li>\n\n\n\n<li>Parte II-<strong>No\u00e7\u00f5es B\u00e1sicas de Administra\u00e7\u00e3o P\u00fablica<\/strong>\n<ul>\n<li>De car\u00e1ter eliminat\u00f3rio, composta por 10 (dez) quest\u00f5es de m\u00faltipla escolha.<\/li>\n<\/ul>\n<\/li>\n\n\n\n<li>Parte III-<strong>Conhecimentos Espec\u00edficos<\/strong>\n<ul>\n<li>De car\u00e1ter eliminat\u00f3rio, composta por 35 (trinta e cinco) quest\u00f5es de m\u00faltipla escolha.<\/li>\n<\/ul>\n<\/li>\n<\/ul>\n\n\n\n<p>Para os cargos da tabela a seguir a prova foi composta da seguinte maneira:<\/p>\n\n\n\n<figure class=\"wp-block-image size-full\"><img loading=\"lazy\" decoding=\"async\" width=\"601\" height=\"268\" src=\"https:\/\/www.editorasolucao.com.br\/blog\/wp-content\/uploads\/2023\/01\/image-80.png\" alt=\"\" class=\"wp-image-32931\"\/><\/figure>\n\n\n\n<p>A prova foi composta por 55 (cinquenta e cinco) quest\u00f5es de m\u00faltipla escolha que comp\u00f5em Partes I, II, III e IV ter\u00e1 cinco alternativas, sendo apenas uma a correta, sendo a Parte IV uma reda\u00e7\u00e3o.<\/p>\n\n\n\n<ul>\n<li>Parte I-<strong>L\u00edngua Portuguesa<\/strong>\n<ul>\n<li>De car\u00e1ter eliminat\u00f3rio, composta por 10 (dez) quest\u00f5es de m\u00faltipla escolha.<\/li>\n<\/ul>\n<\/li>\n\n\n\n<li>Parte II-<strong>No\u00e7\u00f5es B\u00e1sicas de Administra\u00e7\u00e3o P\u00fablica <\/strong>\n<ul>\n<li>De car\u00e1ter eliminat\u00f3rio, composta por 10 (dez) quest\u00f5es de m\u00faltipla escolha.<\/li>\n<\/ul>\n<\/li>\n\n\n\n<li>Parte III-<strong>Conhecimentos Espec\u00edficos<\/strong>\n<ul>\n<li>De car\u00e1ter eliminat\u00f3rio, composta por 35 (trinta e cinco) quest\u00f5es de m\u00faltipla escolha.<\/li>\n<\/ul>\n<\/li>\n\n\n\n<li>Parte IV-<strong>Reda\u00e7\u00e3o <\/strong>\n<ul>\n<li>De car\u00e1ter eliminat\u00f3rio, composta por um texto dissertativo em L\u00edngua Portuguesa.<\/li>\n<\/ul>\n<\/li>\n<\/ul>\n\n\n\n<h3 class=\"wp-block-heading\">Prova Escrita<\/h3>\n\n\n\n<p>A prova escrita do \u00faltimo concurso UFF, Parte IV da avalia\u00e7\u00e3o foi composta por um texto dissertativo em L\u00edngua Portuguesa, com valor de 100 (cem) pontos, considerando os seguintes crit\u00e9rios e pontua\u00e7\u00f5es:<\/p>\n\n\n\n<ul>\n<li><strong><em>Aspectos formais da L\u00edngua Portuguesa<\/em><\/strong>: texto adequado \u00e0 modalidade escrita culta, observando-se as normas: de pontua\u00e7\u00e3o, ortogr\u00e1ficas, de concord\u00e2ncia nominal e verbal, de reg\u00eancia nominal e verbal, de flex\u00e3o nominal e verbal e de emprego de pronomes.<\/li>\n\n\n\n<li><strong><em>Aspectos textuais<\/em><\/strong>: estrutura\u00e7\u00e3o de per\u00edodos e de par\u00e1grafos, observando-se a unidade l\u00f3gica e a coer\u00eancia das ideias entre as partes do texto; adequa\u00e7\u00e3o ao tema proposto e ao modo de organiza\u00e7\u00e3o do discurso: descri\u00e7\u00e3o, narra\u00e7\u00e3o, disserta\u00e7\u00e3o\/argumenta\u00e7\u00e3o.<\/li>\n\n\n\n<li><em><strong>Aspectos discursivos<\/strong><\/em>: coes\u00e3o textual; coer\u00eancia interna e externa; concis\u00e3o e clareza das ideias; aprofundamento dos argumentos utilizados; adequa\u00e7\u00e3o sem\u00e2ntica.<\/li>\n<\/ul>\n\n\n\n<h4 class=\"wp-block-heading\"><strong>Bons estudos e boa prova!!!<\/strong><\/h4>\n","protected":false},"excerpt":{"rendered":"<p>O edital do concurso UFF est\u00e1 publicado! S\u00e3o ofertadas 105 vagas para n\u00edveis m\u00e9dio\/t\u00e9cnico e superior. Iniciais de at\u00e9 R$4,9 mil!<\/p>\n","protected":false},"author":26,"featured_media":47059,"template":"","meta":{"_acf_changed":false,"rank_math_lock_modified_date":false},"categories":[52],"tags":[1139],"acf":[],"_links":{"self":[{"href":"https:\/\/www.editorasolucao.com.br\/blog\/wp-json\/wp\/v2\/concurso\/1475"}],"collection":[{"href":"https:\/\/www.editorasolucao.com.br\/blog\/wp-json\/wp\/v2\/concurso"}],"about":[{"href":"https:\/\/www.editorasolucao.com.br\/blog\/wp-json\/wp\/v2\/types\/concurso"}],"author":[{"embeddable":true,"href":"https:\/\/www.editorasolucao.com.br\/blog\/wp-json\/wp\/v2\/users\/26"}],"wp:featuredmedia":[{"embeddable":true,"href":"https:\/\/www.editorasolucao.com.br\/blog\/wp-json\/wp\/v2\/media\/47059"}],"wp:attachment":[{"href":"https:\/\/www.editorasolucao.com.br\/blog\/wp-json\/wp\/v2\/media?parent=1475"}],"wp:term":[{"taxonomy":"category","embeddable":true,"href":"https:\/\/www.editorasolucao.com.br\/blog\/wp-json\/wp\/v2\/categories?post=1475"},{"taxonomy":"post_tag","embeddable":true,"href":"https:\/\/www.editorasolucao.com.br\/blog\/wp-json\/wp\/v2\/tags?post=1475"}],"curies":[{"name":"wp","href":"https:\/\/api.w.org\/{rel}","templated":true}]}}