{"id":15506,"date":"2020-12-28T15:33:19","date_gmt":"2020-12-28T18:33:19","guid":{"rendered":"https:\/\/www.editorasolucao.com.br\/blog\/?post_type=concurso&#038;p=15506"},"modified":"2021-01-07T11:50:10","modified_gmt":"2021-01-07T14:50:10","slug":"prefeitura-de-obidos-pa","status":"publish","type":"concurso","link":"https:\/\/www.editorasolucao.com.br\/blog\/concurso\/prefeitura-de-obidos-pa","title":{"rendered":"Concurso Prefeitura de \u00d3bidos &#8211; PA: Mais de 500 vagas para todos os n\u00edveis!"},"content":{"rendered":"\n<p>Foi divulgado o <a rel=\"noreferrer noopener\" aria-label=\"Edital (abre em uma nova aba)\" href=\"https:\/\/www.editorasolucao.com.br\" target=\"_blank\">Edital<\/a> do <strong>Concurso Prefeitura de \u00d3bidos<\/strong>, no estado do <a href=\"https:\/\/www.editorasolucao.com.br\/blog\/concursos-abertos-pa\" target=\"_blank\" rel=\"noreferrer noopener\" aria-label=\"Par\u00e1 (abre em uma nova aba)\">Par\u00e1<\/a>, que oferece <strong>537 vagas para candidatos de todos os n\u00edveis de escolaridade<\/strong>, com sal\u00e1rios que chegam a <strong>R$ 6 mil<\/strong>. Confira os detalhes ao decorrer do texto.<\/p>\n\n\n\n<div id=\"ez-toc-container\" class=\"ez-toc-v2_0_69_1 counter-hierarchy ez-toc-counter ez-toc-grey ez-toc-container-direction\">\n<div class=\"ez-toc-title-container\">\n<p class=\"ez-toc-title \" >Menu de navega&ccedil;&atilde;o<\/p>\n<span class=\"ez-toc-title-toggle\"><a href=\"#\" class=\"ez-toc-pull-right ez-toc-btn ez-toc-btn-xs ez-toc-btn-default ez-toc-toggle\" aria-label=\"Toggle Table of Content\"><span class=\"ez-toc-js-icon-con\"><span class=\"\"><span class=\"eztoc-hide\" style=\"display:none;\">Toggle<\/span><span class=\"ez-toc-icon-toggle-span\"><svg style=\"fill: #999;color:#999\" xmlns=\"http:\/\/www.w3.org\/2000\/svg\" class=\"list-377408\" width=\"20px\" height=\"20px\" viewBox=\"0 0 24 24\" fill=\"none\"><path d=\"M6 6H4v2h2V6zm14 0H8v2h12V6zM4 11h2v2H4v-2zm16 0H8v2h12v-2zM4 16h2v2H4v-2zm16 0H8v2h12v-2z\" fill=\"currentColor\"><\/path><\/svg><svg style=\"fill: #999;color:#999\" class=\"arrow-unsorted-368013\" xmlns=\"http:\/\/www.w3.org\/2000\/svg\" width=\"10px\" height=\"10px\" viewBox=\"0 0 24 24\" version=\"1.2\" baseProfile=\"tiny\"><path d=\"M18.2 9.3l-6.2-6.3-6.2 6.3c-.2.2-.3.4-.3.7s.1.5.3.7c.2.2.4.3.7.3h11c.3 0 .5-.1.7-.3.2-.2.3-.5.3-.7s-.1-.5-.3-.7zM5.8 14.7l6.2 6.3 6.2-6.3c.2-.2.3-.5.3-.7s-.1-.5-.3-.7c-.2-.2-.4-.3-.7-.3h-11c-.3 0-.5.1-.7.3-.2.2-.3.5-.3.7s.1.5.3.7z\"\/><\/svg><\/span><\/span><\/span><\/a><\/span><\/div>\n<nav><ul class='ez-toc-list ez-toc-list-level-1 ' ><li class='ez-toc-page-1 ez-toc-heading-level-2'><a class=\"ez-toc-link ez-toc-heading-1\" href=\"https:\/\/www.editorasolucao.com.br\/blog\/concurso\/prefeitura-de-obidos-pa\/#Inscricoes_do_Concurso_de_Obidos_%E2%80%93_PA\" title=\"Inscri\u00e7\u00f5es do Concurso de \u00d3bidos \u2013 PA\">Inscri\u00e7\u00f5es do Concurso de \u00d3bidos \u2013 PA<\/a><\/li><li class='ez-toc-page-1 ez-toc-heading-level-2'><a class=\"ez-toc-link ez-toc-heading-2\" href=\"https:\/\/www.editorasolucao.com.br\/blog\/concurso\/prefeitura-de-obidos-pa\/#Cargos_vagas_e_salarios_do_Concurso_Prefeitura_de_Obidos_%E2%80%93_PA\" title=\"Cargos, vagas e sal\u00e1rios do Concurso Prefeitura de \u00d3bidos \u2013 PA\">Cargos, vagas e sal\u00e1rios do Concurso Prefeitura de \u00d3bidos \u2013 PA<\/a><\/li><li class='ez-toc-page-1 ez-toc-heading-level-2'><a class=\"ez-toc-link ez-toc-heading-3\" href=\"https:\/\/www.editorasolucao.com.br\/blog\/concurso\/prefeitura-de-obidos-pa\/#Quais_sao_os_requisitos_basicos_para_a_investidura_nos_cargos_do_Concurso_de_Obidos_%E2%80%93_PA\" title=\"Quais s\u00e3o os requisitos b\u00e1sicos para a investidura nos cargos do Concurso de \u00d3bidos \u2013 PA?\">Quais s\u00e3o os requisitos b\u00e1sicos para a investidura nos cargos do Concurso de \u00d3bidos \u2013 PA?<\/a><\/li><li class='ez-toc-page-1 ez-toc-heading-level-2'><a class=\"ez-toc-link ez-toc-heading-4\" href=\"https:\/\/www.editorasolucao.com.br\/blog\/concurso\/prefeitura-de-obidos-pa\/#Como_serao_as_provas_do_Concurso_Prefeitura_de_Obidos_%E2%80%93_PA\" title=\"Como ser\u00e3o as provas do Concurso Prefeitura de \u00d3bidos \u2013 PA?\">Como ser\u00e3o as provas do Concurso Prefeitura de \u00d3bidos \u2013 PA?<\/a><\/li><\/ul><\/nav><\/div>\n<h2 class=\"wp-block-heading\"><span class=\"ez-toc-section\" id=\"Inscricoes_do_Concurso_de_Obidos_%E2%80%93_PA\"><\/span>Inscri\u00e7\u00f5es do Concurso de \u00d3bidos \u2013 PA<span class=\"ez-toc-section-end\"><\/span><\/h2>\n\n\n\n<p>As inscri\u00e7\u00f5es dever\u00e3o ser realizadas atrav\u00e9s do site da banca organizadora <a rel=\"noreferrer noopener\" aria-label=\"Funda\u00e7\u00e3o de Amparo e Desenvolvimento da Pesquisa (abre em uma nova aba)\" href=\"https:\/\/portalfadesp.org.br\/?page_id=11237\" target=\"_blank\">Funda\u00e7\u00e3o de Amparo e Desenvolvimento da Pesquisa<\/a>, a partir do dia <strong>11 de janeiro de 2021, at\u00e9 o dia 11 de fevereiro do mesmo ano<\/strong>. Para efetuar a inscri\u00e7\u00e3o \u00e9 necess\u00e1rio pagar uma taxa com valor referente ao n\u00edvel do cargo desejado.<\/p>\n\n\n\n<head>\n<style>\nbutton.css3button {\nfont-family: Arial, Helvetica, sans-serif;\nfont-size: 20px;\ncolor: #ffffff!important;\npadding: 12px 25px;\nbackground: -webkit-gradient(\nlinear, left top, left bottom,\nfrom(#0091ff),\nto(#037efa));\nbackground: linear-gradient(\ntop,\n#0091ff 0%,\n#037efa);\nborder-radius: 8px;\nborder: 0px solid #000000;\nbox-shadow:\n0px 4px 0px rgba(0,111,214,1),\ninset 0px 0px 1px rgba(84,84,84,0.5);\ntext-shadow:\n0px 0px 0px rgba(000,000,000,0.7),\n0px 0px 0px rgba(255,255,255,0.9);\n}\n\n<\/style>\n<\/head>\n<center><button type=\"button\" name=\"\" value=\"\" class=\"css3button\"><a data-cat=\"link-botao\" style=\"color:#ffffff!important; text-decoration:none;\" href=\"https:\/\/www.editorasolucao.com.br\/concurso\/prefeitura-de-obidos-pa\" target=\"_blank\"><strong><span style=\"color:#ffffff;\">Clique e Comece seus Estudos!<\/span><\/a><\/strong><\/button><\/center><br\/>\n\n\n\n<ul><li><strong>N\u00edvel Fundamental Incompleto:<\/strong> R$ 70,00<\/li><li> <strong>N\u00edvel Fundamental Completo:<\/strong> R$ 80,00<\/li><li> <strong>N\u00edvel M\u00e9dio\/T\u00e9cnico:<\/strong> R$ 90,00<\/li><li> <strong>N\u00edvel Superior:<\/strong> R$ 100,00<\/li><\/ul>\n\n\n\n<p><\/p>\n\n\n\n<p>Haver\u00e1 <strong>isen\u00e7\u00e3o do pagamento da taxa de inscri\u00e7\u00e3o<\/strong> para os candidatos que atenderem os seguintes crit\u00e9rios:<\/p>\n\n\n\n<ul><li>Pessoas com Defici\u00eancia (PcD) que comprovar ser portador de defici\u00eancia ou necessidade especial, nos termos da Lei Estadual n.\u00ba 6.988, de 2 de julho de 2007, publicada no Di\u00e1rio Oficial do Estado de 4 de julho de 2007;<\/li><li> o candidato que declarar e comprovar hipossufici\u00eancia de recursos financeiros para pagamento da referida taxa, nos termos do Decreto Federal n\u00ba. 6.593\/2008;<\/li><li> doadores regulares de sangue, os inscritos no Registro nacional de Doadores Volunt\u00e1rios de Medula \u00d3ssea (REDOME) e os doadores de \u00f3rg\u00e3o ou tecido humano para reposi\u00e7\u00e3o em pessoa portadora de doen\u00e7a cr\u00f4nica.<\/li><\/ul>\n\n\n\n<p><\/p>\n\n\n\n<p>A solicita\u00e7\u00e3o dever\u00e1 ser feita no per\u00edodo do dia <strong>11 ao dia 15 de janeiro de 2021<\/strong>.<\/p>\n\n\n\n<h2 class=\"wp-block-heading\"><span class=\"ez-toc-section\" id=\"Cargos_vagas_e_salarios_do_Concurso_Prefeitura_de_Obidos_%E2%80%93_PA\"><\/span>Cargos, vagas e sal\u00e1rios do Concurso Prefeitura de \u00d3bidos \u2013 PA<span class=\"ez-toc-section-end\"><\/span><\/h2>\n\n\n\n<p>S\u00e3o ofertadas <strong>537 vagas para candidatos de n\u00edveis Fundamental (completo e incompleto), M\u00e9dio, T\u00e9cnico e Superior<\/strong>, com sal\u00e1rios que v\u00e3o de <strong>R$ 1.045,00 a R$ 6.000,00<\/strong>, exercendo jornadas de trabalho de 40 horas semanais, 100 e 180 horas mensais, dependendo do cargo. Abaixo est\u00e3o a quantidade de oportunidades correspondentes a cada fun\u00e7\u00e3o.<\/p>\n\n\n\n<p> <strong><a data-cat=\"link-cargo\" href=\"https:\/\/www.editorasolucao.com.br\/apostila\/prefeitura-obidos-pa-fundamental-incompleto\" target=\"_blank\" rel=\"noreferrer noopener\" aria-label=\"N\u00edvel Fundamental incompleto (abre em uma nova aba)\">N\u00edvel Fundamental incompleto<\/a> e completo<\/strong><\/p>\n\n\n\n<p>Agente de Servi\u00e7os Gerais (43); Borracheiro (1); Carpinteiro (1); Coveiro (5); Gari (8); Pintor (1); Soldador (1); Vigia (37); Auxiliar Administrativo (32); Auxiliar de Mec\u00e2nico (2); Auxiliar de Odontologia (3); Eletricista (2); Eletricista de Ve\u00edculos e M\u00e1quinas (2); Jardineiro (6); Marceneiro (1); Mec\u00e2nico de M\u00e1quinas Pesadas e Leves (2); Motorista de Ve\u00edculos Leves (2); Motorista de Ve\u00edculos Pesados (5); Operador de Equipamentos Leves (3); Operador de Equipamentos Pesados (4); Operador de M\u00e1quinas Agr\u00edcolas (2); Pedreiro (2) e Merendeira (15);<\/p>\n\n\n\n<p><\/p>\n\n\n\n<p><strong>N\u00edvel M\u00e9dio\/T\u00e9cnico<\/strong><\/p>\n\n\n\n<p>Agente administrativo (6); Agente Cadastrador (10); Agente de Opera\u00e7\u00e3o e Fiscaliza\u00e7\u00e3o de Tr\u00e2nsito (1); Almoxarife (3); Artes\u00e3o (3); Assistente de Biblioteca (2); <a data-cat=\"link-cargo\" rel=\"noreferrer noopener\" aria-label=\"Auxiliar Educacional (abre em uma nova aba)\" href=\"https:\/\/www.editorasolucao.com.br\/apostila\/prefeitura-obidos-pa-auxiliar-educacional\" target=\"_blank\">Auxiliar Educacional<\/a> (15); <a data-cat=\"link-cargo\" rel=\"noreferrer noopener\" aria-label=\"Condutor Socorrista (abre em uma nova aba)\" href=\"https:\/\/www.editorasolucao.com.br\/apostila\/prefeitura-obidos-pa-condutor-socorrista\" target=\"_blank\">Condutor Socorrista<\/a> (3); Condutor Socorrista (3); Digitador (5); Fiscal de Meio Ambiente (3); Fiscal de Servi\u00e7os Urbanos (2); Fiscal de Tributos (4); Instrutor de Libras (1); Orientador Social (8); <a data-cat=\"link-cargo\" href=\"https:\/\/www.editorasolucao.com.br\/apostila\/prefeitura-obidos-pa-orientador-social\" target=\"_blank\" rel=\"noreferrer noopener\" aria-label=\"Orientador Social (abre em uma nova aba)\">Orientador Social<\/a> (2); Instrutor de M\u00fasica (6); <a data-cat=\"link-cargo\" rel=\"noreferrer noopener\" aria-label=\"Secret\u00e1rio Escolar (abre em uma nova aba)\" href=\"https:\/\/www.editorasolucao.com.br\/apostila\/prefeitura-obidos-pa-secretario-escolar\" target=\"_blank\">Secret\u00e1rio Escolar<\/a> (18); T\u00e9cnico de Vigil\u00e2ncia em Sa\u00fade (2); T\u00e9cnico em Agropecu\u00e1ria (2); Desenhista T\u00e9cnico (1); <a data-cat=\"link-cargo\" rel=\"noreferrer noopener\" aria-label=\"T\u00e9cnico em Enfermagem (abre em uma nova aba)\" href=\"https:\/\/www.editorasolucao.com.br\/apostila\/prefeitura-obidos-pa-tecnico-enfermagem\" target=\"_blank\">T\u00e9cnico em Enfermagem<\/a> (39); T\u00e9cnico em Higiene Bucal (2); T\u00e9cnico em Inform\u00e1tica (5); T\u00e9cnico em Laborat\u00f3rio (2); T\u00e9cnico em Meio Ambiente (1); T\u00e9cnico em Radiologia (2) e T\u00e9cnico em Enfermagem Socorrista (6).<\/p>\n\n\n\n<p><\/p>\n\n\n\n<p><strong>N\u00edvel Superior<\/strong><\/p>\n\n\n\n<p>Administrador (3); Advogado (2); Analista de Log\u00edstica (1); Arquiteto (1); Assistente Social (10); Bibliotec\u00e1rio (1); Bi\u00f3logo (1); Biom\u00e9dico (1); Brailista (1); Coordenador Pedag\u00f3gico (11); Educador F\u00edsico (2); Enfermeiro (12); Engenheiro Agr\u00f4nomo (2); Engenheiro Ambiental (1); Engenheiro Civil (1); Engenheiro de Pesca (1); Engenheiro El\u00e9trico (1); Engenheiro Florestal (2); Engenheiro Sanit\u00e1rio (1); Est\u00e1tistico (2); Farmac\u00eautico (5); Fiscal de Inspe\u00e7\u00e3o Sanit\u00e1ria (2); Fisioterapeuta (4); Ge\u00f3logo (2); Gestor Ambiental (2); Guia Int\u00e9rprete(1); Int\u00e9rprete (1); Mediador Educacional (3); M\u00e9dico Auditor (1); M\u00e9dico Plantonista (2); M\u00e9dico Cl\u00ednico Geral (4); M\u00e9dico Pediatra (1); M\u00e9dico Veterin\u00e1rio (2); M\u00e9dico Psiquiatra (1); Nutricionista (3); Odont\u00f3logo (3); Pedagogo (3); Professor Atendimento Educacional Especializado &#8211; AEE (5); Professor de Artes (4); Professor de Libras (1); Professor Licenciatura Plena &#8211; L\u00edngua Estrangeira Moderna (4); Professor Licenciatura Plena &#8211; Educa\u00e7\u00e3o F\u00edsica (12); Professor Licenciatura Plena &#8211; F\u00edsicas e Biol\u00f3gicas (4); Professor Licenciatura Plena &#8211; Geografia (6); Professor Licenciatura Plena &#8211; Hist\u00f3ria (10); Professor Licenciatura Plena &#8211; Matem\u00e1tica (13); Professor Licenciatura Plena &#8211; Pedagogia (22); Professor Licenciatura Plena &#8211; Portugu\u00eas (12); Psic\u00f3logo (7); Psicopedagogo (2) e Soci\u00f3logo (1).<\/p>\n\n\n\n<h2 class=\"wp-block-heading\"><span class=\"ez-toc-section\" id=\"Quais_sao_os_requisitos_basicos_para_a_investidura_nos_cargos_do_Concurso_de_Obidos_%E2%80%93_PA\"><\/span>Quais s\u00e3o os requisitos b\u00e1sicos para a investidura nos cargos do Concurso de \u00d3bidos \u2013 PA?<span class=\"ez-toc-section-end\"><\/span><\/h2>\n\n\n\n<p>Saiba quais s\u00e3o as exig\u00eancias para que o candidato tome posse dos cargos ofertados:<\/p>\n\n\n\n<ul><li>Ter nacionalidade brasileira, ou portuguesa, quando dever\u00e1 estar amparado pelo estatuto de igualdade entre brasileiros e portugueses, com reconhecimento de gozo de direitos pol\u00edticos, nos termos do \u00a7 1.\u00ba, artigo 12, da Constitui\u00e7\u00e3o Federal e do Decreto n.\u00ba 70.436\/72; <\/li><li> Gozar dos direitos pol\u00edticos, nos termos do \u00a7 1.\u00ba do artigo 12 da Constitui\u00e7\u00e3o Federal; <\/li><li> Estar em dia com as obriga\u00e7\u00f5es eleitorais e militares (se do sexo masculino); <\/li><li> Ter, no m\u00ednimo, dezoito anos completos e no m\u00e1ximo 70 anos completos na data da posse; <\/li><li> Ter aptid\u00e3o f\u00edsica e mental para o exerc\u00edcio das atribui\u00e7\u00f5es do cargo, comprovadas em exame m\u00e9dico admissional; <\/li><li> Ser aprovado neste concurso p\u00fablico e possuir, na data da posse, os pr\u00e9-requisitos exigidos para a investidura no cargo, conforme estabelecido no Anexo II do Edital.<\/li><\/ul>\n\n\n\n<p><\/p>\n\n\n\n<p style=\"text-align:center\"><strong><a data-cat=\"link-artigo-corpo\" href=\"https:\/\/www.editorasolucao.com.br\/concurso\/prefeitura-de-obidos-pa\" target=\"_blank\" rel=\"noreferrer noopener\" aria-label=\"Estude com as Apostilas Prefeitura de \u00d3bidos - PA e parcele SEM JUROS (abre em uma nova aba)\">Estude com as Apostilas Prefeitura de \u00d3bidos &#8211; PA e parcele SEM JUROS<\/a><\/strong><\/p>\n\n\n\n<h2 class=\"wp-block-heading\"><span class=\"ez-toc-section\" id=\"Como_serao_as_provas_do_Concurso_Prefeitura_de_Obidos_%E2%80%93_PA\"><\/span>Como ser\u00e3o as provas do Concurso Prefeitura de \u00d3bidos \u2013 PA?<span class=\"ez-toc-section-end\"><\/span><\/h2>\n\n\n\n<p>O certame ser\u00e1 composto pelas seguintes etapas: <\/p>\n\n\n\n<ul><li><strong>Prova Objetiva<\/strong>, de car\u00e1ter eliminat\u00f3rio e classificat\u00f3rio (para todos os cargos);<\/li><li> <strong>Prova de Reda\u00e7\u00e3o<\/strong>, de car\u00e1ter eliminat\u00f3rio e classificat\u00f3rio (para candidatos de n\u00edvel Superior aprovados nas Provas Objetivas); e<\/li><li> <strong>Prova de T\u00edtulos<\/strong>, de car\u00e1ter classificat\u00f3rio (para candidatos de n\u00edvel Superior aprovados nas etapas anteriores).<\/li><\/ul>\n\n\n\n<h4 class=\"wp-block-heading\">Prova Objetiva<\/h4>\n\n\n\n<p>A <strong>Prova Objetiva<\/strong> est\u00e1 prevista para ser realizada nos dias <strong>27 e 28 de mar\u00e7o de 2021<\/strong>, tendo dura\u00e7\u00e3o de 3h30min e contar\u00e1 com 20 quest\u00f5es de m\u00faltipla escolha para os cargos de n\u00edvel Fundamental (incompleto) e 30 quest\u00f5es para os demais cargos. As disciplinas que versar\u00e3o as provas ser\u00e3o: <\/p>\n\n\n\n<p><strong>N\u00edvel Fundamental Incompleto <\/strong><\/p>\n\n\n\n<ul><li>L\u00edngua Portuguesa \u2013 10 quest\u00f5es;<\/li><li> Matem\u00e1tica e Racioc\u00ednio L\u00f3gico \u2013 10 quest\u00f5es.<\/li><\/ul>\n\n\n\n<p><\/p>\n\n\n\n<p><strong>N\u00edvel Fundamental Completo <\/strong><\/p>\n\n\n\n<ul><li> L\u00edngua Portuguesa \u2013 15 quest\u00f5es;<\/li><li> Matem\u00e1tica e Racioc\u00ednio L\u00f3gico \u2013 15 quest\u00f5es.<\/li><\/ul>\n\n\n\n<p><\/p>\n\n\n\n<p><strong>N\u00edvel M\u00e9dio\/T\u00e9cnico <\/strong><\/p>\n\n\n\n<ul><li>L\u00edngua Portuguesa \u2013 10 quest\u00f5es;<\/li><li> Matem\u00e1tica e Racioc\u00ednio L\u00f3gico \u2013 05 quest\u00f5es;<\/li><li> Legisla\u00e7\u00e3o Municipal \u2013 05 quest\u00f5es;<\/li><li> No\u00e7\u00f5es de Inform\u00e1tica \u2013 05 quest\u00f5es;<\/li><li> Conhecimentos Espec\u00edficos \u2013 05 quest\u00f5es.<\/li><\/ul>\n\n\n\n<p><\/p>\n\n\n\n<p><strong>N\u00edvel Superior<\/strong><\/p>\n\n\n\n<ul><li>L\u00edngua Portuguesa \u2013 10 quest\u00f5es;<\/li><li> No\u00e7\u00f5es de Inform\u00e1tica \u2013 05 quest\u00f5es;<\/li><li> No\u00e7\u00f5es de Meio Ambiente \u2013 05 quest\u00f5es;<\/li><li> Legisla\u00e7\u00e3o Municipal \u2013 05 quest\u00f5es;<\/li><li> Conhecimentos Espec\u00edficos \u2013 08 quest\u00f5es.<\/li><\/ul>\n\n\n\n<h4 class=\"wp-block-heading\">Prova de Reda\u00e7\u00e3o <\/h4>\n\n\n\n<p>A <strong>prova de Reda\u00e7\u00e3o<\/strong> em L\u00edngua Portuguesa, somente para os cargos de n\u00edvel superior, tem como objetivo avaliar a compet\u00eancia textual do candidato por meio da produ\u00e7\u00e3o de um texto. O candidato dever\u00e1 ser capaz de construir um texto que apresente: <\/p>\n\n\n\n<ul><li>fidelidade ao tema e ao comando; <\/li><li> organiza\u00e7\u00e3o\/sequencia\u00e7\u00e3o coerente de ideias; <\/li><li> registro de l\u00edngua adequado ao g\u00eanero solicitado e ao efeito de sentido pretendido; <\/li><li> dom\u00ednio das regras de escrita e da norma culta.<\/li><\/ul>\n\n\n\n<h4 class=\"wp-block-heading\">Prova de T\u00edtulos<\/h4>\n\n\n\n<p>As atribui\u00e7\u00f5es de pontos se dar\u00e3o da seguinte forma: <\/p>\n\n\n\n<div class=\"wp-block-image\"><figure class=\"aligncenter\"><img loading=\"lazy\" decoding=\"async\" width=\"589\" height=\"268\" src=\"https:\/\/www.editorasolucao.com.br\/blog\/wp-content\/uploads\/2020\/12\/obidos1.png\" alt=\"\" class=\"wp-image-15507\"\/><\/figure><\/div>\n\n\n\n<p><\/p>\n\n\n\n<p style=\"text-align:center\"><strong>Conte\u00fado Program\u00e1tico<\/strong><\/p>\n\n\n\n<p><strong>N\u00edvel Fundamental Incompleto <\/strong><\/p>\n\n\n\n<ul><li>L\u00cdNGUA PORTUGUESA: 1. Leitura e interpreta\u00e7\u00e3o de pequenos textos. 2. Escrita de palavras: emprego de letras mai\u00fasculas. 3. Separa\u00e7\u00e3o em s\u00edlabas. 4. G\u00eanero masculino e feminino. 5. Ordem alfab\u00e9tica. 6. Forma\u00e7\u00e3o do plural aos substantivos terminados em vogal. 7. Fon\u00e9tica: letra e fonema. <\/li><li> MATEM\u00c1TICA E RACIOC\u00cdNIO L\u00d3GICO: 1. No\u00e7\u00f5es de tempo: ano, m\u00eas, semana, dia, hora. 2. Identifica\u00e7\u00e3o de cores, formas, tamanhos, posi\u00e7\u00f5es, quantidades e quantias. 3. Interpreta\u00e7\u00e3o de situa\u00e7\u00f5es envolvendo adi\u00e7\u00e3o e subtra\u00e7\u00e3o. 4. Tratamento da informa\u00e7\u00e3o: Identifica\u00e7\u00e3o de placas de sinaliza\u00e7\u00e3o. Interpreta\u00e7\u00e3o de situa\u00e7\u00f5es simples, apresentadas na forma de tabela ou gr\u00e1fico compat\u00edvel com o N\u00edvel Alfabetizado. 5. Racioc\u00ednio l\u00f3gico compat\u00edvel com o n\u00edvel Alfabetizado.<\/li><\/ul>\n\n\n\n<p><\/p>\n\n\n\n<p><strong>N\u00edvel Fundamental Completo <\/strong><\/p>\n\n\n\n<ul><li>L\u00cdNGUA PORTUGUESA: 1. Leitura e interpreta\u00e7\u00e3o de textos. 2. G\u00eaneros e tipos de texto. 3. Ortografia: divis\u00e3o sil\u00e1bica; acentua\u00e7\u00e3o gr\u00e1fica; emprego do sinal indicativo da crase. 4. Estrutura e forma\u00e7\u00e3o de palavras. 5. Classes de palavras, flex\u00e3o e emprego. 6. Sintaxe: frase e ora\u00e7\u00e3o; termos da ora\u00e7\u00e3o. 7. Concord\u00e2ncia nominal. 8. Sem\u00e2ntica: sinon\u00edmia, anton\u00edmia, homon\u00edmia, paron\u00edmia, conota\u00e7\u00e3o e denota\u00e7\u00e3o, figuras de sintaxe, de pensamento e de linguagem. 9. Fon\u00e9tica: letra e fonema. 10. Pontua\u00e7\u00e3o. <\/li><li> MATEM\u00c1TICA E RACIOC\u00cdNIO L\u00d3GICO: 1. Situa\u00e7\u00f5es problema, envolvendo opera\u00e7\u00f5es com n\u00fameros inteiros, fra\u00e7\u00f5es e n\u00fameros decimais. 2. Raz\u00e3o, propor\u00e7\u00e3o, regra de tr\u00eas simples e porcentagem. 3. Situa\u00e7\u00f5es problema, envolvendo equa\u00e7\u00f5es e sistema de equa\u00e7\u00f5es do 1\u00ba e 2\u00ba Graus. 4. Situa\u00e7\u00f5es problema, envolvendo c\u00e1lculo de per\u00edmetro e \u00e1rea das principais figuras planas, com suas respectivas unidades de medida. 5. Tratamento da informa\u00e7\u00e3o: interpreta\u00e7\u00e3o de situa\u00e7\u00f5es apresentadas na forma de tabela ou gr\u00e1fico. 6. Problemas simples de contagem e de racioc\u00ednio l\u00f3gico, compat\u00edveis com o n\u00edvel fundamental completo.<\/li><\/ul>\n\n\n\n<p><\/p>\n\n\n\n<p><strong>N\u00edvel M\u00e9dio\/T\u00e9cnico<\/strong><\/p>\n\n\n\n<ul><li>L\u00cdNGUA PORTUGUESA: 1. Leitura e interpreta\u00e7\u00e3o de textos. 2. G\u00eaneros e tipos de texto. 3. Ortografia: divis\u00e3o sil\u00e1bica; acentua\u00e7\u00e3o gr\u00e1fica; emprego do sinal indicativo da crase. 4. Estrutura e forma\u00e7\u00e3o de palavras. 5. Classes de palavras, flex\u00e3o e emprego. 6. Sintaxe da ora\u00e7\u00e3o e do per\u00edodo. 7. Concord\u00e2ncia nominal e verbal. 8. Reg\u00eancia nominal e verbal. 9. Coloca\u00e7\u00e3o pronominal. 10. Sem\u00e2ntica: sinon\u00edmia, anton\u00edmia, homon\u00edmia, paron\u00edmia, conota\u00e7\u00e3o e denota\u00e7\u00e3o, figuras de sintaxe, de pensamento e de linguagem. 11. Pontua\u00e7\u00e3o. 12. Reda\u00e7\u00e3o oficial: estrutura e organiza\u00e7\u00e3o de documentos oficiais (requerimento, carta, certid\u00e3o, atestado, declara\u00e7\u00e3o, of\u00edcio, memorando, ata de reuni\u00e3o, relat\u00f3rio, etc.); express\u00f5es de tratamento. <\/li><li> MATEM\u00c1TICA E RACIOC\u00cdNIO L\u00d3GICO: 1. Situa\u00e7\u00f5es problema, envolvendo equa\u00e7\u00f5es e sistema de equa\u00e7\u00f5es do 1\u00ba e 2\u00ba graus. 2. Matem\u00e1tica comercial e financeira: raz\u00e3o, propor\u00e7\u00e3o, regra de tr\u00eas simples e composta, porcentagem e juros simples. 3. Situa\u00e7\u00f5es problema, envolvendo c\u00e1lculo de per\u00edmetro e \u00e1rea das principais figuras planas com suas respectivas unidades de medida. 4. Tratamento da informa\u00e7\u00e3o: interpreta\u00e7\u00e3o de situa\u00e7\u00f5es apresentadas na forma de tabela ou gr\u00e1fico. 5. Racioc\u00ednio L\u00f3gico compat\u00edvel com o N\u00edvel M\u00e9dio.<\/li><li>  LEGISLA\u00c7\u00d5ES MUNICIPAL: 1. Regime Jur\u00eddico dos Servidores e suas altera\u00e7\u00f5es (dispon\u00edvel na p\u00e1gina do concurso).<\/li><li>  NO\u00c7\u00d5ES DE INFORM\u00c1TICA: 1. Conceitos b\u00e1sicos de ambiente Windows 10 e suas funcionalidades: \u00edcones, atalhos de teclado, janelas, arquivos, pastas, programas, impress\u00e3o. 2. Microsoft 365: Word e Excel. 3. Conceitos b\u00e1sicos de Internet e utiliza\u00e7\u00e3o de ferramentas de navega\u00e7\u00e3o: correio eletr\u00f4nico, navegadores de internet e pesquisa na internet. 4. Conceitos b\u00e1sicos de tarefas e procedimentos de inform\u00e1tica: organiza\u00e7\u00e3o e gerenciamento de arquivos, pastas, backup e armazenamento em nuvem. 5. Conceitos b\u00e1sicos de Software Livre.<\/li><\/ul>\n\n\n\n<p><\/p>\n\n\n\n<p><strong>N\u00edvel Superior<\/strong><\/p>\n\n\n\n<ul><li>L\u00cdNGUA PORTUGUESA: 1. Compreens\u00e3o de texto. 2. G\u00eaneros e tipos de texto. 3. Recursos que estabelecem a coes\u00e3o no texto. 4. Rela\u00e7\u00f5es sem\u00e2ntico-discursivas (causa, condi\u00e7\u00e3o, concess\u00e3o, conclus\u00e3o, explica\u00e7\u00e3o, inclus\u00e3o, exclus\u00e3o, oposi\u00e7\u00e3o, etc.) entre ideias no texto e os recursos lingu\u00edsticos usados em fun\u00e7\u00e3o dessas rela\u00e7\u00f5es. 5. N\u00edveis de linguagem (emprego adequado de itens lexicais, considerando os diferentes n\u00edveis de linguagem; sintaxe de reg\u00eancia nominal e verbal, de concord\u00e2ncia nominal e verbal, de coloca\u00e7\u00e3o pronominal, segundo a norma culta). 6. Conota\u00e7\u00e3o e denota\u00e7\u00e3o. 7. Ordem das palavras nas ora\u00e7\u00f5es: mudan\u00e7a de sentido ocasionada pela invers\u00e3o; ordem das ora\u00e7\u00f5es no enunciado: efeito de sentido (realce) ocasionado pela invers\u00e3o. 8. Discursos direto e indireto. 9. Regras da escrita: ortografia, acentua\u00e7\u00e3o gr\u00e1fica, pontua\u00e7\u00e3o. 10. Morfologia: classes de palavras, flex\u00e3o e emprego; estrutura e forma\u00e7\u00e3o de palavras. 11. Sintaxe: concord\u00e2ncia nominal e verbal; reg\u00eancia nominal e verbal; coloca\u00e7\u00e3o pronominal. 12. Sem\u00e2ntica: sinon\u00edmia, anton\u00edmia, homon\u00edmia, paron\u00edmia, conota\u00e7\u00e3o e denota\u00e7\u00e3o, figuras de sintaxe, de pensamento e de linguagem. 13. Reda\u00e7\u00e3o oficial: estrutura e organiza\u00e7\u00e3o de documentos oficiais (requerimento, carta, certid\u00e3o, atestado, declara\u00e7\u00e3o, of\u00edcio, memorando, ata de reuni\u00e3o, relat\u00f3rio, etc.). <\/li><li> NO\u00c7\u00d5ES DE INFORM\u00c1TICA: 1. Conceitos b\u00e1sicos de ambiente Windows 10 e suas funcionalidades: \u00edcones, atalhos de teclado, janelas, arquivos, pastas, programas, impress\u00e3o. 2. Microsoft 365: Word e Excel. 3. Conceitos b\u00e1sicos de Internet e utiliza\u00e7\u00e3o de ferramentas de navega\u00e7\u00e3o: correio eletr\u00f4nico, navegadores de internet e pesquisa na internet. 4. Conceitos b\u00e1sicos de tarefas e procedimentos de inform\u00e1tica: organiza\u00e7\u00e3o e gerenciamento de arquivos, pastas, backup e armazenamento em nuvem. 5. Conceitos b\u00e1sicos de Software Livre.<\/li><li>  NO\u00c7\u00d5ES DE MEIO AMBIENTE: 1. No\u00e7\u00f5es de ecologia e polui\u00e7\u00e3o ambiental. 2. No\u00e7\u00f5es b\u00e1sicas de legisla\u00e7\u00e3o ambiental: Federal, Estadual e Municipal. 3. Sistema Nacional de Meio Ambiente. 4. Pol\u00edtica Nacional de Meio Ambiente. 5. Pol\u00edtica Nacional de Recursos H\u00eddricos. 6. Pol\u00edtica Nacional de Res\u00edduos S\u00f3lidos. 7. Pol\u00edtica Nacional de Educa\u00e7\u00e3o Ambiental. 8. Lei de Crimes Ambientais. 9. Pol\u00edtica de Meio Ambiente do Estado do Par\u00e1. 10. Fundamentos do desenvolvimento sustent\u00e1vel. 11. Agenda 21. 12. Carta da Terra. 13. Mudan\u00e7as clim\u00e1ticas. 14. Mecanismo de Desenvolvimento limpo \u2013 MDL. 15. Responsabilidade Socioambiental. <\/li><li>LEGISLA\u00c7\u00c3O MUNICIPAL (05 quest\u00f5es comuns a todos os cargos) 1. Regime Jur\u00eddico dos Servidores e suas altera\u00e7\u00f5es (dispon\u00edvel na p\u00e1gina do concurso).<\/li><\/ul>\n\n\n\n<p><\/p>\n\n\n\n<p>Conferiu todo o texto? Deseja fazer o certame? Ent\u00e3o comece a se preparar com as <strong>Apostilas Solu\u00e7\u00e3o<\/strong> e tenha um resultado positivo! <strong>Bons estudos e boa prova!!!<\/strong><\/p>\n\n\n\n<p style=\"text-align:center\"><strong><a data-cat=\"link-rodape\" href=\"https:\/\/www.editorasolucao.com.br\/concurso\/prefeitura-de-obidos-pa\" target=\"_blank\" rel=\"noreferrer noopener\">Estude com as Apostilas Prefeitura de \u00d3bidos &#8211; PA e parcele SEM JUROS<\/a><\/strong><\/p>\n","protected":false},"excerpt":{"rendered":"<p>Foi divulgado o Edital do Concurso Prefeitura de \u00d3bidos, no estado do Par\u00e1, que oferece 537 vagas para candidatos de todos os n\u00edveis de escolaridade, com sal\u00e1rios que chegam a R$ 6 mil. Confira os detalhes ao decorrer do texto. Inscri\u00e7\u00f5es do Concurso de \u00d3bidos \u2013 PA As inscri\u00e7\u00f5es dever\u00e3o ser realizadas atrav\u00e9s do site da banca organizadora Funda\u00e7\u00e3o de Amparo e Desenvolvimento da Pesquisa, a partir do dia 11 de janeiro de 2021, at\u00e9 o dia 11 de fevereiro do mesmo ano. Para efetuar a inscri\u00e7\u00e3o \u00e9 necess\u00e1rio pagar uma taxa com valor referente ao n\u00edvel do cargo desejado&#8230;.<\/p>\n","protected":false},"author":7,"featured_media":14665,"template":"","meta":{"_acf_changed":false,"rank_math_lock_modified_date":false},"categories":[],"tags":[],"acf":[],"_links":{"self":[{"href":"https:\/\/www.editorasolucao.com.br\/blog\/wp-json\/wp\/v2\/concurso\/15506"}],"collection":[{"href":"https:\/\/www.editorasolucao.com.br\/blog\/wp-json\/wp\/v2\/concurso"}],"about":[{"href":"https:\/\/www.editorasolucao.com.br\/blog\/wp-json\/wp\/v2\/types\/concurso"}],"author":[{"embeddable":true,"href":"https:\/\/www.editorasolucao.com.br\/blog\/wp-json\/wp\/v2\/users\/7"}],"wp:featuredmedia":[{"embeddable":true,"href":"https:\/\/www.editorasolucao.com.br\/blog\/wp-json\/wp\/v2\/media\/14665"}],"wp:attachment":[{"href":"https:\/\/www.editorasolucao.com.br\/blog\/wp-json\/wp\/v2\/media?parent=15506"}],"wp:term":[{"taxonomy":"category","embeddable":true,"href":"https:\/\/www.editorasolucao.com.br\/blog\/wp-json\/wp\/v2\/categories?post=15506"},{"taxonomy":"post_tag","embeddable":true,"href":"https:\/\/www.editorasolucao.com.br\/blog\/wp-json\/wp\/v2\/tags?post=15506"}],"curies":[{"name":"wp","href":"https:\/\/api.w.org\/{rel}","templated":true}]}}