{"id":15721,"date":"2021-01-05T17:09:58","date_gmt":"2021-01-05T20:09:58","guid":{"rendered":"https:\/\/www.editorasolucao.com.br\/blog\/?post_type=concurso&#038;p=15721"},"modified":"2021-01-06T17:34:46","modified_gmt":"2021-01-06T20:34:46","slug":"prefeitura-de-paraiba-do-sul-rj","status":"publish","type":"concurso","link":"https:\/\/www.editorasolucao.com.br\/blog\/concurso\/prefeitura-de-paraiba-do-sul-rj","title":{"rendered":"Concurso Prefeitura de Para\u00edba do Sul &#8211; RJ: 40 vagas para todos os n\u00edveis!"},"content":{"rendered":"\n<p>Foi divulgado o <a rel=\"noreferrer noopener\" aria-label=\"Edital (abre em uma nova aba)\" href=\"https:\/\/www.editorasolucao.com.br\" target=\"_blank\">Edital<\/a> do <strong>Concurso Prefeitura de Para\u00edba do Sul<\/strong>, no estado do <a rel=\"noreferrer noopener\" aria-label=\"Rio de Janeiro (abre em uma nova aba)\" href=\"https:\/\/www.editorasolucao.com.br\/blog\/concursos-abertos-rj\" target=\"_blank\">Rio de Janeiro<\/a>, que oferece <strong>40 vagas imediatas mais forma\u00e7\u00e3o de cadastro reserva para candidatos de todos os n\u00edveis de escolaridade<\/strong>, com sal\u00e1rios que chegam a <strong>R$ 6,3 mil<\/strong>. Confira os detalhes ao decorrer do texto.<\/p>\n\n\n\n<p style=\"text-align:center\"><strong>CERTAME SUSPENSO TEMPORARIAMENTE <\/strong><\/p>\n\n\n\n<div id=\"ez-toc-container\" class=\"ez-toc-v2_0_69_1 counter-hierarchy ez-toc-counter ez-toc-grey ez-toc-container-direction\">\n<div class=\"ez-toc-title-container\">\n<p class=\"ez-toc-title \" >Menu de navega&ccedil;&atilde;o<\/p>\n<span class=\"ez-toc-title-toggle\"><a href=\"#\" class=\"ez-toc-pull-right ez-toc-btn ez-toc-btn-xs ez-toc-btn-default ez-toc-toggle\" aria-label=\"Toggle Table of Content\"><span class=\"ez-toc-js-icon-con\"><span class=\"\"><span class=\"eztoc-hide\" style=\"display:none;\">Toggle<\/span><span class=\"ez-toc-icon-toggle-span\"><svg style=\"fill: #999;color:#999\" xmlns=\"http:\/\/www.w3.org\/2000\/svg\" class=\"list-377408\" width=\"20px\" height=\"20px\" viewBox=\"0 0 24 24\" fill=\"none\"><path d=\"M6 6H4v2h2V6zm14 0H8v2h12V6zM4 11h2v2H4v-2zm16 0H8v2h12v-2zM4 16h2v2H4v-2zm16 0H8v2h12v-2z\" fill=\"currentColor\"><\/path><\/svg><svg style=\"fill: #999;color:#999\" class=\"arrow-unsorted-368013\" xmlns=\"http:\/\/www.w3.org\/2000\/svg\" width=\"10px\" height=\"10px\" viewBox=\"0 0 24 24\" version=\"1.2\" baseProfile=\"tiny\"><path d=\"M18.2 9.3l-6.2-6.3-6.2 6.3c-.2.2-.3.4-.3.7s.1.5.3.7c.2.2.4.3.7.3h11c.3 0 .5-.1.7-.3.2-.2.3-.5.3-.7s-.1-.5-.3-.7zM5.8 14.7l6.2 6.3 6.2-6.3c.2-.2.3-.5.3-.7s-.1-.5-.3-.7c-.2-.2-.4-.3-.7-.3h-11c-.3 0-.5.1-.7.3-.2.2-.3.5-.3.7s.1.5.3.7z\"\/><\/svg><\/span><\/span><\/span><\/a><\/span><\/div>\n<nav><ul class='ez-toc-list ez-toc-list-level-1 ' ><li class='ez-toc-page-1 ez-toc-heading-level-2'><a class=\"ez-toc-link ez-toc-heading-1\" href=\"https:\/\/www.editorasolucao.com.br\/blog\/concurso\/prefeitura-de-paraiba-do-sul-rj\/#Inscricoes_do_Concurso_de_Paraiba_do_Sul_%E2%80%93_RJ\" title=\"Inscri\u00e7\u00f5es do Concurso de Para\u00edba do Sul \u2013 RJ\">Inscri\u00e7\u00f5es do Concurso de Para\u00edba do Sul \u2013 RJ<\/a><\/li><li class='ez-toc-page-1 ez-toc-heading-level-2'><a class=\"ez-toc-link ez-toc-heading-2\" href=\"https:\/\/www.editorasolucao.com.br\/blog\/concurso\/prefeitura-de-paraiba-do-sul-rj\/#Cargos_vagas_e_salarios_do_Concurso_Prefeitura_de_Paraiba_do_Sul_%E2%80%93_RJ\" title=\"Cargos, vagas e sal\u00e1rios do Concurso Prefeitura de Para\u00edba do Sul \u2013 RJ\">Cargos, vagas e sal\u00e1rios do Concurso Prefeitura de Para\u00edba do Sul \u2013 RJ<\/a><\/li><li class='ez-toc-page-1 ez-toc-heading-level-2'><a class=\"ez-toc-link ez-toc-heading-3\" href=\"https:\/\/www.editorasolucao.com.br\/blog\/concurso\/prefeitura-de-paraiba-do-sul-rj\/#Quais_sao_os_requisitos_basicos_para_a_investidura_nos_cargos_do_Concurso_de_Paraiba_do_Sul_%E2%80%93_RJ\" title=\"Quais s\u00e3o os requisitos b\u00e1sicos para a investidura nos cargos do Concurso de Para\u00edba do Sul \u2013 RJ?\">Quais s\u00e3o os requisitos b\u00e1sicos para a investidura nos cargos do Concurso de Para\u00edba do Sul \u2013 RJ?<\/a><\/li><li class='ez-toc-page-1 ez-toc-heading-level-2'><a class=\"ez-toc-link ez-toc-heading-4\" href=\"https:\/\/www.editorasolucao.com.br\/blog\/concurso\/prefeitura-de-paraiba-do-sul-rj\/#Como_serao_as_provas_do_Concurso_Prefeitura_de_Paraiba_do_Sul_%E2%80%93_RJ\" title=\"Como ser\u00e3o as provas do Concurso Prefeitura de Para\u00edba do Sul \u2013 RJ?\">Como ser\u00e3o as provas do Concurso Prefeitura de Para\u00edba do Sul \u2013 RJ?<\/a><\/li><\/ul><\/nav><\/div>\n<h2 class=\"wp-block-heading\"><span class=\"ez-toc-section\" id=\"Inscricoes_do_Concurso_de_Paraiba_do_Sul_%E2%80%93_RJ\"><\/span>Inscri\u00e7\u00f5es do Concurso de Para\u00edba do Sul \u2013 RJ<span class=\"ez-toc-section-end\"><\/span><\/h2>\n\n\n\n<p>As inscri\u00e7\u00f5es devem ser realizadas atrav\u00e9s do site da banca organizadora, <a rel=\"noreferrer noopener\" aria-label=\"IAN (Instituto de Avalia\u00e7\u00e3o Nacional) (abre em uma nova aba)\" href=\"https:\/\/portal.ian.org.br\/edital\/index\/abertos\" target=\"_blank\">IAN (Instituto de Avalia\u00e7\u00e3o Nacional)<\/a>. <strong>(AS INSCRI\u00c7\u00d5ES FORAM SUSPENSAS TEMPORARIAMENTE)<\/strong>. Para efetuar a inscri\u00e7\u00e3o \u00e9 necess\u00e1rio pagar uma taxa com valor referente ao n\u00edvel do cargo desejado. <\/p>\n\n\n\n<head>\n<style>\nbutton.css3button {\nfont-family: Arial, Helvetica, sans-serif;\nfont-size: 20px;\ncolor: #ffffff!important;\npadding: 12px 25px;\nbackground: -webkit-gradient(\nlinear, left top, left bottom,\nfrom(#0091ff),\nto(#037efa));\nbackground: linear-gradient(\ntop,\n#0091ff 0%,\n#037efa);\nborder-radius: 8px;\nborder: 0px solid #000000;\nbox-shadow:\n0px 4px 0px rgba(0,111,214,1),\ninset 0px 0px 1px rgba(84,84,84,0.5);\ntext-shadow:\n0px 0px 0px rgba(000,000,000,0.7),\n0px 0px 0px rgba(255,255,255,0.9);\n}\n\n<\/style>\n<\/head>\n<center><button type=\"button\" name=\"\" value=\"\" class=\"css3button\"><a data-cat=\"link-botao\" style=\"color:#ffffff!important; text-decoration:none;\" href=\"https:\/\/www.editorasolucao.com.br\/concurso\/prefeitura-de-paraiba-do-sul-rj\" target=\"_blank\"><strong><span style=\"color:#ffffff;\">Clique e Comece seus Estudos!<\/span><\/a><\/strong><\/button><\/center><br\/>\n\n\n\n<ul><li><strong>N\u00edvel Fundamental Completo e Incompleto:<\/strong> R$ 60,00<\/li><li> <strong>N\u00edvel M\u00e9dio\/T\u00e9cnico:<\/strong> R$ 85,00<\/li><li> <strong>N\u00edvel Superior:<\/strong> R$ 100,00<\/li><\/ul>\n\n\n\n<p><\/p>\n\n\n\n<p>Far\u00e1 jus \u00e0 <strong>ISEN\u00c7\u00c3O TOTAL de pagamento de taxa de inscri\u00e7\u00e3o<\/strong> o candidato economicamente hipossuficiente que estiver inscrito no Cadastro \u00danico para Programas Sociais do Governo Federal \u2013 Cad\u00danico, e for membro de fam\u00edlia de baixa renda.<\/p>\n\n\n\n<h2 class=\"wp-block-heading\"><span class=\"ez-toc-section\" id=\"Cargos_vagas_e_salarios_do_Concurso_Prefeitura_de_Paraiba_do_Sul_%E2%80%93_RJ\"><\/span>Cargos, vagas e sal\u00e1rios do Concurso Prefeitura de Para\u00edba do Sul \u2013 RJ<span class=\"ez-toc-section-end\"><\/span><\/h2>\n\n\n\n<p>S\u00e3o ofertadas <strong>40 vagas imediatas mais forma\u00e7\u00e3o de cadastro reserva para candidatos de n\u00edveis Fundamental (completo e <a data-cat=\"link-cargo\" href=\"https:\/\/www.editorasolucao.com.br\/apostila\/prefeitura-paraiba-sul-rj-fundamental-incompleto\" target=\"_blank\" rel=\"noreferrer noopener\" aria-label=\"incompleto (abre em uma nova aba)\">incompleto<\/a>), M\u00e9dio, T\u00e9cnico e Superior<\/strong>, com sal\u00e1rios que v\u00e3o de <strong>R$ 1.045,00 a R$ 6.335,54<\/strong>, exercendo jornadas de trabalho que variam de 20 a 40 horas semanais, dependendo do cargo. Abaixo est\u00e3o a quantidade de oportunidades correspondentes a cada fun\u00e7\u00e3o. <\/p>\n\n\n\n<p>Auxiliar de Obras e Servi\u00e7os P\u00fablicos (10); Borracheiro (1); Coveiro (6); Calceteiro (3); Pedreiro (2); Pintor (1); Zelador (1); Eletricista (1); <a data-cat=\"link-cargo\" rel=\"noreferrer noopener\" aria-label=\"Motorista (abre em uma nova aba)\" href=\"https:\/\/www.editorasolucao.com.br\/apostila\/prefeitura-paraiba-sul-rj-motorista\" target=\"_blank\">Motorista<\/a>; Auxiliar em Sa\u00fade Bucal (CR); <a data-cat=\"link-cargo\" rel=\"noreferrer noopener\" aria-label=\"T\u00e9cnico em Enfermagem (abre em uma nova aba)\" href=\"https:\/\/www.editorasolucao.com.br\/apostila\/prefeitura-paraiba-sul-rj-tecnico-enfermagem\" target=\"_blank\">T\u00e9cnico em Enfermagem<\/a> (CR); Educador F\u00edsico (1); <a data-cat=\"link-cargo\" href=\"https:\/\/www.editorasolucao.com.br\/apostila\/prefeitura-paraiba-sul-rj-enfermeiro\" target=\"_blank\" rel=\"noreferrer noopener\" aria-label=\"Enfermeiro II (abre em uma nova aba)\">Enfermeiro II<\/a> (1); Engenheiro Civil (1); M\u00e9dico Generalista de PSF (6); M\u00e9dico Ginecologista\/Obstetra (CR); M\u00e9dico Infectologista (1); M\u00e9dico Oftalmologista (2); M\u00e9dico Pneumologista (1); M\u00e9dico Ultrassonografista (CR); Procurador da Fazenda (1) e Procurador do Munic\u00edpio (1).<\/p>\n\n\n\n<h2 class=\"wp-block-heading\"><span class=\"ez-toc-section\" id=\"Quais_sao_os_requisitos_basicos_para_a_investidura_nos_cargos_do_Concurso_de_Paraiba_do_Sul_%E2%80%93_RJ\"><\/span>Quais s\u00e3o os requisitos b\u00e1sicos para a investidura nos cargos do Concurso de Para\u00edba do Sul \u2013 RJ?<span class=\"ez-toc-section-end\"><\/span><\/h2>\n\n\n\n<p>Saiba quais s\u00e3o as exig\u00eancias para que o candidato tome posse dos cargos ofertados:<\/p>\n\n\n\n<ul><li>ter sido aprovado no presente Concurso P\u00fablico, na forma estabelecida no Edital, seus anexos e suas retifica\u00e7\u00f5es; <\/li><li> ser brasileiro nato ou naturalizado, ou cidad\u00e3o portugu\u00eas que tenha adquirido a igualdade de direitos e obriga\u00e7\u00f5es civis, e gozo dos direitos pol\u00edticos (Decreto N\u00ba 70.436, de 18\/04\/72; Constitui\u00e7\u00e3o Federal, \u00a7 1\u00ba do Art. 12 de 05\/10\/1988; Emenda Constitucional N\u00ba 19 de 04\/06\/98, Art. 3\u00ba); <\/li><li> estar em pleno gozo e exerc\u00edcio dos direitos pol\u00edticos e civis; <\/li><li> estar com o Cadastro de Pessoa F\u00edsica (CPF) regularizado; e) ser eleitor e estar em situa\u00e7\u00e3o regular com a Justi\u00e7a Eleitoral; <\/li><li> quando do sexo masculino, estar em dia com as obriga\u00e7\u00f5es do Servi\u00e7o Militar; <\/li><li> ter idade m\u00ednima de 18 (dezoito) anos completos, quando da nomea\u00e7\u00e3o; <\/li><li> N\u00c3O ter sido condenado \u00e0 pena privativa de liberdade transitada em julgado ou qualquer outra condena\u00e7\u00e3o incompat\u00edvel com a fun\u00e7\u00e3o p\u00fablica; <\/li><li> N\u00c3O ter sido demitido, por justa causa, do servi\u00e7o p\u00fablico federal, estadual ou municipal; <\/li><li> N\u00c3O haver sofrido san\u00e7\u00e3o impeditiva do exerc\u00edcio de fun\u00e7\u00e3o, emprego ou cargo p\u00fablico; <\/li><li> firmar declara\u00e7\u00e3o de N\u00c3O estar cumprindo e nem ter sofrido, no exerc\u00edcio da fun\u00e7\u00e3o p\u00fablica, penalidade por pr\u00e1tica de improbidade administrativa ou inidoneidade, aplicada por qualquer \u00f3rg\u00e3o p\u00fablico ou entidade da esfera federal, estadual ou municipal; <\/li><li> ter aptid\u00e3o f\u00edsica e mental para o exerc\u00edcio das atribui\u00e7\u00f5es do cargo, comprovada por avalia\u00e7\u00e3o m\u00e9dica oficial; <\/li><li> possuir e comprovar, na data da posse, a escolaridade e demais requisitos exigidos para o exerc\u00edcio do cargo, em conformidade com o disposto no Edital; <\/li><li> apresentar, quando se tratar de profiss\u00e3o regulamentada, na \u00e9poca da convoca\u00e7\u00e3o, o registro de inscri\u00e7\u00e3o no respectivo \u00f3rg\u00e3o fiscalizador com a certid\u00e3o de regularidade profissional; <\/li><li> declarar expressamente o exerc\u00edcio ou n\u00e3o de cargo, emprego ou fun\u00e7\u00e3o p\u00fablica nos \u00f3rg\u00e3os ou entidades da Administra\u00e7\u00e3o P\u00fablica Estadual, Federal ou Municipal, para fins de verifica\u00e7\u00e3o de ac\u00famulo ou n\u00e3o; <\/li><li> apresentar, na \u00e9poca da convoca\u00e7\u00e3o, todos os documentos que se fizerem necess\u00e1rios.<\/li><\/ul>\n\n\n\n<p><\/p>\n\n\n\n<p style=\"text-align:center\"><strong><a data-cat=\"link-artigo-corpo\" href=\"https:\/\/www.editorasolucao.com.br\/concurso\/prefeitura-de-paraiba-do-sul-rj\" target=\"_blank\" rel=\"noreferrer noopener\" aria-label=\"Estude com as Apostilas Prefeitura de Para\u00edba do Sul - RJ e parcele SEM JUROS (abre em uma nova aba)\">Estude com as Apostilas Prefeitura de Para\u00edba do Sul &#8211; RJ e parcele SEM JUROS<\/a><\/strong><\/p>\n\n\n\n<h2 class=\"wp-block-heading\"><span class=\"ez-toc-section\" id=\"Como_serao_as_provas_do_Concurso_Prefeitura_de_Paraiba_do_Sul_%E2%80%93_RJ\"><\/span>Como ser\u00e3o as provas do Concurso Prefeitura de Para\u00edba do Sul \u2013 RJ?<span class=\"ez-toc-section-end\"><\/span><\/h2>\n\n\n\n<p>O certame ser\u00e1 composto pelas seguintes etapas:<\/p>\n\n\n\n<ul><li><strong>Prova Objetiva<\/strong>, de car\u00e1ter eliminat\u00f3rio e classificat\u00f3rio (para todos os cargos);<\/li><li> <strong>Prova Pr\u00e1tica<\/strong>, de car\u00e1ter eliminat\u00f3rio (apenas para o cargo de Motorista); e<\/li><li> <strong>Prova de T\u00edtulos<\/strong>, de car\u00e1ter classificat\u00f3rio (para os cargos de n\u00edvel Superior). <\/li><\/ul>\n\n\n\n<h4 class=\"wp-block-heading\">Prova Objetiva<\/h4>\n\n\n\n<p>A <strong>Prova Objetiva<\/strong> contar\u00e1 com 30 quest\u00f5es de m\u00faltipla escolha para os cargos de n\u00edvel Fundamental e 40 quest\u00f5es para os demais. As disciplinas que versar\u00e3o as provas variam conforme o cargo, s\u00e3o elas: L\u00edngua portuguesa, Matem\u00e1tica, Conhecimentos Gerais e Locais, Legisla\u00e7\u00e3o do SUS e Sa\u00fade P\u00fablica, Legisla\u00e7\u00e3o Municipal e Conhecimentos Espec\u00edficos. <br> As provas ter\u00e3o valor total de 100,0 pontos.<\/p>\n\n\n\n<p>Ser\u00e1 considerado REPROVADO NA PROVA OBJETIVA, e automaticamente ELIMINADO do Concurso P\u00fablico, o candidato que obtiver MENOS DE 50% (CINQUENTA POR CENTO) DO TOTAL DE PONTOS.<\/p>\n\n\n\n<h4 class=\"wp-block-heading\">Prova Pr\u00e1tica<\/h4>\n\n\n\n<p>A Prova Pr\u00e1tica avaliar\u00e1 o conhecimento, a experi\u00eancia pr\u00e9via e as habilidades t\u00e9cnicas do candidato, constando de demonstra\u00e7\u00e3o pr\u00e1tica de sua habilita\u00e7\u00e3o na execu\u00e7\u00e3o das atribui\u00e7\u00f5es do respectivo cargo p\u00fablico.<\/p>\n\n\n\n<p><\/p>\n\n\n\n<p style=\"text-align:center\"><strong>Conte\u00fado Program\u00e1tico <\/strong><\/p>\n\n\n\n<p><strong>N\u00edvel Fundamental<\/strong><\/p>\n\n\n\n<ul><li>L\u00cdNGUA PORTUGUESA 1. Leitura e interpreta\u00e7\u00e3o de diversos tipos de textos (liter\u00e1rios e n\u00e3o liter\u00e1rios). 2. Sin\u00f4nimos e ant\u00f4nimos. 3. Ortografia: emprego das letras, das palavras e da acentua\u00e7\u00e3o gr\u00e1fica. 4. Reconhecimento das classes de palavras: substantivo, adjetivo, numeral, pronome, verbo, adv\u00e9rbio, preposi\u00e7\u00e3o e conjun\u00e7\u00e3o. 5. Concord\u00e2ncia verbal e concord\u00e2ncia nominal. 6. Reg\u00eancia verbal e reg\u00eancia nominal. 7. Emprego do acento indicativo de crase. <\/li><li>MATEM\u00c1TICA 1. N\u00fameros reais: resolu\u00e7\u00e3o de problemas envolvendo as opera\u00e7\u00f5es de adi\u00e7\u00e3o, subtra\u00e7\u00e3o, multiplica\u00e7\u00e3o e divis\u00e3o. 2. M\u00faltiplos e divisores de um n\u00famero natural. 3. Raz\u00e3o e propor\u00e7\u00e3o. 4. Regra de tr\u00eas simples. 5. Porcentagem. 6. Unidades de medidas de comprimento, \u00e1rea, volume, capacidade, massa e tempo. <\/li><li>CONHECIMENTOS GERAIS E LOCAIS 1. Assuntos de interesse geral veiculados pela imprensa audiovisual e pela imprensa escrita. 2. Aspectos hist\u00f3ricos, geogr\u00e1ficos, econ\u00f4micos e pol\u00edticos em n\u00edvel de Mundo, Brasil, Estado do Rio de Janeiro e Munic\u00edpio de Para\u00edba do Sul\/RJ.<\/li><\/ul>\n\n\n\n<p><\/p>\n\n\n\n<p><strong>N\u00edvel M\u00e9dio\/T\u00e9cnico <\/strong><\/p>\n\n\n\n<ul><li>L\u00cdNGUA PORTUGUESA 1. Leitura, compreens\u00e3o e interpreta\u00e7\u00e3o de textos. 2. Vocabul\u00e1rio: sentido denotativo e conotativo, sinon\u00edmia, anton\u00edmia, homon\u00edmia, paron\u00edmia e polissemia. 3. Ortografia: emprego das letras, das palavras e da acentua\u00e7\u00e3o gr\u00e1fica. 4. Pontua\u00e7\u00e3o: emprego de todos os sinais de pontua\u00e7\u00e3o. 5. Classes de palavras: Pronomes &#8211; classifica\u00e7\u00e3o, emprego e coloca\u00e7\u00e3o pronominal (pr\u00f3clise, \u00eanclise e mes\u00f3clise); Verbos &#8211; emprego dos modos e tempos, flex\u00f5es dos verbos irregulares, abundantes e defectivos, e vozes verbais; Preposi\u00e7\u00f5es &#8211; rela\u00e7\u00f5es sem\u00e2nticas estabelecidas pelas preposi\u00e7\u00f5es e locu\u00e7\u00f5es prepositivas; Conjun\u00e7\u00f5es &#8211; classifica\u00e7\u00e3o, rela\u00e7\u00f5es estabelecidas por conjun\u00e7\u00f5es, locu\u00e7\u00f5es conjuntivas; Substantivos &#8211; classifica\u00e7\u00e3o e flex\u00f5es; Adjetivos &#8211; classifica\u00e7\u00e3o e flex\u00f5es. 6. Termos da ora\u00e7\u00e3o: identifica\u00e7\u00e3o e classifica\u00e7\u00e3o. 7. Processos sint\u00e1ticos de coordena\u00e7\u00e3o e subordina\u00e7\u00e3o. 8. Classifica\u00e7\u00e3o dos per\u00edodos e ora\u00e7\u00f5es. 9. Concord\u00e2ncia nominal e concord\u00e2ncia verbal. 10. Reg\u00eancia nominal e reg\u00eancia verbal. 11. Emprego do acento indicativo de crase. <\/li><li>MATEM\u00c1TICA 1. N\u00fameros reais: resolu\u00e7\u00e3o de problemas envolvendo as opera\u00e7\u00f5es de adi\u00e7\u00e3o, subtra\u00e7\u00e3o, multiplica\u00e7\u00e3o e divis\u00e3o. 2. M\u00faltiplos e divisores de um n\u00famero natural. 3. Raz\u00e3o e propor\u00e7\u00e3o. 4. Regra de tr\u00eas simples. 5. Porcentagem. 6. Unidades de medidas de comprimento, \u00e1rea, volume, capacidade, massa e tempo. <\/li><li>LEGISLA\u00c7\u00c3O DO SUS 1. Sistema \u00danico de Sa\u00fade \u2013 SUS: Princ\u00edpios, Diretrizes e Regulamenta\u00e7\u00e3o. 2. Diretrizes do Pacto pela Sa\u00fade em 2006 &#8211; Consolida\u00e7\u00e3o do Sistema \u00danico de Sa\u00fade, publicado na Portaria\/GM n\u00ba 399, de 22 de fevereiro de 2006. 3. Diretrizes para a gest\u00e3o do SUS: Descentraliza\u00e7\u00e3o; Regionaliza\u00e7\u00e3o; Financiamento; Regula\u00e7\u00e3o; Participa\u00e7\u00e3o e Controle Social; Responsabilidade sanit\u00e1ria das inst\u00e2ncias gestoras do SUS; Planejamento e Programa\u00e7\u00e3o; Regula\u00e7\u00e3o, Controle, Avalia\u00e7\u00e3o e Auditoria; Participa\u00e7\u00e3o e Controle Social; N\u00edveis de aten\u00e7\u00e3o \u00e0 sa\u00fade; Promo\u00e7\u00e3o de Sa\u00fade; Vigil\u00e2ncia em Sa\u00fade. 4. Constitui\u00e7\u00e3o Federal de 1988 e suas altera\u00e7\u00f5es (Se\u00e7\u00e3o II Da Sa\u00fade). 5. Lei Federal N\u00ba 8.080 de 19\/09\/90 e Lei Federal n\u00ba 8.142 de 28\/12\/90. 6. Pol\u00edtica Nacional de Aten\u00e7\u00e3o B\u00e1sica: Fundamentos; Das responsabilidades; Do processo de trabalho das equipes de aten\u00e7\u00e3o b\u00e1sica; Das especificidades da Estrat\u00e9gia da Sa\u00fade da Fam\u00edlia; Do processo de trabalho das Equipes da Sa\u00fade da Fam\u00edlia; Da avalia\u00e7\u00e3o da qualidade do trabalho das equipes de sa\u00fade da fam\u00edlia.<\/li><\/ul>\n\n\n\n<p><\/p>\n\n\n\n<p><strong>N\u00edvel Superior<\/strong><\/p>\n\n\n\n<ul><li>L\u00cdNGUA PORTUGUESA (Para TODOS os cargos de N\u00cdVEL SUPERIOR COMPLETO) 1. Leitura, compreens\u00e3o e interpreta\u00e7\u00e3o de texto. 2. Homon\u00edmia, sinon\u00edmia, anton\u00edmia e paron\u00edmia. 3. Ortografia oficial. 4. Acentua\u00e7\u00e3o gr\u00e1fica. 5. Emprego de letras. 6. Emprego do h\u00edfen. 7. Uso e fun\u00e7\u00e3o das diferentes classes gramaticais: substantivo, adjetivo, artigo, numeral, pronome, adv\u00e9rbio, interjei\u00e7\u00e3o, verbo, preposi\u00e7\u00e3o e conjun\u00e7\u00e3o. 8. Pronome: classifica\u00e7\u00e3o, emprego, coloca\u00e7\u00e3o e formas de tratamento. 9. Adv\u00e9rbio, preposi\u00e7\u00e3o e conjun\u00e7\u00e3o: emprego e valor sem\u00e2ntico. 10. Flex\u00e3o verbal: emprego e valor sem\u00e2ntico de tempos, modos e vozes verbais, correla\u00e7\u00e3o entre tempos verbais. 11. An\u00e1lise sint\u00e1tica. 12. Concord\u00e2ncia verbal e concord\u00e2ncia nominal. 13. Reg\u00eancia nominal e reg\u00eancia verbal. 14. Ocorr\u00eancia de crase. 15. Rela\u00e7\u00f5es sint\u00e1ticas e sem\u00e2nticas entre termos, ora\u00e7\u00f5es e segmentos de texto. 16. Termos oracionais. 17. Figuras de sintaxe. 18. Coloca\u00e7\u00e3o de termos na ora\u00e7\u00e3o. 19. Equival\u00eancia e transforma\u00e7\u00e3o de estruturas sint\u00e1tico-sem\u00e2nticas. 20. Reescrita de frases. 21. Emprego dos sinais de pontua\u00e7\u00e3o. 22. Denota\u00e7\u00e3o e conota\u00e7\u00e3o. 23. Uso e sentido das figuras de palavra e de pensamento. <\/li><li>CONHECIMENTOS GERAIS E LOCAIS (APENAS para os cargos de: EDUCADOR F\u00cdSICO; ENFERMEIRO II; ENGENHEIRO CIVIL; M\u00c9DICO: GENERALISTA DE PSF, GINECOLOGISTA\/ OBSTETRA, INFECTOLOGISTA, OFTALMOLOGISTA, PNEUMOLOGISTA, ULTRASSONOGRAFISTA). 1. Assuntos de interesse geral veiculados pela imprensa audiovisual e pela imprensa escrita. 2. Aspectos hist\u00f3ricos, geogr\u00e1ficos, econ\u00f4micos e pol\u00edticos em n\u00edvel de Mundo, Brasil, Estado do Rio de Janeiro e Munic\u00edpio de Para\u00edba do Sul\/RJ. <\/li><li>LEGISLA\u00c7\u00c3O DO SUS (APENAS para os cargos: ENFERMEIRO II; M\u00c9DICO: GENERALISTA DE PSF, GINECOLOGISTA\/ OBSTETRA, INFECTOLOGISTA, OFTALMOLOGISTA, PNEUMOLOGISTA, ULTRASSONOGRAFISTA). 1. Sistema \u00danico de Sa\u00fade \u2013 SUS: Princ\u00edpios, Diretrizes e Regulamenta\u00e7\u00e3o. 2. Diretrizes do Pacto pela Sa\u00fade em 2006 &#8211; Consolida\u00e7\u00e3o do Sistema \u00danico de Sa\u00fade, publicado na Portaria\/GM n\u00ba 399, de 22 de fevereiro de 2006. 3. Diretrizes para a gest\u00e3o do SUS: Descentraliza\u00e7\u00e3o; Regionaliza\u00e7\u00e3o; Financiamento; Regula\u00e7\u00e3o; Participa\u00e7\u00e3o e Controle Social; Responsabilidade sanit\u00e1ria das inst\u00e2ncias gestoras do SUS; Planejamento e Programa\u00e7\u00e3o; Regula\u00e7\u00e3o, Controle, Avalia\u00e7\u00e3o e Auditoria; Participa\u00e7\u00e3o e Controle Social; N\u00edveis de aten\u00e7\u00e3o \u00e0 sa\u00fade; Promo\u00e7\u00e3o de Sa\u00fade; Vigil\u00e2ncia em Sa\u00fade. 4. Constitui\u00e7\u00e3o Federal de 1988 e suas altera\u00e7\u00f5es (Se\u00e7\u00e3o II Da Sa\u00fade). 5. Lei Federal N\u00ba 8.080 de 19\/09\/90 e Lei Federal n\u00ba 8.142 de 28\/12\/90. 6. Pol\u00edtica Nacional de Aten\u00e7\u00e3o B\u00e1sica: Fundamentos; Das responsabilidades; Do processo de trabalho das equipes de aten\u00e7\u00e3o b\u00e1sica; Das especificidades da Estrat\u00e9gia da Sa\u00fade da Fam\u00edlia; Do processo de trabalho das Equipes da Sa\u00fade da Fam\u00edlia; Da avalia\u00e7\u00e3o da qualidade do trabalho das equipes de sa\u00fade da fam\u00edlia. <\/li><li>SA\u00daDE P\u00daBLICA (SOMENTE para os cargos de: ENFERMEIRO II; M\u00c9DICO: GENERALISTA DE PSF, GINECOLOGISTA\/OBSTETRA, INFECTOLOGISTA, OFTALMOLOGISTA, PNEUMOLOGISTA, ULTRASSONOGRAFISTA). 1. A Sa\u00fade P\u00fablica no Brasil. 2. Hist\u00f3ria das pol\u00edticas de sa\u00fade no Brasil: retrospectiva; reforma sanit\u00e1ria. 3. Sistema \u00danico de Sa\u00fade (SUS). 4. Fundamentos do SUS. 5. Diretrizes e bases da implanta\u00e7\u00e3o do SUS. 6. Regulamento t\u00e9cnico da Aten\u00e7\u00e3o \u00e0s Urg\u00eancias (Diretrizes Gerais e Componentes da Rede Assistencial). 7. Gest\u00e3o do SUS: diretrizes para a gest\u00e3o do SUS; descentraliza\u00e7\u00e3o; regionaliza\u00e7\u00e3o; financiamento; regula\u00e7\u00e3o; participa\u00e7\u00e3o popular; responsabilidade sanit\u00e1ria das inst\u00e2ncias gestoras do SUS; planejamento e programa\u00e7\u00e3o; regula\u00e7\u00e3o, controle, avalia\u00e7\u00e3o e auditoria. 8. Pol\u00edtica Nacional da Aten\u00e7\u00e3o B\u00e1sica (2011 e 2017). 9. Organiza\u00e7\u00e3o da Aten\u00e7\u00e3o B\u00e1sica no Sistema \u00danico de Sa\u00fade. 10. Epidemiologia, hist\u00f3ria natural e preven\u00e7\u00e3o de doen\u00e7as. 11. Modelos de Aten\u00e7\u00e3o \u00e0 Sa\u00fade. 12. Constitui\u00e7\u00e3o do Brasil (art. 196 a 200). 13. Redes de Aten\u00e7\u00e3o \u00e0 Sa\u00fade. 14. Aten\u00e7\u00e3o Prim\u00e1ria \u00e0 Sa\u00fade. 15. Vigil\u00e2ncia em Sa\u00fade. 16. Promo\u00e7\u00e3o \u00e0 Sa\u00fade. 17. Controle Social: conselhos e confer\u00eancias municipais de sa\u00fade. 18. Estrat\u00e9gia de Sa\u00fade da Fam\u00edlia. 19. Determinantes Sociais em Sa\u00fade. 20. Pol\u00edtica Nacional de Humaniza\u00e7\u00e3o. 21. Sistemas de Informa\u00e7\u00e3o em Sa\u00fade. 22. Doen\u00e7as de Notifica\u00e7\u00e3o Compuls\u00f3ria.<\/li><li> LEGISLA\u00c7\u00c3O MUNICIPAL (APENAS para os cargos de: EDUCADOR F\u00cdSICO; ENGENHEIRO CIVIL; PROCURADOR DA FAZENDA; PROCURADOR DO MUNIC\u00cdPIO). 1. Lei Org\u00e2nica do Munic\u00edpio de Para\u00edba do Sul\/RJ. 2. Estatuto dos Servidores P\u00fablicos do Munic\u00edpio de Para\u00edba do Sul\/RJ. 3. C\u00f3digo Tribut\u00e1rio do Munic\u00edpio de Para\u00edba do Sul\/RJ. 4. C\u00f3digo de Posturas do Munic\u00edpio de Para\u00edba do Sul\/RJ.<\/li><\/ul>\n\n\n\n<p><\/p>\n\n\n\n<p>Conferiu todo o texto? Deseja fazer o certame? Ent\u00e3o comece a se preparar com as <strong>Apostilas Solu\u00e7\u00e3o<\/strong> e tenha um resultado positivo! <strong>Bons estudos e boa prova!!!<\/strong><\/p>\n\n\n\n<p style=\"text-align:center\"><strong><a data-cat=\"link-rodape\" href=\"https:\/\/www.editorasolucao.com.br\/concurso\/prefeitura-de-paraiba-do-sul-rj\" target=\"_blank\" rel=\"noreferrer noopener\">Estude com as Apostilas Prefeitura de Para\u00edba do Sul &#8211; RJ e parcele SEM JUROS<\/a><\/strong><\/p>\n","protected":false},"excerpt":{"rendered":"<p>Foi divulgado o Edital do Concurso Prefeitura de Para\u00edba do Sul, no estado do Rio de Janeiro, que oferece 40 vagas imediatas mais forma\u00e7\u00e3o de cadastro reserva para candidatos de todos os n\u00edveis de escolaridade, com sal\u00e1rios que chegam a R$ 6,3 mil. Confira os detalhes ao decorrer do texto. CERTAME SUSPENSO TEMPORARIAMENTE Inscri\u00e7\u00f5es do Concurso de Para\u00edba do Sul \u2013 RJ As inscri\u00e7\u00f5es devem ser realizadas atrav\u00e9s do site da banca organizadora, IAN (Instituto de Avalia\u00e7\u00e3o Nacional). (AS INSCRI\u00c7\u00d5ES FORAM SUSPENSAS TEMPORARIAMENTE). Para efetuar a inscri\u00e7\u00e3o \u00e9 necess\u00e1rio pagar uma taxa com valor referente ao n\u00edvel do cargo desejado&#8230;.<\/p>\n","protected":false},"author":7,"featured_media":15723,"template":"","meta":{"_acf_changed":false,"rank_math_lock_modified_date":false},"categories":[],"tags":[],"acf":[],"_links":{"self":[{"href":"https:\/\/www.editorasolucao.com.br\/blog\/wp-json\/wp\/v2\/concurso\/15721"}],"collection":[{"href":"https:\/\/www.editorasolucao.com.br\/blog\/wp-json\/wp\/v2\/concurso"}],"about":[{"href":"https:\/\/www.editorasolucao.com.br\/blog\/wp-json\/wp\/v2\/types\/concurso"}],"author":[{"embeddable":true,"href":"https:\/\/www.editorasolucao.com.br\/blog\/wp-json\/wp\/v2\/users\/7"}],"wp:featuredmedia":[{"embeddable":true,"href":"https:\/\/www.editorasolucao.com.br\/blog\/wp-json\/wp\/v2\/media\/15723"}],"wp:attachment":[{"href":"https:\/\/www.editorasolucao.com.br\/blog\/wp-json\/wp\/v2\/media?parent=15721"}],"wp:term":[{"taxonomy":"category","embeddable":true,"href":"https:\/\/www.editorasolucao.com.br\/blog\/wp-json\/wp\/v2\/categories?post=15721"},{"taxonomy":"post_tag","embeddable":true,"href":"https:\/\/www.editorasolucao.com.br\/blog\/wp-json\/wp\/v2\/tags?post=15721"}],"curies":[{"name":"wp","href":"https:\/\/api.w.org\/{rel}","templated":true}]}}