{"id":15876,"date":"2021-01-08T14:44:07","date_gmt":"2021-01-08T17:44:07","guid":{"rendered":"https:\/\/www.editorasolucao.com.br\/blog\/?post_type=concurso&#038;p=15876"},"modified":"2021-01-08T14:44:10","modified_gmt":"2021-01-08T17:44:10","slug":"prefeitura-de-claudia-mt","status":"publish","type":"concurso","link":"https:\/\/www.editorasolucao.com.br\/blog\/concurso\/prefeitura-de-claudia-mt","title":{"rendered":"Concurso Prefeitura de Cl\u00e1udia &#8211; MT: Edital publicado; Vagas para Professores!"},"content":{"rendered":"\n<p>Foi divulgado o <a rel=\"noreferrer noopener\" aria-label=\"Edital (abre em uma nova aba)\" href=\"https:\/\/www.editorasolucao.com.br\" target=\"_blank\">Edital<\/a> do <strong>Concurso Prefeitura de Cl\u00e1udia<\/strong>, no estado do <a rel=\"noreferrer noopener\" aria-label=\"Mato Grosso (abre em uma nova aba)\" href=\"https:\/\/www.editorasolucao.com.br\/blog\/concursos-abertos-mt\" target=\"_blank\">Mato Grosso<\/a>, que oferece <strong>vagas para candidatos de n\u00edvel Superior, destinadas aos cargos de Professores<\/strong>, com sal\u00e1rios que chegam a <strong>R$ 4,3 mil<\/strong>. Confira os detalhes ao decorrer do texto.<\/p>\n\n\n\n<div id=\"ez-toc-container\" class=\"ez-toc-v2_0_69_1 counter-hierarchy ez-toc-counter ez-toc-grey ez-toc-container-direction\">\n<div class=\"ez-toc-title-container\">\n<p class=\"ez-toc-title \" >Menu de navega&ccedil;&atilde;o<\/p>\n<span class=\"ez-toc-title-toggle\"><a href=\"#\" class=\"ez-toc-pull-right ez-toc-btn ez-toc-btn-xs ez-toc-btn-default ez-toc-toggle\" aria-label=\"Toggle Table of Content\"><span class=\"ez-toc-js-icon-con\"><span class=\"\"><span class=\"eztoc-hide\" style=\"display:none;\">Toggle<\/span><span class=\"ez-toc-icon-toggle-span\"><svg style=\"fill: #999;color:#999\" xmlns=\"http:\/\/www.w3.org\/2000\/svg\" class=\"list-377408\" width=\"20px\" height=\"20px\" viewBox=\"0 0 24 24\" fill=\"none\"><path d=\"M6 6H4v2h2V6zm14 0H8v2h12V6zM4 11h2v2H4v-2zm16 0H8v2h12v-2zM4 16h2v2H4v-2zm16 0H8v2h12v-2z\" fill=\"currentColor\"><\/path><\/svg><svg style=\"fill: #999;color:#999\" class=\"arrow-unsorted-368013\" xmlns=\"http:\/\/www.w3.org\/2000\/svg\" width=\"10px\" height=\"10px\" viewBox=\"0 0 24 24\" version=\"1.2\" baseProfile=\"tiny\"><path d=\"M18.2 9.3l-6.2-6.3-6.2 6.3c-.2.2-.3.4-.3.7s.1.5.3.7c.2.2.4.3.7.3h11c.3 0 .5-.1.7-.3.2-.2.3-.5.3-.7s-.1-.5-.3-.7zM5.8 14.7l6.2 6.3 6.2-6.3c.2-.2.3-.5.3-.7s-.1-.5-.3-.7c-.2-.2-.4-.3-.7-.3h-11c-.3 0-.5.1-.7.3-.2.2-.3.5-.3.7s.1.5.3.7z\"\/><\/svg><\/span><\/span><\/span><\/a><\/span><\/div>\n<nav><ul class='ez-toc-list ez-toc-list-level-1 ' ><li class='ez-toc-page-1 ez-toc-heading-level-2'><a class=\"ez-toc-link ez-toc-heading-1\" href=\"https:\/\/www.editorasolucao.com.br\/blog\/concurso\/prefeitura-de-claudia-mt\/#Inscricoes_do_Concurso_de_Claudia_MT\" title=\"Inscri\u00e7\u00f5es do Concurso de Cl\u00e1udia MT\">Inscri\u00e7\u00f5es do Concurso de Cl\u00e1udia MT<\/a><\/li><li class='ez-toc-page-1 ez-toc-heading-level-2'><a class=\"ez-toc-link ez-toc-heading-2\" href=\"https:\/\/www.editorasolucao.com.br\/blog\/concurso\/prefeitura-de-claudia-mt\/#Cargos_vagas_e_salarios_do_Concurso_Prefeitura_de_Claudia_%E2%80%93_MT\" title=\"Cargos, vagas e sal\u00e1rios do Concurso Prefeitura de Cl\u00e1udia \u2013 MT\">Cargos, vagas e sal\u00e1rios do Concurso Prefeitura de Cl\u00e1udia \u2013 MT<\/a><\/li><li class='ez-toc-page-1 ez-toc-heading-level-2'><a class=\"ez-toc-link ez-toc-heading-3\" href=\"https:\/\/www.editorasolucao.com.br\/blog\/concurso\/prefeitura-de-claudia-mt\/#Como_serao_as_provas_do_Concurso_Prefeitura_de_Claudia_%E2%80%93_MT\" title=\"Como ser\u00e3o as provas do Concurso Prefeitura de Cl\u00e1udia \u2013 MT?\">Como ser\u00e3o as provas do Concurso Prefeitura de Cl\u00e1udia \u2013 MT?<\/a><\/li><li class='ez-toc-page-1 ez-toc-heading-level-2'><a class=\"ez-toc-link ez-toc-heading-4\" href=\"https:\/\/www.editorasolucao.com.br\/blog\/concurso\/prefeitura-de-claudia-mt\/#Saiba_quais_sao_as_atribuicoes_dos_cargos_ofertados\" title=\"Saiba quais s\u00e3o as atribui\u00e7\u00f5es dos cargos ofertados\">Saiba quais s\u00e3o as atribui\u00e7\u00f5es dos cargos ofertados<\/a><\/li><\/ul><\/nav><\/div>\n<h2 class=\"wp-block-heading\"><span class=\"ez-toc-section\" id=\"Inscricoes_do_Concurso_de_Claudia_MT\"><\/span>Inscri\u00e7\u00f5es do Concurso de Cl\u00e1udia MT<span class=\"ez-toc-section-end\"><\/span><\/h2>\n\n\n\n<p>As inscri\u00e7\u00f5es dever\u00e3o ser realizadas a partir do dia <strong>11 de janeiro at\u00e9 o dia 19 do mesmo m\u00eas<\/strong>, na Secretaria Municipal de Educa\u00e7\u00e3o e Cultura, situada na Avenida dos Pioneiros, n\u00ba 829, Centro, de segunda a sexta-feira, no hor\u00e1rio das 8h \u00e0s 12h. Para efetuar a inscri\u00e7\u00e3o \u00e9 necess\u00e1rio pagar uma taxa no valor de <strong>R$ 30,00<\/strong>.<\/p>\n\n\n\n<h2 class=\"wp-block-heading\"><span class=\"ez-toc-section\" id=\"Cargos_vagas_e_salarios_do_Concurso_Prefeitura_de_Claudia_%E2%80%93_MT\"><\/span>Cargos, vagas e sal\u00e1rios do Concurso Prefeitura de Cl\u00e1udia \u2013 MT<span class=\"ez-toc-section-end\"><\/span><\/h2>\n\n\n\n<p>S\u00e3o ofertadas <strong>07 vagas imediatas mais forma\u00e7\u00e3o de cadastro reserva, para candidatos de n\u00edvel Superior, destinadas aos cargos de Professores Classe B<\/strong>, que contam com sal\u00e1rios que v\u00e3o de <strong>R$ 3.247,80 a R$ 4.330,40<\/strong>, exercendo jornadas de trabalho que variam de 30 a 40 horas semanais. Abaixo est\u00e3o a quantidade de oportunidades correspondentes a cada fun\u00e7\u00e3o. <\/p>\n\n\n\n<p>Professor Classe B &#8211; Pedagogia (6); Professor Classe B &#8211; Pedagogia (1); Professor Classe B \u2013 Pedagogia (CR); Professor Classe B \u2013 Pedagogia (CR); Professor Classe B \u2013 Geografia (CR); Professor Classe B \u2013 Letras (CR); Professor Classe B &#8211; Ci\u00eancias da Natureza e Matem\u00e1tica e\/ou Matem\u00e1tica (CR) e Professor Classe B \u2013 Pedagogia (CR).<\/p>\n\n\n\n<h2 class=\"wp-block-heading\"><span class=\"ez-toc-section\" id=\"Como_serao_as_provas_do_Concurso_Prefeitura_de_Claudia_%E2%80%93_MT\"><\/span>Como ser\u00e3o as provas do Concurso Prefeitura de Cl\u00e1udia \u2013 MT?<span class=\"ez-toc-section-end\"><\/span><\/h2>\n\n\n\n<p>O certame ser\u00e1 composto por <strong>Provas Objetivas<\/strong> que est\u00e3o previstas para serem aplicadas no dia <strong>24 de janeiro de 2021<\/strong>, tendo dura\u00e7\u00e3o de 03 horas e contar\u00e1 com 30 quest\u00f5es de m\u00faltipla escolha. As disciplinas que versar\u00e3o as provas ser\u00e3o:<\/p>\n\n\n\n<ul><li>L\u00edngua Portuguesa \u2013 10 quest\u00f5es com valor de 3,0 pontos cada uma;<\/li><li> Matem\u00e1tica \u2013 10 quest\u00f5es com valor de 3,0 pontos cada uma;<\/li><li> Conhecimentos Espec\u00edficos \u2013 10 quest\u00f5es com valor de 4,0 pontos cada uma. <\/li><\/ul>\n\n\n\n<p><\/p>\n\n\n\n<h2 class=\"wp-block-heading\"><span class=\"ez-toc-section\" id=\"Saiba_quais_sao_as_atribuicoes_dos_cargos_ofertados\"><\/span>Saiba quais s\u00e3o as atribui\u00e7\u00f5es dos cargos ofertados<span class=\"ez-toc-section-end\"><\/span><\/h2>\n\n\n\n<table class=\"wp-block-table aligncenter\"><tbody><tr><td>   <strong>Professor Classe B \u2013   Pedagogia \u2013 30h\/40h<\/strong>   <\/td><td>\n  Ter licenciatura plena em\n  Pedagogia. Participar da formula\u00e7\u00e3o de pol\u00edticas educacionais nos diversos\n  \u00e2mbitos do Sistema P\u00fablico de Educa\u00e7\u00e3o B\u00e1sica; Elaborar planos, programas e\n  projetos educacionais no \u00e2mbito espec\u00edfico de sua atua\u00e7\u00e3o; Participar da\n  elabora\u00e7\u00e3o do Plano Pol\u00edtico-Pedag\u00f3gico; Desenvolver a reg\u00eancia efetiva;\n  Controlar e avaliar o rendimento escolar; Executar tarefa de recupera\u00e7\u00e3o de\n  alunos; Participar de reuni\u00e3o de trabalho e atividades extraclasse, se de\n  interesse da institui\u00e7\u00e3o de ensino; Desenvolver pesquisa educacional; e\n  Participar de a\u00e7\u00f5es administrativas e de intera\u00e7\u00f5es educativas com a\n  comunidade.\n  <\/td><\/tr><tr><td>   <strong>Professor Classe B \u2013   Professor Classe B \u2013 Ci\u00eancias da Natureza e Matem\u00e1tica   e\/ou Matem\u00e1tica \u2013 30h   <\/strong><\/td><td>\n  Ter licenciatura plena em\n  Ci\u00eancias da Natureza e Matem\u00e1tica e\/ou Matem\u00e1tica. Participar da formula\u00e7\u00e3o\n  de pol\u00edticas educacionais nos diversos \u00e2mbitos do Sistema P\u00fablico de Educa\u00e7\u00e3o\n  B\u00e1sica; Elaborar planos, programas e projetos educacionais no \u00e2mbito\n  espec\u00edfico de sua atua\u00e7\u00e3o; Participar da elabora\u00e7\u00e3o do Plano\n  Pol\u00edtico-Pedag\u00f3gico; Desenvolver a reg\u00eancia efetiva; Controlar e avaliar o\n  rendimento escolar; Executar tarefa de recupera\u00e7\u00e3o de alunos; Participar de\n  reuni\u00e3o de trabalho e atividades extraclasse, se de interesse da institui\u00e7\u00e3o\n  de ensino; Desenvolver pesquisa educacional; e Participar de a\u00e7\u00f5es\n  administrativas e de intera\u00e7\u00f5es educativas com a comunidade.\n  <\/td><\/tr><tr><td>  <strong> Professor Classe B \u2013   Geografia \u2013 30h   <\/strong><\/td><td>\n  Ter licenciatura plena em\n  Geografia. Participar da formula\u00e7\u00e3o de pol\u00edticas educacionais nos diversos\n  \u00e2mbitos do Sistema P\u00fablico de Educa\u00e7\u00e3o B\u00e1sica; Elaborar planos, programas e\n  projetos educacionais no \u00e2mbito espec\u00edfico de sua atua\u00e7\u00e3o; Participar da elabora\u00e7\u00e3o\n  do Plano Pol\u00edtico-Pedag\u00f3gico; Desenvolver a reg\u00eancia efetiva; Controlar e\n  avaliar o rendimento escolar; Executar tarefa de recupera\u00e7\u00e3o de alunos;\n  Participar de reuni\u00e3o de trabalho e atividades extraclasse, se de interesse\n  da institui\u00e7\u00e3o de ensino; Desenvolver pesquisa educacional; e Participar de\n  a\u00e7\u00f5es administrativas e de intera\u00e7\u00f5es educativas com a comunidade.\n  <\/td><\/tr><tr><td>   <strong>Professor Classe B \u2013 Letras   \u2013 30h<\/strong>   <\/td><td>\n  Ter licenciatura plena em\n  Letras. Participar da formula\u00e7\u00e3o de pol\u00edticas educacionais nos diversos\n  \u00e2mbitos do Sistema P\u00fablico de Educa\u00e7\u00e3o B\u00e1sica; Elaborar planos, programas e\n  projetos educacionais no \u00e2mbito espec\u00edfico de sua atua\u00e7\u00e3o; Participar da\n  elabora\u00e7\u00e3o do Plano Pol\u00edtico-Pedag\u00f3gico; Desenvolver a reg\u00eancia efetiva;\n  Controlar e avaliar o rendimento escolar; Executar tarefa de recupera\u00e7\u00e3o de\n  alunos; Participar de reuni\u00e3o de trabalho e atividades extraclasse, se de\n  interesse da institui\u00e7\u00e3o de ensino; Desenvolver pesquisa educacional; e\n  Participar de a\u00e7\u00f5es administrativas e de intera\u00e7\u00f5es educativas com a comunidade.\n  <\/td><\/tr><\/tbody><\/table>\n\n\n\n<p><\/p>\n\n\n\n<p style=\"text-align:center\"><strong>Conte\u00fado Program\u00e1tico<\/strong><\/p>\n\n\n\n<ul><li>Conhecimentos Espec\u00edficos: Lei de Diretrizes e Base da Educa\u00e7\u00e3o Nacional Lei n\u00ba 9.394\/1996 (LDB); Resolu\u00e7\u00e3o 002\/2015\/CEE-MT; Referencial Curricular Nacional para Educa\u00e7\u00e3o Infantil; Politicas Nacional da Educa\u00e7\u00e3o Especial Tend\u00eancia e concep\u00e7\u00f5es pedag\u00f3gicas: Pressupostos te\u00f3ricos e orienta\u00e7\u00f5es did\u00e1ticas. Pol\u00edticas educacionais brasileiras contempor\u00e2neas e legisla\u00e7\u00e3o correspondente. Pressupostos te\u00f3ricos e pr\u00e1ticas necess\u00e1rias \u00e0 constru\u00e7\u00e3o coletiva do projeto pol\u00edtico pedag\u00f3gico da escola p\u00fablica; Fundamentos da Educa\u00e7\u00e3o: teorias e concep\u00e7\u00f5es pedag\u00f3gicas. A Educa\u00e7\u00e3o e suas rela\u00e7\u00f5es s\u00f3cio-econ\u00f4mico-pol\u00edtico e culturais; A fun\u00e7\u00e3o da escola: o saber popular, o conhecimento cient\u00edfico e os conte\u00fados escolares; A hist\u00f3ria institucional da escola p\u00fablica e seu compromisso social; A hist\u00f3ria da organiza\u00e7\u00e3o da educa\u00e7\u00e3o brasileira; O atual sistema educacional brasileiro: n\u00edveis e modalidades de ensino.<\/li><li> L\u00cdNGUA PORTUGUESA: Tipos de textos; Sintaxe: frase, ora\u00e7\u00e3o e per\u00edodo (simples e composto); termos essenciais e integrantes da ora\u00e7\u00e3o; modo e tempo verbal; Nomes: pr\u00f3prios e comuns; Morfologia: Processo de forma\u00e7\u00e3o de palavras; Ortografia; Pontua\u00e7\u00e3o; Acentua\u00e7\u00e3o gr\u00e1fica; Sintaxe: frase, ora\u00e7\u00e3o, per\u00edodo (termos das ora\u00e7\u00f5es), concord\u00e2ncia verbal e nominal; Morfologia: classes de palavras; Pontua\u00e7\u00e3o;<\/li><li> MATEM\u00c1TICA: Adi\u00e7\u00e3o, Subtra\u00e7\u00e3o, Multiplica\u00e7\u00e3o, Divis\u00e3o e Potencia\u00e7\u00e3o com n.\u00ba Naturais; Express\u00f5es Num\u00e9ricas nos Conjuntos Naturais, Inteiros e Racionais; Sistema de Numera\u00e7\u00e3o Decimal; Medidas de Comprimento, Volume, Superf\u00edcie e Massa; Regra de Tr\u00eas simples e composta; Porcentagem e juros simples e composto; Equa\u00e7\u00f5es do 1o grau; Equa\u00e7\u00f5es do 2o grau; Fun\u00e7\u00f5es do 1o e 2o graus; Problemas e Sistemas do 2o grau. C\u00e1lculo Num\u00e9rico; Racioc\u00ednio l\u00f3gico. N\u00fameros primos. Fun\u00e7\u00e3o quadr\u00e1tica. Problemas. Tratamento da informa\u00e7\u00e3o: interpreta\u00e7\u00e3o de gr\u00e1ficos e tabelas.<\/li><\/ul>\n\n\n\n<p><\/p>\n\n\n\n<p>Conferiu todo o texto? Deseja fazer o certame? Ent\u00e3o comece a se preparar com as <strong>Apostilas Solu\u00e7\u00e3o<\/strong> e tenha um resultado positivo! <strong>Bons estudos e boa prova!!!<\/strong><\/p>\n","protected":false},"excerpt":{"rendered":"<p>Foi divulgado o Edital do Concurso Prefeitura de Cl\u00e1udia, no estado do Mato Grosso, que oferece vagas para candidatos de n\u00edvel Superior, destinadas aos cargos de Professores, com sal\u00e1rios que chegam a R$ 4,3 mil. Confira os detalhes ao decorrer do texto. Inscri\u00e7\u00f5es do Concurso de Cl\u00e1udia MT As inscri\u00e7\u00f5es dever\u00e3o ser realizadas a partir do dia 11 de janeiro at\u00e9 o dia 19 do mesmo m\u00eas, na Secretaria Municipal de Educa\u00e7\u00e3o e Cultura, situada na Avenida dos Pioneiros, n\u00ba 829, Centro, de segunda a sexta-feira, no hor\u00e1rio das 8h \u00e0s 12h. Para efetuar a inscri\u00e7\u00e3o \u00e9 necess\u00e1rio pagar uma&#8230;<\/p>\n","protected":false},"author":7,"featured_media":15878,"template":"","meta":{"_acf_changed":false,"rank_math_lock_modified_date":false},"categories":[],"tags":[],"acf":[],"_links":{"self":[{"href":"https:\/\/www.editorasolucao.com.br\/blog\/wp-json\/wp\/v2\/concurso\/15876"}],"collection":[{"href":"https:\/\/www.editorasolucao.com.br\/blog\/wp-json\/wp\/v2\/concurso"}],"about":[{"href":"https:\/\/www.editorasolucao.com.br\/blog\/wp-json\/wp\/v2\/types\/concurso"}],"author":[{"embeddable":true,"href":"https:\/\/www.editorasolucao.com.br\/blog\/wp-json\/wp\/v2\/users\/7"}],"wp:featuredmedia":[{"embeddable":true,"href":"https:\/\/www.editorasolucao.com.br\/blog\/wp-json\/wp\/v2\/media\/15878"}],"wp:attachment":[{"href":"https:\/\/www.editorasolucao.com.br\/blog\/wp-json\/wp\/v2\/media?parent=15876"}],"wp:term":[{"taxonomy":"category","embeddable":true,"href":"https:\/\/www.editorasolucao.com.br\/blog\/wp-json\/wp\/v2\/categories?post=15876"},{"taxonomy":"post_tag","embeddable":true,"href":"https:\/\/www.editorasolucao.com.br\/blog\/wp-json\/wp\/v2\/tags?post=15876"}],"curies":[{"name":"wp","href":"https:\/\/api.w.org\/{rel}","templated":true}]}}