{"id":1719,"date":"2025-02-11T10:09:57","date_gmt":"2025-02-11T13:09:57","guid":{"rendered":"https:\/\/www.editorasolucao.com.br\/blog\/?post_type=concurso&#038;p=1719"},"modified":"2025-02-11T10:09:59","modified_gmt":"2025-02-11T13:09:59","slug":"ifam","status":"publish","type":"concurso","link":"https:\/\/www.editorasolucao.com.br\/blog\/concurso\/ifam","title":{"rendered":"Concurso IFAM: 19 vagas para T\u00e9cnicos Administrativos!"},"content":{"rendered":"\n<p>O concurso IFAM (Instituto Federal de Educa\u00e7\u00e3o, Ci\u00eancia e Tecnologia do Amazonas) est\u00e1 com <strong>19 vagas <\/strong>abertas para diversas especialidades, tanto para n\u00edveis m\u00e9dio quanto superior. As remunera\u00e7\u00f5es iniciais podem chegar a <strong>R$ 4,9 mil!<\/strong> N\u00e3o perca a chance de garantir a sua vaga e confira todos os detalhes!<\/p>\n\n\n\n<div id=\"ez-toc-container\" class=\"ez-toc-v2_0_69_1 counter-hierarchy ez-toc-counter ez-toc-grey ez-toc-container-direction\">\n<div class=\"ez-toc-title-container\">\n<p class=\"ez-toc-title \" >Menu de navega&ccedil;&atilde;o<\/p>\n<span class=\"ez-toc-title-toggle\"><a href=\"#\" class=\"ez-toc-pull-right ez-toc-btn ez-toc-btn-xs ez-toc-btn-default ez-toc-toggle\" aria-label=\"Toggle Table of Content\"><span class=\"ez-toc-js-icon-con\"><span class=\"\"><span class=\"eztoc-hide\" style=\"display:none;\">Toggle<\/span><span class=\"ez-toc-icon-toggle-span\"><svg style=\"fill: #999;color:#999\" xmlns=\"http:\/\/www.w3.org\/2000\/svg\" class=\"list-377408\" width=\"20px\" height=\"20px\" viewBox=\"0 0 24 24\" fill=\"none\"><path d=\"M6 6H4v2h2V6zm14 0H8v2h12V6zM4 11h2v2H4v-2zm16 0H8v2h12v-2zM4 16h2v2H4v-2zm16 0H8v2h12v-2z\" fill=\"currentColor\"><\/path><\/svg><svg style=\"fill: #999;color:#999\" class=\"arrow-unsorted-368013\" xmlns=\"http:\/\/www.w3.org\/2000\/svg\" width=\"10px\" height=\"10px\" viewBox=\"0 0 24 24\" version=\"1.2\" baseProfile=\"tiny\"><path d=\"M18.2 9.3l-6.2-6.3-6.2 6.3c-.2.2-.3.4-.3.7s.1.5.3.7c.2.2.4.3.7.3h11c.3 0 .5-.1.7-.3.2-.2.3-.5.3-.7s-.1-.5-.3-.7zM5.8 14.7l6.2 6.3 6.2-6.3c.2-.2.3-.5.3-.7s-.1-.5-.3-.7c-.2-.2-.4-.3-.7-.3h-11c-.3 0-.5.1-.7.3-.2.2-.3.5-.3.7s.1.5.3.7z\"\/><\/svg><\/span><\/span><\/span><\/a><\/span><\/div>\n<nav><ul class='ez-toc-list ez-toc-list-level-1 ' ><li class='ez-toc-page-1 ez-toc-heading-level-2'><a class=\"ez-toc-link ez-toc-heading-1\" href=\"https:\/\/www.editorasolucao.com.br\/blog\/concurso\/ifam\/#Saiba_como_se_inscrever_no_concurso_IFAM\" title=\"Saiba como se inscrever no concurso IFAM\">Saiba como se inscrever no concurso IFAM<\/a><\/li><li class='ez-toc-page-1 ez-toc-heading-level-2'><a class=\"ez-toc-link ez-toc-heading-2\" href=\"https:\/\/www.editorasolucao.com.br\/blog\/concurso\/ifam\/#Cargos_vagas_e_salarios_do_concurso_IFAM\" title=\"Cargos, vagas e sal\u00e1rios do concurso IFAM\">Cargos, vagas e sal\u00e1rios do concurso IFAM<\/a><\/li><li class='ez-toc-page-1 ez-toc-heading-level-2'><a class=\"ez-toc-link ez-toc-heading-3\" href=\"https:\/\/www.editorasolucao.com.br\/blog\/concurso\/ifam\/#Requisitos_para_a_investidura_dos_cargos_do_concurso_IFAM\" title=\"Requisitos para a investidura dos cargos do concurso IFAM\">Requisitos para a investidura dos cargos do concurso IFAM<\/a><\/li><li class='ez-toc-page-1 ez-toc-heading-level-2'><a class=\"ez-toc-link ez-toc-heading-4\" href=\"https:\/\/www.editorasolucao.com.br\/blog\/concurso\/ifam\/#Como_os_candidatos_do_concurso_IFAM_serao_avaliados\" title=\"Como os candidatos do concurso IFAM ser\u00e3o avaliados?\">Como os candidatos do concurso IFAM ser\u00e3o avaliados?<\/a><\/li><\/ul><\/nav><\/div>\n<h2 class=\"wp-block-heading\"><span class=\"ez-toc-section\" id=\"Saiba_como_se_inscrever_no_concurso_IFAM\"><\/span>Saiba como se inscrever no concurso IFAM <span class=\"ez-toc-section-end\"><\/span><\/h2>\n\n\n\n<p>As inscri\u00e7\u00f5es para o concurso IFAM j\u00e1 est\u00e3o abertas e podem ser realizadas at\u00e9 o dia<strong> 5 de mar\u00e7o de 2025, <\/strong>exclusivamente atrav\u00e9s do site da banca organizadora, a <a href=\"https:\/\/www.fundatec.org.br\/portal\/concursos\/index_concursos.php?concurso=968\" target=\"_blank\" rel=\"noreferrer noopener\">Fundatec.<\/a> <\/p>\n\n\n\n<p>A taxa de inscri\u00e7\u00e3o \u00e9 de <strong>R$ 100,00<\/strong> para os cargos de n\u00edvel m\u00e9dio e <strong>R$ 120,00<\/strong> para os cargos de n\u00edvel superior.<\/p>\n\n\n\n<p>Para que a inscri\u00e7\u00e3o seja homologada, o pagamento da taxa deve ser efetuado at\u00e9 o dia <strong>6 de mar\u00e7o de 2025.<\/strong><\/p>\n\n\n\n<p>Al\u00e9m disso, candidatos que est\u00e3o inscritos no Cad\u00danico ou s\u00e3o doadores de medula \u00f3ssea podem solicitar isen\u00e7\u00e3o da taxa de inscri\u00e7\u00e3o at\u00e9 o dia de hoje,<strong> 11 de fevereiro de 2025. <\/strong><\/p>\n\n\n\n<p>N\u00e3o perca essa oportunidade!<\/p>\n\n\n\n<h2 class=\"wp-block-heading\"><span class=\"ez-toc-section\" id=\"Cargos_vagas_e_salarios_do_concurso_IFAM\"><\/span>Cargos, vagas e sal\u00e1rios do concurso IFAM<span class=\"ez-toc-section-end\"><\/span><\/h2>\n\n\n\n<p>O concurso IFAM est\u00e1 ofertando <strong>19 vagas imediatas<\/strong> para a carreira de T\u00e9cnico-Administrativo em Educa\u00e7\u00e3o em v\u00e1rios especialidades. Confira como essas oportunidades est\u00e3o sendo distribu\u00eddas e suas respectivas remunera\u00e7\u00f5es: <\/p>\n\n\n\n<h3 class=\"wp-block-heading\">Cargos de n\u00edvel m\u00e9dio\/t\u00e9cnico<\/h3>\n\n\n\n<ul>\n<li>T\u00e9cnico em Contabilidade (3)<\/li>\n\n\n\n<li>T\u00e9cnico de Laborat\u00f3rio \u2013 \u00c1rea Constru\u00e7\u00e3o Civil (1)<\/li>\n\n\n\n<li>T\u00e9cnico de Laborat\u00f3rio \u2013 \u00c1rea Inform\u00e1tica (4)<\/li>\n\n\n\n<li>T\u00e9cnico de Laborat\u00f3rio \u2013 \u00c1rea Qu\u00edmica (1)<\/li>\n\n\n\n<li>T\u00e9cnico de Laborat\u00f3rio \u2013 Recursos Pesqueiros (1)<\/li>\n<\/ul>\n\n\n\n<p><\/p>\n\n\n\n<p>O sal\u00e1rio para os cargos de n\u00edvel m\u00e9dio \u00e9 de <strong>R$3.029,90<\/strong>. <\/p>\n\n\n\n<h3 class=\"wp-block-heading\">Cargos de n\u00edvel superior<\/h3>\n\n\n\n<ul>\n<li>Analista de Tecnologia da Informa\u00e7\u00e3o (3)<\/li>\n\n\n\n<li>Assistente Social (1)<\/li>\n\n\n\n<li>Enfermeiro (1)<\/li>\n\n\n\n<li>Engenheiro &#8211; \u00c1rea El\u00e9trica (1)<\/li>\n\n\n\n<li>Engenheiro Agr\u00f4nomo (1)<\/li>\n\n\n\n<li>Tecn\u00f3logo em Gest\u00e3o Financeira (1)<\/li>\n\n\n\n<li><a href=\"https:\/\/www.editorasolucao.com.br\/apostila\/ifam-tecnologo-gestao-publica?q=ifam\" target=\"_blank\" rel=\"noreferrer noopener\">Tecn\u00f3logo em Gest\u00e3o P\u00fablica (1)<\/a><\/li>\n<\/ul>\n\n\n\n<p><\/p>\n\n\n\n<p>A remunera\u00e7\u00e3o inicial para os cargos de n\u00edvel superior \u00e9 de <strong>R$4.967,04<\/strong>. <\/p>\n\n\n\n<p>Al\u00e9m do vecimento base, os candidatos far\u00e3o jus aos seguintes benef\u00edcios: <\/p>\n\n\n\n<ul>\n<li>Aux\u00edlio-alimenta\u00e7\u00e3o: R$ 1.000,00 por m\u00eas;<\/li>\n\n\n\n<li>Aux\u00edlio Creche e Pr\u00e9-Escolar: R$ 484,90, conforme a legisla\u00e7\u00e3o vigente; e<\/li>\n\n\n\n<li>Vale Transporte: concedido, caso o servidor preencha os requisitos legais.<\/li>\n<\/ul>\n\n\n\n<h2 class=\"wp-block-heading\"><span class=\"ez-toc-section\" id=\"Requisitos_para_a_investidura_dos_cargos_do_concurso_IFAM\"><\/span>Requisitos para a investidura dos cargos do concurso IFAM <span class=\"ez-toc-section-end\"><\/span><\/h2>\n\n\n\n<p>De acordo com o edital, esses s\u00e3o os requisitos b\u00e1sicos exigidos para a nomea\u00e7\u00e3o e posse dos cargos ofertados no concurso IFAM: <\/p>\n\n\n\n<p><strong>Requisitos para inscri\u00e7\u00e3o no concurso IFAM:<\/strong><\/p>\n\n\n\n<ul>\n<li>Ser brasileiro nato ou naturalizado, ou de nacionalidade portuguesa, com reconhecimento de direitos pol\u00edticos, conforme o art. 12, \u00a7 1\u00ba, da Constitui\u00e7\u00e3o da Rep\u00fablica e art. 13 do Decreto n\u00ba 70.436\/1972.<\/li>\n\n\n\n<li>Ter idade m\u00ednima de 18 (dezoito) anos completos.<\/li>\n\n\n\n<li>Estar no pleno gozo de seus direitos civis e pol\u00edticos.<\/li>\n\n\n\n<li>Estar quite com as obriga\u00e7\u00f5es militares e eleitorais.<\/li>\n\n\n\n<li>Conhecer e estar de acordo com as exig\u00eancias do Edital.<\/li>\n\n\n\n<li>Ter aptid\u00e3o f\u00edsica e mental, conforme art. 5\u00ba, inc. VI, da Lei Federal n\u00ba 8.112\/90, Decreto n\u00ba 9.739\/2019 e suas altera\u00e7\u00f5es.<\/li>\n\n\n\n<li>Para estrangeiros: estar com situa\u00e7\u00e3o regular no pa\u00eds, por interm\u00e9dio de visto permanente que o habilite a trabalhar no territ\u00f3rio nacional.<\/li>\n<\/ul>\n\n\n\n<p><strong>Requisitos para investidura no cargo (dever\u00e3o ser comprovados no ato da posse):<\/strong><\/p>\n\n\n\n<ul>\n<li>Possuir a escolaridade exigida para o cargo at\u00e9 a data da posse.<\/li>\n\n\n\n<li>Possuir os pr\u00e9-requisitos exigidos para o cargo, conforme discriminado neste Edital, at\u00e9 a data da posse.<\/li>\n\n\n\n<li>Apresentar outros documentos que forem exigidos.<\/li>\n\n\n\n<li>Ser considerado APTO em todos os exames m\u00e9dicos pr\u00e9-admissionais, apresentando os exames cl\u00ednicos e laboratoriais solicitados (\u00e0s expensas do candidato).<\/li>\n\n\n\n<li>N\u00e3o ter sofrido penalidade incompat\u00edvel com a investidura em cargo p\u00fablico federal, conforme art. 137, Par\u00e1grafo \u00fanico, da Lei Federal n\u00ba 8.112\/1990.<\/li>\n\n\n\n<li>N\u00e3o acumular cargos, empregos e fun\u00e7\u00f5es p\u00fablicas, exceto os permitidos pela Constitui\u00e7\u00e3o Federal, com a possibilidade de optar dentro do prazo para posse (art. 13, \u00a71\u00ba da Lei Federal n\u00ba 8.112\/90).<\/li>\n\n\n\n<li>N\u00e3o receber proventos de aposentadoria que caracterizem acumula\u00e7\u00e3o il\u00edcita de cargos, conforme art. 37, inc. XVI, da Constitui\u00e7\u00e3o Federal.<\/li>\n\n\n\n<li>Autorizar o acesso \u00e0s Declara\u00e7\u00f5es de Ajuste Anual do Imposto de Renda de Pessoa F\u00edsica, conforme Instru\u00e7\u00e3o Normativa do Tribunal de Contas da Uni\u00e3o (TCU) n\u00ba 65\/2011 e cadastro no sistema e-Patri, de acordo com o Decreto n\u00ba 10.571, de 09 de dezembro de 2020.<\/li>\n\n\n\n<li>Apresentar comprovante de resid\u00eancia emitido nos \u00faltimos tr\u00eas meses (conta de \u00e1gua, energia el\u00e9trica ou telefone).<\/li>\n\n\n\n<li>Apresentar declara\u00e7\u00e3o de Bens e Renda atualizada.<\/li>\n<\/ul>\n\n\n\n<h2 class=\"wp-block-heading\"><span class=\"ez-toc-section\" id=\"Como_os_candidatos_do_concurso_IFAM_serao_avaliados\"><\/span>Como os candidatos do concurso IFAM ser\u00e3o avaliados? <span class=\"ez-toc-section-end\"><\/span><\/h2>\n\n\n\n<p>Os candidatos do concurso IFAM ser\u00e3o avaliados por meio de uma \u00fanica etapa de sele\u00e7\u00e3o, a prova objetiva. <\/p>\n\n\n\n<p>A prova objetiva, de car\u00e1ter eliminat\u00f3rio e classificat\u00f3rio, ser\u00e1 aplicada no dia <strong>30 de mar\u00e7o de 2025,<\/strong> nas seguintes cidades: <\/p>\n\n\n\n<ul>\n<li>Manaus\/AM,<\/li>\n\n\n\n<li>Eirunep\u00e9\/AM,<\/li>\n\n\n\n<li>Mau\u00e9s\/AM,<\/li>\n\n\n\n<li>S\u00e3o Gabriel da Cachoeira\/AM,<\/li>\n\n\n\n<li>Tabatinga\/AM e<\/li>\n\n\n\n<li>Tef\u00e9\/AM.<\/li>\n<\/ul>\n\n\n\n<p><\/p>\n\n\n\n<p>A avalia\u00e7\u00e3o ser\u00e1 versada sobre as seguintes disciplinas: <\/p>\n\n\n\n<figure class=\"wp-block-image size-full\"><img loading=\"lazy\" decoding=\"async\" width=\"702\" height=\"169\" src=\"https:\/\/www.editorasolucao.com.br\/blog\/wp-content\/uploads\/2025\/02\/objetiva-ifam_1.webp\" alt=\"tabela de disciplinas do concurso ifam\n\" class=\"wp-image-45843\"\/><\/figure>\n\n\n\n<p>A prova objetiva ser\u00e1 avaliada em uma escala de 0 a 100 pontos, sendo aprovado o candidato que obtiver nota igual ou superior a 50 pontos. <\/p>\n\n\n\n<p><\/p>\n\n\n\n<p><strong>Boa prova e bons estudos!<\/strong><\/p>\n","protected":false},"excerpt":{"rendered":"<p>O concurso IFAM est\u00e1 ofertando 19 vagas para cargos de n\u00edvies m\u00e9dio e superior!<\/p>\n","protected":false},"author":21,"featured_media":45840,"template":"","meta":{"_acf_changed":true,"rank_math_lock_modified_date":false},"categories":[52],"tags":[98],"acf":[],"_links":{"self":[{"href":"https:\/\/www.editorasolucao.com.br\/blog\/wp-json\/wp\/v2\/concurso\/1719"}],"collection":[{"href":"https:\/\/www.editorasolucao.com.br\/blog\/wp-json\/wp\/v2\/concurso"}],"about":[{"href":"https:\/\/www.editorasolucao.com.br\/blog\/wp-json\/wp\/v2\/types\/concurso"}],"author":[{"embeddable":true,"href":"https:\/\/www.editorasolucao.com.br\/blog\/wp-json\/wp\/v2\/users\/21"}],"wp:featuredmedia":[{"embeddable":true,"href":"https:\/\/www.editorasolucao.com.br\/blog\/wp-json\/wp\/v2\/media\/45840"}],"wp:attachment":[{"href":"https:\/\/www.editorasolucao.com.br\/blog\/wp-json\/wp\/v2\/media?parent=1719"}],"wp:term":[{"taxonomy":"category","embeddable":true,"href":"https:\/\/www.editorasolucao.com.br\/blog\/wp-json\/wp\/v2\/categories?post=1719"},{"taxonomy":"post_tag","embeddable":true,"href":"https:\/\/www.editorasolucao.com.br\/blog\/wp-json\/wp\/v2\/tags?post=1719"}],"curies":[{"name":"wp","href":"https:\/\/api.w.org\/{rel}","templated":true}]}}