{"id":17278,"date":"2021-03-09T16:57:00","date_gmt":"2021-03-09T19:57:00","guid":{"rendered":"https:\/\/www.editorasolucao.com.br\/blog\/?post_type=concurso&#038;p=17278"},"modified":"2021-03-09T16:57:22","modified_gmt":"2021-03-09T19:57:22","slug":"core-rn","status":"publish","type":"concurso","link":"https:\/\/www.editorasolucao.com.br\/blog\/concurso\/core-rn","title":{"rendered":"Concurso CORE-RN: Edital publicado; Vagas para n\u00edveis m\u00e9dio e superior!"},"content":{"rendered":"\n<p>Foi divulgado o Edital do Concurso CORE-RN (Conselho Regional dos Representantes Comerciais, no estado do <a href=\"https:\/\/www.editorasolucao.com.br\/blog\/concursos-abertos-rn\">Rio Grande do Norte<\/a>), que oferece vagas para candidatos de n\u00edveis M\u00e9dio e Superior, com sal\u00e1rios que chegam a R$ 3,3 mil. Confira os detalhes ao decorrer do texto.<\/p>\n\n\n\n<ul><li><a href=\"#inscri\u00e7oes-corern\">Inscri\u00e7\u00f5es concurso CORE-RN<\/a><\/li><li><a href=\"#cargos-corern\">Cargos e vagas<\/a><\/li><li><a href=\"#provas-corern\">Provas<\/a><ul><li><a href=\"#objetiva-corern\">Prova Objetiva<\/a><\/li><li><a href=\"#dissertativa-corern\">Prova Dissertativa<\/a><\/li><\/ul><\/li><\/ul>\n\n\n\n<div id=\"ez-toc-container\" class=\"ez-toc-v2_0_69_1 counter-hierarchy ez-toc-counter ez-toc-grey ez-toc-container-direction\">\n<div class=\"ez-toc-title-container\">\n<p class=\"ez-toc-title \" >Menu de navega&ccedil;&atilde;o<\/p>\n<span class=\"ez-toc-title-toggle\"><a href=\"#\" class=\"ez-toc-pull-right ez-toc-btn ez-toc-btn-xs ez-toc-btn-default ez-toc-toggle\" aria-label=\"Toggle Table of Content\"><span class=\"ez-toc-js-icon-con\"><span class=\"\"><span class=\"eztoc-hide\" style=\"display:none;\">Toggle<\/span><span class=\"ez-toc-icon-toggle-span\"><svg style=\"fill: #999;color:#999\" xmlns=\"http:\/\/www.w3.org\/2000\/svg\" class=\"list-377408\" width=\"20px\" height=\"20px\" viewBox=\"0 0 24 24\" fill=\"none\"><path d=\"M6 6H4v2h2V6zm14 0H8v2h12V6zM4 11h2v2H4v-2zm16 0H8v2h12v-2zM4 16h2v2H4v-2zm16 0H8v2h12v-2z\" fill=\"currentColor\"><\/path><\/svg><svg style=\"fill: #999;color:#999\" class=\"arrow-unsorted-368013\" xmlns=\"http:\/\/www.w3.org\/2000\/svg\" width=\"10px\" height=\"10px\" viewBox=\"0 0 24 24\" version=\"1.2\" baseProfile=\"tiny\"><path d=\"M18.2 9.3l-6.2-6.3-6.2 6.3c-.2.2-.3.4-.3.7s.1.5.3.7c.2.2.4.3.7.3h11c.3 0 .5-.1.7-.3.2-.2.3-.5.3-.7s-.1-.5-.3-.7zM5.8 14.7l6.2 6.3 6.2-6.3c.2-.2.3-.5.3-.7s-.1-.5-.3-.7c-.2-.2-.4-.3-.7-.3h-11c-.3 0-.5.1-.7.3-.2.2-.3.5-.3.7s.1.5.3.7z\"\/><\/svg><\/span><\/span><\/span><\/a><\/span><\/div>\n<nav><ul class='ez-toc-list ez-toc-list-level-1 ' ><li class='ez-toc-page-1 ez-toc-heading-level-2'><a class=\"ez-toc-link ez-toc-heading-1\" href=\"https:\/\/www.editorasolucao.com.br\/blog\/concurso\/core-rn\/#Inscricoes_do_Concurso_CORE-RN\" title=\"Inscri\u00e7\u00f5es do Concurso CORE-RN\">Inscri\u00e7\u00f5es do Concurso CORE-RN<\/a><\/li><li class='ez-toc-page-1 ez-toc-heading-level-2'><a class=\"ez-toc-link ez-toc-heading-2\" href=\"https:\/\/www.editorasolucao.com.br\/blog\/concurso\/core-rn\/#Cargos_vagas_e_salarios_do_Concurso_CORE_RN\" title=\"Cargos, vagas e sal\u00e1rios do Concurso CORE RN\">Cargos, vagas e sal\u00e1rios do Concurso CORE RN<\/a><\/li><li class='ez-toc-page-1 ez-toc-heading-level-2'><a class=\"ez-toc-link ez-toc-heading-3\" href=\"https:\/\/www.editorasolucao.com.br\/blog\/concurso\/core-rn\/#Quais_sao_os_requisitos_basicos_para_a_investidura_nos_cargos_do_Concurso_CORE-RN\" title=\"Quais s\u00e3o os requisitos b\u00e1sicos para a investidura nos cargos do Concurso CORE-RN?\">Quais s\u00e3o os requisitos b\u00e1sicos para a investidura nos cargos do Concurso CORE-RN?<\/a><\/li><li class='ez-toc-page-1 ez-toc-heading-level-2'><a class=\"ez-toc-link ez-toc-heading-4\" href=\"https:\/\/www.editorasolucao.com.br\/blog\/concurso\/core-rn\/#Como_serao_as_provas_do_Concurso_CORE-RN\" title=\"Como ser\u00e3o as provas do Concurso CORE-RN?\">Como ser\u00e3o as provas do Concurso CORE-RN?<\/a><\/li><li class='ez-toc-page-1 ez-toc-heading-level-2'><a class=\"ez-toc-link ez-toc-heading-5\" href=\"https:\/\/www.editorasolucao.com.br\/blog\/concurso\/core-rn\/#Prova_Objetiva\" title=\"Prova Objetiva\">Prova Objetiva<\/a><\/li><li class='ez-toc-page-1 ez-toc-heading-level-2'><a class=\"ez-toc-link ez-toc-heading-6\" href=\"https:\/\/www.editorasolucao.com.br\/blog\/concurso\/core-rn\/#Prova_Dissertativa\" title=\"Prova Dissertativa\">Prova Dissertativa<\/a><\/li><\/ul><\/nav><\/div>\n<h2 class=\"wp-block-heading\" id=\"inscri\u00e7oes-corern\"><span class=\"ez-toc-section\" id=\"Inscricoes_do_Concurso_CORE-RN\"><\/span>Inscri\u00e7\u00f5es do Concurso CORE-RN<span class=\"ez-toc-section-end\"><\/span><\/h2>\n\n\n\n<p>As inscri\u00e7\u00f5es dever\u00e3o ser realizadas atrav\u00e9s do site da banca organizadora, <a href=\"https:\/\/concursosrbo.com.br\/Projetos\/projeto-detalhes.aspx?id=OSdpnz2PLCY=\" target=\"_blank\" rel=\"noopener\">RBO<\/a>, a partir do dia <strong>10 de mar\u00e7o, at\u00e9 o dia 02 de abril de 2021<\/strong>. Para efetuar a inscri\u00e7\u00e3o \u00e9 necess\u00e1rio pagar uma taxa com valores referentes ao n\u00edvel do cargo desejado.<\/p>\n\n\n\n<p>N\u00edvel M\u00e9dio: <strong>R$ 55,00<\/strong><br>N\u00edvel Superior: <strong>R$ 71,60<\/strong><\/p>\n\n\n\n<p>Haver\u00e1 <strong>isen\u00e7\u00e3o do pagamento<\/strong> da taxa de inscri\u00e7\u00e3o para o candidato que for doador medula \u00f3ssea em entidades reconhecidas pelo Minist\u00e9rio da Sa\u00fade.<\/p>\n\n\n\n<h2 class=\"wp-block-heading\" id=\"cargos-corern\"><span class=\"ez-toc-section\" id=\"Cargos_vagas_e_salarios_do_Concurso_CORE_RN\"><\/span>Cargos, vagas e sal\u00e1rios do Concurso CORE RN<span class=\"ez-toc-section-end\"><\/span><\/h2>\n\n\n\n<p>S\u00e3o ofertadas <strong>03 vagas imediatas<\/strong> para candidatos de n\u00edveis M\u00e9dio e Superior, com sal\u00e1rios que v\u00e3o de R$ 1.575,00 a R$ 3.300,00, exercendo jornadas de trabalho de 40 horas semanais. Abaixo est\u00e3o a quantidade de oportunidades e remunera\u00e7\u00f5es correspondentes a cada fun\u00e7\u00e3o.<\/p>\n\n\n\n<p><strong>N\u00edvel M\u00e9dio<\/strong><\/p>\n\n\n\n<ul><li>Assistente Administrativo (1): R$ 1.575,00<\/li><li>Fiscal (1): R$ 1.736,44<\/li><\/ul>\n\n\n\n<p><br><strong>N\u00edvel Superior<\/strong><\/p>\n\n\n\n<ul><li>Assistente Jur\u00eddico (1): R$ 3.300,00<\/li><\/ul>\n\n\n\n<h2 class=\"wp-block-heading\"><span class=\"ez-toc-section\" id=\"Quais_sao_os_requisitos_basicos_para_a_investidura_nos_cargos_do_Concurso_CORE-RN\"><\/span>Quais s\u00e3o os requisitos b\u00e1sicos para a investidura nos cargos do Concurso CORE-RN?<span class=\"ez-toc-section-end\"><\/span><\/h2>\n\n\n\n<p>Saiba quais s\u00e3o as exig\u00eancias para que o candidato tome posse dos cargos ofertados:<\/p>\n\n\n\n<ul><li>Ter nacionalidade brasileira ou portuguesa, amparada pelo Estatuto da Igualdade entre brasileiros e portugueses conforme disposto nos termos do par\u00e1grafo 1\u00ba, artigo 12, da Constitui\u00e7\u00e3o Federal e do Decreto Federal n\u00ba 70.436\/72;<\/li><li>Ter, na data da contrata\u00e7\u00e3o, idade m\u00ednima de 18 (dezoito) anos completos;<\/li><li>No caso do sexo masculino, estar em dia com o Servi\u00e7o Militar, nos termos do Decreto n\u00ba 57.654\/66, alterado pelo Decreto n\u00ba 93.670\/86;<\/li><li>Ser eleitor(a) e estar quite com a Justi\u00e7a Eleitoral;<\/li><li>Possuir documenta\u00e7\u00e3o comprobat\u00f3ria, no ato da contrata\u00e7\u00e3o, dos REQUISITOS M\u00cdNIMOS EXIGIDOS para o cargo, conforme especificado na Tabela I, do Cap\u00edtulo 1, e a DOCUMENTA\u00c7\u00c3O COMPROBAT\u00d3RIA determinada no item 13.5 do Cap\u00edtulo 13 do edital;<\/li><li>Ter aptid\u00e3o f\u00edsica e mental e n\u00e3o possuir defici\u00eancia f\u00edsica incompat\u00edvel com o exerc\u00edcio do cargo.<\/li><li>N\u00e3o ter sido punido(a), em decis\u00e3o da qual n\u00e3o caiba recurso administrativo, em processo disciplinar, por ato lesivo ao patrim\u00f4nio p\u00fablico de qualquer esfera de governo, condenado em processo criminal por pr\u00e1tica de crimes contra a administra\u00e7\u00e3o p\u00fablica, capitulados nos t\u00edtulos II e XI da Parte Especial do C\u00f3digo Penal Brasileiro, na Lei n\u00ba 7.492\/86 e na Lei n\u00ba 8.429\/92;<\/li><li>N\u00e3o ter sido dispensado(a) do Conselho Regional dos Representantes Comerciais no Estado do Rio Grande do Norte por infra\u00e7\u00e3o disciplinar.<\/li><li>N\u00e3o estar, no ato da contrata\u00e7\u00e3o, incompatibilizado(a) para nova contrata\u00e7\u00e3o em novo cargo;<\/li><li>N\u00e3o possuir antecedentes criminais;<\/li><li>N\u00e3o estar com idade de aposentadoria compuls\u00f3ria;<\/li><li>N\u00e3o receber proventos de aposentadoria ou remunera\u00e7\u00e3o de cargo, emprego ou fun\u00e7\u00e3o p\u00fablica, ressalvados os cargos acumul\u00e1veis previstos na Constitui\u00e7\u00e3o Federal.<\/li><\/ul>\n\n\n\n<h2 class=\"wp-block-heading\" id=\"provas-corern\"><span class=\"ez-toc-section\" id=\"Como_serao_as_provas_do_Concurso_CORE-RN\"><\/span>Como ser\u00e3o as provas do Concurso CORE-RN?<span class=\"ez-toc-section-end\"><\/span><\/h2>\n\n\n\n<p>O certame ser\u00e1 composto pelas seguintes etapas:<\/p>\n\n\n\n<ul><li><strong>Prova Objetiva<\/strong>, de car\u00e1ter eliminat\u00f3rio e classificat\u00f3rio (para todos os cargos); e<\/li><li><strong>Prova Dissertativa<\/strong>, de eliminat\u00f3rio e classificat\u00f3rio (para o cargo de Assistente Jur\u00eddico).<\/li><\/ul>\n\n\n\n<h2 class=\"wp-block-heading\" id=\"objetiva-corern\"><span class=\"ez-toc-section\" id=\"Prova_Objetiva\"><\/span>Prova Objetiva<span class=\"ez-toc-section-end\"><\/span><\/h2>\n\n\n\n<p>A Prova Objetiva est\u00e1 prevista para ser realizada no dia <strong>25 de abril de 2021<\/strong>, tendo dura\u00e7\u00e3o de 4h30 para o cargo de Assistente Jur\u00eddico e 4 horas para os demais candidatos. Os exames contar\u00e3o com 40 quest\u00f5es de m\u00faltipla escolha para os cargos de n\u00edvel M\u00e9dio e 50 quest\u00f5es para os de n\u00edvel Superior. As disciplinas que versar\u00e3o as provas ser\u00e3o:<\/p>\n\n\n\n<p><strong>N\u00edvel M\u00e9dio<\/strong><\/p>\n\n\n\n<ul><li>L\u00edngua Portuguesa \u2013 10 quest\u00f5es;<\/li><li>Matem\u00e1tica\/Racioc\u00ednio L\u00f3gico \u2013 05 quest\u00f5es;<\/li><li>Conhecimentos em Inform\u00e1tica \u2013 05 quest\u00f5es;<\/li><li>Conhecimentos Espec\u00edficos \u2013 20 quest\u00f5es.<\/li><\/ul>\n\n\n\n<p><br><strong>N\u00edvel Superior<\/strong><\/p>\n\n\n\n<ul><li>L\u00edngua Portuguesa \u2013 10 quest\u00f5es;<\/li><li>Conhecimentos em Inform\u00e1tica \u2013 10 quest\u00f5es;<\/li><li>Conhecimentos Espec\u00edficos \u2013 30 quest\u00f5es.<\/li><\/ul>\n\n\n\n<h2 class=\"wp-block-heading\" id=\"dissertativa-corern\"><span class=\"ez-toc-section\" id=\"Prova_Dissertativa\"><\/span>Prova Dissertativa<span class=\"ez-toc-section-end\"><\/span><\/h2>\n\n\n\n<p>A Prova Dissertativa para os candidatos ao cargo de Assistente Jur\u00eddico consistir\u00e1 na elabora\u00e7\u00e3o de um texto dissertativo, com base em uma situa\u00e7\u00e3o problema ou um tema formulado pela banca examinadora. O tema ser\u00e1 elaborado com base no Programa de Conhecimentos Espec\u00edficos do respectivo cargo.<\/p>\n\n\n\n<p><br>Conferiu todo o texto? Deseja fazer o certame? Ent\u00e3o comece a se preparar com as&nbsp;<strong>Apostilas Solu\u00e7\u00e3o<\/strong>&nbsp;e tenha um resultado positivo!&nbsp;<strong>Bons estudos e boa prova!!!<\/strong><\/p>\n","protected":false},"excerpt":{"rendered":"<p>Foi divulgado o Edital do Concurso CORE-RN (Conselho Regional dos Representantes Comerciais, no estado do Rio Grande do Norte), que oferece vagas para candidatos de n\u00edveis M\u00e9dio e Superior, com sal\u00e1rios que chegam a R$ 3,3 mil. Confira os detalhes ao decorrer do texto. Inscri\u00e7\u00f5es concurso CORE-RN Cargos e vagas Provas Prova Objetiva Prova Dissertativa Inscri\u00e7\u00f5es do Concurso CORE-RN As inscri\u00e7\u00f5es dever\u00e3o ser realizadas atrav\u00e9s do site da banca organizadora, RBO, a partir do dia 10 de mar\u00e7o, at\u00e9 o dia 02 de abril de 2021. Para efetuar a inscri\u00e7\u00e3o \u00e9 necess\u00e1rio pagar uma taxa com valores referentes ao n\u00edvel&#8230;<\/p>\n","protected":false},"author":7,"featured_media":18022,"template":"","meta":{"_acf_changed":false,"rank_math_lock_modified_date":false},"categories":[],"tags":[],"acf":[],"_links":{"self":[{"href":"https:\/\/www.editorasolucao.com.br\/blog\/wp-json\/wp\/v2\/concurso\/17278"}],"collection":[{"href":"https:\/\/www.editorasolucao.com.br\/blog\/wp-json\/wp\/v2\/concurso"}],"about":[{"href":"https:\/\/www.editorasolucao.com.br\/blog\/wp-json\/wp\/v2\/types\/concurso"}],"author":[{"embeddable":true,"href":"https:\/\/www.editorasolucao.com.br\/blog\/wp-json\/wp\/v2\/users\/7"}],"wp:featuredmedia":[{"embeddable":true,"href":"https:\/\/www.editorasolucao.com.br\/blog\/wp-json\/wp\/v2\/media\/18022"}],"wp:attachment":[{"href":"https:\/\/www.editorasolucao.com.br\/blog\/wp-json\/wp\/v2\/media?parent=17278"}],"wp:term":[{"taxonomy":"category","embeddable":true,"href":"https:\/\/www.editorasolucao.com.br\/blog\/wp-json\/wp\/v2\/categories?post=17278"},{"taxonomy":"post_tag","embeddable":true,"href":"https:\/\/www.editorasolucao.com.br\/blog\/wp-json\/wp\/v2\/tags?post=17278"}],"curies":[{"name":"wp","href":"https:\/\/api.w.org\/{rel}","templated":true}]}}