{"id":17286,"date":"2021-02-17T17:22:28","date_gmt":"2021-02-17T20:22:28","guid":{"rendered":"https:\/\/www.editorasolucao.com.br\/blog\/?post_type=concurso&#038;p=17286"},"modified":"2021-04-16T15:01:11","modified_gmt":"2021-04-16T18:01:11","slug":"camara-de-planaltina-go","status":"publish","type":"concurso","link":"https:\/\/www.editorasolucao.com.br\/blog\/concurso\/camara-de-planaltina-go","title":{"rendered":"Concurso C\u00e2mara de Planaltina &#8211; GO: Vagas pra n\u00edveis M\u00e9dio e Superior!"},"content":{"rendered":"\n<p>Foi divulgado o Edital do Concurso C\u00e2mara de Planaltina, no estado de <a href=\"https:\/\/www.editorasolucao.com.br\/blog\/concursos-abertos-go\">Goi\u00e1s<\/a>, que oferece <strong>18 vagas<\/strong> para candidatos de n\u00edveis M\u00e9dio e Superior, com sal\u00e1rios que chegam a R$ 2,1 mil. Confira os detalhes ao decorrer do texto.<\/p>\n\n\n\n<ul><li><a href=\"#inscri\u00e7oes-planaltina\">Inscri\u00e7\u00f5es do concurso C\u00e2mara de Planaltina &#8211; GO<\/a><\/li><li><a href=\"#cargos-planaltina\">Cargos e vagas<\/a><\/li><li><a href=\"#provas-planaltina\">Provas<\/a><ul><li><a href=\"#objetiva-planaltina\">Prova Objetiva<\/a><\/li><li><a href=\"#discursiva-planaltina\">Prova Discursiva<\/a><\/li><\/ul><\/li><\/ul>\n\n\n\n<p class=\"has-text-align-center\"><strong>PROVAS ADIADAS!!!<\/strong><\/p>\n\n\n\n<div id=\"ez-toc-container\" class=\"ez-toc-v2_0_69_1 counter-hierarchy ez-toc-counter ez-toc-grey ez-toc-container-direction\">\n<div class=\"ez-toc-title-container\">\n<p class=\"ez-toc-title \" >Menu de navega&ccedil;&atilde;o<\/p>\n<span class=\"ez-toc-title-toggle\"><a href=\"#\" class=\"ez-toc-pull-right ez-toc-btn ez-toc-btn-xs ez-toc-btn-default ez-toc-toggle\" aria-label=\"Toggle Table of Content\"><span class=\"ez-toc-js-icon-con\"><span class=\"\"><span class=\"eztoc-hide\" style=\"display:none;\">Toggle<\/span><span class=\"ez-toc-icon-toggle-span\"><svg style=\"fill: #999;color:#999\" xmlns=\"http:\/\/www.w3.org\/2000\/svg\" class=\"list-377408\" width=\"20px\" height=\"20px\" viewBox=\"0 0 24 24\" fill=\"none\"><path d=\"M6 6H4v2h2V6zm14 0H8v2h12V6zM4 11h2v2H4v-2zm16 0H8v2h12v-2zM4 16h2v2H4v-2zm16 0H8v2h12v-2z\" fill=\"currentColor\"><\/path><\/svg><svg style=\"fill: #999;color:#999\" class=\"arrow-unsorted-368013\" xmlns=\"http:\/\/www.w3.org\/2000\/svg\" width=\"10px\" height=\"10px\" viewBox=\"0 0 24 24\" version=\"1.2\" baseProfile=\"tiny\"><path d=\"M18.2 9.3l-6.2-6.3-6.2 6.3c-.2.2-.3.4-.3.7s.1.5.3.7c.2.2.4.3.7.3h11c.3 0 .5-.1.7-.3.2-.2.3-.5.3-.7s-.1-.5-.3-.7zM5.8 14.7l6.2 6.3 6.2-6.3c.2-.2.3-.5.3-.7s-.1-.5-.3-.7c-.2-.2-.4-.3-.7-.3h-11c-.3 0-.5.1-.7.3-.2.2-.3.5-.3.7s.1.5.3.7z\"\/><\/svg><\/span><\/span><\/span><\/a><\/span><\/div>\n<nav><ul class='ez-toc-list ez-toc-list-level-1 ' ><li class='ez-toc-page-1 ez-toc-heading-level-2'><a class=\"ez-toc-link ez-toc-heading-1\" href=\"https:\/\/www.editorasolucao.com.br\/blog\/concurso\/camara-de-planaltina-go\/#Inscricoes_do_Concurso_de_Planaltina_%E2%80%93_GO\" title=\"Inscri\u00e7\u00f5es do Concurso de Planaltina \u2013 GO\">Inscri\u00e7\u00f5es do Concurso de Planaltina \u2013 GO<\/a><\/li><li class='ez-toc-page-1 ez-toc-heading-level-2'><a class=\"ez-toc-link ez-toc-heading-2\" href=\"https:\/\/www.editorasolucao.com.br\/blog\/concurso\/camara-de-planaltina-go\/#Cargos_vagas_e_salarios_do_Concurso_Camara_de_Planaltina_%E2%80%93_GO\" title=\"Cargos, vagas e sal\u00e1rios do Concurso C\u00e2mara de Planaltina \u2013 GO\">Cargos, vagas e sal\u00e1rios do Concurso C\u00e2mara de Planaltina \u2013 GO<\/a><\/li><li class='ez-toc-page-1 ez-toc-heading-level-2'><a class=\"ez-toc-link ez-toc-heading-3\" href=\"https:\/\/www.editorasolucao.com.br\/blog\/concurso\/camara-de-planaltina-go\/#Quais_sao_os_requisitos_basicos_para_a_investidura_nos_cargos_do_Concurso_de_Planaltina_%E2%80%93_GO\" title=\"Quais s\u00e3o os requisitos b\u00e1sicos para a investidura nos cargos do Concurso de Planaltina \u2013 GO?\">Quais s\u00e3o os requisitos b\u00e1sicos para a investidura nos cargos do Concurso de Planaltina \u2013 GO?<\/a><\/li><li class='ez-toc-page-1 ez-toc-heading-level-2'><a class=\"ez-toc-link ez-toc-heading-4\" href=\"https:\/\/www.editorasolucao.com.br\/blog\/concurso\/camara-de-planaltina-go\/#Como_serao_as_provas_do_Concurso_Camara_de_Planaltina_%E2%80%93_GO\" title=\"Como ser\u00e3o as provas do Concurso C\u00e2mara de Planaltina \u2013 GO?\">Como ser\u00e3o as provas do Concurso C\u00e2mara de Planaltina \u2013 GO?<\/a><\/li><\/ul><\/nav><\/div>\n<h2 class=\"wp-block-heading\" id=\"inscri\u00e7oes-planaltina\"><span class=\"ez-toc-section\" id=\"Inscricoes_do_Concurso_de_Planaltina_%E2%80%93_GO\"><\/span>Inscri\u00e7\u00f5es do Concurso de Planaltina \u2013 GO<span class=\"ez-toc-section-end\"><\/span><\/h2>\n\n\n\n<p>As inscri\u00e7\u00f5es devem ser realizadas atrav\u00e9s do site da banca organizadora, <a href=\"http:\/\/www.idib.org.br\/Concurso.aspx?ID=206\" target=\"_blank\" rel=\"noopener\">IDIB<\/a>, at\u00e9 o dia <strong>15 de mar\u00e7o de 2021<\/strong>. Para efetuar a inscri\u00e7\u00e3o \u00e9 necess\u00e1rio pagar uma taxa com valor referente ao n\u00edvel do cargo desejado.<\/p>\n\n\n\n<ul><li>N\u00edvel M\u00e9dio\/T\u00e9cnico: <strong>R$ 70,00<\/strong><\/li><li>N\u00edvel Superior: <strong>R$ 90,00<\/strong><\/li><\/ul>\n\n\n\n<h2 class=\"wp-block-heading\" id=\"cargos-planaltina\"><span class=\"ez-toc-section\" id=\"Cargos_vagas_e_salarios_do_Concurso_Camara_de_Planaltina_%E2%80%93_GO\"><\/span>Cargos, vagas e sal\u00e1rios do Concurso C\u00e2mara de Planaltina \u2013 GO<span class=\"ez-toc-section-end\"><\/span><\/h2>\n\n\n\n<p>S\u00e3o ofertadas <strong>18 vagas<\/strong> imediatas para candidatos de n\u00edveis M\u00e9dio, T\u00e9cnico e Superior, com sal\u00e1rios que v\u00e3o de R$ 1.500,00 a R$ 2.100,00, exercendo jornadas de trabalho de 40 horas semanais. Abaixo est\u00e3o a quantidade de oportunidades correspondentes a cada fun\u00e7\u00e3o.<\/p>\n\n\n\n<p><\/p>\n\n\n\n<ul id=\"block-738fc205-ce75-4f23-8250-25ae310fcc7a\"><li><strong>Adquira:<\/strong> <a href=\"https:\/\/www.editorasolucao.com.br\/concurso\/camara-de-planaltina-go\">Apostilas para concurso C\u00e2mara de Planaltina &#8211; GO<\/a><\/li><\/ul>\n\n\n\n<p>Analista Jur\u00eddico (1); Analista Administrativo (4); Analista de Recursos Humanos (1); Controlador Interno (1); Assessor de Comunica\u00e7\u00e3o (1); T\u00e9cnico Administrativo (7); T\u00e9cnico de Inform\u00e1tica (1) e Motorista (2).<\/p>\n\n\n\n<h2 class=\"wp-block-heading\"><span class=\"ez-toc-section\" id=\"Quais_sao_os_requisitos_basicos_para_a_investidura_nos_cargos_do_Concurso_de_Planaltina_%E2%80%93_GO\"><\/span>Quais s\u00e3o os requisitos b\u00e1sicos para a investidura nos cargos do Concurso de Planaltina \u2013 GO?<span class=\"ez-toc-section-end\"><\/span><\/h2>\n\n\n\n<p>Saiba quais s\u00e3o as exig\u00eancias para que o candidato tome posse dos cargos ofertados:<\/p>\n\n\n\n<ul><li>Ter sido classificado na forma estabelecida no Edital, em seus anexos e eventuais retifica\u00e7\u00f5es;<\/li><li>Ser brasileiro nato, naturalizado ou estrangeiro na forma da lei;<\/li><li>Ter idade m\u00ednima de 18 anos completos;<\/li><li>Estar quite com o servi\u00e7o militar, exceto para os candidatos do sexo feminino, e com a Justi\u00e7a Eleitoral, para todos os candidatos;<\/li><li>Firmar declara\u00e7\u00e3o de n\u00e3o estar cumprindo e nem ter sofrido, no exerc\u00edcio da fun\u00e7\u00e3o p\u00fablica, penalidade por pr\u00e1tica de improbidade administrativa, aplicada por qualquer \u00f3rg\u00e3o p\u00fablico ou entidade da esfera federal, estadual ou municipal;<\/li><li>Apresentar declara\u00e7\u00e3o quanto ao exerc\u00edcio de outro(s) cargo(s), emprego(s) ou fun\u00e7\u00e3o (\u00f5es) p\u00fablica(s) e sobre recebimento de proventos decorrentes de aposentadoria e\/ou pens\u00e3o;<\/li><li>Firmar declara\u00e7\u00e3o de n\u00e3o estar cumprindo san\u00e7\u00e3o por inidoneidade, aplicada por qualquer \u00f3rg\u00e3o p\u00fablico ou entidade da esfera federal, estadual ou municipal;<\/li><li>Firmar termo de compromisso de sigilo e confidencialidade das informa\u00e7\u00f5es;<\/li><li>Apresentar declara\u00e7\u00e3o de bens e valores que constituam patrim\u00f4nio;<\/li><li>Ser considerado apto no exame admissional a ser realizado pela C\u00e2mara Municipal de Planaltina\/GO, mediante apresenta\u00e7\u00e3o dos laudos, exames e declara\u00e7\u00e3o de sa\u00fade que forem por ela exigidos;<\/li><li>N\u00e3o ter sido condenado a pena privativa de liberdade transitada em julgado ou qualquer outra condena\u00e7\u00e3o incompat\u00edvel com a fun\u00e7\u00e3o p\u00fablica;<\/li><li>Estar registrado e com a situa\u00e7\u00e3o regularizada junto ao \u00f3rg\u00e3o de conselho de classe correspondente \u00e0 sua forma\u00e7\u00e3o profissional, quando for o caso;<\/li><li>Estar apto f\u00edsica e mentalmente para o exerc\u00edcio do cargo, n\u00e3o sendo, inclusive, pessoa com defici\u00eancia incompat\u00edvel com as atribui\u00e7\u00f5es deste, fato a ser apurado por Comiss\u00e3o institu\u00edda pela C\u00e2mara Municipal de Planaltina\/GO;<\/li><li>N\u00e3o registrar antecedentes criminais; e<\/li><li>Cumprir as determina\u00e7\u00f5es do Edital.<\/li><\/ul>\n\n\n\n<h2 class=\"wp-block-heading\" id=\"provas-planaltina\"><span class=\"ez-toc-section\" id=\"Como_serao_as_provas_do_Concurso_Camara_de_Planaltina_%E2%80%93_GO\"><\/span>Como ser\u00e3o as provas do Concurso C\u00e2mara de Planaltina \u2013 GO?<span class=\"ez-toc-section-end\"><\/span><\/h2>\n\n\n\n<p>O certame ser\u00e1 composto pelas seguintes etapas:<\/p>\n\n\n\n<ul><li><strong>Prova Objetiva<\/strong>, de car\u00e1ter eliminat\u00f3rio e classificat\u00f3rio (para todos os cargos); e<\/li><li><strong>Prova Discursiva<\/strong>, de car\u00e1ter eliminat\u00f3rio e classificat\u00f3rio (somente para o cargo de Analista Jur\u00eddico).<\/li><\/ul>\n\n\n\n<h3 class=\"wp-block-heading\" id=\"objetiva-planaltina\">Prova Objetiva<\/h3>\n\n\n\n<p>A Prova Objetiva est\u00e1 prevista para ser realizada no dia <strong>13 de junho de 2021<\/strong>, tendo dura\u00e7\u00e3o m\u00e1xima de 03 horas (exceto para o cargo de Analista Jur\u00eddico, que ter\u00e1 4 horas no total, somando as provas objetiva e discursiva).Os exames contar\u00e3o com 40 quest\u00f5es de m\u00faltipla escolha. As disciplinas que versar\u00e3o as provas ser\u00e3o:<\/p>\n\n\n\n<ul><li>L\u00edngua Portuguesa \u2013 10 quest\u00f5es;<\/li><li>Inform\u00e1tica &#8211; 06 quest\u00f5es;<\/li><li>Racioc\u00ednio L\u00f3gico \u2013 04 quest\u00f5es;<\/li><li>Conhecimentos Espec\u00edficos \u2013 20 quest\u00f5es.<\/li><\/ul>\n\n\n\n<h3 class=\"wp-block-heading\" id=\"discursiva-planaltina\">Prova Discursiva<\/h3>\n\n\n\n<p>A Prova Discursiva, que ser\u00e1 aplicada no mesmo dia e hor\u00e1rio da prova objetiva somente para o cargo de Analista Jur\u00eddico e compreender\u00e1 01 (um) Pe\u00e7a Jur\u00eddica.<\/p>\n\n\n\n<p>A Pe\u00e7a Jur\u00eddica ter\u00e1 base em problemas envolvendo, no que diz respeito ao aspecto material, quaisquer temas relativos \u00e0 disciplina de conhecimentos espec\u00edficos da prova objetiva.<\/p>\n\n\n\n<p><\/p>\n\n\n\n<ul><li><strong>Adquira:<\/strong> <a href=\"https:\/\/www.editorasolucao.com.br\/concurso\/camara-de-planaltina-go\">Apostilas para concurso C\u00e2mara de Planaltina &#8211; GO<\/a><\/li><\/ul>\n\n\n\n<h3 class=\"wp-block-heading\">Planaltina \u2013 GO<\/h3>\n\n\n\n<p>A cidade de Planaltina est\u00e1 a quase 260 km de Goi\u00e2nia, capital do estado. De acordo com o IBGE, a popula\u00e7\u00e3o do munic\u00edpio \u00e9 de cerca de 90 mil habitantes (dados de 2020). A economia da cidade \u00e9 baseada na agricultura (milho, mandioca e frutas c\u00edtricas) e na pecu\u00e1ria. H\u00e1 ainda um espa\u00e7o consider\u00e1vel para o com\u00e9rcio local.<\/p>\n\n\n\n<p><br>Conferiu todo o texto? Deseja fazer o certame? Ent\u00e3o comece a se preparar com as <strong>Apostilas Solu\u00e7\u00e3o<\/strong> e tenha um resultado positivo! <strong>Bons estudos e boa prova!!!<\/strong><\/p>\n","protected":false},"excerpt":{"rendered":"<p>Foi divulgado o Edital do Concurso C\u00e2mara de Planaltina, no estado de Goi\u00e1s, que oferece 18 vagas para candidatos de n\u00edveis M\u00e9dio e Superior, com sal\u00e1rios que chegam a R$ 2,1 mil. Confira os detalhes ao decorrer do texto. Inscri\u00e7\u00f5es do concurso C\u00e2mara de Planaltina &#8211; GO Cargos e vagas Provas Prova Objetiva Prova Discursiva PROVAS ADIADAS!!! Inscri\u00e7\u00f5es do Concurso de Planaltina \u2013 GO As inscri\u00e7\u00f5es devem ser realizadas atrav\u00e9s do site da banca organizadora, IDIB, at\u00e9 o dia 15 de mar\u00e7o de 2021. Para efetuar a inscri\u00e7\u00e3o \u00e9 necess\u00e1rio pagar uma taxa com valor referente ao n\u00edvel do cargo&#8230;<\/p>\n","protected":false},"author":7,"featured_media":17288,"template":"","meta":{"_acf_changed":false,"rank_math_lock_modified_date":false},"categories":[],"tags":[],"acf":[],"_links":{"self":[{"href":"https:\/\/www.editorasolucao.com.br\/blog\/wp-json\/wp\/v2\/concurso\/17286"}],"collection":[{"href":"https:\/\/www.editorasolucao.com.br\/blog\/wp-json\/wp\/v2\/concurso"}],"about":[{"href":"https:\/\/www.editorasolucao.com.br\/blog\/wp-json\/wp\/v2\/types\/concurso"}],"author":[{"embeddable":true,"href":"https:\/\/www.editorasolucao.com.br\/blog\/wp-json\/wp\/v2\/users\/7"}],"wp:featuredmedia":[{"embeddable":true,"href":"https:\/\/www.editorasolucao.com.br\/blog\/wp-json\/wp\/v2\/media\/17288"}],"wp:attachment":[{"href":"https:\/\/www.editorasolucao.com.br\/blog\/wp-json\/wp\/v2\/media?parent=17286"}],"wp:term":[{"taxonomy":"category","embeddable":true,"href":"https:\/\/www.editorasolucao.com.br\/blog\/wp-json\/wp\/v2\/categories?post=17286"},{"taxonomy":"post_tag","embeddable":true,"href":"https:\/\/www.editorasolucao.com.br\/blog\/wp-json\/wp\/v2\/tags?post=17286"}],"curies":[{"name":"wp","href":"https:\/\/api.w.org\/{rel}","templated":true}]}}