{"id":1904,"date":"2024-04-10T09:48:44","date_gmt":"2024-04-10T12:48:44","guid":{"rendered":"https:\/\/www.editorasolucao.com.br\/blog\/?post_type=concurso&#038;p=1904"},"modified":"2024-04-23T10:51:01","modified_gmt":"2024-04-23T13:51:01","slug":"brb","status":"publish","type":"concurso","link":"https:\/\/www.editorasolucao.com.br\/blog\/concurso\/brb","title":{"rendered":"Concurso BRB: Edital publicado com 200 vagas e iniciais de R$ 10 mil!"},"content":{"rendered":"\n<p>O <strong>concurso BRB<\/strong> (Banco de Bras\u00edlia) tem edital publicado com a oferta de 200 vagas para provimento imediato e para forma\u00e7\u00e3o de cadastro reserva para o cargo de Analista de Tecnologia, de n\u00edvel superior. Se interessa pelo certame? Confira os demais detalhes no decorrer da not\u00edcia. \ud83d\ude0d<\/p>\n\n\n\n<div id=\"ez-toc-container\" class=\"ez-toc-v2_0_69_1 counter-hierarchy ez-toc-counter ez-toc-grey ez-toc-container-direction\">\n<div class=\"ez-toc-title-container\">\n<p class=\"ez-toc-title \" >Menu de navega&ccedil;&atilde;o<\/p>\n<span class=\"ez-toc-title-toggle\"><a href=\"#\" class=\"ez-toc-pull-right ez-toc-btn ez-toc-btn-xs ez-toc-btn-default ez-toc-toggle\" aria-label=\"Toggle Table of Content\"><span class=\"ez-toc-js-icon-con\"><span class=\"\"><span class=\"eztoc-hide\" style=\"display:none;\">Toggle<\/span><span class=\"ez-toc-icon-toggle-span\"><svg style=\"fill: #999;color:#999\" xmlns=\"http:\/\/www.w3.org\/2000\/svg\" class=\"list-377408\" width=\"20px\" height=\"20px\" viewBox=\"0 0 24 24\" fill=\"none\"><path d=\"M6 6H4v2h2V6zm14 0H8v2h12V6zM4 11h2v2H4v-2zm16 0H8v2h12v-2zM4 16h2v2H4v-2zm16 0H8v2h12v-2z\" fill=\"currentColor\"><\/path><\/svg><svg style=\"fill: #999;color:#999\" class=\"arrow-unsorted-368013\" xmlns=\"http:\/\/www.w3.org\/2000\/svg\" width=\"10px\" height=\"10px\" viewBox=\"0 0 24 24\" version=\"1.2\" baseProfile=\"tiny\"><path d=\"M18.2 9.3l-6.2-6.3-6.2 6.3c-.2.2-.3.4-.3.7s.1.5.3.7c.2.2.4.3.7.3h11c.3 0 .5-.1.7-.3.2-.2.3-.5.3-.7s-.1-.5-.3-.7zM5.8 14.7l6.2 6.3 6.2-6.3c.2-.2.3-.5.3-.7s-.1-.5-.3-.7c-.2-.2-.4-.3-.7-.3h-11c-.3 0-.5.1-.7.3-.2.2-.3.5-.3.7s.1.5.3.7z\"\/><\/svg><\/span><\/span><\/span><\/a><\/span><\/div>\n<nav><ul class='ez-toc-list ez-toc-list-level-1 ' ><li class='ez-toc-page-1 ez-toc-heading-level-2'><a class=\"ez-toc-link ez-toc-heading-1\" href=\"https:\/\/www.editorasolucao.com.br\/blog\/concurso\/brb\/#Como_as_inscricoes_do_concurso_BRB_poderao_ser_realizadas\" title=\"Como as inscri\u00e7\u00f5es do concurso BRB poder\u00e3o ser realizadas?\">Como as inscri\u00e7\u00f5es do concurso BRB poder\u00e3o ser realizadas?<\/a><\/li><li class='ez-toc-page-1 ez-toc-heading-level-2'><a class=\"ez-toc-link ez-toc-heading-2\" href=\"https:\/\/www.editorasolucao.com.br\/blog\/concurso\/brb\/#Quantas_vagas_estao_sendo_ofertadas_no_concurso_BRB\" title=\"Quantas vagas est\u00e3o sendo ofertadas no concurso BRB?\">Quantas vagas est\u00e3o sendo ofertadas no concurso BRB?<\/a><\/li><li class='ez-toc-page-1 ez-toc-heading-level-2'><a class=\"ez-toc-link ez-toc-heading-3\" href=\"https:\/\/www.editorasolucao.com.br\/blog\/concurso\/brb\/#Quais_sao_os_requisitos_basicos_para_a_investidura_nos_cargos_do_concurso_BRB\" title=\"Quais s\u00e3o os requisitos b\u00e1sicos para a investidura nos cargos do concurso BRB?\">Quais s\u00e3o os requisitos b\u00e1sicos para a investidura nos cargos do concurso BRB?<\/a><\/li><li class='ez-toc-page-1 ez-toc-heading-level-2'><a class=\"ez-toc-link ez-toc-heading-4\" href=\"https:\/\/www.editorasolucao.com.br\/blog\/concurso\/brb\/#O_que_faz_um_Analista_de_Tecnologia_da_Informacao\" title=\"O que faz um Analista de Tecnologia da Informa\u00e7\u00e3o?\">O que faz um Analista de Tecnologia da Informa\u00e7\u00e3o?<\/a><\/li><li class='ez-toc-page-1 ez-toc-heading-level-2'><a class=\"ez-toc-link ez-toc-heading-5\" href=\"https:\/\/www.editorasolucao.com.br\/blog\/concurso\/brb\/#Como_serao_as_provas_do_Concurso_BRB\" title=\"Como ser\u00e3o as provas do Concurso BRB?\">Como ser\u00e3o as provas do Concurso BRB?<\/a><\/li><\/ul><\/nav><\/div>\n<h2 class=\"wp-block-heading\" id=\"inscri\u00e7oes\"><span class=\"ez-toc-section\" id=\"Como_as_inscricoes_do_concurso_BRB_poderao_ser_realizadas\"><\/span>Como as inscri\u00e7\u00f5es do concurso BRB poder\u00e3o ser realizadas?<span class=\"ez-toc-section-end\"><\/span><\/h2>\n\n\n\n<p>As inscri\u00e7\u00f5es devem ser realizadas por meio do site da banca organizadora, <a href=\"https:\/\/www.iades.com.br\/inscricao\/?v=novo\" target=\"_blank\" rel=\"noreferrer noopener\">IADES<\/a>, <strong>a partir das 10h do dia 8 de maio de 2024 at\u00e9 \u00e0s 22h do dia 9 de junho de 2024<\/strong>.<\/p>\n\n\n\n<p>Para concluir a inscri\u00e7\u00e3o \u00e9 necess\u00e1rio que o candidato efetue o pagamento de uma taxa no valor fixo de <strong>R$ 94,00.<\/strong><\/p>\n\n\n\n<p>Al\u00e9m disso, haver\u00e1 a possibilidade de solicitar a <strong>isen\u00e7\u00e3o da taxa de inscri\u00e7\u00e3o<\/strong> entre os dias 26 a 30 de abril de 2024, para os candidatos que se enquadrarem dentro dos seguintes crit\u00e9rios:<\/p>\n\n\n\n<ol>\n<li>Para doadores de sangue \u00e0s institui\u00e7\u00f5es p\u00fablicas de sa\u00fade: certificado, outorgado pela Funda\u00e7\u00e3o Hemocentro ou outra institui\u00e7\u00e3o p\u00fablica de sa\u00fade, que o qualifica como doador de sangue e que comprova no m\u00ednimo 3 doa\u00e7\u00f5es de sangue realizadas nos \u00faltimos 12 meses antes do per\u00edodo de inscri\u00e7\u00f5es;<\/li>\n\n\n\n<li>Para benefici\u00e1rio de programa social de complementa\u00e7\u00e3o ou suplementa\u00e7\u00e3o de renda, institu\u00eddo pelo Governo do Distrito Federal: comprovante oficial de inscri\u00e7\u00e3o em plena validade em programa social de complementa\u00e7\u00e3o ou suplementa\u00e7\u00e3o de renda, institu\u00eddo pelo Governo do Distrito Federal;<\/li>\n\n\n\n<li>Para eleitores convocados e nomeados pela Justi\u00e7a Eleitoral do Distrito Federal: comprova\u00e7\u00e3o de presta\u00e7\u00e3o de servi\u00e7o \u00e0 Justi\u00e7a Eleitoral por, no m\u00ednimo, 2 elei\u00e7\u00f5es, consecutivas ou n\u00e3o, na forma da lei; ou<\/li>\n\n\n\n<li>Para doadores de medula \u00f3ssea: documento expedido pela entidade coletora ou pela entidade respons\u00e1vel por cadastro de doador de medula \u00f3ssea;<\/li>\n\n\n\n<li>Para os candidatos que exer\u00e7am a atividade volunt\u00e1ria e n\u00e3o remunerada de Comiss\u00e1rio ou Agente de Prote\u00e7\u00e3o da Inf\u00e2ncia e da Juventude: documento comprobat\u00f3rio do exerc\u00edcio da atividade, emitido por \u00f3rg\u00e3o judici\u00e1rio correspondente. O candidato pode se beneficiar da isen\u00e7\u00e3o da taxa de inscri\u00e7\u00e3o at\u00e9 1 ano ap\u00f3s seu desligamento da atividade exercida.<\/li>\n<\/ol>\n\n\n\n<h2 class=\"wp-block-heading\" id=\"cargo\"><span class=\"ez-toc-section\" id=\"Quantas_vagas_estao_sendo_ofertadas_no_concurso_BRB\"><\/span>Quantas vagas est\u00e3o sendo ofertadas no concurso BRB?<span class=\"ez-toc-section-end\"><\/span><\/h2>\n\n\n\n<p>De acordo com o edital s\u00e3o ofertadas 200 vagas, <strong>sendo 100 imediatas e 100 oportunidades para forma\u00e7\u00e3o de cadastro reserva<\/strong>, destinadas a candidatos de n\u00edvel superior que compor\u00e3o o quadro de pessoal do cargo de <a href=\"https:\/\/www.editorasolucao.com.br\/apostila-solucao\/brb-comum-cargo-analista-tecnologia-informacao\">Analista de Tecnologia da Informa\u00e7\u00e3o<\/a>. <\/p>\n\n\n\n<p>A remunera\u00e7\u00e3o inicial para este cargo \u00e9 de R$ 10.204,91 com uma jornada de trabalho de 6 horas di\u00e1rias ou 30 horas semanais.<\/p>\n\n\n\n<p>Al\u00e9m disso, os contratados ter\u00e3o direito a <strong>benef\u00edcios <\/strong>como:<\/p>\n\n\n\n<ol>\n<li>Participa\u00e7\u00e3o nos lucros e nos resultados, nos termos da legisla\u00e7\u00e3o pertinente e do Acordo Coletivo vigente; <\/li>\n\n\n\n<li>Possibilidade de participa\u00e7\u00e3o em Plano de Sa\u00fade e em Plano de Previd\u00eancia Complementar; <\/li>\n\n\n\n<li>Aux\u00edlio Cesta\/Alimenta\u00e7\u00e3o e aux\u00edlio Refei\u00e7\u00e3o\/Alimenta\u00e7\u00e3o nos termos da legisla\u00e7\u00e3o e do Acordo Coletivo vigentes<\/li>\n<\/ol>\n\n\n\n<h2 class=\"wp-block-heading\" id=\"requisitos\"><span class=\"ez-toc-section\" id=\"Quais_sao_os_requisitos_basicos_para_a_investidura_nos_cargos_do_concurso_BRB\"><\/span>Quais s\u00e3o os requisitos b\u00e1sicos para a investidura nos cargos do concurso BRB?<span class=\"ez-toc-section-end\"><\/span><\/h2>\n\n\n\n<p>Saiba quais s\u00e3o as exig\u00eancias para que o candidato tome posse dos cargos ofertados no <strong>concurso BRB<\/strong>:<\/p>\n\n\n\n<ul>\n<li>Ser brasileiro nato ou naturalizado ou cidad\u00e3o portugu\u00eas que tenha adquirido a igualdade de direitos e obriga\u00e7\u00f5es civis e o gozo dos direitos pol\u00edticos (Decreto Federal no 70.436, de 18 de abril de 1972, e Constitui\u00e7\u00e3o Federal).<\/li>\n\n\n\n<li>Apresentar certid\u00e3o de quita\u00e7\u00e3o eleitoral.<\/li>\n\n\n\n<li>Apresentar carteira de identidade civil; Comprovante de Cadastro de Pessoa F\u00edsica (CPF); Declara\u00e7\u00e3o e recibo de Imposto de Renda Pessoa F\u00edsica; T\u00edtulo de Eleitor; Carteira de Trabalho e Previd\u00eancia Social \u2013 CTPS e comprovante de inscri\u00e7\u00e3o no PIS ou PASEP; Certid\u00e3o de Casamento ou declara\u00e7\u00e3o de uni\u00e3o est\u00e1vel registrada em cart\u00f3rio; Documentos dos dependentes declarados no Imposto de Renda (CPF e C\u00e9dula de Identidade ou Certid\u00e3o de Nascimento);<\/li>\n\n\n\n<li>Apresentar certificado de reservista ou de dispensa de incorpora\u00e7\u00e3o, se do sexo masculino. <\/li>\n\n\n\n<li>Apresentar a comprova\u00e7\u00e3o do n\u00edvel de escolaridade exigido para o exerc\u00edcio do cargo.<\/li>\n\n\n\n<li>Ter idade m\u00ednima de 18 anos completos na data de contrata\u00e7\u00e3o.<\/li>\n\n\n\n<li>N\u00e3o estar em exerc\u00edcio remunerado de qualquer cargo, fun\u00e7\u00e3o ou emprego p\u00fablico em quaisquer dos \u00f3rg\u00e3os da Administra\u00e7\u00e3o P\u00fablica direta ou das seguintes entidades: empresa p\u00fablica, sociedade de economia mista, suas controladas ou coligadas; autarquia vinculada \u00e0 Uni\u00e3o, aos Estados, aos Munic\u00edpios e ao Distrito Federal, inclusive Funda\u00e7\u00e3o Civil mantida ou subvencionada pelo Poder P\u00fablico, ressalvadas as possibilidades de acumula\u00e7\u00e3o l\u00edcita previstas nos incisos XVI e XVII do art. 37 da Constitui\u00e7\u00e3o Federal e nos arts. de 46 a 49 da Lei Complementar Distrital n\u00ba 840\/2011.<\/li>\n\n\n\n<li>N\u00e3o estar em licen\u00e7a, ainda que n\u00e3o remunerada, de cargo ou emprego p\u00fablico que exer\u00e7a na administra\u00e7\u00e3o direta ou indireta da Uni\u00e3o, dos Estados, dos Munic\u00edpios e do Distrito Federal, ressalvadas as possibilidades de acumula\u00e7\u00e3o l\u00edcita previstas nos incisos XVI e XVII do art. 37 da Constitui\u00e7\u00e3o Federal e nos arts. De 46 a 49 da Lei Complementar Distrital n\u00ba 840\/2011.<\/li>\n\n\n\n<li>N\u00e3o ser servidor p\u00fablico que tenha solicitado vac\u00e2ncia do cargo p\u00fablico que ocupa por outros motivos que n\u00e3o sejam exonera\u00e7\u00e3o ou demiss\u00e3o.<\/li>\n\n\n\n<li>N\u00e3o ser aposentado pelo INSS por invalidez ou servidor p\u00fablico aposentado, ressalvadas as possibilidades de acumula\u00e7\u00e3o l\u00edcita de cargos, fun\u00e7\u00f5es, empregos ou proventos de aposentadoria, a teor do disposto no art. 37, inciso XVI, da Constitui\u00e7\u00e3o Federal.\u201d<\/li>\n\n\n\n<li>N\u00e3o ter 75 anos de idade ou mais, conforme estabelecido pelo \u00a7 16\u00ba do artigo 201 da Constitui\u00e7\u00e3o Federal, inclu\u00eddo pela Emenda Constitucional n\u00ba 103\/2019.<\/li>\n\n\n\n<li>N\u00e3o ser s\u00f3cio, s\u00f3cio\/gerente, s\u00f3cio\/cotista ou participante de conselho e\/ou administra\u00e7\u00e3o de organiza\u00e7\u00e3o banc\u00e1ria ou qualquer outra empresa concorrente do BRB.<\/li>\n\n\n\n<li>N\u00e3o manter rela\u00e7\u00e3o de emprego com incompatibilidade de hor\u00e1rio com a jornada de trabalho do BRB.<\/li>\n\n\n\n<li>N\u00e3o manter rela\u00e7\u00e3o de emprego, ainda que de natureza t\u00e9cnica ou especializada, em organiza\u00e7\u00e3o banc\u00e1ria, em empresa concorrente do BRB ou em empresa prestadora de servi\u00e7o para organiza\u00e7\u00e3o concorrente do BRB.<\/li>\n\n\n\n<li>N\u00e3o haver mantido rela\u00e7\u00e3o empregat\u00edcia com o BRB, encerrada por um dos motivos capitulados no art. 482 da CLT, ou por qualquer outro motivo, se, \u00e0 \u00e9poca da rescis\u00e3o, era arrolado em processo administrativo disciplinar e este tenha sido finalizado com decis\u00e3o pela rescis\u00e3o por justa causa.<\/li>\n\n\n\n<li>N\u00e3o possuir senten\u00e7a criminal condenat\u00f3ria transitada em julgado, que impe\u00e7a o exerc\u00edcio das atividades inerentes ao cargo.<\/li>\n\n\n\n<li>Apresentar as seguintes certid\u00f5es negativas, ou positivas com efeito de negativa, das cidades da jurisdi\u00e7\u00e3o onde reside e onde residiu nos \u00faltimos 5 (cinco) anos, de antecedentes criminais da Justi\u00e7a Federal, da Justi\u00e7a Estadual e (ou) do Distrito Federal, da Justi\u00e7a Militar Federal, da Justi\u00e7a Militar Estadual e (ou) do Distrito Federal e da Justi\u00e7a Eleitoral.<\/li>\n\n\n\n<li>Apresentar a documenta\u00e7\u00e3o exigida no presente edital no ato da contrata\u00e7\u00e3o.<\/li>\n\n\n\n<li>Cumprir as determina\u00e7\u00f5es deste edital, ter sido aprovado neste concurso p\u00fablico e considerado apto nos exames m\u00e9dicos admissionais.<\/li>\n<\/ul>\n\n\n\n<h2 class=\"wp-block-heading\" id=\"atribui\u00e7\u00f5es\"><span class=\"ez-toc-section\" id=\"O_que_faz_um_Analista_de_Tecnologia_da_Informacao\"><\/span>O que faz um Analista de Tecnologia da Informa\u00e7\u00e3o?<span class=\"ez-toc-section-end\"><\/span><\/h2>\n\n\n\n<p>Confira quais s\u00e3o as atividades atribu\u00eddas ao cargo de <a href=\"https:\/\/www.editorasolucao.com.br\/apostila-solucao\/brb-comum-cargo-analista-tecnologia-informacao\">Analista de Tecnologia da Informa\u00e7\u00e3o<\/a>:<\/p>\n\n\n\n<ol>\n<li>Desenvolver e implantar sistemas informatizados, dimensionando requisitos e funcionalidades, especificando sua arquitetura, escolhendo ferramentas de desenvolvimento e codificando aplicativos; <\/li>\n\n\n\n<li>Administrar ambientes informatizados, prestar suporte t\u00e9cnico ao cliente e elaborar documenta\u00e7\u00e3o t\u00e9cnica; <\/li>\n\n\n\n<li>Estabelecer padr\u00f5es, coordenar projetos e oferecer solu\u00e7\u00f5es para ambientes informatizados e pesquisas tecnol\u00f3gicas em inform\u00e1tica.<\/li>\n<\/ol>\n\n\n\n<h2 class=\"wp-block-heading\" id=\"provas-brb\"><span class=\"ez-toc-section\" id=\"Como_serao_as_provas_do_Concurso_BRB\"><\/span>Como ser\u00e3o as provas do Concurso BRB?<span class=\"ez-toc-section-end\"><\/span><\/h2>\n\n\n\n<p>O concurso ser\u00e1 composto por Provas Objetivas e Discursivas a serem aplicadas no dia<strong> 14 de julho de 2024<\/strong>, no turno da tarde e com a dura\u00e7\u00e3o de 4h30min.<\/p>\n\n\n\n<p>A prova objetiva ser\u00e1 composta por <strong>60 quest\u00f5es de m\u00faltipla escolha<\/strong>, e as disciplinas que versar\u00e3o as provas ser\u00e3o:<\/p>\n\n\n\n<ol>\n<li>L\u00edngua Portuguesa (05)<\/li>\n\n\n\n<li>Racioc\u00ednio L\u00f3gico e Matem\u00e1tica (03)<\/li>\n\n\n\n<li>Governan\u00e7a Corporativa e Compliance (03)<\/li>\n\n\n\n<li>Inova\u00e7\u00e3o (03)<\/li>\n\n\n\n<li>Lei Org\u00e2nica do Distrito Federal e Regime Jur\u00eddico dos Servidores do Distrito Federal (02)<\/li>\n\n\n\n<li>Conhecimentos sobre o Distrito Federal e sobre a RIDE (02)<\/li>\n\n\n\n<li>II Plano Distrital de Pol\u00edtica para Mulheres (02)<\/li>\n\n\n\n<li>Conhecimentos Espec\u00edficos em Tecnologia da Informa\u00e7\u00e3o (40)<\/li>\n<\/ol>\n\n\n\n<p>Ser\u00e1 considerado eliminado o candidato que:<\/p>\n\n\n\n<ol>\n<li>obter pontua\u00e7\u00e3o igual a 0 nas quest\u00f5es de L\u00edngua Portuguesa;<\/li>\n\n\n\n<li>obter pontua\u00e7\u00e3o menor que 50% nas quest\u00f5es de Conhecimentos Gerais; e<\/li>\n\n\n\n<li>obter pontua\u00e7\u00e3o menor que 50% nas quest\u00f5es de Conhecimentos Espec\u00edficos.<\/li>\n<\/ol>\n\n\n\n<p>Ademais, a<strong> Prova Discursiva<\/strong> no formato de reda\u00e7\u00e3o ser\u00e1 baseada na proposta apresentada pela banca e relacionada aos conhecimentos constantes do conte\u00fado program\u00e1tico. <\/p>\n\n\n\n<p>Esta etapa consistir\u00e1 na elabora\u00e7\u00e3o de texto dissertativo-argumentativo, com extens\u00e3o m\u00ednima de 20 linhas e m\u00e1xima de 30 linhas, e ser\u00e3o avaliados os seguintes aspectos:<\/p>\n\n\n\n<ul>\n<li>Texto (TX), com pontua\u00e7\u00e3o m\u00e1xima de 2 pontos:\n<ul>\n<li>Ser\u00e3o verificados o atendimento ao tipo textual solicitado, a paragrafa\u00e7\u00e3o, o respeito \u00e0s margens e a legibilidade.<\/li>\n<\/ul>\n<\/li>\n\n\n\n<li>Tema (TM), com pontua\u00e7\u00e3o m\u00e1xima de 2 pontos: \n<ul>\n<li>Ser\u00e1 avaliada a abordagem do assunto proposto, considerando todos os t\u00f3picos solicitados.<\/li>\n<\/ul>\n<\/li>\n\n\n\n<li>Coer\u00eancia (CR), com pontua\u00e7\u00e3o m\u00e1xima de 2 pontos: \n<ul>\n<li>Ser\u00e3o analisadas a flu\u00eancia na modalidade escrita da l\u00edngua portuguesa, a clareza e a rela\u00e7\u00e3o l\u00f3gica na exposi\u00e7\u00e3o de ideias.<\/li>\n<\/ul>\n<\/li>\n\n\n\n<li>Coes\u00e3o (CS), com pontua\u00e7\u00e3o m\u00e1xima de 2 pontos: \n<ul>\n<li>Ser\u00e1 observado o cargo harm\u00f4nico e diversificado de elementos coesivos, de modo a desenvolver o adequado encadeamento da estrutura textual.<\/li>\n<\/ul>\n<\/li>\n\n\n\n<li>Erros (ER), com pontua\u00e7\u00e3o m\u00e1xima de 2 pontos: \n<ul>\n<li>Ser\u00e1 avaliado o conhecimento na modalidade escrita da l\u00edngua portuguesa no que se refere aos aspectos morfossint\u00e1ticos e sem\u00e2nticos do idioma<\/li>\n<\/ul>\n<\/li>\n\n\n\n<li>Argumenta\u00e7\u00e3o (AR), com pontua\u00e7\u00e3o m\u00e1xima de 10 pontos: \n<ul>\n<li>Ser\u00e3o analisados aspectos espec\u00edficos relacionados ao tema, como conhecimento efetivo do assunto e abordagem de todos os t\u00f3picos solicitados, com estabelecimento de conex\u00e3o entre eles, apresenta\u00e7\u00e3o das informa\u00e7\u00f5es com consist\u00eancia de racioc\u00ednio e fechamento devidamente embasado da produ\u00e7\u00e3o textual.<\/li>\n<\/ul>\n<\/li>\n<\/ul>\n\n\n\n<p><\/p>\n\n\n\n<p>A prova discursiva receber\u00e1 pontua\u00e7\u00e3o m\u00e1xima igual a 20 pontos, sendo considerado aprovado o candidato que obtiver nota igual ou superior a 10 pontos.<\/p>\n\n\n\n<p>O prazo de <strong>validade <\/strong>do concurso p\u00fablico ser\u00e1 de dois anos, contado a partir da data de publica\u00e7\u00e3o da homologa\u00e7\u00e3o do resultado final, podendo ser prorrogado, uma \u00fanica vez, por igual per\u00edodo.<\/p>\n\n\n\n<p><strong>Bons estudos e boa prova!!!<\/strong><\/p>\n","protected":false},"excerpt":{"rendered":"<p>O concurso BRB (Banco de Bras\u00edlia) tem edital publicado com a oferta de 200 vagas para provimento imediato e para forma\u00e7\u00e3o de cadastro reserva para o cargo de Analista de Tecnologia, de n\u00edvel superior. Se interessa pelo certame? Confira os demais detalhes no decorrer da not\u00edcia. \ud83d\ude0d Como as inscri\u00e7\u00f5es do concurso BRB poder\u00e3o ser realizadas? As inscri\u00e7\u00f5es devem ser realizadas por meio do site da banca organizadora, IADES, a partir das 10h do dia 8 de maio de 2024 at\u00e9 \u00e0s 22h do dia 9 de junho de 2024. Para concluir a inscri\u00e7\u00e3o \u00e9 necess\u00e1rio que o candidato efetue&#8230;<\/p>\n","protected":false},"author":18,"featured_media":41801,"template":"","meta":{"_acf_changed":false,"rank_math_lock_modified_date":false},"categories":[],"tags":[],"acf":[],"_links":{"self":[{"href":"https:\/\/www.editorasolucao.com.br\/blog\/wp-json\/wp\/v2\/concurso\/1904"}],"collection":[{"href":"https:\/\/www.editorasolucao.com.br\/blog\/wp-json\/wp\/v2\/concurso"}],"about":[{"href":"https:\/\/www.editorasolucao.com.br\/blog\/wp-json\/wp\/v2\/types\/concurso"}],"author":[{"embeddable":true,"href":"https:\/\/www.editorasolucao.com.br\/blog\/wp-json\/wp\/v2\/users\/18"}],"wp:featuredmedia":[{"embeddable":true,"href":"https:\/\/www.editorasolucao.com.br\/blog\/wp-json\/wp\/v2\/media\/41801"}],"wp:attachment":[{"href":"https:\/\/www.editorasolucao.com.br\/blog\/wp-json\/wp\/v2\/media?parent=1904"}],"wp:term":[{"taxonomy":"category","embeddable":true,"href":"https:\/\/www.editorasolucao.com.br\/blog\/wp-json\/wp\/v2\/categories?post=1904"},{"taxonomy":"post_tag","embeddable":true,"href":"https:\/\/www.editorasolucao.com.br\/blog\/wp-json\/wp\/v2\/tags?post=1904"}],"curies":[{"name":"wp","href":"https:\/\/api.w.org\/{rel}","templated":true}]}}