{"id":2127,"date":"2023-10-06T07:30:00","date_gmt":"2023-10-06T10:30:00","guid":{"rendered":"https:\/\/www.editorasolucao.com.br\/blog\/?post_type=concurso&#038;p=2127"},"modified":"2023-10-16T12:34:03","modified_gmt":"2023-10-16T15:34:03","slug":"prefeitura-de-embu-das-artes-sp","status":"publish","type":"concurso","link":"https:\/\/www.editorasolucao.com.br\/blog\/concurso\/prefeitura-de-embu-das-artes-sp","title":{"rendered":"Concurso Prefeitura de Embu das Artes-SP: Edital publicado!"},"content":{"rendered":"\n<p>Est\u00e3o abertas as inscri\u00e7\u00f5es do concurso Prefeitura de Embu das Artes, no estado de <a href=\"https:\/\/www.editorasolucao.com.br\/blog\/concursos-previstos-sp\">S\u00e3o Paulo<\/a>, que oferta 267 vagas imediatas mais oportunidades para forma\u00e7\u00e3o de cadastro reserva para cargos de <strong>todos os n\u00edveis de escolaridade<\/strong>. Ficou interessado(a)? Confira os demais detalhes no decorrer da not\u00edcia. \ud83d\ude0a<\/p>\n\n\n\n<ul><li><a href=\"#inscri\u00e7\u00f5es\">Inscri\u00e7\u00f5es<\/a><\/li><li><a href=\"#cargos\">Cargos, vagas e sal\u00e1rios<\/a><\/li><li><a href=\"#requisitos\">Requisitos<\/a><\/li><li><a href=\"#etapas\">Etapas de sele\u00e7\u00e3o<\/a><\/li><\/ul>\n\n\n\n<div id=\"ez-toc-container\" class=\"ez-toc-v2_0_69_1 counter-hierarchy ez-toc-counter ez-toc-grey ez-toc-container-direction\">\n<div class=\"ez-toc-title-container\">\n<p class=\"ez-toc-title \" >Menu de navega&ccedil;&atilde;o<\/p>\n<span class=\"ez-toc-title-toggle\"><a href=\"#\" class=\"ez-toc-pull-right ez-toc-btn ez-toc-btn-xs ez-toc-btn-default ez-toc-toggle\" aria-label=\"Toggle Table of Content\"><span class=\"ez-toc-js-icon-con\"><span class=\"\"><span class=\"eztoc-hide\" style=\"display:none;\">Toggle<\/span><span class=\"ez-toc-icon-toggle-span\"><svg style=\"fill: #999;color:#999\" xmlns=\"http:\/\/www.w3.org\/2000\/svg\" class=\"list-377408\" width=\"20px\" height=\"20px\" viewBox=\"0 0 24 24\" fill=\"none\"><path d=\"M6 6H4v2h2V6zm14 0H8v2h12V6zM4 11h2v2H4v-2zm16 0H8v2h12v-2zM4 16h2v2H4v-2zm16 0H8v2h12v-2z\" fill=\"currentColor\"><\/path><\/svg><svg style=\"fill: #999;color:#999\" class=\"arrow-unsorted-368013\" xmlns=\"http:\/\/www.w3.org\/2000\/svg\" width=\"10px\" height=\"10px\" viewBox=\"0 0 24 24\" version=\"1.2\" baseProfile=\"tiny\"><path d=\"M18.2 9.3l-6.2-6.3-6.2 6.3c-.2.2-.3.4-.3.7s.1.5.3.7c.2.2.4.3.7.3h11c.3 0 .5-.1.7-.3.2-.2.3-.5.3-.7s-.1-.5-.3-.7zM5.8 14.7l6.2 6.3 6.2-6.3c.2-.2.3-.5.3-.7s-.1-.5-.3-.7c-.2-.2-.4-.3-.7-.3h-11c-.3 0-.5.1-.7.3-.2.2-.3.5-.3.7s.1.5.3.7z\"\/><\/svg><\/span><\/span><\/span><\/a><\/span><\/div>\n<nav><ul class='ez-toc-list ez-toc-list-level-1 ' ><li class='ez-toc-page-1 ez-toc-heading-level-2'><a class=\"ez-toc-link ez-toc-heading-1\" href=\"https:\/\/www.editorasolucao.com.br\/blog\/concurso\/prefeitura-de-embu-das-artes-sp\/#Como_realizar_a_inscricao_no_concurso_de_Embu_das_Artes-SP\" title=\"Como realizar a inscri\u00e7\u00e3o no concurso de Embu das Artes-SP\">Como realizar a inscri\u00e7\u00e3o no concurso de Embu das Artes-SP<\/a><\/li><li class='ez-toc-page-1 ez-toc-heading-level-2'><a class=\"ez-toc-link ez-toc-heading-2\" href=\"https:\/\/www.editorasolucao.com.br\/blog\/concurso\/prefeitura-de-embu-das-artes-sp\/#Cargos_vagas_e_salarios_do_concurso_Prefeitura_de_Embu_das_Artes-SP\" title=\"Cargos, vagas e sal\u00e1rios do concurso Prefeitura de Embu das Artes-SP\">Cargos, vagas e sal\u00e1rios do concurso Prefeitura de Embu das Artes-SP<\/a><\/li><li class='ez-toc-page-1 ez-toc-heading-level-2'><a class=\"ez-toc-link ez-toc-heading-3\" href=\"https:\/\/www.editorasolucao.com.br\/blog\/concurso\/prefeitura-de-embu-das-artes-sp\/#Quais_sao_os_requisitos_basicos_para_a_investidura_no_concurso_Prefeitura_de_Embu_das_Artes-SP\" title=\"Quais s\u00e3o os requisitos b\u00e1sicos para a investidura no concurso Prefeitura de Embu das Artes-SP?\">Quais s\u00e3o os requisitos b\u00e1sicos para a investidura no concurso Prefeitura de Embu das Artes-SP?<\/a><\/li><li class='ez-toc-page-1 ez-toc-heading-level-2'><a class=\"ez-toc-link ez-toc-heading-4\" href=\"https:\/\/www.editorasolucao.com.br\/blog\/concurso\/prefeitura-de-embu-das-artes-sp\/#Como_serao_as_provas_do_concurso_Prefeitura_de_Embu_das_Artes-SP\" title=\"Como ser\u00e3o as provas do concurso Prefeitura de Embu das Artes-SP?\">Como ser\u00e3o as provas do concurso Prefeitura de Embu das Artes-SP?<\/a><\/li><\/ul><\/nav><\/div>\n<h2 class=\"wp-block-heading\" id=\"inscri\u00e7\u00f5es\"><span class=\"ez-toc-section\" id=\"Como_realizar_a_inscricao_no_concurso_de_Embu_das_Artes-SP\"><\/span>Como realizar a inscri\u00e7\u00e3o no concurso de Embu das Artes-SP<span class=\"ez-toc-section-end\"><\/span><\/h2>\n\n\n\n<p>As inscri\u00e7\u00f5es devem ser efetuadas atrav\u00e9s do site da banca organizadora, <a href=\"https:\/\/inepam.org.br\/concurso\/concursoPaginaInterna.do?idInstituicao=14&amp;idConcurso=4\" target=\"_blank\" rel=\"noreferrer noopener\">Inepam<\/a>, <strong>at\u00e9 o dia 09 de novembro de 2023<\/strong>.<\/p>\n\n\n\n<p>Para concluir a inscri\u00e7\u00e3o \u00e9 necess\u00e1rio que o candidato efetue o pagamento de uma <strong>taxa <\/strong>no valor referente ao n\u00edvel de escolaridade do cargo pretendido:<\/p>\n\n\n\n<ul><li>N\u00edvel fundamental: <strong>R$ 29,00<\/strong><\/li><li>N\u00edvel m\u00e9dio e t\u00e9cnico: <strong>R$ 59,00<\/strong><\/li><li>N\u00edvel superior: <strong>R$ 69,00<\/strong><\/li><\/ul>\n\n\n\n<h2 class=\"wp-block-heading\" id=\"cargos\"><span class=\"ez-toc-section\" id=\"Cargos_vagas_e_salarios_do_concurso_Prefeitura_de_Embu_das_Artes-SP\"><\/span>Cargos, vagas e sal\u00e1rios do concurso Prefeitura de Embu das Artes-SP<span class=\"ez-toc-section-end\"><\/span><\/h2>\n\n\n\n<p>Conforme o edital, ao todo est\u00e3o sendo ofertadas <strong>267 vagas imediatas mais oportunidades para forma\u00e7\u00e3o de cadastro reserva<\/strong> para cargos de n\u00edveis fundamental, m\u00e9dio, t\u00e9cnico e superior de escolaridade. Confira os cargos ofertados, a distribui\u00e7\u00e3o das vagas e o sal\u00e1rio:<\/p>\n\n\n\n<p><strong>Fundamental<\/strong><\/p>\n\n\n\n<ul><li>Agente de Sa\u00fade Ambiental (01) <ul><li>R$ 1.562,69<\/li><\/ul><\/li><li>Agente Municipal (30) <ul><li>R$ 1.562,69<\/li><\/ul><\/li><li>Oficial de Manuten\u00e7\u00e3o &#8211; R$ 1.733,49<ul><li>Encanador (05)<\/li><li>Marceneiro (05)<\/li><li>Serralheiro (05)<\/li><\/ul><\/li><\/ul>\n\n\n\n<p><strong>M\u00e9dio e T\u00e9cnico<\/strong><\/p>\n\n\n\n<ul><li>Agente de Transporte e Tr\u00e2nsito (05) <ul><li>R$ 3.368,31<\/li><\/ul><\/li><li>Almoxarife (02) <ul><li>R$ 1.768,10<\/li><\/ul><\/li><li><a href=\"https:\/\/www.editorasolucao.com.br\/apostila-solucao\/prefeitura-embu-artes-sp-assistente-tecnico-administrativo\">Assistente T\u00e9cnico Administrativo<\/a> (20) <ul><li>R$ 2.062,01<\/li><\/ul><\/li><li>Auxiliar de Sa\u00fade Bucal (02) <ul><li>R$ 1.768,10<\/li><\/ul><\/li><li>Auxiliar Educacional (CR) <ul><li>R$ 1.562,69<\/li><\/ul><\/li><li>Eletricista (04) <ul><li>R$ 2.021,64<\/li><\/ul><\/li><li>Fiscal (02) <ul><li>R$ 3.368,31<\/li><\/ul><\/li><li>Mec\u00e2nico (02) <ul><li>R$ 2.062,01<\/li><\/ul><\/li><li>Motorista (10) <ul><li>R$ 2.062,01<\/li><\/ul><\/li><li>Operador de M\u00e1quina (04) <ul><li>R$ 2.904,37<\/li><\/ul><\/li><li>Secret\u00e1rio de Escola (05) <ul><li>R$ 1.768,10<\/li><\/ul><\/li><li>T\u00e9cnico &#8211; R$ 2.062,01<ul><li>Enfermagem &#8211; 30 horas (12)<\/li><li>Enfermagem &#8211; 40 horas (04)<\/li><li>Sa\u00fade Bucal (01)<\/li><li>Seguran\u00e7a do Trabalho (01) <\/li><li>Tecnologia da Informa\u00e7\u00e3o (01) <\/li><\/ul><\/li><li>Top\u00f3grafo (01) <ul><li>R$ 2.062,01<\/li><\/ul><\/li><\/ul>\n\n\n\n<p><strong>Superior<\/strong><\/p>\n\n\n\n<ul><li>Analista de Gest\u00e3o Documental (01) <ul><li>R$ 5.656,04<\/li><\/ul><\/li><li>Analista de Meio Ambiente (01) <ul><li>R$ 5.656,04<\/li><\/ul><\/li><li>Analista Jur\u00eddico (02) <ul><li>R$ 5.656,04<\/li><\/ul><\/li><li>Arquiteto (01) <ul><li>R$ 8.383,30<\/li><\/ul><\/li><li>Assistente Social (10) <ul><li>R$ 5.656,04<\/li><\/ul><\/li><li>Bibliotec\u00e1rio (01) <ul><li>R$ 5.656,04<\/li><\/ul><\/li><li>Cirurgi\u00e3o Dentista <ul><li>20 horas (01) <ul><li>R$ 5.656,04<\/li><\/ul><\/li><li>40 horas (01) <ul><li>R$ 11.312,08<\/li><\/ul><\/li><\/ul><\/li><li>Cirurgi\u00e3o Dentista &#8211; R$ 5.656,04<ul><li>Buco Maxilo (01)<\/li><li>Endodontista (01)<\/li><\/ul><\/li><li>Contador (01) <ul><li>R$ 5.656,04<\/li><\/ul><\/li><li>Enfermeiro &#8211; 30 Horas (10) <ul><li>R$ 5.656,04<\/li><\/ul><\/li><li>Enfermeiro do Trabalho (01) <ul><li>R$ 7.264,04<\/li><\/ul><\/li><li>Enfermeiro PSF &#8211; 40 Horas (04) <ul><li>R$ 7.264,04<\/li><\/ul><\/li><li>Engenheiro Civil (01) <ul><li>R$ 8.383,30<\/li><\/ul><\/li><li>Engenheiro de Seguran\u00e7a do Trabalho (01) <ul><li>R$ 8.383,30<\/li><\/ul><\/li><li>Engenheiro El\u00e9trico (01) <ul><li>R$ 8.383,30<\/li><\/ul><\/li><li>Farmac\u00eautico (01) <ul><li>R$ 5.656,04<\/li><\/ul><\/li><li>Fonoaudi\u00f3logo (05) <ul><li>R$ 5.656,04<\/li><\/ul><\/li><li>M\u00e9dico &#8211; R$ 107,70 por hora-plant\u00e3o<ul><li>Cardiologista (01)<\/li><li>Cirurgi\u00e3o Vascular (01) <\/li><li>Dermatologista (01)<\/li><li>Endocrinologista (01)<\/li><li>Fisiatra (01)<\/li><li>Ginecologista (10)<\/li><li>Infectologista Pedi\u00e1trico (01) <\/li><li>Nefrologista (01)<\/li><li>Neurologista Adulto (02) <\/li><li>Neurologista Infantil (01) <\/li><li>Oftalmologista (02)<\/li><li>Ortopedista (01)<\/li><li>Otorrinolaringologista (01)<\/li><li>Pediatra (10)<\/li><li>Programa Sa\u00fade da Fam\u00edlia (04) <ul><li>R$19.947,11<\/li><\/ul><\/li><li>Psiquiatra Adulto (05)<\/li><li>Psiquiatra Infantil (01)<\/li><li>Proctologista (01)<\/li><li>Reumatologista (01)<\/li><li>Ultrassonografista (02)<\/li><li>Urologista (01)<\/li><\/ul><\/li><li>M\u00e9dico Cl\u00ednico Geral (15) <ul><li>R$ 107,70 por hora-plant\u00e3o<\/li><\/ul><\/li><li>M\u00e9dico Veterin\u00e1rio (01) <ul><li>R$ 8.383,30<\/li><\/ul><\/li><li>Nutricionista (02) <ul><li>R$ 5.656,04<\/li><\/ul><\/li><li>Procurador (02) <ul><li>R$ 8.383,30<\/li><\/ul><\/li><li>Professor de Educa\u00e7\u00e3o B\u00e1sica I &#8211; PEB I (CR) <ul><li>R$ 3.584,53<\/li><\/ul><\/li><li>Professor de Educa\u00e7\u00e3o B\u00e1sica II &#8211; PEB II &#8211; R$ 3.584,53<ul><li>Artes (CR)<\/li><li>Educa\u00e7\u00e3o F\u00edsica (CR)<\/li><li>Filosofia (CR)<\/li><li>Geografia (CR)<\/li><li>Hist\u00f3ria (CR)<\/li><li>Ingl\u00eas (02)<\/li><li>Matem\u00e1tica (CR)<\/li><li>Portugu\u00eas (CR)<\/li><\/ul><\/li><li>Professor de Educa\u00e7\u00e3o Infantil &#8211; PDI (10) <ul><li>R$ 3.584,53<\/li><\/ul><\/li><li>Psic\u00f3logo (10) <ul><li>R$ 5.656,04<\/li><\/ul><\/li><li>Psicopedagogo (01) <ul><li>R$ 5.656,04<\/li><\/ul><\/li><li>T\u00e9cnico Desportivo (02) <ul><li>R$ 5.656,04<\/li><\/ul><\/li><li>Terapeuta Ocupacional (06) <ul><li>R$ 5.656,04<\/li><\/ul><\/li><\/ul>\n\n\n\n<p>A jornada de trabalho varia entre 20 a 40 horas semanais, de acordo com o cargo pretendido pelo candidato.<\/p>\n\n\n\n<h2 class=\"wp-block-heading\" id=\"requisitos\"><span class=\"ez-toc-section\" id=\"Quais_sao_os_requisitos_basicos_para_a_investidura_no_concurso_Prefeitura_de_Embu_das_Artes-SP\"><\/span>Quais s\u00e3o os requisitos b\u00e1sicos para a investidura no concurso Prefeitura de Embu das Artes-SP?<span class=\"ez-toc-section-end\"><\/span><\/h2>\n\n\n\n<p>Saiba quais s\u00e3o as <strong>exig\u00eancias <\/strong>para que o candidato tome posse do cargo pretendido no concurso <a href=\"https:\/\/www.editorasolucao.com.br\/blog\/concursos-abertos-sp\">Prefeitura de Embu das Artes-SP<\/a>:<\/p>\n\n\n\n<ul><li>Ser brasileiro, nato ou naturalizado, ou gozar das prerrogativas previstas no artigo 12 da Constitui\u00e7\u00e3o Federal, nos termos da Emenda Constitucional 19\/98 e demais disposi\u00e7\u00f5es de lei, no caso de estrangeiros;<\/li><li>Ter idade m\u00ednima de 18 anos, gozar de boa sa\u00fade f\u00edsica e mental e n\u00e3o ser portador de defici\u00eancia incompat\u00edvel com o exerc\u00edcio das fun\u00e7\u00f5es atinentes ao cargo a que concorre; estar quite com a justi\u00e7a eleitoral e, se do sexo masculino, estar quite com o servi\u00e7o militar e n\u00e3o ter atingido, na data da posse, a idade para aposentadoria compuls\u00f3ria;<\/li><li>Quando do sexo masculino, estar em dia com as obriga\u00e7\u00f5es militares;<\/li><li>Estar no gozo dos direitos pol\u00edticos;<\/li><li>Possuir o n\u00edvel de escolaridade exigida para o cargo p\u00fablico e, quando for o caso, habilita\u00e7\u00e3o profissional formal para o desenvolvimento das atribui\u00e7\u00f5es inerentes ao cargo;<\/li><li><strong>Ter aptid\u00e3o f\u00edsica e mental para o exerc\u00edcio das atribui\u00e7\u00f5es do cargo, comprovada em avalia\u00e7\u00e3o m\u00e9dica.<\/strong><\/li><li>Ter sido habilitado previamente neste concurso p\u00fablico;<\/li><li>N\u00e3o registrar antecedentes civis ou criminais contra a Administra\u00e7\u00e3o P\u00fablica e n\u00e3o ser aposentado por invalidez e nem estar com idade de aposentadoria compuls\u00f3ria, conforme Inciso II, do Artigo 40, da Constitui\u00e7\u00e3o Federal;<\/li><li>N\u00e3o ter sido condenado, com tr\u00e2nsito em julgado, por furto, roubo, latroc\u00ednio, estupro, abuso de confian\u00e7a, fal\u00eancia fraudulenta, falsidade cometida contra a Administra\u00e7\u00e3o P\u00fablica ou Defesa Nacional, por ato de improbidade administrativa ou preju\u00edzo ao er\u00e1rio p\u00fablico ou pelo cometimento de qualquer das tipifica\u00e7\u00f5es penais constantes do T\u00edtulo XI (Dos Crimes contra a Administra\u00e7\u00e3o P\u00fablica) do C\u00f3digo Penal Brasileiro;<\/li><li>Apresentar a declara\u00e7\u00e3o de bens.<\/li><\/ul>\n\n\n\n<h2 class=\"wp-block-heading\" id=\"etapas\"><span class=\"ez-toc-section\" id=\"Como_serao_as_provas_do_concurso_Prefeitura_de_Embu_das_Artes-SP\"><\/span>Como ser\u00e3o as provas do concurso Prefeitura de Embu das Artes-SP?<span class=\"ez-toc-section-end\"><\/span><\/h2>\n\n\n\n<p>O certame ser\u00e1 composto pelas seguintes etapas de sele\u00e7\u00e3o:<\/p>\n\n\n\n<ul><li><strong>Prova Objetiva<\/strong> &#8211; de car\u00e1ter <em>eliminat\u00f3rio <\/em>e <em>classificat\u00f3rio<\/em><\/li><li><strong>Prova Pr\u00e1tica<\/strong> &#8211; de car\u00e1ter <em>eliminat\u00f3rio <\/em>e <em>classificat\u00f3rio <\/em><ul><li>Somente para os cargos de Eletricista, Motorista, Mec\u00e2nico, Operador de M\u00e1quina, Oficial de Manuten\u00e7\u00e3o \u2013 Encanador, Oficial de Manuten\u00e7\u00e3o \u2013 Marceneiro e Oficial de Manuten\u00e7\u00e3o &#8211; Serralheiro<\/li><\/ul><\/li><li><strong>Prova de T\u00edtulos<\/strong> &#8211; de car\u00e1ter <em>classificat\u00f3rio <\/em><ul><li>Somente para os cargos de Professor, Procurador e Psicopedagogo<\/li><\/ul><\/li><li><strong>Prova Dissertativa<\/strong> &#8211; de car\u00e1ter <em>classificat\u00f3rio <\/em><ul><li>Somente para o cargo de Procurador.<\/li><\/ul><\/li><\/ul>\n\n\n\n<h3 class=\"wp-block-heading\">Prova Objetiva<\/h3>\n\n\n\n<p>Essa etapa ter\u00e1 a dura\u00e7\u00e3o m\u00e1xima de 02 horas e 30 minutos e tem duas datas prevista para a realiza\u00e7\u00e3o da prova:<\/p>\n\n\n\n<ul><li><strong>03 de dezembro de 2023<\/strong> &#8211; para 1\u00ba, 2\u00ba e 3\u00ba per\u00edodos<\/li><li><strong>10 de dezembro de 2023<\/strong> &#8211; para 4\u00ba,5\u00ba e 6\u00ba per\u00edodos<\/li><\/ul>\n\n\n\n<p>A avalia\u00e7\u00e3o ser\u00e1 composta por <strong>40 quest\u00f5es de m\u00faltipla escolha<\/strong> que ser\u00e3o versadas nas seguintes disciplinas:<\/p>\n\n\n\n<ul><li>Portugu\u00eas (10)<\/li><li>Matem\u00e1tica (10)<\/li><li>Conhecimentos Espec\u00edfico <ul><li>Para o cargo de Procurador (30 quest\u00f5es)<\/li><li>Para os demais cargos (20 quest\u00f5es)<\/li><\/ul><\/li><\/ul>\n\n\n\n<p>A prova ser\u00e1 avaliada em uma escala de 0 a 100 pontos, portanto, ser\u00e1 considerado <strong>aprovado<\/strong> o candidato que obtiver no m\u00ednimo 50 pontos.<\/p>\n\n\n\n<h3 class=\"wp-block-heading\">Prova Pr\u00e1tica<\/h3>\n\n\n\n<p>Para a realiza\u00e7\u00e3o dessa etapa os candidatos dever\u00e3o realizar as seguintes <strong>tarefas<\/strong>:<\/p>\n\n\n\n<ul><li>Eletricista:<ul><li>Montagem de circuito de l\u00e2mpada paralelo;<\/li><li>Montagem de tomadas.<\/li><\/ul><\/li><li>Motorista:<ul><li>Ser\u00e1 utilizado um caminh\u00e3o toco basculante. Os crit\u00e9rios de avalia\u00e7\u00e3o ser\u00e3o feitos atrav\u00e9s do manuseio feito pelo candidato.<\/li><\/ul><\/li><li>Mec\u00e2nico:<ul><li>Identifica\u00e7\u00e3o dos cabos e itens do motor;<\/li><li>Verifica\u00e7\u00e3o do sistema de freios;<\/li><li>Aferir as tens\u00f5es nas Correias do Motor;<\/li><li>Identificar pe\u00e7as e ferramentas.<\/li><\/ul><\/li><li>Operador de M\u00e1quina:<ul><li>Ser\u00e1 utilizado uma retroescavadeira, onde os crit\u00e9rios de avalia\u00e7\u00e3o ser\u00e3o feitos atrav\u00e9s de avalia\u00e7\u00e3o do manuseio e opera\u00e7\u00e3o da m\u00e1quina realizado pelo candidato.<\/li><\/ul><\/li><li>Encanador:<ul><li>Montar tubula\u00e7\u00f5es hidr\u00e1ulicas;<\/li><li>Identificar pe\u00e7as, ferramentas e nome correto dos materiais utilizados.<\/li><\/ul><\/li><li>Marceneiro:<ul><li>Reconhecimento de ferramentas de trabalho;<\/li><li>Conhecer as medidas mais comuns de pregos;<\/li><li>Montar Instalar manualmente uma dobradi\u00e7a em uma porta;<\/li><li>Serrar manualmente uma t\u00e1bua de 30 cm no esquadro;<\/li><li>Desenhar e cortar um encaixe tipo de \u201cm\u00e3o de amigo\u201d ou \u201cboca de jacar\u00e9\u201d.<\/li><\/ul><\/li><li>Serralheiro:<ul><li>O candidato dever\u00e1 identificar\/detalhar o tipo de solda a ser realizado;<\/li><li>O candidato dever\u00e1 ajustar o equipamento de solda ao material a ser soldado;<\/li><li>Aplicar a solda no material disponibilizado.<\/li><\/ul><\/li><\/ul>\n\n\n\n<p>A avalia\u00e7\u00e3o ser\u00e1 avaliada em uma escala de 0 a 100 pontos, sendo assim, para ser considerado <strong>aprovado <\/strong>o candidato dever\u00e1 obter no m\u00ednimo 50 pontos.<\/p>\n\n\n\n<h3 class=\"wp-block-heading\">Prova de T\u00edtulos<\/h3>\n\n\n\n<p>Confira na tabela abaixo os t\u00edtulos que ser\u00e3o <strong>aceitos <\/strong>para a avalia\u00e7\u00e3o dessa etapa:<\/p>\n\n\n\n<figure class=\"wp-block-image size-full\"><img loading=\"lazy\" decoding=\"async\" width=\"645\" height=\"200\" src=\"https:\/\/www.editorasolucao.com.br\/blog\/wp-content\/uploads\/2023\/10\/image-13.png\" alt=\"\" class=\"wp-image-36155\"\/><\/figure>\n\n\n\n<figure class=\"wp-block-image size-full\"><img loading=\"lazy\" decoding=\"async\" width=\"645\" height=\"239\" src=\"https:\/\/www.editorasolucao.com.br\/blog\/wp-content\/uploads\/2023\/10\/image-14.png\" alt=\"\" class=\"wp-image-36157\"\/><\/figure>\n\n\n\n<h3 class=\"wp-block-heading\">Prova Dissertativa<\/h3>\n\n\n\n<p>Essa fase visa avaliar os conhecimentos que os candidatos possuem para o desempenho de atividades que s\u00e3o inerentes ao cargo pleiteado, assim como sua capacidade de express\u00e3o em linguagem t\u00e9cnica.<\/p>\n\n\n\n<p>A prova ser\u00e1 composta de <strong>05 quest\u00f5es<\/strong> que dever\u00e3o ser respondidas em no m\u00ednimo 10 e no m\u00e1ximo 15 linhas.<\/p>\n\n\n\n<ul><li><strong>Confira: <\/strong><a href=\"https:\/\/www.editorasolucao.com.br\/apostila-solucao\/prefeitura-embu-artes-sp-assistente-tecnico-administrativo\">Apostila Prefeitura de Embu das Artes-SP: Assistente T\u00e9cnico Administrativo<\/a><\/li><\/ul>\n\n\n\n<p><strong>Bons estudos e boa prova!!!<\/strong><\/p>\n","protected":false},"excerpt":{"rendered":"<p>Est\u00e3o abertas as inscri\u00e7\u00f5es do concurso Prefeitura de Embu das Artes, no estado de S\u00e3o Paulo, que oferta 267 vagas imediatas mais oportunidades para forma\u00e7\u00e3o de cadastro reserva para cargos de todos os n\u00edveis de escolaridade. Ficou interessado(a)? Confira os demais detalhes no decorrer da not\u00edcia. \ud83d\ude0a Inscri\u00e7\u00f5es Cargos, vagas e sal\u00e1rios Requisitos Etapas de sele\u00e7\u00e3o Como realizar a inscri\u00e7\u00e3o no concurso de Embu das Artes-SP As inscri\u00e7\u00f5es devem ser efetuadas atrav\u00e9s do site da banca organizadora, Inepam, at\u00e9 o dia 09 de novembro de 2023. Para concluir a inscri\u00e7\u00e3o \u00e9 necess\u00e1rio que o candidato efetue o pagamento de uma&#8230;<\/p>\n","protected":false},"author":18,"featured_media":36151,"template":"","meta":{"_acf_changed":false,"rank_math_lock_modified_date":false},"categories":[],"tags":[],"acf":[],"_links":{"self":[{"href":"https:\/\/www.editorasolucao.com.br\/blog\/wp-json\/wp\/v2\/concurso\/2127"}],"collection":[{"href":"https:\/\/www.editorasolucao.com.br\/blog\/wp-json\/wp\/v2\/concurso"}],"about":[{"href":"https:\/\/www.editorasolucao.com.br\/blog\/wp-json\/wp\/v2\/types\/concurso"}],"author":[{"embeddable":true,"href":"https:\/\/www.editorasolucao.com.br\/blog\/wp-json\/wp\/v2\/users\/18"}],"wp:featuredmedia":[{"embeddable":true,"href":"https:\/\/www.editorasolucao.com.br\/blog\/wp-json\/wp\/v2\/media\/36151"}],"wp:attachment":[{"href":"https:\/\/www.editorasolucao.com.br\/blog\/wp-json\/wp\/v2\/media?parent=2127"}],"wp:term":[{"taxonomy":"category","embeddable":true,"href":"https:\/\/www.editorasolucao.com.br\/blog\/wp-json\/wp\/v2\/categories?post=2127"},{"taxonomy":"post_tag","embeddable":true,"href":"https:\/\/www.editorasolucao.com.br\/blog\/wp-json\/wp\/v2\/tags?post=2127"}],"curies":[{"name":"wp","href":"https:\/\/api.w.org\/{rel}","templated":true}]}}