{"id":2132,"date":"2024-09-06T12:28:27","date_gmt":"2024-09-06T15:28:27","guid":{"rendered":"https:\/\/www.editorasolucao.com.br\/blog\/?post_type=concurso&#038;p=2132"},"modified":"2024-09-06T13:49:49","modified_gmt":"2024-09-06T16:49:49","slug":"guarda-civil-de-embu-das-artes-sp","status":"publish","type":"concurso","link":"https:\/\/www.editorasolucao.com.br\/blog\/concurso\/guarda-civil-de-embu-das-artes-sp","title":{"rendered":"Concurso Guarda de Embu das Artes: Edital publicado. 40 vagas de n\u00edvel m\u00e9dio!"},"content":{"rendered":"\n<p>Ol\u00e1, concurseiros! Foi divulgado o edital do concurso de Guarda de Embu das Artes, munic\u00edpio do estado de S\u00e3o Paulo, que oferta <strong>40 vagas de n\u00edvel m\u00e9dio<\/strong>, com remunera\u00e7\u00f5es iniciais de <strong>R$ 3 mil!<\/strong> Ficou interessado(a)? Venha saber mais!<\/p>\n\n\n\n<div id=\"ez-toc-container\" class=\"ez-toc-v2_0_69_1 counter-hierarchy ez-toc-counter ez-toc-grey ez-toc-container-direction\">\n<div class=\"ez-toc-title-container\">\n<p class=\"ez-toc-title \" >Menu de navega&ccedil;&atilde;o<\/p>\n<span class=\"ez-toc-title-toggle\"><a href=\"#\" class=\"ez-toc-pull-right ez-toc-btn ez-toc-btn-xs ez-toc-btn-default ez-toc-toggle\" aria-label=\"Toggle Table of Content\"><span class=\"ez-toc-js-icon-con\"><span class=\"\"><span class=\"eztoc-hide\" style=\"display:none;\">Toggle<\/span><span class=\"ez-toc-icon-toggle-span\"><svg style=\"fill: #999;color:#999\" xmlns=\"http:\/\/www.w3.org\/2000\/svg\" class=\"list-377408\" width=\"20px\" height=\"20px\" viewBox=\"0 0 24 24\" fill=\"none\"><path d=\"M6 6H4v2h2V6zm14 0H8v2h12V6zM4 11h2v2H4v-2zm16 0H8v2h12v-2zM4 16h2v2H4v-2zm16 0H8v2h12v-2z\" fill=\"currentColor\"><\/path><\/svg><svg style=\"fill: #999;color:#999\" class=\"arrow-unsorted-368013\" xmlns=\"http:\/\/www.w3.org\/2000\/svg\" width=\"10px\" height=\"10px\" viewBox=\"0 0 24 24\" version=\"1.2\" baseProfile=\"tiny\"><path d=\"M18.2 9.3l-6.2-6.3-6.2 6.3c-.2.2-.3.4-.3.7s.1.5.3.7c.2.2.4.3.7.3h11c.3 0 .5-.1.7-.3.2-.2.3-.5.3-.7s-.1-.5-.3-.7zM5.8 14.7l6.2 6.3 6.2-6.3c.2-.2.3-.5.3-.7s-.1-.5-.3-.7c-.2-.2-.4-.3-.7-.3h-11c-.3 0-.5.1-.7.3-.2.2-.3.5-.3.7s.1.5.3.7z\"\/><\/svg><\/span><\/span><\/span><\/a><\/span><\/div>\n<nav><ul class='ez-toc-list ez-toc-list-level-1 ' ><li class='ez-toc-page-1 ez-toc-heading-level-2'><a class=\"ez-toc-link ez-toc-heading-1\" href=\"https:\/\/www.editorasolucao.com.br\/blog\/concurso\/guarda-civil-de-embu-das-artes-sp\/#Como_posso_me_inscrever_no_concurso_Guarda_de_Embu_das_Artes\" title=\"Como posso me inscrever no concurso Guarda de Embu das Artes?\">Como posso me inscrever no concurso Guarda de Embu das Artes?<\/a><\/li><li class='ez-toc-page-1 ez-toc-heading-level-2'><a class=\"ez-toc-link ez-toc-heading-2\" href=\"https:\/\/www.editorasolucao.com.br\/blog\/concurso\/guarda-civil-de-embu-das-artes-sp\/#Quais_cargos_estao_sendo_ofertados_no_concurso_da_Prefeitura_de_Embu_das_Artes\" title=\"Quais cargos est\u00e3o sendo ofertados no concurso da Prefeitura de Embu das Artes?\">Quais cargos est\u00e3o sendo ofertados no concurso da Prefeitura de Embu das Artes?<\/a><\/li><li class='ez-toc-page-1 ez-toc-heading-level-2'><a class=\"ez-toc-link ez-toc-heading-3\" href=\"https:\/\/www.editorasolucao.com.br\/blog\/concurso\/guarda-civil-de-embu-das-artes-sp\/#O_que_faz_um_Guarda_Civil\" title=\"O que faz um Guarda Civil?\">O que faz um Guarda Civil?<\/a><\/li><li class='ez-toc-page-1 ez-toc-heading-level-2'><a class=\"ez-toc-link ez-toc-heading-4\" href=\"https:\/\/www.editorasolucao.com.br\/blog\/concurso\/guarda-civil-de-embu-das-artes-sp\/#Quais_sao_os_requisitos_para_a_investidura_do_cargo\" title=\"Quais s\u00e3o os requisitos para a investidura do cargo?\">Quais s\u00e3o os requisitos para a investidura do cargo?<\/a><\/li><li class='ez-toc-page-1 ez-toc-heading-level-2'><a class=\"ez-toc-link ez-toc-heading-5\" href=\"https:\/\/www.editorasolucao.com.br\/blog\/concurso\/guarda-civil-de-embu-das-artes-sp\/#Como_os_candidatos_do_concurso_Guarda_de_Embu_das_Artes_serao_avaliados\" title=\"Como os candidatos do concurso Guarda de Embu das Artes ser\u00e3o avaliados?\">Como os candidatos do concurso Guarda de Embu das Artes ser\u00e3o avaliados?<\/a><\/li><\/ul><\/nav><\/div>\n<h2 class=\"wp-block-heading\"><span class=\"ez-toc-section\" id=\"Como_posso_me_inscrever_no_concurso_Guarda_de_Embu_das_Artes\"><\/span>Como posso me inscrever no concurso Guarda de Embu das Artes? <span class=\"ez-toc-section-end\"><\/span><\/h2>\n\n\n\n<p>As inscri\u00e7\u00f5es para o concurso Guarda de Embu das Artes j\u00e1 est\u00e3o abertas! Os interessados devem se inscrever at\u00e9 <strong>\u00e0s 16h do dia 10 de outubro de 2024,<\/strong> atrav\u00e9s do site da banca organizadora do certame, o <a href=\"https:\/\/www.inepam.org.br\/concurso\/concursoPaginaInterna.do?idInstituicao=14&amp;idConcurso=11\" target=\"_blank\" rel=\"noreferrer noopener\">Inepam.<\/a> <\/p>\n\n\n\n<p>Para homologar sua inscri\u00e7\u00e3o, o candidato deve efetuar o pagamento das taxas de inscri\u00e7\u00e3o, no valor fixo de <strong>R$ 61,55<\/strong>, at\u00e9 a data limite de 10 de outubro. <\/p>\n\n\n\n<p>O candidato inscrito no Cad\u00danico, que perten\u00e7a a fam\u00edlia baixa renda, pode solicitar a isen\u00e7\u00e3o dessas taxas at\u00e9 hoje, dia <strong>6 de setembro. <\/strong><\/p>\n\n\n\n<h2 class=\"wp-block-heading\"><span class=\"ez-toc-section\" id=\"Quais_cargos_estao_sendo_ofertados_no_concurso_da_Prefeitura_de_Embu_das_Artes\"><\/span>Quais cargos est\u00e3o sendo ofertados no concurso da Prefeitura de Embu das Artes? <span class=\"ez-toc-section-end\"><\/span><\/h2>\n\n\n\n<p>A Prefeitura de Embu das Artes est\u00e1 ofertando 40 vagas imediatas para o cargo de <a href=\"https:\/\/www.editorasolucao.com.br\/apostila\/prefeitura-embu-artes-sp-guarda-civil-municipal\">Guarda Civil Municipal,<\/a> de n\u00edvel m\u00e9dio de escolaridade, sendo 32 vagas para o sexo masculino e 8 vagas para o sexo feminino. <\/p>\n\n\n\n<p>A remunera\u00e7\u00e3o inicial prevista \u00e9 de <strong>R$ 3.595,53<\/strong> para uma jornada de trabalho de 40 horas semanais ou escala 12&#215;36. <\/p>\n\n\n\n<h2 class=\"wp-block-heading\"><span class=\"ez-toc-section\" id=\"O_que_faz_um_Guarda_Civil\"><\/span>O que faz um Guarda Civil? <span class=\"ez-toc-section-end\"><\/span><\/h2>\n\n\n\n<p>Confira quais s\u00e3o as atribui\u00e7\u00f5es dadas ao cargo de Guarda Civil de Embu das Artes: <\/p>\n\n\n\n<ul>\n<li>Percorrer a zona ou distrito que lhe foi confiado, observando pessoas e estabelecimentos para, se necess\u00e1rio, adotar as medidas que se fizerem pertinentes, observados os par\u00e2metros estabelecidos pela Constitui\u00e7\u00e3o Federal ou atuar em postos fixos em que lhe foi determinado;<\/li>\n\n\n\n<li>Atender e operar as ocorr\u00eancias dentro de suas atribui\u00e7\u00f5es; <\/li>\n\n\n\n<li>Encarregar-se da escritura\u00e7\u00e3o atinente ao servi\u00e7o, cabendo-lhe mant\u00ea-la em dia e em ordem, corrigindo as irregularidades verificadas; <\/li>\n\n\n\n<li>Manter seus superiores informados de todas as ocorr\u00eancias verificadas e\/ou de toda documenta\u00e7\u00e3o referente aos servi\u00e7os sob sua responsabilidade; e) zelar pela corre\u00e7\u00e3o e asseio das viaturas e depend\u00eancias do servi\u00e7o;<\/li>\n\n\n\n<li>Comparecer em atos p\u00fablicos nos quais se fa\u00e7a necess\u00e1rio ou por designa\u00e7\u00e3o superior; <\/li>\n\n\n\n<li>Auxiliar, quando solicitado, no controle e fiscaliza\u00e7\u00e3o do tr\u00e2nsito e do tr\u00e1fego;<\/li>\n\n\n\n<li>Operar equipamentos de r\u00e1dio, sintonizando diversas frequ\u00eancias e regulando os instrumentos de totalidade para receber e transmitir mensagens em linguagem convencional ou codificada;<\/li>\n\n\n\n<li>Registrar as mensagens recebidas, anotando em formul\u00e1rio pr\u00f3prio para encaminhamento ao Comando ou ao seu Superior;<\/li>\n\n\n\n<li>Dirigir viaturas, acionando os seus equipamentos, conduzindo-as dentro dos limites do Munic\u00edpio, exceto em casos espec\u00edficos determinados por instru\u00e7\u00e3o superior, sempre observando as regras de tr\u00e2nsito; <\/li>\n\n\n\n<li>Auxiliar na atividade policial, desde que devidamente solicitado e autorizado; <\/li>\n\n\n\n<li>Exercer a guarda e vigil\u00e2ncia em unidades de Embu das Artes, objetivando inibir a ocorr\u00eancia de fatos delituosos por terceiros;<\/li>\n\n\n\n<li>Atuar, emergencialmente, em eventos calamitosos, tomando as medidas que se fizerem pertinentes; <\/li>\n\n\n\n<li>Exercer o poder de pol\u00edcia, inclusive sancionat\u00f3rio, ressalvadas as hip\u00f3teses em que, por for\u00e7a de lei, a atribui\u00e7\u00e3o seja privativa de outra categoria funcional, situa\u00e7\u00e3o em que poder\u00e1 auxiliar a fiscaliza\u00e7\u00e3o com a pr\u00e1tica de atos meramente materiais. <\/li>\n<\/ul>\n\n\n\n<h2 class=\"wp-block-heading\"><span class=\"ez-toc-section\" id=\"Quais_sao_os_requisitos_para_a_investidura_do_cargo\"><\/span>Quais s\u00e3o os requisitos para a investidura do cargo?<span class=\"ez-toc-section-end\"><\/span><\/h2>\n\n\n\n<p>De acordo com o edital, esses s\u00e3o os requisitos b\u00e1sicos exigidos para a nomea\u00e7\u00e3o e posse dos cargos ofertados: <\/p>\n\n\n\n<ul>\n<li>Ser brasileiro, nato ou naturalizado, ou gozar das prerrogativas previstas no artigo 12 da Constitui\u00e7\u00e3o Federal, nos termos da Emenda Constitucional 19\/98 e demais disposi\u00e7\u00f5es de lei, no caso de estrangeiros;<\/li>\n\n\n\n<li>Ter idade m\u00ednima de 21 (vinte e um) anos, n\u00e3o ser portador de defici\u00eancia incompat\u00edvel com o exerc\u00edcio das fun\u00e7\u00f5es atinentes ao cargo a que concorre; estar quite com a justi\u00e7a eleitoral e, se do sexo masculino, estar quite com o servi\u00e7o militar;<\/li>\n\n\n\n<li>Estar no gozo dos direitos pol\u00edticos;<\/li>\n\n\n\n<li>Possuir o n\u00edvel de escolaridade exigida para o cargo p\u00fablico e, quando for o caso, habilita\u00e7\u00e3o profissional formal para o desenvolvimento das atribui\u00e7\u00f5es inerentes ao cargo;<\/li>\n\n\n\n<li>N\u00e3o registrar antecedentes civis ou criminais contra a Administra\u00e7\u00e3o P\u00fablica e n\u00e3o ser aposentado por invalidez e nem estar com idade de aposentadoria compuls\u00f3ria, conforme Inciso II, do Artigo 40, da Constitui\u00e7\u00e3o Federal;<\/li>\n\n\n\n<li>N\u00e3o ter sido condenado, com tr\u00e2nsito em julgado, por furto, roubo, latroc\u00ednio, estupro, abuso de confian\u00e7a, fal\u00eancia fraudulenta, falsidade cometida contra a Administra\u00e7\u00e3o P\u00fablica ou Defesa Nacional, por ato de improbidade administrativa ou preju\u00edzo ao er\u00e1rio p\u00fablico ou pelo cometimento de qualquer das tipifica\u00e7\u00f5es penais constantes do T\u00edtulo XI (Dos Crimes contra a Administra\u00e7\u00e3o P\u00fablica) do C\u00f3digo Penal Brasileiro;<\/li>\n\n\n\n<li>Apresentar a declara\u00e7\u00e3o de bens;<\/li>\n\n\n\n<li>Possuir idoneidade moral comprovada por investiga\u00e7\u00e3o social e certid\u00f5es expedidas junto ao Poder Judici\u00e1rio Estadual e Federal;<\/li>\n\n\n\n<li>Possuir, no m\u00ednimo, Carteira Nacional de Habilita\u00e7\u00e3o (CNH) na categoria A\/B;<\/li>\n\n\n\n<li>N\u00e3o estar sendo processado, nem ter sofrido penalidades por pr\u00e1tica de atos desabonadores ao exerc\u00edcio de suas atribui\u00e7\u00f5es como Guarda Civil Municipal;<\/li>\n\n\n\n<li>Cumprir outros requisitos dispostos em edital do concurso p\u00fablico de acesso, atendendo aos princ\u00edpios constitucionais, em especial ao da legalidade e da moralidade;<\/li>\n\n\n\n<li>Ter sido aprovado dentro do n\u00famero de vagas previstas no edital do concurso p\u00fablico e no curso de forma\u00e7\u00e3o da Guarda Civil Municipal de Embu das Artes. <\/li>\n<\/ul>\n\n\n\n<h2 class=\"wp-block-heading\"><span class=\"ez-toc-section\" id=\"Como_os_candidatos_do_concurso_Guarda_de_Embu_das_Artes_serao_avaliados\"><\/span>Como os candidatos do concurso Guarda de Embu das Artes ser\u00e3o avaliados? <span class=\"ez-toc-section-end\"><\/span><\/h2>\n\n\n\n<p>Os candidatos do concurso Guarda de Embu das Artes ser\u00e3o avaliados por meio das seguintes etapas de sele\u00e7\u00e3o: <strong>prova objetiva<\/strong> (de car\u00e1ter eliminat\u00f3rio e classificat\u00f3rio), <strong>exame antropom\u00e9trico<\/strong> (de car\u00e1ter eliminat\u00f3rio), <strong>teste de aptid\u00e3o f\u00edsica<\/strong> (de car\u00e1ter eliminat\u00f3rio), <strong>prova pr\u00e1tica de dire\u00e7\u00e3o veicular<\/strong> (de car\u00e1ter eliminat\u00f3rio),<strong> investiga\u00e7\u00e3o social <\/strong>(de car\u00e1ter eliminat\u00f3rio) e avalia\u00e7\u00e3o psicol\u00f3gica (de car\u00e1ter eliminat\u00f3rio).<\/p>\n\n\n\n<h3 class=\"wp-block-heading\">Prova Objetiva<\/h3>\n\n\n\n<p>A prova objetiva ser\u00e1 aplicada na data prevista de <strong>3 de novembro de 2024,<\/strong> a partir das 9h e com dura\u00e7\u00e3o m\u00e1xima de 3 horas. <\/p>\n\n\n\n<p>A avalia\u00e7\u00e3o ser\u00e1 composta de <strong>30 quest\u00f5es de m\u00faltipla escolha<\/strong> que ser\u00e3o versadas sobre as seguintes disciplinas: <\/p>\n\n\n\n<ul>\n<li>Portugu\u00eas: 10 quest\u00f5es<\/li>\n\n\n\n<li>Matem\u00e1tica: 5 quest\u00f5es<\/li>\n\n\n\n<li>Conhecimentos Espec\u00edficos: 15 quest\u00f5es<\/li>\n<\/ul>\n\n\n\n<p><\/p>\n\n\n\n<p>A prova objetiva ser\u00e1 avaliada em uma escala de 0 a 100 pontos, sendo <strong>aprovado<\/strong> o candidato que obtiver nota igual ou superior a 50 pontos. <\/p>\n\n\n\n<h3 class=\"wp-block-heading\">Teste de Aptid\u00e3o F\u00edsica<\/h3>\n\n\n\n<p>O teste de aptid\u00e3o f\u00edsica busca avaliar a capacidade do candidato de realizar os movimentos necess\u00e1rios para o exerc\u00edcio do cargo de Guarda Civil Municipal, assim como aferir sua capacidade f\u00edsica para o cargo. <\/p>\n\n\n\n<p>Essa etapa ser\u00e1 composta das seguintes atividades: <\/p>\n\n\n\n<ul>\n<li>Avalia\u00e7\u00e3o de Flex\u00e3o de bra\u00e7o consecutivas (masculino)\/Flex\u00e3o de bra\u00e7o com apoio de frente consecutivas (feminino);<\/li>\n\n\n\n<li>Avalia\u00e7\u00e3o de Abdominal (remador); e<\/li>\n\n\n\n<li>Avalia\u00e7\u00e3o de Corrida de 12 minutos.<\/li>\n<\/ul>\n\n\n\n<p><\/p>\n\n\n\n<p>O teste ter\u00e1 valor total de 6,0 pontos, sendo <strong>apto <\/strong>o candidato que obtiver pontua\u00e7\u00e3o igual ou superior a 3,6 pontos. <\/p>\n\n\n\n<p><\/p>\n\n\n\n<p>Se voc\u00ea busca ser aprovado neste <strong>concurso<\/strong>, n\u00f3s temos <strong><a href=\"https:\/\/www.editorasolucao.com.br\/apostila-solucao\/digital\/apostila-digital-guarda-civil-municipal-prefeitura-embu-das-artes-sp?q=embu%20das%20artes%20gua\" target=\"_blank\" rel=\"noreferrer noopener\">material<\/a><\/strong> certo para voc\u00ea!<\/p>\n","protected":false},"excerpt":{"rendered":"<p>Ol\u00e1, concurseiros! Foi divulgado o edital do concurso de Guarda de Embu das Artes, munic\u00edpio do estado de S\u00e3o Paulo, que oferta 40 vagas de n\u00edvel m\u00e9dio, com remunera\u00e7\u00f5es iniciais de R$ 3 mil! Ficou interessado(a)? Venha saber mais! Como posso me inscrever no concurso Guarda de Embu das Artes? As inscri\u00e7\u00f5es para o concurso Guarda de Embu das Artes j\u00e1 est\u00e3o abertas! Os interessados devem se inscrever at\u00e9 \u00e0s 16h do dia 10 de outubro de 2024, atrav\u00e9s do site da banca organizadora do certame, o Inepam. Para homologar sua inscri\u00e7\u00e3o, o candidato deve efetuar o pagamento das taxas&#8230;<\/p>\n","protected":false},"author":21,"featured_media":44194,"template":"","meta":{"_acf_changed":true,"rank_math_lock_modified_date":false},"categories":[],"tags":[],"acf":[],"_links":{"self":[{"href":"https:\/\/www.editorasolucao.com.br\/blog\/wp-json\/wp\/v2\/concurso\/2132"}],"collection":[{"href":"https:\/\/www.editorasolucao.com.br\/blog\/wp-json\/wp\/v2\/concurso"}],"about":[{"href":"https:\/\/www.editorasolucao.com.br\/blog\/wp-json\/wp\/v2\/types\/concurso"}],"author":[{"embeddable":true,"href":"https:\/\/www.editorasolucao.com.br\/blog\/wp-json\/wp\/v2\/users\/21"}],"wp:featuredmedia":[{"embeddable":true,"href":"https:\/\/www.editorasolucao.com.br\/blog\/wp-json\/wp\/v2\/media\/44194"}],"wp:attachment":[{"href":"https:\/\/www.editorasolucao.com.br\/blog\/wp-json\/wp\/v2\/media?parent=2132"}],"wp:term":[{"taxonomy":"category","embeddable":true,"href":"https:\/\/www.editorasolucao.com.br\/blog\/wp-json\/wp\/v2\/categories?post=2132"},{"taxonomy":"post_tag","embeddable":true,"href":"https:\/\/www.editorasolucao.com.br\/blog\/wp-json\/wp\/v2\/tags?post=2132"}],"curies":[{"name":"wp","href":"https:\/\/api.w.org\/{rel}","templated":true}]}}