{"id":21492,"date":"2024-09-02T10:28:23","date_gmt":"2024-09-02T13:28:23","guid":{"rendered":"https:\/\/www.editorasolucao.com.br\/blog\/?post_type=concurso&#038;p=21492"},"modified":"2024-09-05T14:52:05","modified_gmt":"2024-09-05T17:52:05","slug":"prefeitura-de-paraty-rj","status":"publish","type":"concurso","link":"https:\/\/www.editorasolucao.com.br\/blog\/concurso\/prefeitura-de-paraty-rj","title":{"rendered":"Concurso Prefeitura de Paraty: Sa\u00edram editais com 324 vagas!"},"content":{"rendered":"\n<p>Ol\u00e1, concurseiros! Foram divulgados os editais do concurso da Prefeitura de Paraty, munic\u00edpio do estado do Rio de Janeiro, que ofertam <strong>324 vagas imediatas,<\/strong> al\u00e9m da forma\u00e7\u00e3o de cadastro reserva, com remunera\u00e7\u00f5es iniciais que podem chegar at\u00e9 <strong>R$10 mil<\/strong>!  Venha conferir todos os detalhes!<\/p>\n\n\n\n<div id=\"ez-toc-container\" class=\"ez-toc-v2_0_69_1 counter-hierarchy ez-toc-counter ez-toc-grey ez-toc-container-direction\">\n<div class=\"ez-toc-title-container\">\n<p class=\"ez-toc-title \" >Menu de navega&ccedil;&atilde;o<\/p>\n<span class=\"ez-toc-title-toggle\"><a href=\"#\" class=\"ez-toc-pull-right ez-toc-btn ez-toc-btn-xs ez-toc-btn-default ez-toc-toggle\" aria-label=\"Toggle Table of Content\"><span class=\"ez-toc-js-icon-con\"><span class=\"\"><span class=\"eztoc-hide\" style=\"display:none;\">Toggle<\/span><span class=\"ez-toc-icon-toggle-span\"><svg style=\"fill: #999;color:#999\" xmlns=\"http:\/\/www.w3.org\/2000\/svg\" class=\"list-377408\" width=\"20px\" height=\"20px\" viewBox=\"0 0 24 24\" fill=\"none\"><path d=\"M6 6H4v2h2V6zm14 0H8v2h12V6zM4 11h2v2H4v-2zm16 0H8v2h12v-2zM4 16h2v2H4v-2zm16 0H8v2h12v-2z\" fill=\"currentColor\"><\/path><\/svg><svg style=\"fill: #999;color:#999\" class=\"arrow-unsorted-368013\" xmlns=\"http:\/\/www.w3.org\/2000\/svg\" width=\"10px\" height=\"10px\" viewBox=\"0 0 24 24\" version=\"1.2\" baseProfile=\"tiny\"><path d=\"M18.2 9.3l-6.2-6.3-6.2 6.3c-.2.2-.3.4-.3.7s.1.5.3.7c.2.2.4.3.7.3h11c.3 0 .5-.1.7-.3.2-.2.3-.5.3-.7s-.1-.5-.3-.7zM5.8 14.7l6.2 6.3 6.2-6.3c.2-.2.3-.5.3-.7s-.1-.5-.3-.7c-.2-.2-.4-.3-.7-.3h-11c-.3 0-.5.1-.7.3-.2.2-.3.5-.3.7s.1.5.3.7z\"\/><\/svg><\/span><\/span><\/span><\/a><\/span><\/div>\n<nav><ul class='ez-toc-list ez-toc-list-level-1 ' ><li class='ez-toc-page-1 ez-toc-heading-level-2'><a class=\"ez-toc-link ez-toc-heading-1\" href=\"https:\/\/www.editorasolucao.com.br\/blog\/concurso\/prefeitura-de-paraty-rj\/#Como_participar_do_concurso_da_Prefeitura_de_Paraty\" title=\"Como participar do concurso da Prefeitura de Paraty?\">Como participar do concurso da Prefeitura de Paraty?<\/a><\/li><li class='ez-toc-page-1 ez-toc-heading-level-2'><a class=\"ez-toc-link ez-toc-heading-2\" href=\"https:\/\/www.editorasolucao.com.br\/blog\/concurso\/prefeitura-de-paraty-rj\/#Quais_cargos_vagas_e_salarios_estao_sendo_ofertados\" title=\"Quais cargos, vagas e sal\u00e1rios est\u00e3o sendo ofertados?\">Quais cargos, vagas e sal\u00e1rios est\u00e3o sendo ofertados?<\/a><\/li><li class='ez-toc-page-1 ez-toc-heading-level-2'><a class=\"ez-toc-link ez-toc-heading-3\" href=\"https:\/\/www.editorasolucao.com.br\/blog\/concurso\/prefeitura-de-paraty-rj\/#Requisitos_para_a_investidura_dos_cargos\" title=\"Requisitos para a investidura dos cargos\">Requisitos para a investidura dos cargos<\/a><\/li><li class='ez-toc-page-1 ez-toc-heading-level-2'><a class=\"ez-toc-link ez-toc-heading-4\" href=\"https:\/\/www.editorasolucao.com.br\/blog\/concurso\/prefeitura-de-paraty-rj\/#Como_os_candidatos_do_concurso_da_Prefeitura_de_Paraty_serao_avaliados\" title=\"Como os candidatos do concurso da Prefeitura de Paraty ser\u00e3o avaliados?\">Como os candidatos do concurso da Prefeitura de Paraty ser\u00e3o avaliados?<\/a><\/li><li class='ez-toc-page-1 ez-toc-heading-level-2'><a class=\"ez-toc-link ez-toc-heading-5\" href=\"https:\/\/www.editorasolucao.com.br\/blog\/concurso\/prefeitura-de-paraty-rj\/#Quando_ocorreu_o_ultimo_concurso_da_Prefeitura_de_Paraty\" title=\"Quando ocorreu o \u00faltimo concurso da Prefeitura de Paraty?\">Quando ocorreu o \u00faltimo concurso da Prefeitura de Paraty?<\/a><\/li><\/ul><\/nav><\/div>\n<h2 class=\"wp-block-heading\"><span class=\"ez-toc-section\" id=\"Como_participar_do_concurso_da_Prefeitura_de_Paraty\"><\/span>Como participar do concurso da Prefeitura de Paraty? <span class=\"ez-toc-section-end\"><\/span><\/h2>\n\n\n\n<p>As inscri\u00e7\u00f5es para o concurso da Prefeitura de Paraty j\u00e1 est\u00e3o abertas. Os interessados devem se inscrever atrav\u00e9s do site da banca organizadora, a <a href=\"https:\/\/www.avancasp.org.br\/informacoes\/159\/\" target=\"_blank\" rel=\"noreferrer noopener\">Avan\u00e7a SP<\/a>, at\u00e9 o dia <strong>30 de setembro de 2024.<\/strong> <\/p>\n\n\n\n<p>Os valores das taxas de inscri\u00e7\u00e3o variam de acordo com o n\u00edvel de escolaridade do cargo pretendido, sendo <strong>R$ 51,00<\/strong> para cargos de n\u00edvel fundamental, <strong>R$ 67,00<\/strong> para cargos de n\u00edvel m\u00e9dio\/t\u00e9cnico e <strong>R$ 90,00<\/strong> para cargos de n\u00edvel superior. <\/p>\n\n\n\n<p>Para homologar sua inscri\u00e7\u00e3o, o candidato deve efetuar o pagamento dessas taxas at\u00e9 a data limite de <strong>1\u00b0 de outubro de 2024. <\/strong><\/p>\n\n\n\n<p>O candidato que estiver inscrito no Cadastro \u00danico para Programas Sociais do Governo Federal, chamado de Cad\u00danico, poder\u00e1 solicitar a isen\u00e7\u00e3o dessas taxas at\u00e9 o dia <strong>4 de agosto de 2024. <\/strong><\/p>\n\n\n\n<h2 class=\"wp-block-heading\"><span class=\"ez-toc-section\" id=\"Quais_cargos_vagas_e_salarios_estao_sendo_ofertados\"><\/span>Quais cargos, vagas e sal\u00e1rios est\u00e3o sendo ofertados? <span class=\"ez-toc-section-end\"><\/span><\/h2>\n\n\n\n<p>A Prefeitura de Paraty est\u00e1 ofertando <strong>324 vagas imediatas<\/strong> para cargos de todos os n\u00edveis de escolaridade. Confira como essas oportunidades est\u00e3o sendo distribu\u00eddas e suas remunera\u00e7\u00f5es: <\/p>\n\n\n\n<h3 class=\"wp-block-heading\">Cargos do edital 01\/2024<\/h3>\n\n\n\n<p><strong>Fundamental <\/strong><\/p>\n\n\n\n<ul>\n<li>Agente de Seguran\u00e7a Escolar (CR)\n<ul>\n<li>R$ 1.992,23<\/li>\n<\/ul>\n<\/li>\n\n\n\n<li>Auxiliar de Biblioteca (1 + CR)\n<ul>\n<li>R$ 1.992,23<\/li>\n<\/ul>\n<\/li>\n\n\n\n<li>Auxiliar de Consult\u00f3rio Dent\u00e1rio (CR)\n<ul>\n<li>R$ 1.992,23<\/li>\n<\/ul>\n<\/li>\n\n\n\n<li>Auxiliar de Laborat\u00f3rio (CR)\n<ul>\n<li>R$ 1.992,23<\/li>\n<\/ul>\n<\/li>\n\n\n\n<li>Guarda Sanit\u00e1rio (5 + CR)\n<ul>\n<li>R$ 2.855,64<\/li>\n<\/ul>\n<\/li>\n\n\n\n<li>Motorista (15 + CR)\n<ul>\n<li>R$ 2.136,64<\/li>\n<\/ul>\n<\/li>\n<\/ul>\n\n\n\n<p><strong>M\u00e9dio e t\u00e9cnico <\/strong><\/p>\n\n\n\n<ul>\n<li>Agente Ambiental (3 + CR)\n<ul>\n<li>R$ 2.614,47<\/li>\n<\/ul>\n<\/li>\n\n\n\n<li><a href=\"https:\/\/www.editorasolucao.com.br\/apostila-solucao\/prefeitura-paraty-rj-agente-apoio-educacao-especial?q=paraty\">Agente de Apoio \u00e0 Educa\u00e7\u00e3o Especial<\/a> (23 + CR)\n<ul>\n<li>R$ 2.136,64<\/li>\n<\/ul>\n<\/li>\n\n\n\n<li>Agente de Atividades Escolares (1 + CR)\n<ul>\n<li>R$ 2.614,47<\/li>\n<\/ul>\n<\/li>\n\n\n\n<li>Agente de Defesa Civil (9 + CR)\n<ul>\n<li>R$ 2.040,86<\/li>\n<\/ul>\n<\/li>\n\n\n\n<li>Agente de Desenvolvimento Infantil (7 + CR)\n<ul>\n<li>R$ 1.992,23<\/li>\n<\/ul>\n<\/li>\n\n\n\n<li>Agente de Informa\u00e7\u00e3o Tur\u00edstica Bil\u00edngue (2 + CR)\n<ul>\n<li>R$ 2.171,76<\/li>\n<\/ul>\n<\/li>\n\n\n\n<li>Agente de Informa\u00e7\u00f5es Tur\u00edsticas (2 + CR)\n<ul>\n<li>R$ 1.992,23<\/li>\n<\/ul>\n<\/li>\n\n\n\n<li>Agente Fiscal de Pesca (1 + CR)\n<ul>\n<li>R$ 8.412,78<\/li>\n<\/ul>\n<\/li>\n\n\n\n<li>Almoxarife (CR)\n<ul>\n<li>R$ 1.992,23<\/li>\n<\/ul>\n<\/li>\n\n\n\n<li>Animador Cultural (1 + CR)\n<ul>\n<li>R$ 1.992,23<\/li>\n<\/ul>\n<\/li>\n\n\n\n<li>Auxiliar de Farm\u00e1cia (CR)\n<ul>\n<li>R$ 1.992,23<\/li>\n<\/ul>\n<\/li>\n\n\n\n<li>Cadastrador (CR)\n<ul>\n<li>R$ 2.040,86<\/li>\n<\/ul>\n<\/li>\n\n\n\n<li>Cuidador Social (4 + CR)\n<ul>\n<li>R$ 2.855,64<\/li>\n<\/ul>\n<\/li>\n\n\n\n<li><a href=\"https:\/\/www.editorasolucao.com.br\/curso-online\/curso-prefeitura-de-paraty-rj-escriturario\">Escritur\u00e1rio<\/a> (15 + CR)\n<ul>\n<li>R$ 2.614,47<\/li>\n<\/ul>\n<\/li>\n\n\n\n<li>Faturista (CR)\n<ul>\n<li>R$ 1.992,23<\/li>\n<\/ul>\n<\/li>\n\n\n\n<li>Fiscal de Meio Ambiente (2 + CR)\n<ul>\n<li>R$ 8.412,78<\/li>\n<\/ul>\n<\/li>\n\n\n\n<li>Fiscal de Transporte Urbano (CR)\n<ul>\n<li>R$ 8.412,78<\/li>\n<\/ul>\n<\/li>\n\n\n\n<li>Fiscal de Tributos (2 + CR)\n<ul>\n<li>R$ 8.412,78<\/li>\n<\/ul>\n<\/li>\n\n\n\n<li>Fiscal Sanit\u00e1rio (1 + CR)\n<ul>\n<li>R$ 8.412,78<\/li>\n<\/ul>\n<\/li>\n\n\n\n<li>Indigenista (CR)\n<ul>\n<li>R$ 4.183,66<\/li>\n<\/ul>\n<\/li>\n\n\n\n<li>Monitor de Transporte Escolar (CR)\n<ul>\n<li>R$ 1.992,23<\/li>\n<\/ul>\n<\/li>\n\n\n\n<li>Monitor Social (6 + CR)\n<ul>\n<li>R$ 2.855,64<\/li>\n<\/ul>\n<\/li>\n\n\n\n<li>Recreador (CR)\n<ul>\n<li>R$ 1.992,23<\/li>\n<\/ul>\n<\/li>\n\n\n\n<li>Secret\u00e1rio Escolar (CR)\n<ul>\n<li>R$ 2.614,47<\/li>\n<\/ul>\n<\/li>\n\n\n\n<li>T\u00e9cnico de Arquivo (CR)\n<ul>\n<li>R$ 1.992,23<\/li>\n<\/ul>\n<\/li>\n\n\n\n<li>T\u00e9cnico de Controle Interno (2 + CR)\n<ul>\n<li>R$ 2.614,47<\/li>\n<\/ul>\n<\/li>\n\n\n\n<li><a href=\"https:\/\/www.editorasolucao.com.br\/curso-online\/curso-prefeitura-de-paraty-rj-tecnico-de-enfermagem\">T\u00e9cnico de Enfermagem<\/a> (10 + CR)\n<ul>\n<li>R$ 2.171,76<\/li>\n<\/ul>\n<\/li>\n\n\n\n<li>T\u00e9cnico de Enfermagem ESF (4 + CR)\n<ul>\n<li>R$ 2.632,66<\/li>\n<\/ul>\n<\/li>\n\n\n\n<li>T\u00e9cnico de Hematologia (CR)\n<ul>\n<li>R$ 2.171,76<\/li>\n<\/ul>\n<\/li>\n\n\n\n<li>T\u00e9cnico de Higiene Dental (CR)\n<ul>\n<li>R$ 1.992,23<\/li>\n<\/ul>\n<\/li>\n\n\n\n<li>T\u00e9cnico de Laborat\u00f3rio de An\u00e1lises (2 + CR)\n<ul>\n<li>R$ 2.171,76<\/li>\n<\/ul>\n<\/li>\n\n\n\n<li>T\u00e9cnico de Procuradoria (1 + CR)\n<ul>\n<li>R$ 2.614,47<\/li>\n<\/ul>\n<\/li>\n\n\n\n<li>T\u00e9cnico de Radiologia (CR)\n<ul>\n<li>R$ 2.443,79<\/li>\n<\/ul>\n<\/li>\n\n\n\n<li>T\u00e9cnico de Raio X (CR)\n<ul>\n<li>R$ 2.443,79<\/li>\n<\/ul>\n<\/li>\n\n\n\n<li>T\u00e9cnico de Recursos Humanos (3 + CR)\n<ul>\n<li>R$ 3.004,56<\/li>\n<\/ul>\n<\/li>\n\n\n\n<li>T\u00e9cnico de Turismo (1 + CR)\n<ul>\n<li>R$ 2.171,76<\/li>\n<\/ul>\n<\/li>\n\n\n\n<li>T\u00e9cnico em Pr\u00f3tese Dent\u00e1ria (CR)\n<ul>\n<li>R$ 2.171,76<\/li>\n<\/ul>\n<\/li>\n\n\n\n<li>T\u00e9cnico em Seguran\u00e7a do Trabalho (1 + CR)\n<ul>\n<li>R$ 2.171,76<\/li>\n<\/ul>\n<\/li>\n\n\n\n<li>T\u00e9cnico de Imobiliza\u00e7\u00e3o Ortop\u00e9dica (CR)\n<ul>\n<li>R$ 2.171,76<\/li>\n<\/ul>\n<\/li>\n\n\n\n<li>Tesoureiro (2 + CR)\n<ul>\n<li>R$ 2.614,47<\/li>\n<\/ul>\n<\/li>\n<\/ul>\n\n\n\n<p><strong>Superior<\/strong><\/p>\n\n\n\n<ul>\n<li>Analista de Procuradoria (1 + CR)\n<ul>\n<li>R$ 4.183,66<\/li>\n<\/ul>\n<\/li>\n\n\n\n<li>Analista de Sistema (CR)\n<ul>\n<li>R$ 4.183,66<\/li>\n<\/ul>\n<\/li>\n\n\n\n<li>Arquiteto (CR)\n<ul>\n<li>R$ 8.627,64<\/li>\n<\/ul>\n<\/li>\n\n\n\n<li>Assistente Social (5 + CR)\n<ul>\n<li>R$ 4.183,66<\/li>\n<\/ul>\n<\/li>\n\n\n\n<li>Auditor de Controle Interno (3 + CR)\n<ul>\n<li>R$ 5.080,95<\/li>\n<\/ul>\n<\/li>\n\n\n\n<li>Bacharel em Turismo (1 + CR)\n<ul>\n<li>R$ 4.183,66<\/li>\n<\/ul>\n<\/li>\n\n\n\n<li>Bibliotec\u00e1rio (CR)\n<ul>\n<li>R$ 4.183,66<\/li>\n<\/ul>\n<\/li>\n\n\n\n<li>Bi\u00f3logo (3 + CR)\n<ul>\n<li>R$ 4.183,66<\/li>\n<\/ul>\n<\/li>\n\n\n\n<li>Bioqu\u00edmico (2 + CR)\n<ul>\n<li>R$ 4.183,66<\/li>\n<\/ul>\n<\/li>\n\n\n\n<li>Contador (4 + CR)\n<ul>\n<li>R$ 5.080,95<\/li>\n<\/ul>\n<\/li>\n\n\n\n<li>Enfermeiro (2 + CR)\n<ul>\n<li>R$ 4.183,66<\/li>\n<\/ul>\n<\/li>\n\n\n\n<li>Enfermeiro ESF (2 + CR)\n<ul>\n<li>R$ 5.420,88<\/li>\n<\/ul>\n<\/li>\n\n\n\n<li>Engenheiro Agr\u00f4nomo (1 + CR)\n<ul>\n<li>R$ 8.627,64<\/li>\n<\/ul>\n<\/li>\n\n\n\n<li>Engenheiro Civil (1 + CR)\n<ul>\n<li>R$ 8.627,64<\/li>\n<\/ul>\n<\/li>\n\n\n\n<li>Engenheiro de Tr\u00e2nsito (CR)\n<ul>\n<li>R$ 8.627,64<\/li>\n<\/ul>\n<\/li>\n\n\n\n<li>Engenheiro Florestal (1 + CR)\n<ul>\n<li>R$ 8.627,64<\/li>\n<\/ul>\n<\/li>\n\n\n\n<li>Engenheiro Sanitarista (1 + CR)\n<ul>\n<li>R$ 8.627,64<\/li>\n<\/ul>\n<\/li>\n\n\n\n<li>Farmac\u00eautico (3 + CR)\n<ul>\n<li>R$ 4.183,66<\/li>\n<\/ul>\n<\/li>\n\n\n\n<li>Fisioterapeuta (1 + CR)\n<ul>\n<li>R$ 4.183,66<\/li>\n<\/ul>\n<\/li>\n\n\n\n<li>Fonoaudi\u00f3logo (1 + CR)\n<ul>\n<li>R$ 4.183,66<\/li>\n<\/ul>\n<\/li>\n\n\n\n<li>Ge\u00f3logo (CR)\n<ul>\n<li>R$ 8.627,64<\/li>\n<\/ul>\n<\/li>\n\n\n\n<li>Jornalista (1 + CR)\n<ul>\n<li>R$ 4.183,66<\/li>\n<\/ul>\n<\/li>\n\n\n\n<li>M\u00e9dico &#8211; v\u00e1rias especialidades (16 + CR)\n<ul>\n<li>de R$ 4.183,66 at\u00e9 R$ 10.066,14<\/li>\n<\/ul>\n<\/li>\n\n\n\n<li>Nutricionista (2 + CR)\n<ul>\n<li>R$ 4.183,66<\/li>\n<\/ul>\n<\/li>\n\n\n\n<li>Ocean\u00f3grafo (CR)\n<ul>\n<li>R$ 4.183,66<\/li>\n<\/ul>\n<\/li>\n\n\n\n<li>Odont\u00f3logo (3 + CR)\n<ul>\n<li>R$ 4.183,66<\/li>\n<\/ul>\n<\/li>\n\n\n\n<li>Orientador Educacional (CR)\n<ul>\n<li>R$ 4.183,66<\/li>\n<\/ul>\n<\/li>\n\n\n\n<li><a href=\"https:\/\/www.editorasolucao.com.br\/apostila\/prefeitura-paraty-rj-professor-educacao-basica-i?q=paraty\">Professor de Educa\u00e7\u00e3o B\u00e1sica I<\/a> (73 + CR)\n<ul>\n<li>R$ 3.435,43<\/li>\n<\/ul>\n<\/li>\n\n\n\n<li>Professor de Educa\u00e7\u00e3o B\u00e1sica II &#8211; R$ 3.716,69\n<ul>\n<li>Artes (5 + CR)<\/li>\n\n\n\n<li>Ci\u00eancias (5 + CR)<\/li>\n\n\n\n<li>Educa\u00e7\u00e3o F\u00edsica (4 + CR)<\/li>\n\n\n\n<li>Geografia (5 + CR)<\/li>\n\n\n\n<li>Hist\u00f3ria (5 + CR)<\/li>\n\n\n\n<li>L\u00edngua Inglesa (3 + CR)<\/li>\n\n\n\n<li>L\u00edngua Portuguesa (7 + CR)<\/li>\n\n\n\n<li>Matem\u00e1tica (6 + CR)<\/li>\n<\/ul>\n<\/li>\n\n\n\n<li>Professor de Educa\u00e7\u00e3o F\u00edsica (3 + CR)\n<ul>\n<li>R$ 4.183,66<\/li>\n<\/ul>\n<\/li>\n\n\n\n<li>Psic\u00f3logo (14 + CR)\n<ul>\n<li>R$ 4.183,66<\/li>\n<\/ul>\n<\/li>\n\n\n\n<li>Supervisor de Ensino (CR)\n<ul>\n<li>R$ 4.183,66<\/li>\n<\/ul>\n<\/li>\n\n\n\n<li>Terapeuta Ocupacional (1 + CR)\n<ul>\n<li>R$ 4.183,66<\/li>\n<\/ul>\n<\/li>\n\n\n\n<li>Veterin\u00e1rio (1 + CR)\n<ul>\n<li>R$ 4.183,66<\/li>\n<\/ul>\n<\/li>\n<\/ul>\n\n\n\n<h3 class=\"wp-block-heading\">Cargos do edital 02\/2024<\/h3>\n\n\n\n<p><strong>M\u00e9dio<\/strong><\/p>\n\n\n\n<ul>\n<li><a href=\"https:\/\/www.editorasolucao.com.br\/curso-online\/curso-prefeitura-de-paraty-rj-guarda-civil\">Guarda Civil<\/a> (12 + CR)\n<ul>\n<li>R$ 2.040,86 + 30%<\/li>\n<\/ul>\n<\/li>\n<\/ul>\n\n\n\n<p><\/p>\n\n\n\n<p>Al\u00e9m do vencimento base, os candidatos aprovados e admitidos pelo concurso far\u00e3o jus ao benef\u00edcio de aux\u00edlio alimenta\u00e7\u00e3o no valor de <strong>R$ 1.000,00. <\/strong><\/p>\n\n\n\n<h2 class=\"wp-block-heading\"><span class=\"ez-toc-section\" id=\"Requisitos_para_a_investidura_dos_cargos\"><\/span>Requisitos para a investidura dos cargos<span class=\"ez-toc-section-end\"><\/span><\/h2>\n\n\n\n<p>De acordo com o edital, esses s\u00e3o os requisitos b\u00e1sicos exigidos para a nomea\u00e7\u00e3o e posse dos cargos ofertados: <\/p>\n\n\n\n<ul>\n<li>Ter sido aprovado e classificado no Concurso P\u00fablico na forma estabelecida neste Edital, em seus anexos e eventuais retifica\u00e7\u00f5es;<\/li>\n\n\n\n<li>Ter nacionalidade brasileira; no caso de nacionalidade portuguesa, estar amparado pelo estatuto de igualdade entre brasileiros e portugueses, com reconhecimento do gozo dos direitos pol\u00edticos, nos termos do \u00a71\u00ba do art. 12 da Constitui\u00e7\u00e3o da Rep\u00fablica Federativa do  Brasil e na forma do disposto no art. 13 do Decreto Federal n\u00ba 70.436, de 18 de abril de 1972;<\/li>\n\n\n\n<li>Ter idade m\u00ednima de 18 (dezoito) anos completos ou emancipado na data de nomea\u00e7\u00e3o e n\u00e3o ter completado 75 (setenta e cinco) anos, idade esta da aposentadoria compuls\u00f3ria dos servidores p\u00fablicos;<\/li>\n\n\n\n<li>Estar em pleno gozo dos direitos pol\u00edticos;<\/li>\n\n\n\n<li>Estar quite com as obriga\u00e7\u00f5es eleitorais;<\/li>\n\n\n\n<li>Estar quite com os deveres do Servi\u00e7o Militar, se do sexo masculino;<\/li>\n\n\n\n<li>Ter aptid\u00e3o f\u00edsica e mental para o exerc\u00edcio do cargo, bem como n\u00e3o apresentar defici\u00eancia que o incapacite para o exerc\u00edcio das fun\u00e7\u00f5es do cargo, conforme exame admissional a ser realizado pela Prefeitura Municipal de Paraty;<\/li>\n\n\n\n<li>N\u00e3o ter sido condenado \u00e0 pena privativa de liberdade transitada em julgado ou qualquer outra condena\u00e7\u00e3o incompat\u00edvel com o cargo;<\/li>\n\n\n\n<li>Estar inscrito regularmente no Cadastro de Pessoas F\u00edsicas &#8211; CPF;<\/li>\n\n\n\n<li>Comprovar o atendimento dos requisitos m\u00ednimos exigidos para o cargo, quando for o caso, na data da nomea\u00e7\u00e3o e posse;<\/li>\n\n\n\n<li>Cumprir as determina\u00e7\u00f5es deste Edital;<\/li>\n\n\n\n<li>N\u00e3o ter sido demitido a bem do servi\u00e7o p\u00fablico nos \u00e2mbitos federal, estadual e municipal;<\/li>\n\n\n\n<li>N\u00e3o estar aposentado pelo servi\u00e7o de qualquer dos entes federativos ou ser detentor de cargo, emprego ou fun\u00e7\u00e3o p\u00fablica, exceto as ressalvas das letras \u201ca\u201d, \u201cb\u201d e \u201cc\u201d do inciso XVI do artigo 37 da Constitui\u00e7\u00e3o Federal de 1988.<\/li>\n<\/ul>\n\n\n\n<h2 class=\"wp-block-heading\"><span class=\"ez-toc-section\" id=\"Como_os_candidatos_do_concurso_da_Prefeitura_de_Paraty_serao_avaliados\"><\/span>Como os candidatos do concurso da Prefeitura de Paraty ser\u00e3o avaliados? <span class=\"ez-toc-section-end\"><\/span><\/h2>\n\n\n\n<p>O edital 01\/2024 concurso da Prefeitura de Paraty ser\u00e1 composto das seguintes etapas de sele\u00e7\u00e3o: prova objetiva (para todos os cargos), prova discursiva (para o cargo de Analista de Procuradoria), prova de t\u00edtulos (para os cargos de Analista de Procuradoria, Jornalista, Orientador Educacional, Professores e Supervisor de Ensino). <\/p>\n\n\n\n<p>J\u00e1 o edital 02\/2024 ser\u00e1 composto das seguintes etapas de sele\u00e7\u00e3o: prova objetiva, teste de aptid\u00e3o f\u00edsica, avalia\u00e7\u00e3o psicol\u00f3gica, exame m\u00e9dico e investiga\u00e7\u00e3o social. <\/p>\n\n\n\n<h3 class=\"wp-block-heading\">Prova Objetiva<\/h3>\n\n\n\n<p>A prova objetiva, de car\u00e1ter eliminat\u00f3rio e classificat\u00f3rio, ser\u00e1 aplicada em duas datas, no dia <strong>20 de outubro de 2024,<\/strong> no turno da manh\u00e3 e da tarde, e no dia <strong>24 de novembro de 2024<\/strong>, tamb\u00e9m no turno da manh\u00e3 e da tarde. <\/p>\n\n\n\n<p>A avalia\u00e7\u00e3o ser\u00e1 versada sobre as seguintes disciplinas: <\/p>\n\n\n\n<ul>\n<li><strong>Fundamental<\/strong>\n<ul>\n<li>L\u00edngua Portuguesa: 10 quest\u00f5es<\/li>\n\n\n\n<li>Matem\u00e1tica e Racioc\u00ednio L\u00f3gico: 10 quest\u00f5es<\/li>\n\n\n\n<li>Conhecimentos Espec\u00edficos: 20 quest\u00f5es<\/li>\n<\/ul>\n<\/li>\n\n\n\n<li><strong>Fundamental &#8211; Agente de Seguran\u00e7a Escolar<\/strong>\n<ul>\n<li>L\u00edngua Portuguesa: 15 quest\u00f5es<\/li>\n\n\n\n<li>Matem\u00e1tica e Racioc\u00ednio L\u00f3gico: 15 quest\u00f5es<\/li>\n\n\n\n<li>Conhecimentos Espec\u00edficos: 10 quest\u00f5es<\/li>\n<\/ul>\n<\/li>\n<\/ul>\n\n\n\n<ul>\n<li><strong>M\u00e9dio e t\u00e9cnico<\/strong>\n<ul>\n<li>L\u00edngua Portuguesa: 10 quest\u00f5es<\/li>\n\n\n\n<li>Matem\u00e1tica e Racioc\u00ednio L\u00f3gico: 5 quest\u00f5es<\/li>\n\n\n\n<li>No\u00e7\u00f5es de Inform\u00e1tica: 5 quest\u00f5es<\/li>\n\n\n\n<li>Conhecimentos Espec\u00edficos: 20 quest\u00f5es<\/li>\n<\/ul>\n<\/li>\n\n\n\n<li><strong>M\u00e9dio e t\u00e9cnico &#8211; T\u00e9cnico de Procuradoria<\/strong>\n<ul>\n<li>L\u00edngua Portuguesa: 15 quest\u00f5es<\/li>\n\n\n\n<li>Conhecimentos Espec\u00edficos: 25 quest\u00f5es<\/li>\n<\/ul>\n<\/li>\n<\/ul>\n\n\n\n<ul>\n<li><strong>Superior<\/strong>\n<ul>\n<li>L\u00edngua Portuguesa: 10 quest\u00f5es<\/li>\n\n\n\n<li>Conhecimentos Espec\u00edficos: 40 quest\u00f5es<\/li>\n<\/ul>\n<\/li>\n\n\n\n<li><strong>Superior &#8211; Analista de Sistema<\/strong>\n<ul>\n<li>L\u00edngua Portuguesa: 15 quest\u00f5es<\/li>\n\n\n\n<li>Matem\u00e1tica e Racioc\u00ednio L\u00f3gico: 10 quest\u00f5es<\/li>\n\n\n\n<li>Conhecimentos Espec\u00edficos: 25 quest\u00f5es<\/li>\n<\/ul>\n<\/li>\n\n\n\n<li><strong>Superior &#8211; Analista de Procuradoria<\/strong>\n<ul>\n<li>L\u00edngua Portuguesa: 10 quest\u00f5es<\/li>\n\n\n\n<li>Conhecimentos Espec\u00edficos: 40 quest\u00f5es<\/li>\n<\/ul>\n<\/li>\n<\/ul>\n\n\n\n<p><\/p>\n\n\n\n<p>A prova objetiva ser\u00e1 avaliada em uma escala de 0 a 100 pontos, sendo aprovado o candidato que obtiver nota igual ou superior a 50 pontos.<\/p>\n\n\n\n<h3 class=\"wp-block-heading\">Prova Discursiva<\/h3>\n\n\n\n<p>A prova discursiva ser\u00e1 aplicada no mesmo dia e hor\u00e1rio da prova objetiva, sendo composta de <strong>uma quest\u00e3o discursiva<\/strong>. <\/p>\n\n\n\n<p>Essa etapa tem como objetivo avaliar o conhecimento t\u00e9cnico e a capacidade te\u00f3rico-pr\u00e1tica do candidato em desenvolver a quest\u00e3o apresentada com clareza, coer\u00eancia e objetividade. Ser\u00e3o avaliadas, ainda, a organiza\u00e7\u00e3o do texto, a an\u00e1lise e s\u00edntese dos fatos examinados, assim como a corre\u00e7\u00e3o gramatical.<\/p>\n\n\n\n<p>A prova discursiva tem valor total de 20 pontos, sendo eliminado apenas o candidato que obtiver nota igual a 0. <\/p>\n\n\n\n<h3 class=\"wp-block-heading\">Prova de T\u00edtulos<\/h3>\n\n\n\n<p>A prova de t\u00edtulos, de car\u00e1ter classificat\u00f3rio, \u00e9 exclusiva para os cargos de Analista de Procuradoria, Jornalista, Orientador Educacional, Professores (todos) e Supervisor de Ensino. <\/p>\n\n\n\n<p>O envio dos t\u00edtulos ser\u00e1 feito atrav\u00e9s do site da banca organizadora do certame, at\u00e9 no m\u00e1ximo <strong>um dia \u00fatil<\/strong> ap\u00f3s o encerramento das inscri\u00e7\u00f5es.<\/p>\n\n\n\n<p>Confira quais certificados ser\u00e3o avaliados: <\/p>\n\n\n\n<ul>\n<li>Especializa\u00e7\u00e3o: 2,0 pontos<\/li>\n\n\n\n<li>Mestrado: 3,5 pontos<\/li>\n\n\n\n<li>Doutorado: 5,0 pontos<\/li>\n<\/ul>\n\n\n\n<h3 class=\"wp-block-heading\">Teste de Aptid\u00e3o F\u00edsica<\/h3>\n\n\n\n<p>O teste de aptid\u00e3o f\u00edsica \u00e9 exclusivo para o cargo de Guarda Civil. <\/p>\n\n\n\n<p>O teste visa a avaliar a capacidade do candidato para suportar, f\u00edsica e organicamente, as exig\u00eancias para desempenhar as tarefas t\u00edpicas da categoria funcional.<\/p>\n\n\n\n<p>Essa etapa ser\u00e1 composta das seguintes atividades: <\/p>\n\n\n\n<ul>\n<li>Flex\u00e3o de bra\u00e7o<\/li>\n\n\n\n<li>Flex\u00e3o abdominal <\/li>\n\n\n\n<li>Corrida de 50 metros <\/li>\n\n\n\n<li>Corrida de 12 minutos<\/li>\n<\/ul>\n\n\n\n<h2 class=\"wp-block-heading\" id=\"ultimo\"><span class=\"ez-toc-section\" id=\"Quando_ocorreu_o_ultimo_concurso_da_Prefeitura_de_Paraty\"><\/span>Quando ocorreu o \u00faltimo concurso da Prefeitura de Paraty?<span class=\"ez-toc-section-end\"><\/span><\/h2>\n\n\n\n<p>O \u00faltimo concurso ocorreu no ano de 2021 e contou com a oferta de <strong>30 vagas<\/strong> para candidatos de n\u00edvel m\u00e9dio, destinadas ao cargo de Agente de Apoio \u00e0 Educa\u00e7\u00e3o Especial, que contava com sal\u00e1rio de R$ 1,3 mil.<\/p>\n\n\n\n<p>A banca organizadora respons\u00e1vel por este certame foi o <a href=\"http:\/\/www.ibam-concursos.org.br\/documento.asp?cod=87\" target=\"_blank\" rel=\"noopener\">IBAM<\/a>, e teve como taxa de inscri\u00e7\u00e3o o valor de <strong>R$ 40,00<\/strong>.<\/p>\n\n\n\n<h3 class=\"wp-block-heading\">Requisitos b\u00e1sicos para a investidura dos cargos ofertados no \u00faltimo certame<\/h3>\n\n\n\n<p>Saiba quais s\u00e3o as exig\u00eancias para que o candidato tome posse dos cargos ofertados:<\/p>\n\n\n\n<ul>\n<li>Ter nacionalidade brasileira ou equivalente;<\/li>\n\n\n\n<li>Estar em pleno gozo dos direitos pol\u00edticos;<\/li>\n\n\n\n<li>Estar quites com as obriga\u00e7\u00f5es militares e eleitorais;<\/li>\n\n\n\n<li>Ter n\u00edvel de escolaridade, conforme exigido no item 1.2 do Edital, e capacita\u00e7\u00e3o t\u00e9cnica para o exerc\u00edcio do cargo; 2.4.1. O candidato que n\u00e3o comprovar a escolaridade e os requisitos exigidos para o cargo, no ato da convoca\u00e7\u00e3o, ser\u00e1 eliminado do concurso.<\/li>\n\n\n\n<li>Ter idade m\u00ednima de 18 (dezoito) anos completos at\u00e9 a data da convoca\u00e7\u00e3o;<\/li>\n\n\n\n<li>Ter aptid\u00e3o f\u00edsica e mental para o exerc\u00edcio das atribui\u00e7\u00f5es do cargo;<\/li>\n\n\n\n<li>Apresentar declara\u00e7\u00e3o de n\u00e3o possuir ac\u00famulo de cargo ou emprego p\u00fablico, exceto aqueles admitidos constitucionalmente.<\/li>\n\n\n\n<li>No ato da inscri\u00e7\u00e3o n\u00e3o ser\u00e3o solicitados comprovantes das exig\u00eancias contidas nos itens 2.1 a 2.7, sendo obrigat\u00f3ria a sua comprova\u00e7\u00e3o quando da convoca\u00e7\u00e3o para ingresso no quadro de servidores p\u00fablicos do Munic\u00edpio de Paraty, sob pena de elimina\u00e7\u00e3o.<\/li>\n<\/ul>\n\n\n\n<h3 class=\"wp-block-heading\" id=\"provas-paraty\">Como foram as provas do concurso?<\/h3>\n\n\n\n<p>O certame foi composto pelas seguintes etapas:<\/p>\n\n\n\n<ul>\n<li><strong>Provas objetivas<\/strong> de car\u00e1ter eliminat\u00f3rio e classificat\u00f3rio; e<\/li>\n\n\n\n<li><strong>Provas discursivas<\/strong> de car\u00e1ter eliminat\u00f3rio e classificat\u00f3rio.<\/li>\n<\/ul>\n\n\n\n<h4 class=\"wp-block-heading\">Provas Objetivas<\/h4>\n\n\n\n<p>As provas objetivas foram aplicadas em<strong> setembro de 2021<\/strong> e contaram com 30 quest\u00f5es de m\u00faltipla escolha. As disciplinas que versaram as provas foram:<\/p>\n\n\n\n<ul>\n<li>Conhecimentos Espec\u00edficos \u2013 10 quest\u00f5es<\/li>\n\n\n\n<li>Portugu\u00eas \u2013 10 quest\u00f5es<\/li>\n\n\n\n<li>Matem\u00e1tica \u2013 10 quest\u00f5es<\/li>\n<\/ul>\n\n\n\n<h4 class=\"wp-block-heading\">Prova Dissertativa<\/h4>\n\n\n\n<p>A prova dissertativa, de car\u00e1ter classificat\u00f3rio e eliminat\u00f3rio, foi composta de uma \u00fanica proposta a respeito da qual o candidato deveria produzir um texto dissertativo-argumentativo em prosa e versou sobre um dos componentes constantes do programa das provas objetivas.<\/p>\n\n\n\n<p>A prova dissertativa teve o valor de 40 (quarenta) pontos e deveria ter no m\u00ednimo 20 linhas e no m\u00e1ximo 30 linhas (excluindo a linha destinada ao t\u00edtulo).<\/p>\n\n\n\n<p><\/p>\n\n\n\n<p><strong>Se interessou? N\u00e3o perca nossas not\u00edcias! <\/strong><\/p>\n","protected":false},"excerpt":{"rendered":"<p>Ol\u00e1, concurseiros! Foram divulgados os editais do concurso da Prefeitura de Paraty, munic\u00edpio do estado do Rio de Janeiro, que ofertam 324 vagas imediatas, al\u00e9m da forma\u00e7\u00e3o de cadastro reserva, com remunera\u00e7\u00f5es iniciais que podem chegar at\u00e9 R$10 mil! Venha conferir todos os detalhes! Como participar do concurso da Prefeitura de Paraty? As inscri\u00e7\u00f5es para o concurso da Prefeitura de Paraty j\u00e1 est\u00e3o abertas. Os interessados devem se inscrever atrav\u00e9s do site da banca organizadora, a Avan\u00e7a SP, at\u00e9 o dia 30 de setembro de 2024. Os valores das taxas de inscri\u00e7\u00e3o variam de acordo com o n\u00edvel de escolaridade&#8230;<\/p>\n","protected":false},"author":21,"featured_media":43763,"template":"","meta":{"_acf_changed":false,"rank_math_lock_modified_date":false},"categories":[],"tags":[],"acf":[],"_links":{"self":[{"href":"https:\/\/www.editorasolucao.com.br\/blog\/wp-json\/wp\/v2\/concurso\/21492"}],"collection":[{"href":"https:\/\/www.editorasolucao.com.br\/blog\/wp-json\/wp\/v2\/concurso"}],"about":[{"href":"https:\/\/www.editorasolucao.com.br\/blog\/wp-json\/wp\/v2\/types\/concurso"}],"author":[{"embeddable":true,"href":"https:\/\/www.editorasolucao.com.br\/blog\/wp-json\/wp\/v2\/users\/21"}],"wp:featuredmedia":[{"embeddable":true,"href":"https:\/\/www.editorasolucao.com.br\/blog\/wp-json\/wp\/v2\/media\/43763"}],"wp:attachment":[{"href":"https:\/\/www.editorasolucao.com.br\/blog\/wp-json\/wp\/v2\/media?parent=21492"}],"wp:term":[{"taxonomy":"category","embeddable":true,"href":"https:\/\/www.editorasolucao.com.br\/blog\/wp-json\/wp\/v2\/categories?post=21492"},{"taxonomy":"post_tag","embeddable":true,"href":"https:\/\/www.editorasolucao.com.br\/blog\/wp-json\/wp\/v2\/tags?post=21492"}],"curies":[{"name":"wp","href":"https:\/\/api.w.org\/{rel}","templated":true}]}}