{"id":23922,"date":"2024-06-11T10:41:51","date_gmt":"2024-06-11T13:41:51","guid":{"rendered":"https:\/\/www.editorasolucao.com.br\/blog\/?post_type=concurso&#038;p=23922"},"modified":"2024-06-12T08:31:53","modified_gmt":"2024-06-12T11:31:53","slug":"prefeitura-de-santarem-pa","status":"publish","type":"concurso","link":"https:\/\/www.editorasolucao.com.br\/blog\/concurso\/prefeitura-de-santarem-pa","title":{"rendered":"Concurso Prefeitura de Santar\u00e9m: Edital publicado. 861 vagas para todos os n\u00edveis!"},"content":{"rendered":"\n<p>Ol\u00e1, concurseiros! Foi publicado o edital do concurso da Prefeitura de Santar\u00e9m, no estado do Par\u00e1, que oferta<strong> 861 vagas imediatas, <\/strong>al\u00e9m da forma\u00e7\u00e3o de cadastro reserva, para todos os n\u00edveis de escolaridade. Se interessou pelo certame? Venha saber mais!&nbsp;<\/p>\n\n\n\n<div id=\"ez-toc-container\" class=\"ez-toc-v2_0_69_1 counter-hierarchy ez-toc-counter ez-toc-grey ez-toc-container-direction\">\n<div class=\"ez-toc-title-container\">\n<p class=\"ez-toc-title \" >Menu de navega&ccedil;&atilde;o<\/p>\n<span class=\"ez-toc-title-toggle\"><a href=\"#\" class=\"ez-toc-pull-right ez-toc-btn ez-toc-btn-xs ez-toc-btn-default ez-toc-toggle\" aria-label=\"Toggle Table of Content\"><span class=\"ez-toc-js-icon-con\"><span class=\"\"><span class=\"eztoc-hide\" style=\"display:none;\">Toggle<\/span><span class=\"ez-toc-icon-toggle-span\"><svg style=\"fill: #999;color:#999\" xmlns=\"http:\/\/www.w3.org\/2000\/svg\" class=\"list-377408\" width=\"20px\" height=\"20px\" viewBox=\"0 0 24 24\" fill=\"none\"><path d=\"M6 6H4v2h2V6zm14 0H8v2h12V6zM4 11h2v2H4v-2zm16 0H8v2h12v-2zM4 16h2v2H4v-2zm16 0H8v2h12v-2z\" fill=\"currentColor\"><\/path><\/svg><svg style=\"fill: #999;color:#999\" class=\"arrow-unsorted-368013\" xmlns=\"http:\/\/www.w3.org\/2000\/svg\" width=\"10px\" height=\"10px\" viewBox=\"0 0 24 24\" version=\"1.2\" baseProfile=\"tiny\"><path d=\"M18.2 9.3l-6.2-6.3-6.2 6.3c-.2.2-.3.4-.3.7s.1.5.3.7c.2.2.4.3.7.3h11c.3 0 .5-.1.7-.3.2-.2.3-.5.3-.7s-.1-.5-.3-.7zM5.8 14.7l6.2 6.3 6.2-6.3c.2-.2.3-.5.3-.7s-.1-.5-.3-.7c-.2-.2-.4-.3-.7-.3h-11c-.3 0-.5.1-.7.3-.2.2-.3.5-.3.7s.1.5.3.7z\"\/><\/svg><\/span><\/span><\/span><\/a><\/span><\/div>\n<nav><ul class='ez-toc-list ez-toc-list-level-1 ' ><li class='ez-toc-page-1 ez-toc-heading-level-2'><a class=\"ez-toc-link ez-toc-heading-1\" href=\"https:\/\/www.editorasolucao.com.br\/blog\/concurso\/prefeitura-de-santarem-pa\/#Como_funcionarao_as_inscricoes_para_o_concurso_da_Prefeitura_de_Santarem\" title=\"Como funcionar\u00e3o as inscri\u00e7\u00f5es para o concurso da Prefeitura de Santar\u00e9m?&nbsp;\">Como funcionar\u00e3o as inscri\u00e7\u00f5es para o concurso da Prefeitura de Santar\u00e9m?&nbsp;<\/a><\/li><li class='ez-toc-page-1 ez-toc-heading-level-2'><a class=\"ez-toc-link ez-toc-heading-2\" href=\"https:\/\/www.editorasolucao.com.br\/blog\/concurso\/prefeitura-de-santarem-pa\/#Quais_vagas_estao_sendo_ofertadas_no_concurso_da_Prefeitura_de_Santarem\" title=\"Quais vagas est\u00e3o sendo ofertadas no concurso da Prefeitura de Santar\u00e9m?&nbsp;\">Quais vagas est\u00e3o sendo ofertadas no concurso da Prefeitura de Santar\u00e9m?&nbsp;<\/a><\/li><li class='ez-toc-page-1 ez-toc-heading-level-2'><a class=\"ez-toc-link ez-toc-heading-3\" href=\"https:\/\/www.editorasolucao.com.br\/blog\/concurso\/prefeitura-de-santarem-pa\/#Quais_os_requisitos_para_a_investidura_dos_cargos\" title=\"Quais os requisitos para a investidura dos cargos?&nbsp;\">Quais os requisitos para a investidura dos cargos?&nbsp;<\/a><\/li><li class='ez-toc-page-1 ez-toc-heading-level-2'><a class=\"ez-toc-link ez-toc-heading-4\" href=\"https:\/\/www.editorasolucao.com.br\/blog\/concurso\/prefeitura-de-santarem-pa\/#Quando_ocorreu_o_ultimo_concurso_da_Prefeitura_de_Santarem\" title=\"Quando ocorreu o \u00faltimo concurso da Prefeitura de Santar\u00e9m?&nbsp;\">Quando ocorreu o \u00faltimo concurso da Prefeitura de Santar\u00e9m?&nbsp;<\/a><\/li><\/ul><\/nav><\/div>\n<h2 class=\"wp-block-heading\"><span class=\"ez-toc-section\" id=\"Como_funcionarao_as_inscricoes_para_o_concurso_da_Prefeitura_de_Santarem\"><\/span>Como funcionar\u00e3o as inscri\u00e7\u00f5es para o concurso da Prefeitura de Santar\u00e9m?&nbsp;<span class=\"ez-toc-section-end\"><\/span><\/h2>\n\n\n\n<p>Os interessados pelo concurso da Prefeitura de Santar\u00e9m devem se inscrever no per\u00edodo entre o dia <strong>17 de junho at\u00e9 18 de julho de 2024<\/strong>, atrav\u00e9s do site da banca organizadora do certame, o <a href=\"https:\/\/www.institutovicentenelson.com.br\/informacoes\/96\/\" target=\"_blank\" rel=\"noopener\">Instituto Vicente Nelson.&nbsp;<\/a><\/p>\n\n\n\n<p>O valor das taxas de inscri\u00e7\u00e3o varia de acordo com o n\u00edvel de escolaridade do cargo pretendido, sendo<strong> R$ 70,00<\/strong> para fundamental, <strong>R$ 80,00<\/strong> para m\u00e9dio\/t\u00e9cnico e <strong>R$ 100,00<\/strong> para superior.&nbsp;<\/p>\n\n\n\n<p>O pagamento da taxa \u00e9 essencial para que a inscri\u00e7\u00e3o do candidato seja homologada, por isso, deve ser efetuado at\u00e9 a data limite de <strong>19 de julho de 2024.&nbsp;<\/strong><\/p>\n\n\n\n<p>O candidato inscrito no Cad\u00danico ou o candidato com defici\u00eancia, poder\u00e3o solicitar a isen\u00e7\u00e3o dessas taxas entre os dias <strong>17 a 21 de junho de 2024<\/strong>.&nbsp;<\/p>\n\n\n\n<h2 class=\"wp-block-heading\"><span class=\"ez-toc-section\" id=\"Quais_vagas_estao_sendo_ofertadas_no_concurso_da_Prefeitura_de_Santarem\"><\/span>Quais vagas est\u00e3o sendo ofertadas no concurso da Prefeitura de Santar\u00e9m?&nbsp;<span class=\"ez-toc-section-end\"><\/span><\/h2>\n\n\n\n<p>A Prefeitura de Santar\u00e9m est\u00e1 ofertando <strong>861 vagas imediatas,<\/strong> al\u00e9m da oportunidade de cadastro reserva, para diversos n\u00edveis. Confira como est\u00e3o sendo distribu\u00eddas essas vagas e suas remunera\u00e7\u00f5es:&nbsp;<\/p>\n\n\n\n<h4 class=\"wp-block-heading\">Fundamental<\/h4>\n\n\n\n<ul>\n<li><a href=\"https:\/\/www.editorasolucao.com.br\/apostila\/prefeitura-santarem-pa-nivel-fundamental-comum-cargos\" target=\"_blank\" rel=\"noreferrer noopener\">Agente Operacional de Conserva\u00e7\u00e3o \u2013 Servente (269 vagas imediatas + 132 cadastro reserva)<\/a>\n<ul>\n<li>R$ 1.412,00<\/li>\n<\/ul>\n<\/li>\n<\/ul>\n\n\n\n<h4 class=\"wp-block-heading\">M\u00e9dio e T\u00e9cnico<\/h4>\n\n\n\n<ul>\n<li>Agente de Fiscaliza\u00e7\u00e3o Portu\u00e1rio (10 vagas imediatas + 5 cadastro reserva)\n<ul>\n<li>R$ 1.412,00<\/li>\n<\/ul>\n<\/li>\n\n\n\n<li>Agente de Fiscaliza\u00e7\u00e3o de Vigil\u00e2ncia Animal (8 vagas imediatas + 4 cadastro reserva)\n<ul>\n<li>R$ 1.412,00<\/li>\n<\/ul>\n<\/li>\n\n\n\n<li><a href=\"https:\/\/www.editorasolucao.com.br\/apostila\/prefeitura-santarem-pa-agente-administrativo\" target=\"_blank\" rel=\"noreferrer noopener\">Agente Administrativo (46 vagas imediatas + 17 cadastro reserva)<\/a>\n<ul>\n<li>R$ 1.412,00<\/li>\n<\/ul>\n<\/li>\n\n\n\n<li>Auxiliar Condutor de Embarca\u00e7\u00e3o de Pequeno Porte (12 vagas imediatas + 6 cadastro reserva)\n<ul>\n<li>R$ 1.412,00<\/li>\n<\/ul>\n<\/li>\n\n\n\n<li><a href=\"https:\/\/www.editorasolucao.com.br\/apostila\/prefeitura-santarem-pa-agente-op-motorista-onibus-escolar\" target=\"_blank\" rel=\"noreferrer noopener\">Agente Operacional \u2013 Motorista de \u00d4nibus Escolar (29 vagas imediatas + 13 cadastro reserva)<\/a>\n<ul>\n<li>R$ 1.412,00<\/li>\n<\/ul>\n<\/li>\n\n\n\n<li>Condutor de Embarca\u00e7\u00e3o de Pequeno Porte (12 vagas imediatas + 6 cadastro reserva)\n<ul>\n<li>R$ 1.412,00<\/li>\n<\/ul>\n<\/li>\n\n\n\n<li>T\u00e9cnico Especializado em Monitor \u2013 Transporte Escolar (29 vagas imediatas + 13 cadastro reserva)\n<ul>\n<li>R$ 1.412,00<\/li>\n<\/ul>\n<\/li>\n\n\n\n<li>T\u00e9cnico Especializado em Inform\u00e1tica \u2013 Instrutor (22 vagas imediatas + 9 cadastro reserva)\n<ul>\n<li>R$ 1.412,00<\/li>\n<\/ul>\n<\/li>\n\n\n\n<li>T\u00e9cnico Especializado em Instrutoria de Arte (5 vagas imediatas + 2 cadastro reserva)\n<ul>\n<li>R$ 1.412,00<\/li>\n<\/ul>\n<\/li>\n\n\n\n<li>T\u00e9cnico Especializado em Instrumento Musical (8 vagas imediatas + 4 cadastro reserva)\n<ul>\n<li>R$ 1.412,00<\/li>\n<\/ul>\n<\/li>\n\n\n\n<li><a href=\"https:\/\/www.editorasolucao.com.br\/apostila\/prefeitura-santarem-pa-tecnico-enfermagem\" target=\"_blank\" rel=\"noreferrer noopener\">T\u00e9cnico em Enfermagem (87 vagas imediatas + 44 cadastro reserva)<\/a>\n<ul>\n<li>R$ 1.412,00<\/li>\n<\/ul>\n<\/li>\n\n\n\n<li>T\u00e9cnico de Sa\u00fade Bucal (30 vagas imediatas + 15 cadastro reserva)\n<ul>\n<li>R$ 1.412,00<\/li>\n<\/ul>\n<\/li>\n<\/ul>\n\n\n\n<h4 class=\"wp-block-heading\">Superior<\/h4>\n\n\n\n<ul>\n<li>Procurador Municipal (6 vagas imediatas + 3 cadastro reserva)\n<ul>\n<li>R$ 1.412,00<\/li>\n<\/ul>\n<\/li>\n\n\n\n<li>Assistente Social (13 vagas imediatas + 9 cadastro reserva)\n<ul>\n<li>R$ 1.412,00<\/li>\n<\/ul>\n<\/li>\n\n\n\n<li>Educador F\u00edsico (1 vaga imediata + 2 cadastro reserva)\n<ul>\n<li>R$ 1.412,00<\/li>\n<\/ul>\n<\/li>\n\n\n\n<li>Enfermeiro (59 vagas imediatas + 30 cadastro reserva)\n<ul>\n<li>R$ 1.412,00<\/li>\n<\/ul>\n<\/li>\n\n\n\n<li>Fonoaudi\u00f3logo (2 vagas imediatas + 1 cadastro reserva)\n<ul>\n<li>R$ 1.412,00<\/li>\n<\/ul>\n<\/li>\n\n\n\n<li>M\u00e9dico (20 vagas imediatas + 10 cadastro reserva)\n<ul>\n<li>R$ 1.412,00<\/li>\n<\/ul>\n<\/li>\n\n\n\n<li>Odont\u00f3logo (22 vagas imediatas + 10 cadastro reserva)<\/li>\n\n\n\n<li>Terapeuta Ocupacional (2 vagas imediatas + 1 cadastro reserva)\n<ul>\n<li>R$ 1.412,00<\/li>\n<\/ul>\n<\/li>\n\n\n\n<li>Veterin\u00e1rio (1 vaga imediata + 1 cadastro reserva)\n<ul>\n<li>R$ 1.412,00<\/li>\n<\/ul>\n<\/li>\n\n\n\n<li>Nutricionista (1 vaga imediata)\n<ul>\n<li>R$ 1.412,00<\/li>\n<\/ul>\n<\/li>\n\n\n\n<li>Pedagogo (14 vagas imediatas + 5 cadastro reserva)\n<ul>\n<li>R$ 1.412,00<\/li>\n<\/ul>\n<\/li>\n\n\n\n<li>Professor de Ci\u00eancias F\u00edsicas e Biol\u00f3gicas (6 vagas imediatas + 2 cadastro reserva)\n<ul>\n<li>R$ 1.412,00<\/li>\n<\/ul>\n<\/li>\n\n\n\n<li>Professor de Educa\u00e7\u00e3o Especial (9 vagas imediatas)\n<ul>\n<li>R$ 1.412,00<\/li>\n<\/ul>\n<\/li>\n\n\n\n<li>Professor de Educa\u00e7\u00e3o F\u00edsica (2 vagas imediatas)\n<ul>\n<li>R$ 1.412,00<\/li>\n<\/ul>\n<\/li>\n\n\n\n<li>Professor de Educa\u00e7\u00e3o Infantil (8 vagas imediatas + 3 cadastro reserva)\n<ul>\n<li>R$ 1.412,00<\/li>\n<\/ul>\n<\/li>\n\n\n\n<li>Professor de Ensino de Arte (1 vaga imediata)\n<ul>\n<li>R$ 1.412,00<\/li>\n<\/ul>\n<\/li>\n\n\n\n<li>Professor de Ensino Fundamental 1\u00ba ao 5\u00ba Ano (84 vagas imediatas + 40 cadastro reserva)\n<ul>\n<li>R$ 1.412,00<\/li>\n<\/ul>\n<\/li>\n\n\n\n<li>Professor de Geografia (3 vagas imediatas + 1 cadastro reserva)\n<ul>\n<li>R$ 1.412,00<\/li>\n<\/ul>\n<\/li>\n\n\n\n<li>Professor de Hist\u00f3ria (2 vagas imediatas)\n<ul>\n<li>R$ 1.412,00<\/li>\n<\/ul>\n<\/li>\n\n\n\n<li>Professor de Ingl\u00eas (6 vagas imediatas)\n<ul>\n<li>R$ 1.412,00<\/li>\n<\/ul>\n<\/li>\n\n\n\n<li>Professor de L\u00edngua Portuguesa (10 vagas imediatas + 4 cadastro reserva)\n<ul>\n<li>R$ 1.412,00<\/li>\n<\/ul>\n<\/li>\n\n\n\n<li>Professor de Matem\u00e1tica (11 vagas imediatas)\n<ul>\n<li>R$ 1.412,00<\/li>\n<\/ul>\n<\/li>\n\n\n\n<li>Psic\u00f3logo (10 vagas imediatas + 5 cadastro reserva)\n<ul>\n<li>R$ 1.412,00<\/li>\n<\/ul>\n<\/li>\n<\/ul>\n\n\n\n<p>Os candidatos aprovados e admitidos pelo concurso dever\u00e3o cumprir uma jornada de trabalho que pode variar entre<strong> 25, 30 ou 40 horas semanais<\/strong>, a depender do cargo.&nbsp;<\/p>\n\n\n\n<h2 class=\"wp-block-heading\"><span class=\"ez-toc-section\" id=\"Quais_os_requisitos_para_a_investidura_dos_cargos\"><\/span>Quais os requisitos para a investidura dos cargos?&nbsp;<span class=\"ez-toc-section-end\"><\/span><\/h2>\n\n\n\n<ul>\n<li>Ter a nacionalidade brasileira ou portuguesa e, no caso de nacionalidade portuguesa, estar amparado pelo Estatuto de Igualdade entre Brasileiros e Portugueses, com reconhecimento do gozo dos direitos pol\u00edticos, nos termos do \u00a7 1\u00ba do art. 12 da Constitui\u00e7\u00e3o Federal;&nbsp;<\/li>\n\n\n\n<li>Estar em gozo dos direitos pol\u00edticos;&nbsp;<\/li>\n\n\n\n<li>Estar quite com as obriga\u00e7\u00f5es militares, em caso de candidato do sexo masculino;<\/li>\n\n\n\n<li>Estar quite com as obriga\u00e7\u00f5es eleitorais;&nbsp;<\/li>\n\n\n\n<li>Possuir os requisitos exigidos para o exerc\u00edcio do cargo, conforme Cap\u00edtulo 2 deste edital;&nbsp;<\/li>\n\n\n\n<li>Ter idade m\u00ednima de 18 anos completos na data da nomea\u00e7\u00e3o;&nbsp;<\/li>\n\n\n\n<li>Ter aptid\u00e3o f\u00edsica e mental para o exerc\u00edcio das atribui\u00e7\u00f5es do cargo;&nbsp;<\/li>\n\n\n\n<li>O candidato dever\u00e1 declarar, na solicita\u00e7\u00e3o de inscri\u00e7\u00e3o, que tem ci\u00eancia e aceita que, caso aprovado, dever\u00e1 entregar os documentos comprobat\u00f3rios dos requisitos exigidos para o cargo por ocasi\u00e3o da posse;&nbsp;<\/li>\n\n\n\n<li>N\u00e3o ser, nem ter sido condenado judicialmente por pr\u00e1tica criminosa;&nbsp;<\/li>\n\n\n\n<li>N\u00e3o possuir v\u00ednculo com qualquer \u00f3rg\u00e3o ou entidade da Administra\u00e7\u00e3o P\u00fablica que impossibilite acumula\u00e7\u00e3o de cargos, empregos e fun\u00e7\u00f5es, ressalvados os casos contidos nas al\u00edneas \u201ca\u201d, \u201cb\u201d e \u201cc\u201d, inc. XVI, do art. 37, da Constitui\u00e7\u00e3o Federal, inclusive no que concerne \u00e0 compatibilidade de hor\u00e1rios;&nbsp;<\/li>\n\n\n\n<li>N\u00e3o ser aposentado por invalidez ou ter aposentadoria especial para o mesmo cargo, e nem estar em idade de aposentadoria compuls\u00f3ria;&nbsp;<\/li>\n\n\n\n<li>Cumprir as determina\u00e7\u00f5es deste edital;<\/li>\n<\/ul>\n\n\n\n<p><strong>Como posso me preparar para as etapas de sele\u00e7\u00e3o do concurso da Prefeitura de Santar\u00e9m?&nbsp;<\/strong><\/p>\n\n\n\n<p>Os candidatos do concurso da Prefeitura de Santar\u00e9m ser\u00e3o avaliados por meio das seguintes etapas de sele\u00e7\u00e3o:<strong> prova objetiva<\/strong> (para todos os cargos), <strong>prova discursiva<\/strong> (para os cargos de Procurador, Doc\u00eancia e Pedagogo) e, por fim, <strong>prova de t\u00edtulos<\/strong> (para os cargos de n\u00edvel superior).&nbsp;<\/p>\n\n\n\n<h3 class=\"wp-block-heading\">Prova Objetiva<\/h3>\n\n\n\n<p>A prova objetiva, para n\u00edveis fundamental e m\u00e9dio\/t\u00e9cnico, est\u00e1 prevista para ser aplicada no dia <strong>25 de agosto de 2024<\/strong>. J\u00e1 para n\u00edvel superior, ser\u00e1 realizada na data prevista de<strong> 1\u00b0 de setembro de 2024.&nbsp;<\/strong><\/p>\n\n\n\n<p>A avalia\u00e7\u00e3o ser\u00e1 constitu\u00edda de <strong>quest\u00f5es de m\u00faltipla escolha <\/strong>sobre as seguintes disciplinas:&nbsp;<\/p>\n\n\n\n<ul>\n<li><strong>Fundamental<\/strong>\n<ul>\n<li>L\u00edngua Portuguesa: 20 quest\u00f5es<\/li>\n\n\n\n<li>Matem\u00e1tica: 20 quest\u00f5es<\/li>\n<\/ul>\n<\/li>\n\n\n\n<li><strong>M\u00e9dio, T\u00e9cnico e Superior<\/strong>\n<ul>\n<li>L\u00edngua Portuguesa: 15 quest\u00f5es<\/li>\n\n\n\n<li>Inform\u00e1tica B\u00e1sica: 10 quest\u00f5es<\/li>\n\n\n\n<li>Conhecimentos Espec\u00edficos: 25 quest\u00f5es<\/li>\n<\/ul>\n<\/li>\n<\/ul>\n\n\n\n<p>A prova objetiva ser\u00e1 avaliada em uma escala de 0 a 100 pontos, sendo assim, ser\u00e1 <strong>aprovado <\/strong>nesta etapa o candidato que obtiver o m\u00ednimo de 60% de pontos do total da prova.&nbsp;<\/p>\n\n\n\n<h3 class=\"wp-block-heading\">Prova Discursiva<\/h3>\n\n\n\n<p>A prova discursiva, para os cargos de Procurador, Doc\u00eancia e Pedagogo, ser\u00e1 aplicada no <strong>mesmo dia<\/strong> da prova objetiva, podendo ocorrer, ou n\u00e3o, no mesmo hor\u00e1rio.&nbsp;<\/p>\n\n\n\n<p>A avalia\u00e7\u00e3o, para o cargo de Procurador, valer\u00e1 100 pontos e consistir\u00e1 de:&nbsp;<\/p>\n\n\n\n<ul>\n<li>2 quest\u00f5es anal\u00edtico-discursivas, valendo 25 pontos cada, sob a forma de situa\u00e7\u00f5es-problema, observando, sempre que poss\u00edvel, a interdisciplinaridade que tem como objetivo verificar o conhecimento do conte\u00fado espec\u00edfico do cargo, conforme anexo IV deste edital;&nbsp;<\/li>\n\n\n\n<li>Reda\u00e7\u00e3o de pe\u00e7a profissional valendo 50 pontos, acerca de tema da \u00e1rea jur\u00eddica e do seu correspondente direito processual, conforme anexo IV deste edital, dentre os Temas: Direito Constitucional; Direito Administrativo; Direito Civil ou Direito Tribut\u00e1rio.<\/li>\n<\/ul>\n\n\n\n<p>A avalia\u00e7\u00e3o, para Doc\u00eancia e Pedagogo, valer\u00e1 40 pontos e consistir\u00e1 de:&nbsp;<\/p>\n\n\n\n<ul>\n<li>Uma reda\u00e7\u00e3o onde o candidato dever\u00e1 desenvolver texto dissertativo a partir de proposta \u00fanica, sobre assunto de interesse geral, com o m\u00e1ximo de 30 linhas.&nbsp;<\/li>\n<\/ul>\n\n\n\n<p>Ser\u00e1 <strong>aprovado<\/strong> nessa fase, o candidato que obtiver 50% de aproveitamento do total de pontos.&nbsp;<\/p>\n\n\n\n<h3 class=\"wp-block-heading\">Prova de T\u00edtulos<\/h3>\n\n\n\n<p>A prova de t\u00edtulos, exclusiva para cargos de n\u00edvel superior, ser\u00e1 realizada entre os dias<strong> 9 a 11 de outubro de 2024,<\/strong> de maneira online.&nbsp;<\/p>\n\n\n\n<p>A an\u00e1lise dos t\u00edtulos \u00e9 limitada ao n\u00famero m\u00e1ximo de 10 pontos, sendo pontuados os seguintes certificados:&nbsp;<\/p>\n\n\n\n<ul>\n<li>Tempo de servi\u00e7o na \u00e1rea do cargo: 0,5 pontos por ano completo&nbsp;<\/li>\n\n\n\n<li>Doutorado: 3,0 pontos<\/li>\n\n\n\n<li>Mestrado: 2,0 pontos<\/li>\n\n\n\n<li>Especializa\u00e7\u00e3o: 1,0 ponto<\/li>\n<\/ul>\n\n\n\n<h2 class=\"wp-block-heading\"><span class=\"ez-toc-section\" id=\"Quando_ocorreu_o_ultimo_concurso_da_Prefeitura_de_Santarem\"><\/span>Quando ocorreu o \u00faltimo concurso da Prefeitura de Santar\u00e9m?&nbsp;<span class=\"ez-toc-section-end\"><\/span><\/h2>\n\n\n\n<p>O \u00faltimo concurso da Prefeitura de Santar\u00e9m foi divulgado em 2023 e teve suas provas realizadas em janeiro deste ano, em 2024. O certame ofertou&nbsp; 2.147 vagas para provimento imediato e para forma\u00e7\u00e3o de cadastro reserva para candidatos de <strong>n\u00edveis fundamental, m\u00e9dio, t\u00e9cnico e superior de escolaridade<\/strong>.<\/p>\n\n\n\n<p>Os sal\u00e1rios ofertados eram de <strong>R$ 1.320,00.<\/strong>&nbsp;<\/p>\n\n\n\n<p>Os candidatos do concurso de 2023 foram avaliados por meio das seguintes etapas de sele\u00e7\u00e3o: prova objetiva, prova discursiva e prova de t\u00edtulos.&nbsp;<\/p>\n\n\n\n<p>A prova objetiva foi composta por <strong>50 quest\u00f5es de m\u00faltipla escolha<\/strong> que foram versadas nas seguintes disciplinas:<\/p>\n\n\n\n<ul>\n<li>L\u00edngua portuguesa&nbsp;<\/li>\n\n\n\n<li>Inform\u00e1tica b\u00e1sica&nbsp;<\/li>\n\n\n\n<li>Conhecimentos espec\u00edficos&nbsp;<\/li>\n<\/ul>\n\n\n\n<p>A prova foi avaliada em uma escala de 0 a 100 pontos, sendo assim, foi <strong>aprovado <\/strong>o candidato que:<\/p>\n\n\n\n<ul>\n<li>Obteve o m\u00ednimo de 60% de pontos nas quest\u00f5es de Conhecimentos Gerais;<\/li>\n\n\n\n<li>Obteve o m\u00ednimo de 60% de pontos nas quest\u00f5es de Conhecimentos Espec\u00edficos (quando houver);<\/li>\n\n\n\n<li>N\u00e3o obteve 0 em nenhum conte\u00fado (disciplina) da prova objetiva.<\/li>\n<\/ul>\n\n\n\n<p><\/p>\n\n\n\n<p>Se voc\u00ea busca ser aprovado neste <strong>concurso<\/strong>, n\u00f3s temos <strong>material<\/strong> certo para voc\u00ea! <a href=\"https:\/\/www.editorasolucao.com.br\/concurso\/prefeitura-de-santarem-pa\" target=\"_blank\" rel=\"noreferrer noopener\">Confira aqui<\/a>.\u00a0<\/p>\n","protected":false},"excerpt":{"rendered":"<p>Ol\u00e1, concurseiros! Foi publicado o edital do concurso da Prefeitura de Santar\u00e9m, no estado do Par\u00e1, que oferta 861 vagas imediatas, al\u00e9m da forma\u00e7\u00e3o de cadastro reserva, para todos os n\u00edveis de escolaridade. Se interessou pelo certame? Venha saber mais!&nbsp; Como funcionar\u00e3o as inscri\u00e7\u00f5es para o concurso da Prefeitura de Santar\u00e9m?&nbsp; Os interessados pelo concurso da Prefeitura de Santar\u00e9m devem se inscrever no per\u00edodo entre o dia 17 de junho at\u00e9 18 de julho de 2024, atrav\u00e9s do site da banca organizadora do certame, o Instituto Vicente Nelson.&nbsp; O valor das taxas de inscri\u00e7\u00e3o varia de acordo com o n\u00edvel&#8230;<\/p>\n","protected":false},"author":21,"featured_media":43061,"template":"","meta":{"_acf_changed":false,"rank_math_lock_modified_date":false},"categories":[],"tags":[],"acf":[],"_links":{"self":[{"href":"https:\/\/www.editorasolucao.com.br\/blog\/wp-json\/wp\/v2\/concurso\/23922"}],"collection":[{"href":"https:\/\/www.editorasolucao.com.br\/blog\/wp-json\/wp\/v2\/concurso"}],"about":[{"href":"https:\/\/www.editorasolucao.com.br\/blog\/wp-json\/wp\/v2\/types\/concurso"}],"author":[{"embeddable":true,"href":"https:\/\/www.editorasolucao.com.br\/blog\/wp-json\/wp\/v2\/users\/21"}],"wp:featuredmedia":[{"embeddable":true,"href":"https:\/\/www.editorasolucao.com.br\/blog\/wp-json\/wp\/v2\/media\/43061"}],"wp:attachment":[{"href":"https:\/\/www.editorasolucao.com.br\/blog\/wp-json\/wp\/v2\/media?parent=23922"}],"wp:term":[{"taxonomy":"category","embeddable":true,"href":"https:\/\/www.editorasolucao.com.br\/blog\/wp-json\/wp\/v2\/categories?post=23922"},{"taxonomy":"post_tag","embeddable":true,"href":"https:\/\/www.editorasolucao.com.br\/blog\/wp-json\/wp\/v2\/tags?post=23922"}],"curies":[{"name":"wp","href":"https:\/\/api.w.org\/{rel}","templated":true}]}}