{"id":2643,"date":"2022-05-13T18:00:00","date_gmt":"2022-05-13T21:00:00","guid":{"rendered":"https:\/\/www.editorasolucao.com.br\/blog\/?post_type=concurso&#038;p=2643"},"modified":"2022-05-13T18:30:52","modified_gmt":"2022-05-13T21:30:52","slug":"mp-pa","status":"publish","type":"concurso","link":"https:\/\/www.editorasolucao.com.br\/blog\/concurso\/mp-pa","title":{"rendered":"Concurso MP-PA: Saiu o edital com 169 vagas!"},"content":{"rendered":"\n<p>O Minist\u00e9rio P\u00fablico do <a rel=\"noreferrer noopener\" href=\"https:\/\/www.editorasolucao.com.br\/blog\/concursos-abertos-pa\" target=\"_blank\">Par\u00e1<\/a>, lan\u00e7ou edital do <strong>concurso MP-PA <\/strong>visando o preenchimento de nada menos que <strong>169 vagas <\/strong>para candidatos que tenham forma\u00e7\u00e3o de <strong>n\u00edvel m\u00e9dio e superior<\/strong>.<\/p>\n\n\n\n<ul><li><a href=\"#inscricao\">Inscri\u00e7\u00f5es<\/a><\/li><li><a href=\"#cargos\">Cargos, vagas e sal\u00e1rios<\/a><ul><li><a href=\"#requisitos\">Requisitos<\/a><\/li><\/ul><\/li><li><a href=\"#provas\">Provas<\/a><\/li><\/ul>\n\n\n\n<div id=\"ez-toc-container\" class=\"ez-toc-v2_0_69_1 counter-hierarchy ez-toc-counter ez-toc-grey ez-toc-container-direction\">\n<div class=\"ez-toc-title-container\">\n<p class=\"ez-toc-title \" >Menu de navega&ccedil;&atilde;o<\/p>\n<span class=\"ez-toc-title-toggle\"><a href=\"#\" class=\"ez-toc-pull-right ez-toc-btn ez-toc-btn-xs ez-toc-btn-default ez-toc-toggle\" aria-label=\"Toggle Table of Content\"><span class=\"ez-toc-js-icon-con\"><span class=\"\"><span class=\"eztoc-hide\" style=\"display:none;\">Toggle<\/span><span class=\"ez-toc-icon-toggle-span\"><svg style=\"fill: #999;color:#999\" xmlns=\"http:\/\/www.w3.org\/2000\/svg\" class=\"list-377408\" width=\"20px\" height=\"20px\" viewBox=\"0 0 24 24\" fill=\"none\"><path d=\"M6 6H4v2h2V6zm14 0H8v2h12V6zM4 11h2v2H4v-2zm16 0H8v2h12v-2zM4 16h2v2H4v-2zm16 0H8v2h12v-2z\" fill=\"currentColor\"><\/path><\/svg><svg style=\"fill: #999;color:#999\" class=\"arrow-unsorted-368013\" xmlns=\"http:\/\/www.w3.org\/2000\/svg\" width=\"10px\" height=\"10px\" viewBox=\"0 0 24 24\" version=\"1.2\" baseProfile=\"tiny\"><path d=\"M18.2 9.3l-6.2-6.3-6.2 6.3c-.2.2-.3.4-.3.7s.1.5.3.7c.2.2.4.3.7.3h11c.3 0 .5-.1.7-.3.2-.2.3-.5.3-.7s-.1-.5-.3-.7zM5.8 14.7l6.2 6.3 6.2-6.3c.2-.2.3-.5.3-.7s-.1-.5-.3-.7c-.2-.2-.4-.3-.7-.3h-11c-.3 0-.5.1-.7.3-.2.2-.3.5-.3.7s.1.5.3.7z\"\/><\/svg><\/span><\/span><\/span><\/a><\/span><\/div>\n<nav><ul class='ez-toc-list ez-toc-list-level-1 ' ><li class='ez-toc-page-1 ez-toc-heading-level-2'><a class=\"ez-toc-link ez-toc-heading-1\" href=\"https:\/\/www.editorasolucao.com.br\/blog\/concurso\/mp-pa\/#Como_fazer_a_inscricao_no_concurso_MP-PA\" title=\"Como fazer a inscri\u00e7\u00e3o no concurso MP-PA?\">Como fazer a inscri\u00e7\u00e3o no concurso MP-PA?<\/a><\/li><li class='ez-toc-page-1 ez-toc-heading-level-2'><a class=\"ez-toc-link ez-toc-heading-2\" href=\"https:\/\/www.editorasolucao.com.br\/blog\/concurso\/mp-pa\/#Cargos_vagas_e_salarios_do_concurso_MP_PA\" title=\"Cargos, vagas e sal\u00e1rios do concurso MP PA\">Cargos, vagas e sal\u00e1rios do concurso MP PA<\/a><\/li><li class='ez-toc-page-1 ez-toc-heading-level-2'><a class=\"ez-toc-link ez-toc-heading-3\" href=\"https:\/\/www.editorasolucao.com.br\/blog\/concurso\/mp-pa\/#Como_serao_as_provas_do_concurso_MP-PA\" title=\"Como ser\u00e3o as provas do concurso MP-PA?\">Como ser\u00e3o as provas do concurso MP-PA?<\/a><\/li><\/ul><\/nav><\/div>\n<h2 class=\"wp-block-heading\" id=\"inscricao\"><span class=\"ez-toc-section\" id=\"Como_fazer_a_inscricao_no_concurso_MP-PA\"><\/span>Como fazer a inscri\u00e7\u00e3o no concurso MP-PA?<span class=\"ez-toc-section-end\"><\/span><\/h2>\n\n\n\n<p>Para participar acesse o site da banca organizadora, <a href=\"https:\/\/www.consulplan.net\/concursosInterna.aspx?k=rA4BFSjYUHw=\" target=\"_blank\" rel=\"noreferrer noopener\">Instituto Consulplan<\/a>, depois preencha o formul\u00e1rio de requisi\u00e7\u00e3o da inscri\u00e7\u00e3o que estar\u00e1 aberta entre os dias <strong>23 de maio e 23 de junho de 2022<\/strong>.<\/p>\n\n\n\n<p>As taxas de participa\u00e7\u00e3o variam, dependendo da escolaridade do cargo, sendo de: <\/p>\n\n\n\n<ul><li><strong>42,00 <\/strong>&#8211; para n\u00edvel superior<\/li><li><strong>40,00 <\/strong>&#8211; para n\u00edvel m\u00e9dio<\/li><\/ul>\n\n\n\n<p>O pagamento com o valor da taxa de inscri\u00e7\u00e3o dever\u00e1 ser quitado at\u00e9 o dia <strong>24 de junho de 2022<\/strong>.<\/p>\n\n\n\n<p>Al\u00e9m disso, os candidatos que se enquadrarem nos requisitos poder\u00e3o solicitar a isen\u00e7\u00e3o da taxa a partir do dia <strong>23 at\u00e9 o dia 25 de maio de 2022<\/strong>. Poder\u00e3o solicitar o benef\u00edcio:<\/p>\n\n\n\n<ul><li>pessoas com defici\u00eancia; <\/li><li>membros de fam\u00edlia de baixa renda, inscritos no programa Cadastro \u00danico (Cad\u00danico).<\/li><\/ul>\n\n\n\n<p>O resultado dos pedidos de isen\u00e7\u00e3o ser\u00e1 divulgado a partir do dia 03 de junho.<\/p>\n\n\n\n<h2 class=\"wp-block-heading\" id=\"cargos\"><span class=\"ez-toc-section\" id=\"Cargos_vagas_e_salarios_do_concurso_MP_PA\"><\/span>Cargos, vagas e sal\u00e1rios do concurso MP PA<span class=\"ez-toc-section-end\"><\/span><\/h2>\n\n\n\n<p>De acordo com o edital as<strong> 169 oportunidades<\/strong> ser\u00e3o distribu\u00eddas entre os seguintes cargos:<\/p>\n\n\n\n<ul><li>N\u00edvel m\u00e9dio<ul><li>Auxiliar de administra\u00e7\u00e3o;<\/li><li>Auxiliar de enfermagem;<\/li><li>T\u00e9cnico em Inform\u00e1tica;<\/li><\/ul><\/li><li>N\u00edvel superior<ul><li>Analista jur\u00eddico;<\/li><li>T\u00e9cnico nas \u00e1reas de:<\/li><li>Administrador;<\/li><li>Assistente Social;<\/li><li>Biblioteconomista;<\/li><li>Contador;<\/li><li>Economista;<\/li><li>Enfermeiro;<\/li><li>Pedagogo;<\/li><li>Psic\u00f3logo;<\/li><li>Soci\u00f3logo;<\/li><li>Analista de Sistemas &#8211; Desenvolvimento;<\/li><li>Analista de Sistemas &#8211; Modelagem de Sistemas;<\/li><li>Analista de Sistemas &#8211; Suporte a Banco de Dados;<\/li><li>Analista de Sistemas &#8211; Suporte \u00e0 Rede de Computadores.<\/li><li>T\u00e9cnico especializado &#8211; arquiteto;<\/li><li>T\u00e9cnico especializado &#8211; engenheiro;<\/li><li>T\u00e9cnico especializado &#8211; odont\u00f3logo;<\/li><li>T\u00e9cnico especializado &#8211; m\u00e9dico;<\/li><li>T\u00e9cnico especializado &#8211; m\u00e9dico psiquiatra.<\/li><\/ul><\/li><\/ul>\n\n\n\n<p>A remunera\u00e7\u00e3o inicial varia de <strong>R$ 4.790,70 a R$ 6.126,79<\/strong>, com jornada de trabalho que compreende 30 horas semanais.<\/p>\n\n\n\n<p>Al\u00e9m disso, os candidatos ter\u00e3o direito a benef\u00edcios como aux\u00edlio-alimenta\u00e7\u00e3o no valor de <strong>R$ 1.670,00<\/strong>. Confira a tabela abaixo com os valores:<\/p>\n\n\n\n<figure class=\"wp-block-image size-full\"><img loading=\"lazy\" decoding=\"async\" width=\"761\" height=\"158\" src=\"https:\/\/www.editorasolucao.com.br\/blog\/wp-content\/uploads\/2022\/05\/image-6.png\" alt=\"\" class=\"wp-image-28765\"\/><\/figure>\n\n\n\n<h3 class=\"wp-block-heading\" id=\"requisitos\">Requisitos para investidura nos cargos<\/h3>\n\n\n\n<ul><li>Ser aprovado no concurso p\u00fablico.<\/li><li>Ter a nacionalidade brasileira ou portuguesa e, no caso de nacionalidade portuguesa, estar amparado pelo Estatuto de Igualdade entre Brasileiros e Portugueses, com reconhecimento do gozo dos direitos pol\u00edticos, nos termos do \u00a7 1\u00ba do art. 12 da Constitui\u00e7\u00e3o Federal.<\/li><li>Estar em gozo dos direitos pol\u00edticos.<\/li><li>Estar quite com as obriga\u00e7\u00f5es militares, em caso de candidato do sexo masculino.<\/li><li>Estar quite com as obriga\u00e7\u00f5es eleitorais.<\/li><li>Possuir os requisitos exigidos para o exerc\u00edcio do cargo, conforme o item 2 deste edital.<\/li><li>Ter, na data da posse, comprovada a maioridade civil.<\/li><li>Ter aptid\u00e3o f\u00edsica e mental para o exerc\u00edcio das atribui\u00e7\u00f5es do cargo.<\/li><li>O candidato dever\u00e1 declarar, na solicita\u00e7\u00e3o de inscri\u00e7\u00e3o, que tem ci\u00eancia e aceita que, caso aprovado, dever\u00e1 entregar os documentos comprobat\u00f3rios dos requisitos exigidos para o cargo por ocasi\u00e3o da posse.<\/li><li>Cumprir as determina\u00e7\u00f5es deste edital.<\/li><\/ul>\n\n\n\n<h2 class=\"wp-block-heading\" id=\"provas\"><span class=\"ez-toc-section\" id=\"Como_serao_as_provas_do_concurso_MP-PA\"><\/span>Como ser\u00e3o as provas do concurso MP-PA?<span class=\"ez-toc-section-end\"><\/span><\/h2>\n\n\n\n<p>O processo de avalia\u00e7\u00e3o dos candidatos do concurso <a href=\"https:\/\/www.editorasolucao.com.br\/blog\/concursos-previstos-rj\">MP-PA<\/a> se dar\u00e1 da seguinte forma:<\/p>\n\n\n\n<ul><li><strong>Prova Objetiva<\/strong>;<\/li><li><strong>Discursiva\/reda\u00e7\u00e3o<\/strong>;<\/li><li><strong>Avalia\u00e7\u00e3o de T\u00edtulos<\/strong>.<\/li><\/ul>\n\n\n\n<p>As <strong>Provas Objetivas<\/strong> ser\u00e3o realizadas no dia <strong>14 de agosto de 2022.<\/strong> A Prova Objetiva ter\u00e1 a dura\u00e7\u00e3o de 4 horas e 30 minutos e ser\u00e1 composta por 70 quest\u00f5es de m\u00faltipla escolha, ela versar\u00e1 sobre as disciplinas de:<\/p>\n\n\n\n<ul><li>L\u00edngua Portuguesa: 10 quest\u00f5es;<\/li><li>\u00c9tica e Legisla\u00e7\u00e3o: 4 quest\u00f5es;<\/li><li>Legisla\u00e7\u00e3o estadual e institucional: 8 quest\u00f5es;<\/li><li>No\u00e7\u00f5es de Direito Constitucional: 9 quest\u00f5es;<\/li><li>No\u00e7\u00f5es de Direito Administrativo: 9 quest\u00f5es;<\/li><li>Conhecimentos Espec\u00edficos: 30 quest\u00f5es.<\/li><\/ul>\n\n\n\n<p>A <strong>prova discursiva<\/strong>, para todos os cargos, de car\u00e1ter eliminat\u00f3rio e classificat\u00f3rio, ser\u00e1 aplicada na mesma<br>data da prova objetiva.<\/p>\n\n\n\n<p>Ademais, ela constar\u00e1 de uma reda\u00e7\u00e3o do tipo dissertativo sobre tema da atualidade relacionado ao Minist\u00e9rio P\u00fablico.<br>Lembrando que o candidato deve se atentar a quantidade de linhas que deve ser de no m\u00ednimo de 20 (vinte) e o m\u00e1ximo de 30 (trinta).<\/p>\n\n\n\n<p>Ser\u00e1 aprovado o candidato que obtiver o m\u00ednimo de 50% (cinquenta por cento) do total dos pontos distribu\u00eddos na prova discursiva.<\/p>\n\n\n\n<p>Por fim, os candidatos de cargos de n\u00edvel superior, n\u00e3o eliminados nas provas objetivas e discursivas, ser\u00e3o convocados em edital espec\u00edfico para participa\u00e7\u00e3o na fase de <strong>Avalia\u00e7\u00e3o de T\u00edtulos<\/strong>.<\/p>\n","protected":false},"excerpt":{"rendered":"<p>O Minist\u00e9rio P\u00fablico do Par\u00e1, lan\u00e7ou edital do concurso MP-PA visando o preenchimento de nada menos que 169 vagas para candidatos que tenham forma\u00e7\u00e3o de n\u00edvel m\u00e9dio e superior. Inscri\u00e7\u00f5es Cargos, vagas e sal\u00e1rios Requisitos Provas Como fazer a inscri\u00e7\u00e3o no concurso MP-PA? Para participar acesse o site da banca organizadora, Instituto Consulplan, depois preencha o formul\u00e1rio de requisi\u00e7\u00e3o da inscri\u00e7\u00e3o que estar\u00e1 aberta entre os dias 23 de maio e 23 de junho de 2022. As taxas de participa\u00e7\u00e3o variam, dependendo da escolaridade do cargo, sendo de: 42,00 &#8211; para n\u00edvel superior 40,00 &#8211; para n\u00edvel m\u00e9dio O pagamento&#8230;<\/p>\n","protected":false},"author":3,"featured_media":28768,"template":"","meta":{"_acf_changed":false,"rank_math_lock_modified_date":false},"categories":[],"tags":[],"acf":[],"_links":{"self":[{"href":"https:\/\/www.editorasolucao.com.br\/blog\/wp-json\/wp\/v2\/concurso\/2643"}],"collection":[{"href":"https:\/\/www.editorasolucao.com.br\/blog\/wp-json\/wp\/v2\/concurso"}],"about":[{"href":"https:\/\/www.editorasolucao.com.br\/blog\/wp-json\/wp\/v2\/types\/concurso"}],"author":[{"embeddable":true,"href":"https:\/\/www.editorasolucao.com.br\/blog\/wp-json\/wp\/v2\/users\/3"}],"wp:featuredmedia":[{"embeddable":true,"href":"https:\/\/www.editorasolucao.com.br\/blog\/wp-json\/wp\/v2\/media\/28768"}],"wp:attachment":[{"href":"https:\/\/www.editorasolucao.com.br\/blog\/wp-json\/wp\/v2\/media?parent=2643"}],"wp:term":[{"taxonomy":"category","embeddable":true,"href":"https:\/\/www.editorasolucao.com.br\/blog\/wp-json\/wp\/v2\/categories?post=2643"},{"taxonomy":"post_tag","embeddable":true,"href":"https:\/\/www.editorasolucao.com.br\/blog\/wp-json\/wp\/v2\/tags?post=2643"}],"curies":[{"name":"wp","href":"https:\/\/api.w.org\/{rel}","templated":true}]}}