{"id":26603,"date":"2024-10-30T15:51:52","date_gmt":"2024-10-30T18:51:52","guid":{"rendered":"https:\/\/www.editorasolucao.com.br\/blog\/?post_type=concurso&#038;p=26603"},"modified":"2024-10-31T14:22:37","modified_gmt":"2024-10-31T17:22:37","slug":"core-ce","status":"publish","type":"concurso","link":"https:\/\/www.editorasolucao.com.br\/blog\/concurso\/core-ce","title":{"rendered":"Concurso Core CE: Edital publicado. 40 vagas e iniciais de R$6 mil!"},"content":{"rendered":"\n<p>Aten\u00e7\u00e3o, concurseiros! O concurso Core CE (Conselho Regional dos Representantes Comerciais no Estado do Cear\u00e1) oferece <strong>40 vagas<\/strong>, imediatas e de cadastro reserva, para cargos de n\u00edveis m\u00e9dio e superior, com remunera\u00e7\u00f5es iniciais que podem chegar at\u00e9 <strong>R$ 6 mil!<\/strong> Se interessou? Venha saber mais!<\/p>\n\n\n\n<div id=\"ez-toc-container\" class=\"ez-toc-v2_0_69_1 counter-hierarchy ez-toc-counter ez-toc-grey ez-toc-container-direction\">\n<div class=\"ez-toc-title-container\">\n<p class=\"ez-toc-title \" >Menu de navega&ccedil;&atilde;o<\/p>\n<span class=\"ez-toc-title-toggle\"><a href=\"#\" class=\"ez-toc-pull-right ez-toc-btn ez-toc-btn-xs ez-toc-btn-default ez-toc-toggle\" aria-label=\"Toggle Table of Content\"><span class=\"ez-toc-js-icon-con\"><span class=\"\"><span class=\"eztoc-hide\" style=\"display:none;\">Toggle<\/span><span class=\"ez-toc-icon-toggle-span\"><svg style=\"fill: #999;color:#999\" xmlns=\"http:\/\/www.w3.org\/2000\/svg\" class=\"list-377408\" width=\"20px\" height=\"20px\" viewBox=\"0 0 24 24\" fill=\"none\"><path d=\"M6 6H4v2h2V6zm14 0H8v2h12V6zM4 11h2v2H4v-2zm16 0H8v2h12v-2zM4 16h2v2H4v-2zm16 0H8v2h12v-2z\" fill=\"currentColor\"><\/path><\/svg><svg style=\"fill: #999;color:#999\" class=\"arrow-unsorted-368013\" xmlns=\"http:\/\/www.w3.org\/2000\/svg\" width=\"10px\" height=\"10px\" viewBox=\"0 0 24 24\" version=\"1.2\" baseProfile=\"tiny\"><path d=\"M18.2 9.3l-6.2-6.3-6.2 6.3c-.2.2-.3.4-.3.7s.1.5.3.7c.2.2.4.3.7.3h11c.3 0 .5-.1.7-.3.2-.2.3-.5.3-.7s-.1-.5-.3-.7zM5.8 14.7l6.2 6.3 6.2-6.3c.2-.2.3-.5.3-.7s-.1-.5-.3-.7c-.2-.2-.4-.3-.7-.3h-11c-.3 0-.5.1-.7.3-.2.2-.3.5-.3.7s.1.5.3.7z\"\/><\/svg><\/span><\/span><\/span><\/a><\/span><\/div>\n<nav><ul class='ez-toc-list ez-toc-list-level-1 ' ><li class='ez-toc-page-1 ez-toc-heading-level-2'><a class=\"ez-toc-link ez-toc-heading-1\" href=\"https:\/\/www.editorasolucao.com.br\/blog\/concurso\/core-ce\/#Inscricoes_para_o_concurso_Core_CE\" title=\"Inscri\u00e7\u00f5es para o concurso Core CE\">Inscri\u00e7\u00f5es para o concurso Core CE<\/a><\/li><li class='ez-toc-page-1 ez-toc-heading-level-2'><a class=\"ez-toc-link ez-toc-heading-2\" href=\"https:\/\/www.editorasolucao.com.br\/blog\/concurso\/core-ce\/#Cargos_vagas_e_salarios_ofertados_no_concurso_Core_CE\" title=\"Cargos, vagas e sal\u00e1rios ofertados no concurso Core CE:\">Cargos, vagas e sal\u00e1rios ofertados no concurso Core CE:<\/a><\/li><li class='ez-toc-page-1 ez-toc-heading-level-2'><a class=\"ez-toc-link ez-toc-heading-3\" href=\"https:\/\/www.editorasolucao.com.br\/blog\/concurso\/core-ce\/#Quais_as_atribuicoes_dos_cargos_ofertados\" title=\"Quais as atribui\u00e7\u00f5es dos cargos ofertados?\">Quais as atribui\u00e7\u00f5es dos cargos ofertados?<\/a><\/li><li class='ez-toc-page-1 ez-toc-heading-level-2'><a class=\"ez-toc-link ez-toc-heading-4\" href=\"https:\/\/www.editorasolucao.com.br\/blog\/concurso\/core-ce\/#Requisitos_para_a_investidura_dos_cargos\" title=\"Requisitos para a investidura dos cargos\">Requisitos para a investidura dos cargos<\/a><\/li><li class='ez-toc-page-1 ez-toc-heading-level-2'><a class=\"ez-toc-link ez-toc-heading-5\" href=\"https:\/\/www.editorasolucao.com.br\/blog\/concurso\/core-ce\/#Etapas_de_selecao_do_concurso_Core_CE\" title=\"Etapas de sele\u00e7\u00e3o do concurso Core CE\">Etapas de sele\u00e7\u00e3o do concurso Core CE<\/a><\/li><\/ul><\/nav><\/div>\n<h2 class=\"wp-block-heading\"><span class=\"ez-toc-section\" id=\"Inscricoes_para_o_concurso_Core_CE\"><\/span>Inscri\u00e7\u00f5es para o concurso Core CE <span class=\"ez-toc-section-end\"><\/span><\/h2>\n\n\n\n<p>As inscri\u00e7\u00f5es do concurso Core CE tiveram in\u00edcio no dia de hoje, 30 de outubro! Os interessados devem se inscrever atrav\u00e9s do site da banca organizadora, o <a href=\"https:\/\/www.quadrix.org.br\/todos-os-concursos\/inscricoes-abertas\/corece_2024.aspx\" target=\"_blank\" rel=\"noreferrer noopener\">Instituto Quadrix<\/a>, at\u00e9 \u00e0s<strong> 23h do dia 10 de dezembro de 2024. <\/strong><\/p>\n\n\n\n<p>Os valores das taxas de inscri\u00e7\u00e3o variam de acordo com o n\u00edvel de escolaridade do cargo pretendido, sendo <strong>R$ 75,00<\/strong> para cargos de n\u00edvel m\u00e9dio e <strong>R$ 90,00<\/strong> para cargos de n\u00edvel superior. <\/p>\n\n\n\n<p>Para homologar sua inscri\u00e7\u00e3o, o candidato deve efetuar o pagamento das taxas de inscri\u00e7\u00e3o at\u00e9 a data limite de <strong>13 de dezembro. <\/strong><\/p>\n\n\n\n<p>O candidato doador de medula \u00f3ssea ou o candidato inscrito no Cad\u00danico, que perten\u00e7a a fam\u00edlia baixa renda, at\u00e9 o dia <strong>1\u00b0 de novembro. <\/strong><\/p>\n\n\n\n<h2 class=\"wp-block-heading\"><span class=\"ez-toc-section\" id=\"Cargos_vagas_e_salarios_ofertados_no_concurso_Core_CE\"><\/span>Cargos, vagas e sal\u00e1rios ofertados no concurso Core CE: <span class=\"ez-toc-section-end\"><\/span><\/h2>\n\n\n\n<p>O concurso Core <a href=\"https:\/\/www.editorasolucao.com.br\/blog\/concursos-abertos-ce\" target=\"_blank\" rel=\"noreferrer noopener\">CE<\/a> est\u00e1 ofertando <strong>40 vagas<\/strong>, sendo 4 vagas imediatas e 36 vagas de cadastro reserva,  para cargos de n\u00edveis m\u00e9dio e superior. Confira como essas oportunidades est\u00e3o sendo distribu\u00eddas e suas remunera\u00e7\u00f5es: <\/p>\n\n\n\n<h3 class=\"wp-block-heading\">Cargos de n\u00edvel m\u00e9dio<\/h3>\n\n\n\n<ul>\n<li><a href=\"https:\/\/www.editorasolucao.com.br\/apostila-solucao\/core-ce-assistente-administrativo\" target=\"_blank\" rel=\"noreferrer noopener\">Assistente Administrativo (2 + 18 CR)<\/a>\n<ul>\n<li>R$ 2.510,84<\/li>\n<\/ul>\n<\/li>\n\n\n\n<li>Fiscal (1 + 9 CR)\n<ul>\n<li>R$ 3.357,14<\/li>\n<\/ul>\n<\/li>\n<\/ul>\n\n\n\n<h3 class=\"wp-block-heading\">Cargos de n\u00edvel superior <\/h3>\n\n\n\n<ul>\n<li>Assistente Jur\u00eddico (1 + 9 CR)\n<ul>\n<li>R$ 6.140,90<\/li>\n<\/ul>\n<\/li>\n<\/ul>\n\n\n\n<p><\/p>\n\n\n\n<p>Al\u00e9m do vencimento base, os candidatos far\u00e3o jus aos benef\u00edcios de: plano de cargos e sal\u00e1rios, vale alimenta\u00e7\u00e3o e vale transporte. <\/p>\n\n\n\n<h2 class=\"wp-block-heading\"><span class=\"ez-toc-section\" id=\"Quais_as_atribuicoes_dos_cargos_ofertados\"><\/span>Quais as atribui\u00e7\u00f5es dos cargos ofertados? <span class=\"ez-toc-section-end\"><\/span><\/h2>\n\n\n\n<p>Confira quais s\u00e3o as fun\u00e7\u00f5es dadas aos cargos ofertados no concurso Core CE: <\/p>\n\n\n\n<h3 class=\"wp-block-heading\">Assistente Administrativo <\/h3>\n\n\n\n<ul>\n<li>Realizar atividades relacionadas com atendimento ao p\u00fablico, tais como: encaminhar para os setores, efetuar registros profissionais, emitir boletos de pagamentos, negociar d\u00e9bitos, inscrever e acompanhar processosenvolvendo inscri\u00e7\u00e3o de pessoas f\u00edsicas e jur\u00eddicas. <\/li>\n\n\n\n<li>Acompanhar vencimentos e prazos de validades, transfer\u00eancias, cancelamentos, baixas, registros ativos, inativos e secund\u00e1rios.<\/li>\n\n\n\n<li>Levantar situa\u00e7\u00f5es profissionais de qualquer natureza quando constar de processos em tr\u00e2mite no Core-CE. <\/li>\n\n\n\n<li>Organizar processos, verificando os documentos necess\u00e1rios \u00e0 sua composi\u00e7\u00e3o e efetuando o registro. <\/li>\n\n\n\n<li>Receber e expedir correspond\u00eancias eletr\u00f4nicas. <\/li>\n\n\n\n<li>Realizar entrega de documentos e recebimento de materiais e malotes. <\/li>\n\n\n\n<li>Tirar c\u00f3pias de documentos. <\/li>\n\n\n\n<li>Realizar atividades de apoio administrativo, tais como: efetuar e receber liga\u00e7\u00f5es telef\u00f4nicas e ainda fornecer informa\u00e7\u00f5es por telefone, enviar e receber fax, anotar recados e arquivar documentos em geral. <\/li>\n\n\n\n<li>Colaborar e\/ou organizar eventos desenvolvidos pelo Core-CE e realizar contatos telef\u00f4nicos com os Representantes Comerciais para a divulga\u00e7\u00e3o dos eventos. <\/li>\n\n\n\n<li>Elaborar e preparar relat\u00f3rios e planilhas, coletando informa\u00e7\u00f5es em arquivos e outras fontes. <\/li>\n\n\n\n<li>Executar tarefas nos sistemas operacionais do Core-CE, incluindo o Portal da Transpar\u00eancia, quando autorizado.<\/li>\n<\/ul>\n\n\n\n<h3 class=\"wp-block-heading\">Fiscal<\/h3>\n\n\n\n<ul>\n<li>Analisar e instruir procedimentos administrativos de cobran\u00e7a administrativa e d\u00edvida ativa. <\/li>\n\n\n\n<li>Realizar visitas externas a pessoas f\u00edsicas e jur\u00eddicas dentro da jurisdi\u00e7\u00e3o do Core-CE. <\/li>\n\n\n\n<li>Realizar acompanhamento mensal do plano de metas. <\/li>\n\n\n\n<li>Realizar atendimento aosprofissionais e visitantes na Sede do Core-CE. <\/li>\n\n\n\n<li>Fiscalizar e orientar os representantes comerciais registrados. Efetuar cobran\u00e7a de multas, anuidades e inscri\u00e7\u00f5es de pessoa f\u00edsica e jur\u00eddica. <\/li>\n\n\n\n<li>Fiscalizar representa\u00e7\u00f5es clandestinas, efetuando a\u00e7\u00e3o e apreens\u00e3o de materiais. <\/li>\n\n\n\n<li>Efetuar notifica\u00e7\u00f5es, constata\u00e7\u00f5es, autos de infra\u00e7\u00e3o e todos os demais atos, previstos na lei e no c\u00f3digo de \u00e9tica. <\/li>\n\n\n\n<li>Elaborar relat\u00f3rios de viagens e outros necess\u00e1rios ao controle do exerc\u00edcio da profiss\u00e3o. <\/li>\n\n\n\n<li>Abrir e instituir processos de infra\u00e7\u00e3o em geral, decorrentes das irregularidades detectadas. <\/li>\n\n\n\n<li>Cumprir a programa\u00e7\u00e3o e instru\u00e7\u00f5es estabelecidas pela coordenadoria de fiscaliza\u00e7\u00e3o e a diretoria do Core-CE. <\/li>\n\n\n\n<li>Zelar pela guarda e seguran\u00e7a dos equipamentos de trabalho e documenta\u00e7\u00e3o. <\/li>\n\n\n\n<li>Zelar pelo bom funcionamento e organiza\u00e7\u00e3o do ambiente de trabalho. Integrar a composi\u00e7\u00e3o de Comiss\u00f5es institu\u00eddas para atender \u00e0s necessidades do Core-CE. <\/li>\n\n\n\n<li>Executar outras atividades correlatas.<\/li>\n<\/ul>\n\n\n\n<h3 class=\"wp-block-heading\">Assistente Jur\u00eddico <\/h3>\n\n\n\n<ul>\n<li>Representar o Core-CE na esfera judicial e extrajudicial. Acompanhar os interesses do Core-CE em ju\u00edzo. <\/li>\n\n\n\n<li>Ajuizar a\u00e7\u00f5es. <\/li>\n\n\n\n<li>Orientar a Contabilidade sobre os crit\u00e9rios a serem observados para os c\u00e1lculos judiciais. <\/li>\n\n\n\n<li>Estabelecer composi\u00e7\u00e3o entre as partes em processo judicial. <\/li>\n\n\n\n<li>Renunciar ao direito de recurso nos casos previstos em Lei. <\/li>\n\n\n\n<li>Solicitar suspens\u00e3o do andamento de processos nos casos previstos em Lei. <\/li>\n\n\n\n<li>Assessorar juridicamente no \u00e2mbito administrativo. <\/li>\n\n\n\n<li>Cobrar d\u00edvidas tribut\u00e1rias e n\u00e3o tribut\u00e1rias. <\/li>\n\n\n\n<li>Analisar processos de licita\u00e7\u00f5es e emitir pareceres. <\/li>\n\n\n\n<li>Analisar e elaborar minutas de editais e de ajustes (contratos, conv\u00eanios, termos de coopera\u00e7\u00e3o). <\/li>\n\n\n\n<li>Aprovar editais e minutas de contratos. <\/li>\n\n\n\n<li>Orientar sobre o cumprimento das decis\u00f5es judiciais e administrativas. <\/li>\n\n\n\n<li>Integrar a composi\u00e7\u00e3o de Comiss\u00f5es institu\u00eddas para atender \u00e0s necessidades do Core-CE. <\/li>\n\n\n\n<li>Pronunciar-se sobre recursos administrativos em licita\u00e7\u00e3o. <\/li>\n\n\n\n<li>Elaborar minutas de atos administrativos. <\/li>\n\n\n\n<li>Assessorar em acordos, tratados e conven\u00e7\u00f5es. <\/li>\n\n\n\n<li>Manifestar-se sobre a constitucionalidade de dispositivos legais.<\/li>\n<\/ul>\n\n\n\n<h2 class=\"wp-block-heading\"><span class=\"ez-toc-section\" id=\"Requisitos_para_a_investidura_dos_cargos\"><\/span>Requisitos para a investidura dos cargos<span class=\"ez-toc-section-end\"><\/span><\/h2>\n\n\n\n<p>De acordo com o edital, esses s\u00e3o os requisitos b\u00e1sicos exigidos para a nomea\u00e7\u00e3o e posse dos cargos ofertados no concurso Core CE: <\/p>\n\n\n\n<ul>\n<li>Ser aprovado em todas as fases do concurso p\u00fablico; <\/li>\n\n\n\n<li>Ter a nacionalidade brasileira ou portuguesa e, no caso de nacionalidade portuguesa, estar amparado pelo Estatuto de Igualdade entre Brasileiros e Portugueses, com reconhecimento do gozo dos direitos pol\u00edticos, nos termos do \u00a7 1\u00ba do art. 12 da Constitui\u00e7\u00e3o Federal; <\/li>\n\n\n\n<li>Estar em gozo dos direitos pol\u00edticos; <\/li>\n\n\n\n<li>Estar quite com as obriga\u00e7\u00f5es militares, em caso de candidato do sexo masculino; <\/li>\n\n\n\n<li>Estar quite com as obriga\u00e7\u00f5es eleitorais; <\/li>\n\n\n\n<li>Possuir os requisitos exigidos para o exerc\u00edcio do cargo, conforme o Anexo IIdeste edital; <\/li>\n\n\n\n<li>Ter idade m\u00ednima de 18 anos completos na data da contrata\u00e7\u00e3o; <\/li>\n\n\n\n<li>Apresentar atestado de pr\u00e9via aprova\u00e7\u00e3o de aptid\u00e3o f\u00edsica e mental para o exerc\u00edcio das atribui\u00e7\u00f5es do cargo; <\/li>\n\n\n\n<li>Apresentar declara\u00e7\u00e3o de que n\u00e3o acumula cargo ou fun\u00e7\u00e3o p\u00fablica, ou proventos de inatividade, ressalvadas as possibilidades de acumula\u00e7\u00e3o l\u00edcita previstas no Inciso XVI do art.37 da Constitui\u00e7\u00e3o Federal;<\/li>\n\n\n\n<li>Ter aptid\u00e3o f\u00edsica e mental para o exerc\u00edcio das atribui\u00e7\u00f5es correspondentes ao cargo; <\/li>\n\n\n\n<li>N\u00e3o estar cumprindo san\u00e7\u00e3o por inidoneidade, aplicada por qualquer \u00f3rg\u00e3o p\u00fablico ou entidade das esferas federal, estadual, municipal ou do Distrito Federal; el)cumprir as determina\u00e7\u00f5es deste edital.<\/li>\n<\/ul>\n\n\n\n<h2 class=\"wp-block-heading\"><span class=\"ez-toc-section\" id=\"Etapas_de_selecao_do_concurso_Core_CE\"><\/span>Etapas de sele\u00e7\u00e3o do concurso Core CE<span class=\"ez-toc-section-end\"><\/span><\/h2>\n\n\n\n<p>Os candidatos do concurso Core CE ser\u00e3o avaliados por meio das seguintes etapas de sele\u00e7\u00e3o: prova objetiva (para todos os cargos) e prova discursiva (para os cargos de n\u00edvel superior). <\/p>\n\n\n\n<p>Vamos conferir com mais detalhes? <\/p>\n\n\n\n<h3 class=\"wp-block-heading\">Prova Objetiva<\/h3>\n\n\n\n<p>A prova objetiva, de car\u00e1ter eliminat\u00f3rio e classificat\u00f3rio, ser\u00e1 aplicada na data prevista de <strong>26 de janeiro de 2025<\/strong>, no turno da tarde. <\/p>\n\n\n\n<p>A avalia\u00e7\u00e3o ser\u00e1 versada com 40 quest\u00f5es de m\u00faltipla escolha que ser\u00e3o versadas sobre as seguintes disciplinas: <\/p>\n\n\n\n<figure class=\"wp-block-image size-full\"><img loading=\"lazy\" decoding=\"async\" width=\"814\" height=\"140\" src=\"https:\/\/www.editorasolucao.com.br\/blog\/wp-content\/uploads\/2024\/10\/Disciplinas-concurso-Core-CE.webp\" alt=\"Disciplinas da prova objetiva do concurso Core CE!\" class=\"wp-image-44796\" srcset=\"https:\/\/www.editorasolucao.com.br\/blog\/wp-content\/uploads\/2024\/10\/Disciplinas-concurso-Core-CE.webp 814w, https:\/\/www.editorasolucao.com.br\/blog\/wp-content\/uploads\/2024\/10\/Disciplinas-concurso-Core-CE-768x132.webp 768w\" sizes=\"(max-width: 814px) 100vw, 814px\" \/><figcaption class=\"wp-element-caption\"><em>Disciplinas da prova objetiva do concurso Core CE!<\/em><\/figcaption><\/figure>\n\n\n\n<p>A prova objetiva ter\u00e1 valor total de 40 pontos, sendo aprovado o candidato que obtiver nota igual ou superior a 20 pontos. <\/p>\n\n\n\n<h3 class=\"wp-block-heading\">Prova Discursiva<\/h3>\n\n\n\n<p>A prova discursiva, exclusiva para os cargos de n\u00edvel superior, ser\u00e1 aplicada no mesmo dia e hor\u00e1rio da prova objetiva. <\/p>\n\n\n\n<p>A avalia\u00e7\u00e3o consistir\u00e1 na elabora\u00e7\u00e3o de texto dissertativo, com extens\u00e3o m\u00ednima de 20 linhas e m\u00e1xima de 30 linhas, a respeito de tema relacionado aos conhecimentos espec\u00edficos do cargo. <\/p>\n\n\n\n<p>Essa etapa ter\u00e1 valor total de 10 pontos, sendo aprovado o candidato que obtiver nota igual ou superior a 5 pontos. <\/p>\n\n\n\n<p><\/p>\n\n\n\n<p><strong>Boa prova e bons estudos!<\/strong><\/p>\n","protected":false},"excerpt":{"rendered":"<p>O concurso Core CE est\u00e1 ofertando 40 vagas, imediatas e de cadastro reserva, para cargos de n\u00edveis m\u00e9dio e superior!<\/p>\n","protected":false},"author":21,"featured_media":44795,"template":"","meta":{"_acf_changed":true,"rank_math_lock_modified_date":false},"categories":[52],"tags":[4361],"acf":[],"_links":{"self":[{"href":"https:\/\/www.editorasolucao.com.br\/blog\/wp-json\/wp\/v2\/concurso\/26603"}],"collection":[{"href":"https:\/\/www.editorasolucao.com.br\/blog\/wp-json\/wp\/v2\/concurso"}],"about":[{"href":"https:\/\/www.editorasolucao.com.br\/blog\/wp-json\/wp\/v2\/types\/concurso"}],"author":[{"embeddable":true,"href":"https:\/\/www.editorasolucao.com.br\/blog\/wp-json\/wp\/v2\/users\/21"}],"wp:featuredmedia":[{"embeddable":true,"href":"https:\/\/www.editorasolucao.com.br\/blog\/wp-json\/wp\/v2\/media\/44795"}],"wp:attachment":[{"href":"https:\/\/www.editorasolucao.com.br\/blog\/wp-json\/wp\/v2\/media?parent=26603"}],"wp:term":[{"taxonomy":"category","embeddable":true,"href":"https:\/\/www.editorasolucao.com.br\/blog\/wp-json\/wp\/v2\/categories?post=26603"},{"taxonomy":"post_tag","embeddable":true,"href":"https:\/\/www.editorasolucao.com.br\/blog\/wp-json\/wp\/v2\/tags?post=26603"}],"curies":[{"name":"wp","href":"https:\/\/api.w.org\/{rel}","templated":true}]}}