{"id":27677,"date":"2025-12-11T09:46:07","date_gmt":"2025-12-11T12:46:07","guid":{"rendered":"https:\/\/www.editorasolucao.com.br\/blog\/?post_type=concurso&#038;p=27677"},"modified":"2025-12-11T09:46:10","modified_gmt":"2025-12-11T12:46:10","slug":"ufrj","status":"publish","type":"concurso","link":"https:\/\/www.editorasolucao.com.br\/blog\/concurso\/ufrj","title":{"rendered":"Concurso UFRJ: Edital publicado! 243 vagas!"},"content":{"rendered":"\n<p>Aten\u00e7\u00e3o, concurseiros! Foi publicado o edital do concurso UFRJ <a href=\"https:\/\/www.editorasolucao.com.br\/concurso\/ufrj\">(Universidade Federal do Rio de Janeiro).<\/a> S\u00e3o ofertadas <strong>243 vagas<\/strong> para o cargo de <strong>T\u00e9cnico-Administrativo em Educa\u00e7\u00e3o<\/strong>, distribu\u00eddas entre especialidades de <strong>n\u00edveis m\u00e9dio, t\u00e9cnico e superior<\/strong>. As remunera\u00e7\u00f5es variam de <strong>R$3.029,90<\/strong> a <strong>R$4.967,04<\/strong>. As inscri\u00e7\u00f5es estar\u00e3o abertas entre os dias <strong>12 de dezembro de 2025<\/strong> e <strong>25 de janeiro de 2026<\/strong>, com provas previstas para os dias <strong>1\u00ba e 8 de mar\u00e7o de 2026<\/strong>. Para se preparar, confira a\u00a0<a href=\"https:\/\/www.editorasolucao.com.br\/concurso\/ufrj\">apostila UFRJ<\/a>\u00a0com conte\u00fado completo e atualizado conforme o edital.<\/p>\n\n\n\n<div id=\"ez-toc-container\" class=\"ez-toc-v2_0_69_1 counter-hierarchy ez-toc-counter ez-toc-grey ez-toc-container-direction\">\n<div class=\"ez-toc-title-container\">\n<p class=\"ez-toc-title \" >Menu de navega&ccedil;&atilde;o<\/p>\n<span class=\"ez-toc-title-toggle\"><a href=\"#\" class=\"ez-toc-pull-right ez-toc-btn ez-toc-btn-xs ez-toc-btn-default ez-toc-toggle\" aria-label=\"Toggle Table of Content\"><span class=\"ez-toc-js-icon-con\"><span class=\"\"><span class=\"eztoc-hide\" style=\"display:none;\">Toggle<\/span><span class=\"ez-toc-icon-toggle-span\"><svg style=\"fill: #999;color:#999\" xmlns=\"http:\/\/www.w3.org\/2000\/svg\" class=\"list-377408\" width=\"20px\" height=\"20px\" viewBox=\"0 0 24 24\" fill=\"none\"><path d=\"M6 6H4v2h2V6zm14 0H8v2h12V6zM4 11h2v2H4v-2zm16 0H8v2h12v-2zM4 16h2v2H4v-2zm16 0H8v2h12v-2z\" fill=\"currentColor\"><\/path><\/svg><svg style=\"fill: #999;color:#999\" class=\"arrow-unsorted-368013\" xmlns=\"http:\/\/www.w3.org\/2000\/svg\" width=\"10px\" height=\"10px\" viewBox=\"0 0 24 24\" version=\"1.2\" baseProfile=\"tiny\"><path d=\"M18.2 9.3l-6.2-6.3-6.2 6.3c-.2.2-.3.4-.3.7s.1.5.3.7c.2.2.4.3.7.3h11c.3 0 .5-.1.7-.3.2-.2.3-.5.3-.7s-.1-.5-.3-.7zM5.8 14.7l6.2 6.3 6.2-6.3c.2-.2.3-.5.3-.7s-.1-.5-.3-.7c-.2-.2-.4-.3-.7-.3h-11c-.3 0-.5.1-.7.3-.2.2-.3.5-.3.7s.1.5.3.7z\"\/><\/svg><\/span><\/span><\/span><\/a><\/span><\/div>\n<nav><ul class='ez-toc-list ez-toc-list-level-1 ' ><li class='ez-toc-page-1 ez-toc-heading-level-2'><a class=\"ez-toc-link ez-toc-heading-1\" href=\"https:\/\/www.editorasolucao.com.br\/blog\/concurso\/ufrj\/#Como_se_inscrever_no_concurso_UFRJ\" title=\"Como se inscrever no concurso UFRJ\">Como se inscrever no concurso UFRJ<\/a><\/li><li class='ez-toc-page-1 ez-toc-heading-level-2'><a class=\"ez-toc-link ez-toc-heading-2\" href=\"https:\/\/www.editorasolucao.com.br\/blog\/concurso\/ufrj\/#Cargos_vagas_e_salarios\" title=\"Cargos, vagas e sal\u00e1rios\">Cargos, vagas e sal\u00e1rios<\/a><\/li><li class='ez-toc-page-1 ez-toc-heading-level-2'><a class=\"ez-toc-link ez-toc-heading-3\" href=\"https:\/\/www.editorasolucao.com.br\/blog\/concurso\/ufrj\/#Requisitos_do_concurso_UFRJ\" title=\"Requisitos do concurso UFRJ\">Requisitos do concurso UFRJ<\/a><\/li><li class='ez-toc-page-1 ez-toc-heading-level-2'><a class=\"ez-toc-link ez-toc-heading-4\" href=\"https:\/\/www.editorasolucao.com.br\/blog\/concurso\/ufrj\/#Etapas_de_selecao\" title=\"Etapas de sele\u00e7\u00e3o\">Etapas de sele\u00e7\u00e3o<\/a><\/li><li class='ez-toc-page-1 ez-toc-heading-level-2'><a class=\"ez-toc-link ez-toc-heading-5\" href=\"https:\/\/www.editorasolucao.com.br\/blog\/concurso\/ufrj\/#Ultimo_concurso_UFRJ\" title=\"\u00daltimo concurso UFRJ\">\u00daltimo concurso UFRJ<\/a><\/li><\/ul><\/nav><\/div>\n<h2 class=\"wp-block-heading\"><span class=\"ez-toc-section\" id=\"Como_se_inscrever_no_concurso_UFRJ\"><\/span>Como se inscrever no concurso UFRJ<span class=\"ez-toc-section-end\"><\/span><\/h2>\n\n\n\n<p>As inscri\u00e7\u00f5es para o concurso UFRJ dever\u00e3o ser realizadas exclusivamente pela internet, no site do <a href=\"https:\/\/selecon.selecao.net.br\/informacoes\/64\/\" target=\"_blank\" rel=\"noreferrer noopener\">Instituto Selecon,<\/a> entre os dias <strong>12 de dezembro de 2025<\/strong> e<strong> 25 de janeiro de 2026<\/strong>. <\/p>\n\n\n\n<p>Para se inscrever, o candidato deve acessar o endere\u00e7o eletr\u00f4nico da banca, selecionar o concurso desejado, preencher o formul\u00e1rio de inscri\u00e7\u00e3o e indicar o munic\u00edpio de prefer\u00eancia para realiza\u00e7\u00e3o das provas (Rio de Janeiro, Duque de Caxias ou Maca\u00e9).<\/p>\n\n\n\n<p>Ap\u00f3s o preenchimento do cadastro, ser\u00e1 gerado o boleto referente \u00e0 taxa de inscri\u00e7\u00e3o, que deve ser paga at\u00e9 23h59 de <strong>26 de janeiro de 2026<\/strong>. <\/p>\n\n\n\n<p>Os valores das taxas variam conforme o n\u00edvel de escolaridade do cargo pretendido:<\/p>\n\n\n\n<ul>\n<li><strong>R$90,00<\/strong> para cargos de n\u00edvel m\u00e9dio (N\u00edvel D);<\/li>\n\n\n\n<li><strong>R$130,00<\/strong> para cargos de n\u00edvel superior (N\u00edvel E).<\/li>\n<\/ul>\n\n\n\n<h3 class=\"wp-block-heading\">Isen\u00e7\u00e3o da taxa<\/h3>\n\n\n\n<p>A isen\u00e7\u00e3o total da taxa poder\u00e1 ser solicitada entre os dias <strong>12<\/strong> e<strong> 18 de dezembro de 2025<\/strong>, exclusivamente no site do Instituto Selecon. O edital do concurso UFRJ prev\u00ea isen\u00e7\u00e3o para candidatos que preencham um dos seguintes crit\u00e9rios:<\/p>\n\n\n\n<ul>\n<li>Estar inscrito no Cad\u00danico, com renda familiar per capita conforme legisla\u00e7\u00e3o federal;<\/li>\n\n\n\n<li>Ser doador de medula \u00f3ssea em entidades reconhecidas pelo Minist\u00e9rio da Sa\u00fade.<\/li>\n<\/ul>\n\n\n\n<h2 class=\"wp-block-heading\"><span class=\"ez-toc-section\" id=\"Cargos_vagas_e_salarios\"><\/span>Cargos, vagas e sal\u00e1rios<span class=\"ez-toc-section-end\"><\/span><\/h2>\n\n\n\n<p>O concurso UFRJ ofertar\u00e1 <strong>243 vagas imediatas<\/strong> para cargos T\u00e9cnico-Administrativos em Educa\u00e7\u00e3o, distribu\u00eddos entre n\u00edveis m\u00e9dio, t\u00e9cnico e superior.<\/p>\n\n\n\n<p>A lota\u00e7\u00e3o dos aprovados poder\u00e1 ocorrer nos campi de <strong>Rio de Janeiro<\/strong>, <strong>Duque de Caxias<\/strong> e <strong>Maca\u00e9<\/strong>, de acordo com as necessidades da institui\u00e7\u00e3o. <\/p>\n\n\n\n<p>Confira a distribui\u00e7\u00e3o das oportunidades:<\/p>\n\n\n\n<p><strong>N\u00edvel m\u00e9dio e t\u00e9cnico (N\u00edvel D)<\/strong><\/p>\n\n\n\n<ul>\n<li>Assistente em Administra\u00e7\u00e3o: 100 vagas<br>R$ 3.029,90<\/li>\n\n\n\n<li>T\u00e9cnico de Laborat\u00f3rio (Alimentos): 1 vaga<br>R$ 3.029,90<\/li>\n\n\n\n<li>T\u00e9cnico de Laborat\u00f3rio (An\u00e1lises Cl\u00ednicas): 2 vagas<br>R$ 3.029,90<\/li>\n\n\n\n<li>T\u00e9cnico de Laborat\u00f3rio (Biologia): 2 vagas<br>R$ 3.029,90<\/li>\n\n\n\n<li>T\u00e9cnico de Laborat\u00f3rio (Biot\u00e9rio): 1 vaga<br>R$ 3.029,90<\/li>\n\n\n\n<li>T\u00e9cnico de Laborat\u00f3rio (Cole\u00e7\u00f5es Geopaleontol\u00f3gicas): 1 vaga<br>R$ 3.029,90<\/li>\n\n\n\n<li>T\u00e9cnico de Laborat\u00f3rio (Cole\u00e7\u00f5es Zool\u00f3gicas): 1 vaga<br>R$ 3.029,90<\/li>\n\n\n\n<li>T\u00e9cnico de Laborat\u00f3rio (Qu\u00edmica): 4 vagas<br>R$ 3.029,90<\/li>\n\n\n\n<li>T\u00e9cnico de Tecnologia da Informa\u00e7\u00e3o \u2013 Sistemas: 10 vagas<br>R$ 3.029,90<\/li>\n\n\n\n<li>T\u00e9cnico de Tecnologia da Informa\u00e7\u00e3o \u2013 Redes: 10 vagas<br>R$ 3.029,90<\/li>\n\n\n\n<li>T\u00e9cnico de Tecnologia da Informa\u00e7\u00e3o \u2013 Suporte\/Infraestrutura: 11 vagas<br>R$ 3.029,90<\/li>\n\n\n\n<li>T\u00e9cnico em Contabilidade: 9 vagas<br>R$ 3.029,90<\/li>\n<\/ul>\n\n\n\n<p><strong>N\u00edvel superior (N\u00edvel E)<\/strong><\/p>\n\n\n\n<ul>\n<li>Administrador: 6 vagas<br>R$ 4.967,04<\/li>\n\n\n\n<li>Analista de TI \u2013 Sistemas: 11 vagas<br>R$ 4.967,04<\/li>\n\n\n\n<li>Analista de TI \u2013 Redes: 11 vagas<br>R$ 4.967,04<\/li>\n\n\n\n<li>Analista de TI \u2013 Suporte\/Infraestrutura: 11 vagas<br>R$ 4.967,04<\/li>\n\n\n\n<li>Assistente Social: 1 vaga<br>R$ 4.967,04<\/li>\n\n\n\n<li>Engenheiro Civil: 6 vagas<br>R$ 4.967,04<\/li>\n\n\n\n<li>Engenheiro El\u00e9trico: 6 vagas<br>R$ 4.967,04<\/li>\n\n\n\n<li>Engenheiro Mec\u00e2nico: 1 vaga<br>R$ 4.967,04<\/li>\n\n\n\n<li>Engenheiro de Telecomunica\u00e7\u00f5es: 1 vaga<br>R$ 4.967,04<\/li>\n\n\n\n<li>Engenheiro de Seguran\u00e7a do Trabalho: 5 vagas<br>R$ 4.967,04<\/li>\n\n\n\n<li>Fonoaudi\u00f3logo: 1 vaga<br>R$ 4.967,04<\/li>\n\n\n\n<li>M\u00e9dico \u2013 Cl\u00ednica M\u00e9dica: 5 vagas<br>R$ 4.967,04<\/li>\n\n\n\n<li>M\u00e9dico \u2013 Medicina do Trabalho: 2 vagas<br>R$ 4.967,04<\/li>\n\n\n\n<li>M\u00e9dico \u2013 Infectologia\/Medicina de Viagem: 2 vagas<br>R$ 4.967,04<\/li>\n\n\n\n<li>M\u00e9dico \u2013 Ortopedia e Traumatologia: 1 vaga<br>R$ 4.967,04<\/li>\n\n\n\n<li>M\u00e9dico \u2013 Patologia: 1 vaga<br>R$ 4.967,04<\/li>\n\n\n\n<li>M\u00e9dico \u2013 Psiquiatria: 2 vagas<br>R$ 4.967,04<\/li>\n\n\n\n<li>M\u00e9dico \u2013 Sanitarista: 1 vaga<br>R$ 4.967,04<\/li>\n\n\n\n<li>M\u00e9dico \u2013 Urologia: 1 vaga<br>R$ 4.967,04<\/li>\n\n\n\n<li>Nutricionista: 2 vagas<br>R$ 4.967,04<\/li>\n\n\n\n<li>Psic\u00f3logo Educacional: 1 vaga<br>R$ 4.967,04<\/li>\n\n\n\n<li>Psic\u00f3logo: 1 vaga<br>R$ 4.967,04<\/li>\n\n\n\n<li>Qu\u00edmico: 6 vagas<br>R$ 4.967,04<\/li>\n\n\n\n<li>T\u00e9cnico Desportivo: 3 vagas<br>R$ 4.967,04<\/li>\n\n\n\n<li>Tecn\u00f3logo Tradutor e Int\u00e9rprete de Libras: 3 vagas<br>R$ 4.967,04<\/li>\n<\/ul>\n\n\n\n<p><\/p>\n\n\n\n<p>Para quem vai iniciar a prepara\u00e7\u00e3o, as\u00a0<a href=\"https:\/\/www.editorasolucao.com.br\/concurso\/ufrj\">apostilas UFRJ<\/a>\u00a0j\u00e1 est\u00e3o dispon\u00edveis com conte\u00fado completo e atualizado conforme o edital.<\/p>\n\n\n\n<h3 class=\"wp-block-heading\">Benef\u00edcios<\/h3>\n\n\n\n<p>Al\u00e9m do vencimento b\u00e1sico, os servidores aprovados no concurso UFRJ ter\u00e3o acesso a um conjunto de benef\u00edcios previstos em legisla\u00e7\u00e3o federal:<\/p>\n\n\n\n<ul>\n<li>Aux\u00edlio-alimenta\u00e7\u00e3o: R$1.175,00<\/li>\n\n\n\n<li>Aux\u00edlio pr\u00e9-escolar: R$484,00<\/li>\n\n\n\n<li>Aux\u00edlio-transporte: conforme legisla\u00e7\u00e3o vigente<\/li>\n\n\n\n<li>Aux\u00edlio-sa\u00fade: conforme legisla\u00e7\u00e3o vigente<\/li>\n<\/ul>\n\n\n\n<p><\/p>\n\n\n\n<p>O Plano de Carreira dos TAEs tamb\u00e9m prev\u00ea o Incentivo \u00e0 Qualifica\u00e7\u00e3o, b\u00f4nus aplicado sobre o vencimento b\u00e1sico para servidores que possuem escolaridade superior \u00e0 exigida para o cargo:<\/p>\n\n\n\n<ul>\n<li>Curso t\u00e9cnico ou ensino m\u00e9dio profissionalizante: +20%<\/li>\n\n\n\n<li>Curso superior completo: +25%<\/li>\n\n\n\n<li>Especializa\u00e7\u00e3o (m\u00ednimo de 360h): +30%<\/li>\n\n\n\n<li>Mestrado: +52%<\/li>\n\n\n\n<li>Doutorado: +75%<\/li>\n<\/ul>\n\n\n\n<h2 class=\"wp-block-heading\"><span class=\"ez-toc-section\" id=\"Requisitos_do_concurso_UFRJ\"><\/span>Requisitos do concurso UFRJ<span class=\"ez-toc-section-end\"><\/span><\/h2>\n\n\n\n<p>Para tomar posse em um dos cargos do concurso UFRJ, o candidato dever\u00e1 cumprir, no momento da nomea\u00e7\u00e3o, todas as exig\u00eancias definidas pelo edital e pela legisla\u00e7\u00e3o aplic\u00e1vel. Entre os requisitos b\u00e1sicos, est\u00e3o:<\/p>\n\n\n\n<ul>\n<li>Ter sido aprovado e classificado no Concurso P\u00fablico.<\/li>\n\n\n\n<li>Estar registrado e em situa\u00e7\u00e3o regular junto ao \u00f3rg\u00e3o fiscalizador do exerc\u00edcio da profiss\u00e3o, quando cab\u00edvel.<\/li>\n\n\n\n<li>Ter idade m\u00ednima de 18 anos completos na data da posse.<\/li>\n\n\n\n<li>Se brasileiro, estar quite com as obriga\u00e7\u00f5es eleitorais e militares, essa \u00faltima somente no caso de candidatos do sexo masculino.<\/li>\n\n\n\n<li>Se estrangeiro, possuir autoriza\u00e7\u00e3o de resid\u00eancia na data da posse, nos termos da legisla\u00e7\u00e3o espec\u00edfica, respeitado o artigo 207, \u00a71\u00ba da Constitui\u00e7\u00e3o Federal.<\/li>\n\n\n\n<li>Apresentar documenta\u00e7\u00e3o que comprove o \u201cPr\u00e9-requisito(s)\u201d exigido(s) para o cargo\/\u00e1rea de atua\u00e7\u00e3o.<\/li>\n\n\n\n<li>Apresentar declara\u00e7\u00e3o de acumula\u00e7\u00e3o de cargos e\/ou empregos, p\u00fablicos e\/ou privados, que ocupe na \u00e9poca da posse, de acordo com o modelo disponibilizado pela UFRJ.<\/li>\n\n\n\n<li>Ter aptid\u00e3o f\u00edsica e mental e n\u00e3o apresentar defici\u00eancia que o incapacite para o exerc\u00edcio das tarefas inerentes ao cargo para o qual concorre.<\/li>\n\n\n\n<li>Apresentar outros documentos que se fizerem necess\u00e1rios, \u00e0 \u00e9poca da posse, caso sejam solicitados pela UFRJ.<\/li>\n<\/ul>\n\n\n\n<h2 class=\"wp-block-heading\"><span class=\"ez-toc-section\" id=\"Etapas_de_selecao\"><\/span>Etapas de sele\u00e7\u00e3o<span class=\"ez-toc-section-end\"><\/span><\/h2>\n\n\n\n<p>O concurso UFRJ ser\u00e1 composto por tr\u00eas etapas:<\/p>\n\n\n\n<ul>\n<li><strong>Prova objetiva,<\/strong> de car\u00e1ter eliminat\u00f3rio e classificat\u00f3rio, para os candidatos a todos os cargos.<\/li>\n\n\n\n<li><strong>Prova discursiva,<\/strong> de car\u00e1ter eliminat\u00f3rio e classificat\u00f3rio, para os candidatos a todos os cargos.<\/li>\n\n\n\n<li><strong>Prova pr\u00e1tica,<\/strong> de car\u00e1ter eliminat\u00f3rio e classificat\u00f3rio, para os candidatos ao cargo de T\u00e9cnico de Laborat\u00f3rio, todas as \u00e1reas de atua\u00e7\u00e3o (Alimentos, An\u00e1lises Cl\u00ednicas, Biologia, Biot\u00e9rio, Cole\u00e7\u00f5es Geopaleontol\u00f3gicas, Cole\u00e7\u00f5es Zool\u00f3gicas e Qu\u00edmica).<\/li>\n<\/ul>\n\n\n\n<p><\/p>\n\n\n\n<p>As provas objetivas e discursivas ser\u00e3o aplicadas em datas diferentes para cada n\u00edvel de escolaridade:<\/p>\n\n\n\n<ul>\n<li>N\u00edvel superior: <strong>1\u00ba de mar\u00e7o de 2026 (manh\u00e3)<\/strong><\/li>\n\n\n\n<li>N\u00edvel m\u00e9dio e t\u00e9cnico: <strong>8 de mar\u00e7o de 2026 (manh\u00e3)<\/strong><\/li>\n<\/ul>\n\n\n\n<h3 class=\"wp-block-heading\">Prova objetiva<\/h3>\n\n\n\n<p>A prova objetiva do concurso UFRJ ser\u00e1 aplicada a todos os candidatos e contar\u00e1 com 50 quest\u00f5es de m\u00faltipla escolha, cada uma com cinco alternativas (A, B, C, D e E). <\/p>\n\n\n\n<p>A distribui\u00e7\u00e3o das quest\u00f5es ser\u00e1 a seguinte:<\/p>\n\n\n\n<p><strong>Cargos de n\u00edvel m\u00e9dio<\/strong><\/p>\n\n\n\n<ul>\n<li>Conhecimentos de Administra\u00e7\u00e3o P\u00fablica: 12 vagas<\/li>\n\n\n\n<li>Conhecimentos Gerais: 12 vagas<\/li>\n\n\n\n<li>Conhecimentos de Inform\u00e1tica: 6 vagas<\/li>\n<\/ul>\n\n\n\n<p><strong>Cargos de n\u00edvel t\u00e9cnico e superior<\/strong><\/p>\n\n\n\n<ul>\n<li>Conhecimentos de Administra\u00e7\u00e3o P\u00fablica: 12 vagas<\/li>\n\n\n\n<li>Conhecimentos Gerais: 12 vagas<\/li>\n\n\n\n<li>Conhecimentos de Inform\u00e1tica: 6 vagas<\/li>\n\n\n\n<li>Conhecimentos Espec\u00edficos: 20 vagas<\/li>\n<\/ul>\n\n\n\n<p><\/p>\n\n\n\n<p>A pontua\u00e7\u00e3o total \u00e9 de 100 pontos, sendo exigido m\u00ednimo de 50 pontos e tamb\u00e9m pontua\u00e7\u00e3o m\u00ednima em cada bloco de disciplinas.<\/p>\n\n\n\n<h4 class=\"wp-block-heading\">N\u00f3s temos a Solu\u00e7\u00e3o<\/h4>\n\n\n\n<p>Quer ser aprovado no concurso UFRJ, mas n\u00e3o sabe por onde come\u00e7ar estudar? N\u00f3s temos a Solu\u00e7\u00e3o! Elaboramos diversos materiais completos e direcionados conforme o edital, que te ajudar\u00e3o a conquistar aquele cargo dos sonhos!<\/p>\n\n\n\n<p><strong>Confira:\u00a0<a href=\"https:\/\/www.editorasolucao.com.br\/concurso\/ufrj\">Materiais preparat\u00f3rios para o\u00a0concurso UFRJ!<\/a><\/strong><\/p>\n\n\n\n<h3 class=\"wp-block-heading\">Prova discursiva<\/h3>\n\n\n\n<p>A prova discursiva ser\u00e1 aplicada no mesmo dia da prova objetiva, para todos os cargos. Essa etapa tem a finalidade de avaliar a capacidade de express\u00e3o escrita, organiza\u00e7\u00e3o de ideias, argumenta\u00e7\u00e3o e dom\u00ednio t\u00e9cnico sobre os conte\u00fados espec\u00edficos da \u00e1rea.<\/p>\n\n\n\n<p>A avalia\u00e7\u00e3o do concurso UFRJ consistir\u00e1 em 3 quest\u00f5es dissertativas ou descritivas, cada uma valendo 10 pontos, totalizando 30 pontos. O candidato deve obter, no m\u00ednimo, 15 pontos para ser aprovado.<\/p>\n\n\n\n<p>A corre\u00e7\u00e3o ser\u00e1 dividida em dois componentes:<\/p>\n\n\n\n<ul>\n<li>Avalia\u00e7\u00e3o de conte\u00fado, observando precis\u00e3o conceitual, profundidade e pertin\u00eancia da resposta;<\/li>\n\n\n\n<li>Avalia\u00e7\u00e3o da modalidade escrita da L\u00edngua Portuguesa, considerando coer\u00eancia, coes\u00e3o, estrutura e adequa\u00e7\u00e3o gramatical.<\/li>\n<\/ul>\n\n\n\n<p><\/p>\n\n\n\n<p>A banca corrigir\u00e1 as discursivas apenas dos candidatos classificados na objetiva em at\u00e9 4 vezes o n\u00famero de vagas, respeitando empates da \u00faltima posi\u00e7\u00e3o.<\/p>\n\n\n\n<h3 class=\"wp-block-heading\">Prova pr\u00e1tica<\/h3>\n\n\n\n<p>A prova pr\u00e1tica do concurso UFRJ ser\u00e1 exigida exclusivamente dos candidatos ao cargo de T\u00e9cnico de Laborat\u00f3rio (todas as \u00e1reas), desde que aprovados na discursiva. Essa etapa tem car\u00e1ter eliminat\u00f3rio e classificat\u00f3rio.<\/p>\n\n\n\n<p>A avalia\u00e7\u00e3o consiste em tr\u00eas tarefas pr\u00e1ticas, realizadas individualmente e gravadas em v\u00eddeo para an\u00e1lise da banca. Cada item vale 10 pontos, totalizando 30 pontos, sendo necess\u00e1rio atingir m\u00ednimo de 15 pontos para aprova\u00e7\u00e3o.<\/p>\n\n\n\n<p>As atividades pr\u00e1ticas variam conforme a \u00e1rea do laborat\u00f3rio, podendo envolver manipula\u00e7\u00e3o de equipamentos, execu\u00e7\u00e3o de procedimentos t\u00e9cnicos, an\u00e1lise de amostras, aferi\u00e7\u00f5es e opera\u00e7\u00f5es de rotina em ambientes laboratoriais.<\/p>\n\n\n\n<h2 class=\"wp-block-heading\" id=\"cargos-vagas\"><span class=\"ez-toc-section\" id=\"Ultimo_concurso_UFRJ\"><\/span>\u00daltimo concurso UFRJ<span class=\"ez-toc-section-end\"><\/span><\/h2>\n\n\n\n<p>O \u00faltimo concurso UFRJ ocorreu em 2023 e foram ofertadas 282 vagas imediatas para cargos de n\u00edveis m\u00e9dio, t\u00e9cnico e superior de escolaridade. Confira na tabela abaixo os cargos que foram ofertados:<\/p>\n\n\n\n<p><strong>Edital n\u00b0 490<\/strong><\/p>\n\n\n\n<figure class=\"wp-block-table\"><table><tbody><tr><td>T\u00e9cnico de Tecnologia da Informa\u00e7\u00e3o &#8211; An\u00e1lise de Redes<\/td><td>02<\/td><td>R$5.214,85<\/td><\/tr><tr><td>T\u00e9cnico de Tecnologia da Informa\u00e7\u00e3o &#8211; Desenvolvimento<\/td><td>02<\/td><td>R$5.214,85<\/td><\/tr><tr><td>T\u00e9cnico de Tecnologia da Informa\u00e7\u00e3o &#8211; Projeto de Redes<\/td><td>02<\/td><td>R$5.214,85<\/td><\/tr><tr><td>T\u00e9cnico de Tecnologia da Informa\u00e7\u00e3o &#8211; Seguran\u00e7a<\/td><td>02<\/td><td>R$5.214,85<\/td><\/tr><tr><td>T\u00e9cnico de Tecnologia da Informa\u00e7\u00e3o &#8211; Suporte de Infraestrutura<\/td><td>02<\/td><td>R$5.214,85<\/td><\/tr><tr><td>T\u00e9cnico em Enfermagem<\/td><td>17<\/td><td>R$5.214,85<\/td><\/tr><tr><td>T\u00e9cnico em Farm\u00e1cia<\/td><td>10<\/td><td>R$5.214,85<\/td><\/tr><tr><td>T\u00e9cnico em Radiologia<\/td><td>10<\/td><td>R$5.214,85<\/td><\/tr><tr><td>T\u00e9cnico de Laborat\u00f3rio &#8211; Acessibilidade<\/td><td>01<\/td><td>R$5.214,85<\/td><\/tr><tr><td>T\u00e9cnico de Laborat\u00f3rio &#8211; Alimentos<\/td><td>01<\/td><td>R$5.214,85<\/td><\/tr><tr><td>T\u00e9cnico de Laborat\u00f3rio &#8211; Edifica\u00e7\u00f5es<\/td><td>01<\/td><td>R$5.214,85<\/td><\/tr><tr><td>T\u00e9cnico de Laborat\u00f3rio &#8211; El\u00e9trica<\/td><td>01<\/td><td>R$5.214,85<\/td><\/tr><tr><td>T\u00e9cnico de Laborat\u00f3rio &#8211; Eletr\u00f4nica<\/td><td>01<\/td><td>R$5.214,85<\/td><\/tr><tr><td>T\u00e9cnico de Laborat\u00f3rio &#8211; F\u00edsica<\/td><td>01<\/td><td>R$5.214,85<\/td><\/tr><tr><td>T\u00e9cnico de Laborat\u00f3rio &#8211; Qu\u00edmica<\/td><td>03<\/td><td>R$5.214,85<\/td><\/tr><tr><td>Administrador<\/td><td>03<\/td><td>R$5.214,85<\/td><\/tr><tr><td>Analista de Tecnologia da Informa\u00e7\u00e3o &#8211; Desenvolvimento<\/td><td>03<\/td><td>R$5.214,85<\/td><\/tr><tr><td>Analista de Tecnologia da Informa\u00e7\u00e3o &#8211; Suporte de Infraestrutura<\/td><td>03<\/td><td>R$5.214,85<\/td><\/tr><tr><td>Analista de Tecnologia da Informa\u00e7\u00e3o &#8211; An\u00e1lise de Redes<\/td><td>03<\/td><td>R$5.214,85<\/td><\/tr><tr><td>Analista de Tecnologia da Informa\u00e7\u00e3o &#8211; Projeto de Redes<\/td><td>03<\/td><td>R$5.214,85<\/td><\/tr><tr><td>Analista de Tecnologia da Informa\u00e7\u00e3o &#8211; Seguran\u00e7a<\/td><td>03<\/td><td>R$5.214,85<\/td><\/tr><tr><td>Arquiteto e Urbanista<\/td><td>02<\/td><td>R$5.214,85<\/td><\/tr><tr><td>Arquivista<\/td><td>02<\/td><td>R$5.214,85<\/td><\/tr><tr><td>Assistente Social<\/td><td>02<\/td><td>R$5.214,85<\/td><\/tr><tr><td>Auditor<\/td><td>05<\/td><td>R$5.214,85<\/td><\/tr><tr><td>Bibliotec\u00e1rio-documentalista<\/td><td>18<\/td><td>R$5.214,85<\/td><\/tr><tr><td>Bi\u00f3logo<\/td><td>07<\/td><td>R$5.214,85<\/td><\/tr><tr><td>Biom\u00e9dico<\/td><td>03<\/td><td>R$5.214,85<\/td><\/tr><tr><td>Contador<\/td><td>02<\/td><td>R$5.214,85<\/td><\/tr><tr><td>Economista<\/td><td>01<\/td><td>R$5.214,85<\/td><\/tr><tr><td>Enfermeiro<\/td><td>37<\/td><td>R$5.214,85<\/td><\/tr><tr><td>Engenheiro Eletricista<\/td><td>03<\/td><td>R$5.214,85<\/td><\/tr><tr><td>Engenheiro Ambiental<\/td><td>01<\/td><td>R$5.214,85<\/td><\/tr><tr><td>Engenheiro Civil<\/td><td>02<\/td><td>R$5.214,85<\/td><\/tr><tr><td>Engenheiro de Produ\u00e7\u00e3o<\/td><td>01<\/td><td>R$5.214,85<\/td><\/tr><tr><td>Estat\u00edstico<\/td><td>01<\/td><td>R$5.214,85<\/td><\/tr><tr><td>Farmac\u00eautico<\/td><td>04<\/td><td>R$5.214,85<\/td><\/tr><tr><td>Farmac\u00eautico Bioqu\u00edmico<\/td><td>04<\/td><td>R$5.214,85<\/td><\/tr><tr><td>Fisioterapeuta<\/td><td>01<\/td><td>R$5.214,85<\/td><\/tr><tr><td>Ge\u00f3grafo<\/td><td>01<\/td><td>R$5.214,85<\/td><\/tr><tr><td>M\u00e9dico<\/td><td>42<\/td><td>R$5.214,85<\/td><\/tr><tr><td>M\u00fasico<\/td><td>04<\/td><td>R$5.214,85<\/td><\/tr><tr><td>Nutricionista<\/td><td>03<\/td><td>R$5.214,85<\/td><\/tr><tr><td>Odont\u00f3logo<\/td><td>05<\/td><td>R$5.214,85<\/td><\/tr><tr><td>Pedagogo<\/td><td>02<\/td><td>R$5.214,85<\/td><\/tr><tr><td>Produtor Cultural<\/td><td>01<\/td><td>R$5.214,85<\/td><\/tr><tr><td>Psic\u00f3logo<\/td><td>02<\/td><td>R$5.214,85<\/td><\/tr><tr><td>T\u00e9cnico em Assuntos Educacionais<\/td><td>10<\/td><td>R$5.214,85<\/td><\/tr><tr><td>T\u00e9cnico Desportivo<\/td><td>02<\/td><td>R$5.214,85<\/td><\/tr><\/tbody><\/table><\/figure>\n\n\n\n<p><strong>Edital n\u00b0 491<\/strong><\/p>\n\n\n\n<p>M\u00e9dio e t\u00e9cnico<\/p>\n\n\n\n<figure class=\"wp-block-table\"><table><tbody><tr><td>Assistente de Alunos<\/td><td>02<\/td><td>R$ 2.778,13<\/td><\/tr><tr><td>Assistente em Administra\u00e7\u00e3o<\/td><td>25<\/td><td>R$ 3.325,19<\/td><\/tr><tr><td>Assistente em Administra\u00e7\u00e3o &#8211; Maca\u00e9<\/td><td>01<\/td><td>R$ 3.325,19<\/td><\/tr><tr><td>T\u00e9cnico de Tecnologia da Informa\u00e7\u00e3o &#8211; Analise de Redes<\/td><td>02<\/td><td>R$ 3.325,19<\/td><\/tr><tr><td>T\u00e9cnico de Tecnologia da Informa\u00e7\u00e3o &#8211; Desenvolvimento<\/td><td>02<\/td><td>R$ 3.325,19<\/td><\/tr><tr><td>T\u00e9cnico de Tecnologia da Informa\u00e7\u00e3o &#8211; Projeto de Redes<\/td><td>02<\/td><td>R$ 3.325,19<\/td><\/tr><tr><td>T\u00e9cnico de Tecnologia da Informa\u00e7\u00e3o &#8211; Seguran\u00e7a<\/td><td>02<\/td><td>R$ 3.325,19<\/td><\/tr><tr><td>T\u00e9cnico de Tecnologia da Informa\u00e7\u00e3o &#8211; Suporte de Infraestrutura<\/td><td>06<\/td><td>R$ 3.325,19<\/td><\/tr><tr><td>T\u00e9cnico em Enfermagem &#8211; Geral<\/td><td>13<\/td><td>R$ 3.325,19<\/td><\/tr><tr><td>T\u00e9cnico em Enfermagem &#8211; Pedi\u00e1trica<\/td><td>02<\/td><td>R$ 3.325,19<\/td><\/tr><tr><td>T\u00e9cnico em Farm\u00e1cia<\/td><td>10<\/td><td>R$ 3.325,19<\/td><\/tr><tr><td>T\u00e9cnico em Radiologia &#8211; Geral<\/td><td>08<\/td><td>R$ 3.325,19<\/td><\/tr><tr><td>T\u00e9cnico em Radiologia &#8211; Radioterapia<\/td><td>01<\/td><td>R$ 3.325,19<\/td><\/tr><tr><td>T\u00e9cnico de Laborat\u00f3rio &#8211; Acessibilidade<\/td><td>01<\/td><td>R$ 3.325,19<\/td><\/tr><tr><td>T\u00e9cnico de Laborat\u00f3rio &#8211; Alimentos<\/td><td>01<\/td><td>R$ 3.325,19<\/td><\/tr><tr><td>T\u00e9cnico de Laborat\u00f3rio &#8211; Biomedicina<\/td><td>01<\/td><td>R$ 3.325,19<\/td><\/tr><tr><td>T\u00e9cnico de Laborat\u00f3rio &#8211; Edifica\u00e7\u00f5es<\/td><td>01<\/td><td>R$ 3.325,19<\/td><\/tr><tr><td>T\u00e9cnico de Laborat\u00f3rio &#8211; El\u00e9trica<\/td><td>01<\/td><td>R$ 3.325,19<\/td><\/tr><tr><td>T\u00e9cnico de Laborat\u00f3rio &#8211; Eletr\u00f4nica<\/td><td>01<\/td><td>R$ 3.325,19<\/td><\/tr><tr><td>T\u00e9cnico de Laborat\u00f3rio &#8211; F\u00edsica (Maca\u00e9)<\/td><td>01<\/td><td>R$ 3.325,19<\/td><\/tr><tr><td>T\u00e9cnico de Laborat\u00f3rio &#8211; Projetos Mec\u00e2nicos<\/td><td>01<\/td><td>R$ 3.325,19<\/td><\/tr><tr><td>T\u00e9cnico de Laborat\u00f3rio &#8211; Qu\u00edmica (Maca\u00e9)<\/td><td>01<\/td><td>R$ 3.325,19<\/td><\/tr><tr><td>T\u00e9cnico de Laborat\u00f3rio &#8211; Qu\u00edmica (Duque de Caxias)<\/td><td>01<\/td><td>R$ 3.325,19<\/td><\/tr><tr><td>T\u00e9cnico de Laborat\u00f3rio &#8211; Qu\u00edmica (Rio de Janeiro)<\/td><td>01<\/td><td>R$ 3.325,19<\/td><\/tr><\/tbody><\/table><\/figure>\n\n\n\n<p>Al\u00e9m do sal\u00e1rio base, os aprovados no concurso UFRJ contaram com os seguintes benef\u00edcios:<\/p>\n\n\n\n<ul>\n<li>Aux\u00edlio alimenta\u00e7\u00e3o: R$ 658,00<\/li>\n\n\n\n<li>Aux\u00edlio pr\u00e9-escolar: R$ 321,00<\/li>\n\n\n\n<li>Aux\u00edlio transporte <\/li>\n\n\n\n<li>Aux\u00edlio sa\u00fade<\/li>\n<\/ul>\n\n\n\n<h3 class=\"wp-block-heading\" id=\"provas\">Etapas de sele\u00e7\u00e3o<\/h3>\n\n\n\n<p>O concurso UFRJ foi composto pelas seguintes etapas:<\/p>\n\n\n\n<ul>\n<li><strong>Prova Objetiva<\/strong> &#8211; de car\u00e1ter eliminat\u00f3rio e classificat\u00f3rio<\/li>\n\n\n\n<li><strong>Prova Discursiva<\/strong> &#8211; de car\u00e1ter eliminat\u00f3rio e classificat\u00f3rio\n<ul>\n<li>Edital n\u00b0 490 &#8211; Somente para o cargo de Enfermeiro (todas as \u00e1reas)<\/li>\n<\/ul>\n<\/li>\n\n\n\n<li><strong>Prova pr\u00e1tica<\/strong> &#8211; de car\u00e1ter eliminat\u00f3rio e classificat\u00f3rio\n<ul>\n<li>Edital n\u00b0 490 &#8211; Somente para os cargos de Odont\u00f3logo (todas as \u00e1reas) e M\u00fasico (todas as \u00e1reas)<\/li>\n<\/ul>\n<\/li>\n\n\n\n<li><strong>Prova de t\u00edtulos<\/strong><span style=\"color: initial;\"> &#8211; de car\u00e1ter <\/span>classificat\u00f3rio\n<ul>\n<li>Exceto para o cargo de M\u00fasico (todas as \u00e1reas)<\/li>\n<\/ul>\n<\/li>\n<\/ul>\n\n\n\n<h4 class=\"wp-block-heading\">Prova Objetiva<\/h4>\n\n\n\n<p>A prova objetiva do concurso UFRJ foi versada nas seguintes disciplinas:<\/p>\n\n\n\n<p><strong>Edital n\u00b0 490<\/strong><\/p>\n\n\n\n<ul>\n<li>L\u00edngua portuguesa <\/li>\n\n\n\n<li>Legisla\u00e7\u00e3o<\/li>\n\n\n\n<li>Pol\u00edticas do SUS e Sa\u00fade Coletiva<\/li>\n\n\n\n<li>Enfermagem b\u00e1sica<\/li>\n\n\n\n<li>Conhecimentos espec\u00edficos<\/li>\n<\/ul>\n\n\n\n<p><strong>Edital n\u00b0 491<\/strong><\/p>\n\n\n\n<ul>\n<li>L\u00edngua portuguesa<\/li>\n\n\n\n<li>Legisla\u00e7\u00e3o<\/li>\n\n\n\n<li>Conhecimentos de inform\u00e1tica<\/li>\n\n\n\n<li>Racioc\u00ednio l\u00f3gico<\/li>\n\n\n\n<li>Conhecimentos espec\u00edficos<\/li>\n<\/ul>\n\n\n\n<h4 class=\"wp-block-heading\">Prova Discursiva<\/h4>\n\n\n\n<p>No mesmo dia da prova objetiva, foi aplicada a prova discursiva do concurso UFRJ, que consistia em uma pergunta sobre situa\u00e7\u00f5es, procedimentos ou tarefas diretamente ligadas \u00e0s atividades profissionais do cargo de Enfermeiro, espec\u00edfica para a \u00e1rea em que o candidato estava concorrendo.<\/p>\n\n\n\n<p><strong>Bons estudos e boa prova!<\/strong><\/p>\n","protected":false},"excerpt":{"rendered":"<p>O concurso UFRJ est\u00e1 ofertando 243 vagas para TAE, de n\u00edveis m\u00e9dio e superior, com sal\u00e1rios iniciais de at\u00e9 R$4,9 mil. Confira os detalhes!<\/p>\n","protected":false},"author":26,"featured_media":49994,"template":"","meta":{"_acf_changed":true,"rank_math_lock_modified_date":false},"categories":[52],"tags":[5036],"acf":[],"_links":{"self":[{"href":"https:\/\/www.editorasolucao.com.br\/blog\/wp-json\/wp\/v2\/concurso\/27677"}],"collection":[{"href":"https:\/\/www.editorasolucao.com.br\/blog\/wp-json\/wp\/v2\/concurso"}],"about":[{"href":"https:\/\/www.editorasolucao.com.br\/blog\/wp-json\/wp\/v2\/types\/concurso"}],"author":[{"embeddable":true,"href":"https:\/\/www.editorasolucao.com.br\/blog\/wp-json\/wp\/v2\/users\/26"}],"wp:featuredmedia":[{"embeddable":true,"href":"https:\/\/www.editorasolucao.com.br\/blog\/wp-json\/wp\/v2\/media\/49994"}],"wp:attachment":[{"href":"https:\/\/www.editorasolucao.com.br\/blog\/wp-json\/wp\/v2\/media?parent=27677"}],"wp:term":[{"taxonomy":"category","embeddable":true,"href":"https:\/\/www.editorasolucao.com.br\/blog\/wp-json\/wp\/v2\/categories?post=27677"},{"taxonomy":"post_tag","embeddable":true,"href":"https:\/\/www.editorasolucao.com.br\/blog\/wp-json\/wp\/v2\/tags?post=27677"}],"curies":[{"name":"wp","href":"https:\/\/api.w.org\/{rel}","templated":true}]}}