{"id":2771,"date":"2024-04-09T12:54:49","date_gmt":"2024-04-09T15:54:49","guid":{"rendered":"https:\/\/www.editorasolucao.com.br\/blog\/?post_type=concurso&#038;p=2771"},"modified":"2024-04-23T10:11:59","modified_gmt":"2024-04-23T13:11:59","slug":"unifei-mg","status":"publish","type":"concurso","link":"https:\/\/www.editorasolucao.com.br\/blog\/concurso\/unifei-mg","title":{"rendered":"Concurso UNIFEI-MG: Edital publicado para T\u00e9cnico-Administrativo. At\u00e9 R$ 4 mil!"},"content":{"rendered":"\n<p>A Universidade Federal de Itajub\u00e1 &#8211; UNIFEI MG publicou um edital que visa preencher <strong>12 vagas de n\u00edvel m\u00e9dio e superior<\/strong>. As remunera\u00e7\u00f5es podem chegar at\u00e9 <strong>R$ 4 mil!<\/strong> N\u00e3o fique de fora dessa, as inscri\u00e7\u00f5es se iniciam logo! Venha saber mais.&nbsp;<\/p>\n\n\n\n<div id=\"ez-toc-container\" class=\"ez-toc-v2_0_69_1 counter-hierarchy ez-toc-counter ez-toc-grey ez-toc-container-direction\">\n<div class=\"ez-toc-title-container\">\n<p class=\"ez-toc-title \" >Menu de navega&ccedil;&atilde;o<\/p>\n<span class=\"ez-toc-title-toggle\"><a href=\"#\" class=\"ez-toc-pull-right ez-toc-btn ez-toc-btn-xs ez-toc-btn-default ez-toc-toggle\" aria-label=\"Toggle Table of Content\"><span class=\"ez-toc-js-icon-con\"><span class=\"\"><span class=\"eztoc-hide\" style=\"display:none;\">Toggle<\/span><span class=\"ez-toc-icon-toggle-span\"><svg style=\"fill: #999;color:#999\" xmlns=\"http:\/\/www.w3.org\/2000\/svg\" class=\"list-377408\" width=\"20px\" height=\"20px\" viewBox=\"0 0 24 24\" fill=\"none\"><path d=\"M6 6H4v2h2V6zm14 0H8v2h12V6zM4 11h2v2H4v-2zm16 0H8v2h12v-2zM4 16h2v2H4v-2zm16 0H8v2h12v-2z\" fill=\"currentColor\"><\/path><\/svg><svg style=\"fill: #999;color:#999\" class=\"arrow-unsorted-368013\" xmlns=\"http:\/\/www.w3.org\/2000\/svg\" width=\"10px\" height=\"10px\" viewBox=\"0 0 24 24\" version=\"1.2\" baseProfile=\"tiny\"><path d=\"M18.2 9.3l-6.2-6.3-6.2 6.3c-.2.2-.3.4-.3.7s.1.5.3.7c.2.2.4.3.7.3h11c.3 0 .5-.1.7-.3.2-.2.3-.5.3-.7s-.1-.5-.3-.7zM5.8 14.7l6.2 6.3 6.2-6.3c.2-.2.3-.5.3-.7s-.1-.5-.3-.7c-.2-.2-.4-.3-.7-.3h-11c-.3 0-.5.1-.7.3-.2.2-.3.5-.3.7s.1.5.3.7z\"\/><\/svg><\/span><\/span><\/span><\/a><\/span><\/div>\n<nav><ul class='ez-toc-list ez-toc-list-level-1 ' ><li class='ez-toc-page-1 ez-toc-heading-level-2'><a class=\"ez-toc-link ez-toc-heading-1\" href=\"https:\/\/www.editorasolucao.com.br\/blog\/concurso\/unifei-mg\/#Como_posso_me_inscrever\" title=\"Como posso me inscrever?&nbsp;\">Como posso me inscrever?&nbsp;<\/a><\/li><li class='ez-toc-page-1 ez-toc-heading-level-2'><a class=\"ez-toc-link ez-toc-heading-2\" href=\"https:\/\/www.editorasolucao.com.br\/blog\/concurso\/unifei-mg\/#Quais_vagas_estao_sendo_ofertadas\" title=\"Quais vagas est\u00e3o sendo ofertadas?&nbsp;\">Quais vagas est\u00e3o sendo ofertadas?&nbsp;<\/a><\/li><li class='ez-toc-page-1 ez-toc-heading-level-2'><a class=\"ez-toc-link ez-toc-heading-3\" href=\"https:\/\/www.editorasolucao.com.br\/blog\/concurso\/unifei-mg\/#Requisitos_para_investidura_dos_cargos\" title=\"Requisitos para investidura dos cargos\">Requisitos para investidura dos cargos<\/a><\/li><li class='ez-toc-page-1 ez-toc-heading-level-2'><a class=\"ez-toc-link ez-toc-heading-4\" href=\"https:\/\/www.editorasolucao.com.br\/blog\/concurso\/unifei-mg\/#Como_posso_me_preparar_para_as_etapas_de_selecao_deste_certame\" title=\"Como posso me preparar para as etapas de sele\u00e7\u00e3o deste certame?&nbsp;\">Como posso me preparar para as etapas de sele\u00e7\u00e3o deste certame?&nbsp;<\/a><\/li><li class='ez-toc-page-1 ez-toc-heading-level-2'><a class=\"ez-toc-link ez-toc-heading-5\" href=\"https:\/\/www.editorasolucao.com.br\/blog\/concurso\/unifei-mg\/#Ultimo_concurso_da_UNIFEI_MG\" title=\"\u00daltimo concurso da UNIFEI MG\">\u00daltimo concurso da UNIFEI MG<\/a><\/li><\/ul><\/nav><\/div>\n<h2 class=\"wp-block-heading\" id=\"inscri\u00e7ao\"><span class=\"ez-toc-section\" id=\"Como_posso_me_inscrever\"><\/span>Como posso me inscrever?&nbsp;<span class=\"ez-toc-section-end\"><\/span><\/h2>\n\n\n\n<p>As inscri\u00e7\u00f5es para este concurso devem ser realizadas entre os dias <strong>10 de abril at\u00e9 9 de maio. <\/strong>Para realizar suas inscri\u00e7\u00f5es, os interessados devem acessar o site do <a href=\"https:\/\/sigrh.unifei.edu.br\/sigrh\/public\/home.jsf\" target=\"_blank\" rel=\"noreferrer noopener\">Sistema Integrado de Gest\u00e3o de Recursos Humanos da UNIFEI MG.&nbsp;<\/a><\/p>\n\n\n\n<p>As taxas de inscri\u00e7\u00e3o podem variar entre <strong>R$80,00 para n\u00edvel m\u00e9dio<\/strong> e<strong> R$100,00 para n\u00edvel superior.&nbsp;<\/strong><\/p>\n\n\n\n<p>Os candidatos que se encaixarem nos termos exigidos pelo edital poder\u00e3o solicitar a isen\u00e7\u00e3o dessas taxas entre os dias <strong>10 a 24 de abril.&nbsp;<\/strong><\/p>\n\n\n\n<p>Esse concurso \u00e9 realizado por comiss\u00e3o pr\u00f3pria da universidade, ou seja, <strong>n\u00e3o possui <\/strong>banca organizadora.&nbsp;<\/p>\n\n\n\n<h2 class=\"wp-block-heading\" id=\"vagas\"><span class=\"ez-toc-section\" id=\"Quais_vagas_estao_sendo_ofertadas\"><\/span>Quais vagas est\u00e3o sendo ofertadas?&nbsp;<span class=\"ez-toc-section-end\"><\/span><\/h2>\n\n\n\n<p>Est\u00e3o sendo ofertadas 12 vagas imediatas para cargos de n\u00edvel m\u00e9dio e superior, vejamos:&nbsp;<\/p>\n\n\n\n<ul>\n<li><strong>Campus Itajub\u00e1:&nbsp;<\/strong>\n<ul>\n<li>N\u00edvel M\u00e9dio\n<ul>\n<li>T\u00e9cnico de Tecnologia da Informa\u00e7\u00e3o (2)\n<ul>\n<li>R$ 2.667,19<\/li>\n<\/ul>\n<\/li>\n<\/ul>\n<\/li>\n\n\n\n<li>N\u00edvel Superior\n<ul>\n<li>Engenheiro El\u00e9trico (1)\n<ul>\n<li>R$ 4.556,92<\/li>\n<\/ul>\n<\/li>\n\n\n\n<li><a href=\"https:\/\/www.editorasolucao.com.br\/apostila-solucao\/unifei-tecnico-assuntos-educacionais\" target=\"_blank\" rel=\"noreferrer noopener\">T\u00e9cnico em Assuntos Educacionais<\/a> (3)\n<ul>\n<li>R$ 4.556,92<\/li>\n<\/ul>\n<\/li>\n<\/ul>\n<\/li>\n<\/ul>\n<\/li>\n<\/ul>\n\n\n\n<ul>\n<li><strong>Campus Itabira:<\/strong>\n<ul>\n<li>N\u00edvel M\u00e9dio\n<ul>\n<li>T\u00e9cnico de Laborat\u00f3rio\/\u00e1rea: F\u00edsica (1)\n<ul>\n<li>R$ 2.667,19<\/li>\n<\/ul>\n<\/li>\n\n\n\n<li>T\u00e9cnico de Tecnologia da Informa\u00e7\u00e3o (1)\n<ul>\n<li>R$ 2.667,19<\/li>\n<\/ul>\n<\/li>\n<\/ul>\n<\/li>\n\n\n\n<li>N\u00edvel Superior\n<ul>\n<li>Enfermeiro\/\u00e1rea: Trabalho (1)\n<ul>\n<li>R$ 4.556,92<\/li>\n<\/ul>\n<\/li>\n\n\n\n<li>Engenheiro Civil (1)\n<ul>\n<li>R$ 4.556,92<\/li>\n<\/ul>\n<\/li>\n\n\n\n<li>Engenheiro El\u00e9trico (1)\n<ul>\n<li>R$ 4.556,92<\/li>\n<\/ul>\n<\/li>\n\n\n\n<li>T\u00e9cnico Desportivo (1)\n<ul>\n<li>R$ 4.556,92<\/li>\n<\/ul>\n<\/li>\n<\/ul>\n<\/li>\n<\/ul>\n<\/li>\n<\/ul>\n\n\n\n<p>N\u00e3o foram divulgadas as jornadas de trabalho dos candidatos admitidos.&nbsp;<\/p>\n\n\n\n<p>Al\u00e9m do vencimento base, os candidatos admitidos receber\u00e3o os seguintes benef\u00edcios:&nbsp;<\/p>\n\n\n\n<ul>\n<li>Alimenta\u00e7\u00e3o: Lei n\u00ba 8.460\/1992 e Portaria MGI n\u00ba 977\/2023.<\/li>\n\n\n\n<li>&nbsp;Pr\u00e9-Escolar: Decreto n\u00ba 977\/1993 e Portaria MPOG n\u00ba 10\/2016.<\/li>\n\n\n\n<li>Transporte: Decreto n\u00ba 2.880\/1998 e Medida Provis\u00f3ria n\u00ba 2.165-36\/2001.<\/li>\n\n\n\n<li>Ressarcimento do Plano de Sa\u00fade: Portaria MPOG n\u00ba 08\/2016 e Instru\u00e7\u00e3o Normativa SGP\/SEDGG\/ME N\u00ba 97\/2022.<\/li>\n<\/ul>\n\n\n\n<h2 class=\"wp-block-heading\" id=\"requisitos\"><span class=\"ez-toc-section\" id=\"Requisitos_para_investidura_dos_cargos\"><\/span>Requisitos para investidura dos cargos<span class=\"ez-toc-section-end\"><\/span><\/h2>\n\n\n\n<p>De acordo com o edital, esses s\u00e3o alguns dos requisitos exigidos para a nomea\u00e7\u00e3o e posse dos cargos:&nbsp;<\/p>\n\n\n\n<ul>\n<li>N\u00e3o acumular cargos, empregos e fun\u00e7\u00f5es p\u00fablicas, exceto aqueles permitidos no Art. 37, Inciso XVI, da Constitui\u00e7\u00e3o Federal, com nova reda\u00e7\u00e3o dada pela Emenda Constitucional n\u00ba 34\/2001, assegurada a hip\u00f3tese de op\u00e7\u00e3o nos termos da lei, dentro do prazo para a posse, determinado no par\u00e1grafo 1\u00ba do Art. 13 da Lei n\u00ba 8.112\/1990;<\/li>\n\n\n\n<li>&nbsp;Ser brasileiro nato ou naturalizado ou, ainda, no caso de nacionalidade portuguesa, estar amparado pelo \u00a71\u00ba do Art. 12, da Constitui\u00e7\u00e3o Federal;<\/li>\n\n\n\n<li>Atender \u00e0s exig\u00eancias do Art. 5\u00ba da Lei n\u00ba 8.112\/1990, a saber:&nbsp;\n<ul>\n<li>A nacionalidade brasileira;<\/li>\n\n\n\n<li>O gozo dos direitos pol\u00edticos;<\/li>\n\n\n\n<li>A quita\u00e7\u00e3o com as obriga\u00e7\u00f5es militares e eleitorais;<\/li>\n\n\n\n<li>O n\u00edvel de escolaridade exigido para o exerc\u00edcio do cargo;&nbsp;<\/li>\n\n\n\n<li>A idade m\u00ednima de dezoito anos;&nbsp;<\/li>\n\n\n\n<li>Aptid\u00e3o f\u00edsica e mental.<\/li>\n<\/ul>\n<\/li>\n\n\n\n<li><strong>&nbsp;N\u00e3o ter sofrido, no exerc\u00edcio da Fun\u00e7\u00e3o P\u00fablica, penalidade incompat\u00edvel com a investidura em cargo p\u00fablico federal, prevista no par\u00e1grafo \u00fanico, do Art. 137, da Lei n\u00ba 8.112\/1990, bem como n\u00e3o ter sido penalizado, nos \u00faltimos 5 anos, na forma da legisla\u00e7\u00e3o vigente;<\/strong><\/li>\n\n\n\n<li><strong>Apresentar original e fotoc\u00f3pia do registro atualizado no Conselho Competente, para os cargos de Enfermeiro\/\u00e1rea: Trabalho; Engenheiro\/\u00e1rea: El\u00e9trica e Engenheiro\/\u00e1rea: Civil.&nbsp;<\/strong><\/li>\n\n\n\n<li>Estar inteiramente quite com as demais exig\u00eancias legais do \u00f3rg\u00e3o fiscalizador e demais exig\u00eancias de habilita\u00e7\u00e3o para o exerc\u00edcio do cargo.<\/li>\n\n\n\n<li>&nbsp;Apresentar, exclusivamente em meio eletr\u00f4nico por meio do sistema e-Patri, declara\u00e7\u00e3o sobre bens e atividades econ\u00f4micas ou profissionais e autoriza\u00e7\u00e3o de acesso \u00e0s declara\u00e7\u00f5es anuais de Imposto sobre a Renda e Proventos de Qualquer Natureza, conforme Decreto n\u00ba 10.571\/2020 e Instru\u00e7\u00e3o Normativa TCU n\u00ba 87\/2020.<\/li>\n<\/ul>\n\n\n\n<h2 class=\"wp-block-heading\" id=\"etapas\"><span class=\"ez-toc-section\" id=\"Como_posso_me_preparar_para_as_etapas_de_selecao_deste_certame\"><\/span>Como posso me preparar para as etapas de sele\u00e7\u00e3o deste certame?&nbsp;<span class=\"ez-toc-section-end\"><\/span><\/h2>\n\n\n\n<p>Os candidatos para o concurso da UNIFEI MG ser\u00e3o avaliados por meio de <strong>uma prova objetiva, <\/strong>de car\u00e1ter eliminat\u00f3rio e classificat\u00f3rio, no dia <strong>25 de agosto de 2024<\/strong> com in\u00edcio \u00e0s <strong>14h <\/strong>e dura\u00e7\u00e3o de 4 horas.<\/p>\n\n\n\n<p>As provas ser\u00e3o realizadas nos locais indicados abaixo:&nbsp;<\/p>\n\n\n\n<p><em>UNIFEI \u2013 Universidade Federal de Itajub\u00e1 \u2013 Campus SEDE Av. BPS, 1303, Bairro Pinheirinho \u2013 CEP: 37500-903 \u2013 Itajub\u00e1\/MG<\/em><\/p>\n\n\n\n<p><em>UNIFEI \u2013 Universidade Federal de Itajub\u00e1 \u2013 Campus Itabira Rua Irm\u00e3 Ivone Drumond, n\u00ba 200, Bairro Distrito Industrial II, CEP: 35903-087 \u2013 Itabira\/MG<\/em><\/p>\n\n\n\n<p>A prova ser\u00e1 constitu\u00edda de <strong>50 quest\u00f5es<\/strong> versadas nas seguintes disciplinas:&nbsp;<\/p>\n\n\n\n<ul>\n<li>L\u00edngua Portuguesa &#8211; 10 quest\u00f5es<\/li>\n\n\n\n<li>Conhecimentos Espec\u00edficos &#8211; 40 quest\u00f5es<\/li>\n<\/ul>\n\n\n\n<p>Essa avalia\u00e7\u00e3o valer\u00e1 <strong>100 pontos<\/strong> e o candidato ser\u00e1 considerado <strong>reprovado<\/strong> se sua nota final for inferior a <strong>70 pontos.<\/strong><\/p>\n\n\n\n<h2 class=\"wp-block-heading\" id=\"ultimo\"><span class=\"ez-toc-section\" id=\"Ultimo_concurso_da_UNIFEI_MG\"><\/span>\u00daltimo concurso da UNIFEI MG<span class=\"ez-toc-section-end\"><\/span><\/h2>\n\n\n\n<p>O \u00faltimo concurso da UNIFEI MG ocorreu ainda este ano, <strong>em 2024<\/strong>, e ofereceu<strong> 3 vagas imediatas<\/strong> para&nbsp;o cargo de T\u00e9cnico-Administrativo.&nbsp;<\/p>\n\n\n\n<p>As vagas ofertadas foram distribu\u00eddas da seguinte forma:&nbsp;<\/p>\n\n\n\n<ul>\n<li>Assistente em Administra\u00e7\u00e3o (2)<\/li>\n\n\n\n<li>T\u00e9cnico de Tecnologia da Informa\u00e7\u00e3o (1)&nbsp;<\/li>\n<\/ul>\n\n\n\n<p>A jornada de trabalho para todos os cargos ofertados era de <strong>40 horas semanais<\/strong>, para uma remunera\u00e7\u00e3o no valor de<strong> R$ 2.667,19<\/strong>. Al\u00e9m do sal\u00e1rio base, assim como o novo edital,&nbsp; os candidatos aprovados no \u00faltimo concurso receberam os seguintes benef\u00edcios:&nbsp;<\/p>\n\n\n\n<ul>\n<li>Alimenta\u00e7\u00e3o;<\/li>\n\n\n\n<li>Pr\u00e9-Escolar;<\/li>\n\n\n\n<li>Transporte;<\/li>\n\n\n\n<li>Ressarcimento do Plano de Sa\u00fade.<\/li>\n<\/ul>\n\n\n\n<p>Os candidatos do \u00faltimo concurso da UNIFEI MG foram avaliados por meio de <strong>uma prova objetiva <\/strong>realizada no dia 4 de fevereiro de 2024.&nbsp;<\/p>\n\n\n\n<p>A avalia\u00e7\u00e3o foi composta por <strong>50 quest\u00f5es de m\u00faltipla escolha<\/strong> que foram versadas nas seguintes disciplinas:<\/p>\n\n\n\n<ul>\n<li>L\u00edngua Portuguesa (12)<\/li>\n\n\n\n<li>Conhecimentos Espec\u00edficos (38)<\/li>\n<\/ul>\n\n\n\n<p>A prova teve pontua\u00e7\u00e3o m\u00e1xima de 100 pontos.&nbsp;<\/p>\n\n\n\n<p><\/p>\n\n\n\n<p>Se voc\u00ea busca ser aprovado neste <strong>concurso<\/strong>, n\u00f3s temos <strong>material<\/strong> certo para voc\u00ea! <a href=\"https:\/\/www.editorasolucao.com.br\/apostila-solucao\/unifei-tecnico-assuntos-educacionais\" target=\"_blank\" rel=\"noreferrer noopener\">Confira aqui.&nbsp;<\/a><\/p>\n\n\n\n<p><strong>Boa prova e bons estudos!!&nbsp;<\/strong><\/p>\n","protected":false},"excerpt":{"rendered":"<p>A Universidade Federal de Itajub\u00e1 &#8211; UNIFEI MG publicou um edital que visa preencher 12 vagas de n\u00edvel m\u00e9dio e superior. As remunera\u00e7\u00f5es podem chegar at\u00e9 R$ 4 mil! N\u00e3o fique de fora dessa, as inscri\u00e7\u00f5es se iniciam logo! Venha saber mais.&nbsp; Como posso me inscrever?&nbsp; As inscri\u00e7\u00f5es para este concurso devem ser realizadas entre os dias 10 de abril at\u00e9 9 de maio. Para realizar suas inscri\u00e7\u00f5es, os interessados devem acessar o site do Sistema Integrado de Gest\u00e3o de Recursos Humanos da UNIFEI MG.&nbsp; As taxas de inscri\u00e7\u00e3o podem variar entre R$80,00 para n\u00edvel m\u00e9dio e R$100,00 para n\u00edvel&#8230;<\/p>\n","protected":false},"author":21,"featured_media":41775,"template":"","meta":{"_acf_changed":false,"rank_math_lock_modified_date":false},"categories":[],"tags":[],"acf":[],"_links":{"self":[{"href":"https:\/\/www.editorasolucao.com.br\/blog\/wp-json\/wp\/v2\/concurso\/2771"}],"collection":[{"href":"https:\/\/www.editorasolucao.com.br\/blog\/wp-json\/wp\/v2\/concurso"}],"about":[{"href":"https:\/\/www.editorasolucao.com.br\/blog\/wp-json\/wp\/v2\/types\/concurso"}],"author":[{"embeddable":true,"href":"https:\/\/www.editorasolucao.com.br\/blog\/wp-json\/wp\/v2\/users\/21"}],"wp:featuredmedia":[{"embeddable":true,"href":"https:\/\/www.editorasolucao.com.br\/blog\/wp-json\/wp\/v2\/media\/41775"}],"wp:attachment":[{"href":"https:\/\/www.editorasolucao.com.br\/blog\/wp-json\/wp\/v2\/media?parent=2771"}],"wp:term":[{"taxonomy":"category","embeddable":true,"href":"https:\/\/www.editorasolucao.com.br\/blog\/wp-json\/wp\/v2\/categories?post=2771"},{"taxonomy":"post_tag","embeddable":true,"href":"https:\/\/www.editorasolucao.com.br\/blog\/wp-json\/wp\/v2\/tags?post=2771"}],"curies":[{"name":"wp","href":"https:\/\/api.w.org\/{rel}","templated":true}]}}