{"id":28543,"date":"2024-03-20T11:01:27","date_gmt":"2024-03-20T14:01:27","guid":{"rendered":"https:\/\/www.editorasolucao.com.br\/blog\/?post_type=concurso&#038;p=28543"},"modified":"2024-04-23T11:38:44","modified_gmt":"2024-04-23T14:38:44","slug":"camara-belo-horizonte-mg","status":"publish","type":"concurso","link":"https:\/\/www.editorasolucao.com.br\/blog\/concurso\/camara-belo-horizonte-mg","title":{"rendered":"Concurso C\u00e2mara de BH: Inscri\u00e7\u00f5es prorrogadas. 107 vagas de n\u00edvel m\u00e9dio e superior!"},"content":{"rendered":"\n<p>Excelente not\u00edcia concurseiros! Foram <strong>prorrogadas as inscri\u00e7\u00f5es<\/strong> do concurso C\u00e2mara de BH (Belo Horizonte), no estado de Minas Gerais, que oferta 107 vagas para provimento imediato e para forma\u00e7\u00e3o de cadastro reserva. Se interessa pelo certame? Fique e confira os demais detalhes no decorrer da not\u00edcia. \ud83e\udd29<\/p>\n\n\n\n<div id=\"ez-toc-container\" class=\"ez-toc-v2_0_69_1 counter-hierarchy ez-toc-counter ez-toc-grey ez-toc-container-direction\">\n<div class=\"ez-toc-title-container\">\n<p class=\"ez-toc-title \" >Menu de navega&ccedil;&atilde;o<\/p>\n<span class=\"ez-toc-title-toggle\"><a href=\"#\" class=\"ez-toc-pull-right ez-toc-btn ez-toc-btn-xs ez-toc-btn-default ez-toc-toggle\" aria-label=\"Toggle Table of Content\"><span class=\"ez-toc-js-icon-con\"><span class=\"\"><span class=\"eztoc-hide\" style=\"display:none;\">Toggle<\/span><span class=\"ez-toc-icon-toggle-span\"><svg style=\"fill: #999;color:#999\" xmlns=\"http:\/\/www.w3.org\/2000\/svg\" class=\"list-377408\" width=\"20px\" height=\"20px\" viewBox=\"0 0 24 24\" fill=\"none\"><path d=\"M6 6H4v2h2V6zm14 0H8v2h12V6zM4 11h2v2H4v-2zm16 0H8v2h12v-2zM4 16h2v2H4v-2zm16 0H8v2h12v-2z\" fill=\"currentColor\"><\/path><\/svg><svg style=\"fill: #999;color:#999\" class=\"arrow-unsorted-368013\" xmlns=\"http:\/\/www.w3.org\/2000\/svg\" width=\"10px\" height=\"10px\" viewBox=\"0 0 24 24\" version=\"1.2\" baseProfile=\"tiny\"><path d=\"M18.2 9.3l-6.2-6.3-6.2 6.3c-.2.2-.3.4-.3.7s.1.5.3.7c.2.2.4.3.7.3h11c.3 0 .5-.1.7-.3.2-.2.3-.5.3-.7s-.1-.5-.3-.7zM5.8 14.7l6.2 6.3 6.2-6.3c.2-.2.3-.5.3-.7s-.1-.5-.3-.7c-.2-.2-.4-.3-.7-.3h-11c-.3 0-.5.1-.7.3-.2.2-.3.5-.3.7s.1.5.3.7z\"\/><\/svg><\/span><\/span><\/span><\/a><\/span><\/div>\n<nav><ul class='ez-toc-list ez-toc-list-level-1 ' ><li class='ez-toc-page-1 ez-toc-heading-level-2'><a class=\"ez-toc-link ez-toc-heading-1\" href=\"https:\/\/www.editorasolucao.com.br\/blog\/concurso\/camara-belo-horizonte-mg\/#Qual_e_o_novo_prazo_para_realizar_as_inscricoes_no_concurso_Camara_de_BH\" title=\"Qual \u00e9 o novo prazo para realizar as inscri\u00e7\u00f5es no concurso C\u00e2mara de BH?\">Qual \u00e9 o novo prazo para realizar as inscri\u00e7\u00f5es no concurso C\u00e2mara de BH?<\/a><\/li><li class='ez-toc-page-1 ez-toc-heading-level-2'><a class=\"ez-toc-link ez-toc-heading-2\" href=\"https:\/\/www.editorasolucao.com.br\/blog\/concurso\/camara-belo-horizonte-mg\/#Concurso_Camara_de_Belo_Horizonte_Cargos_vagas_e_salarios\" title=\"Concurso C\u00e2mara de Belo Horizonte: Cargos, vagas e sal\u00e1rios\">Concurso C\u00e2mara de Belo Horizonte: Cargos, vagas e sal\u00e1rios<\/a><\/li><li class='ez-toc-page-1 ez-toc-heading-level-2'><a class=\"ez-toc-link ez-toc-heading-3\" href=\"https:\/\/www.editorasolucao.com.br\/blog\/concurso\/camara-belo-horizonte-mg\/#Quais_sao_os_requisitos_para_participar_do_concurso_Camara_de_Belo_Horizonte\" title=\"Quais s\u00e3o os requisitos para participar do concurso C\u00e2mara de Belo Horizonte?\">Quais s\u00e3o os requisitos para participar do concurso C\u00e2mara de Belo Horizonte?<\/a><\/li><li class='ez-toc-page-1 ez-toc-heading-level-2'><a class=\"ez-toc-link ez-toc-heading-4\" href=\"https:\/\/www.editorasolucao.com.br\/blog\/concurso\/camara-belo-horizonte-mg\/#O_que_estudar_para_concurso_da_Camara_BH\" title=\"O que estudar para concurso da C\u00e2mara BH?\">O que estudar para concurso da C\u00e2mara BH?<\/a><\/li><\/ul><\/nav><\/div>\n<h2 class=\"wp-block-heading\" id=\"inscri\u00e7\u00f5es\"><span class=\"ez-toc-section\" id=\"Qual_e_o_novo_prazo_para_realizar_as_inscricoes_no_concurso_Camara_de_BH\"><\/span>Qual \u00e9 o novo prazo para realizar as inscri\u00e7\u00f5es no concurso C\u00e2mara de BH?<span class=\"ez-toc-section-end\"><\/span><\/h2>\n\n\n\n<p>Com as inscri\u00e7\u00f5es prorrogadas, os interessados em participar do certame agora podem realizar as inscri\u00e7\u00f5es <strong>at\u00e9 \u00e0s 16h do dia 24 de mar\u00e7o de 2024<\/strong>, atrav\u00e9s do site da banca organizadora,&nbsp;<a href=\"https:\/\/www.institutoconsulplan.org.br\/getConc.aspx?key=I8avo5dIttA=\" target=\"_blank\" rel=\"noreferrer noopener\">Instituto Consulplan<\/a>.<\/p>\n\n\n\n<p>Para concluir a inscri\u00e7\u00e3o, o interessado dever\u00e1 realizar o pagamento de uma&nbsp;<strong>taxa de inscri\u00e7\u00e3o<\/strong> no valor referente ao n\u00edvel de escolaridade do cargo pretendido:<\/p>\n\n\n\n<ul>\n<li>N\u00edvel m\u00e9dio: <strong>R$ 55,00<\/strong><\/li>\n\n\n\n<li>N\u00edvel superior: <strong>R$ 65,00<\/strong>\n<ul>\n<li>Procurador: <strong>R$ 75,00<\/strong><\/li>\n<\/ul>\n<\/li>\n<\/ul>\n\n\n\n<p>Haver\u00e1 a possibilidade de solicitar a isen\u00e7\u00e3o da taxa de participa\u00e7\u00e3o entre os dias 19 e 22 de fevereiro de 2024, para o candidato: <\/p>\n\n\n\n<ul>\n<li>que estiver inscrito no Cadastro \u00danico para Programas Sociais do Governo Federal \u2013 Cad\u00danico \u2013, sendo a comprova\u00e7\u00e3o feita atrav\u00e9s da indica\u00e7\u00e3o do N\u00famero de Identifica\u00e7\u00e3o Social e for membro de fam\u00edlia de baixa renda, assim compreendida aquela que possua renda per capita de at\u00e9 meio sal\u00e1rio m\u00ednimo ou aquela que possua renda familiar mensal de at\u00e9 3 sal\u00e1rios m\u00ednimos;<\/li>\n\n\n\n<li>doador de medula \u00f3ssea que comprove a condi\u00e7\u00e3o de doador volunt\u00e1rio.<\/li>\n<\/ul>\n\n\n\n<h2 class=\"wp-block-heading\" id=\"cargos\"><span class=\"ez-toc-section\" id=\"Concurso_Camara_de_Belo_Horizonte_Cargos_vagas_e_salarios\"><\/span>Concurso C\u00e2mara de Belo Horizonte: Cargos, vagas e sal\u00e1rios<span class=\"ez-toc-section-end\"><\/span><\/h2>\n\n\n\n<p>Segundo o edital, ao todo est\u00e3o sendo ofertadas <strong>91 vagas imediatas mais 16 oportunidades para forma\u00e7\u00e3o de cadastro reserva<\/strong> para cargos de n\u00edveis m\u00e9dio e superior de escolaridade. Confira os cargos ofertados, a distribui\u00e7\u00e3o das vagas e os sal\u00e1rios:<\/p>\n\n\n\n<p><strong>M\u00e9dio<\/strong><\/p>\n\n\n\n<ul>\n<li><a href=\"https:\/\/www.editorasolucao.com.br\/apostila\/camara-belo-horizonte-mg-tecnico-legislativo-ii\">T\u00e9cnico Legislativo II (59+11CR)<\/a><\/li>\n<\/ul>\n\n\n\n<p><strong>Superior<\/strong><\/p>\n\n\n\n<ul>\n<li>Administrador (01)<\/li>\n\n\n\n<li>Analista de Controle Interno (06)<\/li>\n\n\n\n<li>Analista de Tecnologia da Informa\u00e7\u00e3o\n<ul>\n<li>Desenvolvimento de Sistema (06)<\/li>\n\n\n\n<li>Infraestrutura de Sistema (02)<\/li>\n<\/ul>\n<\/li>\n\n\n\n<li>Arquiteto (01)<\/li>\n\n\n\n<li>Assistente Social (01)<\/li>\n\n\n\n<li>Contador (01)<\/li>\n\n\n\n<li>Consultor Legislativo\n<ul>\n<li>Sa\u00fade P\u00fablica (01CR)<\/li>\n\n\n\n<li>Administra\u00e7\u00e3o e Finan\u00e7as (01)<\/li>\n<\/ul>\n<\/li>\n\n\n\n<li>Coordenador do Processo Legislativo (01CR) <\/li>\n\n\n\n<li>Enfermeiro do Trabalho (01)<\/li>\n\n\n\n<li>Engenheiro Civil (01+01CR)<\/li>\n\n\n\n<li>Jornalista (06)<\/li>\n\n\n\n<li>Procurador (02+01CR)<\/li>\n\n\n\n<li>Publicit\u00e1rio (02)<\/li>\n\n\n\n<li>Redator (01+01CR)<\/li>\n<\/ul>\n\n\n\n<p>A jornada de trabalho \u00e9 de 30 horas semanais para uma remunera\u00e7\u00e3o que varia conforme o cargo pretendido:<\/p>\n\n\n\n<ul>\n<li>T\u00e9cnico Legislativo II: R$ 4.759,37<\/li>\n\n\n\n<li>Procurador: R$ 11.727,44<\/li>\n\n\n\n<li>Demais cargos: R$ 8.303,98<\/li>\n<\/ul>\n\n\n\n<p>Ademais, al\u00e9m do sal\u00e1rio base os candidatos aprovados far\u00e3o jus aos seguintes <strong>benef\u00edcios<\/strong>:<\/p>\n\n\n\n<ul>\n<li>Aux\u00edlio-Alimenta\u00e7\u00e3o;<\/li>\n\n\n\n<li>Plano de sa\u00fade;<\/li>\n\n\n\n<li>Aux\u00edlio-Creche;<\/li>\n\n\n\n<li>Aux\u00edlio-Transporte;<\/li>\n\n\n\n<li>Aux\u00edlio-Funeral; e<\/li>\n\n\n\n<li>Di\u00e1ria.<\/li>\n<\/ul>\n\n\n\n<h2 class=\"wp-block-heading\" id=\"requisitos\"><span class=\"ez-toc-section\" id=\"Quais_sao_os_requisitos_para_participar_do_concurso_Camara_de_Belo_Horizonte\"><\/span>Quais s\u00e3o os requisitos para participar do concurso C\u00e2mara de Belo Horizonte?<span class=\"ez-toc-section-end\"><\/span><\/h2>\n\n\n\n<p>Para que os candidatos tomem posse do cargo pretendido no concurso C\u00e2mara de Belo Horizonte \u00e9 necess\u00e1rio cumprir as seguintes <strong>exig\u00eancias<\/strong>:<\/p>\n\n\n\n<ul>\n<li>Ser brasileiro nato ou naturalizado ou cidad\u00e3o portugu\u00eas que tenha adquirido a igualdade de direitos e obriga\u00e7\u00f5es civis e gozo dos direitos pol\u00edticos (Decreto n\u00ba 70.436, de 18\/04\/1972, Constitui\u00e7\u00e3o Federal \u2013 \u00a7 1\u00ba art. 12 de 05\/10\/1988 e Emenda Constitucional n\u00ba 19, de 04\/06\/1998 \u2013 art. 3\u00ba). 2.1.2 <\/li>\n\n\n\n<li><strong>Ter na data da nomea\u00e7\u00e3o 18 anos completos.<\/strong><\/li>\n\n\n\n<li>Estar em dia com as obriga\u00e7\u00f5es resultantes da legisla\u00e7\u00e3o eleitoral e, se do sexo masculino, do Servi\u00e7o Militar.<\/li>\n\n\n\n<li>Estar em pleno gozo de seus direitos civis e pol\u00edticos.<\/li>\n\n\n\n<li>Ser julgado apto em inspe\u00e7\u00e3o m\u00e9dica feita pelo \u00f3rg\u00e3o municipal competente, f\u00edsica e mentalmente, para o exerc\u00edcio do cargo, nos termos do art.<\/li>\n\n\n\n<li>Possuir e comprovar o pr\u00e9-requisito para o cargo, \u00e0 \u00e9poca da nomea\u00e7\u00e3o.<\/li>\n\n\n\n<li>Conhecer e estar de acordo com as exig\u00eancias contidas neste Edital.<\/li>\n<\/ul>\n\n\n\n<p>Conforme a primeira <a href=\"https:\/\/d676e6gwpn3ec.cloudfront.net\/concursos\/1203\/3_160720.pdf\" target=\"_blank\" rel=\"noreferrer noopener\">retifica\u00e7\u00e3o<\/a> do edital, a altera\u00e7\u00e3o principal destacada refere-se aos cursos de tecn\u00f3logos, os quais agora s\u00e3o <strong>reconhecidos como requisitos<\/strong> para ingresso em especialidades que n\u00e3o demandam forma\u00e7\u00e3o espec\u00edfica.<\/p>\n\n\n\n<h2 class=\"wp-block-heading\" id=\"etapas\"><span class=\"ez-toc-section\" id=\"O_que_estudar_para_concurso_da_Camara_BH\"><\/span>O que estudar para concurso da C\u00e2mara BH?<span class=\"ez-toc-section-end\"><\/span><\/h2>\n\n\n\n<p>Os candidatos ser\u00e3o avaliados por meio das seguintes etapas de sele\u00e7\u00e3o:<\/p>\n\n\n\n<ul>\n<li><strong>Prova Objetiva<\/strong> &#8211; de car\u00e1ter <em>eliminat\u00f3rio <\/em>e <em>classificat\u00f3rio<\/em>; e<\/li>\n\n\n\n<li><strong>Prova Discursiva<\/strong> &#8211; de car\u00e1ter <em>eliminat\u00f3rio <\/em>e <em>classificat\u00f3rio<\/em>.<\/li>\n<\/ul>\n\n\n\n<h3 class=\"wp-block-heading\">Prova Objetiva<\/h3>\n\n\n\n<p>As provas dever\u00e3o ser realizadas no dia&nbsp;<strong>28 de abril de 2024<\/strong>, na cidade de Belo Horizonte-MG, onde os candidatos ter\u00e3o o tempo m\u00e1ximo de dura\u00e7\u00e3o de 5 horas para realizar o exame, que ser\u00e1 aplicado nos seguintes turnos:<\/p>\n\n\n\n<ul>\n<li>N\u00edvel superior: manh\u00e3<\/li>\n\n\n\n<li>N\u00edvel m\u00e9dio: tarde<\/li>\n<\/ul>\n\n\n\n<p>A avalia\u00e7\u00e3o ser\u00e1 composta por&nbsp;<strong>60 quest\u00f5es<\/strong>&nbsp;<strong>de m\u00faltipla escolh<\/strong>a que ser\u00e3o versadas nas seguintes disciplinas:<\/p>\n\n\n\n<ul>\n<li><strong>T\u00e9cnico Legislativo<\/strong>\n<ul>\n<li>L\u00edngua Portuguesa (20)<\/li>\n\n\n\n<li>Racioc\u00ednio L\u00f3gico (15)<\/li>\n\n\n\n<li>Conhecimentos de Direito P\u00fablico (25)<\/li>\n<\/ul>\n<\/li>\n\n\n\n<li><strong>Analista de Controle Interno<\/strong>\n<ul>\n<li>L\u00edngua Portuguesa (15)<\/li>\n\n\n\n<li>Conhecimentos de Contabilidade P\u00fablica (15)<\/li>\n\n\n\n<li>Conhecimentos de Direito P\u00fablico (20)<\/li>\n\n\n\n<li>Conhecimentos de Administra\u00e7\u00e3o (10)<\/li>\n<\/ul>\n<\/li>\n\n\n\n<li><strong>Administrador\/Arquiteto\/Contador\/Consultor Legislativo (Sa\u00fade P\u00fablica)<\/strong>\n<ul>\n<li>L\u00edngua Portuguesa (15)<\/li>\n\n\n\n<li>Conhecimentos de Direito P\u00fablico (10)<\/li>\n\n\n\n<li>Conhecimentos Espec\u00edficos do Cargo (35)<\/li>\n<\/ul>\n<\/li>\n\n\n\n<li><strong>Assistente Social\/Enfermeiro do Trabalho<\/strong>\n<ul>\n<li>L\u00edngua Portuguesa (10)<\/li>\n\n\n\n<li>Racioc\u00ednio L\u00f3gico (10)<\/li>\n\n\n\n<li>Conhecimentos de Direito P\u00fablico (40)<\/li>\n<\/ul>\n<\/li>\n\n\n\n<li><strong>Analista de TI \u2013 \u00e1rea de Desenvolvimento de Sistema\/Analista de TI \u2013 \u00e1rea de Infraestrutura de Sistema\/Consultor Legislativo \u2013 \u00e1rea de Administra\u00e7\u00e3o e Finan\u00e7as\/Coordenador do Processo Legislativo\/Engenheiro Civil<\/strong>\n<ul>\n<li>L\u00edngua Portuguesa (20)<\/li>\n\n\n\n<li>Conhecimentos Espec\u00edficos do cargo (40)<\/li>\n<\/ul>\n<\/li>\n\n\n\n<li><strong>Jornalista\/Publicit\u00e1rio<\/strong>\n<ul>\n<li>L\u00edngua Portuguesa (20)<\/li>\n\n\n\n<li>Racioc\u00ednio L\u00f3gico (10)<\/li>\n\n\n\n<li>Conhecimentos de Direito P\u00fablico (10)<\/li>\n\n\n\n<li>Conhecimentos Espec\u00edficos do cargo (20)<\/li>\n<\/ul>\n<\/li>\n\n\n\n<li><strong>Redator<\/strong>\n<ul>\n<li>Lingu\u00edstica (15)<\/li>\n\n\n\n<li>Gram\u00e1tica, leitura e interpreta\u00e7\u00e3o de texto (25)<\/li>\n\n\n\n<li>T\u00e9cnica Legislativa (20)<\/li>\n<\/ul>\n<\/li>\n\n\n\n<li><strong>Procurador<\/strong>\n<ul>\n<li>Direito Administrativo (15)<\/li>\n\n\n\n<li>Direito Civil (10)<\/li>\n\n\n\n<li>Direito Constitucional (10)<\/li>\n\n\n\n<li>Direito do Trabalho (05)<\/li>\n\n\n\n<li>Direito Processual Civil (10)<\/li>\n\n\n\n<li>Direito Tribut\u00e1rio e Financeiro (10)<\/li>\n<\/ul>\n<\/li>\n<\/ul>\n\n\n\n<p>A prova ser\u00e1 avaliada em uma escala de 0 a 60 pontos, sendo considerado <strong>reprovado<\/strong> o candidato que:<\/p>\n\n\n\n<ul>\n<li>obtiver nota inferior a 50% do somat\u00f3rio dos pontos das disciplinas da prova objetiva;<\/li>\n\n\n\n<li>obtiver nota inferior a 20% do total de pontos em cada disciplina que comp\u00f5e a prova objetiva.<\/li>\n<\/ul>\n\n\n\n<h3 class=\"wp-block-heading\">Prova Discursiva<\/h3>\n\n\n\n<p>Essa fase ser\u00e1 constitu\u00edda da seguinte forma para cargo:<\/p>\n\n\n\n<p><strong>1 reda\u00e7\u00e3o \u2013 100 pontos&nbsp;<\/strong><\/p>\n\n\n\n<ul>\n<li>T\u00e9cnico Legislativo II<\/li>\n<\/ul>\n\n\n\n<p><strong>2 quest\u00f5es discursivas \u2013 50 pontos cada quest\u00e3o<\/strong><\/p>\n\n\n\n<ul>\n<li>Administrador<\/li>\n\n\n\n<li>Analista de Controle Interno<\/li>\n\n\n\n<li>Analista de Tecnologia da Informa\u00e7\u00e3o (todos)<\/li>\n\n\n\n<li>Arquiteto<\/li>\n\n\n\n<li>Assistente Social<\/li>\n\n\n\n<li>Contador<\/li>\n\n\n\n<li>Consultor Legislativo (todos)<\/li>\n\n\n\n<li>Coordenador do Processo Legislativo<\/li>\n\n\n\n<li>Enfermeiro do Trabalho<\/li>\n\n\n\n<li>Engenheiro Civil<\/li>\n\n\n\n<li>Jornalista<\/li>\n\n\n\n<li>Publicit\u00e1rio<\/li>\n<\/ul>\n\n\n\n<p><strong>1 proposi\u00e7\u00e3o normativa, com justificativa \u2013 100 pontos<\/strong><\/p>\n\n\n\n<ul>\n<li>Redator<\/li>\n<\/ul>\n\n\n\n<p><strong>1 pe\u00e7a pr\u00e1tico-profissional privativa de advogado (peti\u00e7\u00e3o ou parecer) \u2013 100 pontos&nbsp;<\/strong><\/p>\n\n\n\n<ul>\n<li>Procurador<\/li>\n<\/ul>\n\n\n\n<p>Ser\u00e1 considerado<strong>&nbsp;aprovado<\/strong>&nbsp;apenas o candidato que obtiver o percentual m\u00ednimo de 50% de aproveitamento do total de pontos.<\/p>\n\n\n\n<p>A <strong>validade <\/strong>deste Concurso P\u00fablico \u00e9 de 2 anos, contados da data de sua homologa\u00e7\u00e3o, total ou parcial, podendo ser prorrogado uma vez, por igual per\u00edodo, a crit\u00e9rio da C\u00e2mara Municipal de Belo Horizonte.<\/p>\n\n\n\n<p><strong>Bons estudos e boa prova!!!<\/strong><\/p>\n","protected":false},"excerpt":{"rendered":"<p>Excelente not\u00edcia concurseiros! Foram prorrogadas as inscri\u00e7\u00f5es do concurso C\u00e2mara de BH (Belo Horizonte), no estado de Minas Gerais, que oferta 107 vagas para provimento imediato e para forma\u00e7\u00e3o de cadastro reserva. Se interessa pelo certame? Fique e confira os demais detalhes no decorrer da not\u00edcia. \ud83e\udd29 Qual \u00e9 o novo prazo para realizar as inscri\u00e7\u00f5es no concurso C\u00e2mara de BH? Com as inscri\u00e7\u00f5es prorrogadas, os interessados em participar do certame agora podem realizar as inscri\u00e7\u00f5es at\u00e9 \u00e0s 16h do dia 24 de mar\u00e7o de 2024, atrav\u00e9s do site da banca organizadora,&nbsp;Instituto Consulplan. Para concluir a inscri\u00e7\u00e3o, o interessado dever\u00e1&#8230;<\/p>\n","protected":false},"author":18,"featured_media":41036,"template":"","meta":{"_acf_changed":false,"rank_math_lock_modified_date":false},"categories":[],"tags":[],"acf":[],"_links":{"self":[{"href":"https:\/\/www.editorasolucao.com.br\/blog\/wp-json\/wp\/v2\/concurso\/28543"}],"collection":[{"href":"https:\/\/www.editorasolucao.com.br\/blog\/wp-json\/wp\/v2\/concurso"}],"about":[{"href":"https:\/\/www.editorasolucao.com.br\/blog\/wp-json\/wp\/v2\/types\/concurso"}],"author":[{"embeddable":true,"href":"https:\/\/www.editorasolucao.com.br\/blog\/wp-json\/wp\/v2\/users\/18"}],"wp:featuredmedia":[{"embeddable":true,"href":"https:\/\/www.editorasolucao.com.br\/blog\/wp-json\/wp\/v2\/media\/41036"}],"wp:attachment":[{"href":"https:\/\/www.editorasolucao.com.br\/blog\/wp-json\/wp\/v2\/media?parent=28543"}],"wp:term":[{"taxonomy":"category","embeddable":true,"href":"https:\/\/www.editorasolucao.com.br\/blog\/wp-json\/wp\/v2\/categories?post=28543"},{"taxonomy":"post_tag","embeddable":true,"href":"https:\/\/www.editorasolucao.com.br\/blog\/wp-json\/wp\/v2\/tags?post=28543"}],"curies":[{"name":"wp","href":"https:\/\/api.w.org\/{rel}","templated":true}]}}