{"id":28650,"date":"2022-05-04T09:03:17","date_gmt":"2022-05-04T12:03:17","guid":{"rendered":"https:\/\/www.editorasolucao.com.br\/blog\/?post_type=concurso&#038;p=28650"},"modified":"2022-05-04T09:03:41","modified_gmt":"2022-05-04T12:03:41","slug":"prefeitura-de-nova-hartz-rs","status":"publish","type":"concurso","link":"https:\/\/www.editorasolucao.com.br\/blog\/concurso\/prefeitura-de-nova-hartz-rs","title":{"rendered":"Concurso Prefeitura de Nova Hartz-RS: Saiu o edital com 24 vagas!"},"content":{"rendered":"\n<p>Foi divulgado o Edital do <strong>Concurso Prefeitura de Nova Hartz<\/strong>, no estado do <a aria-label=\"Rio Grande do Sul (abre em uma nova aba)\" rel=\"noreferrer noopener\" href=\"https:\/\/www.editorasolucao.com.br\/blog\/concursos-abertos-rs\" target=\"_blank\">Rio Grande do Sul<\/a>, que oferece <strong>24 vagas para candidatos de n\u00edveis fundamental, m\u00e9dio e superior<\/strong> com sal\u00e1rios de at\u00e9 <strong>R$ 14 mil<\/strong>!<\/p>\n\n\n\n<ul><li><a href=\"#inscricoes\">Inscri\u00e7\u00f5es<\/a><\/li><li><a href=\"#cargos\">Cargos, vagas e sal\u00e1rios<\/a><ul><li><a href=\"#requisitos\">Requisitos<\/a><\/li><\/ul><\/li><li><a href=\"#provas\">Provas<\/a><ul><li><a href=\"#objetiva\">Objetiva<\/a><\/li><li><a href=\"#pratica\">Pr\u00e1tica<\/a><\/li><\/ul><\/li><\/ul>\n\n\n\n<div id=\"ez-toc-container\" class=\"ez-toc-v2_0_69_1 counter-hierarchy ez-toc-counter ez-toc-grey ez-toc-container-direction\">\n<div class=\"ez-toc-title-container\">\n<p class=\"ez-toc-title \" >Menu de navega&ccedil;&atilde;o<\/p>\n<span class=\"ez-toc-title-toggle\"><a href=\"#\" class=\"ez-toc-pull-right ez-toc-btn ez-toc-btn-xs ez-toc-btn-default ez-toc-toggle\" aria-label=\"Toggle Table of Content\"><span class=\"ez-toc-js-icon-con\"><span class=\"\"><span class=\"eztoc-hide\" style=\"display:none;\">Toggle<\/span><span class=\"ez-toc-icon-toggle-span\"><svg style=\"fill: #999;color:#999\" xmlns=\"http:\/\/www.w3.org\/2000\/svg\" class=\"list-377408\" width=\"20px\" height=\"20px\" viewBox=\"0 0 24 24\" fill=\"none\"><path d=\"M6 6H4v2h2V6zm14 0H8v2h12V6zM4 11h2v2H4v-2zm16 0H8v2h12v-2zM4 16h2v2H4v-2zm16 0H8v2h12v-2z\" fill=\"currentColor\"><\/path><\/svg><svg style=\"fill: #999;color:#999\" class=\"arrow-unsorted-368013\" xmlns=\"http:\/\/www.w3.org\/2000\/svg\" width=\"10px\" height=\"10px\" viewBox=\"0 0 24 24\" version=\"1.2\" baseProfile=\"tiny\"><path d=\"M18.2 9.3l-6.2-6.3-6.2 6.3c-.2.2-.3.4-.3.7s.1.5.3.7c.2.2.4.3.7.3h11c.3 0 .5-.1.7-.3.2-.2.3-.5.3-.7s-.1-.5-.3-.7zM5.8 14.7l6.2 6.3 6.2-6.3c.2-.2.3-.5.3-.7s-.1-.5-.3-.7c-.2-.2-.4-.3-.7-.3h-11c-.3 0-.5.1-.7.3-.2.2-.3.5-.3.7s.1.5.3.7z\"\/><\/svg><\/span><\/span><\/span><\/a><\/span><\/div>\n<nav><ul class='ez-toc-list ez-toc-list-level-1 ' ><li class='ez-toc-page-1 ez-toc-heading-level-2'><a class=\"ez-toc-link ez-toc-heading-1\" href=\"https:\/\/www.editorasolucao.com.br\/blog\/concurso\/prefeitura-de-nova-hartz-rs\/#Inscricoes_do_Concurso_Prefeitura_de_Nova_Hartz_%E2%80%93_RS\" title=\"Inscri\u00e7\u00f5es do Concurso Prefeitura de Nova Hartz &#8211; RS\">Inscri\u00e7\u00f5es do Concurso Prefeitura de Nova Hartz &#8211; RS<\/a><\/li><li class='ez-toc-page-1 ez-toc-heading-level-2'><a class=\"ez-toc-link ez-toc-heading-2\" href=\"https:\/\/www.editorasolucao.com.br\/blog\/concurso\/prefeitura-de-nova-hartz-rs\/#Cargos_vagas_e_salarios_do_Concurso_Prefeitura_de_Nova_Hartz\" title=\"Cargos, vagas e sal\u00e1rios do Concurso Prefeitura de Nova Hartz\">Cargos, vagas e sal\u00e1rios do Concurso Prefeitura de Nova Hartz<\/a><\/li><li class='ez-toc-page-1 ez-toc-heading-level-2'><a class=\"ez-toc-link ez-toc-heading-3\" href=\"https:\/\/www.editorasolucao.com.br\/blog\/concurso\/prefeitura-de-nova-hartz-rs\/#Como_serao_as_provas_do_Concurso_Prefeitura_de_Nova_Hartz_%E2%80%93_RS\" title=\"Como ser\u00e3o as provas do Concurso Prefeitura de Nova Hartz \u2013 RS?\">Como ser\u00e3o as provas do Concurso Prefeitura de Nova Hartz \u2013 RS?<\/a><\/li><\/ul><\/nav><\/div>\n<h2 class=\"wp-block-heading\" id=\"inscricoes\"><span class=\"ez-toc-section\" id=\"Inscricoes_do_Concurso_Prefeitura_de_Nova_Hartz_%E2%80%93_RS\"><\/span>Inscri\u00e7\u00f5es do Concurso Prefeitura de Nova Hartz &#8211; RS<span class=\"ez-toc-section-end\"><\/span><\/h2>\n\n\n\n<p>As inscri\u00e7\u00f5es devem ser efetuadas pelo site da banca organizadora, <a href=\"https:\/\/objetivas.com.br\/home\" target=\"_blank\" rel=\"noreferrer noopener\">Objetiva Concurso<\/a>, a partir do dia <strong>29 de abril at\u00e9 o dia 03 de maio de 2022<\/strong>. Ser\u00e1 cobrada uma taxa de inscri\u00e7\u00e3o com valores que variam de<strong> R$ 38,00 a R$ 250,00<\/strong>.<\/p>\n\n\n\n<p>Ademais, caso seja necess\u00e1rio, o candidato que n\u00e3o possui acesso \u00e0 internet, poder\u00e1 se dirigir a Biblioteca P\u00fablica Municipal (Rua Em\u00edlio Jost, n\u00ba 149, Bairro Centro, Munic\u00edpio de Nova Hartz\/RS), no hor\u00e1rio das 12h30min \u00e0s 18h30min (segunda, quinta e sexta-feira) e no hor\u00e1rio das 8h \u00e0s 18h30min (ter\u00e7a e quarta-feira), em dias \u00fateis, exceto no \u00faltimo dia de inscri\u00e7\u00f5es, quando o posto funcionar\u00e1 somente at\u00e9 16h.<\/p>\n\n\n\n<p>Al\u00e9m disso, haver\u00e1 <strong>isen\u00e7\u00e3o do pagamento da taxa de inscri\u00e7\u00e3o<\/strong> e poder\u00e3o pleitear a isen\u00e7\u00e3o, os candidatos que forem doadores de sangue ou medula \u00f3ssea que tenham realizado uma doa\u00e7\u00e3o a entidade coletora oficial ou credenciada pela Uni\u00e3o, pelo estado ou por munic\u00edpio at\u00e9 o dia <strong>3 de maio de 2022<\/strong>.<\/p>\n\n\n\n<h2 class=\"wp-block-heading\" id=\"cargos\"><span class=\"ez-toc-section\" id=\"Cargos_vagas_e_salarios_do_Concurso_Prefeitura_de_Nova_Hartz\"><\/span>Cargos, vagas e sal\u00e1rios do Concurso Prefeitura de Nova Hartz<span class=\"ez-toc-section-end\"><\/span><\/h2>\n\n\n\n<p>S\u00e3o ofertadas <strong>24 vagas imediatas para todos os n\u00edveis de escolaridade<\/strong>, com sal\u00e1rios que v\u00e3o de <strong>R$ 1.115,59 a R$ 13.999,03<\/strong> e jornadas de trabalho que variam de 20 a 40 horas semanais. <\/p>\n\n\n\n<p>De acordo com o <a href=\"https:\/\/www.editorasolucao.com.br\/blog\/concursos-previstos-rs\">edital<\/a> as vagas est\u00e3o distribu\u00eddas da seguinte forma:<\/p>\n\n\n\n<p>Advogado (1); Agente Comunit\u00e1rio de Sa\u00fade (2); Agente de Combate a Endemias (1); Assistente Social (1); Auxiliar Administrativo; Auxiliar de Cadastro (1); Cozinheira (1); Educador Multimeios (1); Enfermeiro; Enfermeiro de Sa\u00fade Coletiva (1); Fiscal Ambiental; Fiscal de Obras; Fiscal Tribut\u00e1rio (1); Fonoaudi\u00f3logo; M\u00e9dico Cl\u00ednico Geral (1); M\u00e9dico de Sa\u00fade Coletiva (1); M\u00e9dico Plantonista (1); Monitor de Transporte Escolar (4); Operador de Ve\u00edculos; Operador Especializado (1); Psic\u00f3logo (1); T\u00e9cnico de Enfermagem (1); T\u00e9cnico em Sa\u00fade Bucal (2); Telefonista-Recepcionista (1); e Terapeuta Ocupacional (1).<\/p>\n\n\n\n<h3 class=\"wp-block-heading\" id=\"requisitos\">Requisitos para investidura nos cargos <\/h3>\n\n\n\n<p>Confira os <strong>requisitos <\/strong>para que os candidatos aprovados possam tomar posse no cargo:<\/p>\n\n\n\n<ul><li>Nacionalidade brasileira ou portuguesa, desde que o candidato esteja amparado pelo Estatuto de Igualdade entre brasileiros e portugueses, com reconhecimento de gozo de direitos pol\u00edticos, nos termos do Par\u00e1grafo 1\u00ba, Art. 12, da Constitui\u00e7\u00e3o Federal e do Decreto 70436\/72;<\/li><li>idade m\u00ednima de 18 (dezoito) anos completos na data da posse;<\/li><li>quita\u00e7\u00e3o das obriga\u00e7\u00f5es eleitorais, mediante apresenta\u00e7\u00e3o do t\u00edtulo de eleitor e:<ul><li>a) certid\u00e3o emitida pela Justi\u00e7a Eleitoral, ou;<\/li><li>b) comprovantes de vota\u00e7\u00e3o das 02 \u00faltimas elei\u00e7\u00f5es, e, para candidatos do sexo masculino, quita\u00e7\u00e3o das<\/li><\/ul><\/li><li>obriga\u00e7\u00f5es militares, mediante apresenta\u00e7\u00e3o do certificado de reservista ou dispensa de incorpora\u00e7\u00e3o;<br>pleno exerc\u00edcio de seus direitos civis e pol\u00edticos;<\/li><li>escolaridade e\/ou outros requisitos necess\u00e1rios para o exerc\u00edcio do cargo pretendido, conforme item 1.1.1 deste edital, em conformidade com a lei de cria\u00e7\u00e3o do respectivo, na data da posse;<\/li><li>declarar os bens e valores que constituem seu patrim\u00f4nio e declarar que n\u00e3o percebe proventos de aposentadoria civil (servidor p\u00fablico civil) ou militar ou remunera\u00e7\u00e3o de cargo, emprego ou fun\u00e7\u00e3o p\u00fablica que caracterizem acumula\u00e7\u00e3o il\u00edcita, na forma estabelecida pela Constitui\u00e7\u00e3o Federal;<\/li><li>inscri\u00e7\u00e3o no PIS ou PASEP, ou, se n\u00e3o estiver cadastrado, negativa expedida pela Caixa Econ\u00f4mica Federal ou Banco do Brasil, respectivamente; comprovante de resid\u00eancia (\u00e1gua, luz ou telefone fixo) atualizado e em nome pr\u00f3prio, ou, no caso de comprovante em nome de terceiros, declara\u00e7\u00e3o do titular, devidamente reconhecida em cart\u00f3rio, de que o candidato reside no respectivo endere\u00e7o;<\/li><li>documento de identidade, certid\u00e3o de nascimento, casamento ou equivalente e cadastro de pessoa f\u00edsica (CPF) regularizado;<\/li><li>aptid\u00e3o f\u00edsica e mental para o exerc\u00edcio das atribui\u00e7\u00f5es do cargo pretendido, e, nos casos de defici\u00eancia, que essa seja compat\u00edvel com o exerc\u00edcio das respectivas atribui\u00e7\u00f5es;<\/li><li>outros documentos que o ente p\u00fablico venha a solicitar quando da nomea\u00e7\u00e3o.<\/li><\/ul>\n\n\n\n<h2 class=\"wp-block-heading\" id=\"provas\"><span class=\"ez-toc-section\" id=\"Como_serao_as_provas_do_Concurso_Prefeitura_de_Nova_Hartz_%E2%80%93_RS\"><\/span>Como ser\u00e3o as provas do Concurso Prefeitura de Nova Hartz \u2013 RS?<span class=\"ez-toc-section-end\"><\/span><\/h2>\n\n\n\n<p>O certame ser\u00e1 composto por <strong>duas etapas<\/strong>, sendo elas:<\/p>\n\n\n\n<ul><li>Prova Objetiva para todos os cargos;<\/li><li>Prova Pr\u00e1tica para os cargos de Operador de Ve\u00edculos e Operador Especializado.<\/li><\/ul>\n\n\n\n<h3 class=\"wp-block-heading\" id=\"objetiva\">Prova Objetiva<\/h3>\n\n\n\n<p>A <strong>Prova Objetiva<\/strong>, de car\u00e1ter eliminat\u00f3rio e classificat\u00f3rio, est\u00e1 prevista para ser realizada no dia <strong>19 de junho de 2022<\/strong>. Ser\u00e1 composta por quest\u00f5es de m\u00faltipla escolha e versar\u00e1 sobre as seguintes disciplinas:<\/p>\n\n\n\n<p><strong>Advogado, Assistente Social, Enfermeiro, Fiscal Tribut\u00e1rio, Fonoaudi\u00f3logo, M\u00e9dico, Psic\u00f3logo e Terapeuta Ocupacional: 40 quest\u00f5es<\/strong><\/p>\n\n\n\n<ul><li>Portugu\u00eas<\/li><li>Conhecimentos Gerais<\/li><li>Legisla\u00e7\u00e3o<\/li><li>Conhecimentos Espec\u00edficos<\/li><\/ul>\n\n\n\n<p><strong>Agente Comunit\u00e1rio de Sa\u00fade, Agente de Combate a Endemias, Auxiliar Administrativo, Auxiliar de Cadastro, Educador Multimeios, Fiscal Ambiental, Fiscal de Obras, Monitor de Transporte Escolar, T\u00e9cnico de Enfermagem e T\u00e9cnico em Sa\u00fade Bucal: 40 quest\u00f5es<\/strong><\/p>\n\n\n\n<ul><li>Portugu\u00eas<\/li><li>Matem\u00e1tica<\/li><li>Conhecimentos Gerais<\/li><li>Conhecimentos Espec\u00edficos<\/li><li>Legisla\u00e7\u00e3o<\/li><\/ul>\n\n\n\n<p><strong>Operador de Ve\u00edculos e Operador Especializado: 30 quest\u00f5es<\/strong><\/p>\n\n\n\n<ul><li>Portugu\u00eas<\/li><li>Matem\u00e1tica<\/li><li>Conhecimentos Gerais<\/li><li>Conhecimentos Espec\u00edficos<\/li><\/ul>\n\n\n\n<p><strong>Cozinheira e Telefonista-Recepcionista: 30 quest\u00f5es <\/strong><\/p>\n\n\n\n<ul><li>Portugu\u00eas<\/li><li>Matem\u00e1tica<\/li><li>Conhecimentos Gerais<\/li><li>Conhecimentos Espec\u00edficos<\/li><\/ul>\n\n\n\n<h3 class=\"wp-block-heading\" id=\"pratica\">Prova Pr\u00e1tica<\/h3>\n\n\n\n<p>A <strong>prova pr\u00e1tica<\/strong>, a ser executada por Banca T\u00e9cnica, destina-se a avaliar, em condi\u00e7\u00f5es reais ou simuladas, os conhecimentos e habilidades que os candidatos possuem no desenvolvimento de atividades relacionadas \u00e0s atribui\u00e7\u00f5es do cargo.<\/p>\n\n\n\n<p>A data prevista para a realiza\u00e7\u00e3o da prova pr\u00e1tica \u00e9 <strong>17 de julho de 2022<\/strong>.<\/p>\n\n\n\n<p>A prova pr\u00e1tica ser\u00e1 avaliada na escala de 0 (zero) a 50 pontos, sendo <strong>considerado aprovado<\/strong> somente o candidato que obtiver nota igual ou superior a 25,00 (vinte e cinco) pontos na prova pr\u00e1tica.<\/p>\n","protected":false},"excerpt":{"rendered":"<p>Foi divulgado o Edital do Concurso Prefeitura de Nova Hartz, no estado do Rio Grande do Sul, que oferece 24 vagas para candidatos de n\u00edveis fundamental, m\u00e9dio e superior com sal\u00e1rios de at\u00e9 R$ 14 mil! Inscri\u00e7\u00f5es Cargos, vagas e sal\u00e1rios Requisitos Provas Objetiva Pr\u00e1tica Inscri\u00e7\u00f5es do Concurso Prefeitura de Nova Hartz &#8211; RS As inscri\u00e7\u00f5es devem ser efetuadas pelo site da banca organizadora, Objetiva Concurso, a partir do dia 29 de abril at\u00e9 o dia 03 de maio de 2022. Ser\u00e1 cobrada uma taxa de inscri\u00e7\u00e3o com valores que variam de R$ 38,00 a R$ 250,00. Ademais, caso seja&#8230;<\/p>\n","protected":false},"author":3,"featured_media":28652,"template":"","meta":{"_acf_changed":false,"rank_math_lock_modified_date":false},"categories":[],"tags":[],"acf":[],"_links":{"self":[{"href":"https:\/\/www.editorasolucao.com.br\/blog\/wp-json\/wp\/v2\/concurso\/28650"}],"collection":[{"href":"https:\/\/www.editorasolucao.com.br\/blog\/wp-json\/wp\/v2\/concurso"}],"about":[{"href":"https:\/\/www.editorasolucao.com.br\/blog\/wp-json\/wp\/v2\/types\/concurso"}],"author":[{"embeddable":true,"href":"https:\/\/www.editorasolucao.com.br\/blog\/wp-json\/wp\/v2\/users\/3"}],"wp:featuredmedia":[{"embeddable":true,"href":"https:\/\/www.editorasolucao.com.br\/blog\/wp-json\/wp\/v2\/media\/28652"}],"wp:attachment":[{"href":"https:\/\/www.editorasolucao.com.br\/blog\/wp-json\/wp\/v2\/media?parent=28650"}],"wp:term":[{"taxonomy":"category","embeddable":true,"href":"https:\/\/www.editorasolucao.com.br\/blog\/wp-json\/wp\/v2\/categories?post=28650"},{"taxonomy":"post_tag","embeddable":true,"href":"https:\/\/www.editorasolucao.com.br\/blog\/wp-json\/wp\/v2\/tags?post=28650"}],"curies":[{"name":"wp","href":"https:\/\/api.w.org\/{rel}","templated":true}]}}