{"id":29216,"date":"2024-08-13T11:44:34","date_gmt":"2024-08-13T14:44:34","guid":{"rendered":"https:\/\/www.editorasolucao.com.br\/blog\/?post_type=concurso&#038;p=29216"},"modified":"2024-08-13T11:44:36","modified_gmt":"2024-08-13T14:44:36","slug":"prefeitura-de-sao-luis-ma","status":"publish","type":"concurso","link":"https:\/\/www.editorasolucao.com.br\/blog\/concurso\/prefeitura-de-sao-luis-ma","title":{"rendered":"Concurso Prefeitura de S\u00e3o Lu\u00eds: Saiu edital com 500 vagas de n\u00edvel m\u00e9dio!"},"content":{"rendered":"\n<p>Ol\u00e1, concurseiros! Foi divulgado o edital do concurso da Prefeitura de S\u00e3o Lu\u00eds, no estado do Maranh\u00e3o, com oferta de <strong>500 vagas<\/strong>, imediatas e para forma\u00e7\u00e3o de cadastro reserva, para o cargo de Agente de Tr\u00e2nsito, <strong>que exige n\u00edvel m\u00e9dio de escolaridade<\/strong>. Se interessou? Venha saber mais! <\/p>\n\n\n\n<div id=\"ez-toc-container\" class=\"ez-toc-v2_0_69_1 counter-hierarchy ez-toc-counter ez-toc-grey ez-toc-container-direction\">\n<div class=\"ez-toc-title-container\">\n<p class=\"ez-toc-title \" >Menu de navega&ccedil;&atilde;o<\/p>\n<span class=\"ez-toc-title-toggle\"><a href=\"#\" class=\"ez-toc-pull-right ez-toc-btn ez-toc-btn-xs ez-toc-btn-default ez-toc-toggle\" aria-label=\"Toggle Table of Content\"><span class=\"ez-toc-js-icon-con\"><span class=\"\"><span class=\"eztoc-hide\" style=\"display:none;\">Toggle<\/span><span class=\"ez-toc-icon-toggle-span\"><svg style=\"fill: #999;color:#999\" xmlns=\"http:\/\/www.w3.org\/2000\/svg\" class=\"list-377408\" width=\"20px\" height=\"20px\" viewBox=\"0 0 24 24\" fill=\"none\"><path d=\"M6 6H4v2h2V6zm14 0H8v2h12V6zM4 11h2v2H4v-2zm16 0H8v2h12v-2zM4 16h2v2H4v-2zm16 0H8v2h12v-2z\" fill=\"currentColor\"><\/path><\/svg><svg style=\"fill: #999;color:#999\" class=\"arrow-unsorted-368013\" xmlns=\"http:\/\/www.w3.org\/2000\/svg\" width=\"10px\" height=\"10px\" viewBox=\"0 0 24 24\" version=\"1.2\" baseProfile=\"tiny\"><path d=\"M18.2 9.3l-6.2-6.3-6.2 6.3c-.2.2-.3.4-.3.7s.1.5.3.7c.2.2.4.3.7.3h11c.3 0 .5-.1.7-.3.2-.2.3-.5.3-.7s-.1-.5-.3-.7zM5.8 14.7l6.2 6.3 6.2-6.3c.2-.2.3-.5.3-.7s-.1-.5-.3-.7c-.2-.2-.4-.3-.7-.3h-11c-.3 0-.5.1-.7.3-.2.2-.3.5-.3.7s.1.5.3.7z\"\/><\/svg><\/span><\/span><\/span><\/a><\/span><\/div>\n<nav><ul class='ez-toc-list ez-toc-list-level-1 ' ><li class='ez-toc-page-1 ez-toc-heading-level-2'><a class=\"ez-toc-link ez-toc-heading-1\" href=\"https:\/\/www.editorasolucao.com.br\/blog\/concurso\/prefeitura-de-sao-luis-ma\/#Como_posso_realizar_minha_inscricao_para_o_concurso_da_Prefeitura_de_Sao_Luis\" title=\"Como posso realizar minha inscri\u00e7\u00e3o para o concurso da Prefeitura de S\u00e3o Lu\u00eds?\">Como posso realizar minha inscri\u00e7\u00e3o para o concurso da Prefeitura de S\u00e3o Lu\u00eds?<\/a><\/li><li class='ez-toc-page-1 ez-toc-heading-level-2'><a class=\"ez-toc-link ez-toc-heading-2\" href=\"https:\/\/www.editorasolucao.com.br\/blog\/concurso\/prefeitura-de-sao-luis-ma\/#Quais_vagas_estao_sendo_ofertadas\" title=\"Quais vagas est\u00e3o sendo ofertadas?\">Quais vagas est\u00e3o sendo ofertadas?<\/a><\/li><li class='ez-toc-page-1 ez-toc-heading-level-2'><a class=\"ez-toc-link ez-toc-heading-3\" href=\"https:\/\/www.editorasolucao.com.br\/blog\/concurso\/prefeitura-de-sao-luis-ma\/#Quais_os_requisitos_para_a_investidura_dos_cargos\" title=\"Quais os requisitos para a investidura dos cargos?\">Quais os requisitos para a investidura dos cargos?<\/a><\/li><li class='ez-toc-page-1 ez-toc-heading-level-2'><a class=\"ez-toc-link ez-toc-heading-4\" href=\"https:\/\/www.editorasolucao.com.br\/blog\/concurso\/prefeitura-de-sao-luis-ma\/#Como_serao_as_provas_do_concurso_da_Prefeitura_de_Sao_Luis\" title=\"Como ser\u00e3o as provas do concurso da Prefeitura de S\u00e3o Lu\u00eds?\">Como ser\u00e3o as provas do concurso da Prefeitura de S\u00e3o Lu\u00eds?<\/a><\/li><li class='ez-toc-page-1 ez-toc-heading-level-2'><a class=\"ez-toc-link ez-toc-heading-5\" href=\"https:\/\/www.editorasolucao.com.br\/blog\/concurso\/prefeitura-de-sao-luis-ma\/#Quando_ocorreu_o_ultimo_concurso_da_Prefeitura_de_Sao_Luis\" title=\"Quando ocorreu o \u00faltimo concurso da Prefeitura de S\u00e3o Lu\u00eds?&nbsp;\">Quando ocorreu o \u00faltimo concurso da Prefeitura de S\u00e3o Lu\u00eds?&nbsp;<\/a><\/li><\/ul><\/nav><\/div>\n<h2 class=\"wp-block-heading\"><span class=\"ez-toc-section\" id=\"Como_posso_realizar_minha_inscricao_para_o_concurso_da_Prefeitura_de_Sao_Luis\"><\/span>Como posso realizar minha inscri\u00e7\u00e3o para o concurso da Prefeitura de S\u00e3o Lu\u00eds? <span class=\"ez-toc-section-end\"><\/span><\/h2>\n\n\n\n<p>Os interessados pelo concurso da Prefeitura de S\u00e3o Lu\u00eds poder\u00e3o realizar suas inscri\u00e7\u00f5es <strong>at\u00e9 \u00e0s 23h59min do dia 19 de agosto de 2024<\/strong>, atrav\u00e9s do site da banca organizadora do certame, o <a href=\"https:\/\/portal.ibade.selecao.site\/edital\" target=\"_blank\" rel=\"noreferrer noopener\">IBADE<\/a>. <\/p>\n\n\n\n<p>As taxas de inscri\u00e7\u00e3o possuem o valor fixo de<strong> R$ 100,00<\/strong> e, para que sua inscri\u00e7\u00e3o seja homologada, o candidato deve efetuar o pagamento do boleto banc\u00e1rio at\u00e9 a data limite de <strong>20 de agosto de 2024<\/strong>. <\/p>\n\n\n\n<p>Houve a oportunidade de solicitar a isen\u00e7\u00e3o dessas taxas, mas esse per\u00edodo j\u00e1 foi encerrado!<\/p>\n\n\n\n<h2 class=\"wp-block-heading\"><span class=\"ez-toc-section\" id=\"Quais_vagas_estao_sendo_ofertadas\"><\/span>Quais vagas est\u00e3o sendo ofertadas? <span class=\"ez-toc-section-end\"><\/span><\/h2>\n\n\n\n<p>A Prefeitura de S\u00e3o Lu\u00eds est\u00e1 ofertando 500 vagas para o cargo de <a href=\"https:\/\/www.editorasolucao.com.br\/apostila-solucao\/prefeitura-sao-luis-ma-agente-transito\" target=\"_blank\" rel=\"noreferrer noopener\">Agente de Tr\u00e2nsito<\/a>, sendo <strong>150 vagas imediatas<\/strong> e 350 vagas para a forma\u00e7\u00e3o de cadastro reserva, que exige ensino m\u00e9dio completo de escolaridade, com vencimento base de <strong>R$ 1.052,67<\/strong> para 40 horas semanais trabalhadas. <\/p>\n\n\n\n<p>Al\u00e9m do vencimento base, os candidato far\u00e3o jus aos seguintes benef\u00edcios: <\/p>\n\n\n\n<ul>\n<li>Compensa\u00e7\u00e3o Org\u00e2nica<\/li>\n\n\n\n<li>Gratifica\u00e7\u00e3o Risco de Vida<\/li>\n\n\n\n<li>Gratifica\u00e7\u00e3o por Atividade de Seguran\u00e7a P\u00fablica<\/li>\n\n\n\n<li>Gratifica\u00e7\u00e3o de Atividade de Tr\u00e2nsito<\/li>\n<\/ul>\n\n\n\n<p>Calculando o vencimento base com os benef\u00edcios recebidos, a remunera\u00e7\u00e3o inicial do servidor pode chegar at\u00e9 <strong>R$ 3.671,20<\/strong>. <\/p>\n\n\n\n<h2 class=\"wp-block-heading\"><span class=\"ez-toc-section\" id=\"Quais_os_requisitos_para_a_investidura_dos_cargos\"><\/span>Quais os requisitos para a investidura dos cargos? <span class=\"ez-toc-section-end\"><\/span><\/h2>\n\n\n\n<p>De acordo com o edital, esses s\u00e3o os requisitos b\u00e1sicos exigidos para a nomea\u00e7\u00e3o e posse dos cargos ofertados: <\/p>\n\n\n\n<ul>\n<li>Ter sido aprovado e classificado no Concurso P\u00fablico;<\/li>\n\n\n\n<li>Ser brasileiro nato ou naturalizado, ou, em caso de nacionalidade portuguesa, estar amparado pelo estatuto de igualdade entre brasileiros e portugueses, com reconhecimento de gozo de direitos pol\u00edticos, nos termos do par\u00e1grafo 1\u00b0, artigo 12, da Constitui\u00e7\u00e3o Federal;<\/li>\n\n\n\n<li>Estar quite com as obriga\u00e7\u00f5es eleitorais, para os candidatos de ambos os sexos;<\/li>\n\n\n\n<li>Estar quite com as obriga\u00e7\u00f5es militares, para os candidatos do sexo masculino;<\/li>\n\n\n\n<li>Encontrar-se em pleno gozo de seus direitos pol\u00edticos e civis;<\/li>\n\n\n\n<li>N\u00e3o ter sofrido, no exerc\u00edcio de fun\u00e7\u00e3o p\u00fablica, penalidade incompat\u00edvel com nova investidura em cargo p\u00fablico;<\/li>\n\n\n\n<li>Apresentar diploma ou certificado, devidamente registrado, de conclus\u00e3o de Ensino M\u00e9dio, fornecido por institui\u00e7\u00e3o de ensino reconhecida pelo Minist\u00e9rio da Educa\u00e7\u00e3o, observado o anexo I &#8211; quadro de vagas deste Edital;<\/li>\n\n\n\n<li>Ser portador da carteira nacional de habilita\u00e7\u00e3o, qualquer categoria;<\/li>\n\n\n\n<li>Estar apto, f\u00edsica e mentalmente, n\u00e3o apresentando defici\u00eancia que o incapacite para o exerc\u00edcio das fun\u00e7\u00f5es do cargo, fato apurado pela Per\u00edcia M\u00e9dica Oficial a ser designada;<\/li>\n\n\n\n<li>Ter idade m\u00ednima de 18 (dezoito) anos;<\/li>\n\n\n\n<li>N\u00e3o acumular cargos, empregos ou fun\u00e7\u00f5es p\u00fablicas, salvo nos casos constitucionalmente admitidos;<\/li>\n\n\n\n<li>Cumprir, na \u00edntegra, as determina\u00e7\u00f5es previstas no Edital de abertura do Concurso P\u00fablico.<\/li>\n<\/ul>\n\n\n\n<h2 class=\"wp-block-heading\"><span class=\"ez-toc-section\" id=\"Como_serao_as_provas_do_concurso_da_Prefeitura_de_Sao_Luis\"><\/span>Como ser\u00e3o as provas do concurso da Prefeitura de S\u00e3o Lu\u00eds? <span class=\"ez-toc-section-end\"><\/span><\/h2>\n\n\n\n<p>Os candidatos do concurso da Prefeitura de S\u00e3o Lu\u00eds para Agente de Tr\u00e2nsito ser\u00e3o avaliados por meio das seguintes etapas de sele\u00e7\u00e3o:<strong> prova objetiva, prova de capacidade f\u00edsica, exame psicol\u00f3gico, exame m\u00e9dico e toxicol\u00f3gico e, por fim, a investiga\u00e7\u00e3o social.<\/strong> <\/p>\n\n\n\n<p>Confira com mais detalhes: <\/p>\n\n\n\n<h3 class=\"wp-block-heading\">Prova Objetiva<\/h3>\n\n\n\n<p>A prova objetiva, de car\u00e1ter eliminat\u00f3rio e classificat\u00f3rio, ser\u00e1 aplicada na data prevista de <strong>22 de setembro de 2024<\/strong>, em hor\u00e1rios e locais que ainda ser\u00e3o divulgados pela banca organizadora do certame.<\/p>\n\n\n\n<p>A avalia\u00e7\u00e3o ser\u00e1 constitu\u00edda de<strong> 60 quest\u00f5es de m\u00faltipla escolha <\/strong>versadas sobre as seguintes disciplinas: <\/p>\n\n\n\n<ul>\n<li>L\u00edngua Portuguesa: 10 quest\u00f5es <\/li>\n\n\n\n<li>Matem\u00e1tica\/Racioc\u00ednio L\u00f3gico: 7 quest\u00f5es <\/li>\n\n\n\n<li>Hist\u00f3ria e Geografia do Munic\u00edpio de S\u00e3o Lu\u00eds\/MA: 8 quest\u00f5es<\/li>\n\n\n\n<li>No\u00e7\u00f5es de Inform\u00e1tica: 5 quest\u00f5es <\/li>\n\n\n\n<li>Conhecimentos Espec\u00edficos: 30 quest\u00f5es<\/li>\n<\/ul>\n\n\n\n<p><\/p>\n\n\n\n<p>A prova objetiva ser\u00e1 avaliada em uma escala de 0 a 90 pontos, sendo assim, para ser <strong>aprovado<\/strong> o candidato deve obter, no m\u00ednimo, 50% de aproveitamento do total de pontos da avalia\u00e7\u00e3o. <\/p>\n\n\n\n<h3 class=\"wp-block-heading\">Prova de Capacidade F\u00edsica<\/h3>\n\n\n\n<p>A prova de capacidade f\u00edsica, de car\u00e1ter eliminat\u00f3rio, ser\u00e1 realizada entre os dias <strong>13 a 19 de novembro de 2024. <\/strong><\/p>\n\n\n\n<p>Essa etapa tem como objetivo avaliar a agilidade, resist\u00eancia muscular e aer\u00f3bica do candidato, consideradas indispens\u00e1veis ao exerc\u00edcio de suas atividades.<\/p>\n\n\n\n<p>Os candidatos ser\u00e3o avaliados por meio das seguintes atividades: <\/p>\n\n\n\n<ul>\n<li>Flex\u00e3o de bra\u00e7o no solo <\/li>\n\n\n\n<li>Abdominal remador <\/li>\n\n\n\n<li>Corrida de 12 minutos<\/li>\n<\/ul>\n\n\n\n<h3 class=\"wp-block-heading\">Exame Psicol\u00f3gico<\/h3>\n\n\n\n<p>O exame psicol\u00f3gico tem como objetivo avaliar se o candidato preenche os padr\u00f5es psicol\u00f3gicos exigidos e as caracter\u00edsticas para um melhor desempenho da fun\u00e7\u00e3o.<\/p>\n\n\n\n<p>Para a avalia\u00e7\u00e3o ser\u00e3o observados os seguintes par\u00e2metros para o perfil psicol\u00f3gico para o cargo Agente de Tr\u00e2nsito:<\/p>\n\n\n\n<ul>\n<li>Controle emocional<\/li>\n\n\n\n<li>Ansiedade<\/li>\n\n\n\n<li>Impulsividade<\/li>\n\n\n\n<li>Resist\u00eancia \u00e0 frustra\u00e7\u00e3o <\/li>\n\n\n\n<li>Controle e canaliza\u00e7\u00e3o produtiva da agressividade<\/li>\n\n\n\n<li>Disposi\u00e7\u00e3o para o trabalho e capacidade de coopera\u00e7\u00e3o com o grupo<\/li>\n\n\n\n<li>Iniciativa<\/li>\n\n\n\n<li>Relacionamento interpessoal<\/li>\n\n\n\n<li>Enfrentamento e autoafirma\u00e7\u00e3o (gerenciamento de conflitos)<\/li>\n\n\n\n<li>Aten\u00e7\u00e3o<\/li>\n\n\n\n<li>Mem\u00f3ria<\/li>\n\n\n\n<li>Disciplina<\/li>\n<\/ul>\n\n\n\n<p><\/p>\n\n\n\n<p>Essa etapa ser\u00e1 realizada no dia <strong>15 de dezembro de 2024. <\/strong><\/p>\n\n\n\n<h3 class=\"wp-block-heading\">Exame M\u00e9dico e Toxicol\u00f3gico <\/h3>\n\n\n\n<p>A etapa de exame m\u00e9dico e toxicol\u00f3gico tem como objetivo aferir se o candidato goza de boa sa\u00fade f\u00edsica e ps\u00edquica para desempenhar as atribui\u00e7\u00f5es t\u00edpicas do cargo.<\/p>\n\n\n\n<p>As datas, locais e hor\u00e1rios para a realiza\u00e7\u00e3o dessa etapa ainda ser\u00e3o divulgados pela banca organizadora do certame. <\/p>\n\n\n\n<h3 class=\"wp-block-heading\">Investiga\u00e7\u00e3o Social<\/h3>\n\n\n\n<p>A investiga\u00e7\u00e3o social tem como objetivo verificar se o candidato apresenta idoneidade moral e conduta compat\u00edveis com as responsabilidades do cargo, bem como averiguar a vida pregressa e atual do candidato, quer seja social, moral, profissional, escolar e demais aspectos de vida em sociedade.<\/p>\n\n\n\n<p>Os candidatos dever\u00e3o fazer o envio dos seguintes documentos: <\/p>\n\n\n\n<ul>\n<li>certid\u00f5es que comprovem a inexist\u00eancia de antecedentes criminais emitido pela Pol\u00edcia Civil e Federal, dos estados em que tenha residido nos \u00faltimos 05 (cinco) anos;<\/li>\n\n\n\n<li>certid\u00e3o criminal junto ao Tribunal de Justi\u00e7a e Justi\u00e7a Federal, ou \u00f3rg\u00e3o cong\u00eanere, dos estados em que tenha residido nos \u00faltimos 05 (cinco) anos;<\/li>\n\n\n\n<li>No caso de militares ou ex-militares, que tenham servido nas For\u00e7as Armadas ou em Pol\u00edcias e Bombeiros Militares de Estados, tamb\u00e9m dever\u00e1 ser apresentada a certid\u00e3o negativa da respectiva Justi\u00e7a Militar ou Vara Especial;<\/li>\n\n\n\n<li>comprovante de resid\u00eancia atual, com data m\u00e1xima de 03 (tr\u00eas) meses, contendo obrigatoriamente o C\u00f3digo de Endere\u00e7amento Postal \u2013 CEP, v\u00e1lido junto a Ag\u00eancia Nacional de Correios e Tel\u00e9grafos;<\/li>\n\n\n\n<li>declara\u00e7\u00e3o ou certid\u00e3o de \u00f3rg\u00e3os p\u00fablicos, em que o candidato exer\u00e7a ou tenha exercido cargo p\u00fablico, atestando que o candidato n\u00e3o se encontra respondendo a processo administrativo disciplinar, nem teve contra si aplicada a pena de demiss\u00e3o;<\/li>\n\n\n\n<li>outras certid\u00f5es\/documentos poder\u00e3o ser solicitadas no ato de convoca\u00e7\u00e3o para a etapa ou por solicita\u00e7\u00e3o da Banca Examinadora, bem como poder\u00e3o ser realizadas entrevistas, pedido de informa\u00e7\u00e3o, dilig\u00eancias e ambi\u00eancia social.<\/li>\n<\/ul>\n\n\n\n<h2 class=\"wp-block-heading\"><span class=\"ez-toc-section\" id=\"Quando_ocorreu_o_ultimo_concurso_da_Prefeitura_de_Sao_Luis\"><\/span>Quando ocorreu o \u00faltimo concurso da Prefeitura de S\u00e3o Lu\u00eds?&nbsp;<span class=\"ez-toc-section-end\"><\/span><\/h2>\n\n\n\n<p>O \u00faltimo concurso da Prefeitura de S\u00e3o Lu\u00eds ocorreu em 2022 e ofertou <strong>111 vagas imediatas para candidatos de n\u00edvel m\u00e9dio <\/strong>de escolaridade. Confira mais detalhes abaixo:&nbsp;<\/p>\n\n\n\n<ul>\n<li>Guarda Municipal de 2\u00aa Classe &#8211; <strong>91 vagas<\/strong><\/li>\n\n\n\n<li>Guarda Municipal Salva-vidas &#8211; <strong>10 vagas<\/strong><\/li>\n\n\n\n<li>Guarda Municipal M\u00fasico &#8211; <strong>10 vagas<\/strong> (4 &#8211; Clarinete em Sib; 1 &#8211; Sax Alto em Mlb; 1 &#8211; Trombone de Vara em D\u00f3; 1 &#8211; Tuba em Slb e Mlb; 3 &#8211; Bateria\/Percuss\u00e3o)<\/li>\n<\/ul>\n\n\n\n<p>A remunera\u00e7\u00e3o inicial era no valor de <strong>R$ 3.272,40<\/strong>, somadas as gratifica\u00e7\u00f5es,<strong> <\/strong>com jornada de trabalho que compreendia 40 horas semanais.&nbsp;<\/p>\n\n\n\n<p>Foram incorporados no vencimento-base o percentual de 80% para compensa\u00e7\u00e3o org\u00e2nica; 30% de periculosidade; 40% de risco de vida; e, 20% de gratifica\u00e7\u00e3o de Atividade de seguran\u00e7a P\u00fablica, resultando uma remunera\u00e7\u00e3o de<strong> R$ 3.272,40<\/strong>.<\/p>\n\n\n\n<h3 class=\"wp-block-heading\">Como os candidatos do \u00faltimo concurso foram avaliados?&nbsp;<\/h3>\n\n\n\n<p>Os candidatos do concurso de 2022 foram avaliados por meio de <strong>uma prova objetiva e um teste de aptid\u00e3o f\u00edsica<\/strong>, al\u00e9m de outras etapas como: exame m\u00e9dico, avalia\u00e7\u00e3o psicol\u00f3gica, investiga\u00e7\u00e3o social, curso de forma\u00e7\u00e3o e prova pr\u00e1tica.&nbsp;<\/p>\n\n\n\n<p>A prova objetiva contou com <strong>80 quest\u00f5es<\/strong> de m\u00faltipla escolha sobre as disciplinas de:<\/p>\n\n\n\n<ul>\n<li>L\u00edngua Portuguesa &#8211; 15 quest\u00f5es<\/li>\n\n\n\n<li>Racioc\u00ednio L\u00f3gico-Matem\u00e1tico &#8211; 10 quest\u00f5es<\/li>\n\n\n\n<li>No\u00e7\u00f5es de Legisla\u00e7\u00e3o B\u00e1sica &#8211; 10 quest\u00f5es<\/li>\n\n\n\n<li>Inform\u00e1tica &#8211; 5 quest\u00f5es<\/li>\n\n\n\n<li>Conhecimentos S\u00f3cio, Culturais e Geogr\u00e1ficos de S\u00e3o Lu\u00eds MA &#8211; 10 quest\u00f5es<\/li>\n<\/ul>\n\n\n\n<p>Foi eliminado do concurso o candidato que n\u00e3o obteve, pelo menos, 50% dos pontos da prova objetiva.&nbsp;<\/p>\n\n\n\n<p><\/p>\n\n\n\n<p><strong>Boa prova e bons estudos!<\/strong><\/p>\n","protected":false},"excerpt":{"rendered":"<p>Ol\u00e1, concurseiros! Foi divulgado o edital do concurso da Prefeitura de S\u00e3o Lu\u00eds, no estado do Maranh\u00e3o, com oferta de 500 vagas, imediatas e para forma\u00e7\u00e3o de cadastro reserva, para o cargo de Agente de Tr\u00e2nsito, que exige n\u00edvel m\u00e9dio de escolaridade. Se interessou? Venha saber mais! Como posso realizar minha inscri\u00e7\u00e3o para o concurso da Prefeitura de S\u00e3o Lu\u00eds? Os interessados pelo concurso da Prefeitura de S\u00e3o Lu\u00eds poder\u00e3o realizar suas inscri\u00e7\u00f5es at\u00e9 \u00e0s 23h59min do dia 19 de agosto de 2024, atrav\u00e9s do site da banca organizadora do certame, o IBADE. As taxas de inscri\u00e7\u00e3o possuem o valor&#8230;<\/p>\n","protected":false},"author":21,"featured_media":43222,"template":"","meta":{"_acf_changed":true,"rank_math_lock_modified_date":false},"categories":[],"tags":[],"acf":[],"_links":{"self":[{"href":"https:\/\/www.editorasolucao.com.br\/blog\/wp-json\/wp\/v2\/concurso\/29216"}],"collection":[{"href":"https:\/\/www.editorasolucao.com.br\/blog\/wp-json\/wp\/v2\/concurso"}],"about":[{"href":"https:\/\/www.editorasolucao.com.br\/blog\/wp-json\/wp\/v2\/types\/concurso"}],"author":[{"embeddable":true,"href":"https:\/\/www.editorasolucao.com.br\/blog\/wp-json\/wp\/v2\/users\/21"}],"wp:featuredmedia":[{"embeddable":true,"href":"https:\/\/www.editorasolucao.com.br\/blog\/wp-json\/wp\/v2\/media\/43222"}],"wp:attachment":[{"href":"https:\/\/www.editorasolucao.com.br\/blog\/wp-json\/wp\/v2\/media?parent=29216"}],"wp:term":[{"taxonomy":"category","embeddable":true,"href":"https:\/\/www.editorasolucao.com.br\/blog\/wp-json\/wp\/v2\/categories?post=29216"},{"taxonomy":"post_tag","embeddable":true,"href":"https:\/\/www.editorasolucao.com.br\/blog\/wp-json\/wp\/v2\/tags?post=29216"}],"curies":[{"name":"wp","href":"https:\/\/api.w.org\/{rel}","templated":true}]}}