{"id":29961,"date":"2022-08-02T15:25:10","date_gmt":"2022-08-02T18:25:10","guid":{"rendered":"https:\/\/www.editorasolucao.com.br\/blog\/?post_type=concurso&#038;p=29961"},"modified":"2022-08-02T15:25:14","modified_gmt":"2022-08-02T18:25:14","slug":"prefeitura-querencia-do-norte-pr","status":"publish","type":"concurso","link":"https:\/\/www.editorasolucao.com.br\/blog\/concurso\/prefeitura-querencia-do-norte-pr","title":{"rendered":"Concurso Prefeitura de Quer\u00eancia do Norte-PR: Saiu o edital!"},"content":{"rendered":"\n<p>Aten\u00e7\u00e3o, concurseiros! A <strong>Prefeitura de Quer\u00eancia do Norte-PR<\/strong>, no <a href=\"https:\/\/www.editorasolucao.com.br\/blog\/concursos-abertos-pr\">Paran\u00e1<\/a>, publicou recentemente o edital que oferta <strong>21 vagas<\/strong>, al\u00e9m de cadastro reserva, para profissionais em n\u00edveis fundamental, m\u00e9dio e superior. Os sal\u00e1rios ser\u00e3o de at\u00e9 <strong>R$ 13 mil<\/strong>. Confira!<\/p>\n\n\n\n<ul><li><a href=\"#inscri\u00e7\u00f5es\">Inscri\u00e7\u00f5es<\/a><\/li><li><a href=\"#requisitos\">Requisitos<\/a><\/li><li><a href=\"#vagas\">Vagas, cargos e sal\u00e1rios<\/a><\/li><li><a href=\"#prova\">Prova<\/a><\/li><\/ul>\n\n\n\n<div id=\"ez-toc-container\" class=\"ez-toc-v2_0_69_1 counter-hierarchy ez-toc-counter ez-toc-grey ez-toc-container-direction\">\n<div class=\"ez-toc-title-container\">\n<p class=\"ez-toc-title \" >Menu de navega&ccedil;&atilde;o<\/p>\n<span class=\"ez-toc-title-toggle\"><a href=\"#\" class=\"ez-toc-pull-right ez-toc-btn ez-toc-btn-xs ez-toc-btn-default ez-toc-toggle\" aria-label=\"Toggle Table of Content\"><span class=\"ez-toc-js-icon-con\"><span class=\"\"><span class=\"eztoc-hide\" style=\"display:none;\">Toggle<\/span><span class=\"ez-toc-icon-toggle-span\"><svg style=\"fill: #999;color:#999\" xmlns=\"http:\/\/www.w3.org\/2000\/svg\" class=\"list-377408\" width=\"20px\" height=\"20px\" viewBox=\"0 0 24 24\" fill=\"none\"><path d=\"M6 6H4v2h2V6zm14 0H8v2h12V6zM4 11h2v2H4v-2zm16 0H8v2h12v-2zM4 16h2v2H4v-2zm16 0H8v2h12v-2z\" fill=\"currentColor\"><\/path><\/svg><svg style=\"fill: #999;color:#999\" class=\"arrow-unsorted-368013\" xmlns=\"http:\/\/www.w3.org\/2000\/svg\" width=\"10px\" height=\"10px\" viewBox=\"0 0 24 24\" version=\"1.2\" baseProfile=\"tiny\"><path d=\"M18.2 9.3l-6.2-6.3-6.2 6.3c-.2.2-.3.4-.3.7s.1.5.3.7c.2.2.4.3.7.3h11c.3 0 .5-.1.7-.3.2-.2.3-.5.3-.7s-.1-.5-.3-.7zM5.8 14.7l6.2 6.3 6.2-6.3c.2-.2.3-.5.3-.7s-.1-.5-.3-.7c-.2-.2-.4-.3-.7-.3h-11c-.3 0-.5.1-.7.3-.2.2-.3.5-.3.7s.1.5.3.7z\"\/><\/svg><\/span><\/span><\/span><\/a><\/span><\/div>\n<nav><ul class='ez-toc-list ez-toc-list-level-1 ' ><li class='ez-toc-page-1 ez-toc-heading-level-2'><a class=\"ez-toc-link ez-toc-heading-1\" href=\"https:\/\/www.editorasolucao.com.br\/blog\/concurso\/prefeitura-querencia-do-norte-pr\/#Concurso_Prefeitura_de_Querencia_do_Norte-PR_Inscricoes\" title=\"Concurso Prefeitura de Quer\u00eancia do Norte-PR: Inscri\u00e7\u00f5es\">Concurso Prefeitura de Quer\u00eancia do Norte-PR: Inscri\u00e7\u00f5es<\/a><\/li><li class='ez-toc-page-1 ez-toc-heading-level-2'><a class=\"ez-toc-link ez-toc-heading-2\" href=\"https:\/\/www.editorasolucao.com.br\/blog\/concurso\/prefeitura-querencia-do-norte-pr\/#Quem_podera_participar_do_concurso\" title=\"Quem poder\u00e1 participar do concurso?\">Quem poder\u00e1 participar do concurso?<\/a><\/li><li class='ez-toc-page-1 ez-toc-heading-level-2'><a class=\"ez-toc-link ez-toc-heading-3\" href=\"https:\/\/www.editorasolucao.com.br\/blog\/concurso\/prefeitura-querencia-do-norte-pr\/#Concurso_Prefeitura_de_Querencia_do_Norte-PR_distribuicao_das_vagas\" title=\"Concurso Prefeitura de Quer\u00eancia do Norte-PR: distribui\u00e7\u00e3o das vagas\">Concurso Prefeitura de Quer\u00eancia do Norte-PR: distribui\u00e7\u00e3o das vagas<\/a><\/li><li class='ez-toc-page-1 ez-toc-heading-level-2'><a class=\"ez-toc-link ez-toc-heading-4\" href=\"https:\/\/www.editorasolucao.com.br\/blog\/concurso\/prefeitura-querencia-do-norte-pr\/#Como_sera_a_prova_do_concurso\" title=\"Como ser\u00e1 a prova do concurso?\">Como ser\u00e1 a prova do concurso?<\/a><\/li><\/ul><\/nav><\/div>\n<h2 class=\"wp-block-heading\" id=\"inscri\u00e7\u00f5es\"><span class=\"ez-toc-section\" id=\"Concurso_Prefeitura_de_Querencia_do_Norte-PR_Inscricoes\"><\/span>Concurso Prefeitura de Quer\u00eancia do Norte-PR: Inscri\u00e7\u00f5es <span class=\"ez-toc-section-end\"><\/span><\/h2>\n\n\n\n<p>Nesse sentido, os interessados no concurso poder\u00e3o fazer as inscri\u00e7\u00f5es at\u00e9 \u00e0s 23h59min do dia <strong>25 de agosto de 2022 <\/strong>pelo site da banca organizadora, a <a href=\"https:\/\/www.concursosfau.com.br\/novo\/\" target=\"_blank\" rel=\"noreferrer noopener\">Funda\u00e7\u00e3o de Apoio ao Desenvolvimento (FAU)<\/a>.<\/p>\n\n\n\n<p>Vale destacar que, para haver efetua\u00e7\u00e3o das inscri\u00e7\u00f5es, os candidatos dever\u00e3o preencher o <strong>Formul\u00e1rio de Solicita\u00e7\u00e3o<\/strong>  declarando estar ciente das condi\u00e7\u00f5es exigidas para contrata\u00e7\u00e3o tempor\u00e1ria e submetendo-se \u00e0s normas expressas no edital.<\/p>\n\n\n\n<p>Al\u00e9m de tais termos, os concurseiros dever\u00e3o imprimir o boleto banc\u00e1rio e efetuar o pagamento da taxa de inscri\u00e7\u00e3o no valor estipulado, sendo:<\/p>\n\n\n\n<ul><li><strong>R$ 150<\/strong> para n\u00edvel superior;<\/li><li><strong>R$ 120<\/strong> para n\u00edvel m\u00e9dio\/t\u00e9cnico;<\/li><li><strong>R$ 80<\/strong> para n\u00edveis fundamental completo e s\u00e9ries iniciais do ensino fundamental.<\/li><\/ul>\n\n\n\n<p>Diante disso, o edital de deferimento das inscri\u00e7\u00f5es ainda ser\u00e1 divulgado no site da banca e no Di\u00e1rio Oficial do Munic\u00edpio provavelmente no <strong>31 de agosto de 2022<\/strong>.<\/p>\n\n\n\n<h2 class=\"wp-block-heading\" id=\"requisitos\"><span class=\"ez-toc-section\" id=\"Quem_podera_participar_do_concurso\"><\/span>Quem poder\u00e1 participar do concurso?<span class=\"ez-toc-section-end\"><\/span><\/h2>\n\n\n\n<p>Portanto, poder\u00e1 <strong>participar<\/strong> do Concurso Prefeitura de Quer\u00eancia do Norte-PR os candidatos que estiverem conforme os seguintes <strong>requisitos<\/strong>:<\/p>\n\n\n\n<ul><li>Ser brasileiro, nos termos da Constitui\u00e7\u00e3o Federal; &nbsp;<\/li><li>Ter completado 18  anos na data da contrata\u00e7\u00e3o tempor\u00e1ria; &nbsp;<\/li><li>Apresentar Certid\u00e3o Negativa Criminal; &nbsp;<\/li><li>Ser julgado APTO f\u00edsica e mentalmente para o exerc\u00edcio do cargo, em inspe\u00e7\u00e3o m\u00e9dica oficial, determinada pela Prefeitura Municipal de Quer\u00eancia do Norte; <\/li><li>Possuir a escolaridade exigida e demais requisitos para o exerc\u00edcio do cargo; <\/li><li>Declarar expressamente o exerc\u00edcio ou n\u00e3o de cargo, emprego ou fun\u00e7\u00e3o p\u00fablica nos \u00f3rg\u00e3os e entidades da Administra\u00e7\u00e3o P\u00fablica Estadual, Federal ou Municipal, para fins de verifica\u00e7\u00e3o do ac\u00famulo de cargos; <\/li><li>Quita\u00e7\u00e3o com as obriga\u00e7\u00f5es eleitorais e militares; n\u00e3o ter sido demitido do servi\u00e7o p\u00fablico municipal, estadual ou federal nos \u00faltimos 05 (cinco) anos a contar da data da entrega de documentos.<\/li><\/ul>\n\n\n\n<h2 class=\"wp-block-heading\" id=\"vagas\"><span class=\"ez-toc-section\" id=\"Concurso_Prefeitura_de_Querencia_do_Norte-PR_distribuicao_das_vagas\"><\/span>Concurso Prefeitura de Quer\u00eancia do Norte-PR: distribui\u00e7\u00e3o das vagas<span class=\"ez-toc-section-end\"><\/span><\/h2>\n\n\n\n<p>A princ\u00edpio, as <strong>21 vagas<\/strong> ser\u00e3o distribu\u00eddas da seguinte maneira:<\/p>\n\n\n\n<ul><li>Assistente Social (1); <\/li><li>Dentista (1); <\/li><li>Educador F\u00edsico (1); <\/li><li>M\u00e9dico (1); <\/li><li>Nutricionista (1); <\/li><li>Psic\u00f3logo (1); <\/li><li>Agente Comunit\u00e1rio de Sa\u00fade (1); <\/li><li>Agente de Endemias (1); <\/li><li>Cuidador Social (1); <\/li><li>Orientador Social (1); <\/li><li>T\u00e9cnico Agr\u00edcola (1); <\/li><li>Auxiliar Administrativo (1); <\/li><li>Auxiliar de Cuidado Dental (1); <\/li><li>Inseminador (1); <\/li><li>Auxiliar de Servi\u00e7os Gerais &#8211; Feminino (1); <\/li><li>Auxiliar de Servi\u00e7os Gerais &#8211; Masculino (1); <\/li><li>Cozinheira (1); <\/li><li>Mec\u00e2nico (1); <\/li><li>Motorista (1); <\/li><li>Operador de M\u00e1quinas (1); <\/li><li>Tratorista (1); <\/li><li>Veterin\u00e1rio (CR)<\/li><\/ul>\n\n\n\n<h3 class=\"wp-block-heading\">Concurso Prefeitura de Quer\u00eancia do Norte-PR: cargos e sal\u00e1rios<\/h3>\n\n\n\n<p>A carga hor\u00e1ria como tamb\u00e9m os sal\u00e1rios variam conforme o cargo pretendido. Sendo da seguinte maneira:<\/p>\n\n\n\n<p>Para os candidatos de <strong>n\u00edvel superior<\/strong>, a <strong>carga hor\u00e1ria<\/strong> semanal de <strong>40 horas<\/strong> para os seguintes profissionais:<\/p>\n\n\n\n<ul><li>Assistente social;<\/li><li>Dentista;<\/li><li>Educador F\u00edsico e<\/li><li>Psic\u00f3logo.<\/li><\/ul>\n\n\n\n<p>Assim, a <strong>remunera\u00e7\u00e3o<\/strong> varia entre<strong> R$ 2.909,38 e R$4.303,48<\/strong>.<\/p>\n\n\n\n<p>Por outro lado, os profissionais de <strong>n\u00edvel superior<\/strong>, a carga hor\u00e1ria semanal de <strong>20 horas<\/strong> s\u00e3o para os profissionais:<\/p>\n\n\n\n<ul><li>M\u00e9dico;<\/li><li>Nutricionista e<\/li><li>Veterin\u00e1rio.<\/li><\/ul>\n\n\n\n<p>De tal forma, a remunera\u00e7\u00e3o dos profissionais acima variam entre <strong>R$2.994,14 e R$13.174,26<\/strong>.<\/p>\n\n\n\n<p>Para os candidatos de <strong>n\u00edvel m\u00e9dio\/t\u00e9cnico<\/strong>, a carga hor\u00e1ria semanal \u00e9 de <strong>40 horas<\/strong>, tais cargos s\u00e3o de:<\/p>\n\n\n\n<ul><li>Agente Comunit\u00e1rio de Sa\u00fade;<\/li><li>Agente de Endemias;<\/li><li>Cuidador Social (12\/36);<\/li><li>Orientador Social e<\/li><li>T\u00e9cnico Agr\u00edcola.<\/li><\/ul>\n\n\n\n<p>Para os candidatos de <strong>n\u00edvel fundamental<\/strong> <strong>de s\u00e9ries iniciais<\/strong> a carga hor\u00e1ria tamb\u00e9m \u00e9 de <strong>40 horas<\/strong> semanais. Tais cargos s\u00e3o:<\/p>\n\n\n\n<ul><li>Auxiliar Administrativo;<\/li><li>Auxiliar de Cuidado Dental e<\/li><li>Inseminador.<\/li><\/ul>\n\n\n\n<p>A <strong>remunera\u00e7\u00e3o<\/strong> para os profissionais de <strong>n\u00edvel fundamental completo<\/strong> varia entre <strong>R$ 1.212,00 e 1.556,22<\/strong>.<\/p>\n\n\n\n<ul><li>Auxiliar de Servi\u00e7os Gerais &#8211; Feminino;<\/li><li>Auxiliar de Servi\u00e7os Gerais &#8211; Masculino;<\/li><li>Cozinheira;<\/li><li>Mec\u00e2nico;<\/li><li>Motorista;<\/li><li>Operador de M\u00e1quinas e<\/li><li>Tratorista.<\/li><\/ul>\n\n\n\n<p>Por \u00faltimo, o sal\u00e1rio para os profissionais de s\u00e9ries iniciais do ensino fundamental varia entre <strong>R$ 1.212,00 e 1.919,93<\/strong>.<\/p>\n\n\n\n<h2 class=\"wp-block-heading\" id=\"prova\"><span class=\"ez-toc-section\" id=\"Como_sera_a_prova_do_concurso\"><\/span>Como ser\u00e1 a prova do concurso?<span class=\"ez-toc-section-end\"><\/span><\/h2>\n\n\n\n<p>A <strong>prova objetiva<\/strong> ser\u00e1 aplicada na data prov\u00e1vel de <strong>18 de setembro de 2022<\/strong>, em hor\u00e1rio e local a ser informado no <strong>cart\u00e3o de informa\u00e7\u00e3o do candidato<\/strong>, que dever\u00e1 ser emitido a partir de <strong>14 de setembro<\/strong> de 2022.<\/p>\n\n\n\n<p>Sob este vi\u00e9s, os candidatos ser\u00e3o avaliados por meio de uma <strong>prova objetiva<\/strong> com <strong>30 quest\u00f5es<\/strong>, de car\u00e1ter <strong>classificat\u00f3rio e eliminat\u00f3rio, <\/strong>contendo as seguintes disciplinas:<\/p>\n\n\n\n<ul><li>L\u00edngua Portuguesa (5);<\/li><li>Matem\u00e1tica\/Racioc\u00ednio L\u00f3gico (5);<\/li><li>Conhecimentos Gerais\/Atualidades (5) e<\/li><li>Conhecimentos Espec\u00edficos (15)<\/li><\/ul>\n\n\n\n<p>Por outro lado, os candidatos para os cargos de Agente de Endemias, Motorista, Operador de M\u00e1quinas e Tratorista ser\u00e3o avaliados tamb\u00e9m por uma<strong> prova pr\u00e1tica<\/strong>. <\/p>\n\n\n\n<p>E, somente o candidato para o cargo de Cuidador social ter\u00e1 <strong>avalia\u00e7\u00e3o psicol\u00f3gica<\/strong>.<\/p>\n\n\n\n<p>Contudo, a <strong>prova objetiva<\/strong> ser\u00e1 aplicada na cidade de <strong>Quer\u00eancia do Norte,<\/strong> Estado do Paran\u00e1, podendo ser aplicada tamb\u00e9m em cidades vizinhas, caso o n\u00famero de inscritos exceda a capacidade de aloca\u00e7\u00e3o do munic\u00edpio.<\/p>\n\n\n\n<p>Portanto, o candidato dever\u00e1 comparecer com <strong>anteced\u00eancia m\u00ednima de 45 minutos<\/strong> do hor\u00e1rio estabelecido para o fechamento do port\u00e3o de acesso ao local de realiza\u00e7\u00e3o da prova, munido de: <\/p>\n\n\n\n<ul><li><strong>caneta esferogr\u00e1fica transparente<\/strong> de tinta azul ou preta;<\/li><li><strong>documento oficial<\/strong> <strong>de identifica\u00e7\u00e3o com foto;<\/strong><\/li><li><strong>Cart\u00e3o de Informa\u00e7\u00e3o do Candidato, <\/strong>impresso por meio do endere\u00e7o eletr\u00f4nico.<\/li><\/ul>\n\n\n\n<p>Vale frisar que, ser\u00e3o considerados documentos de identidade: <\/p>\n\n\n\n<ul><li>Carteiras expedidas pelos Comandos Militares, pelas Secretarias de Seguran\u00e7a P\u00fablica, pelos Institutos de Identifica\u00e7\u00e3o e pelos Corpos de Bombeiros Militares;<\/li><li>Carteiras expedidas pelos \u00f3rg\u00e3os fiscalizadores de exerc\u00edcio profissional (ordens, conselhos etc.); <\/li><li>Passaporte brasileiro; <\/li><li>Certificado de reservista; <\/li><li>Carteiras funcionais expedidas por \u00f3rg\u00e3o p\u00fablico que, por lei federal, valham como identidade; carteiras de trabalho; carteiras de identidade do trabalhador; carteiras nacionais de habilita\u00e7\u00e3o em papel (somente o modelo com foto).<\/li><\/ul>\n","protected":false},"excerpt":{"rendered":"<p>Aten\u00e7\u00e3o, concurseiros! A Prefeitura de Quer\u00eancia do Norte-PR, no Paran\u00e1, publicou recentemente o edital que oferta 21 vagas, al\u00e9m de cadastro reserva, para profissionais em n\u00edveis fundamental, m\u00e9dio e superior. Os sal\u00e1rios ser\u00e3o de at\u00e9 R$ 13 mil. Confira! Inscri\u00e7\u00f5es Requisitos Vagas, cargos e sal\u00e1rios Prova Concurso Prefeitura de Quer\u00eancia do Norte-PR: Inscri\u00e7\u00f5es Nesse sentido, os interessados no concurso poder\u00e3o fazer as inscri\u00e7\u00f5es at\u00e9 \u00e0s 23h59min do dia 25 de agosto de 2022 pelo site da banca organizadora, a Funda\u00e7\u00e3o de Apoio ao Desenvolvimento (FAU). Vale destacar que, para haver efetua\u00e7\u00e3o das inscri\u00e7\u00f5es, os candidatos dever\u00e3o preencher o Formul\u00e1rio de&#8230;<\/p>\n","protected":false},"author":12,"featured_media":30002,"template":"","meta":{"_acf_changed":false,"rank_math_lock_modified_date":false},"categories":[],"tags":[],"acf":[],"_links":{"self":[{"href":"https:\/\/www.editorasolucao.com.br\/blog\/wp-json\/wp\/v2\/concurso\/29961"}],"collection":[{"href":"https:\/\/www.editorasolucao.com.br\/blog\/wp-json\/wp\/v2\/concurso"}],"about":[{"href":"https:\/\/www.editorasolucao.com.br\/blog\/wp-json\/wp\/v2\/types\/concurso"}],"author":[{"embeddable":true,"href":"https:\/\/www.editorasolucao.com.br\/blog\/wp-json\/wp\/v2\/users\/12"}],"wp:featuredmedia":[{"embeddable":true,"href":"https:\/\/www.editorasolucao.com.br\/blog\/wp-json\/wp\/v2\/media\/30002"}],"wp:attachment":[{"href":"https:\/\/www.editorasolucao.com.br\/blog\/wp-json\/wp\/v2\/media?parent=29961"}],"wp:term":[{"taxonomy":"category","embeddable":true,"href":"https:\/\/www.editorasolucao.com.br\/blog\/wp-json\/wp\/v2\/categories?post=29961"},{"taxonomy":"post_tag","embeddable":true,"href":"https:\/\/www.editorasolucao.com.br\/blog\/wp-json\/wp\/v2\/tags?post=29961"}],"curies":[{"name":"wp","href":"https:\/\/api.w.org\/{rel}","templated":true}]}}