{"id":31752,"date":"2022-10-19T16:57:06","date_gmt":"2022-10-19T19:57:06","guid":{"rendered":"https:\/\/www.editorasolucao.com.br\/blog\/?post_type=concurso&#038;p=31752"},"modified":"2022-10-19T16:57:12","modified_gmt":"2022-10-19T19:57:12","slug":"mpmg","status":"publish","type":"concurso","link":"https:\/\/www.editorasolucao.com.br\/blog\/concurso\/mpmg","title":{"rendered":"Concurso MPMG: Edital publicado para Oficial e Analista. At\u00e9 R$ 8 mil!"},"content":{"rendered":"\n<p>Foi publicado o edital do <strong>Concurso MPMG<\/strong> (Minist\u00e9rio P\u00fablico de <a href=\"https:\/\/www.editorasolucao.com.br\/blog\/concursos-abertos-mg\">Minas Gerais<\/a>) com oferta de<strong> 101 vagas<\/strong> para profissionais de n\u00edveis m\u00e9dio e superior de escolaridade para cargos de Oficial e Analista. A remunera\u00e7\u00e3o pode chegar a<strong> R$ 8.190,14!<\/strong> Confira!<\/p>\n\n\n\n<ul><li><a href=\"#inscri\u00e7\u00f5es\">Inscri\u00e7\u00f5es<\/a><\/li><li><a href=\"#cargos\">Cargos, vagas e remunera\u00e7\u00e3o<\/a><\/li><li><a href=\"#requisitos\">Requisitos<\/a><\/li><li><a href=\"#etapas\">Etapas<\/a><\/li><\/ul>\n\n\n\n<div id=\"ez-toc-container\" class=\"ez-toc-v2_0_69_1 counter-hierarchy ez-toc-counter ez-toc-grey ez-toc-container-direction\">\n<div class=\"ez-toc-title-container\">\n<p class=\"ez-toc-title \" >Menu de navega&ccedil;&atilde;o<\/p>\n<span class=\"ez-toc-title-toggle\"><a href=\"#\" class=\"ez-toc-pull-right ez-toc-btn ez-toc-btn-xs ez-toc-btn-default ez-toc-toggle\" aria-label=\"Toggle Table of Content\"><span class=\"ez-toc-js-icon-con\"><span class=\"\"><span class=\"eztoc-hide\" style=\"display:none;\">Toggle<\/span><span class=\"ez-toc-icon-toggle-span\"><svg style=\"fill: #999;color:#999\" xmlns=\"http:\/\/www.w3.org\/2000\/svg\" class=\"list-377408\" width=\"20px\" height=\"20px\" viewBox=\"0 0 24 24\" fill=\"none\"><path d=\"M6 6H4v2h2V6zm14 0H8v2h12V6zM4 11h2v2H4v-2zm16 0H8v2h12v-2zM4 16h2v2H4v-2zm16 0H8v2h12v-2z\" fill=\"currentColor\"><\/path><\/svg><svg style=\"fill: #999;color:#999\" class=\"arrow-unsorted-368013\" xmlns=\"http:\/\/www.w3.org\/2000\/svg\" width=\"10px\" height=\"10px\" viewBox=\"0 0 24 24\" version=\"1.2\" baseProfile=\"tiny\"><path d=\"M18.2 9.3l-6.2-6.3-6.2 6.3c-.2.2-.3.4-.3.7s.1.5.3.7c.2.2.4.3.7.3h11c.3 0 .5-.1.7-.3.2-.2.3-.5.3-.7s-.1-.5-.3-.7zM5.8 14.7l6.2 6.3 6.2-6.3c.2-.2.3-.5.3-.7s-.1-.5-.3-.7c-.2-.2-.4-.3-.7-.3h-11c-.3 0-.5.1-.7.3-.2.2-.3.5-.3.7s.1.5.3.7z\"\/><\/svg><\/span><\/span><\/span><\/a><\/span><\/div>\n<nav><ul class='ez-toc-list ez-toc-list-level-1 ' ><li class='ez-toc-page-1 ez-toc-heading-level-2'><a class=\"ez-toc-link ez-toc-heading-1\" href=\"https:\/\/www.editorasolucao.com.br\/blog\/concurso\/mpmg\/#Como_fazer_as_inscricoes_para_o_Concurso_MPMG\" title=\"Como fazer as inscri\u00e7\u00f5es para o Concurso MPMG?\">Como fazer as inscri\u00e7\u00f5es para o Concurso MPMG?<\/a><\/li><li class='ez-toc-page-1 ez-toc-heading-level-2'><a class=\"ez-toc-link ez-toc-heading-2\" href=\"https:\/\/www.editorasolucao.com.br\/blog\/concurso\/mpmg\/#Cargos_vagas_e_remuneracao\" title=\"Cargos, vagas e remunera\u00e7\u00e3o\">Cargos, vagas e remunera\u00e7\u00e3o<\/a><\/li><li class='ez-toc-page-1 ez-toc-heading-level-2'><a class=\"ez-toc-link ez-toc-heading-3\" href=\"https:\/\/www.editorasolucao.com.br\/blog\/concurso\/mpmg\/#Requisitos_para_a_investidura_nos_cargos\" title=\"Requisitos para a investidura nos cargos\">Requisitos para a investidura nos cargos<\/a><\/li><li class='ez-toc-page-1 ez-toc-heading-level-2'><a class=\"ez-toc-link ez-toc-heading-4\" href=\"https:\/\/www.editorasolucao.com.br\/blog\/concurso\/mpmg\/#Como_serao_as_etapas_do_Concurso_MPMG\" title=\"Como ser\u00e3o as etapas do Concurso MPMG\">Como ser\u00e3o as etapas do Concurso MPMG<\/a><\/li><\/ul><\/nav><\/div>\n<h2 class=\"wp-block-heading\" id=\"inscri\u00e7\u00f5es\"><span class=\"ez-toc-section\" id=\"Como_fazer_as_inscricoes_para_o_Concurso_MPMG\"><\/span>Como fazer as inscri\u00e7\u00f5es para o Concurso MPMG?<span class=\"ez-toc-section-end\"><\/span><\/h2>\n\n\n\n<p>As inscri\u00e7\u00f5es dever\u00e3o ser realizadas por meio do site da banca organizadora, o <a href=\"https:\/\/www.institutoconsulplan.org.br\/getConc.aspx?key=7tmnY6xI1FE=\" target=\"_blank\" rel=\"noreferrer noopener\">Instituto Consulplan<\/a>, no per\u00edodo de <strong>11 de novembro a 5 de dezembro<\/strong>.<\/p>\n\n\n\n<p>Portanto, \u00e9 necess\u00e1rio que o candidato efetue o pagamento da<strong> taxa de inscri\u00e7\u00e3o<\/strong> at\u00e9 o dia 6 de novembro. Os valores variam conforme o n\u00edvel de escolaridade, sendo:<\/p>\n\n\n\n<ul><li><strong>R$ 90,00 <\/strong>&#8211; n\u00edvel m\u00e9dio; e<\/li><li><strong>R$ 100,00<\/strong> &#8211; n\u00edvel superior.<\/li><\/ul>\n\n\n\n<p>Ademais, poder\u00e1 solicitar a isen\u00e7\u00e3o da taxa, entre 16h do dia 1\u00ba de novembro de 2022 \u00e0s 16h do dia 8 de novembro, o candidato comprovadamente:<\/p>\n\n\n\n<ul><li>desempregado, de acordo com a Lei Estadual n\u00ba. 13.392, ou <\/li><li>inscrito no Cadastro \u00danico para Programas Sociais do Governo Federal (Cad\u00danico), regulamentado pelo Decreto Federal n.\u00ba 6.135<\/li><\/ul>\n\n\n\n<h2 class=\"wp-block-heading\" id=\"cargos\"><span class=\"ez-toc-section\" id=\"Cargos_vagas_e_remuneracao\"><\/span> Cargos, vagas e remunera\u00e7\u00e3o<span class=\"ez-toc-section-end\"><\/span><\/h2>\n\n\n\n<p>Conforme o <a href=\"https:\/\/www.editorasolucao.com.br\/blog\/concursos-previstos-mg\">edital<\/a> do Concurso MPMG, ser\u00e3o ofertadas <strong>101 vagas<\/strong> <strong>imediatas mais cadastro reserva<\/strong> para profissionais de n\u00edveis m\u00e9dio e superior de escolaridade para <strong>cargos de Oficial e Analista<\/strong>, distribu\u00eddas da seguinte forma:<\/p>\n\n\n\n<ul><li>Oficial do Minist\u00e9rio P\u00fablico: <strong>72<\/strong> +CR; e<\/li><li>Analista do Minist\u00e9rio P\u00fablico: <strong>29<\/strong> +CR.<\/li><\/ul>\n\n\n\n<p>Confira abaixo quais s\u00e3o as especialidades para <a href=\"https:\/\/www.editorasolucao.com.br\/apostila\/mp-mg-comum-especialidades-analista-ministerio-publico\">Analista do Minist\u00e9rio P\u00fablico<\/a> que ser\u00e3o contempladas pelo certame:<\/p>\n\n\n\n<ul><li>Administra\u00e7\u00e3o P\u00fablica&nbsp;\u2013 1 vaga;<\/li><li>Arquitetura&nbsp;\u2013 2 vagas;<\/li><li>Biblioteconomia&nbsp;\u2013 CR;<\/li><li>Ci\u00eancias Cont\u00e1beis&nbsp;\u2013 4 vagas;<\/li><li>Design Gr\u00e1fico&nbsp;\u2013 CR;<\/li><li>Engenharia <ul><li>Civil&nbsp;\u2013 2 vagas;<\/li><li>Seguran\u00e7a do Trabalho&nbsp;\u2013 CR;<\/li><li>El\u00e9trica&nbsp;\u2013 1 vaga;<\/li><li>Mec\u00e2nica&nbsp;\u2013 1 vaga;<\/li><\/ul><\/li><li>Estat\u00edstica&nbsp;\u2013 1 vaga;<\/li><li>Fisioterapia&nbsp;\u2013 CR;<\/li><li>Hist\u00f3ria&nbsp;\u2013 CR;<\/li><li>Jornalismo&nbsp;\u2013 CR;<\/li><li>Letras&nbsp;\u2013 1 vaga;<\/li><li>Medicina-<ul><li>Cardiologia&nbsp;\u2013 1 vaga;<\/li><li>Cl\u00ednica M\u00e9dica&nbsp;\u2013 CR;<\/li><li>Medicina do Trabalho&nbsp;\u2013 1 vaga;<\/li><li>Psiquiatria \u2013 CR;<\/li><\/ul><\/li><li>Pedagogia&nbsp;\u2013 CR;<\/li><li>Psicologia&nbsp;\u2013 1 vaga;<\/li><li>Rela\u00e7\u00f5es P\u00fablicas&nbsp;\u2013 CR;<\/li><li>Servi\u00e7o Social&nbsp;\u2013 1 vaga;<\/li><li>Tecnologia da&nbsp;Informa\u00e7\u00e3o-<ul><li>An\u00e1lise de Neg\u00f3cio&nbsp;\u2013 2 vagas;<\/li><li>Gest\u00e3o de Projetos de TI&nbsp;\u2013 3 vagas;<\/li><li>Infraestrutura de TI&nbsp;\u2013 2 vagas;<\/li><li>Seguran\u00e7a de TI&nbsp;\u2013 2 vagas;<\/li><li>Suporte de TI&nbsp;\u2013 3 vagas;<\/li><\/ul><\/li><\/ul>\n\n\n\n<p>Sendo assim, a remunera\u00e7\u00e3o varia conforme o cargo pretendido e o n\u00edvel de escolaridade exigido, sendo:<\/p>\n\n\n\n<ul><li><a href=\"https:\/\/www.editorasolucao.com.br\/combo\/digital-mp-mg-oficial-ministerio-publico\">Oficial do Minist\u00e9rio P\u00fablico<\/a>:&nbsp;<strong>R$ 4.075,84<\/strong>; e<\/li><li>Analista do Minist\u00e9rio P\u00fablico:&nbsp;<strong>R$ 6.279,14<\/strong>.<\/li><\/ul>\n\n\n\n<p>Vale destacar que al\u00e9m dos valores acima, os profissionais ganhar\u00e3o benef\u00edcios, os quais:<\/p>\n\n\n\n<ul><li>Vale-lanche:&nbsp;<strong>R$ 1.333,00<\/strong>; e<\/li><li>Aux\u00edlio-Sa\u00fade:&nbsp;<strong>R$ 578,00<\/strong>.<\/li><\/ul>\n\n\n\n<p>Somando, ent\u00e3o, os valores, a remunera\u00e7\u00e3o para os empregados ser\u00e1:<\/p>\n\n\n\n<ul id=\"block-2dc7fe86-1f12-42e9-bbc7-61b7bae82e48\"><li>Oficial do Minist\u00e9rio P\u00fablico:&nbsp;<strong>R$ 5.986,84<\/strong>; e<\/li><li>Analista do Minist\u00e9rio P\u00fablico:&nbsp;<strong>R$ 8.190,14<\/strong><\/li><\/ul>\n\n\n\n<h2 class=\"wp-block-heading\" id=\"requisitos\"><span class=\"ez-toc-section\" id=\"Requisitos_para_a_investidura_nos_cargos\"><\/span>Requisitos para a investidura nos cargos<span class=\"ez-toc-section-end\"><\/span><\/h2>\n\n\n\n<p>Saiba quais ser\u00e3o as <strong>exig\u00eancias m\u00ednimas <\/strong>para que os concurseiros possam tomar posse do cargo pretendido:<\/p>\n\n\n\n<ul><li>Ser brasileiro, nato ou naturalizado, ou portugu\u00eas amparado pela reciprocidade de direitos advinda da legisla\u00e7\u00e3o espec\u00edfica.<\/li><li>Estar em dia com as obriga\u00e7\u00f5es eleitorais.<\/li><li>Estar em dia com as obriga\u00e7\u00f5es militares, se do sexo masculino.<\/li><li>Achar-se em pleno gozo de seus direitos pol\u00edticos e civis.<\/li><li>N\u00e3o ter sido condenado \u00e0 pena privativa de liberdade transitada em julgado ou qualquer outra condena\u00e7\u00e3o incompat\u00edvel com a fun\u00e7\u00e3o p\u00fablica.<\/li><li>N\u00e3o registrar antecedentes criminais que se apresentem, a crit\u00e9rio do MPMG, incompat\u00edveis com a natureza do cargo.<\/li><li>Ter, no m\u00ednimo, 18 anos de idade<strong>.<\/strong><\/li><li>Apresentar laudo m\u00e9dico subscrito pelo Departamento de Per\u00edcia M\u00e9dica e Sa\u00fade Ocupacional da Procuradoria Geral de Justi\u00e7a atestando que goza de boa sa\u00fade f\u00edsica e mental nos termos definidos neste edital.<\/li><li>Apresentar a documenta\u00e7\u00e3o exigida no item 18 do Edital.<\/li><li>Comprovar, at\u00e9 a data da posse, o preenchimento dos requisitos do cargo\/especialidade para o qual se inscreveu, conforme item 2 do Edital;<\/li><li>Declarar, em formul\u00e1rio fornecido pela Procuradoria-Geral de Justi\u00e7a, que n\u00e3o exerce a advocacia, nos termos da Lei Estadual n\u00ba 16.180\/06.<\/li><li>O candidato dever\u00e1 declarar, na solicita\u00e7\u00e3o de inscri\u00e7\u00e3o, que tem ci\u00eancia e aceita que, caso aprovado, dever\u00e1 entregar os documentos comprobat\u00f3rios dos requisitos exigidos para o cargo\/especialidade por ocasi\u00e3o da posse<\/li><li>Cumprir as determina\u00e7\u00f5es do edital.<\/li><\/ul>\n\n\n\n<h2 class=\"wp-block-heading\" id=\"etapas\"><span class=\"ez-toc-section\" id=\"Como_serao_as_etapas_do_Concurso_MPMG\"><\/span>Como ser\u00e3o as etapas do Concurso MPMG<span class=\"ez-toc-section-end\"><\/span><\/h2>\n\n\n\n<p>Os participantes do certame ser\u00e3o avaliados pelas seguintes <strong>etapas<\/strong>:<\/p>\n\n\n\n<ul><li>Prova Objetiva &#8211; de car\u00e1ter classificat\u00f3rio e eliminat\u00f3rio, para todos os cargos; e<\/li><li>Prova Discursiva\/reda\u00e7\u00e3o &#8211; de car\u00e1ter eliminat\u00f3rio e classificat\u00f3rio, para todos os cargos.<\/li><\/ul>\n\n\n\n<h3 class=\"wp-block-heading\">Prova Objetiva<\/h3>\n\n\n\n<p>Esta etapa, para todos os cargos, tem data prevista para o dia <strong>15 de janeiro de 2023<\/strong>, nas cidades de Belo Horizonte, Governador Valadares, Juiz de Fora, Montes Claros, Pouso Alegre e Uberl\u00e2ndia, nos seguintes per\u00edodos:<\/p>\n\n\n\n<ul><li><strong>Manh\u00e3<\/strong>: 8h \u00e0s 12h30min para o cargo de Analista do Minist\u00e9rio P\u00fablico;<\/li><li><strong>Tarde<\/strong>: 14h30min \u00e0s 19h para o cargo de Oficial do Minist\u00e9rio P\u00fablico.<\/li><\/ul>\n\n\n\n<p>A avalia\u00e7\u00e3o ter\u00e1 dura\u00e7\u00e3o de 4h30 e ser\u00e1 composta por <strong>50 quest\u00f5es<\/strong> de m\u00faltipla escolha. Cada quest\u00e3o contar\u00e1 com 4 alternativas (A, B, C e D) e apenas uma \u00fanica reposta correta.<\/p>\n\n\n\n<p>Confira abaixo quais ser\u00e3o as <strong>disciplinas<\/strong> cobradas no certame:<\/p>\n\n\n<div class=\"wp-block-image is-style-default\">\n<figure class=\"aligncenter size-full\"><img loading=\"lazy\" decoding=\"async\" width=\"681\" height=\"216\" src=\"https:\/\/www.editorasolucao.com.br\/blog\/wp-content\/uploads\/2022\/10\/image-110.png\" alt=\"\" class=\"wp-image-31754\"\/><\/figure><\/div>\n\n\n<h3 class=\"wp-block-heading\">Prova Discursiva\/Reda\u00e7\u00e3o<\/h3>\n\n\n\n<p>Esta etapa, tamb\u00e9m para todos os cargos, ser\u00e1 simult\u00e2nea \u00e1 Prova Objetiva.<\/p>\n\n\n\n<p>Nessa avalia\u00e7\u00e3o os candidatos dever\u00e3o desenvolver, entre 20 e 30 linhas, uma reda\u00e7\u00e3o do tipo <strong>dissertativo<\/strong> sobre tema da atualidade. <\/p>\n\n\n\n<p>Os <strong>aspectos<\/strong> a serem avaliados s\u00e3o os seguintes:<\/p>\n\n\n<div class=\"wp-block-image is-style-default\">\n<figure class=\"aligncenter size-full\"><img loading=\"lazy\" decoding=\"async\" width=\"611\" height=\"232\" src=\"https:\/\/www.editorasolucao.com.br\/blog\/wp-content\/uploads\/2022\/10\/image-111.png\" alt=\"\" class=\"wp-image-31755\"\/><\/figure><\/div>\n\n\n<p><\/p>\n","protected":false},"excerpt":{"rendered":"<p>Foi publicado o edital do Concurso MPMG (Minist\u00e9rio P\u00fablico de Minas Gerais) com oferta de 101 vagas para profissionais de n\u00edveis m\u00e9dio e superior de escolaridade para cargos de Oficial e Analista. A remunera\u00e7\u00e3o pode chegar a R$ 8.190,14! Confira! Inscri\u00e7\u00f5es Cargos, vagas e remunera\u00e7\u00e3o Requisitos Etapas Como fazer as inscri\u00e7\u00f5es para o Concurso MPMG? As inscri\u00e7\u00f5es dever\u00e3o ser realizadas por meio do site da banca organizadora, o Instituto Consulplan, no per\u00edodo de 11 de novembro a 5 de dezembro. Portanto, \u00e9 necess\u00e1rio que o candidato efetue o pagamento da taxa de inscri\u00e7\u00e3o at\u00e9 o dia 6 de novembro. Os&#8230;<\/p>\n","protected":false},"author":17,"featured_media":31757,"template":"","meta":{"_acf_changed":false,"rank_math_lock_modified_date":false},"categories":[],"tags":[],"acf":[],"_links":{"self":[{"href":"https:\/\/www.editorasolucao.com.br\/blog\/wp-json\/wp\/v2\/concurso\/31752"}],"collection":[{"href":"https:\/\/www.editorasolucao.com.br\/blog\/wp-json\/wp\/v2\/concurso"}],"about":[{"href":"https:\/\/www.editorasolucao.com.br\/blog\/wp-json\/wp\/v2\/types\/concurso"}],"author":[{"embeddable":true,"href":"https:\/\/www.editorasolucao.com.br\/blog\/wp-json\/wp\/v2\/users\/17"}],"wp:featuredmedia":[{"embeddable":true,"href":"https:\/\/www.editorasolucao.com.br\/blog\/wp-json\/wp\/v2\/media\/31757"}],"wp:attachment":[{"href":"https:\/\/www.editorasolucao.com.br\/blog\/wp-json\/wp\/v2\/media?parent=31752"}],"wp:term":[{"taxonomy":"category","embeddable":true,"href":"https:\/\/www.editorasolucao.com.br\/blog\/wp-json\/wp\/v2\/categories?post=31752"},{"taxonomy":"post_tag","embeddable":true,"href":"https:\/\/www.editorasolucao.com.br\/blog\/wp-json\/wp\/v2\/tags?post=31752"}],"curies":[{"name":"wp","href":"https:\/\/api.w.org\/{rel}","templated":true}]}}