{"id":31779,"date":"2022-10-20T16:48:25","date_gmt":"2022-10-20T19:48:25","guid":{"rendered":"https:\/\/www.editorasolucao.com.br\/blog\/?post_type=concurso&#038;p=31779"},"modified":"2022-10-20T16:48:31","modified_gmt":"2022-10-20T19:48:31","slug":"prefeitura-de-coromandel-mg","status":"publish","type":"concurso","link":"https:\/\/www.editorasolucao.com.br\/blog\/concurso\/prefeitura-de-coromandel-mg","title":{"rendered":"Concurso Prefeitura de Coromandel-MG: Edital publicado. 97 vagas para Educa\u00e7\u00e3o!"},"content":{"rendered":"\n<p>A <strong>Prefeitura de Coromandel<\/strong>, em <a href=\"https:\/\/www.editorasolucao.com.br\/blog\/concursos-abertos-mg\">Minas Gerais<\/a>, publicou edital com <strong>97 vagas<\/strong> para profissionais de n\u00edvel m\u00e9dio e superior de escolaridade na \u00e1rea de Educa\u00e7\u00e3o. A remunera\u00e7\u00e3o \u00e9 de at\u00e9 <strong>R$6.048,00!<\/strong> Confira!<\/p>\n\n\n\n<ul><li><a href=\"#inscri\u00e7\u00f5es\">Inscri\u00e7\u00f5es<\/a><\/li><li><a href=\"#cargos\">Cargos, vagas e remunera\u00e7\u00e3o<\/a><\/li><li><a href=\"#requisitos\">Requisitos<\/a><\/li><li><a href=\"#etapas\">Etapas<\/a><\/li><\/ul>\n\n\n\n<div id=\"ez-toc-container\" class=\"ez-toc-v2_0_69_1 counter-hierarchy ez-toc-counter ez-toc-grey ez-toc-container-direction\">\n<div class=\"ez-toc-title-container\">\n<p class=\"ez-toc-title \" >Menu de navega&ccedil;&atilde;o<\/p>\n<span class=\"ez-toc-title-toggle\"><a href=\"#\" class=\"ez-toc-pull-right ez-toc-btn ez-toc-btn-xs ez-toc-btn-default ez-toc-toggle\" aria-label=\"Toggle Table of Content\"><span class=\"ez-toc-js-icon-con\"><span class=\"\"><span class=\"eztoc-hide\" style=\"display:none;\">Toggle<\/span><span class=\"ez-toc-icon-toggle-span\"><svg style=\"fill: #999;color:#999\" xmlns=\"http:\/\/www.w3.org\/2000\/svg\" class=\"list-377408\" width=\"20px\" height=\"20px\" viewBox=\"0 0 24 24\" fill=\"none\"><path d=\"M6 6H4v2h2V6zm14 0H8v2h12V6zM4 11h2v2H4v-2zm16 0H8v2h12v-2zM4 16h2v2H4v-2zm16 0H8v2h12v-2z\" fill=\"currentColor\"><\/path><\/svg><svg style=\"fill: #999;color:#999\" class=\"arrow-unsorted-368013\" xmlns=\"http:\/\/www.w3.org\/2000\/svg\" width=\"10px\" height=\"10px\" viewBox=\"0 0 24 24\" version=\"1.2\" baseProfile=\"tiny\"><path d=\"M18.2 9.3l-6.2-6.3-6.2 6.3c-.2.2-.3.4-.3.7s.1.5.3.7c.2.2.4.3.7.3h11c.3 0 .5-.1.7-.3.2-.2.3-.5.3-.7s-.1-.5-.3-.7zM5.8 14.7l6.2 6.3 6.2-6.3c.2-.2.3-.5.3-.7s-.1-.5-.3-.7c-.2-.2-.4-.3-.7-.3h-11c-.3 0-.5.1-.7.3-.2.2-.3.5-.3.7s.1.5.3.7z\"\/><\/svg><\/span><\/span><\/span><\/a><\/span><\/div>\n<nav><ul class='ez-toc-list ez-toc-list-level-1 ' ><li class='ez-toc-page-1 ez-toc-heading-level-2'><a class=\"ez-toc-link ez-toc-heading-1\" href=\"https:\/\/www.editorasolucao.com.br\/blog\/concurso\/prefeitura-de-coromandel-mg\/#Como_fazer_as_inscricoes_para_o_Concurso_Prefeitura_Coromandel-MG\" title=\"Como fazer as inscri\u00e7\u00f5es para o Concurso Prefeitura Coromandel-MG?\">Como fazer as inscri\u00e7\u00f5es para o Concurso Prefeitura Coromandel-MG?<\/a><\/li><li class='ez-toc-page-1 ez-toc-heading-level-2'><a class=\"ez-toc-link ez-toc-heading-2\" href=\"https:\/\/www.editorasolucao.com.br\/blog\/concurso\/prefeitura-de-coromandel-mg\/#Cargos_vagas_e_remuneracao\" title=\"Cargos, vagas e remunera\u00e7\u00e3o\">Cargos, vagas e remunera\u00e7\u00e3o<\/a><\/li><li class='ez-toc-page-1 ez-toc-heading-level-2'><a class=\"ez-toc-link ez-toc-heading-3\" href=\"https:\/\/www.editorasolucao.com.br\/blog\/concurso\/prefeitura-de-coromandel-mg\/#Requisitos_para_a_investidura_nos_cargos\" title=\"Requisitos para a investidura nos cargos\">Requisitos para a investidura nos cargos<\/a><\/li><li class='ez-toc-page-1 ez-toc-heading-level-2'><a class=\"ez-toc-link ez-toc-heading-4\" href=\"https:\/\/www.editorasolucao.com.br\/blog\/concurso\/prefeitura-de-coromandel-mg\/#Como_serao_as_etapas_do_Concurso_Prefeitura_Coromandel-MG\" title=\"Como ser\u00e3o as etapas do Concurso Prefeitura Coromandel-MG?\">Como ser\u00e3o as etapas do Concurso Prefeitura Coromandel-MG?<\/a><\/li><\/ul><\/nav><\/div>\n<h2 class=\"wp-block-heading\" id=\"inscri\u00e7\u00f5es\"><span class=\"ez-toc-section\" id=\"Como_fazer_as_inscricoes_para_o_Concurso_Prefeitura_Coromandel-MG\"><\/span>Como fazer as inscri\u00e7\u00f5es para o Concurso Prefeitura Coromandel-MG?<span class=\"ez-toc-section-end\"><\/span><\/h2>\n\n\n\n<p>As inscri\u00e7\u00f5es dever\u00e3o ser realizadas por meio do site da banca organizadora, a <a href=\"https:\/\/portal.iadhedconcursos.org\/edital\/ver\/29\" target=\"_blank\" rel=\"noreferrer noopener\">Iadhed Concursos<\/a>, no per\u00edodo de <strong>21 de novembro at\u00e9 21 de dezembro de 2022<\/strong>.<\/p>\n\n\n\n<p>Portanto, \u00e9 necess\u00e1rio que o candidato efetue o pagamento da <strong>taxa de inscri\u00e7\u00e3o<\/strong> at\u00e9 o dia 22 de dezembro. Os valores variam conforme o n\u00edvel de escolaridade e cargo pretendido, sendo:<\/p>\n\n\n\n<ul><li>R$ 150,00 &#8211;  para o cargo de Inspetor Escolar;<\/li><li>R$ 90,00 &#8211; para demais cargos de n\u00edvel superior;<\/li><li>R$ 70,00 &#8211; para cargo de n\u00edvel m\u00e9dio.<\/li><\/ul>\n\n\n\n<p>Poder\u00e1 solicitar a <strong>isen\u00e7\u00e3o da taxa<\/strong>, no per\u00edodo de 21 de novembro de 2022 at\u00e9 23 de novembro, o candidato que comprovar ser hipossuficiente; e\/ou estar, na data da inscri\u00e7\u00e3o, desempregado.<\/p>\n\n\n\n<h2 class=\"wp-block-heading\" id=\"cargos\"><span class=\"ez-toc-section\" id=\"Cargos_vagas_e_remuneracao\"><\/span>Cargos, vagas e remunera\u00e7\u00e3o <span class=\"ez-toc-section-end\"><\/span><\/h2>\n\n\n\n<p>Conforme o <a href=\"https:\/\/www.editorasolucao.com.br\/blog\/concursos-previstos-mg\">edital<\/a> do Concurso Prefeitura Coromandel-MG, ser\u00e3o ofertadas <strong>97 vagas<\/strong> para profissionais de n\u00edvel m\u00e9dio e superior de escolaridade na \u00e1rea de Educa\u00e7\u00e3o, distribu\u00eddas da seguinte forma:<\/p>\n\n\n\n<p>N\u00edvel m\u00e9dio<\/p>\n\n\n\n<ul><li><a href=\"https:\/\/www.editorasolucao.com.br\/apostila\/prefeitura-coromandel-mg-monitor-creche\">Monitor de Creche<\/a> (40).<\/li><\/ul>\n\n\n\n<p>N\u00edvel Superior<\/p>\n\n\n\n<ul><li><a href=\"https:\/\/www.editorasolucao.com.br\/apostila\/prefeitura-coromandel-mg-inspetor-escolar\">Inspetor Escolar<\/a> (1);<\/li><li>Professor <ul><li>Educa\u00e7\u00e3o Infantil (8); <\/li><li>Atendimento Educacional Especializado (6); <\/li><li> Regente de Aula <ul><li>Arte (1); <\/li><li>Ci\u00eancias (1); <\/li><li>Ensino Religioso (1); <\/li><li>Geografia (1); <\/li><li>Hist\u00f3ria (1); <\/li><li>L\u00edngua Inglesa (1); <\/li><li>Matem\u00e1tica (3); <\/li><\/ul><\/li><li>Regente de Turma (26); <\/li><\/ul><\/li><li>Supervisor Pedag\u00f3gico (7)<\/li><\/ul>\n\n\n\n<p>Sendo assim, a remunera\u00e7\u00e3o varia conforme o cargo e o n\u00edvel de escolaridade exigido, indo de <strong>R$2.052,00 a R$6.048,00<\/strong> para jornada de trabalho de 24h, 30h e 40h semanais.<\/p>\n\n\n\n<h2 class=\"wp-block-heading\" id=\"requisitos\"><span class=\"ez-toc-section\" id=\"Requisitos_para_a_investidura_nos_cargos\"><\/span>Requisitos para a investidura nos cargos<span class=\"ez-toc-section-end\"><\/span><\/h2>\n\n\n\n<p>Confira abaixo quais s\u00e3o as <strong>exig\u00eancias<\/strong> do Concurso Prefeitura Coromandel-MG para que o candidato tome posse do cargo pretendido:<\/p>\n\n\n\n<ul><li>ter sido classificado no concurso p\u00fablico na forma estabelecida neste Edital, em seus anexos e eventuais retifica\u00e7\u00f5es;<\/li><li>possuir e comprovar os requisitos espec\u00edficos para o cargo\/fun\u00e7\u00e3o conforme Anexo I;<\/li><li>ter nacionalidade brasileira ou portuguesa e, no caso de nacionalidade portuguesa, estar amparado pelo estatuto de igualdade entre brasileiros e portugueses, com reconhecimento do gozo dos direitos pol\u00edticos, nos termos do \u00a71\u00ba do art. 12 da Constitui\u00e7\u00e3o da Rep\u00fablica Federativa do Brasil e na forma do disposto no art. 13 do Decreto n\u00ba 70.436, de 18 de abril de 1972;<\/li><li>ter, na data da posse, idade m\u00ednima de 18 anos completos;<\/li><li>estar em gozo dos direitos pol\u00edticos;<\/li><li>possuir capacidade civil, na forma da lei;<\/li><li>estar quite com as obriga\u00e7\u00f5es eleitorais e, se do sexo masculino, com as obriga\u00e7\u00f5es militares;<\/li><li>apresentar declara\u00e7\u00e3o quanto ao exerc\u00edcio de outro(s) cargo(s), emprego(s) ou fun\u00e7\u00e3o(\u00f5es) p\u00fablica(s) e sobre o recebimento de proventos decorrentes de aposentadoria e de pens\u00e3o, quando for o caso;<\/li><li>ser considerado apto no exame m\u00e9dico pr\u00e9-admissional a ser realizado pela administra\u00e7\u00e3o p\u00fablica municipal;<\/li><li>estar apto f\u00edsica e mentalmente para o exerc\u00edcio das atribui\u00e7\u00f5es do cargo\/fun\u00e7\u00e3o.<\/li><\/ul>\n\n\n\n<h2 class=\"wp-block-heading\" id=\"etapas\"><span class=\"ez-toc-section\" id=\"Como_serao_as_etapas_do_Concurso_Prefeitura_Coromandel-MG\"><\/span>Como ser\u00e3o as etapas do Concurso Prefeitura Coromandel-MG?<span class=\"ez-toc-section-end\"><\/span><\/h2>\n\n\n\n<p>Os participantes do certame ser\u00e3o avaliados por meio das seguintes <strong>etapas<\/strong>:<\/p>\n\n\n\n<ul><li>Prova Objetiva &#8211; de car\u00e1ter eliminat\u00f3rio e classificat\u00f3rio, para todos os cargos;<\/li><li>Prova de T\u00edtulos &#8211; de car\u00e1ter classificat\u00f3rio, para todos os cargos;<\/li><li>Avalia\u00e7\u00e3o M\u00e9dica &#8211; de car\u00e1ter eliminat\u00f3rio, para todos os cargos;<\/li><li>Apresenta\u00e7\u00e3o de Documentos &#8211; de car\u00e1ter eliminat\u00f3rio, para todos os cargos.<\/li><\/ul>\n\n\n\n<h3 class=\"wp-block-heading\">Prova Objetiva Concurso Prefeitura Coromandel-MG<\/h3>\n\n\n\n<p>Esta etapa, para todos os cargos, tem data prevista para o dia <strong>29 de janeiro de 2023<\/strong>, na cidade de Coromandel-MG, com dura\u00e7\u00e3o de 4h.<\/p>\n\n\n\n<p>A avalia\u00e7\u00e3o ser\u00e1 composta por <strong>40 quest\u00f5es<\/strong>, e cada quest\u00e3o conter\u00e1 4 alternativas de resposta, com uma \u00fanica resposta correta.<\/p>\n\n\n\n<p>Confira abaixo quais <strong>disciplinas<\/strong> ser\u00e3o cobradas pelo certame:<\/p>\n\n\n<div class=\"wp-block-image is-style-default\">\n<figure class=\"aligncenter size-full\"><img loading=\"lazy\" decoding=\"async\" width=\"720\" height=\"154\" src=\"https:\/\/www.editorasolucao.com.br\/blog\/wp-content\/uploads\/2022\/10\/image-117.png\" alt=\"\" class=\"wp-image-31783\"\/><\/figure><\/div>\n\n\n<h3 class=\"wp-block-heading\">Prova de T\u00edtulos<\/h3>\n\n\n\n<p>Os candidatos <strong>aprovados e classificados<\/strong> na Prova Objetiva poder\u00e3o enviar a documenta\u00e7\u00e3o pelo site da banca organizadora na data que ser\u00e1 divulgada por meio de edital.<\/p>\n\n\n\n<p>A <strong>pontua\u00e7\u00e3o<\/strong> ser\u00e1 distribu\u00edda da seguinte forma:<\/p>\n\n\n<div class=\"wp-block-image is-style-default\">\n<figure class=\"aligncenter size-full\"><img loading=\"lazy\" decoding=\"async\" width=\"736\" height=\"126\" src=\"https:\/\/www.editorasolucao.com.br\/blog\/wp-content\/uploads\/2022\/10\/image-118.png\" alt=\"\" class=\"wp-image-31785\"\/><\/figure><\/div>\n\n<div class=\"wp-block-image is-style-default\">\n<figure class=\"aligncenter size-full\"><img loading=\"lazy\" decoding=\"async\" width=\"744\" height=\"361\" src=\"https:\/\/www.editorasolucao.com.br\/blog\/wp-content\/uploads\/2022\/10\/image-119.png\" alt=\"\" class=\"wp-image-31786\"\/><\/figure><\/div>\n\n\n<h3 class=\"wp-block-heading\">Avalia\u00e7\u00e3o M\u00e9dica<\/h3>\n\n\n\n<p>Esta etapa, destinada aos candidatos <strong>aprovados e classificados<\/strong> nas etapas anteriores, ter\u00e1 data, local e hor\u00e1rios definidos e divulgados por meio do site da banca organizadora.<\/p>\n\n\n\n<p>A avalia\u00e7\u00e3o m\u00e9dica ser\u00e1 realizada por junta m\u00e9dica, sob a responsabilidade da P.M.C., que decidir\u00e1<br>quanto \u00e0 aptid\u00e3o f\u00edsica e mental do candidato para o exerc\u00edcio do cargo\/fun\u00e7\u00e3o. Sendo composta por exame cl\u00ednico geral, atestado psicol\u00f3gico e por exames laboratoriais complementares.<\/p>\n\n\n\n<h3 class=\"wp-block-heading\">Apresenta\u00e7\u00e3o de Documentos <\/h3>\n\n\n\n<p>Por fim, como \u00faltima etapa do Concurso Prefeitura Coromandel-MG para a contrata\u00e7\u00e3o, o candidato <strong>aprovado e classificado<\/strong> na etapa anterior, dever\u00e1 entregar todos os documentos comprobat\u00f3rios exigidos no edital e na Lei para nomea\u00e7\u00e3o, bem como o que mais a Prefeitura Municipal de Coromandel-MG julgar necess\u00e1rio para comprovar a satisfa\u00e7\u00e3o dos crit\u00e9rios legais para nomea\u00e7\u00e3o do candidato.<\/p>\n\n\n\n<p>Vale destacar que, na data marcada, que ainda ser\u00e1 definida, o candidato dever\u00e1 apresentar documentos originais exigidos, entregar as declara\u00e7\u00f5es originais e a ficha cadastral preenchida.<\/p>\n","protected":false},"excerpt":{"rendered":"<p>A Prefeitura de Coromandel, em Minas Gerais, publicou edital com 97 vagas para profissionais de n\u00edvel m\u00e9dio e superior de escolaridade na \u00e1rea de Educa\u00e7\u00e3o. A remunera\u00e7\u00e3o \u00e9 de at\u00e9 R$6.048,00! Confira! Inscri\u00e7\u00f5es Cargos, vagas e remunera\u00e7\u00e3o Requisitos Etapas Como fazer as inscri\u00e7\u00f5es para o Concurso Prefeitura Coromandel-MG? As inscri\u00e7\u00f5es dever\u00e3o ser realizadas por meio do site da banca organizadora, a Iadhed Concursos, no per\u00edodo de 21 de novembro at\u00e9 21 de dezembro de 2022. Portanto, \u00e9 necess\u00e1rio que o candidato efetue o pagamento da taxa de inscri\u00e7\u00e3o at\u00e9 o dia 22 de dezembro. Os valores variam conforme o n\u00edvel&#8230;<\/p>\n","protected":false},"author":17,"featured_media":31788,"template":"","meta":{"_acf_changed":false,"rank_math_lock_modified_date":false},"categories":[],"tags":[],"acf":[],"_links":{"self":[{"href":"https:\/\/www.editorasolucao.com.br\/blog\/wp-json\/wp\/v2\/concurso\/31779"}],"collection":[{"href":"https:\/\/www.editorasolucao.com.br\/blog\/wp-json\/wp\/v2\/concurso"}],"about":[{"href":"https:\/\/www.editorasolucao.com.br\/blog\/wp-json\/wp\/v2\/types\/concurso"}],"author":[{"embeddable":true,"href":"https:\/\/www.editorasolucao.com.br\/blog\/wp-json\/wp\/v2\/users\/17"}],"wp:featuredmedia":[{"embeddable":true,"href":"https:\/\/www.editorasolucao.com.br\/blog\/wp-json\/wp\/v2\/media\/31788"}],"wp:attachment":[{"href":"https:\/\/www.editorasolucao.com.br\/blog\/wp-json\/wp\/v2\/media?parent=31779"}],"wp:term":[{"taxonomy":"category","embeddable":true,"href":"https:\/\/www.editorasolucao.com.br\/blog\/wp-json\/wp\/v2\/categories?post=31779"},{"taxonomy":"post_tag","embeddable":true,"href":"https:\/\/www.editorasolucao.com.br\/blog\/wp-json\/wp\/v2\/tags?post=31779"}],"curies":[{"name":"wp","href":"https:\/\/api.w.org\/{rel}","templated":true}]}}