{"id":31795,"date":"2022-10-21T16:05:31","date_gmt":"2022-10-21T19:05:31","guid":{"rendered":"https:\/\/www.editorasolucao.com.br\/blog\/?post_type=concurso&#038;p=31795"},"modified":"2022-10-21T16:05:37","modified_gmt":"2022-10-21T19:05:37","slug":"crt-3","status":"publish","type":"concurso","link":"https:\/\/www.editorasolucao.com.br\/blog\/concurso\/crt-3","title":{"rendered":"Concurso CRT-3: Edital publicado. 175 vagas e at\u00e9 R$ 4 mil!"},"content":{"rendered":"\n<p>Foi publicado o edital do <strong>Concurso CRT-3<\/strong> (Conselho Regional dos T\u00e9cnicos Industriais da 3\u00aa Regi\u00e3o)&nbsp;com <strong>175 vagas<\/strong> para profissionais de n\u00edveis m\u00e9dio, t\u00e9cnico e superior, para os estados de <a href=\"https:\/\/www.editorasolucao.com.br\/blog\/concursos-abertos-se\">SE<\/a>, <a href=\"https:\/\/www.editorasolucao.com.br\/blog\/concursos-abertos-pb\">PB<\/a>, <a href=\"https:\/\/www.editorasolucao.com.br\/blog\/concursos-abertos-al\">AL<\/a> e <a href=\"https:\/\/www.editorasolucao.com.br\/blog\/concursos-abertos-pe\">PE<\/a>. A remunera\u00e7\u00e3o inicial \u00e9 de at\u00e9 <strong>R$ 4.000<\/strong>! Confira!<\/p>\n\n\n\n<ul><li><a href=\"#inscri\u00e7\u00f5es\">Inscri\u00e7\u00f5es<\/a><\/li><li><a href=\"#cargos\">Cargos, vagas e remunera\u00e7\u00e3o<\/a><\/li><li><a href=\"#requisitos\">Requisitos<\/a><\/li><li><a href=\"#etapas\">Etapas<\/a><\/li><\/ul>\n\n\n\n<div id=\"ez-toc-container\" class=\"ez-toc-v2_0_69_1 counter-hierarchy ez-toc-counter ez-toc-grey ez-toc-container-direction\">\n<div class=\"ez-toc-title-container\">\n<p class=\"ez-toc-title \" >Menu de navega&ccedil;&atilde;o<\/p>\n<span class=\"ez-toc-title-toggle\"><a href=\"#\" class=\"ez-toc-pull-right ez-toc-btn ez-toc-btn-xs ez-toc-btn-default ez-toc-toggle\" aria-label=\"Toggle Table of Content\"><span class=\"ez-toc-js-icon-con\"><span class=\"\"><span class=\"eztoc-hide\" style=\"display:none;\">Toggle<\/span><span class=\"ez-toc-icon-toggle-span\"><svg style=\"fill: #999;color:#999\" xmlns=\"http:\/\/www.w3.org\/2000\/svg\" class=\"list-377408\" width=\"20px\" height=\"20px\" viewBox=\"0 0 24 24\" fill=\"none\"><path d=\"M6 6H4v2h2V6zm14 0H8v2h12V6zM4 11h2v2H4v-2zm16 0H8v2h12v-2zM4 16h2v2H4v-2zm16 0H8v2h12v-2z\" fill=\"currentColor\"><\/path><\/svg><svg style=\"fill: #999;color:#999\" class=\"arrow-unsorted-368013\" xmlns=\"http:\/\/www.w3.org\/2000\/svg\" width=\"10px\" height=\"10px\" viewBox=\"0 0 24 24\" version=\"1.2\" baseProfile=\"tiny\"><path d=\"M18.2 9.3l-6.2-6.3-6.2 6.3c-.2.2-.3.4-.3.7s.1.5.3.7c.2.2.4.3.7.3h11c.3 0 .5-.1.7-.3.2-.2.3-.5.3-.7s-.1-.5-.3-.7zM5.8 14.7l6.2 6.3 6.2-6.3c.2-.2.3-.5.3-.7s-.1-.5-.3-.7c-.2-.2-.4-.3-.7-.3h-11c-.3 0-.5.1-.7.3-.2.2-.3.5-.3.7s.1.5.3.7z\"\/><\/svg><\/span><\/span><\/span><\/a><\/span><\/div>\n<nav><ul class='ez-toc-list ez-toc-list-level-1 ' ><li class='ez-toc-page-1 ez-toc-heading-level-2'><a class=\"ez-toc-link ez-toc-heading-1\" href=\"https:\/\/www.editorasolucao.com.br\/blog\/concurso\/crt-3\/#Como_fazer_as_inscricoes_para_o_Concurso_CRT-3\" title=\"Como fazer as inscri\u00e7\u00f5es para o Concurso CRT-3?\">Como fazer as inscri\u00e7\u00f5es para o Concurso CRT-3?<\/a><\/li><li class='ez-toc-page-1 ez-toc-heading-level-2'><a class=\"ez-toc-link ez-toc-heading-2\" href=\"https:\/\/www.editorasolucao.com.br\/blog\/concurso\/crt-3\/#Cargos_vagas_e_remuneracao\" title=\"Cargos, vagas e remunera\u00e7\u00e3o\">Cargos, vagas e remunera\u00e7\u00e3o<\/a><\/li><li class='ez-toc-page-1 ez-toc-heading-level-2'><a class=\"ez-toc-link ez-toc-heading-3\" href=\"https:\/\/www.editorasolucao.com.br\/blog\/concurso\/crt-3\/#Requisitos_para_a_investidura_nos_cargos\" title=\"Requisitos para a investidura nos cargos\">Requisitos para a investidura nos cargos<\/a><\/li><li class='ez-toc-page-1 ez-toc-heading-level-2'><a class=\"ez-toc-link ez-toc-heading-4\" href=\"https:\/\/www.editorasolucao.com.br\/blog\/concurso\/crt-3\/#Como_serao_as_etapas_do_Concurso_CRT-3\" title=\"Como ser\u00e3o as etapas do Concurso CRT-3?\">Como ser\u00e3o as etapas do Concurso CRT-3?<\/a><\/li><\/ul><\/nav><\/div>\n<h2 class=\"wp-block-heading\" id=\"inscri\u00e7\u00f5es\"><span class=\"ez-toc-section\" id=\"Como_fazer_as_inscricoes_para_o_Concurso_CRT-3\"><\/span>Como fazer as inscri\u00e7\u00f5es para o Concurso CRT-3?<span class=\"ez-toc-section-end\"><\/span><\/h2>\n\n\n\n<p>As inscri\u00e7\u00f5es devem ser realizadas por meio do site da banca organizadora, o <strong>Instituto Quadrix<\/strong>, at\u00e9 o dia <strong>03 de novembro de 2022.<\/strong><\/p>\n\n\n\n<p>Portanto, \u00e9 necess\u00e1rio que o candidato efetue o pagamento da <strong>taxa de inscri\u00e7\u00e3o<\/strong> at\u00e9 o dia 4 de novembro de 2022. Os valores variam conforme o n\u00edvel de escolaridade, sendo:<\/p>\n\n\n\n<ul><li>R$ 49,00 para ensino m\u00e9dio;<\/li><li>R$ 59,00 para curso t\u00e9cnico; e<\/li><li>R$ 69,00 para forma\u00e7\u00e3o superior.<\/li><\/ul>\n\n\n\n<p>Houve possibilidade para a isen\u00e7\u00e3o da taxa, por\u00e9m o per\u00edodo j\u00e1 foi encerrado.<\/p>\n\n\n\n<h2 class=\"wp-block-heading\" id=\"cargos\"><span class=\"ez-toc-section\" id=\"Cargos_vagas_e_remuneracao\"><\/span>Cargos, vagas e remunera\u00e7\u00e3o<span class=\"ez-toc-section-end\"><\/span><\/h2>\n\n\n\n<p>Conforme o <a href=\"https:\/\/www.editorasolucao.com.br\/blog\/concursos-previstos-nacional\">edital<\/a> do Concurso CRT-3, ser\u00e3o ofertadas <strong>175 vagas<\/strong> para profissionais de n\u00edveis m\u00e9dio, t\u00e9cnico e superior, para os estados de Sergipe, Para\u00edba, Alagoas e Pernambuco, distribu\u00eddas da seguinte forma:<\/p>\n\n\n\n<p><strong>N\u00edvel M\u00e9dio <\/strong><\/p>\n\n\n\n<ul><li><a href=\"https:\/\/www.editorasolucao.com.br\/apostila\/crt-03-tecnico-administrativo\">T\u00e9cnico Administrativo<\/a> (80).<\/li><\/ul>\n\n\n\n<p><strong>N\u00edvel T\u00e9cnico<\/strong><\/p>\n\n\n\n<ul><li>Fiscal (80).<\/li><\/ul>\n\n\n\n<p><strong>N\u00edvel Superior<\/strong><\/p>\n\n\n\n<ul><li>Analista Administrativo (15).<\/li><\/ul>\n\n\n\n<p>Sendo assim, a remunera\u00e7\u00e3o inicial  para o cargo de T\u00e9cnico Administrativo ser\u00e1 de<strong> R$ 2.200,00<\/strong>, para Fiscal ser\u00e1 de <strong>R$ 3.300,00<\/strong> e para Analista Administrativo ser\u00e1 de <strong>R$ 4.000,00<\/strong>. Ainda para todos os cargos, ser\u00e3o somados os seguintes benef\u00edcios:<\/p>\n\n\n\n<ul><li>Vale Alimenta\u00e7\u00e3o, no valor de R$ 33,00 por dia efetivamente trabalhado; e<\/li><li>Vale-transporte, conforme legisla\u00e7\u00e3o.<\/li><\/ul>\n\n\n\n<h2 class=\"wp-block-heading\" id=\"requisitos\"><span class=\"ez-toc-section\" id=\"Requisitos_para_a_investidura_nos_cargos\"><\/span>Requisitos para a investidura nos cargos <span class=\"ez-toc-section-end\"><\/span><\/h2>\n\n\n\n<p>Confira abaixo quais s\u00e3o as<strong> exig\u00eancias<\/strong> do Concurso CRT-3 para que o candidato possa tomar posse do cargo pretendido:<\/p>\n\n\n\n<ul><li>ser aprovado em todas as fases do processo seletivo;<\/li><li>ter a nacionalidade brasileira ou portuguesa e, no caso de nacionalidade portuguesa, estar amparado pelo Estatuto de Igualdade entre Brasileiros e Portugueses, com reconhecimento do gozo dos direitos pol\u00edticos, nos termos do \u00a7 1\u00ba do art. 12 da Constitui\u00e7\u00e3o Federal;<\/li><li>estar em gozo dos direitos pol\u00edticos;<\/li><li>estar quite com as obriga\u00e7\u00f5es militares, em caso de candidato do sexo masculino;<\/li><li>estar quite com as obriga\u00e7\u00f5es eleitorais;<\/li><li>possuir os requisitos exigidos para o exerc\u00edcio do cargo, conforme o edital;<\/li><li>ter idade m\u00ednima de 18 anos completos na data da contrata\u00e7\u00e3o;<\/li><li>apresentar atestado de pr\u00e9via aprova\u00e7\u00e3o de aptid\u00e3o f\u00edsica e mental para o exerc\u00edcio das atribui\u00e7\u00f5es do cargo;<\/li><li>apresentar declara\u00e7\u00e3o de que n\u00e3o acumula cargo ou fun\u00e7\u00e3o p\u00fablica, ou proventos de inatividade, ressalvadas as possibilidades de acumula\u00e7\u00e3o l\u00edcita previstas no Inciso XVI do art. 37 da Constitui\u00e7\u00e3o Federal;<\/li><li>ter aptid\u00e3o f\u00edsica e mental para o exerc\u00edcio das atribui\u00e7\u00f5es correspondentes ao cargo; e<\/li><li>n\u00e3o estar cumprindo san\u00e7\u00e3o por inidoneidade, aplicada por qualquer \u00f3rg\u00e3o p\u00fablico ou entidade das esferas federal, estadual, municipal ou do Distrito Federal; e<\/li><li>cumprir as determina\u00e7\u00f5es do edital.<\/li><\/ul>\n\n\n\n<h2 class=\"wp-block-heading\" id=\"etapas\"><span class=\"ez-toc-section\" id=\"Como_serao_as_etapas_do_Concurso_CRT-3\"><\/span>Como ser\u00e3o as etapas do Concurso CRT-3?<span class=\"ez-toc-section-end\"><\/span><\/h2>\n\n\n\n<p>Os participantes do certame ser\u00e3o avaliados por meio das seguintes <strong>etapas<\/strong>:<\/p>\n\n\n\n<ul><li>Prova Objetiva &#8211; de car\u00e1ter eliminat\u00f3rio e classificat\u00f3rio, para todos os cargos; <\/li><li>Prova de T\u00edtulos &#8211; de car\u00e1ter classificat\u00f3rio, para o cargo de Analista Administrativo.<\/li><\/ul>\n\n\n\n<h3 class=\"wp-block-heading\">Prova Objetiva<\/h3>\n\n\n\n<p>Esta etapa, para todos os cargos, tem data prevista para o dia <strong>11 de dezembro de 2022<\/strong> nas cidades de Aracaju\/SE, Jo\u00e3o Pessoa\/PB, Macei\u00f3\/AL e Recife\/PE, no turno da tarde.<\/p>\n\n\n\n<p>A avalia\u00e7\u00e3o ter\u00e1 dura\u00e7\u00e3o m\u00e1xima de 3h e ser\u00e1 composta por <strong>120 quest\u00f5es<\/strong> de julgamento certo ou errado, <strong>acerca<\/strong> das seguintes disciplinas:<\/p>\n\n\n\n<ul><li>40 quest\u00f5es de conhecimentos b\u00e1sicos <ul><li>L\u00edngua Portuguesa;<\/li><li>No\u00e7\u00f5es de Inform\u00e1tica; e <\/li><li>Racioc\u00ednio L\u00f3gico e Matem\u00e1tico;<\/li><\/ul><\/li><li>30 quest\u00f5es de conhecimentos complementares <ul><li>Legisla\u00e7\u00e3o e \u00c9tica na Administra\u00e7\u00e3o p\u00fablica; e <\/li><li>No\u00e7\u00f5es de Direito Constitucional; e<\/li><\/ul><\/li><li>50 quest\u00f5es de conhecimentos espec\u00edficos.<\/li><\/ul>\n\n\n\n<h3 class=\"wp-block-heading\">Prova de T\u00edtulos<\/h3>\n\n\n\n<p>Os candidatos para o cargo de Analista Administrativo <strong>aprovados e mais bem classificados<\/strong> na Prova Objetiva poder\u00e3o enviar a documenta\u00e7\u00e3o por meio do site da banca organizadora no per\u00edodo de 18 a 20 de janeiro de 2023.<\/p>\n\n\n\n<p>A<strong> pontua\u00e7\u00e3o<\/strong> ser\u00e1 distribu\u00edda da seguinte forma:<\/p>\n\n\n<div class=\"wp-block-image is-style-default\">\n<figure class=\"aligncenter size-full\"><img loading=\"lazy\" decoding=\"async\" width=\"747\" height=\"284\" src=\"https:\/\/www.editorasolucao.com.br\/blog\/wp-content\/uploads\/2022\/10\/image-123.png\" alt=\"\" class=\"wp-image-31797\"\/><\/figure><\/div>","protected":false},"excerpt":{"rendered":"<p>Foi publicado o edital do Concurso CRT-3 (Conselho Regional dos T\u00e9cnicos Industriais da 3\u00aa Regi\u00e3o)&nbsp;com 175 vagas para profissionais de n\u00edveis m\u00e9dio, t\u00e9cnico e superior, para os estados de SE, PB, AL e PE. A remunera\u00e7\u00e3o inicial \u00e9 de at\u00e9 R$ 4.000! Confira! Inscri\u00e7\u00f5es Cargos, vagas e remunera\u00e7\u00e3o Requisitos Etapas Como fazer as inscri\u00e7\u00f5es para o Concurso CRT-3? As inscri\u00e7\u00f5es devem ser realizadas por meio do site da banca organizadora, o Instituto Quadrix, at\u00e9 o dia 03 de novembro de 2022. Portanto, \u00e9 necess\u00e1rio que o candidato efetue o pagamento da taxa de inscri\u00e7\u00e3o at\u00e9 o dia 4 de novembro&#8230;<\/p>\n","protected":false},"author":17,"featured_media":31798,"template":"","meta":{"_acf_changed":false,"rank_math_lock_modified_date":false},"categories":[],"tags":[],"acf":[],"_links":{"self":[{"href":"https:\/\/www.editorasolucao.com.br\/blog\/wp-json\/wp\/v2\/concurso\/31795"}],"collection":[{"href":"https:\/\/www.editorasolucao.com.br\/blog\/wp-json\/wp\/v2\/concurso"}],"about":[{"href":"https:\/\/www.editorasolucao.com.br\/blog\/wp-json\/wp\/v2\/types\/concurso"}],"author":[{"embeddable":true,"href":"https:\/\/www.editorasolucao.com.br\/blog\/wp-json\/wp\/v2\/users\/17"}],"wp:featuredmedia":[{"embeddable":true,"href":"https:\/\/www.editorasolucao.com.br\/blog\/wp-json\/wp\/v2\/media\/31798"}],"wp:attachment":[{"href":"https:\/\/www.editorasolucao.com.br\/blog\/wp-json\/wp\/v2\/media?parent=31795"}],"wp:term":[{"taxonomy":"category","embeddable":true,"href":"https:\/\/www.editorasolucao.com.br\/blog\/wp-json\/wp\/v2\/categories?post=31795"},{"taxonomy":"post_tag","embeddable":true,"href":"https:\/\/www.editorasolucao.com.br\/blog\/wp-json\/wp\/v2\/tags?post=31795"}],"curies":[{"name":"wp","href":"https:\/\/api.w.org\/{rel}","templated":true}]}}