{"id":31832,"date":"2022-10-24T17:17:28","date_gmt":"2022-10-24T20:17:28","guid":{"rendered":"https:\/\/www.editorasolucao.com.br\/blog\/?post_type=concurso&#038;p=31832"},"modified":"2022-10-24T17:17:34","modified_gmt":"2022-10-24T20:17:34","slug":"prefeitura-de-uberlandia-mg-educacao","status":"publish","type":"concurso","link":"https:\/\/www.editorasolucao.com.br\/blog\/concurso\/prefeitura-de-uberlandia-mg-educacao","title":{"rendered":"Processo Seletivo Prefeitura de Uberl\u00e2ndia-MG: Edital publicado. 14 vagas para Educa\u00e7\u00e3o!"},"content":{"rendered":"\n<p>A<strong> Prefeitura de Uberl\u00e2ndia<\/strong>, em <a href=\"https:\/\/www.editorasolucao.com.br\/blog\/concursos-abertos-mg\">Minas Gerais<\/a>, publicou edital com <strong>14 vagas<\/strong> para profissionais de n\u00edveis fundamental, m\u00e9dio\/t\u00e9cnico e superior para a \u00e1rea de Educa\u00e7\u00e3o. A remunera\u00e7\u00e3o chega a <strong>R$3.554,29!<\/strong> Confira!<\/p>\n\n\n\n<ul><li><a href=\"#inscri\u00e7\u00f5es\">Inscri\u00e7\u00f5es<\/a><\/li><li><a href=\"#cargos\">Cargos, vagas e remunera\u00e7\u00e3o<\/a><\/li><li><a href=\"#requisitos\">Requisitos<\/a><\/li><li><a href=\"#etapa\">Etapas<\/a><\/li><\/ul>\n\n\n\n<div id=\"ez-toc-container\" class=\"ez-toc-v2_0_69_1 counter-hierarchy ez-toc-counter ez-toc-grey ez-toc-container-direction\">\n<div class=\"ez-toc-title-container\">\n<p class=\"ez-toc-title \" >Menu de navega&ccedil;&atilde;o<\/p>\n<span class=\"ez-toc-title-toggle\"><a href=\"#\" class=\"ez-toc-pull-right ez-toc-btn ez-toc-btn-xs ez-toc-btn-default ez-toc-toggle\" aria-label=\"Toggle Table of Content\"><span class=\"ez-toc-js-icon-con\"><span class=\"\"><span class=\"eztoc-hide\" style=\"display:none;\">Toggle<\/span><span class=\"ez-toc-icon-toggle-span\"><svg style=\"fill: #999;color:#999\" xmlns=\"http:\/\/www.w3.org\/2000\/svg\" class=\"list-377408\" width=\"20px\" height=\"20px\" viewBox=\"0 0 24 24\" fill=\"none\"><path d=\"M6 6H4v2h2V6zm14 0H8v2h12V6zM4 11h2v2H4v-2zm16 0H8v2h12v-2zM4 16h2v2H4v-2zm16 0H8v2h12v-2z\" fill=\"currentColor\"><\/path><\/svg><svg style=\"fill: #999;color:#999\" class=\"arrow-unsorted-368013\" xmlns=\"http:\/\/www.w3.org\/2000\/svg\" width=\"10px\" height=\"10px\" viewBox=\"0 0 24 24\" version=\"1.2\" baseProfile=\"tiny\"><path d=\"M18.2 9.3l-6.2-6.3-6.2 6.3c-.2.2-.3.4-.3.7s.1.5.3.7c.2.2.4.3.7.3h11c.3 0 .5-.1.7-.3.2-.2.3-.5.3-.7s-.1-.5-.3-.7zM5.8 14.7l6.2 6.3 6.2-6.3c.2-.2.3-.5.3-.7s-.1-.5-.3-.7c-.2-.2-.4-.3-.7-.3h-11c-.3 0-.5.1-.7.3-.2.2-.3.5-.3.7s.1.5.3.7z\"\/><\/svg><\/span><\/span><\/span><\/a><\/span><\/div>\n<nav><ul class='ez-toc-list ez-toc-list-level-1 ' ><li class='ez-toc-page-1 ez-toc-heading-level-2'><a class=\"ez-toc-link ez-toc-heading-1\" href=\"https:\/\/www.editorasolucao.com.br\/blog\/concurso\/prefeitura-de-uberlandia-mg-educacao\/#Como_fazer_as_inscricoes_para_o_Processo_Seletivo_Prefeitura_de_Uberlandia-MG\" title=\"Como fazer as inscri\u00e7\u00f5es para o Processo Seletivo Prefeitura de Uberl\u00e2ndia-MG?\">Como fazer as inscri\u00e7\u00f5es para o Processo Seletivo Prefeitura de Uberl\u00e2ndia-MG?<\/a><\/li><li class='ez-toc-page-1 ez-toc-heading-level-2'><a class=\"ez-toc-link ez-toc-heading-2\" href=\"https:\/\/www.editorasolucao.com.br\/blog\/concurso\/prefeitura-de-uberlandia-mg-educacao\/#Cargos_vagas_e_remuneracao\" title=\"Cargos, vagas e remunera\u00e7\u00e3o\">Cargos, vagas e remunera\u00e7\u00e3o<\/a><\/li><li class='ez-toc-page-1 ez-toc-heading-level-2'><a class=\"ez-toc-link ez-toc-heading-3\" href=\"https:\/\/www.editorasolucao.com.br\/blog\/concurso\/prefeitura-de-uberlandia-mg-educacao\/#Requisitos_para_a_investidura_nos_cargos\" title=\"Requisitos para a investidura nos cargos\">Requisitos para a investidura nos cargos<\/a><\/li><li class='ez-toc-page-1 ez-toc-heading-level-2'><a class=\"ez-toc-link ez-toc-heading-4\" href=\"https:\/\/www.editorasolucao.com.br\/blog\/concurso\/prefeitura-de-uberlandia-mg-educacao\/#Como_sera_a_etapa_do_Processo_Seletivo_Prefeitura_de_Uberlandia-MG\" title=\"Como ser\u00e1 a etapa do Processo Seletivo Prefeitura de Uberl\u00e2ndia-MG?\">Como ser\u00e1 a etapa do Processo Seletivo Prefeitura de Uberl\u00e2ndia-MG?<\/a><\/li><\/ul><\/nav><\/div>\n<h2 class=\"wp-block-heading\" id=\"inscri\u00e7\u00f5es\"><span class=\"ez-toc-section\" id=\"Como_fazer_as_inscricoes_para_o_Processo_Seletivo_Prefeitura_de_Uberlandia-MG\"><\/span>Como fazer as inscri\u00e7\u00f5es para o Processo Seletivo Prefeitura de Uberl\u00e2ndia-MG?<span class=\"ez-toc-section-end\"><\/span><\/h2>\n\n\n\n<p>As inscri\u00e7\u00f5es dever\u00e3o ser realizadas at\u00e9 o dia <strong>1\u00ba de novembro<\/strong>, por meio do site da banca organizadora, o <a href=\"https:\/\/www.msconcursos.com.br\/\" target=\"_blank\" rel=\"noopener\">MS Concursos<\/a>.<\/p>\n\n\n\n<p>Portanto, \u00e9 necess\u00e1rio que o candidato efetue o pagamento da <strong>taxa de inscri\u00e7\u00e3o<\/strong> at\u00e9 o dia 3 de novembro. Os valores variam conforme o n\u00edvel de escolaridade, sendo:<\/p>\n\n\n\n<ul><li><strong>R$ 18,80<\/strong> &#8211; para cargos de n\u00edvel fundamental;<\/li><li><strong>R$  28,22<\/strong> &#8211; para cargos de n\u00edvel m\u00e9dio\/t\u00e9cnico;<\/li><li><strong>R$ 37,61<\/strong> &#8211; para cargos de n\u00edvel superior.<\/li><\/ul>\n\n\n\n<p>Houve possibilidade para a isen\u00e7\u00e3o da taxa aos candidatos que atendem aos requisitos, todavia o per\u00edodo j\u00e1 foi encerrado.<\/p>\n\n\n\n<h2 class=\"wp-block-heading\" id=\"cargos\"><span class=\"ez-toc-section\" id=\"Cargos_vagas_e_remuneracao\"><\/span>Cargos, vagas e remunera\u00e7\u00e3o<span class=\"ez-toc-section-end\"><\/span><\/h2>\n\n\n\n<p>Conforme o <a href=\"https:\/\/www.editorasolucao.com.br\/blog\/concursos-previstos-mg\">edital<\/a> do Processo Seletivo Prefeitura de Uberl\u00e2ndia-MG, ser\u00e3o ofertadas <strong>14 vagas<\/strong> para profissionais de n\u00edveis fundamental, m\u00e9dio\/t\u00e9cnico e superior para a \u00e1rea de Educa\u00e7\u00e3o, distribu\u00eddas da seguinte forma:<\/p>\n\n\n\n<p><strong>N\u00edvel fundamental<\/strong><\/p>\n\n\n\n<ul><li>Agente de Servi\u00e7os Gerais (1).<\/li><\/ul>\n\n\n\n<p><strong>N\u00edvel m\u00e9dio\/t\u00e9cnico<\/strong><\/p>\n\n\n\n<ul><li>Profissional de Apoio Escolar (1).<\/li><\/ul>\n\n\n\n<p><strong>N\u00edvel superior<\/strong><\/p>\n\n\n\n<ul><li>Analista Pedag\u00f3gico (1); <\/li><li>Professor &#8211;<ul><li>Atendimento Educacional Especializado (1); <\/li><li>Arte (1); <\/li><li>Ci\u00eancias da Natureza (1); <\/li><li>Educa\u00e7\u00e3o F\u00edsica (1); <\/li><li>Educa\u00e7\u00e3o Infantil e 1\u00ba ao 5\u00ba ano (1); <\/li><li>Ensino Religioso (1); <\/li><li>Geografia (1); <\/li><li>Hist\u00f3ria (1); <\/li><li>Ingl\u00eas (1); <\/li><li>L\u00edngua Portuguesa (1); <\/li><li>Matem\u00e1tica (1).<\/li><\/ul><\/li><\/ul>\n\n\n\n<p>Sendo assim, a remunera\u00e7\u00e3o varia conforme o cargo e o n\u00edvel de escolaridade exigido, indo de <strong>R$1.078,22 a R$3.554,29<\/strong> para jornada de trabalho de 20h a 40h semanais.<\/p>\n\n\n\n<h2 class=\"wp-block-heading\" id=\"requisitos\"><span class=\"ez-toc-section\" id=\"Requisitos_para_a_investidura_nos_cargos\"><\/span>Requisitos para a investidura nos cargos<span class=\"ez-toc-section-end\"><\/span><\/h2>\n\n\n\n<p>Confira abaixo quais s\u00e3o as <strong>exig\u00eancias<\/strong> do Processo Seletivo Prefeitura de Uberl\u00e2ndia-MG para que o candidato possa tomar posse do cargo pretendido:<\/p>\n\n\n\n<ul><li>Ser brasileiro (a) nato (a) ou naturalizado (a), ou ser estrangeiro (a), com igualdade de direitos nos termos da Constitui\u00e7\u00e3o Federal da Rep\u00fablica Federativa do Brasil e demais legisla\u00e7\u00f5es espec\u00edficas;<\/li><li>Estar no gozo dos seus direitos pol\u00edticos;<\/li><li>Estar em dia com as obriga\u00e7\u00f5es militares (no caso do sexo masculino, nos termos do Decreto n\u00ba. 57.654\/1966, alterado pelo Decreto n\u00ba. 93.670\/1986) e eleitorais;<\/li><li>Ter, na data da contrata\u00e7\u00e3o, 18 anos completos, sem preju\u00edzo do direito nos casos de antecipa\u00e7\u00e3o dos efeitos da maioridade, nos termos do C\u00f3digo Civil;<\/li><li>Ter sido previamente aprovado neste Processo Seletivo Simplificado P\u00fablico;<\/li><li>Possuir aptid\u00e3o f\u00edsica e mental para o exerc\u00edcio do cargo p\u00fablico e n\u00e3o possuir defici\u00eancia f\u00edsica incompat\u00edvel com o exerc\u00edcio do cargo, comprovada em inspe\u00e7\u00e3o realizada pelo servi\u00e7o m\u00e9dico indicado pela Prefeitura Municipal de Uberl\u00e2ndia; <\/li><li>Possuir o n\u00edvel de escolaridade exigido para o exerc\u00edcio das atribui\u00e7\u00f5es inerentes ao cargo;<\/li><li>Atender quaisquer outros requisitos ou condi\u00e7\u00f5es especiais prescritos em lei para provimento do cargo;<\/li><li>N\u00e3o ter sido demitido, ou exonerado do servi\u00e7o p\u00fablico (federal, estadual ou municipal) em consequ\u00eancia de processo administrativo (por justa causa, ou a bem do servi\u00e7o p\u00fablico);<\/li><li>N\u00e3o possuir, \u00e0 \u00e9poca da contrata\u00e7\u00e3o, qualquer impeditivo legal e\/ou por decis\u00e3o judicial ao ingresso no Servi\u00e7o P\u00fablico;<\/li><li>Documenta\u00e7\u00e3o comprobat\u00f3ria determinada no edital;<\/li><li>N\u00e3o ter sido condenado por crime contra o Patrim\u00f4nio, a Administra\u00e7\u00e3o e a F\u00e9 P\u00fablica, os Costumes e os previstos na Lei Federal n.\u00ba 11.343;<\/li><li>N\u00e3o possuir antecedentes criminais;<\/li><li>N\u00e3o estar com idade de aposentadoria compuls\u00f3ria e n\u00e3o receber proventos de aposentadoria, ou remunera\u00e7\u00e3o de cargo, emprego ou fun\u00e7\u00e3o p\u00fablica, ressalvados os cargos acumul\u00e1veis previstos na Constitui\u00e7\u00e3o Federal.<\/li><\/ul>\n\n\n\n<h2 class=\"wp-block-heading\" id=\"etapa\"><span class=\"ez-toc-section\" id=\"Como_sera_a_etapa_do_Processo_Seletivo_Prefeitura_de_Uberlandia-MG\"><\/span>Como ser\u00e1 a etapa do Processo Seletivo Prefeitura de Uberl\u00e2ndia-MG?<span class=\"ez-toc-section-end\"><\/span><\/h2>\n\n\n\n<p>Os participantes do certame ser\u00e3o avaliados por meio de uma <strong>\u00fanica etapa<\/strong>: Prova Objetiva, de car\u00e1ter eliminat\u00f3rio e classificat\u00f3rio, para todos os cargos.<\/p>\n\n\n\n<h3 class=\"wp-block-heading\">Prova Objetiva<\/h3>\n\n\n\n<p>Esta etapa \u00fanica, para todos os cargos, tem data prevista para o dia <strong>4 de dezembro de 2022<\/strong>, na cidade de Uberl\u00e2ndia-MG e ter\u00e1 dura\u00e7\u00e3o m\u00e1xima de 3 horas.<\/p>\n\n\n\n<p>A avalia\u00e7\u00e3o ser\u00e1 composta por <strong>25 quest\u00f5es<\/strong> para os n\u00edveis fundamental e m\u00e9dio e<strong> 30 quest\u00f5es<\/strong> para o n\u00edvel superior que conter\u00e3o 04 alternativas (A, B, C, D), das quais haver\u00e1 uma \u00fanica resposta correta.<\/p>\n\n\n\n<p>Confira abaixo quais ser\u00e3o as <strong>disciplinas<\/strong> cobradas no certame:<\/p>\n\n\n<div class=\"wp-block-image is-style-default\">\n<figure class=\"aligncenter size-full\"><img loading=\"lazy\" decoding=\"async\" width=\"680\" height=\"166\" src=\"https:\/\/www.editorasolucao.com.br\/blog\/wp-content\/uploads\/2022\/10\/image-132.png\" alt=\"\" class=\"wp-image-31834\"\/><\/figure><\/div>\n\n<div class=\"wp-block-image is-style-default\">\n<figure class=\"aligncenter size-full\"><img loading=\"lazy\" decoding=\"async\" width=\"675\" height=\"159\" src=\"https:\/\/www.editorasolucao.com.br\/blog\/wp-content\/uploads\/2022\/10\/image-133.png\" alt=\"\" class=\"wp-image-31835\"\/><\/figure><\/div>\n\n<div class=\"wp-block-image is-style-default\">\n<figure class=\"aligncenter size-full\"><img loading=\"lazy\" decoding=\"async\" width=\"677\" height=\"163\" src=\"https:\/\/www.editorasolucao.com.br\/blog\/wp-content\/uploads\/2022\/10\/image-134.png\" alt=\"\" class=\"wp-image-31836\"\/><\/figure><\/div>\n\n\n<p>Por fim, a <strong>pontua\u00e7\u00e3o final<\/strong> ser\u00e1 a pontua\u00e7\u00e3o total obtida na Prova Objetiva para todos os cargos e ser\u00e1 somente aprovado o candidato que obtiver o m\u00ednimo de 50 pontos.<\/p>\n","protected":false},"excerpt":{"rendered":"<p>A Prefeitura de Uberl\u00e2ndia, em Minas Gerais, publicou edital com 14 vagas para profissionais de n\u00edveis fundamental, m\u00e9dio\/t\u00e9cnico e superior para a \u00e1rea de Educa\u00e7\u00e3o. A remunera\u00e7\u00e3o chega a R$3.554,29! Confira! Inscri\u00e7\u00f5es Cargos, vagas e remunera\u00e7\u00e3o Requisitos Etapas Como fazer as inscri\u00e7\u00f5es para o Processo Seletivo Prefeitura de Uberl\u00e2ndia-MG? As inscri\u00e7\u00f5es dever\u00e3o ser realizadas at\u00e9 o dia 1\u00ba de novembro, por meio do site da banca organizadora, o MS Concursos. Portanto, \u00e9 necess\u00e1rio que o candidato efetue o pagamento da taxa de inscri\u00e7\u00e3o at\u00e9 o dia 3 de novembro. Os valores variam conforme o n\u00edvel de escolaridade, sendo: R$ 18,80&#8230;<\/p>\n","protected":false},"author":17,"featured_media":31837,"template":"","meta":{"_acf_changed":false,"rank_math_lock_modified_date":false},"categories":[],"tags":[],"acf":[],"_links":{"self":[{"href":"https:\/\/www.editorasolucao.com.br\/blog\/wp-json\/wp\/v2\/concurso\/31832"}],"collection":[{"href":"https:\/\/www.editorasolucao.com.br\/blog\/wp-json\/wp\/v2\/concurso"}],"about":[{"href":"https:\/\/www.editorasolucao.com.br\/blog\/wp-json\/wp\/v2\/types\/concurso"}],"author":[{"embeddable":true,"href":"https:\/\/www.editorasolucao.com.br\/blog\/wp-json\/wp\/v2\/users\/17"}],"wp:featuredmedia":[{"embeddable":true,"href":"https:\/\/www.editorasolucao.com.br\/blog\/wp-json\/wp\/v2\/media\/31837"}],"wp:attachment":[{"href":"https:\/\/www.editorasolucao.com.br\/blog\/wp-json\/wp\/v2\/media?parent=31832"}],"wp:term":[{"taxonomy":"category","embeddable":true,"href":"https:\/\/www.editorasolucao.com.br\/blog\/wp-json\/wp\/v2\/categories?post=31832"},{"taxonomy":"post_tag","embeddable":true,"href":"https:\/\/www.editorasolucao.com.br\/blog\/wp-json\/wp\/v2\/tags?post=31832"}],"curies":[{"name":"wp","href":"https:\/\/api.w.org\/{rel}","templated":true}]}}