{"id":32034,"date":"2022-11-04T15:01:09","date_gmt":"2022-11-04T18:01:09","guid":{"rendered":"https:\/\/www.editorasolucao.com.br\/blog\/?post_type=concurso&#038;p=32034"},"modified":"2022-11-04T15:01:14","modified_gmt":"2022-11-04T18:01:14","slug":"seger-es","status":"publish","type":"concurso","link":"https:\/\/www.editorasolucao.com.br\/blog\/concurso\/seger-es","title":{"rendered":"Concurso Seger-ES: Edital publicado para Analista. 2 mil vagas!"},"content":{"rendered":"\n<p>Foi publicado o edital do Concurso Seger-ES (Secretaria de Gest\u00e3o e Recursos Humanos do <a href=\"https:\/\/www.editorasolucao.com.br\/blog\/concursos-abertos-es\">Esp\u00edrito Santo<\/a>) com oferta de <strong>2.000 vagas<\/strong> para profissionais de n\u00edvel superior de escolaridade em diversas \u00e1reas. A remunera\u00e7\u00e3o inicial \u00e9 de <strong><strong>R$6.882,60<\/strong>!<\/strong> Confira!<\/p>\n\n\n\n<ul><li><a href=\"#inscri\u00e7\u00f5es\">Inscri\u00e7\u00f5es<\/a><\/li><li><a href=\"#cargos\">Cargos, vagas e remunera\u00e7\u00e3o<\/a><\/li><li><a href=\"#requisitos\">Requisitos<\/a><\/li><li><a href=\"#etapas\">Etapas<\/a><\/li><\/ul>\n\n\n\n<div id=\"ez-toc-container\" class=\"ez-toc-v2_0_69_1 counter-hierarchy ez-toc-counter ez-toc-grey ez-toc-container-direction\">\n<div class=\"ez-toc-title-container\">\n<p class=\"ez-toc-title \" >Menu de navega&ccedil;&atilde;o<\/p>\n<span class=\"ez-toc-title-toggle\"><a href=\"#\" class=\"ez-toc-pull-right ez-toc-btn ez-toc-btn-xs ez-toc-btn-default ez-toc-toggle\" aria-label=\"Toggle Table of Content\"><span class=\"ez-toc-js-icon-con\"><span class=\"\"><span class=\"eztoc-hide\" style=\"display:none;\">Toggle<\/span><span class=\"ez-toc-icon-toggle-span\"><svg style=\"fill: #999;color:#999\" xmlns=\"http:\/\/www.w3.org\/2000\/svg\" class=\"list-377408\" width=\"20px\" height=\"20px\" viewBox=\"0 0 24 24\" fill=\"none\"><path d=\"M6 6H4v2h2V6zm14 0H8v2h12V6zM4 11h2v2H4v-2zm16 0H8v2h12v-2zM4 16h2v2H4v-2zm16 0H8v2h12v-2z\" fill=\"currentColor\"><\/path><\/svg><svg style=\"fill: #999;color:#999\" class=\"arrow-unsorted-368013\" xmlns=\"http:\/\/www.w3.org\/2000\/svg\" width=\"10px\" height=\"10px\" viewBox=\"0 0 24 24\" version=\"1.2\" baseProfile=\"tiny\"><path d=\"M18.2 9.3l-6.2-6.3-6.2 6.3c-.2.2-.3.4-.3.7s.1.5.3.7c.2.2.4.3.7.3h11c.3 0 .5-.1.7-.3.2-.2.3-.5.3-.7s-.1-.5-.3-.7zM5.8 14.7l6.2 6.3 6.2-6.3c.2-.2.3-.5.3-.7s-.1-.5-.3-.7c-.2-.2-.4-.3-.7-.3h-11c-.3 0-.5.1-.7.3-.2.2-.3.5-.3.7s.1.5.3.7z\"\/><\/svg><\/span><\/span><\/span><\/a><\/span><\/div>\n<nav><ul class='ez-toc-list ez-toc-list-level-1 ' ><li class='ez-toc-page-1 ez-toc-heading-level-2'><a class=\"ez-toc-link ez-toc-heading-1\" href=\"https:\/\/www.editorasolucao.com.br\/blog\/concurso\/seger-es\/#Como_fazer_as_inscricoes_para_o_Concurso_Seger-ES\" title=\"Como fazer as inscri\u00e7\u00f5es para o Concurso Seger-ES?\">Como fazer as inscri\u00e7\u00f5es para o Concurso Seger-ES?<\/a><\/li><li class='ez-toc-page-1 ez-toc-heading-level-2'><a class=\"ez-toc-link ez-toc-heading-2\" href=\"https:\/\/www.editorasolucao.com.br\/blog\/concurso\/seger-es\/#Cargos_vagas_e_remuneracao\" title=\"Cargos, vagas e remunera\u00e7\u00e3o\">Cargos, vagas e remunera\u00e7\u00e3o<\/a><\/li><li class='ez-toc-page-1 ez-toc-heading-level-2'><a class=\"ez-toc-link ez-toc-heading-3\" href=\"https:\/\/www.editorasolucao.com.br\/blog\/concurso\/seger-es\/#Requisitos_para_a_investidura_nos_cargos\" title=\"Requisitos para a investidura nos cargos\">Requisitos para a investidura nos cargos<\/a><\/li><li class='ez-toc-page-1 ez-toc-heading-level-2'><a class=\"ez-toc-link ez-toc-heading-4\" href=\"https:\/\/www.editorasolucao.com.br\/blog\/concurso\/seger-es\/#Como_serao_as_etapas_do_Concurso_Seger-ES\" title=\"Como ser\u00e3o as etapas do Concurso Seger-ES?\">Como ser\u00e3o as etapas do Concurso Seger-ES?<\/a><\/li><\/ul><\/nav><\/div>\n<h2 class=\"wp-block-heading\" id=\"inscri\u00e7\u00f5es\"><span class=\"ez-toc-section\" id=\"Como_fazer_as_inscricoes_para_o_Concurso_Seger-ES\"><\/span>Como fazer as inscri\u00e7\u00f5es para o Concurso Seger-ES?<span class=\"ez-toc-section-end\"><\/span><\/h2>\n\n\n\n<p>Os interessados em participar deste certame poder\u00e3o fazer as inscri\u00e7\u00f5es no per\u00edodo de <strong>9<\/strong> <strong>de novembro at\u00e9 o dia 13 de dezembro de 2022<\/strong> no site da banca organizadora, <a href=\"https:\/\/www.institutoconsulplan.org.br\/getConc.aspx?key=S7NnGrJI17g=\" target=\"_blank\" rel=\"noopener\">Instituto Consulplan<\/a>.<\/p>\n\n\n\n<p>Portanto, \u00e9 necess\u00e1rio que os candidatos efetuem o pagamento da taxa de inscri\u00e7\u00e3o at\u00e9 o dia 14 de dezembro no valor de <strong>R$ 68,00<\/strong>.<\/p>\n\n\n\n<p>Ademais, poder\u00e3o solicitar a <strong>isen\u00e7\u00e3o da taxa<\/strong>, no per\u00edodo de 16h do dia 9 de novembro de 2022 \u00e0s 16h do dia 14 de novembro, os candidatos amparados pelas Leis Estaduais:<\/p>\n\n\n\n<ul><li>n\u00ba 9.652, de 28 de abril de 2011, <\/li><li>n\u00ba 10.607, de 20 de dezembro de 2016, <\/li><li>n\u00ba 10.822, de 4 de abril de 2018, <\/li><li>n\u00ba 11.196, de 6 de outubro de 2020,<\/li><li>n\u00ba 11.233, de 14 de janeiro de 2021; <\/li><li>n\u00ba 11.635 de 20 de junho de 2022.<\/li><\/ul>\n\n\n\n<h2 class=\"wp-block-heading\" id=\"cargos\"><span class=\"ez-toc-section\" id=\"Cargos_vagas_e_remuneracao\"><\/span>Cargos, vagas e remunera\u00e7\u00e3o<span class=\"ez-toc-section-end\"><\/span><\/h2>\n\n\n\n<p>Conforme o <a href=\"https:\/\/www.editorasolucao.com.br\/blog\/concursos-previstos-nacional\">edital<\/a> do Concurso Seger-ES, ser\u00e3o ofertadas <strong>2.000 vagas<\/strong> para profissionais de n\u00edvel superior de escolaridade em diversas \u00e1reas, as quais:<\/p>\n\n\n\n<ul><li>Administra\u00e7\u00e3o (25 + 225 CR);<\/li><li>Arquitetura e urbanismo (13 + 117 CR);<\/li><li>Arquivologia (1 + 9 CR);<\/li><li>Artes Pl\u00e1sticas ou Artes Visuais (1 + 9 CR);<\/li><li>Biblioteconomia (1 + 9 CR);<\/li><li>Ci\u00eancias <ul><li>Cont\u00e1beis (25 + 225 CR);<\/li><li>Econ\u00f4micas (10 + 90 CR);<\/li><li>Sociais (1 + 9 CR);<\/li><\/ul><\/li><li>Comunica\u00e7\u00e3o Social (3 + 27 CR);<\/li><li>Direito (25 + 225 CR);<\/li><li>Educa\u00e7\u00e3o F\u00edsica (1 + 9 CR);<\/li><li>Engenharia <ul><li>Agron\u00f4mica (1 + 9 CR);<\/li><li>Ambiental (1 + 9 CR);<\/li><li>Civil (25 + 225 CR);<\/li><li>El\u00e9trica (3 + 27 CR);<\/li><li>Mec\u00e2nica (1 + 9 CR);<\/li><\/ul><\/li><li>Estat\u00edstica (3 + 27 CR);<\/li><li>Hist\u00f3ria (1 + 9 CR);<\/li><li>Letras ou Literatura (1 + 9 CR);<\/li><li>Nutri\u00e7\u00e3o (10 + 90 CR);<\/li><li>Pedagogia (3 + 27 CR);<\/li><li>Psicologia (10 + 90 CR);<\/li><li>Servi\u00e7o social (10 + 90 CR);<\/li><li>Tecnologia da informa\u00e7\u00e3o (25 + 225 CR).<\/li><\/ul>\n\n\n\n<p>Sendo assim, a remunera\u00e7\u00e3o inicial para o cargo de Analista ser\u00e1 de R$6.582,60, al\u00e9m de&nbsp;R$300 equivalente a&nbsp;aux\u00edlio-alimenta\u00e7\u00e3o, contabilizando<strong> R$6.882,60<\/strong> para jornada de trabalho de 40h semanais.<\/p>\n\n\n\n<h2 class=\"wp-block-heading\" id=\"requisitos\"><span class=\"ez-toc-section\" id=\"Requisitos_para_a_investidura_nos_cargos\"><\/span>Requisitos para a investidura nos cargos<span class=\"ez-toc-section-end\"><\/span><\/h2>\n\n\n\n<p>Confira abaixo os <strong>requisitos b\u00e1sicos<\/strong> do Concurso Seger-ES para a investidura nos cargos:<\/p>\n\n\n\n<ul><li>Ser aprovado no concurso p\u00fablico;<\/li><li>Ter a nacionalidade brasileira ou portuguesa e, no caso de nacionalidade portuguesa, estar amparado pelo Estatuto de Igualdade entre Brasileiros e Portugueses, com reconhecimento do gozo dos direitos pol\u00edticos, nos termos do \u00a7 1\u00ba do art. 12 da Constitui\u00e7\u00e3o Federal e na forma do disposto no art. 13 do Decreto n\u00ba 70.436, de 18 de abril de 1972. O mesmo se aplica a outros indiv\u00edduos naturalizados;<\/li><li>Estar em gozo dos direitos pol\u00edticos;<\/li><li>Estar quite com as obriga\u00e7\u00f5es militares, em caso de candidato do sexo masculino;<\/li><li>Estar quite com as obriga\u00e7\u00f5es eleitorais;<\/li><li>Possuir os requisitos exigidos para o exerc\u00edcio do cargo\/\u00e1rea de forma\u00e7\u00e3o, conforme o item 2 deste edital;<\/li><li>Ter idade m\u00ednima de 18 anos completos na data da posse;<\/li><li>Ter aptid\u00e3o f\u00edsica e mental para o exerc\u00edcio das atribui\u00e7\u00f5es deste cargo, n\u00e3o sendo, inclusive, pessoa com defici\u00eancia incompat\u00edvel com as atribui\u00e7\u00f5es deste fato apurado pela per\u00edcia oficial do Poder Executivo;<\/li><li>Ser considerado apto no exame admissional a ser realizado pela per\u00edcia oficial do Poder Executivo, mediante apresenta\u00e7\u00e3o dos exames descritos no edital.<\/li><\/ul>\n\n\n\n<h2 class=\"wp-block-heading\" id=\"etapas\"><span class=\"ez-toc-section\" id=\"Como_serao_as_etapas_do_Concurso_Seger-ES\"><\/span>Como ser\u00e3o as etapas do Concurso Seger-ES?<span class=\"ez-toc-section-end\"><\/span><\/h2>\n\n\n\n<p>Todos os <a href=\"https:\/\/www.editorasolucao.com.br\/apostila\/seger-es-comum-especialidades-analista-executivo\">participantes<\/a> do certame ser\u00e3o avaliados por meio das seguintes <strong>etapas<\/strong>:<\/p>\n\n\n\n<ul><li>Prova Objetiva &#8211; de car\u00e1ter eliminat\u00f3rio e classificat\u00f3rio;<\/li><li>Prova Discursiva &#8211; de car\u00e1ter eliminat\u00f3rio e classificat\u00f3rio;<\/li><li>Avalia\u00e7\u00e3o de T\u00edtulos &#8211; de car\u00e1ter classificat\u00f3rio.<\/li><\/ul>\n\n\n\n<h3 class=\"wp-block-heading\">Prova Objetiva Concurso Seger-ES<\/h3>\n\n\n\n<p>Esta primeira etapa tem data prevista para o dia <strong>22 de janeiro de 2023<\/strong>, nas cidades de Vit\u00f3ria-ES, Cachoeiro do Itapemirim-ES e Colatina-ES, no per\u00edodo da tarde, sendo das 13h \u00e0s 18h00.<\/p>\n\n\n\n<p>Essa avalia\u00e7\u00e3o ter\u00e1 dura\u00e7\u00e3o m\u00e1xima de 5h e ser\u00e1 constitu\u00edda de <strong>70 quest\u00f5es<\/strong>, cada uma com 5 op\u00e7\u00f5es de resposta, das quais apenas 1 ser\u00e1 correta.<\/p>\n\n\n\n<p>Confira abaixo as <strong>disciplinas<\/strong> que ser\u00e3o cobradas no certame:<\/p>\n\n\n\n<ul><li>Para todas as \u00e1reas de forma\u00e7\u00e3o, exceto Direito:<\/li><\/ul>\n\n\n<div class=\"wp-block-image is-style-default\">\n<figure class=\"aligncenter size-full\"><img loading=\"lazy\" decoding=\"async\" width=\"658\" height=\"185\" src=\"https:\/\/www.editorasolucao.com.br\/blog\/wp-content\/uploads\/2022\/11\/image-14.png\" alt=\"\" class=\"wp-image-32037\"\/><\/figure><\/div>\n\n\n<ul><li>Apenas para a \u00e1rea de forma\u00e7\u00e3o de Direito:<\/li><\/ul>\n\n\n<div class=\"wp-block-image is-style-default\">\n<figure class=\"aligncenter size-full\"><img loading=\"lazy\" decoding=\"async\" width=\"655\" height=\"149\" src=\"https:\/\/www.editorasolucao.com.br\/blog\/wp-content\/uploads\/2022\/11\/image-15.png\" alt=\"\" class=\"wp-image-32038\"\/><\/figure><\/div>\n\n\n<h3 class=\"wp-block-heading\">Prova Discursiva<\/h3>\n\n\n\n<p>Esta etapa, tamb\u00e9m para todos os cargos ser\u00e1 simult\u00e2nea \u00e0 Prova Objetiva.<\/p>\n\n\n\n<p>A avalia\u00e7\u00e3o ser\u00e1 na forma de desenvolvimento de uma disserta\u00e7\u00e3o sobre tema relacionado ao conte\u00fado program\u00e1tico previsto no edital.<\/p>\n\n\n\n<h3 class=\"wp-block-heading\">Prova de T\u00edtulos<\/h3>\n\n\n\n<p>Por fim, os candidatos para os cargos de n\u00edvel superior poder\u00e3o enviar a documenta\u00e7\u00e3o por meio do site da banca organizadora at\u00e9 o dia 14 de dezembro de 2022.<\/p>\n\n\n\n<p>A pontua\u00e7\u00e3o ser\u00e1 distribu\u00edda da seguinte forma:<\/p>\n\n\n<div class=\"wp-block-image is-style-default\">\n<figure class=\"aligncenter size-full\"><img loading=\"lazy\" decoding=\"async\" width=\"541\" height=\"272\" src=\"https:\/\/www.editorasolucao.com.br\/blog\/wp-content\/uploads\/2022\/11\/image-16.png\" alt=\"\" class=\"wp-image-32041\"\/><\/figure><\/div>","protected":false},"excerpt":{"rendered":"<p>Foi publicado o edital do Concurso Seger-ES (Secretaria de Gest\u00e3o e Recursos Humanos do Esp\u00edrito Santo) com oferta de 2.000 vagas para profissionais de n\u00edvel superior de escolaridade em diversas \u00e1reas. A remunera\u00e7\u00e3o inicial \u00e9 de R$6.882,60! Confira! Inscri\u00e7\u00f5es Cargos, vagas e remunera\u00e7\u00e3o Requisitos Etapas Como fazer as inscri\u00e7\u00f5es para o Concurso Seger-ES? Os interessados em participar deste certame poder\u00e3o fazer as inscri\u00e7\u00f5es no per\u00edodo de 9 de novembro at\u00e9 o dia 13 de dezembro de 2022 no site da banca organizadora, Instituto Consulplan. Portanto, \u00e9 necess\u00e1rio que os candidatos efetuem o pagamento da taxa de inscri\u00e7\u00e3o at\u00e9 o dia&#8230;<\/p>\n","protected":false},"author":17,"featured_media":32043,"template":"","meta":{"_acf_changed":false,"rank_math_lock_modified_date":false},"categories":[],"tags":[],"acf":[],"_links":{"self":[{"href":"https:\/\/www.editorasolucao.com.br\/blog\/wp-json\/wp\/v2\/concurso\/32034"}],"collection":[{"href":"https:\/\/www.editorasolucao.com.br\/blog\/wp-json\/wp\/v2\/concurso"}],"about":[{"href":"https:\/\/www.editorasolucao.com.br\/blog\/wp-json\/wp\/v2\/types\/concurso"}],"author":[{"embeddable":true,"href":"https:\/\/www.editorasolucao.com.br\/blog\/wp-json\/wp\/v2\/users\/17"}],"wp:featuredmedia":[{"embeddable":true,"href":"https:\/\/www.editorasolucao.com.br\/blog\/wp-json\/wp\/v2\/media\/32043"}],"wp:attachment":[{"href":"https:\/\/www.editorasolucao.com.br\/blog\/wp-json\/wp\/v2\/media?parent=32034"}],"wp:term":[{"taxonomy":"category","embeddable":true,"href":"https:\/\/www.editorasolucao.com.br\/blog\/wp-json\/wp\/v2\/categories?post=32034"},{"taxonomy":"post_tag","embeddable":true,"href":"https:\/\/www.editorasolucao.com.br\/blog\/wp-json\/wp\/v2\/tags?post=32034"}],"curies":[{"name":"wp","href":"https:\/\/api.w.org\/{rel}","templated":true}]}}