{"id":3211,"date":"2024-09-19T08:59:04","date_gmt":"2024-09-19T11:59:04","guid":{"rendered":"https:\/\/www.editorasolucao.com.br\/blog\/?post_type=concurso&#038;p=3211"},"modified":"2024-09-19T10:33:04","modified_gmt":"2024-09-19T13:33:04","slug":"prefeitura-de-sao-carlos-sp","status":"publish","type":"concurso","link":"https:\/\/www.editorasolucao.com.br\/blog\/concurso\/prefeitura-de-sao-carlos-sp","title":{"rendered":"Concurso Prefeitura de S\u00e3o Carlos: Edital publicado. Vagas para professores!"},"content":{"rendered":"\n<p>Aten\u00e7\u00e3o, concurseiros! Foi publicado o edital do <strong>concurso Prefeitura de S\u00e3o&nbsp;Carlos<\/strong>, no estado de S\u00e3o&nbsp;Paulo, com a oferta de 8 vagas para os cargos de professores, de n\u00edveis m\u00e9dio e superior! Se interessa pelo certame? Confira mais detalhes no decorrer da not\u00edcia. \ud83e\udd70<\/p>\n\n\n\n<div id=\"ez-toc-container\" class=\"ez-toc-v2_0_69_1 counter-hierarchy ez-toc-counter ez-toc-grey ez-toc-container-direction\">\n<div class=\"ez-toc-title-container\">\n<p class=\"ez-toc-title \" >Menu de navega&ccedil;&atilde;o<\/p>\n<span class=\"ez-toc-title-toggle\"><a href=\"#\" class=\"ez-toc-pull-right ez-toc-btn ez-toc-btn-xs ez-toc-btn-default ez-toc-toggle\" aria-label=\"Toggle Table of Content\"><span class=\"ez-toc-js-icon-con\"><span class=\"\"><span class=\"eztoc-hide\" style=\"display:none;\">Toggle<\/span><span class=\"ez-toc-icon-toggle-span\"><svg style=\"fill: #999;color:#999\" xmlns=\"http:\/\/www.w3.org\/2000\/svg\" class=\"list-377408\" width=\"20px\" height=\"20px\" viewBox=\"0 0 24 24\" fill=\"none\"><path d=\"M6 6H4v2h2V6zm14 0H8v2h12V6zM4 11h2v2H4v-2zm16 0H8v2h12v-2zM4 16h2v2H4v-2zm16 0H8v2h12v-2z\" fill=\"currentColor\"><\/path><\/svg><svg style=\"fill: #999;color:#999\" class=\"arrow-unsorted-368013\" xmlns=\"http:\/\/www.w3.org\/2000\/svg\" width=\"10px\" height=\"10px\" viewBox=\"0 0 24 24\" version=\"1.2\" baseProfile=\"tiny\"><path d=\"M18.2 9.3l-6.2-6.3-6.2 6.3c-.2.2-.3.4-.3.7s.1.5.3.7c.2.2.4.3.7.3h11c.3 0 .5-.1.7-.3.2-.2.3-.5.3-.7s-.1-.5-.3-.7zM5.8 14.7l6.2 6.3 6.2-6.3c.2-.2.3-.5.3-.7s-.1-.5-.3-.7c-.2-.2-.4-.3-.7-.3h-11c-.3 0-.5.1-.7.3-.2.2-.3.5-.3.7s.1.5.3.7z\"\/><\/svg><\/span><\/span><\/span><\/a><\/span><\/div>\n<nav><ul class='ez-toc-list ez-toc-list-level-1 ' ><li class='ez-toc-page-1 ez-toc-heading-level-2'><a class=\"ez-toc-link ez-toc-heading-1\" href=\"https:\/\/www.editorasolucao.com.br\/blog\/concurso\/prefeitura-de-sao-carlos-sp\/#Como_realizar_as_inscricoes_para_o_concurso_Prefeitura_de_Sao_Carlos\" title=\"Como realizar as inscri\u00e7\u00f5es para o concurso Prefeitura de S\u00e3o&nbsp;Carlos?\">Como realizar as inscri\u00e7\u00f5es para o concurso Prefeitura de S\u00e3o&nbsp;Carlos?<\/a><\/li><li class='ez-toc-page-1 ez-toc-heading-level-2'><a class=\"ez-toc-link ez-toc-heading-2\" href=\"https:\/\/www.editorasolucao.com.br\/blog\/concurso\/prefeitura-de-sao-carlos-sp\/#Cargos_vagas_e_salarios_ofertadas_no_concurso\" title=\"Cargos, vagas e sal\u00e1rios ofertadas no concurso\">Cargos, vagas e sal\u00e1rios ofertadas no concurso<\/a><\/li><li class='ez-toc-page-1 ez-toc-heading-level-2'><a class=\"ez-toc-link ez-toc-heading-3\" href=\"https:\/\/www.editorasolucao.com.br\/blog\/concurso\/prefeitura-de-sao-carlos-sp\/#Quais_sao_os_requisitos_para_participar_do_concurso_Prefeitura_de_Sao_Carlos\" title=\"Quais s\u00e3o os requisitos para participar do concurso Prefeitura de S\u00e3o&nbsp;Carlos?\">Quais s\u00e3o os requisitos para participar do concurso Prefeitura de S\u00e3o&nbsp;Carlos?<\/a><\/li><li class='ez-toc-page-1 ez-toc-heading-level-2'><a class=\"ez-toc-link ez-toc-heading-4\" href=\"https:\/\/www.editorasolucao.com.br\/blog\/concurso\/prefeitura-de-sao-carlos-sp\/#Quais_sao_as_atribuicoes_dos_cargos_atribuicoes\" title=\"Quais s\u00e3o as atribui\u00e7\u00f5es dos cargos atribui\u00e7\u00f5es?\">Quais s\u00e3o as atribui\u00e7\u00f5es dos cargos atribui\u00e7\u00f5es?<\/a><\/li><li class='ez-toc-page-1 ez-toc-heading-level-2'><a class=\"ez-toc-link ez-toc-heading-5\" href=\"https:\/\/www.editorasolucao.com.br\/blog\/concurso\/prefeitura-de-sao-carlos-sp\/#Como_serao_as_provas_do_concurso_Prefeitura_de_Sao_Carlos\" title=\"Como ser\u00e3o as provas do concurso Prefeitura de S\u00e3o&nbsp;Carlos?\">Como ser\u00e3o as provas do concurso Prefeitura de S\u00e3o&nbsp;Carlos?<\/a><\/li><\/ul><\/nav><\/div>\n<h2 class=\"wp-block-heading\" id=\"inscri\u00e7\u00f5es\"><span class=\"ez-toc-section\" id=\"Como_realizar_as_inscricoes_para_o_concurso_Prefeitura_de_Sao_Carlos\"><\/span>Como realizar as inscri\u00e7\u00f5es para o concurso Prefeitura de S\u00e3o&nbsp;Carlos?<span class=\"ez-toc-section-end\"><\/span><\/h2>\n\n\n\n<p>Os interessados em participar do certame poder\u00e3o realizar as inscri\u00e7\u00f5es <strong>a partir das 10h do dia 25 de setembro at\u00e9 o dia 24 de outubro de 2024<\/strong>, por meio do site da banca organizadora, <a href=\"https:\/\/www.nossorumo.org.br\/\" target=\"_blank\" rel=\"noopener\">Nosso Rumo<\/a>.<\/p>\n\n\n\n<p>Para que a inscri\u00e7\u00e3o seja homologada \u00e9 necess\u00e1rio que o candidato efetue o pagamento de uma taxa at\u00e9 \u00e0s 17h do dia 19 de abril de 2024 no valor de R$ 70,00 para o cargo de Professor II e de R$ 88,49 para a carreira de Professor III.<\/p>\n\n\n\n<p>Haver\u00e1 a possibilidade de solicitar a <strong>isen\u00e7\u00e3o <\/strong>da taxa de participa\u00e7\u00e3o entre os dias 25 a 26 de setembro de 2024, para os candidatos que se adequarem a uma das seguintes condi\u00e7\u00f5es:<\/p>\n\n\n\n<ul>\n<li>For doador de medula \u00f3ssea em entidades reconhecidas pelo Minist\u00e9rio da Sa\u00fade; ou<\/li>\n\n\n\n<li>For doador de sangue e possuir a carteira de doador e tiver doado sangue nos \u00faltimos 6 meses anteriores \u00e0 data final de inscri\u00e7\u00e3o no Concurso P\u00fablico.<\/li>\n<\/ul>\n\n\n\n<h2 class=\"wp-block-heading\" id=\"cargos\"><span class=\"ez-toc-section\" id=\"Cargos_vagas_e_salarios_ofertadas_no_concurso\"><\/span>Cargos, vagas e sal\u00e1rios ofertadas no concurso<span class=\"ez-toc-section-end\"><\/span><\/h2>\n\n\n\n<p>Segundo o edital, a <a href=\"http:\/\/www.saocarlos.sp.gov.br\/\" target=\"_blank\" rel=\"noreferrer noopener\">Prefeitura de S\u00e3o Carlos<\/a> est\u00e1 ofertando<strong> 8 vagas imediatas <\/strong>para professores de n\u00edveis m\u00e9dio e superior de escolaridade. Confira os cargos ofertados, a distribui\u00e7\u00e3o das vagas e os sal\u00e1rios:<\/p>\n\n\n\n<p><span style=\"text-decoration: underline;\">N\u00edvel m\u00e9dio<\/span><\/p>\n\n\n\n<ul>\n<li><a href=\"https:\/\/www.editorasolucao.com.br\/apostila-solucao\/prefeitura-sao-carlos-sp-professor-ii\">Professor II<\/a> (1) \n<ul>\n<li>R$ 4.452,00  <\/li>\n<\/ul>\n<\/li>\n<\/ul>\n\n\n\n<p>Requisitos M\u00ednimos Exigidos: Diploma do Normal ou Magist\u00e9rio de n\u00edvel m\u00e9dio ou Normal Superior ou Licenciatura Plena em Pedagogia.<\/p>\n\n\n\n<p><span style=\"text-decoration: underline;\">N\u00edvel superior<\/span><\/p>\n\n\n\n<ul>\n<li>Professor III &#8211; R$ 3.691,00\n<ul>\n<li>Arte (1)<\/li>\n\n\n\n<li>Ci\u00eancias f\u00edsicas e biol\u00f3gicas (1)<\/li>\n\n\n\n<li>Educa\u00e7\u00e3o f\u00edsica (1)<\/li>\n\n\n\n<li>Geografia (1)<\/li>\n\n\n\n<li>Hist\u00f3ria (1)<\/li>\n\n\n\n<li><a href=\"https:\/\/www.editorasolucao.com.br\/apostila-solucao\/prefeitura-sao-carlos-sp-professor-ingles\">Ingl\u00eas<\/a> (1)<\/li>\n\n\n\n<li>L\u00edngua portuguesa (1)<\/li>\n<\/ul>\n<\/li>\n<\/ul>\n\n\n\n<p>A jornada de trabalho varia de 24 para n\u00edvel m\u00e9dio e de 33 horas semanais para o n\u00edvel superior.<\/p>\n\n\n\n<h2 class=\"wp-block-heading\" id=\"requisitos\"><span class=\"ez-toc-section\" id=\"Quais_sao_os_requisitos_para_participar_do_concurso_Prefeitura_de_Sao_Carlos\"><\/span>Quais s\u00e3o os requisitos para participar do concurso Prefeitura de S\u00e3o&nbsp;Carlos?<span class=\"ez-toc-section-end\"><\/span><\/h2>\n\n\n\n<p>Confira quais ser\u00e3o as exig\u00eancias para que o candidato tome posse do cargo do concurso Prefeitura de S\u00e3o Carlos-SP:<\/p>\n\n\n\n<ul>\n<li>Ser brasileiro nato ou naturalizado e em caso de nacionalidade portuguesa, estar amparado pelo Estatuto da Igualdade entre Brasileiros e Portugueses, com reconhecimento de gozo de direitos pol\u00edticos, nos termos do par\u00e1grafo 1\u00ba, inciso II do artigo 12, da Constitui\u00e7\u00e3o Federal e do Decreto Federal n\u00ba 70.436\/72;<\/li>\n\n\n\n<li>Ter, na data da contrata\u00e7\u00e3o, idade igual ou superior a 18 anos;<\/li>\n\n\n\n<li>No caso do sexo masculino, estar em dia com o Servi\u00e7o Militar;<\/li>\n\n\n\n<li>Ser eleitor e estar quite com a Justi\u00e7a Eleitoral;<\/li>\n\n\n\n<li>Possuir documenta\u00e7\u00e3o comprobat\u00f3ria, no ato da convoca\u00e7\u00e3o, dos requisitos m\u00ednimos exigidos para o emprego, conforme especificado na Tabela I, do Cap\u00edtulo 1, e a documenta\u00e7\u00e3o comprobat\u00f3ria determinada no item 14.4 do Cap\u00edtulo 14, deste Edital;<\/li>\n\n\n\n<li>Ter aptid\u00e3o f\u00edsica e mental e n\u00e3o ser pessoa com defici\u00eancia incompat\u00edvel com o exerc\u00edcio das atribui\u00e7\u00f5es do emprego, comprovada em inspe\u00e7\u00e3o realizada pelo M\u00e9dico do Trabalho indicado pela Prefeitura Municipal de S\u00e3o&nbsp;Carlos\/SP;<\/li>\n\n\n\n<li>N\u00e3o registrar antecedentes criminais, que impliquem perda ou \u00f3bice para assumir cargo ou emprego p\u00fablico, oriundos de senten\u00e7a transitada em julgado ou demonstrar o cumprimento integral das penas que tenham sido cominadas;<\/li>\n\n\n\n<li>N\u00e3o se encontrar acumulando cargo, emprego ou fun\u00e7\u00e3o p\u00fablica em desconformidade com as hip\u00f3teses de acumula\u00e7\u00e3o l\u00edcitas previstas em Lei e na Constitui\u00e7\u00e3o Federal; <\/li>\n\n\n\n<li>N\u00e3o receber, nos termos do Artigo 37, \u00a710, da Constitui\u00e7\u00e3o Federal, proventos de aposentadoria decorrentes do Artigo 40 ou dos Artigos 42 e 142 da Constitui\u00e7\u00e3o Federal, ressalvados os Empregos acumul\u00e1veis na forma da referida Constitui\u00e7\u00e3o;<\/li>\n\n\n\n<li>N\u00e3o poder\u00e1 ser admitido o candidato que j\u00e1 foi funcion\u00e1rio da Prefeitura Municipal de S\u00e3o&nbsp;Carlos\/SP, demitido por justa causa.<\/li>\n<\/ul>\n\n\n\n<h2 class=\"wp-block-heading\" id=\"atribui\u00e7\u00f5es\"><span class=\"ez-toc-section\" id=\"Quais_sao_as_atribuicoes_dos_cargos_atribuicoes\"><\/span>Quais s\u00e3o as atribui\u00e7\u00f5es dos cargos atribui\u00e7\u00f5es?<span class=\"ez-toc-section-end\"><\/span><\/h2>\n\n\n\n<p>Confira quais s\u00e3o as atividades atribu\u00eddas a cada cargo ofertado no concurso Prefeitura de S\u00e3o Carlos:<\/p>\n\n\n\n<h3 class=\"wp-block-heading\">Professor II<\/h3>\n\n\n\n<p>O Professor II atua nos anos iniciais do ensino fundamental regular, participando da elabora\u00e7\u00e3o e execu\u00e7\u00e3o do Projeto Pol\u00edtico Pedag\u00f3gico da unidade escolar. Al\u00e9m disso, desenvolve projetos, programas e atividades relacionadas \u00e0 sua \u00e1rea espec\u00edfica de conhecimento ou afins. <\/p>\n\n\n\n<p>Ele tamb\u00e9m participa do hor\u00e1rio de trabalho pedag\u00f3gico (HTP), tanto individual quanto coletivo, conforme orienta\u00e7\u00f5es da Secretaria Municipal de Educa\u00e7\u00e3o, englobando planejamento, momentos de avalia\u00e7\u00e3o discente e docente, capacita\u00e7\u00e3o e forma\u00e7\u00e3o profissional. <\/p>\n\n\n\n<p>O professor tamb\u00e9m colabora em atividades culturais e educativas extraclasse, quando essas forem propostas pela escola ou pela Secretaria Municipal de Educa\u00e7\u00e3o. Al\u00e9m disso, \u00e9 respons\u00e1vel por planejar e executar a recupera\u00e7\u00e3o de alunos que n\u00e3o obtiveram aproveitamento, de acordo com o plano de trabalho da escola.<\/p>\n\n\n\n<h3 class=\"wp-block-heading\">Professor III<\/h3>\n\n\n\n<p>O Professor III, nas \u00e1reas de <a href=\"https:\/\/www.editorasolucao.com.br\/apostila-solucao\/prefeitura-sao-carlos-sp-professor-iii-lingua-portuguesa\">Portugu\u00eas<\/a>, Hist\u00f3ria, Geografia, Ci\u00eancias, Ingl\u00eas ou Arte, participa da elabora\u00e7\u00e3o e execu\u00e7\u00e3o da Proposta Pol\u00edtica Pedag\u00f3gica da unidade escolar, desenvolvendo projetos, programas e atividades relacionadas \u00e0 sua \u00e1rea espec\u00edfica de conhecimento ou afins. <\/p>\n\n\n\n<p>Al\u00e9m disso, o professor participa do hor\u00e1rio de trabalho pedag\u00f3gico (HTP), englobando planejamento, momentos de avalia\u00e7\u00e3o discente e docente, capacita\u00e7\u00e3o e forma\u00e7\u00e3o profissional. Ele tamb\u00e9m colabora em atividades culturais e educativas extraclasse, quando essas forem propostas pela escola ou pela Secretaria Municipal de Educa\u00e7\u00e3o. <\/p>\n\n\n\n<p>Outra atribui\u00e7\u00e3o importante \u00e9 planejar e executar a recupera\u00e7\u00e3o de alunos que n\u00e3o obtiveram aproveitamento, conforme o plano de trabalho da escola.<\/p>\n\n\n\n<h4 class=\"wp-block-heading\">Professor III &#8211; Educa\u00e7\u00e3o F\u00edsica<\/h4>\n\n\n\n<p>O Professor III de Educa\u00e7\u00e3o F\u00edsica trabalha com crian\u00e7as, jovens, adolescentes e adultos, tanto nas escolas quanto em outros espa\u00e7os educativos, desenvolvendo atividades de educa\u00e7\u00e3o f\u00edsica, esportes, recrea\u00e7\u00e3o, lazer, atividades f\u00edsicas e estimula\u00e7\u00e3o precoce. <\/p>\n\n\n\n<p>Atua tamb\u00e9m com grupos de adolescentes em atividades esportivas nos Centros Comunit\u00e1rios e em Projetos Esportivos, de Recrea\u00e7\u00e3o e outros Projetos Especiais. Al\u00e9m disso, participa da elabora\u00e7\u00e3o e execu\u00e7\u00e3o da proposta pedag\u00f3gica da escola, desenvolvendo projetos, programas e atividades relacionados \u00e0 sua \u00e1rea de conhecimento ou afins. <\/p>\n\n\n\n<p>O professor tamb\u00e9m se envolve no hor\u00e1rio de trabalho pedag\u00f3gico (HTP), planejamento, momentos de avalia\u00e7\u00e3o discente e docente, capacita\u00e7\u00e3o e forma\u00e7\u00e3o profissional, al\u00e9m de colaborar em atividades culturais e educativas extraclasse, quando propostas pela escola ou pela Secretaria Municipal de Educa\u00e7\u00e3o.<\/p>\n\n\n\n<h2 class=\"wp-block-heading\" id=\"etapas\"><span class=\"ez-toc-section\" id=\"Como_serao_as_provas_do_concurso_Prefeitura_de_Sao_Carlos\"><\/span>Como ser\u00e3o as provas do concurso Prefeitura de S\u00e3o&nbsp;Carlos?<span class=\"ez-toc-section-end\"><\/span><\/h2>\n\n\n\n<p>Os candidatos ser\u00e3o avaliados por meio de Prova objetiva, de car\u00e1ter <em>eliminat\u00f3rio <\/em>e <em>classificat\u00f3rio<\/em> e Avalia\u00e7\u00e3o de T\u00edtulos, de car\u00e1ter <em>classificat\u00f3rio<\/em>.<\/p>\n\n\n\n<p>A prova objetiva est\u00e1 prevista para ser realizada no dia <strong>24 de novembro de 2024<\/strong>, onde os candidatos ter\u00e3o o tempo m\u00e1ximo de 03 horas para realizar o exame.<\/p>\n\n\n\n<p>A avalia\u00e7\u00e3o ser\u00e1 composta por <em>40 quest\u00f5es de m\u00faltipla escolha<\/em> que ser\u00e3o versadas nas seguintes disciplinas:<\/p>\n\n\n\n<ul>\n<li>L\u00edngua Portuguesa (8)<\/li>\n\n\n\n<li>Matem\u00e1tica (4)<\/li>\n\n\n\n<li>No\u00e7\u00f5es de Inform\u00e1tica (8)<\/li>\n\n\n\n<li>Conhecimentos Espec\u00edficos (20)<\/li>\n<\/ul>\n\n\n\n<p>A prova ser\u00e1 avaliada em uma escala de 0 a 100 pontos, sendo considerado aprovado o candidato que obtiver, no m\u00ednimo, 50% de acertos em cada conte\u00fado das disciplinas L\u00edngua Portuguesa, Matem\u00e1tica e Inform\u00e1tica e 60% de acertos no conte\u00fado da disciplina de Conhecimentos Espec\u00edficos.<\/p>\n\n\n\n<p>Por fim, na avalia\u00e7\u00e3o de t\u00edtulos ser\u00e3o considerados para a prova somente os seguintes documentos:<\/p>\n\n\n\n<ul>\n<li>Doutorado, conclu\u00eddo at\u00e9 a data de apresenta\u00e7\u00e3o dos t\u00edtulos, desde que relacionado \u00e0 \u00e1rea da educa\u00e7\u00e3o.<\/li>\n\n\n\n<li>Mestrado, conclu\u00eddo at\u00e9 a data de apresenta\u00e7\u00e3o dos t\u00edtulos, desde que relacionado \u00e0 \u00e1rea da educa\u00e7\u00e3o.<\/li>\n\n\n\n<li>P\u00f3s-Gradua\u00e7\u00e3o Lato Sensu (especializa\u00e7\u00e3o) na \u00e1rea do emprego, com carga hor\u00e1ria m\u00ednima de 360 horas, conclu\u00eddas at\u00e9 a data de apresenta\u00e7\u00e3o dos t\u00edtulos, desde que relacionada \u00e0 \u00e1rea da educa\u00e7\u00e3o.<\/li>\n<\/ul>\n\n\n\n<p>Prepare-se para o concurso Prefeitura de S\u00e3o Carlos com os materiais da <a href=\"https:\/\/www.editorasolucao.com.br\/apostila-solucao\/prefeitura-sao-carlos-sp-professor-ii-iii-conhec-basicos\">Editora Solu\u00e7\u00e3o<\/a>! Estude com conte\u00fado atualizado e espec\u00edfico para cada cargo, garantindo uma prepara\u00e7\u00e3o completa e eficiente. N\u00e3o perca essa chance de conquistar a sua vaga!<\/p>\n\n\n\n<p><strong><a href=\"https:\/\/www.editorasolucao.com.br\/blog\/concursos-abertos-sp\" target=\"_blank\" rel=\"noreferrer noopener\">Se interessa por concurso no estado de S\u00e3o Paulo? Confira quais est\u00e3o abertos!<\/a><\/strong><\/p>\n\n\n\n<p>O presente Concurso P\u00fablico destina-se \u00e0 contrata\u00e7\u00e3o, pelo regime da Consolida\u00e7\u00e3o das Leis do Trabalho (CLT), dentro do prazo de validade de dois anos, prorrog\u00e1veis por mais dois anos, a contar da data da homologa\u00e7\u00e3o do certame, a crit\u00e9rio da Prefeitura Municipal de S\u00e3o Carlos\/SP<\/p>\n\n\n\n<p><strong>Bons estudos e boa prova!!!<\/strong><\/p>\n","protected":false},"excerpt":{"rendered":"<p>Aten\u00e7\u00e3o, concurseiros! Foi publicado o edital do concurso Prefeitura de S\u00e3o&nbsp;Carlos, no estado de S\u00e3o&nbsp;Paulo, com a oferta de 8 vagas para os cargos de professores, de n\u00edveis m\u00e9dio e superior! Se interessa pelo certame? Confira mais detalhes no decorrer da not\u00edcia. \ud83e\udd70 Como realizar as inscri\u00e7\u00f5es para o concurso Prefeitura de S\u00e3o&nbsp;Carlos? Os interessados em participar do certame poder\u00e3o realizar as inscri\u00e7\u00f5es a partir das 10h do dia 25 de setembro at\u00e9 o dia 24 de outubro de 2024, por meio do site da banca organizadora, Nosso Rumo. Para que a inscri\u00e7\u00e3o seja homologada \u00e9 necess\u00e1rio que o candidato&#8230;<\/p>\n","protected":false},"author":18,"featured_media":44353,"template":"","meta":{"_acf_changed":false,"rank_math_lock_modified_date":false},"categories":[],"tags":[],"acf":[],"_links":{"self":[{"href":"https:\/\/www.editorasolucao.com.br\/blog\/wp-json\/wp\/v2\/concurso\/3211"}],"collection":[{"href":"https:\/\/www.editorasolucao.com.br\/blog\/wp-json\/wp\/v2\/concurso"}],"about":[{"href":"https:\/\/www.editorasolucao.com.br\/blog\/wp-json\/wp\/v2\/types\/concurso"}],"author":[{"embeddable":true,"href":"https:\/\/www.editorasolucao.com.br\/blog\/wp-json\/wp\/v2\/users\/18"}],"wp:featuredmedia":[{"embeddable":true,"href":"https:\/\/www.editorasolucao.com.br\/blog\/wp-json\/wp\/v2\/media\/44353"}],"wp:attachment":[{"href":"https:\/\/www.editorasolucao.com.br\/blog\/wp-json\/wp\/v2\/media?parent=3211"}],"wp:term":[{"taxonomy":"category","embeddable":true,"href":"https:\/\/www.editorasolucao.com.br\/blog\/wp-json\/wp\/v2\/categories?post=3211"},{"taxonomy":"post_tag","embeddable":true,"href":"https:\/\/www.editorasolucao.com.br\/blog\/wp-json\/wp\/v2\/tags?post=3211"}],"curies":[{"name":"wp","href":"https:\/\/api.w.org\/{rel}","templated":true}]}}