{"id":33562,"date":"2024-03-20T13:37:07","date_gmt":"2024-03-20T16:37:07","guid":{"rendered":"https:\/\/www.editorasolucao.com.br\/blog\/?post_type=concurso&#038;p=33562"},"modified":"2024-04-24T11:42:20","modified_gmt":"2024-04-24T14:42:20","slug":"prefeitura-de-sao-joao-do-meriti-rj","status":"publish","type":"concurso","link":"https:\/\/www.editorasolucao.com.br\/blog\/concurso\/prefeitura-de-sao-joao-do-meriti-rj","title":{"rendered":"Concurso Prefeitura S\u00e3o Jo\u00e3o de Meriti-RJ: Data de prova alterada. 443 vagas!"},"content":{"rendered":"\n<p>Aten\u00e7\u00e3o, concurseiros! O concurso Prefeitura de S\u00e3o Jo\u00e3o do Meriti, no estado do Rio de Janeiro, que oferta 443 vagas para cargos de n\u00edveis m\u00e9dio, t\u00e9cnico e superior, tem <strong>data de prova alterada <\/strong>para os cargos de n\u00edvel m\u00e9dio! Fique e confira a nova data no decorrer da not\u00edcia. \ud83e\udd70<\/p>\n\n\n\n<div id=\"ez-toc-container\" class=\"ez-toc-v2_0_69_1 counter-hierarchy ez-toc-counter ez-toc-grey ez-toc-container-direction\">\n<div class=\"ez-toc-title-container\">\n<p class=\"ez-toc-title \" >Menu de navega&ccedil;&atilde;o<\/p>\n<span class=\"ez-toc-title-toggle\"><a href=\"#\" class=\"ez-toc-pull-right ez-toc-btn ez-toc-btn-xs ez-toc-btn-default ez-toc-toggle\" aria-label=\"Toggle Table of Content\"><span class=\"ez-toc-js-icon-con\"><span class=\"\"><span class=\"eztoc-hide\" style=\"display:none;\">Toggle<\/span><span class=\"ez-toc-icon-toggle-span\"><svg style=\"fill: #999;color:#999\" xmlns=\"http:\/\/www.w3.org\/2000\/svg\" class=\"list-377408\" width=\"20px\" height=\"20px\" viewBox=\"0 0 24 24\" fill=\"none\"><path d=\"M6 6H4v2h2V6zm14 0H8v2h12V6zM4 11h2v2H4v-2zm16 0H8v2h12v-2zM4 16h2v2H4v-2zm16 0H8v2h12v-2z\" fill=\"currentColor\"><\/path><\/svg><svg style=\"fill: #999;color:#999\" class=\"arrow-unsorted-368013\" xmlns=\"http:\/\/www.w3.org\/2000\/svg\" width=\"10px\" height=\"10px\" viewBox=\"0 0 24 24\" version=\"1.2\" baseProfile=\"tiny\"><path d=\"M18.2 9.3l-6.2-6.3-6.2 6.3c-.2.2-.3.4-.3.7s.1.5.3.7c.2.2.4.3.7.3h11c.3 0 .5-.1.7-.3.2-.2.3-.5.3-.7s-.1-.5-.3-.7zM5.8 14.7l6.2 6.3 6.2-6.3c.2-.2.3-.5.3-.7s-.1-.5-.3-.7c-.2-.2-.4-.3-.7-.3h-11c-.3 0-.5.1-.7.3-.2.2-.3.5-.3.7s.1.5.3.7z\"\/><\/svg><\/span><\/span><\/span><\/a><\/span><\/div>\n<nav><ul class='ez-toc-list ez-toc-list-level-1 ' ><li class='ez-toc-page-1 ez-toc-heading-level-2'><a class=\"ez-toc-link ez-toc-heading-1\" href=\"https:\/\/www.editorasolucao.com.br\/blog\/concurso\/prefeitura-de-sao-joao-do-meriti-rj\/#Como_efetuar_minha_inscricao_no_concurso_Prefeitura_de_Sao_Joao_do_Meriti-RJ\" title=\"Como efetuar minha inscri\u00e7\u00e3o no concurso Prefeitura de S\u00e3o Jo\u00e3o do Meriti-RJ?\">Como efetuar minha inscri\u00e7\u00e3o no concurso Prefeitura de S\u00e3o Jo\u00e3o do Meriti-RJ?<\/a><\/li><li class='ez-toc-page-1 ez-toc-heading-level-2'><a class=\"ez-toc-link ez-toc-heading-2\" href=\"https:\/\/www.editorasolucao.com.br\/blog\/concurso\/prefeitura-de-sao-joao-do-meriti-rj\/#Concurso_Prefeitura_de_Sao_Joao_do_Meriti-RJ_Cargos_vagas_e_remuneracoes\" title=\"Concurso Prefeitura de S\u00e3o Jo\u00e3o do Meriti-RJ: Cargos, vagas e remunera\u00e7\u00f5es\">Concurso Prefeitura de S\u00e3o Jo\u00e3o do Meriti-RJ: Cargos, vagas e remunera\u00e7\u00f5es<\/a><\/li><li class='ez-toc-page-1 ez-toc-heading-level-2'><a class=\"ez-toc-link ez-toc-heading-3\" href=\"https:\/\/www.editorasolucao.com.br\/blog\/concurso\/prefeitura-de-sao-joao-do-meriti-rj\/#Concurso_Prefeitura_de_Sao_Joao_do_Meriti-RJ_Atribuicoes\" title=\"Concurso Prefeitura de S\u00e3o Jo\u00e3o do Meriti-RJ: Atribui\u00e7\u00f5es\">Concurso Prefeitura de S\u00e3o Jo\u00e3o do Meriti-RJ: Atribui\u00e7\u00f5es<\/a><\/li><li class='ez-toc-page-1 ez-toc-heading-level-2'><a class=\"ez-toc-link ez-toc-heading-4\" href=\"https:\/\/www.editorasolucao.com.br\/blog\/concurso\/prefeitura-de-sao-joao-do-meriti-rj\/#Quais_sao_os_requisitos_para_a_investidura_no_concurso_Prefeitura_de_Sao_Joao_do_Meriti-RJ\" title=\"Quais s\u00e3o os requisitos para a investidura no concurso Prefeitura de S\u00e3o Jo\u00e3o do Meriti-RJ?\">Quais s\u00e3o os requisitos para a investidura no concurso Prefeitura de S\u00e3o Jo\u00e3o do Meriti-RJ?<\/a><\/li><li class='ez-toc-page-1 ez-toc-heading-level-2'><a class=\"ez-toc-link ez-toc-heading-5\" href=\"https:\/\/www.editorasolucao.com.br\/blog\/concurso\/prefeitura-de-sao-joao-do-meriti-rj\/#Qual_a_nova_data_para_a_realizacao_da_prova\" title=\"Qual a nova data para a realiza\u00e7\u00e3o da prova?\">Qual a nova data para a realiza\u00e7\u00e3o da prova?<\/a><\/li><\/ul><\/nav><\/div>\n<h2 class=\"wp-block-heading\" id=\"inscri\u00e7\u00f5es\"><span class=\"ez-toc-section\" id=\"Como_efetuar_minha_inscricao_no_concurso_Prefeitura_de_Sao_Joao_do_Meriti-RJ\"><\/span>Como efetuar minha inscri\u00e7\u00e3o no concurso Prefeitura de S\u00e3o Jo\u00e3o do Meriti-RJ?<span class=\"ez-toc-section-end\"><\/span><\/h2>\n\n\n\n<p>Os interessados em participar do certame puderam realizar as inscri\u00e7\u00f5es atrav\u00e9s do site da banca organizadora, <a href=\"https:\/\/portal.ian.org.br\/edital\/ver\/16\" target=\"_blank\" rel=\"noreferrer noopener\">IAN Concursos<\/a>, e para concluir a inscri\u00e7\u00e3o o candidato teve que pagar uma taxa que varia de acordo com o n\u00edvel de escolaridade:<\/p>\n\n\n\n<ul>\n<li>N\u00edvel m\u00e9dio e t\u00e9cnico: <strong>R$ 70,00<\/strong><\/li>\n\n\n\n<li>N\u00edvel superior: <strong>R$ 115,00<\/strong><\/li>\n<\/ul>\n\n\n\n<h2 class=\"wp-block-heading\" id=\"cargos\"><span class=\"ez-toc-section\" id=\"Concurso_Prefeitura_de_Sao_Joao_do_Meriti-RJ_Cargos_vagas_e_remuneracoes\"><\/span>Concurso Prefeitura de S\u00e3o Jo\u00e3o do Meriti-RJ: Cargos, vagas e remunera\u00e7\u00f5es<span class=\"ez-toc-section-end\"><\/span><\/h2>\n\n\n\n<p>Segundo o edital, ao todo est\u00e3o sendo ofertadas<strong> 443 vagas<\/strong> para cargos de vagas para cargos de n\u00edveis m\u00e9dio, t\u00e9cnico e superior de escolaridade. Confira os cargos ofertados, a distribui\u00e7\u00e3o das vagas e o sal\u00e1rio:<\/p>\n\n\n\n<p><strong>N\u00edvel m\u00e9dio e t\u00e9cnico<\/strong><\/p>\n\n\n\n<ul>\n<li><a href=\"https:\/\/www.editorasolucao.com.br\/apostila\/prefeitura-sao-joao-meriti-rj-agente-comunitario-saude\">Agente Comunit\u00e1rio de Sa\u00fade<\/a> (300)\n<ul>\n<li>R$ 2.424,00<\/li>\n<\/ul>\n<\/li>\n\n\n\n<li><a href=\"https:\/\/www.editorasolucao.com.br\/apostila\/prefeitura-sao-joao-meriti-rj-tecnico-enfermagem\">T\u00e9cnico de Enfermagem<\/a> (50)\n<ul>\n<li>R$ 1.320,00+Gratifica\u00e7\u00e3o do piso nacional<\/li>\n<\/ul>\n<\/li>\n\n\n\n<li>T\u00e9cnico de Sa\u00fade Bucal (10)\n<ul>\n<li>R$ 1.320,00<\/li>\n<\/ul>\n<\/li>\n<\/ul>\n\n\n\n<p><strong>N\u00edvel superior<\/strong><\/p>\n\n\n\n<ul>\n<li>Contador (03)\n<ul>\n<li>R$ 1.320,00+Gratifica\u00e7\u00e3o de encargos especiais de at\u00e9 R$5.000,00<\/li>\n<\/ul>\n<\/li>\n\n\n\n<li><a href=\"https:\/\/www.editorasolucao.com.br\/apostila\/prefeitura-sao-joao-meriti-rj-enfermeiro\">Enfermeiro<\/a> (40)\n<ul>\n<li>R$ 2.424,00+Gratifica\u00e7\u00e3o do piso nacional<\/li>\n<\/ul>\n<\/li>\n\n\n\n<li>M\u00e9dico Cl\u00ednico (30)\n<ul>\n<li>R$ 3.636,00<\/li>\n<\/ul>\n<\/li>\n\n\n\n<li>Odont\u00f3logo (10)\n<ul>\n<li>R$ 2.424,00<\/li>\n<\/ul>\n<\/li>\n<\/ul>\n\n\n\n<p>A jornada de trabalho varia entre 20 a 40 horas semanais, de acordo com o cargo escolhido pelo candidato.<\/p>\n\n\n\n<h2 class=\"wp-block-heading\" id=\"atribui\u00e7\u00f5es\"><span class=\"ez-toc-section\" id=\"Concurso_Prefeitura_de_Sao_Joao_do_Meriti-RJ_Atribuicoes\"><\/span>Concurso Prefeitura de S\u00e3o Jo\u00e3o do Meriti-RJ: Atribui\u00e7\u00f5es<span class=\"ez-toc-section-end\"><\/span><\/h2>\n\n\n\n<p>Confira algumas das <strong>atividades <\/strong>que o aprovado no cargo escolhido ir\u00e1 realizar em cada cargo ofertado: <\/p>\n\n\n\n<ul>\n<li><a href=\"https:\/\/www.editorasolucao.com.br\/apostila\/prefeitura-sao-joao-meriti-rj-agente-comunitario-saude\">Agente Comunit\u00e1rio de Sa\u00fade<\/a>:\n<ul>\n<li>Desenvolver a\u00e7\u00f5es que busquem a integra\u00e7\u00e3o entre a equipe de sa\u00fade e a popula\u00e7\u00e3o, considerando as caracter\u00edsticas e as finalidades do trabalho de acompanhamento de indiv\u00edduos e grupos sociais ou coletividade; <\/li>\n\n\n\n<li>Estar em contato permanente com as fam\u00edlias desenvolvendo a\u00e7\u00f5es educativas, visando \u00e0 promo\u00e7\u00e3o da sa\u00fade e a preven\u00e7\u00e3o das doen\u00e7as, de acordo com o planejamento da equipe; <\/li>\n\n\n\n<li>Cadastrar todas as pessoas de sua micro\u00e1rea e manter os cadastros atualizados.<\/li>\n<\/ul>\n<\/li>\n\n\n\n<li><a href=\"https:\/\/www.editorasolucao.com.br\/apostila\/prefeitura-sao-joao-meriti-rj-tecnico-enfermagem\">T\u00e9cnico de Enfermagem<\/a>:\n<ul>\n<li>Trabalhar em conformidade \u00e0s boas pr\u00e1ticas, normas e procedimentos de biosseguran\u00e7a; <\/li>\n\n\n\n<li>Prestar assist\u00eancia segura, humanizada e individualizada aos pacientes cr\u00edticos; <\/li>\n\n\n\n<li>Solicitar reposi\u00e7\u00e3o de materiais de consumo para atendimento dos pacientes.<\/li>\n<\/ul>\n<\/li>\n\n\n\n<li>T\u00e9cnico de Sa\u00fade Bucal:\n<ul>\n<li>Selecionar moldeiras; <\/li>\n\n\n\n<li>Confeccionar modelos em gesso; <\/li>\n\n\n\n<li>Aplicar m\u00e9todos preventivos para controle da c\u00e1rie dental.<\/li>\n<\/ul>\n<\/li>\n\n\n\n<li>Contador:\n<ul>\n<li>Proceder \u00e0 escritura\u00e7\u00e3o e demais procedimentos cont\u00e1beis; <\/li>\n\n\n\n<li>Elaborar a presta\u00e7\u00e3o de contas anual, obedecendo \u00e0s instru\u00e7\u00f5es do Tribunal de Contas do Estado; <\/li>\n\n\n\n<li>Elaborar balancetes mensais e demais procedimentos cont\u00e1beis dentro das normas de Direito Financeiro, obedecendo aos prazos estabelecidos por lei.<\/li>\n<\/ul>\n<\/li>\n\n\n\n<li><a href=\"https:\/\/www.editorasolucao.com.br\/apostila\/prefeitura-sao-joao-meriti-rj-enfermeiro\">Enfermeiro<\/a>:\n<ul>\n<li>Realizar consultas e procedimentos de enfermagem na Unidade B\u00e1sica de Sa\u00fade e, quando necess\u00e1rio, no domic\u00edlio e na comunidade; <\/li>\n\n\n\n<li>Solicitar exames complementares e prescrever medica\u00e7\u00f5es, conforme protocolos ou outras normativas t\u00e9cnicas estabelecidas pelo gestor municipal, observadas as disposi\u00e7\u00f5es legais da profiss\u00e3o; <\/li>\n\n\n\n<li>Organizar e coordenar grupos espec\u00edficos de indiv\u00edduos e fam\u00edlias em situa\u00e7\u00e3o de risco da \u00e1rea de atua\u00e7\u00e3o dos ACS.<\/li>\n<\/ul>\n<\/li>\n\n\n\n<li>M\u00e9dico Cl\u00ednico:\n<ul>\n<li>Auxiliar nos programas de educa\u00e7\u00e3o de sa\u00fade; <\/li>\n\n\n\n<li>Opinar a respeito da aquisi\u00e7\u00e3o de aparelhos, equipamentos e materiais a serem utilizados no desenvolvimento de servi\u00e7os relacionados a sua especialidade; <\/li>\n\n\n\n<li>Executar outras tarefas afins, de acordo com as necessidades peculiares do \u00f3rg\u00e3o nos programas e projetos a serem implantados pela Secretaria.<\/li>\n<\/ul>\n<\/li>\n\n\n\n<li>Odont\u00f3logo:\n<ul>\n<li>Acompanhar, apoiar e desenvolver atividades referentes \u00e0 sa\u00fade bucal com os demais membros da Equipe de Sa\u00fade da Fam\u00edlia, buscando aproximar e integrar a\u00e7\u00f5es de sa\u00fade de forma multidisciplinar; <\/li>\n\n\n\n<li>Contribuir e participar das atividades de Educa\u00e7\u00e3o Permanente do THD, ACD e ESF; <\/li>\n\n\n\n<li>Realizar supervis\u00e3o t\u00e9cnica do THD e ACD.<\/li>\n<\/ul>\n<\/li>\n<\/ul>\n\n\n\n<h2 class=\"wp-block-heading\" id=\"requisitos\"><span class=\"ez-toc-section\" id=\"Quais_sao_os_requisitos_para_a_investidura_no_concurso_Prefeitura_de_Sao_Joao_do_Meriti-RJ\"><\/span>Quais s\u00e3o os requisitos para a investidura no concurso Prefeitura de S\u00e3o Jo\u00e3o do Meriti-RJ?<span class=\"ez-toc-section-end\"><\/span><\/h2>\n\n\n\n<p>Para que o candidato tome posse do cargo pretendido no concurso da Prefeitura de S\u00e3o Jo\u00e3o do Meriti-RJ \u00e9 necess\u00e1rio cumprir as seguintes <strong>exig\u00eancias<\/strong>:<\/p>\n\n\n\n<ul>\n<li>Ter sido aprovado e classificado no presente Concurso P\u00fablico, na forma estabelecida neste Edital, seus anexos e suas retifica\u00e7\u00f5es;<\/li>\n\n\n\n<li>Ser brasileiro nato ou naturalizado, ou cidad\u00e3o portugu\u00eas que tenha adquirido a igualdade de direitos e obriga\u00e7\u00f5es civis, e gozo dos direitos pol\u00edticos (Decreto N\u00ba 70.436, de 18\/04\/72; Constitui\u00e7\u00e3o Federal, \u00a7 1\u00ba do Art. 12 de 05\/10\/1988; Emenda Constitucional N\u00ba 19 de 04\/06\/98, Art. 3\u00ba);<\/li>\n\n\n\n<li>Estar em pleno gozo e exerc\u00edcio dos direitos pol\u00edticos e civis;<\/li>\n\n\n\n<li>Estar com o Cadastro de Pessoa F\u00edsica (CPF) regularizado;<\/li>\n\n\n\n<li>Ser eleitor e estar em situa\u00e7\u00e3o regular com a Justi\u00e7a Eleitoral;<\/li>\n\n\n\n<li>Quando do sexo masculino, estar em dia com as obriga\u00e7\u00f5es do Servi\u00e7o Militar;<\/li>\n\n\n\n<li><strong>Ter idade m\u00ednima de 18 anos completos na data da posse;<\/strong><\/li>\n\n\n\n<li>N\u00e3o ter sido condenado \u00e0 pena privativa de liberdade transitada em julgado ou qualquer outra condena\u00e7\u00e3o incompat\u00edvel com a fun\u00e7\u00e3o p\u00fablica;<\/li>\n\n\n\n<li>N\u00e3o ter sido demitido, por justa causa, do servi\u00e7o p\u00fablico federal, estadual ou municipal;<\/li>\n\n\n\n<li>N\u00e3o ter sofrido san\u00e7\u00e3o impeditiva do exerc\u00edcio de fun\u00e7\u00e3o, emprego ou cargo p\u00fablico;<\/li>\n\n\n\n<li>Firmar declara\u00e7\u00e3o de n\u00e3o estar cumprindo e nem ter sofrido, no exerc\u00edcio da fun\u00e7\u00e3o p\u00fablica,  penalidade por pr\u00e1tica de improbidade administrativa ou inidoneidade, aplicada por qualquer \u00f3rg\u00e3o p\u00fablico ou entidade da esfera federal, estadual ou municipal;<\/li>\n\n\n\n<li><strong>Ter aptid\u00e3o f\u00edsica e mental para o exerc\u00edcio das atribui\u00e7\u00f5es do cargo, comprovada por avalia\u00e7\u00e3o m\u00e9dica oficial;<\/strong><\/li>\n\n\n\n<li>Possuir e comprovar, \u00e0 \u00e9poca da convoca\u00e7\u00e3o, a escolaridade e os demais requisitos exigidos para o exerc\u00edcio do cargo, em conformidade com o disposto neste Edital;<\/li>\n\n\n\n<li>Apresentar, quando se tratar de profiss\u00e3o regulamentada, \u00e0 \u00e9poca da convoca\u00e7\u00e3o, o registro de inscri\u00e7\u00e3o no respectivo \u00f3rg\u00e3o fiscalizador com a certid\u00e3o de regularidade profissional;<\/li>\n\n\n\n<li>Declarar expressamente o exerc\u00edcio ou n\u00e3o de cargo, emprego ou fun\u00e7\u00e3o p\u00fablica nos \u00f3rg\u00e3os ou entidades da Administra\u00e7\u00e3o P\u00fablica Estadual, Federal ou Municipal, para fins de verifica\u00e7\u00e3o de ac\u00famulo ou n\u00e3o de cargo, emprego ou fun\u00e7\u00e3o p\u00fablica;<\/li>\n\n\n\n<li>Apresentar, dentro do prazo estipulado neste Edital, todos os documentos que se fizerem necess\u00e1rios;<\/li>\n\n\n\n<li>Atender a todas as exig\u00eancias contidas neste Edital.<\/li>\n<\/ul>\n\n\n\n<h2 class=\"wp-block-heading\" id=\"etapas\"><span class=\"ez-toc-section\" id=\"Qual_a_nova_data_para_a_realizacao_da_prova\"><\/span>Qual a nova data para a realiza\u00e7\u00e3o da prova?<span class=\"ez-toc-section-end\"><\/span><\/h2>\n\n\n\n<p>Conforme o <a href=\"https:\/\/cdn.ian.org.br\/edital\/1\/33\/96a8a224bd1c0cf32d0290e313aaf3b6.pdf\" target=\"_blank\" rel=\"noopener\">comunicado<\/a> publicado pela banca, os candidatos de n\u00edvel m\u00e9dio ser\u00e3o avaliados por meio de uma \u00fanica etapa, a Prova Objetiva, de car\u00e1ter <em>eliminat\u00f3rio <\/em>e <em>classificat\u00f3rio<\/em>, que dever\u00e1 ser realizada no dia <strong>14 de abril de 2024<\/strong>, em dois turnos, sendo:<\/p>\n\n\n\n<ol>\n<li>Manh\u00e3 &#8211; 9h \u00e0s 12h\n<ul>\n<li>T\u00e9cnico de Enfermagem e T\u00e9cnico de Sa\u00fade Bucal<\/li>\n<\/ul>\n<\/li>\n\n\n\n<li>Tarde &#8211; 14h \u00e0s 17h\n<ul>\n<li>Agente Comunit\u00e1rio de Sa\u00fade<\/li>\n<\/ul>\n<\/li>\n<\/ol>\n\n\n\n<p>Os candidatos ter\u00e3o o tempo m\u00e1ximo de 03 horas para realizar a prova!<\/p>\n\n\n\n<p>A avalia\u00e7\u00e3o composta por <strong>50 quest\u00f5es de m\u00faltipla escolha<\/strong> que ser\u00e3o versadas nas seguintes disciplinas:<\/p>\n\n\n\n<p><strong>N\u00edvel m\u00e9dio e t\u00e9cnico<\/strong><\/p>\n\n\n\n<ul>\n<li>L\u00edngua Portuguesa (10)<\/li>\n\n\n\n<li>Legisla\u00e7\u00e3o Municipal (10)<\/li>\n\n\n\n<li>Sa\u00fade P\u00fablica (15)<\/li>\n\n\n\n<li>Conhecimentos Espec\u00edficos (15)<\/li>\n<\/ul>\n\n\n\n<p>A prova ter\u00e1 a pontua\u00e7\u00e3o m\u00e1xima de 100 pontos, dessa forma, ser\u00e1 considerado <strong>aprovado <\/strong>o candidato que obtiver no m\u00ednimo 50 pontos.<\/p>\n\n\n\n<h3 class=\"wp-block-heading\">Como foram as provas para os cargos de n\u00edvel superior?<\/h3>\n\n\n\n<p>Os candidatos de n\u00edvel superior al\u00e9m de realizarem a prova objetiva, realizada no dia 07 de janeiro de 2024 foram submetidos \u00e0 prova de t\u00edtulos.<\/p>\n\n\n\n<p>A prova objetiva foi composta por <strong>50 quest\u00f5es de m\u00faltipla escolha<\/strong> que foram versadas nas seguintes disciplinas:<\/p>\n\n\n\n<p><strong>N\u00edvel superior (exceto para o cargo de Contador)<\/strong><\/p>\n\n\n\n<ul>\n<li>L\u00edngua Portuguesa (10)<\/li>\n\n\n\n<li>Legisla\u00e7\u00e3o Municipal (10)<\/li>\n\n\n\n<li>Sa\u00fade P\u00fablica (15)<\/li>\n\n\n\n<li>Conhecimentos Espec\u00edficos (15)<\/li>\n<\/ul>\n\n\n\n<p><strong>Para o cargo de Contador<\/strong><\/p>\n\n\n\n<ul>\n<li>L\u00edngua Portuguesa (10)<\/li>\n\n\n\n<li>Legisla\u00e7\u00e3o Municipal (10)<\/li>\n\n\n\n<li>Conhecimentos Espec\u00edficos (30)<\/li>\n<\/ul>\n\n\n\n<p>A avalia\u00e7\u00e3o teve a pontua\u00e7\u00e3o m\u00e1xima de 100 pontos, dessa forma, foi considerado <strong>aprovado <\/strong>o candidato que obtiver no m\u00ednimo 50 pontos.<\/p>\n\n\n\n<p>Confira os documentos que foram <strong>aceitos<\/strong> e tamb\u00e9m a pontua\u00e7\u00e3o de cada t\u00edtulo:<\/p>\n\n\n\n<figure class=\"wp-block-image size-full\"><img loading=\"lazy\" decoding=\"async\" width=\"529\" height=\"374\" src=\"https:\/\/www.editorasolucao.com.br\/blog\/wp-content\/uploads\/2023\/10\/image-69.png\" alt=\"\" class=\"wp-image-37251\"\/><\/figure>\n\n\n\n<p>O prazo de <strong>validade <\/strong>deste Concurso P\u00fablico ser\u00e1 de 02 anos, a contar da data de publica\u00e7\u00e3o da sua homologa\u00e7\u00e3o, podendo ser prorrogado uma \u00fanica vez por igual per\u00edodo, a crit\u00e9rio da Prefeitura<br>Municipal de S\u00e3o Jo\u00e3o de Meriti-RJ.<\/p>\n\n\n\n<p><strong>Bons estudos e boa prova!<\/strong><\/p>\n","protected":false},"excerpt":{"rendered":"<p>Aten\u00e7\u00e3o, concurseiros! O concurso Prefeitura de S\u00e3o Jo\u00e3o do Meriti, no estado do Rio de Janeiro, que oferta 443 vagas para cargos de n\u00edveis m\u00e9dio, t\u00e9cnico e superior, tem data de prova alterada para os cargos de n\u00edvel m\u00e9dio! Fique e confira a nova data no decorrer da not\u00edcia. \ud83e\udd70 Como efetuar minha inscri\u00e7\u00e3o no concurso Prefeitura de S\u00e3o Jo\u00e3o do Meriti-RJ? Os interessados em participar do certame puderam realizar as inscri\u00e7\u00f5es atrav\u00e9s do site da banca organizadora, IAN Concursos, e para concluir a inscri\u00e7\u00e3o o candidato teve que pagar uma taxa que varia de acordo com o n\u00edvel de&#8230;<\/p>\n","protected":false},"author":18,"featured_media":41052,"template":"","meta":{"_acf_changed":false,"rank_math_lock_modified_date":false},"categories":[],"tags":[],"acf":[],"_links":{"self":[{"href":"https:\/\/www.editorasolucao.com.br\/blog\/wp-json\/wp\/v2\/concurso\/33562"}],"collection":[{"href":"https:\/\/www.editorasolucao.com.br\/blog\/wp-json\/wp\/v2\/concurso"}],"about":[{"href":"https:\/\/www.editorasolucao.com.br\/blog\/wp-json\/wp\/v2\/types\/concurso"}],"author":[{"embeddable":true,"href":"https:\/\/www.editorasolucao.com.br\/blog\/wp-json\/wp\/v2\/users\/18"}],"wp:featuredmedia":[{"embeddable":true,"href":"https:\/\/www.editorasolucao.com.br\/blog\/wp-json\/wp\/v2\/media\/41052"}],"wp:attachment":[{"href":"https:\/\/www.editorasolucao.com.br\/blog\/wp-json\/wp\/v2\/media?parent=33562"}],"wp:term":[{"taxonomy":"category","embeddable":true,"href":"https:\/\/www.editorasolucao.com.br\/blog\/wp-json\/wp\/v2\/categories?post=33562"},{"taxonomy":"post_tag","embeddable":true,"href":"https:\/\/www.editorasolucao.com.br\/blog\/wp-json\/wp\/v2\/tags?post=33562"}],"curies":[{"name":"wp","href":"https:\/\/api.w.org\/{rel}","templated":true}]}}