{"id":34119,"date":"2023-09-13T08:00:00","date_gmt":"2023-09-13T11:00:00","guid":{"rendered":"https:\/\/www.editorasolucao.com.br\/blog\/?post_type=concurso&#038;p=34119"},"modified":"2023-09-14T12:22:04","modified_gmt":"2023-09-14T15:22:04","slug":"creci-mt","status":"publish","type":"concurso","link":"https:\/\/www.editorasolucao.com.br\/blog\/concurso\/creci-mt","title":{"rendered":"Concurso CRECI-MT: Edital aberto para Agente de Fiscaliza\u00e7\u00e3o, n\u00edvel m\u00e9dio!"},"content":{"rendered":"\n<p>Est\u00e3o abertas as inscri\u00e7\u00f5es para o concurso CRECI-MT (<a href=\"https:\/\/www.editorasolucao.com.br\/blog\/concursos-previstos-nacional\" target=\"_blank\" rel=\"noreferrer noopener\">Conselho Regional de Corretores de Im\u00f3veis do Mato Grosso<\/a>) com a oferta de vagas <strong>imediatas <\/strong>e oportunidade para forma\u00e7\u00e3o de <strong>cadastro reserva<\/strong>. A remunera\u00e7\u00e3o chega at\u00e9 R$ 3.700,00! Ficou interessado(a)? Confira mais detalhes no decorrer da not\u00edcia. \ud83e\udd70<\/p>\n\n\n\n<ul><li><a href=\"#inscri\u00e7\u00f5es\">Inscri\u00e7\u00f5es<\/a><\/li><li><a href=\"#cargos\">Cargo, vagas e remunera\u00e7\u00e3o<\/a><\/li><li><a href=\"#atribui\u00e7\u00f5es\">Atribui\u00e7\u00f5es<\/a><\/li><li><a href=\"#requisitos\">Requisitos<\/a><\/li><li><a href=\"#etapas\">Etapas de sele\u00e7\u00e3o<\/a><\/li><\/ul>\n\n\n\n<div id=\"ez-toc-container\" class=\"ez-toc-v2_0_69_1 counter-hierarchy ez-toc-counter ez-toc-grey ez-toc-container-direction\">\n<div class=\"ez-toc-title-container\">\n<p class=\"ez-toc-title \" >Menu de navega&ccedil;&atilde;o<\/p>\n<span class=\"ez-toc-title-toggle\"><a href=\"#\" class=\"ez-toc-pull-right ez-toc-btn ez-toc-btn-xs ez-toc-btn-default ez-toc-toggle\" aria-label=\"Toggle Table of Content\"><span class=\"ez-toc-js-icon-con\"><span class=\"\"><span class=\"eztoc-hide\" style=\"display:none;\">Toggle<\/span><span class=\"ez-toc-icon-toggle-span\"><svg style=\"fill: #999;color:#999\" xmlns=\"http:\/\/www.w3.org\/2000\/svg\" class=\"list-377408\" width=\"20px\" height=\"20px\" viewBox=\"0 0 24 24\" fill=\"none\"><path d=\"M6 6H4v2h2V6zm14 0H8v2h12V6zM4 11h2v2H4v-2zm16 0H8v2h12v-2zM4 16h2v2H4v-2zm16 0H8v2h12v-2z\" fill=\"currentColor\"><\/path><\/svg><svg style=\"fill: #999;color:#999\" class=\"arrow-unsorted-368013\" xmlns=\"http:\/\/www.w3.org\/2000\/svg\" width=\"10px\" height=\"10px\" viewBox=\"0 0 24 24\" version=\"1.2\" baseProfile=\"tiny\"><path d=\"M18.2 9.3l-6.2-6.3-6.2 6.3c-.2.2-.3.4-.3.7s.1.5.3.7c.2.2.4.3.7.3h11c.3 0 .5-.1.7-.3.2-.2.3-.5.3-.7s-.1-.5-.3-.7zM5.8 14.7l6.2 6.3 6.2-6.3c.2-.2.3-.5.3-.7s-.1-.5-.3-.7c-.2-.2-.4-.3-.7-.3h-11c-.3 0-.5.1-.7.3-.2.2-.3.5-.3.7s.1.5.3.7z\"\/><\/svg><\/span><\/span><\/span><\/a><\/span><\/div>\n<nav><ul class='ez-toc-list ez-toc-list-level-1 ' ><li class='ez-toc-page-1 ez-toc-heading-level-2'><a class=\"ez-toc-link ez-toc-heading-1\" href=\"https:\/\/www.editorasolucao.com.br\/blog\/concurso\/creci-mt\/#Como_realizar_as_inscricoes_para_o_concurso_CRECI-MT\" title=\"Como realizar as inscri\u00e7\u00f5es para o concurso CRECI-MT?\">Como realizar as inscri\u00e7\u00f5es para o concurso CRECI-MT?<\/a><\/li><li class='ez-toc-page-1 ez-toc-heading-level-2'><a class=\"ez-toc-link ez-toc-heading-2\" href=\"https:\/\/www.editorasolucao.com.br\/blog\/concurso\/creci-mt\/#Cargo_vagas_e_remuneracao_do_concurso_CRECI-MT\" title=\"Cargo, vagas e remunera\u00e7\u00e3o do concurso CRECI-MT\">Cargo, vagas e remunera\u00e7\u00e3o do concurso CRECI-MT<\/a><\/li><li class='ez-toc-page-1 ez-toc-heading-level-2'><a class=\"ez-toc-link ez-toc-heading-3\" href=\"https:\/\/www.editorasolucao.com.br\/blog\/concurso\/creci-mt\/#Concurso_CRECI-MT_Atribuicoes\" title=\"Concurso CRECI-MT: Atribui\u00e7\u00f5es\">Concurso CRECI-MT: Atribui\u00e7\u00f5es<\/a><\/li><li class='ez-toc-page-1 ez-toc-heading-level-2'><a class=\"ez-toc-link ez-toc-heading-4\" href=\"https:\/\/www.editorasolucao.com.br\/blog\/concurso\/creci-mt\/#Quais_sao_os_requisitos_para_a_investidura_no_concurso_CRECI-MT\" title=\"Quais s\u00e3o os requisitos para a investidura no concurso CRECI-MT?\">Quais s\u00e3o os requisitos para a investidura no concurso CRECI-MT?<\/a><\/li><li class='ez-toc-page-1 ez-toc-heading-level-2'><a class=\"ez-toc-link ez-toc-heading-5\" href=\"https:\/\/www.editorasolucao.com.br\/blog\/concurso\/creci-mt\/#Como_serao_as_provas_do_concurso_CRECI-MT\" title=\"Como ser\u00e3o as provas do concurso CRECI-MT?\">Como ser\u00e3o as provas do concurso CRECI-MT?<\/a><\/li><\/ul><\/nav><\/div>\n<h2 class=\"wp-block-heading\" id=\"inscri\u00e7\u00f5es\"><span class=\"ez-toc-section\" id=\"Como_realizar_as_inscricoes_para_o_concurso_CRECI-MT\"><\/span>Como realizar as inscri\u00e7\u00f5es para o concurso CRECI-MT?<span class=\"ez-toc-section-end\"><\/span><\/h2>\n\n\n\n<p>Os interessados em participar do certame j\u00e1 podem realizar as inscri\u00e7\u00f5es atrav\u00e9s do site da banca organizadora, <a href=\"https:\/\/selecon.selecao.net.br\/informacoes\/24\/\" target=\"_blank\" rel=\"noreferrer noopener\">Instituto Selecon<\/a>, <strong>at\u00e9 o dia 15 de outubro de 2023.<\/strong><\/p>\n\n\n\n<p>Portanto, para efetivar a inscri\u00e7\u00e3o \u00e9 necess\u00e1rio que o candidato efetue o pagamento de uma taxa no valor fixo de <strong>R$ 120,00.<\/strong><\/p>\n\n\n\n<p>Entretanto, para os candidatos que se enquadrassem nas determina\u00e7\u00f5es do edital houve a possibilidade de solicitar a <strong>isen\u00e7\u00e3o <\/strong>da taxa de inscri\u00e7\u00e3o. O per\u00edodo de solicita\u00e7\u00e3o j\u00e1 foi <strong>encerrado<\/strong>. <\/p>\n\n\n\n<h2 class=\"wp-block-heading\" id=\"cargos\"><span class=\"ez-toc-section\" id=\"Cargo_vagas_e_remuneracao_do_concurso_CRECI-MT\"><\/span>Cargo, vagas e remunera\u00e7\u00e3o do concurso CRECI-MT<span class=\"ez-toc-section-end\"><\/span><\/h2>\n\n\n\n<p>Ao todo est\u00e3o sendo ofertadas 04 vagas imediatas, al\u00e9m da oportunidade de forma\u00e7\u00e3o de cadastro reserva para o cargo de <a href=\"https:\/\/www.editorasolucao.com.br\/apostila\/creci-mt-ag-fiscalizacao\">Agente de Fiscaliza\u00e7\u00e3o<\/a>, de n\u00edvel m\u00e9dio de escolaridade.<\/p>\n\n\n\n<p>As vagas s\u00e3o destinadas para os seguintes <strong>polos de lotac\u00e3o<\/strong>:<\/p>\n\n\n\n<ul><li>Alta Floresta<\/li><li>Barra do Gar\u00e7as<\/li><li>Campo Novo do Parecis<\/li><li>Confresa<\/li><li>Cuiab\u00e1<\/li><li>Rondon\u00f3polis<\/li><li>Sinop<\/li><li>Pontes e Lacerda<\/li><\/ul>\n\n\n\n<p>A carga hor\u00e1ria \u00e9 de 40 horas semanais para uma remunera\u00e7\u00e3o inicial no valor de <strong>R$ 3.700,00<\/strong>, sendo que al\u00e9m do sal\u00e1rio base os candidatos aprovados far\u00e3o jus aos seguintes benef\u00edcios:<\/p>\n\n\n\n<ul><li>Vale Refei\u00e7\u00e3o;<\/li><li>Vale transporte, conforme legisla\u00e7\u00e3o vigente.<\/li><\/ul>\n\n\n\n<h2 class=\"wp-block-heading\" id=\"atribui\u00e7\u00f5es\"><span class=\"ez-toc-section\" id=\"Concurso_CRECI-MT_Atribuicoes\"><\/span>Concurso CRECI-MT: Atribui\u00e7\u00f5es<span class=\"ez-toc-section-end\"><\/span><\/h2>\n\n\n\n<p>Confira as <strong>atividades <\/strong>que o cargo de <a href=\"https:\/\/www.editorasolucao.com.br\/apostila\/creci-mt-ag-fiscalizacao\">Agente de Fiscaliza\u00e7\u00e3o<\/a> exerce:<\/p>\n\n\n\n<ul><li>Realizar atividades de fiscaliza\u00e7\u00e3o, na capital e interior do Estado, sempre que se fizer necess\u00e1rio, a fim de dar cumprimento ao plano de a\u00e7\u00e3o de fiscaliza\u00e7\u00e3o aprovado pela Diretoria\/Plen\u00e1rio do CRECI-MT, obedecendo portarias que especifiquem os munic\u00edpios a serem fiscaliza\u00e7\u00e3o, devidamente divididos por \u00e1reas de atua\u00e7\u00e3o;<\/li><li>Atender as pessoas que procurarem o CRECI-MT para formaliza\u00e7\u00e3o de den\u00fancias, ficando sob sua responsabilidade o bom desempenho da fiscaliza\u00e7\u00e3o;<\/li><li>Constatar o il\u00edcito disciplinar, ainda que fora da sede do estabelecimento do infrator e lavrar auto de infra\u00e7\u00e3o;<\/li><li>Fiscalizar an\u00fancios em jornais, pain\u00e9is, cartazes ou stand de vendas ou construtoras, incorporadoras ou loteamentos constatando todas as formalidades pr\u00f3prias inerentes ao exerc\u00edcio da profiss\u00e3o de corretores de im\u00f3veis;<\/li><\/ul>\n\n\n\n<h2 class=\"wp-block-heading\" id=\"requisitos\"><span class=\"ez-toc-section\" id=\"Quais_sao_os_requisitos_para_a_investidura_no_concurso_CRECI-MT\"><\/span>Quais s\u00e3o os requisitos para a investidura no concurso CRECI-MT?<span class=\"ez-toc-section-end\"><\/span><\/h2>\n\n\n\n<p>Saiba quais s\u00e3o as <strong>exig\u00eancias <\/strong>para que o candidato tome posse do cargo no certame <a href=\"https:\/\/www.editorasolucao.com.br\/blog\/concursos-abertos-mt\" target=\"_blank\" rel=\"noreferrer noopener\">CRECI-MT<\/a>:<\/p>\n\n\n\n<ul><li>Ser aprovado em todas as fases do concurso p\u00fablico;<\/li><li>Ter a nacionalidade brasileira ou portuguesa e, no caso de nacionalidade portuguesa, estar amparado pelo Estatuto de Igualdade entre Brasileiros e Portugueses, com reconhecimento do gozo dos direitos pol\u00edticos, nos termos do \u00a7 1\u00ba do art. 12 da Constitui\u00e7\u00e3o Federal;<\/li><li>Estar em gozo dos direitos pol\u00edticos;<\/li><li>Estar quite com as obriga\u00e7\u00f5es militares, em caso de candidato do sexo masculino;<\/li><li>Estar quite com as obriga\u00e7\u00f5es eleitorais;<\/li><li>Possuir os requisitos exigidos para o exerc\u00edcio do cargo, conforme o Anexo II deste edital;<\/li><li><strong>Ter idade m\u00ednima de 18 anos completos na data da contrata\u00e7\u00e3o;<\/strong><\/li><li>Apresentar atestado de pr\u00e9via aprova\u00e7\u00e3o de aptid\u00e3o f\u00edsica e mental para o exerc\u00edcio das atribui\u00e7\u00f5es do cargo;<\/li><li>Apresentar declara\u00e7\u00e3o de que n\u00e3o acumula cargo ou fun\u00e7\u00e3o p\u00fablica, ou proventos de inatividade, ressalvadas as possibilidades de acumula\u00e7\u00e3o l\u00edcita previstas no Inciso XVI do art. 37 da Constitui\u00e7\u00e3o Federal;<\/li><li>Ter aptid\u00e3o f\u00edsica e mental para o exerc\u00edcio das atribui\u00e7\u00f5es correspondentes ao cargo; e<\/li><li>N\u00e3o estar cumprindo san\u00e7\u00e3o por inidoneidade, aplicada por qualquer \u00f3rg\u00e3o p\u00fablico ou entidade das esferas federal, estadual, municipal ou do Distrito Federal; e<\/li><li>Cumprir as determina\u00e7\u00f5es deste edital.<\/li><li>O candidato aprovado no Referido concurso P\u00fablico, que cumprir todos os requisitos b\u00e1sicos estabelecidos, ficar\u00e1 contratado sobre o regime de CLT (Consolida\u00e7\u00e3o das Leis Trabalhistas), conforme decreto-lei N. \u00ba 5.452 em 1943 e suas atualiza\u00e7\u00f5es e reformas.<\/li><\/ul>\n\n\n\n<h2 class=\"wp-block-heading\" id=\"etapas\"><span class=\"ez-toc-section\" id=\"Como_serao_as_provas_do_concurso_CRECI-MT\"><\/span>Como ser\u00e3o as provas do concurso CRECI-MT?<span class=\"ez-toc-section-end\"><\/span><\/h2>\n\n\n\n<p>O certame ser\u00e1 composto por duas etapas. S\u00e3o elas:<\/p>\n\n\n\n<ul><li><strong>Prova Objetiva<\/strong> &#8211; de car\u00e1ter <em>eliminat\u00f3rio <\/em>e <em>classificat\u00f3rio<\/em>.<ul><li><strong>Reda\u00e7\u00e3o<\/strong> <\/li><\/ul><\/li><\/ul>\n\n\n\n<h3 class=\"wp-block-heading\">Prova Objetiva<\/h3>\n\n\n\n<p>Essa etapa dever\u00e1 ser realizada no dia <strong>19 de novembro de 2023<\/strong>, contendo 40 quest\u00f5es de m\u00faltipla escolha. A dura\u00e7\u00e3o m\u00e1xima para a realiza\u00e7\u00e3o da prova ser\u00e1 de 03 horas e 30 minutos.<\/p>\n\n\n\n<p>A prova ser\u00e1 realizada nas <strong>cidades <\/strong>de e Alta Floresta, Barra do Gar\u00e7as, Campo Novo do Parecis, Confresa, Cuiab\u00e1, Pontes e Lacerda, Rondon\u00f3polis e Sinop.<\/p>\n\n\n\n<p>A avalia\u00e7\u00e3o ser\u00e1 <strong>versada <\/strong>nas seguintes disciplinas:<\/p>\n\n\n\n<ul><li>L\u00edngua Portuguesa (10)<\/li><li>Racioc\u00ednio L\u00f3gico e Matem\u00e1tico (05)<\/li><li>No\u00e7\u00f5es de Inform\u00e1tica (05)<\/li><li>Legisla\u00e7\u00e3o e \u00c9tica na Administra\u00e7\u00e3o P\u00fablica (05)<\/li><li>Disciplina Espec\u00edfica de acordo com habilita\u00e7\u00e3o (30)<\/li><\/ul>\n\n\n\n<p>A prova ter\u00e1 a pontua\u00e7\u00e3o m\u00e1xima de 100 pontos, sendo assim para ser considerado <strong>aprovado <\/strong>o candidato dever\u00e1 obter, no m\u00ednimo, 50 pontos. Ser\u00e1 eliminado os candidatos que obtiverem:<\/p>\n\n\n\n<ul><li>nota 0 em qualquer uma das mat\u00e9rias estabelecidas na prova objetiva;<\/li><li>nota 30 na mat\u00e9ria de Conhecimentos Espec\u00edficos.<\/li><\/ul>\n\n\n\n<p>Juntamente a prova objetiva, dever\u00e1 ser redigida uma <strong>Reda\u00e7\u00e3o<\/strong>, cujo tema ser\u00e1 determinado pela banca organizadora, e ser\u00e1 corrigida apenas o texto do candidato que for aprovado no teste objetivo. <\/p>\n\n\n\n<p>Ser\u00e3o avaliados os seguintes <strong>crit\u00e9rios<\/strong>:<\/p>\n\n\n\n<ul><li>Escrita formal, registro e vocabul\u00e1rio<ul><li>conven\u00e7\u00f5es da escrita formal (acentua\u00e7\u00e3o gr\u00e1fica, ortografia, atendimento \u00e0s regras de uso do h\u00edfen, separa\u00e7\u00e3o sil\u00e1bica, emprego de letras mai\u00fasculas\/min\u00fasculas), escolha adequada de registro (n\u00edvel de formalidade e regras da modalidade escrita) e escolha vocabular (escolhas lexicais).<\/li><\/ul><\/li><li>Morfossintaxe e coes\u00e3o<ul><li>aspectos gerais da morfossintaxe da l\u00edngua portuguesa (concord\u00e2ncia, reg\u00eancia, pontua\u00e7\u00e3o, tempos e modos verbais, paralelismo sint\u00e1tico, emprego de pronomes, crase, estrutura\u00e7\u00e3o dos per\u00edodos e par\u00e1grafos) e elementos de coes\u00e3o.<\/li><\/ul><\/li><li>Tema, tipologia e g\u00eanero<ul><li>atendimento ao tema, com demonstra\u00e7\u00e3o de bom conhecimento do assunto; atendimento \u00e0 tipologia textual e ao g\u00eanero solicitado na proposta.<\/li><\/ul><\/li><li>Progress\u00e3o, coer\u00eancia e relev\u00e2ncia<ul><li>repert\u00f3rio legitimado, bom encadeamento do texto segundo um claro projeto de reda\u00e7\u00e3o, progress\u00e3o tem\u00e1tica consistente, com coer\u00eancia interna e externa; argumentos bem selecionados e bem desenvolvidos.<\/li><\/ul><\/li><\/ul>\n\n\n\n<p>A Reda\u00e7\u00e3o ter\u00e1 a pontua\u00e7\u00e3o m\u00e1xima de 100 pontos, dessa forma, ser\u00e1 considerado <strong>aprovado <\/strong>o candidato que obtiver no m\u00ednimo 50 pontos.<\/p>\n\n\n\n<p>O Concurso P\u00fablico ter\u00e1 <strong>validade <\/strong>de 2 anos, a contar da data da publica\u00e7\u00e3o da homologa\u00e7\u00e3o do resultado final, podendo ser prorrogado por igual per\u00edodo, a crit\u00e9rio do CRECI-MT, levando-se em conta a oportunidade e conveni\u00eancia para a Administra\u00e7\u00e3o P\u00fablica.<\/p>\n\n\n\n<p><strong>Bons estudos e boa prova!!!<\/strong><\/p>\n","protected":false},"excerpt":{"rendered":"<p>Est\u00e3o abertas as inscri\u00e7\u00f5es para o concurso CRECI-MT (Conselho Regional de Corretores de Im\u00f3veis do Mato Grosso) com a oferta de vagas imediatas e oportunidade para forma\u00e7\u00e3o de cadastro reserva. A remunera\u00e7\u00e3o chega at\u00e9 R$ 3.700,00! Ficou interessado(a)? Confira mais detalhes no decorrer da not\u00edcia. \ud83e\udd70 Inscri\u00e7\u00f5es Cargo, vagas e remunera\u00e7\u00e3o Atribui\u00e7\u00f5es Requisitos Etapas de sele\u00e7\u00e3o Como realizar as inscri\u00e7\u00f5es para o concurso CRECI-MT? Os interessados em participar do certame j\u00e1 podem realizar as inscri\u00e7\u00f5es atrav\u00e9s do site da banca organizadora, Instituto Selecon, at\u00e9 o dia 15 de outubro de 2023. Portanto, para efetivar a inscri\u00e7\u00e3o \u00e9 necess\u00e1rio que o&#8230;<\/p>\n","protected":false},"author":18,"featured_media":34122,"template":"","meta":{"_acf_changed":false,"rank_math_lock_modified_date":false},"categories":[],"tags":[],"acf":[],"_links":{"self":[{"href":"https:\/\/www.editorasolucao.com.br\/blog\/wp-json\/wp\/v2\/concurso\/34119"}],"collection":[{"href":"https:\/\/www.editorasolucao.com.br\/blog\/wp-json\/wp\/v2\/concurso"}],"about":[{"href":"https:\/\/www.editorasolucao.com.br\/blog\/wp-json\/wp\/v2\/types\/concurso"}],"author":[{"embeddable":true,"href":"https:\/\/www.editorasolucao.com.br\/blog\/wp-json\/wp\/v2\/users\/18"}],"wp:featuredmedia":[{"embeddable":true,"href":"https:\/\/www.editorasolucao.com.br\/blog\/wp-json\/wp\/v2\/media\/34122"}],"wp:attachment":[{"href":"https:\/\/www.editorasolucao.com.br\/blog\/wp-json\/wp\/v2\/media?parent=34119"}],"wp:term":[{"taxonomy":"category","embeddable":true,"href":"https:\/\/www.editorasolucao.com.br\/blog\/wp-json\/wp\/v2\/categories?post=34119"},{"taxonomy":"post_tag","embeddable":true,"href":"https:\/\/www.editorasolucao.com.br\/blog\/wp-json\/wp\/v2\/tags?post=34119"}],"curies":[{"name":"wp","href":"https:\/\/api.w.org\/{rel}","templated":true}]}}