{"id":3470,"date":"2024-04-12T09:14:22","date_gmt":"2024-04-12T12:14:22","guid":{"rendered":"https:\/\/www.editorasolucao.com.br\/blog\/?post_type=concurso&#038;p=3470"},"modified":"2024-04-23T10:47:44","modified_gmt":"2024-04-23T13:47:44","slug":"prefeitura-de-passo-fundo-rs","status":"publish","type":"concurso","link":"https:\/\/www.editorasolucao.com.br\/blog\/concurso\/prefeitura-de-passo-fundo-rs","title":{"rendered":"Concurso Prefeitura de Passo Fundo: Inscri\u00e7\u00f5es abertas. 490 vagas!"},"content":{"rendered":"\n<p>O <strong>concurso&nbsp;Prefeitura&nbsp;de&nbsp;Passo&nbsp;Fundo,<\/strong> no Rio Grande do Sul, oferta 490 vagas imediatas para cargos de n\u00edveis m\u00e9dio, t\u00e9cnico e superior com sal\u00e1rios de at\u00e9 R$ 10,9 mil! Fique e confira os demais detalhes no decorrer da not\u00edcia. \ud83e\udd29<\/p>\n\n\n\n<div id=\"ez-toc-container\" class=\"ez-toc-v2_0_69_1 counter-hierarchy ez-toc-counter ez-toc-grey ez-toc-container-direction\">\n<div class=\"ez-toc-title-container\">\n<p class=\"ez-toc-title \" >Menu de navega&ccedil;&atilde;o<\/p>\n<span class=\"ez-toc-title-toggle\"><a href=\"#\" class=\"ez-toc-pull-right ez-toc-btn ez-toc-btn-xs ez-toc-btn-default ez-toc-toggle\" aria-label=\"Toggle Table of Content\"><span class=\"ez-toc-js-icon-con\"><span class=\"\"><span class=\"eztoc-hide\" style=\"display:none;\">Toggle<\/span><span class=\"ez-toc-icon-toggle-span\"><svg style=\"fill: #999;color:#999\" xmlns=\"http:\/\/www.w3.org\/2000\/svg\" class=\"list-377408\" width=\"20px\" height=\"20px\" viewBox=\"0 0 24 24\" fill=\"none\"><path d=\"M6 6H4v2h2V6zm14 0H8v2h12V6zM4 11h2v2H4v-2zm16 0H8v2h12v-2zM4 16h2v2H4v-2zm16 0H8v2h12v-2z\" fill=\"currentColor\"><\/path><\/svg><svg style=\"fill: #999;color:#999\" class=\"arrow-unsorted-368013\" xmlns=\"http:\/\/www.w3.org\/2000\/svg\" width=\"10px\" height=\"10px\" viewBox=\"0 0 24 24\" version=\"1.2\" baseProfile=\"tiny\"><path d=\"M18.2 9.3l-6.2-6.3-6.2 6.3c-.2.2-.3.4-.3.7s.1.5.3.7c.2.2.4.3.7.3h11c.3 0 .5-.1.7-.3.2-.2.3-.5.3-.7s-.1-.5-.3-.7zM5.8 14.7l6.2 6.3 6.2-6.3c.2-.2.3-.5.3-.7s-.1-.5-.3-.7c-.2-.2-.4-.3-.7-.3h-11c-.3 0-.5.1-.7.3-.2.2-.3.5-.3.7s.1.5.3.7z\"\/><\/svg><\/span><\/span><\/span><\/a><\/span><\/div>\n<nav><ul class='ez-toc-list ez-toc-list-level-1 ' ><li class='ez-toc-page-1 ez-toc-heading-level-2'><a class=\"ez-toc-link ez-toc-heading-1\" href=\"https:\/\/www.editorasolucao.com.br\/blog\/concurso\/prefeitura-de-passo-fundo-rs\/#Como_fazer_as_inscricoes_do_concurso_Prefeitura_de_Passo_Fundo_%E2%80%93_RS\" title=\"Como fazer as inscri\u00e7\u00f5es do concurso Prefeitura de Passo Fundo &#8211; RS?\">Como fazer as inscri\u00e7\u00f5es do concurso Prefeitura de Passo Fundo &#8211; RS?<\/a><\/li><li class='ez-toc-page-1 ez-toc-heading-level-2'><a class=\"ez-toc-link ez-toc-heading-2\" href=\"https:\/\/www.editorasolucao.com.br\/blog\/concurso\/prefeitura-de-passo-fundo-rs\/#Quantas_vagas_estao_sendo_ofertadas_no_concurso_Prefeitura_de_Passo_Fundo\" title=\"Quantas vagas est\u00e3o sendo ofertadas no concurso Prefeitura de Passo Fundo?\">Quantas vagas est\u00e3o sendo ofertadas no concurso Prefeitura de Passo Fundo?<\/a><\/li><li class='ez-toc-page-1 ez-toc-heading-level-2'><a class=\"ez-toc-link ez-toc-heading-3\" href=\"https:\/\/www.editorasolucao.com.br\/blog\/concurso\/prefeitura-de-passo-fundo-rs\/#Como_serao_as_provas_do_concurso_Prefeitura_de_Passo_Fundo\" title=\"Como ser\u00e3o as provas do concurso Prefeitura de Passo Fundo?\">Como ser\u00e3o as provas do concurso Prefeitura de Passo Fundo?<\/a><\/li><\/ul><\/nav><\/div>\n<h2 class=\"wp-block-heading\" id=\"inscri\u00e7\u00f5es\"><span class=\"ez-toc-section\" id=\"Como_fazer_as_inscricoes_do_concurso_Prefeitura_de_Passo_Fundo_%E2%80%93_RS\"><\/span>Como fazer as inscri\u00e7\u00f5es do concurso Prefeitura de Passo Fundo &#8211; RS?<span class=\"ez-toc-section-end\"><\/span><\/h2>\n\n\n\n<p>As inscri\u00e7\u00f5es para o certame j\u00e1 podem ser realizadas por meio do site da banca organizadora, <a href=\"https:\/\/www.fundatec.org.br\/portal\/concursos\/index_concursos.php?concurso=898\" target=\"_blank\" rel=\"noreferrer noopener\">Fundatec<\/a>, <strong>at\u00e9 o dia 10 de maio de 2024<\/strong>.<\/p>\n\n\n\n<p>Para que a inscri\u00e7\u00e3o seja efetivada \u00e9 necess\u00e1rio que o candidato efetue o pagamento de uma taxa no valor referente ao n\u00edvel de escolaridade do cargo pretendido:<\/p>\n\n\n\n<ul>\n<li><a href=\"https:\/\/www.editorasolucao.com.br\/apostila-solucao\/prefeitura-passo-fundo-rs-nivel-medio\">N\u00edvel m\u00e9dio<\/a>: <strong>R$ 70,00<\/strong><\/li>\n\n\n\n<li>N\u00edvel t\u00e9cnico: <strong>R$ 65,00<\/strong><\/li>\n\n\n\n<li>N\u00edvel superior: <strong>R$ 90,00<\/strong>\n<ul>\n<li>M\u00e9dico e Procurador: <strong>R$ 120,00<\/strong><\/li>\n\n\n\n<li>Professores: <strong>R$ 65,00<\/strong><\/li>\n<\/ul>\n<\/li>\n<\/ul>\n\n\n\n<p>Al\u00e9m disso, haver\u00e1 a possibilidade de solicitar a isen\u00e7\u00e3o da taxa de participa\u00e7\u00e3o at\u00e9 o dia 15 de abril de 2024, para o candidato que se adequar a um dos seguintes quesitos:<\/p>\n\n\n\n<ol>\n<li>O candidato inscrito no Cadastro \u00danico para Programas Sociais do Governo Federal (Cad\u00danico), cuja renda familiar mensal per capita seja inferior ou igual a meio sal\u00e1rio-m\u00ednimo nacional, de que trata o Decreto n\u00ba 6.135\/2007;<\/li>\n\n\n\n<li>O candidato doador de medula \u00f3ssea em entidades reconhecidas pelo Minist\u00e9rio da Sa\u00fade<\/li>\n<\/ol>\n\n\n\n<h2 class=\"wp-block-heading\" id=\"vagas\"><span class=\"ez-toc-section\" id=\"Quantas_vagas_estao_sendo_ofertadas_no_concurso_Prefeitura_de_Passo_Fundo\"><\/span>Quantas vagas est\u00e3o sendo ofertadas no concurso Prefeitura de Passo Fundo?<span class=\"ez-toc-section-end\"><\/span><\/h2>\n\n\n\n<p>Conforme o edital, ao todo est\u00e3o sendo ofertadas <strong>490 vagas imediatas<\/strong> para cargos de n\u00edveis m\u00e9dio, t\u00e9cnico e superior. Confira os cargos ofertados, a distribui\u00e7\u00e3o das vagas e os sal\u00e1rios:<\/p>\n\n\n\n<h3 class=\"wp-block-heading\">Quadro geral<\/h3>\n\n\n\n<h4 class=\"wp-block-heading\">N\u00edvel m\u00e9dio<\/h4>\n\n\n\n<ol>\n<li>Agente de Tr\u00e2nsito (07) \n<ul>\n<li>R$ 3.642,40<\/li>\n<\/ul>\n<\/li>\n\n\n\n<li><a href=\"https:\/\/www.editorasolucao.com.br\/apostila-solucao\/prefeitura-passo-fundo-rs-auxiliar-administrativo\">Auxiliar Administrativo<\/a> (100) \n<ul>\n<li>R$ 2.320,43<\/li>\n<\/ul>\n<\/li>\n\n\n\n<li>Auxiliar de Sa\u00fade Bucal (30) \n<ul>\n<li>R$ 1.870,24<\/li>\n<\/ul>\n<\/li>\n\n\n\n<li>Educador Social (15) \n<ul>\n<li>R$ 2.546,38<\/li>\n<\/ul>\n<\/li>\n\n\n\n<li>Eletricista (03) \n<ul>\n<li>R$ 2.546,38<\/li>\n<\/ul>\n<\/li>\n\n\n\n<li>Fiscal Sanit\u00e1rio (03) \n<ul>\n<li>R$ 3.642,90<\/li>\n<\/ul>\n<\/li>\n\n\n\n<li>Fiscal Urbano (11) \n<ul>\n<li>R$ 3.642,90<\/li>\n<\/ul>\n<\/li>\n\n\n\n<li>Motorista (15) \n<ul>\n<li>R$ 2.095,55<\/li>\n<\/ul>\n<\/li>\n\n\n\n<li>Operador de M\u00e1quinas (11) \n<ul>\n<li>R$ 2.320,40<\/li>\n<\/ul>\n<\/li>\n\n\n\n<li>Operador de Usina, Britagem e Asfalto (04) \n<ul>\n<li>R$ 2.095,55<\/li>\n<\/ul>\n<\/li>\n\n\n\n<li>Oper\u00e1rio (06) \n<ul>\n<li>R$ 1.675,73<\/li>\n<\/ul>\n<\/li>\n\n\n\n<li>Secret\u00e1rio de Escola (06) \n<ul>\n<li>R$ 2.320,40<\/li>\n<\/ul>\n<\/li>\n<\/ol>\n\n\n\n<h4 class=\"wp-block-heading\">N\u00edvel t\u00e9cnico<\/h4>\n\n\n\n<ol>\n<li>Eletrot\u00e9cnico (01) \n<ul>\n<li>R$ 2.546,38<\/li>\n<\/ul>\n<\/li>\n\n\n\n<li><a href=\"https:\/\/www.editorasolucao.com.br\/apostila-solucao\/prefeitura-passo-fundo-rs-tecnico-enfermagem\">T\u00e9cnico de Enfermagem<\/a> (37) \n<ul>\n<li>R$ 2.320,40<\/li>\n<\/ul>\n<\/li>\n\n\n\n<li>T\u00e9cnico em Inform\u00e1tica (06) \n<ul>\n<li>R$ 2.546,38<\/li>\n<\/ul>\n<\/li>\n\n\n\n<li>T\u00e9cnico em Seguran\u00e7a no Trabalho (04) \n<ul>\n<li>R$ 2.320,40<\/li>\n<\/ul>\n<\/li>\n\n\n\n<li>Top\u00f3grafo (02) \n<ul>\n<li>R$ 2.546,38<\/li>\n<\/ul>\n<\/li>\n<\/ol>\n\n\n\n<h4 class=\"wp-block-heading\">N\u00edvel superior<\/h4>\n\n\n\n<ol>\n<li>Administrador (02) \n<ul>\n<li>R$ 5.510,28<\/li>\n<\/ul>\n<\/li>\n\n\n\n<li>Analista de Tecnologia da Informa\u00e7\u00e3o (05) \n<ul>\n<li>R$ 5.510,28<\/li>\n<\/ul>\n<\/li>\n\n\n\n<li>Arquiteto e Urbanista (05) \n<ul>\n<li>R$ 5.510,28<\/li>\n<\/ul>\n<\/li>\n\n\n\n<li>Arquivista (01) \n<ul>\n<li>R$ 5.510,28<\/li>\n<\/ul>\n<\/li>\n\n\n\n<li>Assistente Social (17) \n<ul>\n<li>R$ 5.510,28<\/li>\n<\/ul>\n<\/li>\n\n\n\n<li>Bi\u00f3logo (02) \n<ul>\n<li>R$ 5.510,28<\/li>\n<\/ul>\n<\/li>\n\n\n\n<li>Cirurgi\u00e3o Dentista (26) \n<ul>\n<li>R$ 6.870,98<\/li>\n<\/ul>\n<\/li>\n\n\n\n<li>Contador (06) \n<ul>\n<li>R$ 5.510,28<\/li>\n<\/ul>\n<\/li>\n\n\n\n<li>Enfermeiro (27) \n<ul>\n<li>R$ 5.510,28<\/li>\n<\/ul>\n<\/li>\n\n\n\n<li>Engenheiro Agr\u00f4nomo (01) \n<ul>\n<li>R$ 5.510,28<\/li>\n<\/ul>\n<\/li>\n\n\n\n<li>Engenheiro Civil (08) \n<ul>\n<li>R$ 5.510,28<\/li>\n<\/ul>\n<\/li>\n\n\n\n<li>Engenheiro Eletricista (01) \n<ul>\n<li>R$ 5.510,28<\/li>\n<\/ul>\n<\/li>\n\n\n\n<li>Farmac\u00eautico (15) \n<ul>\n<li>R$ 5.510,28<\/li>\n<\/ul>\n<\/li>\n\n\n\n<li>Fonoaudi\u00f3logo (03) \n<ul>\n<li>R$ 5.510,28<\/li>\n<\/ul>\n<\/li>\n\n\n\n<li>Ge\u00f3grafo (01) \n<ul>\n<li>R$ 5.510,28<\/li>\n<\/ul>\n<\/li>\n\n\n\n<li>M\u00e9dico (36) \n<ul>\n<li>R$ 10.993,59<\/li>\n<\/ul>\n<\/li>\n\n\n\n<li>M\u00e9dico Veterin\u00e1rio (05) \n<ul>\n<li>R$ 5.510,28<\/li>\n<\/ul>\n<\/li>\n\n\n\n<li>Nutricionista (10) \n<ul>\n<li>R$ 5.510,28<\/li>\n<\/ul>\n<\/li>\n\n\n\n<li>Pedagogo (02) \n<ul>\n<li>R$ 5.510,28<\/li>\n<\/ul>\n<\/li>\n\n\n\n<li>Procurador (02) \n<ul>\n<li>R$ 5.510,28<\/li>\n<\/ul>\n<\/li>\n\n\n\n<li><a href=\"https:\/\/www.editorasolucao.com.br\/apostila-solucao\/prefeitura-passo-fundo-rs-professor-educacao-infantil\">Professor de Educa\u00e7\u00e3o Infantil<\/a> (03) \n<ul>\n<li>R$ 3.765,31<\/li>\n<\/ul>\n<\/li>\n\n\n\n<li>Professor de Ensino Fundamental &#8211; R$ 2.510,24\n<ul>\n<li>Ci\u00eancias da Natureza (01)<\/li>\n\n\n\n<li>Educa\u00e7\u00e3o F\u00edsica (01)<\/li>\n\n\n\n<li>Hist\u00f3ria (01)<\/li>\n\n\n\n<li>L\u00edngua Portuguesa (02)<\/li>\n\n\n\n<li>Matem\u00e1tica (02)<\/li>\n<\/ul>\n<\/li>\n\n\n\n<li>Psic\u00f3logo (42) \n<ul>\n<li>R$ 5.510,28<\/li>\n<\/ul>\n<\/li>\n\n\n\n<li>Terapeuta Ocupacional (01) \n<ul>\n<li>R$ 5.510,28<\/li>\n<\/ul>\n<\/li>\n<\/ol>\n\n\n\n<h3 class=\"wp-block-heading\">Caixa de presta\u00e7\u00e3o de assist\u00eancia e servi\u00e7os de sa\u00fade dos servidores municipais &#8211; CAPASEMU<\/h3>\n\n\n\n<h4 class=\"wp-block-heading\">N\u00edvel m\u00e9dio<\/h4>\n\n\n\n<ol>\n<li>Escritur\u00e1rio (CR) \n<ul>\n<li>R$ 2.320,40<\/li>\n<\/ul>\n<\/li>\n\n\n\n<li>T\u00e9cnico Previdenci\u00e1rio (01) \n<ul>\n<li>R$ 3.642,90<\/li>\n<\/ul>\n<\/li>\n<\/ol>\n\n\n\n<h4 class=\"wp-block-heading\">N\u00edvel superior<\/h4>\n\n\n\n<ol>\n<li>Contador (CR) \n<ul>\n<li>R$ 5.510,28<\/li>\n<\/ul>\n<\/li>\n<\/ol>\n\n\n\n<p>A jornada de trabalho varia entre 20 a 40 horas semanais, conforme o cargo pretendido pelo candidato. Al\u00e9m do sal\u00e1rio base os candidatos aprovados far\u00e3o jus aos seguintes benef\u00edcios:<\/p>\n\n\n\n<ol>\n<li>Aux\u00edlio Alimenta\u00e7\u00e3o de acordo com a Lei Ordin\u00e1ria n\u00ba 5.010\/2013;<\/li>\n\n\n\n<li>Vale Transporte conforme previsto na Lei Municipal n\u00ba 2.647\/1991;<\/li>\n\n\n\n<li>Regime Pr\u00f3prio de Previd\u00eancia disposto na Lei Municipal n\u00ba 4.221\/2005; e<\/li>\n\n\n\n<li>Plano de Sa\u00fade CAPASEMU conforme estabelecido na Lei Complementar n\u00ba 208\/2008<\/li>\n<\/ol>\n\n\n\n<h2 class=\"wp-block-heading\" id=\"etapas\"><span class=\"ez-toc-section\" id=\"Como_serao_as_provas_do_concurso_Prefeitura_de_Passo_Fundo\"><\/span>Como ser\u00e3o as provas do concurso Prefeitura de Passo Fundo?<span class=\"ez-toc-section-end\"><\/span><\/h2>\n\n\n\n<p>O certame ser\u00e1 composto pelas seguintes etapas de sele\u00e7\u00e3o:<\/p>\n\n\n\n<ol>\n<li><strong>Prova objetiva<\/strong> &#8211; de car\u00e1ter <em>eliminat\u00f3rio <\/em>e <em>classificat\u00f3rio<\/em><\/li>\n\n\n\n<li><strong>Prova de Reda\u00e7\u00e3o <\/strong>&#8211; de car\u00e1ter <em>eliminat\u00f3rio <\/em>e <em>classificat\u00f3rio<\/em>\n<ul>\n<li>Somente para os cargos de Auxiliar Administrativo e Professor (todos)<\/li>\n<\/ul>\n<\/li>\n\n\n\n<li><strong>Prova Discursiva e Avalia\u00e7\u00e3o do Trabalho Jur\u00eddico<\/strong> &#8211; de car\u00e1ter <em>eliminat\u00f3rio <\/em>e <em>classificat\u00f3rio<\/em>\n<ul>\n<li>Somente para o cargo de Procurador<\/li>\n<\/ul>\n<\/li>\n\n\n\n<li><strong>Prova de T\u00edtulos<\/strong> &#8211;  de car\u00e1ter <em>classificat\u00f3rio<\/em>\n<ul>\n<li>Somente para cargos de n\u00edvel superior<\/li>\n<\/ul>\n<\/li>\n\n\n\n<li><strong>Prova Pr\u00e1tica<\/strong> &#8211; de car\u00e1ter <em>eliminat\u00f3rio<\/em>\n<ul>\n<li>Somente para os cargos de Eletricista, Motorista, Operador M\u00e1quinas, Operador de Usina, Britagem e Asfalto e Top\u00f3grafo<\/li>\n<\/ul>\n<\/li>\n\n\n\n<li><strong>Teste de Aptid\u00e3o F\u00edsica<\/strong> &#8211; de car\u00e1ter <em>eliminat\u00f3rio<\/em>\n<ul>\n<li>Somente para o cargo de Agente de Tr\u00e2nsito<\/li>\n<\/ul>\n<\/li>\n\n\n\n<li><strong>Avalia\u00e7\u00e3o Psicol\u00f3gica <\/strong>&#8211; de car\u00e1ter <em>eliminat\u00f3rio<\/em>\n<ul>\n<li>Somente para os cargos de Educador Social e para os candidatos aptos no Teste de Aptid\u00e3o F\u00edsica no cargo de Agente de Tr\u00e2nsito<\/li>\n<\/ul>\n<\/li>\n<\/ol>\n\n\n\n<h3 class=\"wp-block-heading\">Prova objetiva<\/h3>\n\n\n\n<p>Essa etapa est\u00e1 prevista para ser realizada no dia <strong>23 de junho de 2024<\/strong>, onde os candidatos contam com 03h30 para realizar o exame, exceto para o cargo de Auxiliar Administrativo, que ter\u00e1 dura\u00e7\u00e3o de 04 horas.<\/p>\n\n\n\n<p>A avalia\u00e7\u00e3o ser\u00e1 versada nas seguintes disciplinas:<\/p>\n\n\n\n<h4 class=\"wp-block-heading\">N\u00edvel m\u00e9dio<\/h4>\n\n\n\n<ol>\n<li>L\u00edngua Portuguesa (20)<\/li>\n\n\n\n<li>Legisla\u00e7\u00e3o (10)<\/li>\n\n\n\n<li>Conhecimentos Gerais (05)<\/li>\n\n\n\n<li>Matem\u00e1tica\/Racioc\u00ednio L\u00f3gico (15)<\/li>\n<\/ol>\n\n\n\n<h4 class=\"wp-block-heading\">N\u00edvel t\u00e9cnico<\/h4>\n\n\n\n<ol>\n<li>L\u00edngua Portuguesa (10)<\/li>\n\n\n\n<li>Legisla\u00e7\u00e3o (10)<\/li>\n\n\n\n<li>Conhecimentos Gerais (05)<\/li>\n\n\n\n<li>Matem\u00e1tica\/Racioc\u00ednio L\u00f3gico (10)<\/li>\n\n\n\n<li>Conhecimentos Espec\u00edficos (15)<\/li>\n<\/ol>\n\n\n\n<h4 class=\"wp-block-heading\">N\u00edvel superior<\/h4>\n\n\n\n<ol>\n<li>L\u00edngua Portuguesa (10)<\/li>\n\n\n\n<li>Legisla\u00e7\u00e3o (10)<\/li>\n\n\n\n<li>Conhecimentos Gerais (05)<\/li>\n\n\n\n<li>Matem\u00e1tica\/Racioc\u00ednio L\u00f3gico (05)<\/li>\n\n\n\n<li>Conhecimentos Espec\u00edficos (20)<\/li>\n<\/ol>\n\n\n\n<h4 class=\"wp-block-heading\">N\u00edvel superior &#8211; Professores<\/h4>\n\n\n\n<ol>\n<li>L\u00edngua Portuguesa (10)<\/li>\n\n\n\n<li>Legisla\u00e7\u00e3o\/Estrutura e Funcionamento (10)<\/li>\n\n\n\n<li>Fundamentos da Educa\u00e7\u00e3o (10)<\/li>\n\n\n\n<li>Conhecimentos Gerais (05)<\/li>\n\n\n\n<li>Conhecimentos Espec\u00edficos (05)<\/li>\n<\/ol>\n\n\n\n<p>Ser\u00e1 considerado aprovado o candidato que obtiver no m\u00ednimo 50% acertos da pontua\u00e7\u00e3o total.<\/p>\n\n\n\n<h3 class=\"wp-block-heading\">Prova de Reda\u00e7\u00e3o <\/h3>\n\n\n\n<p>Essa fase ser\u00e1 composta por uma reda\u00e7\u00e3o que dever\u00e1 ser redigida em m\u00ednimo de 15 e no m\u00e1ximo de 30 linhas.<\/p>\n\n\n\n<p>Ser\u00e3o avaliados os seguintes crit\u00e9rios:<\/p>\n\n\n\n<ol>\n<li>Em rela\u00e7\u00e3o ao Conte\u00fado: \n<ul>\n<li>O texto deve abordar integralmente o tema proposto. <\/li>\n\n\n\n<li>Avaliar-se-\u00e3o a capacidade argumentativa, a criatividade do autor, bem como a originalidade do ponto de vista, a presen\u00e7a da ideia central e ideias secund\u00e1rias, com argumenta\u00e7\u00e3o consistente \u2013 pertin\u00eancia, sufici\u00eancia e relev\u00e2ncia.<\/li>\n<\/ul>\n<\/li>\n\n\n\n<li>Em rela\u00e7\u00e3o \u00e0 Estrutura: \n<ul>\n<li>Avaliar-se-\u00e1 a capacidade de o autor do texto elaborar um texto dissertativo, distribuindo-o adequadamente nas partes que o comp\u00f5e. Al\u00e9m disso, deve-se atentar tamb\u00e9m para a constru\u00e7\u00e3o dos par\u00e1grafos: \u00e9 esperado que o texto apresente os seguintes elementos: introdu\u00e7\u00e3o adequada ao tema\/posicionamento, apresenta\u00e7\u00e3o da ideia a ser discutida e a tese a ser defendida.<\/li>\n<\/ul>\n<\/li>\n\n\n\n<li>Em rela\u00e7\u00e3o \u00e0 Express\u00e3o: \n<ul>\n<li>Avaliar-se-\u00e1 os seguintes aspectos: adequa\u00e7\u00e3o vocabular, pontua\u00e7\u00e3o, concord\u00e2ncia e reg\u00eancia verbal e nominal, ortografia oficial vigente, acentua\u00e7\u00e3o gr\u00e1fica, sintaxe e morfossintaxe<\/li>\n<\/ul>\n<\/li>\n<\/ol>\n\n\n\n<p>A reda\u00e7\u00e3o ser\u00e1 avaliada em uma escala de 0 a 100 pontos, sendo considerado aprovado o candidato que obtiver no m\u00ednimo<\/p>\n\n\n\n<h3 class=\"wp-block-heading\">Prova Discursiva e Avalia\u00e7\u00e3o do Trabalho Jur\u00eddico<\/h3>\n\n\n\n<p>A prova discursiva ser\u00e1 composta de <strong>duas quest\u00f5es<\/strong>, na qual o candidato precisa se posicionar a respeito de um tema ou uma situa\u00e7\u00e3o apresentada pela Banca.<\/p>\n\n\n\n<p>J\u00e1 a Avalia\u00e7\u00e3o do Trabalho Jur\u00eddico consistir\u00e1 na elabora\u00e7\u00e3o de <strong>uma pe\u00e7a processual<\/strong> ou parecer jur\u00eddico a qual envolver\u00e1 mat\u00e9ria pertinente \u00e0 disciplina de Direito Administrativo (improbidade administrativa) e Lei n\u00ba 14.133\/2021 (licita\u00e7\u00f5es e contratos administrativos), Direito Processual Civil, Direito Civil, com<br>\u00eanfase na Responsabilidade Civil da Administra\u00e7\u00e3o P\u00fablica, Direito do Trabalho, Direito Constitucional, Direito Urbano e Ambiental e Direito Tribut\u00e1rio e Financeiro.<\/p>\n\n\n\n<p>Essa etapa ter\u00e1 tempo m\u00e1ximo de 04 horas, nesse per\u00edodo os candidatos dever\u00e3o redigir as respostas de cada quest\u00e3o em m\u00ednimo 15 linhas e, no m\u00e1ximo, 120 linhas.<\/p>\n\n\n\n<p>Ser\u00e1 considerado aprovado o candidato que atingir pontua\u00e7\u00e3o m\u00ednima de 50% de acerto em cada quest\u00e3o.<\/p>\n\n\n\n<h3 class=\"wp-block-heading\">Prova de T\u00edtulos<\/h3>\n\n\n\n<p>Confira abaixo os t\u00edtulos que ser\u00e3o aceitos para a avalia\u00e7\u00e3o dessa etapa:<\/p>\n\n\n\n<ol>\n<li>Doutorado (Stricto Sensu)<\/li>\n\n\n\n<li>Mestrado (Stricto Sensu)<\/li>\n\n\n\n<li>Especializa\u00e7\u00e3o (m\u00ednimo de 360 horas) nas modalidades Lato Sensu, MBA, Resid\u00eancias M\u00e9dicas e Resid\u00eancia em Sa\u00fade (Uni ou Multiprofissional)\n<ul>\n<li>Exceto para os cargos de Professores<\/li>\n<\/ul>\n<\/li>\n\n\n\n<li>Especializa\u00e7\u00e3o (m\u00ednimo de 360 horas) na modalidades Lato Sensu\n<ul>\n<li>Somente para os cargos de Professores<\/li>\n<\/ul>\n<\/li>\n<\/ol>\n\n\n\n<h3 class=\"wp-block-heading\">Prova Pr\u00e1tica<\/h3>\n\n\n\n<p>Para a realiza\u00e7\u00e3o dessa etapa os candidatos dever\u00e3o realizar as seguintes atividades:<\/p>\n\n\n\n<h4 class=\"wp-block-heading\">Eletricista<\/h4>\n\n\n\n<p>Tempo: 30 minutos<\/p>\n\n\n\n<ol>\n<li>Identificar os condutores fase e neutro do circuito que alimenta a bancada de trabalho.<\/li>\n\n\n\n<li>Medir a tens\u00e3o da instala\u00e7\u00e3o entre fases e fase e neutro, identificando-as.<\/li>\n\n\n\n<li>Montar um conjunto de ilumina\u00e7\u00e3o composto por lumin\u00e1ria tipo comercial e l\u00e2mpadas LED  tubular.<\/li>\n\n\n\n<li>Montar um acionamento, com c\u00e9lula fotoel\u00e9trica, para o conjunto de ilumina\u00e7\u00e3o montado na Atividade 3 (tr\u00eas).<\/li>\n\n\n\n<li>Ligar o conjunto de ilumina\u00e7\u00e3o montado e medir a corrente que circula pelo circuito<\/li>\n<\/ol>\n\n\n\n<h4 class=\"wp-block-heading\">Motorista<\/h4>\n\n\n\n<ol>\n<li>Conduzir o ve\u00edculo em via p\u00fablica, urbana ou rural, no trajeto estabelecido pelos dirigentes do concurso, sendo o ve\u00edculo de transmiss\u00e3o mec\u00e2nica.<\/li>\n<\/ol>\n\n\n\n<h4 class=\"wp-block-heading\">Operador M\u00e1quinas<\/h4>\n\n\n\n<p>Ser\u00e1 aplicada em uma m\u00e1quina Retroescavadeira no tempo m\u00e1ximo de 15 minutos.<\/p>\n\n\n\n<ol>\n<li>Inspecionar a m\u00e1quina<\/li>\n\n\n\n<li>Posicionamento da M\u00e1quina nos locais determinados pela Banca.<\/li>\n\n\n\n<li>Carregamento da concha de material na ca\u00e7amba do caminh\u00e3o e ancoragem da m\u00e1quina.<\/li>\n\n\n\n<li>Abrir uma valeta de dois metros de comprimento por meio metro de profundidade (aproximadamente), descarregar o material na lateral direita da valeta e tapar a valeta escavada com a concha dianteira, deixando o terreno emparelhado.<\/li>\n\n\n\n<li>Rota\u00e7\u00e3o e Desligamento do Motor<\/li>\n\n\n\n<li>Agilidade e Destreza na execu\u00e7\u00e3o das atividades<\/li>\n<\/ol>\n\n\n\n<h4 class=\"wp-block-heading\">Operador de Usina, Britagem e Asfalto <\/h4>\n\n\n\n<p>Tempo m\u00e1ximo de 30 minutos.<\/p>\n\n\n\n<ol>\n<li>Produ\u00e7\u00e3o de Asfalto: Dosar e preparar os materiais necess\u00e1rios para pavimenta\u00e7\u00e3o asf\u00e1ltica; Administrar uma usina de asfalto, compreendendo a mistura de agregados, armazenamento de insumos, elabora\u00e7\u00e3o de relat\u00f3rios de controle de consumo.<\/li>\n\n\n\n<li>M\u00e1quinas e Equipamentos; compreender o funcionamento, verificar a exist\u00eancia de defeitos e indicar equipamentos para a manuten\u00e7\u00e3o.<\/li>\n<\/ol>\n\n\n\n<p>Ser\u00e3o avaliados conforme os seguintes crit\u00e9rios:<\/p>\n\n\n\n<ol>\n<li>Uso correto e adequado dos equipamentos;<\/li>\n\n\n\n<li>Interpreta\u00e7\u00e3o e execu\u00e7\u00e3o correta das tarefas;<\/li>\n\n\n\n<li>Organiza\u00e7\u00e3o metodol\u00f3gica para a execu\u00e7\u00e3o da atividade;<\/li>\n\n\n\n<li>Conhecimento das condi\u00e7\u00f5es de seguran\u00e7a;<\/li>\n\n\n\n<li>Destreza e agilidade nas tarefas<\/li>\n<\/ol>\n\n\n\n<h4 class=\"wp-block-heading\">Top\u00f3grafo<\/h4>\n\n\n\n<p>Ser\u00e1 aplicada em uma m\u00e1quina Esta\u00e7\u00e3o Total no tempo m\u00e1ximo de 30 minutos.<\/p>\n\n\n\n<ol>\n<li>Instalar o equipamento nivelado sobre o piquete\/ponto<\/li>\n\n\n\n<li>Posicionar o bast\u00e3o nivelado sobre o trip\u00e9 nos piquetes\/pontos de r\u00e9 e vante<\/li>\n\n\n\n<li>Realizar a leitura da r\u00e9 e vante<\/li>\n\n\n\n<li>Determinar as dist\u00e2ncias horizontais da esta\u00e7\u00e3o \u00e0 r\u00e9, e da esta\u00e7\u00e3o \u00e0 vante<\/li>\n\n\n\n<li>Determinar a diferen\u00e7a de n\u00edvel entre os piquetes<\/li>\n\n\n\n<li>Croqui do levantamento topogr\u00e1fico<\/li>\n\n\n\n<li>Cuidado, destreza e guarda do equipamento.<\/li>\n<\/ol>\n\n\n\n<p>A prova ter\u00e1 a pontua\u00e7\u00e3o m\u00e1xima de 100 pontos, portanto ser\u00e1 considerado apto o candidato que obtiver no m\u00ednimo 50 pontos.<\/p>\n\n\n\n<h3 class=\"wp-block-heading\">Teste de Aptid\u00e3o F\u00edsica<\/h3>\n\n\n\n<p>Nessa etapa os candidatos ser\u00e3o submetidos \u00e0s seguintes atividades:<\/p>\n\n\n\n<ol>\n<li>Teste de corrida &#8211; 12 minutos\n<ul>\n<li>Feminino: 2.000 metros<\/li>\n\n\n\n<li>Masculino: 2.400 metros<\/li>\n<\/ul>\n<\/li>\n\n\n\n<li>Teste de flex\u00e3o do tronco &#8211; resist\u00eancia abdominal\n<ul>\n<li>Feminino: 17 repeti\u00e7\u00f5es<\/li>\n\n\n\n<li>Masculino: 25 repeti\u00e7\u00f5es<\/li>\n<\/ul>\n<\/li>\n\n\n\n<li>Teste de flex\u00e3o de bra\u00e7os sobre o solo &#8211; 1 minuto\n<ul>\n<li>Feminino: 10 repeti\u00e7\u00f5es<\/li>\n\n\n\n<li>Masculino: 15 repeti\u00e7\u00f5es<\/li>\n<\/ul>\n<\/li>\n<\/ol>\n\n\n\n<p><\/p>\n\n\n\n<p>Ser\u00e1 considerado apto o candidato que atingir a pontua\u00e7\u00e3o m\u00ednima de cada atividade.<\/p>\n\n\n\n<h3 class=\"wp-block-heading\">Avalia\u00e7\u00e3o Psicol\u00f3gica <\/h3>\n\n\n\n<p>Essa fase tem o objetivo de avaliar as condi\u00e7\u00f5es psicol\u00f3gicas do candidato para o desempenho da fun\u00e7\u00e3o.<\/p>\n\n\n\n<p>No final da avalia\u00e7\u00e3o o candidato ser\u00e1 considerado &#8220;indicado&#8221; ou &#8220;n\u00e3o indicado&#8221;.<\/p>\n\n\n\n<p>O Concurso P\u00fablico tem o prazo de <strong>validade <\/strong>de dois anos, contados da data de emiss\u00e3o do Edital de Homologa\u00e7\u00e3o dos Resultados Finais, publicado no site da FUNDATEC. O Concurso poder\u00e1 ser prorrogado por igual per\u00edodo, uma \u00fanica vez, a crit\u00e9rio e responsabilidade do Prefeito Municipal<\/p>\n\n\n\n<p><strong>Bons estudos e boa prova!!!<\/strong><\/p>\n","protected":false},"excerpt":{"rendered":"<p>O concurso&nbsp;Prefeitura&nbsp;de&nbsp;Passo&nbsp;Fundo, no Rio Grande do Sul, oferta 490 vagas imediatas para cargos de n\u00edveis m\u00e9dio, t\u00e9cnico e superior com sal\u00e1rios de at\u00e9 R$ 10,9 mil! Fique e confira os demais detalhes no decorrer da not\u00edcia. \ud83e\udd29 Como fazer as inscri\u00e7\u00f5es do concurso Prefeitura de Passo Fundo &#8211; RS? As inscri\u00e7\u00f5es para o certame j\u00e1 podem ser realizadas por meio do site da banca organizadora, Fundatec, at\u00e9 o dia 10 de maio de 2024. Para que a inscri\u00e7\u00e3o seja efetivada \u00e9 necess\u00e1rio que o candidato efetue o pagamento de uma taxa no valor referente ao n\u00edvel de escolaridade do cargo&#8230;<\/p>\n","protected":false},"author":18,"featured_media":41900,"template":"","meta":{"_acf_changed":false,"rank_math_lock_modified_date":false},"categories":[],"tags":[],"acf":[],"_links":{"self":[{"href":"https:\/\/www.editorasolucao.com.br\/blog\/wp-json\/wp\/v2\/concurso\/3470"}],"collection":[{"href":"https:\/\/www.editorasolucao.com.br\/blog\/wp-json\/wp\/v2\/concurso"}],"about":[{"href":"https:\/\/www.editorasolucao.com.br\/blog\/wp-json\/wp\/v2\/types\/concurso"}],"author":[{"embeddable":true,"href":"https:\/\/www.editorasolucao.com.br\/blog\/wp-json\/wp\/v2\/users\/18"}],"wp:featuredmedia":[{"embeddable":true,"href":"https:\/\/www.editorasolucao.com.br\/blog\/wp-json\/wp\/v2\/media\/41900"}],"wp:attachment":[{"href":"https:\/\/www.editorasolucao.com.br\/blog\/wp-json\/wp\/v2\/media?parent=3470"}],"wp:term":[{"taxonomy":"category","embeddable":true,"href":"https:\/\/www.editorasolucao.com.br\/blog\/wp-json\/wp\/v2\/categories?post=3470"},{"taxonomy":"post_tag","embeddable":true,"href":"https:\/\/www.editorasolucao.com.br\/blog\/wp-json\/wp\/v2\/tags?post=3470"}],"curies":[{"name":"wp","href":"https:\/\/api.w.org\/{rel}","templated":true}]}}