{"id":35608,"date":"2023-09-11T12:00:00","date_gmt":"2023-09-11T15:00:00","guid":{"rendered":"https:\/\/www.editorasolucao.com.br\/blog\/?post_type=concurso&#038;p=35608"},"modified":"2023-11-16T11:54:56","modified_gmt":"2023-11-16T14:54:56","slug":"prefeitura-de-sao-sebastiao-do-rio-alto-rj","status":"publish","type":"concurso","link":"https:\/\/www.editorasolucao.com.br\/blog\/concurso\/prefeitura-de-sao-sebastiao-do-rio-alto-rj","title":{"rendered":"Concurso Prefeitura de S\u00e3o Sebasti\u00e3o do Alto-RJ: 100 vagas!"},"content":{"rendered":"\n<p>O concurso Prefeitura de S\u00e3o Sebasti\u00e3o do Rio Alto, no estado do <a href=\"https:\/\/www.editorasolucao.com.br\/blog\/concursos-previstos-rj\">Rio de Janeiro<\/a>, oferta vagas imediatas e oportunidades para forma\u00e7\u00e3o de cadastro reserva para cargos de <strong>n\u00edveis fundamental, m\u00e9dio e superior de escolaridade<\/strong>. O sal\u00e1rio poder\u00e1 chegar no valor de R$ 5.340,00! Ficou interessado(a)? Confira os demais detalhes no decorrer da not\u00edcia. \ud83e\udd29<\/p>\n\n\n\n<ul><li><a href=\"#inscri\u00e7\u00f5es\">Inscri\u00e7\u00f5es<\/a><\/li><li><a href=\"#cargos\">Cargos, vagas e remunera\u00e7\u00f5es<\/a><\/li><li><a href=\"#requisitos\">Requisitos<\/a><\/li><li><a href=\"#etapas\">Etapas de sele\u00e7\u00e3o<\/a><\/li><\/ul>\n\n\n\n<div id=\"ez-toc-container\" class=\"ez-toc-v2_0_69_1 counter-hierarchy ez-toc-counter ez-toc-grey ez-toc-container-direction\">\n<div class=\"ez-toc-title-container\">\n<p class=\"ez-toc-title \" >Menu de navega&ccedil;&atilde;o<\/p>\n<span class=\"ez-toc-title-toggle\"><a href=\"#\" class=\"ez-toc-pull-right ez-toc-btn ez-toc-btn-xs ez-toc-btn-default ez-toc-toggle\" aria-label=\"Toggle Table of Content\"><span class=\"ez-toc-js-icon-con\"><span class=\"\"><span class=\"eztoc-hide\" style=\"display:none;\">Toggle<\/span><span class=\"ez-toc-icon-toggle-span\"><svg style=\"fill: #999;color:#999\" xmlns=\"http:\/\/www.w3.org\/2000\/svg\" class=\"list-377408\" width=\"20px\" height=\"20px\" viewBox=\"0 0 24 24\" fill=\"none\"><path d=\"M6 6H4v2h2V6zm14 0H8v2h12V6zM4 11h2v2H4v-2zm16 0H8v2h12v-2zM4 16h2v2H4v-2zm16 0H8v2h12v-2z\" fill=\"currentColor\"><\/path><\/svg><svg style=\"fill: #999;color:#999\" class=\"arrow-unsorted-368013\" xmlns=\"http:\/\/www.w3.org\/2000\/svg\" width=\"10px\" height=\"10px\" viewBox=\"0 0 24 24\" version=\"1.2\" baseProfile=\"tiny\"><path d=\"M18.2 9.3l-6.2-6.3-6.2 6.3c-.2.2-.3.4-.3.7s.1.5.3.7c.2.2.4.3.7.3h11c.3 0 .5-.1.7-.3.2-.2.3-.5.3-.7s-.1-.5-.3-.7zM5.8 14.7l6.2 6.3 6.2-6.3c.2-.2.3-.5.3-.7s-.1-.5-.3-.7c-.2-.2-.4-.3-.7-.3h-11c-.3 0-.5.1-.7.3-.2.2-.3.5-.3.7s.1.5.3.7z\"\/><\/svg><\/span><\/span><\/span><\/a><\/span><\/div>\n<nav><ul class='ez-toc-list ez-toc-list-level-1 ' ><li class='ez-toc-page-1 ez-toc-heading-level-2'><a class=\"ez-toc-link ez-toc-heading-1\" href=\"https:\/\/www.editorasolucao.com.br\/blog\/concurso\/prefeitura-de-sao-sebastiao-do-rio-alto-rj\/#Como_realizar_a_inscricao_no_concurso_Prefeitura_de_Sao_Sebastiao_do_Alto-RJ\" title=\"Como realizar a inscri\u00e7\u00e3o no concurso Prefeitura de S\u00e3o Sebasti\u00e3o do Alto-RJ?\">Como realizar a inscri\u00e7\u00e3o no concurso Prefeitura de S\u00e3o Sebasti\u00e3o do Alto-RJ?<\/a><\/li><li class='ez-toc-page-1 ez-toc-heading-level-2'><a class=\"ez-toc-link ez-toc-heading-2\" href=\"https:\/\/www.editorasolucao.com.br\/blog\/concurso\/prefeitura-de-sao-sebastiao-do-rio-alto-rj\/#Cargos_vagas_e_remuneracoes_do_concurso_Prefeitura_de_Sao_Sebastiao_do_Alto-RJ\" title=\"Cargos, vagas e remunera\u00e7\u00f5es do concurso Prefeitura de S\u00e3o Sebasti\u00e3o do Alto-RJ\">Cargos, vagas e remunera\u00e7\u00f5es do concurso Prefeitura de S\u00e3o Sebasti\u00e3o do Alto-RJ<\/a><\/li><li class='ez-toc-page-1 ez-toc-heading-level-2'><a class=\"ez-toc-link ez-toc-heading-3\" href=\"https:\/\/www.editorasolucao.com.br\/blog\/concurso\/prefeitura-de-sao-sebastiao-do-rio-alto-rj\/#Quais_sao_os_requisitos_para_participar_do_concurso_Prefeitura_de_Sao_Sebastiao_do_Alto-RJ\" title=\"Quais s\u00e3o os requisitos para participar do concurso Prefeitura de S\u00e3o Sebasti\u00e3o do Alto-RJ?\">Quais s\u00e3o os requisitos para participar do concurso Prefeitura de S\u00e3o Sebasti\u00e3o do Alto-RJ?<\/a><\/li><li class='ez-toc-page-1 ez-toc-heading-level-2'><a class=\"ez-toc-link ez-toc-heading-4\" href=\"https:\/\/www.editorasolucao.com.br\/blog\/concurso\/prefeitura-de-sao-sebastiao-do-rio-alto-rj\/#Como_serao_as_provas_do_concurso_Prefeitura_de_Sao_Sebastiao_do_Alto-RJ\" title=\"Como ser\u00e3o as provas do concurso Prefeitura de S\u00e3o Sebasti\u00e3o do Alto-RJ?\">Como ser\u00e3o as provas do concurso Prefeitura de S\u00e3o Sebasti\u00e3o do Alto-RJ?<\/a><\/li><\/ul><\/nav><\/div>\n<h2 class=\"wp-block-heading\" id=\"inscri\u00e7\u00f5es\"><span class=\"ez-toc-section\" id=\"Como_realizar_a_inscricao_no_concurso_Prefeitura_de_Sao_Sebastiao_do_Alto-RJ\"><\/span>Como realizar a inscri\u00e7\u00e3o no concurso Prefeitura de S\u00e3o Sebasti\u00e3o do Alto-RJ?<span class=\"ez-toc-section-end\"><\/span><\/h2>\n\n\n\n<p>Os interessados em participar do certame puderam realizar as inscri\u00e7\u00f5es, atrav\u00e9s do site da banca organizadora, <a href=\"http:\/\/institutoiasp.selecao.net.br\/informacoes\/4\/\" target=\"_blank\" rel=\"noreferrer noopener\">IASP<\/a>, <strong>at\u00e9 o dia 15 de novembro de 2023<\/strong>.<\/p>\n\n\n\n<p>Para homologar a inscri\u00e7\u00e3o \u00e9 necess\u00e1rio que o candidato efetue o pagamento de uma <strong>taxa <\/strong>no valor referente ao n\u00edvel de escolaridade do cargo pretendido:<\/p>\n\n\n\n<ul><li>N\u00edvel fundamental: <strong>R$ 130,00<\/strong><\/li><li>N\u00edvel m\u00e9dio: <strong>R$ 140,00<\/strong><ul><li>Agente de Endemias: <strong>R$ 130,00<\/strong><\/li><\/ul><\/li><li>N\u00edvel superior: <strong>R$ 160,00<\/strong><\/li><\/ul>\n\n\n\n<p>Aten\u00e7\u00e3o! O pagamento da taxa dever\u00e1 ser realizado <strong>at\u00e9 o dia 16 de novembro de 2023<\/strong>.<\/p>\n\n\n\n<p>Houve a possibilidade de solicitar a <strong>isen\u00e7\u00e3o <\/strong>da taxa de participa\u00e7\u00e3o para os candidatos que se adequassem nas determina\u00e7\u00f5es do edital. O per\u00edodo de solicita\u00e7\u00e3o j\u00e1 foi <strong>encerrado<\/strong>.<\/p>\n\n\n\n<h2 class=\"wp-block-heading\" id=\"cargos\"><span class=\"ez-toc-section\" id=\"Cargos_vagas_e_remuneracoes_do_concurso_Prefeitura_de_Sao_Sebastiao_do_Alto-RJ\"><\/span>Cargos, vagas e remunera\u00e7\u00f5es do concurso Prefeitura de S\u00e3o Sebasti\u00e3o do Alto-RJ<span class=\"ez-toc-section-end\"><\/span><\/h2>\n\n\n\n<p>De acordo com o edital, ao todo est\u00e1 sendo ofertadas <strong>58 vagas imediatas e 42 oportunidades para forma\u00e7\u00e3o de cadastro reserva<\/strong> para cargos de n\u00edveis fundamental, m\u00e9dio e superior de escolaridade.<\/p>\n\n\n\n<p><strong>Fundamental<\/strong><\/p>\n\n\n\n<ul><li><a href=\"https:\/\/www.editorasolucao.com.br\/apostila\/prefeitura-sao-sebastiao-alto-rj-agente-comunitario-saude?q=S%C3%A3o%20Sebasti%C3%A3o%20do%20Alto\">Agente Comunit\u00e1rio de Sa\u00fade<\/a> (05+03CR) <ul><li>R$ 2.640,00<\/li><\/ul><\/li><\/ul>\n\n\n\n<p><strong>M\u00e9dio<\/strong><\/p>\n\n\n\n<ul><li><a href=\"https:\/\/www.editorasolucao.com.br\/apostila\/prefeitura-sao-sebastiao-alto-rj-agente-endemias\">Agente de Endemias<\/a> (02+01CR)<ul><li>R$ 2.640,00<\/li><\/ul><\/li><li>Cuidador Escolar (02+01CR) <ul><li>R$ 1.320,00<\/li><\/ul><\/li><li>Guarda Municipal (05+07CR) <ul><li>R$ 1.735,50<\/li><\/ul><\/li><li><a href=\"https:\/\/www.editorasolucao.com.br\/apostila\/prefeitura-sao-sebastiao-alto-rj-tecnico-enfermagem?q=S%C3%A3o%20Sebasti%C3%A3o%20do%20Alto\">T\u00e9cnico em Enfermagem<\/a> (03+03CR) <ul><li>R$ 1.785,56<\/li><\/ul><\/li><\/ul>\n\n\n\n<p><strong>Superior<\/strong><\/p>\n\n\n\n<ul><li>Angiologista (01) <ul><li>R$ 5.340,00<\/li><\/ul><\/li><li>Assistente Social (01+02CR) <ul><li>R$ 3.992,86<\/li><\/ul><\/li><li>Auditor Municipal de Controle Interno Cont\u00e1bil (01CR) <ul><li>R$ 4.831,65<\/li><\/ul><\/li><li>Cardiologista (01) <ul><li>R$ 5.340,00<\/li><\/ul><\/li><li>Dentista (03+02CR)  <ul><li>R$ 3.992,86<\/li><\/ul><\/li><li>Enfermeiro (03+02CR) <ul><li>R$ 4.285,00<\/li><\/ul><\/li><li>Engenheiro Civil (02CR)<ul><li>R$ 4.831,65<\/li><\/ul><\/li><li>Farmac\u00eautico (01+02CR) <ul><li>R$ 3.992,86<\/li><\/ul><\/li><li>Fisioterapeuta (02+01CR) <ul><li>R$ 3.992,86<\/li><\/ul><\/li><li>Fonoaudi\u00f3logo com especialidade em An\u00e1lise do Comportamento Aplicado &#8211; ABA (01+01CR) <ul><li>R$ 3.992,86<\/li><\/ul><\/li><li>Ginecologista (01)<ul><li>R$ 5.340,00<\/li><\/ul><\/li><li>M\u00e9dico Plantonista (02) <ul><li>R$ 9.476,34<\/li><\/ul><\/li><li>Neurologista (01) <ul><li>R$ 5.340,00<\/li><\/ul><\/li><li>Nutricionista (01+01CR) <ul><li>R$ 3.992,86<\/li><\/ul><\/li><li>Pediatra (01) <ul><li>R$ 5.340,00<\/li><\/ul><\/li><li>Procurador Municipal (01CR)<ul><li>R$ 4.831,65<\/li><\/ul><\/li><li>Professor de Atendimento Especializado (01) <ul><li>R$ 2.706,18<\/li><\/ul><\/li><li><a href=\"https:\/\/www.editorasolucao.com.br\/apostila\/prefeitura-sao-sebastiao-alto-rj-professor-educacao-infantil-ensino-fund?q=S%C3%A3o%20Sebasti%C3%A3o%20do%20Alto\">Professor de Educa\u00e7\u00e3o Infantil\/Ensino Fundamental -1\u00b0 segmento<\/a> (10+10CR)<ul><li>R$ 2.210,27<\/li><\/ul><\/li><li>Professor &#8211; R$ 2.706,18<ul><li>Geografia (01)<\/li><li>Hist\u00f3ria (01)<\/li><li>L\u00edngua Inglesa (01)<\/li><li>Matem\u00e1tica (01)<\/li><li>Educa\u00e7\u00e3o F\u00edsica (02+01CR)<\/li><li>Int\u00e9rprete de Libras (01)<\/li><\/ul><\/li><li>Psic\u00f3logo (01+01CR) <ul><li>R$ 3.992,86<\/li><\/ul><\/li><li>Psiquiatra (01)<ul><li>R$ 5.340,00<\/li><\/ul><\/li><li>Supervisor Educacional (01) <ul><li>R$ 2.706,18<\/li><\/ul><\/li><li>Urologista (01) <ul><li>R$ 5.340,00<\/li><\/ul><\/li><\/ul>\n\n\n\n<p>A jornada de trabalho varia entre 16 a 40 horas semanais, de acordo com o cargo pretendido pelo candidato. Al\u00e9m do sal\u00e1rio base, os aprovados far\u00e3o jus ao Vale alimenta\u00e7\u00e3o no valor de <strong>R$ 216,00<\/strong>.<\/p>\n\n\n\n<h2 class=\"wp-block-heading\" id=\"requisitos\"><span class=\"ez-toc-section\" id=\"Quais_sao_os_requisitos_para_participar_do_concurso_Prefeitura_de_Sao_Sebastiao_do_Alto-RJ\"><\/span>Quais s\u00e3o os requisitos para participar do concurso Prefeitura de S\u00e3o Sebasti\u00e3o do Alto-RJ?<span class=\"ez-toc-section-end\"><\/span><\/h2>\n\n\n\n<p>Saiba as <strong>exig\u00eancias <\/strong>para que o candidato tome posse do cargo pretendido no concurso <a href=\"https:\/\/www.editorasolucao.com.br\/blog\/concursos-abertos-rj\">Prefeitura de S\u00e3o Sebasti\u00e3o do Alto-RJ<\/a>:<\/p>\n\n\n\n<p>O candidato convocado dever\u00e1 apresentar, na data designada, os seguintes documentos originais e 02 c\u00f3pias autenticadas, podendo a autentica\u00e7\u00e3o ser feita por servidor designado:<\/p>\n\n\n\n<ul><li>T\u00edtulo de Eleitor;<\/li><li>Comprovante de quita\u00e7\u00e3o com a justi\u00e7a eleitoral;<\/li><li>Certificado de Reservista, para os candidatos de sexo masculino;<\/li><li>Carteira de Identidade;<\/li><li>CPF;<\/li><li>Certid\u00e3o de casamento, se for casado(a);<\/li><li>Certid\u00e3o de nascimento dos filhos menores;<\/li><li>PIS, PASEP ou Certid\u00e3o Negativa do PIS\/Espelho do PIS;<\/li><li>Certificado de conclus\u00e3o de escolaridade exigida como pr\u00e9 requisito para o cargo, expedida por Institui\u00e7\u00e3o reconhecida pelo MEC;<\/li><li>Comprovante de endere\u00e7o, referente ao im\u00f3vel onde reside atualmente, de prefer\u00eancia conta de servi\u00e7os de presta\u00e7\u00e3o cont\u00ednua (per\u00edodo m\u00e1ximo de 90 dias);<\/li><li>Curso exigido nos pr\u00e9-requisitos de acordo com o QUADRO 01;<\/li><li>Certid\u00e3o de Antecedentes Criminais (Fornecida pelo Cart\u00f3rio de Distribui\u00e7\u00e3o da Comarca do Rio de Janeiro\/RJ e da Comarca em que o mesmo possua domic\u00edlios), bem como da Justi\u00e7a Federal;<\/li><li>Tr\u00eas fotos 3X4 recentes;<\/li><li>Laudo M\u00e9dico Assinado pela Junta M\u00e9dica Oficial;<\/li><li>Ser brasileiro ou naturalizado;<\/li><li><strong>Ter idade igual ou maior que 18 na data da posse;<\/strong><\/li><li>N\u00e3o ter sido demitido ou exonerado do servi\u00e7o p\u00fablico (federal, estadual ou municipal) em consequ\u00eancia de processo administrativo;<\/li><li>N\u00e3o ter sido condenado por crime contra o Patrim\u00f4nio, a Administra\u00e7\u00e3o, a F\u00e9 P\u00fablica, os Costumes e os previstos na Lei 11.343  de 23\/08\/2006;<\/li><li>N\u00e3o registrar antecedentes criminais;<\/li><li><strong>Ter aptid\u00e3o f\u00edsica e mental e n\u00e3o ser portador de defici\u00eancia f\u00edsica incompat\u00edvel com o exerc\u00edcio do Cargo;<\/strong><\/li><li>N\u00e3o ser aposentado por invalidez e nem estar com idade de aposentadoria compuls\u00f3ria nos termos do Artigo 40, inciso II, da Constitui\u00e7\u00e3o Federal.<\/li><li>Atestado de Sa\u00fade Ocupacional \u2013 ASO: Atestado de aptid\u00e3o f\u00edsica\/mental ; exame cl\u00ednico; exame ortop\u00e9dico; exame otorrinolaringol\u00f3gico, exame oftalmol\u00f3gico para o cargo, assinado por m\u00e9dicos habilitados, a expensas do candidato, os mesmos poder\u00e3o ser validados pela Junta M\u00e9dica Oficial da Prefeitura Municipal de S\u00e3o Sebasti\u00e3o do Alto\/RJ.<\/li><li>A crit\u00e9rio do M\u00e9dico Oficial poder\u00e3o ser solicitados, ainda, entre os exames, outros exames espec\u00edficos para cada cargo, dependo da atividade exercida, conforme o caso.<\/li><li>Declara\u00e7\u00e3o de n\u00e3o ocupar outro cargo p\u00fablico, ressalvados os previstos no Art. 37, XVI \u2013 A, B, C da CF;<ul><li>aa) Declara\u00e7\u00e3o de Bens;<\/li><li>ab) Registro em conselho de classe profissional (quando exigido para o cargo);<\/li><li>ac) Carteira Nacional de Habilita\u00e7\u00e3o &#8211; CNH \u2013 Categoria AB, apenas para o cargo de Guarda Municipal.<\/li><\/ul><\/li><\/ul>\n\n\n\n<h2 class=\"wp-block-heading\" id=\"etapas\"><span class=\"ez-toc-section\" id=\"Como_serao_as_provas_do_concurso_Prefeitura_de_Sao_Sebastiao_do_Alto-RJ\"><\/span>Como ser\u00e3o as provas do concurso Prefeitura de S\u00e3o Sebasti\u00e3o do Alto-RJ?<span class=\"ez-toc-section-end\"><\/span><\/h2>\n\n\n\n<p>O certame ser\u00e1 composto pelas seguintes etapas de sele\u00e7\u00e3o:<\/p>\n\n\n\n<ul><li><strong>Prova Objetiva<\/strong> &#8211; de car\u00e1ter <em>eliminat\u00f3rio <\/em>e <em>classificat\u00f3rio<\/em>,<\/li><li><strong>Prova Pr\u00e1tica<\/strong> &#8211; de car\u00e1ter <em>eliminat\u00f3rio <\/em>e <em>classificat\u00f3rio<\/em><ul><li>Somente para o cargo de <a href=\"https:\/\/www.editorasolucao.com.br\/apostila\/prefeitura-sao-sebastiao-alto-rj-guarda-municipal?q=S%C3%A3o%20Sebasti%C3%A3o%20do%20Alto\">Guarda Municipal<\/a><\/li><\/ul><\/li><li><strong>Reda\u00e7\u00e3o Dissertativa<\/strong> &#8211; de car\u00e1ter <em>eliminat\u00f3rio <\/em>e <em>classificat\u00f3rio<\/em><ul><li>Somente para os cargos de n\u00edvel superior<\/li><\/ul><\/li><\/ul>\n\n\n\n<h3 class=\"wp-block-heading\">Prova Objetiva<\/h3>\n\n\n\n<p>Essa etapa dever\u00e1 ser realizada no dia <strong>24 de mar\u00e7o de 2024<\/strong>, onde o candidato ter\u00e1 o tempo m\u00e1xima de 03 horas para realizar a prova.<\/p>\n\n\n\n<p>A avalia\u00e7\u00e3o ser\u00e1 versada nas seguintes disciplinas:<\/p>\n\n\n\n<p>N\u00edvel fundamental<\/p>\n\n\n\n<ul><li>L\u00edngua Portuguesa (20)<\/li><li>Inform\u00e1tica (10)<\/li><li>Matem\u00e1tica (10)<\/li><\/ul>\n\n\n\n<p>N\u00edvel m\u00e9dio<\/p>\n\n\n\n<ul><li>L\u00edngua Portuguesa (20)<\/li><li>Matem\u00e1tica (10)<\/li><li>Conhecimentos espec\u00edficos (10)<\/li><\/ul>\n\n\n\n<p>N\u00edvel superior &#8211; Exceto pelo cargo de Procurador<\/p>\n\n\n\n<ul><li>L\u00edngua Portuguesa (20)<\/li><li>Inform\u00e1tica (06)<\/li><li>Conhecimentos espec\u00edficos (14)<\/li><\/ul>\n\n\n\n<p>Ser\u00e1 considerado <strong>aprovado <\/strong>o candidato que obtiver no m\u00ednimo nota igual ou superior a 50% de aproveitamento do total de pontos.<\/p>\n\n\n\n<ul><li><strong>Confira: <\/strong><a href=\"https:\/\/www.editorasolucao.com.br\/apostila\/prefeitura-sao-sebastiao-alto-rj-cuidador-escolar?q=S%C3%A3o%20Sebasti%C3%A3o%20do%20Alto\">Apostila Prefeitura de S\u00e3o Sebasti\u00e3o do Alto-RJ: Cuidador Escolar<\/a><\/li><\/ul>\n\n\n\n<h3 class=\"wp-block-heading\">Prova Pr\u00e1tica<\/h3>\n\n\n\n<p>Essa etapa tem como objetivo aferir a capacidade m\u00ednima necess\u00e1ria para suportar, f\u00edsica e organicamente, \u00e0s exig\u00eancias do cargo.<\/p>\n\n\n\n<p>Os candidatos dever\u00e3o realizar as seguintes <strong>atividades<\/strong>:<\/p>\n\n\n\n<ul><li>Teste flex\u00e3o e extens\u00e3o de cotovelos na barra fixa (Masculino)<\/li><li>Teste est\u00e1tico de barra (Feminino)<\/li><li>Flex\u00e3o de bra\u00e7o sobre o solo em quatro apoios (Masculino)<\/li><li>Flex\u00e3o de bra\u00e7o sobre o solo em seis apoios (Feminino)<\/li><li>Corrida de 12 minutos (Masculino e Feminino)<\/li><\/ul>\n\n\n\n<p>No final da avalia\u00e7\u00e3o o candidato ser\u00e1 considerado &#8220;<strong>apto<\/strong>&#8221; ou &#8220;<strong>inapto<\/strong>&#8220;.<\/p>\n\n\n\n<h3 class=\"wp-block-heading\">Reda\u00e7\u00e3o Dissertativa<\/h3>\n\n\n\n<p>Essa etapa ser\u00e1 composta por <strong>uma quest\u00e3o dissertativa<\/strong> que dever\u00e1 ser redigida em no m\u00ednimo 10 e no m\u00e1ximo 20 linhas. <\/p>\n\n\n\n<p>Ser\u00e3o avaliados os seguintes <strong>crit\u00e9rios<\/strong>:<\/p>\n\n\n\n<ul><li>Tema \/Texto\/Conhecimentos espec\u00edficos do assunto<ul><li>Ser\u00e3o verificadas a adequa\u00e7\u00e3o ao tema  (pertin\u00eancia ao tema proposto), a adequa\u00e7\u00e3o \u00e0 proposta (pertin\u00eancia quanto ao g\u00eanero proposto e obedi\u00eancia ao n\u00famero de linhas exigidas) e a organiza\u00e7\u00e3o textual.<\/li><\/ul><\/li><li>Argumenta\u00e7\u00e3o<ul><li>Ser\u00e3o verificadas a especifica\u00e7\u00e3o do tema, conhecimento do assunto, sele\u00e7\u00e3o de ideias distribu\u00eddas de forma l\u00f3gica, concatenadas, e a apresenta\u00e7\u00e3o de informa\u00e7\u00f5es, fatos e opini\u00f5es pertinentes ao tema, com articula\u00e7\u00e3o e consist\u00eancia de racioc\u00ednio. Ser\u00e1 verificada a coer\u00eancia argumentativa (sele\u00e7\u00e3o e ordena\u00e7\u00e3o de argumentos; rela\u00e7\u00f5es de implica\u00e7\u00e3o ou de adequa\u00e7\u00e3o entre premissas e as conclus\u00f5es que dela se tiram ou entre afirma\u00e7\u00f5es e as consequ\u00eancias que delas decorrem).<\/li><\/ul><\/li><li>Clareza e Objetividade da Exposi\u00e7\u00e3o e Gram\u00e1tica<ul><li>Ser\u00e3o verificadas a coes\u00e3o no uso de conjun\u00e7\u00f5es, subordina\u00e7\u00e3o e coordena\u00e7\u00e3o, elementos anaf\u00f3ricos e cataf\u00f3ricos, elipses e incisas. Respeito \u00e0s margens, apresenta\u00e7\u00e3o visual e paragr\u00e1fica. Adequa\u00e7\u00e3o \u00e0s normas gramaticais da l\u00edngua padr\u00e3o.<\/li><\/ul><\/li><li>Elabora\u00e7\u00e3o Cr\u00edtica<ul><li>Ser\u00e3o verificadas a elabora\u00e7\u00e3o de proposta de interven\u00e7\u00e3o relacionada ao tema abordado e a pertin\u00eancia dos argumentos selecionados fundamentados em informa\u00e7\u00f5es de apoio, estabelecendo rela\u00e7\u00f5es l\u00f3gicas que visem propor valores e conceitos.<\/li><\/ul><\/li><\/ul>\n\n\n\n<p>A prova tem a pontua\u00e7\u00e3o m\u00e1xima de 20 pontos, sendo assim, ser\u00e1 considerado <strong>aprovado <\/strong>o candidato que obtiver no m\u00ednimo 10 pontos.<\/p>\n\n\n\n<p><strong>Bons estudos e boa prova!!!<\/strong><\/p>\n","protected":false},"excerpt":{"rendered":"<p>O concurso Prefeitura de S\u00e3o Sebasti\u00e3o do Rio Alto, no estado do Rio de Janeiro, oferta vagas imediatas e oportunidades para forma\u00e7\u00e3o de cadastro reserva para cargos de n\u00edveis fundamental, m\u00e9dio e superior de escolaridade. O sal\u00e1rio poder\u00e1 chegar no valor de R$ 5.340,00! Ficou interessado(a)? Confira os demais detalhes no decorrer da not\u00edcia. \ud83e\udd29 Inscri\u00e7\u00f5es Cargos, vagas e remunera\u00e7\u00f5es Requisitos Etapas de sele\u00e7\u00e3o Como realizar a inscri\u00e7\u00e3o no concurso Prefeitura de S\u00e3o Sebasti\u00e3o do Alto-RJ? Os interessados em participar do certame puderam realizar as inscri\u00e7\u00f5es, atrav\u00e9s do site da banca organizadora, IASP, at\u00e9 o dia 15 de novembro de&#8230;<\/p>\n","protected":false},"author":18,"featured_media":37756,"template":"","meta":{"_acf_changed":false,"rank_math_lock_modified_date":false},"categories":[],"tags":[],"acf":[],"_links":{"self":[{"href":"https:\/\/www.editorasolucao.com.br\/blog\/wp-json\/wp\/v2\/concurso\/35608"}],"collection":[{"href":"https:\/\/www.editorasolucao.com.br\/blog\/wp-json\/wp\/v2\/concurso"}],"about":[{"href":"https:\/\/www.editorasolucao.com.br\/blog\/wp-json\/wp\/v2\/types\/concurso"}],"author":[{"embeddable":true,"href":"https:\/\/www.editorasolucao.com.br\/blog\/wp-json\/wp\/v2\/users\/18"}],"wp:featuredmedia":[{"embeddable":true,"href":"https:\/\/www.editorasolucao.com.br\/blog\/wp-json\/wp\/v2\/media\/37756"}],"wp:attachment":[{"href":"https:\/\/www.editorasolucao.com.br\/blog\/wp-json\/wp\/v2\/media?parent=35608"}],"wp:term":[{"taxonomy":"category","embeddable":true,"href":"https:\/\/www.editorasolucao.com.br\/blog\/wp-json\/wp\/v2\/categories?post=35608"},{"taxonomy":"post_tag","embeddable":true,"href":"https:\/\/www.editorasolucao.com.br\/blog\/wp-json\/wp\/v2\/tags?post=35608"}],"curies":[{"name":"wp","href":"https:\/\/api.w.org\/{rel}","templated":true}]}}