{"id":35664,"date":"2023-09-13T08:00:00","date_gmt":"2023-09-13T11:00:00","guid":{"rendered":"https:\/\/www.editorasolucao.com.br\/blog\/?post_type=concurso&#038;p=35664"},"modified":"2023-09-13T12:04:21","modified_gmt":"2023-09-13T15:04:21","slug":"campos-altos-mg","status":"publish","type":"concurso","link":"https:\/\/www.editorasolucao.com.br\/blog\/concurso\/campos-altos-mg","title":{"rendered":"Processo Seletivo de Campos Altos-MG: Edital publicado para Agente. 30 vagas!"},"content":{"rendered":"\n<p>Foi publicado o edital do Processo Seletivo de Campos Altos, no estado de <a href=\"https:\/\/www.editorasolucao.com.br\/blog\/concursos-previstos-mg\">Minas Gerais<\/a>, que oferta 30 vagas imediatas para o cargo de Agente, de <strong>n\u00edvel m\u00e9dio de escolaridade<\/strong>, com o sal\u00e1rio no valor de R$ 2.640,00. Ficou interessado(a)? Confira os demais detalhes no decorrer da not\u00edcia. \ud83e\udd70<\/p>\n\n\n\n<ul><li><a href=\"#inscri\u00e7\u00f5es\">Inscri\u00e7\u00f5es<\/a><\/li><li><a href=\"#cargos\">Cargos, vagas e remunera\u00e7\u00f5es<\/a><\/li><li><a href=\"#requisitos\">Requisitos<\/a><\/li><li><a href=\"#atribui\u00e7\u00f5es\">Atribui\u00e7\u00f5es<\/a><\/li><li><a href=\"#etapas\">Etapas de sele\u00e7\u00e3o<\/a><\/li><\/ul>\n\n\n\n<div id=\"ez-toc-container\" class=\"ez-toc-v2_0_69_1 counter-hierarchy ez-toc-counter ez-toc-grey ez-toc-container-direction\">\n<div class=\"ez-toc-title-container\">\n<p class=\"ez-toc-title \" >Menu de navega&ccedil;&atilde;o<\/p>\n<span class=\"ez-toc-title-toggle\"><a href=\"#\" class=\"ez-toc-pull-right ez-toc-btn ez-toc-btn-xs ez-toc-btn-default ez-toc-toggle\" aria-label=\"Toggle Table of Content\"><span class=\"ez-toc-js-icon-con\"><span class=\"\"><span class=\"eztoc-hide\" style=\"display:none;\">Toggle<\/span><span class=\"ez-toc-icon-toggle-span\"><svg style=\"fill: #999;color:#999\" xmlns=\"http:\/\/www.w3.org\/2000\/svg\" class=\"list-377408\" width=\"20px\" height=\"20px\" viewBox=\"0 0 24 24\" fill=\"none\"><path d=\"M6 6H4v2h2V6zm14 0H8v2h12V6zM4 11h2v2H4v-2zm16 0H8v2h12v-2zM4 16h2v2H4v-2zm16 0H8v2h12v-2z\" fill=\"currentColor\"><\/path><\/svg><svg style=\"fill: #999;color:#999\" class=\"arrow-unsorted-368013\" xmlns=\"http:\/\/www.w3.org\/2000\/svg\" width=\"10px\" height=\"10px\" viewBox=\"0 0 24 24\" version=\"1.2\" baseProfile=\"tiny\"><path d=\"M18.2 9.3l-6.2-6.3-6.2 6.3c-.2.2-.3.4-.3.7s.1.5.3.7c.2.2.4.3.7.3h11c.3 0 .5-.1.7-.3.2-.2.3-.5.3-.7s-.1-.5-.3-.7zM5.8 14.7l6.2 6.3 6.2-6.3c.2-.2.3-.5.3-.7s-.1-.5-.3-.7c-.2-.2-.4-.3-.7-.3h-11c-.3 0-.5.1-.7.3-.2.2-.3.5-.3.7s.1.5.3.7z\"\/><\/svg><\/span><\/span><\/span><\/a><\/span><\/div>\n<nav><ul class='ez-toc-list ez-toc-list-level-1 ' ><li class='ez-toc-page-1 ez-toc-heading-level-2'><a class=\"ez-toc-link ez-toc-heading-1\" href=\"https:\/\/www.editorasolucao.com.br\/blog\/concurso\/campos-altos-mg\/#Como_serao_as_inscricoes_do_Processo_Seletivo_de_Campos_Altos-MG\" title=\"Como ser\u00e3o as inscri\u00e7\u00f5es do Processo Seletivo de Campos Altos-MG?\">Como ser\u00e3o as inscri\u00e7\u00f5es do Processo Seletivo de Campos Altos-MG?<\/a><\/li><li class='ez-toc-page-1 ez-toc-heading-level-2'><a class=\"ez-toc-link ez-toc-heading-2\" href=\"https:\/\/www.editorasolucao.com.br\/blog\/concurso\/campos-altos-mg\/#Cargos_vagas_e_remuneracoes_do_Processo_Seletivo_de_Campos_Altos-MG\" title=\"Cargos, vagas e remunera\u00e7\u00f5es do Processo Seletivo de Campos Altos-MG\">Cargos, vagas e remunera\u00e7\u00f5es do Processo Seletivo de Campos Altos-MG<\/a><\/li><li class='ez-toc-page-1 ez-toc-heading-level-2'><a class=\"ez-toc-link ez-toc-heading-3\" href=\"https:\/\/www.editorasolucao.com.br\/blog\/concurso\/campos-altos-mg\/#Quais_sao_os_requisitos_para_participar_do_Processo_Seletivo_de_Campos_Altos-MG\" title=\"Quais s\u00e3o os requisitos para participar do Processo Seletivo de Campos Altos-MG?\">Quais s\u00e3o os requisitos para participar do Processo Seletivo de Campos Altos-MG?<\/a><\/li><li class='ez-toc-page-1 ez-toc-heading-level-2'><a class=\"ez-toc-link ez-toc-heading-4\" href=\"https:\/\/www.editorasolucao.com.br\/blog\/concurso\/campos-altos-mg\/#Processo_Seletivo_de_Campos_Altos-MG_Atribuicoes\" title=\"Processo Seletivo de Campos Altos-MG: Atribui\u00e7\u00f5es\">Processo Seletivo de Campos Altos-MG: Atribui\u00e7\u00f5es<\/a><\/li><li class='ez-toc-page-1 ez-toc-heading-level-2'><a class=\"ez-toc-link ez-toc-heading-5\" href=\"https:\/\/www.editorasolucao.com.br\/blog\/concurso\/campos-altos-mg\/#Quais_serao_as_provas_do_Processo_Seletivo_de_Campos_Altos-MG\" title=\"Quais ser\u00e3o as provas do Processo Seletivo de Campos Altos-MG?\">Quais ser\u00e3o as provas do Processo Seletivo de Campos Altos-MG?<\/a><\/li><\/ul><\/nav><\/div>\n<h2 class=\"wp-block-heading\" id=\"inscri\u00e7\u00f5es\"><span class=\"ez-toc-section\" id=\"Como_serao_as_inscricoes_do_Processo_Seletivo_de_Campos_Altos-MG\"><\/span>Como ser\u00e3o as inscri\u00e7\u00f5es do Processo Seletivo de Campos Altos-MG?<span class=\"ez-toc-section-end\"><\/span><\/h2>\n\n\n\n<p>As inscri\u00e7\u00f5es para o Processo Seletivo de Campos Altos, poder\u00e3o ser realizadas <strong>a partir do dia 13 de novembro de 2023 at\u00e9 o dia 13 de dezembro de 2023<\/strong>, atrav\u00e9s do site da banca organizadora, <a href=\"https:\/\/novo.ibgpconcursos.com.br\/concurso.jsp?cod=358\" target=\"_blank\" rel=\"noreferrer noopener\">IBGP Concursos<\/a>.<\/p>\n\n\n\n<p>Para efetivar a inscri\u00e7\u00e3o \u00e9 necess\u00e1rio que o candidato efetue o pagamento de uma <strong>taxa <\/strong>no valor de <strong>R$ 50,00<\/strong>.<\/p>\n\n\n\n<p>Haver\u00e1 a possibilidade de solicitar a <strong>isen\u00e7\u00e3o <\/strong>da taxa de participa\u00e7\u00e3o <strong>entre os dias 13 a 16 de novembro de 2023<\/strong>, para o candidato que se enquadrar em uma das seguintes condi\u00e7\u00f5es:<\/p>\n\n\n\n<ul><li>cidad\u00e3o desempregado<\/li><li>insufici\u00eancia econ\u00f4mico-financeira ser\u00e1 caracterizada pelo registro de inscri\u00e7\u00e3o no Cadastro \u00danico para Programas Sociais do Governo Federal \u2013 Cad\u00danico, nos termos do Decreto Federal n\u00ba 11.016\/2022<\/li><\/ul>\n\n\n\n<h2 class=\"wp-block-heading\" id=\"cargos\"><span class=\"ez-toc-section\" id=\"Cargos_vagas_e_remuneracoes_do_Processo_Seletivo_de_Campos_Altos-MG\"><\/span>Cargos, vagas e remunera\u00e7\u00f5es do Processo Seletivo de Campos Altos-MG<span class=\"ez-toc-section-end\"><\/span><\/h2>\n\n\n\n<p>Conforme o edital, ao todo est\u00e3o sendo ofertadas <strong>30 vagas imediatas<\/strong> para cargos de n\u00edvel m\u00e9dio de escolaridade. Confira os cargos ofertados e a distribui\u00e7\u00e3o das vagas:<\/p>\n\n\n\n<ul><li>Agente de Sa\u00fade PSF &#8211; Agente Comunit\u00e1rio de Sa\u00fade (26)<ul><li>PSF I &#8211; Prefeito Vitor Vieira dos Santos (08)<\/li><li>PSF II &#8211; Ant\u00f4nio Barbosa Le\u00e3o (06)<\/li><li>PSF III &#8211; Francisco Santirocchi (06)<\/li><li>PSF IV &#8211; Central (06)<\/li><\/ul><\/li><li>Agente de Vigil\u00e2ncia Epidemiol\u00f3gica &#8211; Agente de Combate \u00e0s Endemias (04)<\/li><\/ul>\n\n\n\n<p>A jornada de trabalho para todos os cargos \u00e9 de 40 horas semanais para um sal\u00e1rio inicial no valor de R$ 2.640,00.<\/p>\n\n\n\n<h2 class=\"wp-block-heading\" id=\"requisitos\"><span class=\"ez-toc-section\" id=\"Quais_sao_os_requisitos_para_participar_do_Processo_Seletivo_de_Campos_Altos-MG\"><\/span>Quais s\u00e3o os requisitos para participar do Processo Seletivo de Campos Altos-MG?<span class=\"ez-toc-section-end\"><\/span><\/h2>\n\n\n\n<p>Para que o candidato tome posse do cargo no <a href=\"https:\/\/www.editorasolucao.com.br\/blog\/concursos-abertos-mg\">Processo Seletivo de Campos Altos-MG<\/a> \u00e9 necess\u00e1rio cumprir as seguintes <strong>exig\u00eancias<\/strong>:<\/p>\n\n\n\n<ul><li>Ter sido classificado no Processo Seletivo P\u00fablico, na forma prevista neste Edital, anexos e eventuais retifica\u00e7\u00f5es; <\/li><li>Ser brasileiro nato ou naturalizado, OU, no caso de nacionalidade portuguesa, estar amparado pelo Estatuto de Igualdade entre Brasileiros e Portugueses, com reconhecimento do gozo dos direitos pol\u00edticos, na forma do disposto do \u00a7 1\u00ba art. 12 da Constitui\u00e7\u00e3o Federal\/88, combinado com o Decreto Federal n\u00ba 70.436, 18 de abril de 1972; <\/li><li>Estar em gozo dos direitos pol\u00edticos; <\/li><li>Estar quite com as obriga\u00e7\u00f5es eleitorais; <\/li><li>Estar em dia com as obriga\u00e7\u00f5es militares, para os candidatos do sexo masculino; <\/li><li><strong>Ter idade m\u00ednima de 18 anos completos, no ato da contrata\u00e7\u00e3o;<\/strong> <\/li><li>For julgado apto f\u00edsica e mentalmente para o exerc\u00edcio do cargo, por pr\u00e9via inspe\u00e7\u00e3o m\u00e9dica oficial e \u00e0 equipe Multiprofissional em caso de Pessoas com Defici\u00eancia (PcD); <\/li><li>Ter os documentos comprobat\u00f3rios de escolaridade m\u00ednima e requisitos constantes Anexo I deste Edital; <\/li><li>N\u00e3o ser aposentado por invalidez e nem estar com idade de aposentadoria compuls\u00f3ria, ou seja, 75 anos; <\/li><li>N\u00e3o receber proventos de aposentadoria decorrentes do art. 40 ou dos arts. 42 e 142 da Constitui\u00e7\u00e3o Federal de 1988, com a remunera\u00e7\u00e3o de cargo, emprego ou fun\u00e7\u00e3o p\u00fablica, ressalvados os cargos acumul\u00e1veis na forma da respectiva Constitui\u00e7\u00e3o, os cargos eletivos e os cargos em comiss\u00e3o declarados em lei de livre nomea\u00e7\u00e3o e exonera\u00e7\u00e3o; <\/li><li>N\u00e3o acumular remunera\u00e7\u00e3o de cargos p\u00fablicos, ressalvados os cargos acumul\u00e1veis na forma da Constitui\u00e7\u00e3o Federal de 1988; <\/li><li><strong>N\u00e3o ter sido demitido\/exonerado do Munic\u00edpio de Campos Altos\/MG, por justa causa ou em decorr\u00eancia de processo administrativo disciplinar; e<\/strong> <\/li><li>Ter conclu\u00eddo, com aproveitamento, o Curso de Forma\u00e7\u00e3o Introdut\u00f3ria B\u00e1sica, de acordo com o(a) cargo\/fun\u00e7\u00e3o no(a) qual o candidato foi aprovado, com carga hor\u00e1ria m\u00ednima de 40 horas, disponibilizado no endere\u00e7o eletr\u00f4nico do Minist\u00e9rio da Sa\u00fade em: Agente de Sa\u00fade PSF &#8211; Agente Comunit\u00e1rio de Sa\u00fade ou Agente de Vigil\u00e2ncia Epidemiol\u00f3gica &#8211; Agente de Combate \u00e0s Endemias<\/li><\/ul>\n\n\n\n<h2 class=\"wp-block-heading\" id=\"atribui\u00e7\u00f5es\"><span class=\"ez-toc-section\" id=\"Processo_Seletivo_de_Campos_Altos-MG_Atribuicoes\"><\/span>Processo Seletivo de Campos Altos-MG: Atribui\u00e7\u00f5es<span class=\"ez-toc-section-end\"><\/span><\/h2>\n\n\n\n<p>Saiba quais s\u00e3o as <strong>atividades <\/strong>que os candidatos aprovados dever\u00e3o exercer em cada cargo ofertado:<\/p>\n\n\n\n<ul><li>Agente de Sa\u00fade PSF &#8211; Agente Comunit\u00e1rio de Sa\u00fade:<ul><li>Utilizar instrumentos para diagn\u00f3stico demogr\u00e1fico e sociocultural;<\/li><li>Detalhar visitas domiciliares, com coleta e registro de dados relativos a suas atribui\u00e7\u00f5es, para fim exclusivo de controle e planejamento das a\u00e7\u00f5es de sa\u00fade;<\/li><li>Mobilizar a comunidade e o est\u00edmulo \u00e0 participa\u00e7\u00e3o nas pol\u00edticas p\u00fablicas voltadas para as \u00e1reas de sa\u00fade e socioeducacional;<\/li><\/ul><\/li><li>Agente de Vigil\u00e2ncia Epidemiol\u00f3gica &#8211; Agente de Combate \u00e0s Endemias:<ul><li>Desenvolver a\u00e7\u00f5es educativas e de mobiliza\u00e7\u00e3o da comunidade relativas \u00e0 preven\u00e7\u00e3o e ao controle de doen\u00e7as e agravos \u00e0 sa\u00fade;<\/li><li>Realizar a\u00e7\u00f5es de preven\u00e7\u00e3o e controle de doen\u00e7as e agravos \u00e0 sa\u00fade, em intera\u00e7\u00e3o com o Agente Comunit\u00e1rio de Sa\u00fade e a equipe de aten\u00e7\u00e3o b\u00e1sica;<\/li><li>Identificar casos suspeitos de doen\u00e7as e agravos a sa\u00fade e encaminhamento, quando indicado, para a unidade de sa\u00fade de refer\u00eancia, assim como comunica\u00e7\u00e3o do fato \u00e0 autoridade sanit\u00e1ria respons\u00e1vel;<\/li><\/ul><\/li><\/ul>\n\n\n\n<h2 class=\"wp-block-heading\" id=\"etapas\"><span class=\"ez-toc-section\" id=\"Quais_serao_as_provas_do_Processo_Seletivo_de_Campos_Altos-MG\"><\/span>Quais ser\u00e3o as provas do Processo Seletivo de Campos Altos-MG?<span class=\"ez-toc-section-end\"><\/span><\/h2>\n\n\n\n<p>Os candidatos ser\u00e3o avaliados por meio das seguintes etapas de sele\u00e7\u00e3o:<\/p>\n\n\n\n<ul><li><strong>Prova Objetiva<\/strong>\u00a0&#8211; de car\u00e1ter <em>eliminat\u00f3rio <\/em>e <em>classificat\u00f3rio<\/em>.<\/li><li><strong>Avalia\u00e7\u00e3o de T\u00edtulos<\/strong>\u00a0&#8211; de car\u00e1ter <em>classificat\u00f3rio<\/em>.<\/li><\/ul>\n\n\n\n<h3 class=\"wp-block-heading\">Prova Objetiva<\/h3>\n\n\n\n<p>Essa etapa est\u00e1 prevista para ser realizada no dia <strong>14 de janeiro de 2024<\/strong>, com hor\u00e1rio de in\u00edcio previsto para \u00e0s 09 horas. Os candidatos ter\u00e3o o tempo m\u00e1ximo de 02 horas para realizar as provas.<\/p>\n\n\n\n<p>A avalia\u00e7\u00e3o ser\u00e1 composta por <strong>30 quest\u00f5es de m\u00faltipla escolha<\/strong> que versar\u00e3o sobre as seguintes disciplinas:<\/p>\n\n\n\n<ul><li>Portugu\u00eas (10)<\/li><li>Racioc\u00ednio L\u00f3gico (05) <\/li><li>Conhecimentos Gerais (05) <\/li><li>Legisla\u00e7\u00e3o (05)<\/li><li>Conhecimento Espec\u00edfico (05)<\/li><\/ul>\n\n\n\n<p>A prova ter\u00e1 a pontua\u00e7\u00e3o m\u00e1xima de 100 pontos, sendo assim, ser\u00e1 considerado <strong>aprovado <\/strong>o candidato que obtiver, no m\u00ednimo, 60% do total de pontos.<\/p>\n\n\n\n<h3 class=\"wp-block-heading\">Avalia\u00e7\u00e3o de T\u00edtulos<\/h3>\n\n\n\n<p>Ser\u00e3o <strong>aceitos <\/strong>para a avalia\u00e7\u00e3o os seguintes t\u00edtulos:<\/p>\n\n\n\n<figure class=\"wp-block-image size-full\"><img loading=\"lazy\" decoding=\"async\" width=\"712\" height=\"412\" src=\"https:\/\/www.editorasolucao.com.br\/blog\/wp-content\/uploads\/2023\/09\/image-29.png\" alt=\"\" class=\"wp-image-35665\"\/><\/figure>\n\n\n\n<figure class=\"wp-block-image size-full\"><img loading=\"lazy\" decoding=\"async\" width=\"711\" height=\"313\" src=\"https:\/\/www.editorasolucao.com.br\/blog\/wp-content\/uploads\/2023\/09\/image-30.png\" alt=\"\" class=\"wp-image-35666\"\/><\/figure>\n\n\n\n<p>Este Processo Seletivo P\u00fablico ter\u00e1 <strong>validade <\/strong>de 02 anos, podendo ser prorrogado uma \u00fanica vez, por igual per\u00edodo<\/p>\n\n\n\n<p><strong>Bons estudos e boa prova!!!<\/strong><\/p>\n","protected":false},"excerpt":{"rendered":"<p>Foi publicado o edital do Processo Seletivo de Campos Altos, no estado de Minas Gerais, que oferta 30 vagas imediatas para o cargo de Agente, de n\u00edvel m\u00e9dio de escolaridade, com o sal\u00e1rio no valor de R$ 2.640,00. Ficou interessado(a)? Confira os demais detalhes no decorrer da not\u00edcia. \ud83e\udd70 Inscri\u00e7\u00f5es Cargos, vagas e remunera\u00e7\u00f5es Requisitos Atribui\u00e7\u00f5es Etapas de sele\u00e7\u00e3o Como ser\u00e3o as inscri\u00e7\u00f5es do Processo Seletivo de Campos Altos-MG? As inscri\u00e7\u00f5es para o Processo Seletivo de Campos Altos, poder\u00e3o ser realizadas a partir do dia 13 de novembro de 2023 at\u00e9 o dia 13 de dezembro de 2023, atrav\u00e9s do&#8230;<\/p>\n","protected":false},"author":18,"featured_media":35668,"template":"","meta":{"_acf_changed":false,"rank_math_lock_modified_date":false},"categories":[],"tags":[],"acf":[],"_links":{"self":[{"href":"https:\/\/www.editorasolucao.com.br\/blog\/wp-json\/wp\/v2\/concurso\/35664"}],"collection":[{"href":"https:\/\/www.editorasolucao.com.br\/blog\/wp-json\/wp\/v2\/concurso"}],"about":[{"href":"https:\/\/www.editorasolucao.com.br\/blog\/wp-json\/wp\/v2\/types\/concurso"}],"author":[{"embeddable":true,"href":"https:\/\/www.editorasolucao.com.br\/blog\/wp-json\/wp\/v2\/users\/18"}],"wp:featuredmedia":[{"embeddable":true,"href":"https:\/\/www.editorasolucao.com.br\/blog\/wp-json\/wp\/v2\/media\/35668"}],"wp:attachment":[{"href":"https:\/\/www.editorasolucao.com.br\/blog\/wp-json\/wp\/v2\/media?parent=35664"}],"wp:term":[{"taxonomy":"category","embeddable":true,"href":"https:\/\/www.editorasolucao.com.br\/blog\/wp-json\/wp\/v2\/categories?post=35664"},{"taxonomy":"post_tag","embeddable":true,"href":"https:\/\/www.editorasolucao.com.br\/blog\/wp-json\/wp\/v2\/tags?post=35664"}],"curies":[{"name":"wp","href":"https:\/\/api.w.org\/{rel}","templated":true}]}}