{"id":3606,"date":"2024-05-13T10:07:19","date_gmt":"2024-05-13T13:07:19","guid":{"rendered":"https:\/\/www.editorasolucao.com.br\/blog\/?post_type=concurso&#038;p=3606"},"modified":"2024-05-13T10:07:22","modified_gmt":"2024-05-13T13:07:22","slug":"efomm","status":"publish","type":"concurso","link":"https:\/\/www.editorasolucao.com.br\/blog\/concurso\/efomm","title":{"rendered":"Processo Seletivo EFOMM 2025: Edital publicado. 293 vagas, n\u00edvel m\u00e9dio!"},"content":{"rendered":"\n<p><strong>Ol\u00e1, concurseiros!! <\/strong>Foi divulgado o edital do processo seletivo da Marinha Mercante com oportunidades para as Escolas de Forma\u00e7\u00e3o de Oficiais (Efomm). O novo certame visa preencher <strong>293 vagas para o cargo de Oficial, <\/strong>de n\u00edvel m\u00e9dio.<strong> <\/strong>Se interessou? Venha saber mais!!\u00a0<\/p>\n\n\n\n<div id=\"ez-toc-container\" class=\"ez-toc-v2_0_69_1 counter-hierarchy ez-toc-counter ez-toc-grey ez-toc-container-direction\">\n<div class=\"ez-toc-title-container\">\n<p class=\"ez-toc-title \" >Menu de navega&ccedil;&atilde;o<\/p>\n<span class=\"ez-toc-title-toggle\"><a href=\"#\" class=\"ez-toc-pull-right ez-toc-btn ez-toc-btn-xs ez-toc-btn-default ez-toc-toggle\" aria-label=\"Toggle Table of Content\"><span class=\"ez-toc-js-icon-con\"><span class=\"\"><span class=\"eztoc-hide\" style=\"display:none;\">Toggle<\/span><span class=\"ez-toc-icon-toggle-span\"><svg style=\"fill: #999;color:#999\" xmlns=\"http:\/\/www.w3.org\/2000\/svg\" class=\"list-377408\" width=\"20px\" height=\"20px\" viewBox=\"0 0 24 24\" fill=\"none\"><path d=\"M6 6H4v2h2V6zm14 0H8v2h12V6zM4 11h2v2H4v-2zm16 0H8v2h12v-2zM4 16h2v2H4v-2zm16 0H8v2h12v-2z\" fill=\"currentColor\"><\/path><\/svg><svg style=\"fill: #999;color:#999\" class=\"arrow-unsorted-368013\" xmlns=\"http:\/\/www.w3.org\/2000\/svg\" width=\"10px\" height=\"10px\" viewBox=\"0 0 24 24\" version=\"1.2\" baseProfile=\"tiny\"><path d=\"M18.2 9.3l-6.2-6.3-6.2 6.3c-.2.2-.3.4-.3.7s.1.5.3.7c.2.2.4.3.7.3h11c.3 0 .5-.1.7-.3.2-.2.3-.5.3-.7s-.1-.5-.3-.7zM5.8 14.7l6.2 6.3 6.2-6.3c.2-.2.3-.5.3-.7s-.1-.5-.3-.7c-.2-.2-.4-.3-.7-.3h-11c-.3 0-.5.1-.7.3-.2.2-.3.5-.3.7s.1.5.3.7z\"\/><\/svg><\/span><\/span><\/span><\/a><\/span><\/div>\n<nav><ul class='ez-toc-list ez-toc-list-level-1 ' ><li class='ez-toc-page-1 ez-toc-heading-level-2'><a class=\"ez-toc-link ez-toc-heading-1\" href=\"https:\/\/www.editorasolucao.com.br\/blog\/concurso\/efomm\/#Como_posso_me_inscrever_para_o_processo_seletivo_Efomm\" title=\"Como posso me inscrever para o processo seletivo Efomm?\u00a0\">Como posso me inscrever para o processo seletivo Efomm?\u00a0<\/a><\/li><li class='ez-toc-page-1 ez-toc-heading-level-2'><a class=\"ez-toc-link ez-toc-heading-2\" href=\"https:\/\/www.editorasolucao.com.br\/blog\/concurso\/efomm\/#Quais_vagas_estao_sendo_ofertadas\" title=\"Quais vagas est\u00e3o sendo ofertadas?\u00a0\">Quais vagas est\u00e3o sendo ofertadas?\u00a0<\/a><\/li><li class='ez-toc-page-1 ez-toc-heading-level-2'><a class=\"ez-toc-link ez-toc-heading-3\" href=\"https:\/\/www.editorasolucao.com.br\/blog\/concurso\/efomm\/#Quais_sao_os_requisitos_para_a_investidura_do_cargo\" title=\"Quais s\u00e3o os requisitos para a investidura do cargo?\u00a0\">Quais s\u00e3o os requisitos para a investidura do cargo?\u00a0<\/a><\/li><li class='ez-toc-page-1 ez-toc-heading-level-2'><a class=\"ez-toc-link ez-toc-heading-4\" href=\"https:\/\/www.editorasolucao.com.br\/blog\/concurso\/efomm\/#O_que_faz_um_Oficial_da_Marinha_Mercante\" title=\"O que faz um Oficial da Marinha Mercante?\u00a0\">O que faz um Oficial da Marinha Mercante?\u00a0<\/a><\/li><li class='ez-toc-page-1 ez-toc-heading-level-2'><a class=\"ez-toc-link ez-toc-heading-5\" href=\"https:\/\/www.editorasolucao.com.br\/blog\/concurso\/efomm\/#Como_posso_me_preparar_para_as_etapas_de_selecao_do_processo_seletivo_Efomm\" title=\"Como posso me preparar para as etapas de sele\u00e7\u00e3o do processo seletivo Efomm?\u00a0\">Como posso me preparar para as etapas de sele\u00e7\u00e3o do processo seletivo Efomm?\u00a0<\/a><\/li><li class='ez-toc-page-1 ez-toc-heading-level-2'><a class=\"ez-toc-link ez-toc-heading-6\" href=\"https:\/\/www.editorasolucao.com.br\/blog\/concurso\/efomm\/#Quando_ocorreu_o_ultimo_concurso_Efomm\" title=\"Quando ocorreu o \u00faltimo concurso Efomm?\u00a0\">Quando ocorreu o \u00faltimo concurso Efomm?\u00a0<\/a><\/li><\/ul><\/nav><\/div>\n<h2 class=\"wp-block-heading\"><span class=\"ez-toc-section\" id=\"Como_posso_me_inscrever_para_o_processo_seletivo_Efomm\"><\/span>Como posso me inscrever para o processo seletivo Efomm?\u00a0<span class=\"ez-toc-section-end\"><\/span><\/h2>\n\n\n\n<p>O per\u00edodo de inscri\u00e7\u00f5es para o processo seletivo Efomm j\u00e1 foi iniciado e ficar\u00e1 aberto at\u00e9 o dia <strong>23 de maio de 2024.\u00a0 <\/strong>Para realizar suas inscri\u00e7\u00f5es, os interessados pelo certame devem acessar o site da <a href=\"https:\/\/www.marinha.mil.br\/ciaga\/node\/2408\" target=\"_blank\" rel=\"noreferrer noopener\">Marinha.<\/a><\/p>\n\n\n\n<p>As taxas de inscri\u00e7\u00e3o possuem o valor fixo de<strong> R$ 65,00 <\/strong>e, para que as inscri\u00e7\u00f5es sejam homologadas, os candidatos devem realizar o pagamento do boleto banc\u00e1rio at\u00e9 o dia <strong>24 de maio.&nbsp;<\/strong><\/p>\n\n\n\n<p>Houve a oportunidade de solicitar a isen\u00e7\u00e3o dessas taxas, mas esse per\u00edodo j\u00e1 foi encerrado.&nbsp;<\/p>\n\n\n\n<h2 class=\"wp-block-heading\"><span class=\"ez-toc-section\" id=\"Quais_vagas_estao_sendo_ofertadas\"><\/span>Quais vagas est\u00e3o sendo ofertadas?\u00a0<span class=\"ez-toc-section-end\"><\/span><\/h2>\n\n\n\n<p>O processo seletivo Efomm visa preencher<strong> 293 vagas,<\/strong> de escolaridade de n\u00edvel m\u00e9dio, para o cargo de <a href=\"https:\/\/www.editorasolucao.com.br\/apostila\/marinha-mercante-oficial\" target=\"_blank\" rel=\"noreferrer noopener\">Oficial da Marinha Mercante<\/a>. Vamos conferir com mais detalhes abaixo?\u00a0<\/p>\n\n\n\n<ul>\n<li>Centro de Instru\u00e7\u00e3o Almirante Gra\u00e7a Aranha, no Rio de Janeiro (RJ) (Ciaga)\n<ul>\n<li>174 vagas<\/li>\n<\/ul>\n<\/li>\n\n\n\n<li>Centro de Instru\u00e7\u00e3o Almirante Braz de Aguiar, em Bel\u00e9m (PA)\u00a0 (Ciaba)\n<ul>\n<li>119 vagas<\/li>\n<\/ul>\n<\/li>\n<\/ul>\n\n\n\n<p>Durante o curso de forma\u00e7\u00e3o, o aluno receber\u00e1 uma remunera\u00e7\u00e3o mensal de <strong>R$1.574,12.&nbsp;<\/strong><\/p>\n\n\n\n<h2 class=\"wp-block-heading\"><span class=\"ez-toc-section\" id=\"Quais_sao_os_requisitos_para_a_investidura_do_cargo\"><\/span>Quais s\u00e3o os requisitos para a investidura do cargo?\u00a0<span class=\"ez-toc-section-end\"><\/span><\/h2>\n\n\n\n<p>De acordo com o edital, esses s\u00e3o os requisitos b\u00e1sicos exigidos para a participa\u00e7\u00e3o do processo seletivo:&nbsp;<\/p>\n\n\n\n<ul>\n<li>Ser brasileiro nato (ambos os sexos), com idade m\u00ednima de 17 anos e m\u00e1xima de 23 anos em 1\u00ba de janeiro de 2025, nos termos da Lei n\u00ba 7.573\/1986;<\/li>\n\n\n\n<li><strong>Ter conclu\u00eddo, com aproveitamento, o curso do Ensino M\u00e9dio ou equivalente, em institui\u00e7\u00e3o oficialmente reconhecida, at\u00e9 03 de fevereiro de 2025, nos termos da Lei n\u00ba 7.573\/1986;&nbsp;<\/strong><\/li>\n\n\n\n<li>N\u00e3o ter filhos ou dependentes e n\u00e3o ser casado ou ter constitu\u00eddo uni\u00e3o est\u00e1vel, nos termos do Art. 144-A da Lei n\u00ba 6.880\/1980;<\/li>\n\n\n\n<li>Ter a altura m\u00ednima de 1,54m e a m\u00e1xima de 2,00m;&nbsp;<\/li>\n\n\n\n<li>N\u00e3o ter sido condenado por senten\u00e7a penal transitada em julgado;<\/li>\n\n\n\n<li>N\u00e3o ter sido, nos \u00faltimos cinco anos, na forma da legisla\u00e7\u00e3o vigente: responsabilizado por ato lesivo ao patrim\u00f4nio p\u00fablico de qualquer esfera de governo, em processo administrativo do qual n\u00e3o caiba mais recurso, contando o prazo a partir da data do cumprimento da san\u00e7\u00e3o; ou condenado em processo criminal com senten\u00e7a transitada em julgado, contando o prazo a partir da data do cumprimento da pena;<\/li>\n\n\n\n<li>Estar em dia com as obriga\u00e7\u00f5es do Servi\u00e7o Militar e da Justi\u00e7a Eleitoral;<\/li>\n\n\n\n<li>N\u00e3o ter sido julgado \u201cincapaz definitivamente\u201d para o Servi\u00e7o Ativo das For\u00e7as Armadas ou das For\u00e7as Auxiliares ou para o Servi\u00e7o Militar Inicial;<\/li>\n\n\n\n<li><strong>N\u00e3o ser ex-aluno de EFOMM, n\u00e3o ter sido exclu\u00eddo, a bem da disciplina ou por inaptid\u00e3o ao oficialato, de qualquer escola preparat\u00f3ria ou de forma\u00e7\u00e3o das For\u00e7as Armadas ou Auxiliares, nem ter sido exclu\u00eddo, a bem da disciplina, do Servi\u00e7o Ativo ou do Servi\u00e7o Militar Inicial (SMI) de qualquer organiza\u00e7\u00e3o militar;<\/strong><\/li>\n\n\n\n<li>Possuir registro no Cadastro de Pessoas F\u00edsicas (CPF);&nbsp;<\/li>\n\n\n\n<li>Possuir, preferencialmente, documento oficial de identifica\u00e7\u00e3o f\u00edsico, v\u00e1lido e com fotografia; ou documento de identifica\u00e7\u00e3o digital, com fotografia e QR Code, dispon\u00edvel, exclusivamente, nos aplicativos \u201cGov.br\u201d e \u201cCarteira Digital de Tr\u00e2nsito\u201d;<\/li>\n\n\n\n<li>Efetuar o pagamento da taxa de inscri\u00e7\u00e3o no valor de R$ 65,00 (sessenta e cinco reais);&nbsp;<\/li>\n\n\n\n<li>Cumprir as instru\u00e7\u00f5es estabelecidas no Edital.<\/li>\n<\/ul>\n\n\n\n<h2 class=\"wp-block-heading\"><span class=\"ez-toc-section\" id=\"O_que_faz_um_Oficial_da_Marinha_Mercante\"><\/span>O que faz um Oficial da Marinha Mercante?\u00a0<span class=\"ez-toc-section-end\"><\/span><\/h2>\n\n\n\n<p>Vamos conferir com detalhes quais s\u00e3o as atribui\u00e7\u00f5es dadas a esse cargo?&nbsp;<\/p>\n\n\n\n<ul>\n<li>Os profissionais da Marinha Mercante, oficiais e subalternos, distribu\u00eddos em diversas categorias, exercem suas atividades, normalmente, a bordo de embarca\u00e7\u00f5es mercantes, ocupando posi\u00e7\u00f5es de extrema responsabilidade.\n<ul>\n<li>O<strong> Oficial de M\u00e1quinas <\/strong>\u00e9 respons\u00e1vel pela opera\u00e7\u00e3o, manuten\u00e7\u00e3o e gerenciamento das m\u00e1quinas, motores e equipamentos que comp\u00f5em os diversos sistemas do navio. Come\u00e7a sua atividade mar\u00edtima como Oficial de Quarto de M\u00e1quinas, podendo progredir como Subchefe de M\u00e1quinas e, posteriormente, Chefe de M\u00e1quinas, sendo que, nessa \u00faltima fun\u00e7\u00e3o, \u00e9 o respons\u00e1vel pelo gerenciamento das instala\u00e7\u00f5es de m\u00e1quinas, inclusive daquelas que movimentam os grandes navios mercantes pelos oceanos.<\/li>\n\n\n\n<li>O <strong>Oficial de N\u00e1utica <\/strong>\u00e9 respons\u00e1vel pela opera\u00e7\u00e3o e gerenciamento dos equipamentos de conv\u00e9s, de navega\u00e7\u00e3o e de comunica\u00e7\u00f5es. Come\u00e7a sua atividade mar\u00edtima como Oficial de Quarto de Navega\u00e7\u00e3o, podendo progredir como Imediato e, ap\u00f3s, como Comandante, sendo que, nessa \u00faltima fun\u00e7\u00e3o, \u00e9 o respons\u00e1vel maior pela condu\u00e7\u00e3o de navios mercantes pelos mares do mundo.\u00a0<\/li>\n<\/ul>\n<\/li>\n<\/ul>\n\n\n\n<p>Se interessou pelo cargo? Confira nossas <a href=\"https:\/\/www.editorasolucao.com.br\/apostila\/marinha-mercante-oficial\" target=\"_blank\" rel=\"noreferrer noopener\">apostilas! <\/a><\/p>\n\n\n\n<h2 class=\"wp-block-heading\"><span class=\"ez-toc-section\" id=\"Como_posso_me_preparar_para_as_etapas_de_selecao_do_processo_seletivo_Efomm\"><\/span>Como posso me preparar para as etapas de sele\u00e7\u00e3o do processo seletivo Efomm?\u00a0<span class=\"ez-toc-section-end\"><\/span><\/h2>\n\n\n\n<p>Os candidatos do processo seletivo Efomm ser\u00e3o avaliados por meio das seguintes etapas de sele\u00e7\u00e3o:&nbsp;<\/p>\n\n\n\n<ul>\n<li><strong>Prova de Conhecimentos<\/strong>, de car\u00e1ter eliminat\u00f3rio e classificat\u00f3rio.&nbsp;<\/li>\n\n\n\n<li><strong>Sele\u00e7\u00e3o Psicof\u00edsica<\/strong>, de car\u00e1ter eliminat\u00f3rio.&nbsp;<\/li>\n\n\n\n<li><strong>Teste de Sufici\u00eancia F\u00edsica<\/strong>, de car\u00e1ter eliminat\u00f3rio.&nbsp;<\/li>\n\n\n\n<li><strong>Per\u00edodo de Adapta\u00e7\u00e3o e Verifica\u00e7\u00e3o de Documentos.&nbsp;<\/strong><\/li>\n<\/ul>\n\n\n\n<h3 class=\"wp-block-heading\">Prova de Conhecimentos<\/h3>\n\n\n\n<p>A prova objetiva est\u00e1 prevista para acontecer em duas datas, sendo elas:&nbsp;<\/p>\n\n\n\n<ul>\n<li><strong>3 de agosto<\/strong>\n<ul>\n<li>Aplica\u00e7\u00e3o das provas de Portugu\u00eas, Reda\u00e7\u00e3o e Ingl\u00eas.<\/li>\n\n\n\n<li>Das 10h15min at\u00e9 \u00e0s 14h15min<\/li>\n<\/ul>\n<\/li>\n\n\n\n<li><strong>4 de agosto<\/strong>\n<ul>\n<li>Aplica\u00e7\u00e3o das provas de Matem\u00e1tica e F\u00edsica<\/li>\n\n\n\n<li>Das 10h15min at\u00e9 \u00e0s 14h15min<\/li>\n<\/ul>\n<\/li>\n<\/ul>\n\n\n\n<p>\u00c9 importante ressaltar que essas provas ser\u00e3o aplicadas em diversas cidades do Brasil. Vejamos com mais detalhes abaixo:&nbsp;<\/p>\n\n\n\n<ul>\n<li>Amap\u00e1 (AP);<\/li>\n\n\n\n<li>Bel\u00e9m (PA);<\/li>\n\n\n\n<li>Belo Horizonte (MG);<\/li>\n\n\n\n<li>Bras\u00edlia (DF);<\/li>\n\n\n\n<li>Corumb\u00e1 (MS);<\/li>\n\n\n\n<li>Cuiab\u00e1 (MT);<\/li>\n\n\n\n<li>Florian\u00f3polis (SC);<\/li>\n\n\n\n<li>Fortaleza (CE);<\/li>\n\n\n\n<li>Manaus (AM);<\/li>\n\n\n\n<li>Natal (RN);<\/li>\n\n\n\n<li>Parna\u00edba (PI);<\/li>\n\n\n\n<li>Recife (PE);<\/li>\n\n\n\n<li>Rio de Janeiro (RJ);<\/li>\n\n\n\n<li>Paranagu\u00e1 (PR);<\/li>\n\n\n\n<li>Porto Alegre (RS);<\/li>\n\n\n\n<li>Salvador (BA);<\/li>\n\n\n\n<li>Santar\u00e9m (PA);<\/li>\n\n\n\n<li>S\u00e3o Paulo (SP);<\/li>\n\n\n\n<li>S\u00e3o Lu\u00eds (MA);<\/li>\n\n\n\n<li>Vit\u00f3ria (ES).<\/li>\n<\/ul>\n\n\n\n<p>As provas de conhecimento conter\u00e3o, individualmente,<strong> 20 quest\u00f5es<\/strong> objetivas do tipo m\u00faltipla escolha, versando sobre as seguintes disciplinas:&nbsp;<\/p>\n\n\n\n<ul>\n<li>Portugu\u00eas<\/li>\n\n\n\n<li>Ingl\u00eas<\/li>\n\n\n\n<li>Reda\u00e7\u00e3o<\/li>\n\n\n\n<li>F\u00edsica<\/li>\n\n\n\n<li>Matem\u00e1tica<\/li>\n<\/ul>\n\n\n\n<p>As avalia\u00e7\u00f5es valer\u00e3o <strong>100 pontos<\/strong> e ser\u00e1 considerado classificado o candidato que obtiver nota igual ou superior a <strong>50 pontos em cada uma dessas provas.<\/strong>&nbsp;<\/p>\n\n\n\n<p>A reda\u00e7\u00e3o valer\u00e1 <strong>100 pontos<\/strong> e ter\u00e1 como prop\u00f3sito verificar a capacidade de express\u00e3o escrita do candidato na l\u00edngua portuguesa. Ela dever\u00e1 possuir no m\u00ednimo, 20 linhas e, no m\u00e1ximo, 30 linhas cont\u00ednuas, considerando o recuo dos par\u00e1grafos.&nbsp;<\/p>\n\n\n\n<h3 class=\"wp-block-heading\">Sele\u00e7\u00e3o Psicof\u00edsica<\/h3>\n\n\n\n<p>A sele\u00e7\u00e3o psicof\u00edsica est\u00e1 prevista para acontecer entre os dias <strong>3 de outubro at\u00e9 14 de novembro. <\/strong>Essa etapa visa avaliar os seguintes exames m\u00e9dicos dos candidatos:&nbsp;<\/p>\n\n\n\n<ul>\n<li>Sangue: hemograma completo com contagem de plaquetas;<\/li>\n\n\n\n<li>Glicemia de jejum;<\/li>\n\n\n\n<li>Dosagem de creatinina;<\/li>\n\n\n\n<li>TGO (AST);<\/li>\n\n\n\n<li>TGP (ALT);<\/li>\n\n\n\n<li>Urina: EAS;<\/li>\n\n\n\n<li>Anti-HIV: qualquer m\u00e9todo, exceto imunocromatografia (teste r\u00e1pido);&nbsp;<\/li>\n\n\n\n<li>VDRL ou sorologia para S\u00edfilis, exceto imunocromatografia (teste r\u00e1pido).<\/li>\n\n\n\n<li>Telerradiografia do t\u00f3rax;<\/li>\n\n\n\n<li>ECG;&nbsp;<\/li>\n\n\n\n<li>Audiometria Tonal e Vocal.<\/li>\n<\/ul>\n\n\n\n<h3 class=\"wp-block-heading\">Teste de Sufici\u00eancia F\u00edsica<\/h3>\n\n\n\n<p>O teste de sufici\u00eancia f\u00edsica (TSF) est\u00e1 marcado para acontecer entre os dias <strong>25 de novembro at\u00e9 4 de dezembro. <\/strong>Essa etapa tem como prop\u00f3sito aferir a aptid\u00e3o f\u00edsica do candidato por meio de provas.&nbsp;<\/p>\n\n\n\n<p>Ser\u00e3o avaliadas as seguintes atividades:&nbsp;<\/p>\n\n\n\n<ul>\n<li>Sexo Masculino\n<ul>\n<li>Corrida: 2.300 metros, no tempo m\u00e1ximo de 12 minutos;<\/li>\n\n\n\n<li>Nata\u00e7\u00e3o: 50 metros, no tempo m\u00e1ximo de um minuto e trinta segundos, em qualquer um dos tipos de nado b\u00e1sico: \u201ccrawl\u201d (nado livre), peito, borboleta ou costas. N\u00e3o ser\u00e1 aceito nado submerso ou modo \u201ccachorrinho\u201d.<\/li>\n<\/ul>\n<\/li>\n\n\n\n<li>Sexo Feminino\n<ul>\n<li>Corrida: 1.900 metros, no tempo m\u00e1ximo de 12 minutos;&nbsp;<\/li>\n\n\n\n<li>Nata\u00e7\u00e3o: 50 metros, no tempo m\u00e1ximo de um minuto e quarenta e cinco segundos, em qualquer um dos tipos de nado b\u00e1sico: \u201ccrawl\u201d (nado livre), peito, borboleta ou costas. N\u00e3o ser\u00e1 aceito nado submerso ou modo \u201ccachorrinho\u201d.<\/li>\n<\/ul>\n<\/li>\n<\/ul>\n\n\n\n<h3 class=\"wp-block-heading\">Per\u00edodo de Adapta\u00e7\u00e3o e Verifica\u00e7\u00e3o de Documentos<\/h3>\n\n\n\n<p>Essa etapa de sele\u00e7\u00e3o acontecer\u00e1 entre os dias <strong>13 a 31 de janeiro de 2025.<\/strong><\/p>\n\n\n\n<p>O per\u00edodo de adapta\u00e7\u00e3o e verifica\u00e7\u00e3o de documentos tem como objetivo receber a documenta\u00e7\u00e3o do candidato exigida pelo edital, promover a sua integra\u00e7\u00e3o na estrutura organizacional do Centro de Instru\u00e7\u00e3o e permitir a ambienta\u00e7\u00e3o com a rotina e atividades de aluno da EFOMM e do NFORM.<\/p>\n\n\n\n<h2 class=\"wp-block-heading\"><span class=\"ez-toc-section\" id=\"Quando_ocorreu_o_ultimo_concurso_Efomm\"><\/span>Quando ocorreu o \u00faltimo concurso Efomm?\u00a0<span class=\"ez-toc-section-end\"><\/span><\/h2>\n\n\n\n<p>O \u00faltimo concurso Efomm tamb\u00e9m ocorreu por meio de um processo seletivo. Suas provas ocorreram em 2023,<strong> j\u00e1 o seu curso de forma\u00e7\u00e3o teve in\u00edcio neste ano de 2024!&nbsp;<\/strong><\/p>\n\n\n\n<p>O \u00faltimo certame tamb\u00e9m ofertou<strong> 293 vagas<\/strong> sendo divididas entre 174 vagas para o CIAGA e 119 vagas para o CIABA. A remunera\u00e7\u00e3o para os alunos do curso de forma\u00e7\u00e3o deste ano \u00e9 de <strong>R$ 1.000,00.<\/strong>&nbsp;<\/p>\n\n\n\n<p>Os candidatos do processo seletivo de 2023 foram avaliados por meio das seguintes etapas de sele\u00e7\u00e3o:&nbsp;<\/p>\n\n\n\n<ul>\n<li><strong>1\u00aa etapa \u2013 Exame de conhecimentos<\/strong> &#8211; de car\u00e1ter <em>eliminat\u00f3rio <\/em>e <em>classificat\u00f3rio<\/em>;<\/li>\n\n\n\n<li><strong>2\u00aa etapa \u2013 Sele\u00e7\u00e3o psicof\u00edsica<\/strong> &#8211; de car\u00e1ter <em>eliminat\u00f3rio<\/em>;<\/li>\n\n\n\n<li><strong>3\u00aa etapa \u2013 Teste de sufici\u00eancia f\u00edsica<\/strong> &#8211; de car\u00e1ter <em>eliminat\u00f3rio<\/em>;<\/li>\n\n\n\n<li><strong>4\u00aa etapa \u2013 Per\u00edodo de adapta\u00e7\u00e3o e verifica\u00e7\u00e3o de documentos<\/strong> &#8211; de car\u00e1ter <em>eliminat\u00f3rio<\/em>.<\/li>\n<\/ul>\n\n\n\n<p>O exame de conhecimentos de 2023, <strong>assim como o de 2024<\/strong>, foi dividido em dois dias de aplica\u00e7\u00e3o e versado nas mesmas disciplinas!\u00a0<\/p>\n\n\n\n<p><\/p>\n\n\n\n<p>Se voc\u00ea busca ser aprovado neste <strong>concurso<\/strong>, n\u00f3s temos <strong>material<\/strong> certo para voc\u00ea! <a href=\"https:\/\/www.editorasolucao.com.br\/apostila\/marinha-mercante-oficial\" target=\"_blank\" rel=\"noreferrer noopener\">Confira aqui<\/a>.\u00a0<\/p>\n","protected":false},"excerpt":{"rendered":"<p>Ol\u00e1, concurseiros!! Foi divulgado o edital do processo seletivo da Marinha Mercante com oportunidades para as Escolas de Forma\u00e7\u00e3o de Oficiais (Efomm). O novo certame visa preencher 293 vagas para o cargo de Oficial, de n\u00edvel m\u00e9dio. Se interessou? Venha saber mais!!\u00a0 Como posso me inscrever para o processo seletivo Efomm?\u00a0 O per\u00edodo de inscri\u00e7\u00f5es para o processo seletivo Efomm j\u00e1 foi iniciado e ficar\u00e1 aberto at\u00e9 o dia 23 de maio de 2024.\u00a0 Para realizar suas inscri\u00e7\u00f5es, os interessados pelo certame devem acessar o site da Marinha. As taxas de inscri\u00e7\u00e3o possuem o valor fixo de R$ 65,00 e,&#8230;<\/p>\n","protected":false},"author":21,"featured_media":42718,"template":"","meta":{"_acf_changed":true,"rank_math_lock_modified_date":false},"categories":[],"tags":[],"acf":[],"_links":{"self":[{"href":"https:\/\/www.editorasolucao.com.br\/blog\/wp-json\/wp\/v2\/concurso\/3606"}],"collection":[{"href":"https:\/\/www.editorasolucao.com.br\/blog\/wp-json\/wp\/v2\/concurso"}],"about":[{"href":"https:\/\/www.editorasolucao.com.br\/blog\/wp-json\/wp\/v2\/types\/concurso"}],"author":[{"embeddable":true,"href":"https:\/\/www.editorasolucao.com.br\/blog\/wp-json\/wp\/v2\/users\/21"}],"wp:featuredmedia":[{"embeddable":true,"href":"https:\/\/www.editorasolucao.com.br\/blog\/wp-json\/wp\/v2\/media\/42718"}],"wp:attachment":[{"href":"https:\/\/www.editorasolucao.com.br\/blog\/wp-json\/wp\/v2\/media?parent=3606"}],"wp:term":[{"taxonomy":"category","embeddable":true,"href":"https:\/\/www.editorasolucao.com.br\/blog\/wp-json\/wp\/v2\/categories?post=3606"},{"taxonomy":"post_tag","embeddable":true,"href":"https:\/\/www.editorasolucao.com.br\/blog\/wp-json\/wp\/v2\/tags?post=3606"}],"curies":[{"name":"wp","href":"https:\/\/api.w.org\/{rel}","templated":true}]}}