{"id":36136,"date":"2023-10-05T10:00:00","date_gmt":"2023-10-05T13:00:00","guid":{"rendered":"https:\/\/www.editorasolucao.com.br\/blog\/?post_type=concurso&#038;p=36136"},"modified":"2023-10-05T11:05:32","modified_gmt":"2023-10-05T14:05:32","slug":"prefeitura-de-valenca-do-piaui-pi","status":"publish","type":"concurso","link":"https:\/\/www.editorasolucao.com.br\/blog\/concurso\/prefeitura-de-valenca-do-piaui-pi","title":{"rendered":"Concurso Prefeitura de Valen\u00e7a do Piau\u00ed-PI: Edital publicado oferta 155 vagas!"},"content":{"rendered":"\n<p>Foi publicado o edital do concurso Prefeitura de Valen\u00e7a do Piau\u00ed, no estado do <a href=\"https:\/\/www.editorasolucao.com.br\/blog\/concursos-previstos-pi\">Piau\u00ed<\/a>, que oferta 155 vagas imediatas para cargos de <strong>n\u00edveis fundamental, m\u00e9dio, t\u00e9cnico e superior<\/strong> de escolaridade, com sal\u00e1rio de at\u00e9 R$ 4.000,00! Se interessa pelo certame? Confira os demais detalhes no decorrer da not\u00edcia. \ud83d\ude0d<\/p>\n\n\n\n<ul><li><a href=\"#inscri\u00e7\u00f5es\">Inscri\u00e7\u00f5es<\/a><\/li><li><a href=\"#cargos\">Cargos, vagas e remunera\u00e7\u00f5es<\/a><\/li><li><a href=\"#requisitos\">Requisitos<\/a><\/li><li><a href=\"#etapas\">Etapas de sele\u00e7\u00e3o<\/a><\/li><\/ul>\n\n\n\n<div id=\"ez-toc-container\" class=\"ez-toc-v2_0_69_1 counter-hierarchy ez-toc-counter ez-toc-grey ez-toc-container-direction\">\n<div class=\"ez-toc-title-container\">\n<p class=\"ez-toc-title \" >Menu de navega&ccedil;&atilde;o<\/p>\n<span class=\"ez-toc-title-toggle\"><a href=\"#\" class=\"ez-toc-pull-right ez-toc-btn ez-toc-btn-xs ez-toc-btn-default ez-toc-toggle\" aria-label=\"Toggle Table of Content\"><span class=\"ez-toc-js-icon-con\"><span class=\"\"><span class=\"eztoc-hide\" style=\"display:none;\">Toggle<\/span><span class=\"ez-toc-icon-toggle-span\"><svg style=\"fill: #999;color:#999\" xmlns=\"http:\/\/www.w3.org\/2000\/svg\" class=\"list-377408\" width=\"20px\" height=\"20px\" viewBox=\"0 0 24 24\" fill=\"none\"><path d=\"M6 6H4v2h2V6zm14 0H8v2h12V6zM4 11h2v2H4v-2zm16 0H8v2h12v-2zM4 16h2v2H4v-2zm16 0H8v2h12v-2z\" fill=\"currentColor\"><\/path><\/svg><svg style=\"fill: #999;color:#999\" class=\"arrow-unsorted-368013\" xmlns=\"http:\/\/www.w3.org\/2000\/svg\" width=\"10px\" height=\"10px\" viewBox=\"0 0 24 24\" version=\"1.2\" baseProfile=\"tiny\"><path d=\"M18.2 9.3l-6.2-6.3-6.2 6.3c-.2.2-.3.4-.3.7s.1.5.3.7c.2.2.4.3.7.3h11c.3 0 .5-.1.7-.3.2-.2.3-.5.3-.7s-.1-.5-.3-.7zM5.8 14.7l6.2 6.3 6.2-6.3c.2-.2.3-.5.3-.7s-.1-.5-.3-.7c-.2-.2-.4-.3-.7-.3h-11c-.3 0-.5.1-.7.3-.2.2-.3.5-.3.7s.1.5.3.7z\"\/><\/svg><\/span><\/span><\/span><\/a><\/span><\/div>\n<nav><ul class='ez-toc-list ez-toc-list-level-1 ' ><li class='ez-toc-page-1 ez-toc-heading-level-2'><a class=\"ez-toc-link ez-toc-heading-1\" href=\"https:\/\/www.editorasolucao.com.br\/blog\/concurso\/prefeitura-de-valenca-do-piaui-pi\/#Como_serao_as_inscricoes_do_concurso_Prefeitura_de_Valenca_do_Piaui-PI\" title=\"Como ser\u00e3o as inscri\u00e7\u00f5es do concurso Prefeitura de Valen\u00e7a do Piau\u00ed-PI?\">Como ser\u00e3o as inscri\u00e7\u00f5es do concurso Prefeitura de Valen\u00e7a do Piau\u00ed-PI?<\/a><\/li><li class='ez-toc-page-1 ez-toc-heading-level-2'><a class=\"ez-toc-link ez-toc-heading-2\" href=\"https:\/\/www.editorasolucao.com.br\/blog\/concurso\/prefeitura-de-valenca-do-piaui-pi\/#Cargos_vagas_e_remuneracoes_do_concurso_Prefeitura_de_Valenca_do_Piaui-PI\" title=\"Cargos, vagas e remunera\u00e7\u00f5es do concurso Prefeitura de Valen\u00e7a do Piau\u00ed-PI\">Cargos, vagas e remunera\u00e7\u00f5es do concurso Prefeitura de Valen\u00e7a do Piau\u00ed-PI<\/a><\/li><li class='ez-toc-page-1 ez-toc-heading-level-2'><a class=\"ez-toc-link ez-toc-heading-3\" href=\"https:\/\/www.editorasolucao.com.br\/blog\/concurso\/prefeitura-de-valenca-do-piaui-pi\/#Quais_sao_os_requisitos_para_participar_do_concurso_Prefeitura_de_Valenca_do_Piaui-PI\" title=\"Quais s\u00e3o os requisitos para participar do concurso Prefeitura de Valen\u00e7a do Piau\u00ed-PI?\">Quais s\u00e3o os requisitos para participar do concurso Prefeitura de Valen\u00e7a do Piau\u00ed-PI?<\/a><\/li><li class='ez-toc-page-1 ez-toc-heading-level-2'><a class=\"ez-toc-link ez-toc-heading-4\" href=\"https:\/\/www.editorasolucao.com.br\/blog\/concurso\/prefeitura-de-valenca-do-piaui-pi\/#Concurso_Prefeitura_de_Valenca_do_Piaui-PI_Etapas_de_selecao\" title=\"Concurso Prefeitura de Valen\u00e7a do Piau\u00ed-PI: Etapas de sele\u00e7\u00e3o\">Concurso Prefeitura de Valen\u00e7a do Piau\u00ed-PI: Etapas de sele\u00e7\u00e3o<\/a><\/li><\/ul><\/nav><\/div>\n<h2 class=\"wp-block-heading\" id=\"inscri\u00e7\u00f5es\"><span class=\"ez-toc-section\" id=\"Como_serao_as_inscricoes_do_concurso_Prefeitura_de_Valenca_do_Piaui-PI\"><\/span>Como ser\u00e3o as inscri\u00e7\u00f5es do concurso Prefeitura de Valen\u00e7a do Piau\u00ed-PI?<span class=\"ez-toc-section-end\"><\/span><\/h2>\n\n\n\n<p>Os interessados em participar do certame poder\u00e3o realizar as inscri\u00e7\u00f5es <strong>a partir do dia 06 de outubro at\u00e9 o dia 02 de novembro de 2023<\/strong>, atrav\u00e9s do site da banca organizadora, <a href=\"https:\/\/institutovicentenelson.com.br\/informacoes\/84\/\" target=\"_blank\" rel=\"noreferrer noopener\">Instituto Vicente Nelson<\/a>.<\/p>\n\n\n\n<ul><li>N\u00edvel fundamental: <strong>R$ 63,00<\/strong><\/li><li>N\u00edvel m\u00e9dio\/t\u00e9cnico: <strong>R$ 86,00<\/strong><\/li><li>N\u00edvel superior: <strong>R$ 102,00<\/strong><\/li><\/ul>\n\n\n\n<p>Haver\u00e1 a possibilidade de solicitar a <strong>isen\u00e7\u00e3o <\/strong>da taxa de participa\u00e7\u00e3o <strong>entre os dias 06 a 13 de outubro de 2023<\/strong>, para o candidato que:<\/p>\n\n\n\n<ul><li>estiver inscrito no Cadastro \u00danico para Programas Sociais do Governo Federal (Cad\u00danico) e for membro de fam\u00edlia de baixa renda nos termos do Decreto Federal n\u00ba 11.016\/2022<\/li><\/ul>\n\n\n\n<h2 class=\"wp-block-heading\" id=\"cargos\"><span class=\"ez-toc-section\" id=\"Cargos_vagas_e_remuneracoes_do_concurso_Prefeitura_de_Valenca_do_Piaui-PI\"><\/span>Cargos, vagas e remunera\u00e7\u00f5es do concurso Prefeitura de Valen\u00e7a do Piau\u00ed-PI<span class=\"ez-toc-section-end\"><\/span><\/h2>\n\n\n\n<p>Conforme o edital, ao todo est\u00e3o sendo ofertadas <strong>155 vagas imediatas<\/strong> para cargos de n\u00edveis fundamental, m\u00e9dio, t\u00e9cnico e superior de escolaridade. Confira os cargos ofertados, a distribui\u00e7\u00e3o das vagas e o sal\u00e1rio:<\/p>\n\n\n\n<p><strong>Fundamental<\/strong><\/p>\n\n\n\n<ul><li>Auxiliar de Servi\u00e7os Gerais (10) <ul><li>R$ 1.302,00<\/li><\/ul><\/li><li>Agente de Limpeza P\u00fablica (01) <ul><li>R$ 1.302,00<\/li><\/ul><\/li><li>Cuidador no Servi\u00e7o Social (01) <ul><li>R$ 1.302,00<\/li><\/ul><\/li><li>Merendeira (02) <ul><li>R$ 1.302,00<\/li><\/ul><\/li><li>Motorista (03) <ul><li>R$ 1.302,00<\/li><\/ul><\/li><li>Operador de M\u00e1quinas Pesadas (02) <ul><li>R$ 1.450,00<\/li><\/ul><\/li><li>Vigia (05) <ul><li>R$ 1.302,00<\/li><\/ul><\/li><\/ul>\n\n\n\n<p><strong>M\u00e9dio\/t\u00e9cnico<\/strong><\/p>\n\n\n\n<ul><li>Agente Comunit\u00e1rio de Sa\u00fade (05) <ul><li>R$ 2.424,00<\/li><\/ul><\/li><li>Agente de Combate a Endemias (03) <ul><li>R$ 2.424,00<\/li><\/ul><\/li><li>Agente de Vigil\u00e2ncia Sanit\u00e1ria (01) <ul><li>R$ 1.500,00<\/li><\/ul><\/li><li>Almoxarife (01) <ul><li>R$ 1.302,00<\/li><\/ul><\/li><li>Atendente de Farm\u00e1cia B\u00e1sica (01) <ul><li>R$ 1.850,00<\/li><\/ul><\/li><li>Auxiliar de Sa\u00fade Bucal (01) <ul><li>R$ 1.302,00<\/li><\/ul><\/li><li>Bombeiro Civil (01) <ul><li>R$ 1.302,00<\/li><\/ul><\/li><li>Bombeiro Hidr\u00e1ulico (01) <ul><li>R$ 1.302,00<\/li><\/ul><\/li><li>Entrevistador Social (01) <ul><li>R$ 1.302,00<\/li><\/ul><\/li><li>Fiscal de Obras (01) <ul><li>R$ 1.450,00<\/li><\/ul><\/li><li>Fiscal de Tributos (01) <ul><li>R$ 1.450,00<\/li><\/ul><\/li><li>Monitor Social (01) <ul><li>R$ 1.302,00<\/li><\/ul><\/li><li>Operador de Sistemas de Inform\u00e1tica (01) <ul><li>R$ 1.450,00<\/li><\/ul><\/li><li>Orientador Social (02) <ul><li>R$ 1.302,00<\/li><\/ul><\/li><li>Recepcionista (03) <ul><li>R$ 1.302,00<\/li><\/ul><\/li><li>T\u00e9cnico em Enfermagem (05) <ul><li>R$ 1.558,00<\/li><\/ul><\/li><li>T\u00e9cnico em Contabilidade (01) <ul><li>R$ 1.558,00<\/li><\/ul><\/li><li>Visitador Social (01) <ul><li>R$ 1.302,00<\/li><\/ul><\/li><\/ul>\n\n\n\n<p><strong>Superior<\/strong><\/p>\n\n\n\n<ul><li>Agente de Controle Interno (01) <ul><li>R$ 2.226,06<\/li><\/ul><\/li><li>Arquiteto e Urbanista (01) <ul><li>R$ 2.226,06<\/li><\/ul><\/li><li>Assistente Social (02) <ul><li>R$ 1.954,00<\/li><\/ul><\/li><li>Bibliotec\u00e1rio (01) <ul><li>R$ 1.954,00<\/li><\/ul><\/li><li>Biom\u00e9dico (01) <ul><li>R$ 2.226,96<\/li><\/ul><\/li><li>Cirurgi\u00e3o-Dentista (05) <ul><li>R$ 2.226,96<\/li><\/ul><\/li><li>Enfermeiro (06) <ul><li>R$ 2.226,96<\/li><\/ul><\/li><li>Engenheiro Agr\u00f4nomo (01) <ul><li>R$ 2.226,96<\/li><\/ul><\/li><li>Engenheiro Civil (01) <ul><li>R$ 2.226,96<\/li><\/ul><\/li><li>Farmac\u00eautico (01) <ul><li>R$ 2.226,96<\/li><\/ul><\/li><li>Fisioterapeuta (02) <ul><li>R$ 2.226,96<\/li><\/ul><\/li><li>Fonoaudi\u00f3logo (01) <ul><li>R$ 2.226,96<\/li><\/ul><\/li><li>M\u00e9dico<strong> <\/strong>(05) <ul><li>R$ 4.000,00<\/li><\/ul><\/li><li>M\u00e9dico Veterin\u00e1rio (01) <ul><li>R$ 2.226,96<\/li><\/ul><\/li><li>Nutricionista (01) <ul><li>R$ 1.954,00<\/li><\/ul><\/li><li>Pedagogo (01) <ul><li>R$ 1.696,80<\/li><\/ul><\/li><li>Professor &#8211; R$ 2.210,28<ul><li>Artes (01)<\/li><li>Braile (01) <\/li><li>Ci\u00eancias F\u00edsicas, Qu\u00edmicas e Biol\u00f3gicas (03) <\/li><li>Educa\u00e7\u00e3o F\u00edsica (02) <\/li><li>Educa\u00e7\u00e3o Infantil (18) <\/li><li>Ensino Fundamental &#8211; 1\u00ba ao 5\u00ba ano (19)<\/li><li>Ensino Religioso (01)<\/li><li>Geografia (02)<\/li><li>Hist\u00f3ria (03)<\/li><li>Ingl\u00eas (01)<\/li><li>Libras (01)<\/li><li>Matem\u00e1tica (04)<\/li><li>Portugu\u00eas (04)<\/li><\/ul><\/li><li>Profissional de Educa\u00e7\u00e3o F\u00edsica (04) <ul><li>R$ 1.717,00<\/li><\/ul><\/li><li>Psic\u00f3logo (03) <ul><li>R$ 1.954,00<\/li><\/ul><\/li><li>Psicopedagogo (01) <ul><li>R$ 1.954,00<\/li><\/ul><\/li><li>Terapeuta Ocupacional (01) <ul><li>R$ 1.953,00<\/li><\/ul><\/li><\/ul>\n\n\n\n<p>A jornada de trabalho varia entre 20 a 40 horas semanais, de acordo com o cargo pretendido pelo candidato.<\/p>\n\n\n\n<h2 class=\"wp-block-heading\" id=\"requisitos\"><span class=\"ez-toc-section\" id=\"Quais_sao_os_requisitos_para_participar_do_concurso_Prefeitura_de_Valenca_do_Piaui-PI\"><\/span>Quais s\u00e3o os requisitos para participar do concurso Prefeitura de Valen\u00e7a do Piau\u00ed-PI?<span class=\"ez-toc-section-end\"><\/span><\/h2>\n\n\n\n<p>Saiba quais s\u00e3o as <strong>exig\u00eancias<\/strong> para que o candidato tome posse do cargo pretendido no concurso <a href=\"https:\/\/www.editorasolucao.com.br\/blog\/concursos-abertos-pi\">Prefeitura de Valen\u00e7a do Piau\u00ed-PI<\/a>:<\/p>\n\n\n\n<ul><li>Ser brasileiro, nato ou naturalizado, ou cidad\u00e3o portugu\u00eas que tenha adquirido a igualdade de direitos e obriga\u00e7\u00f5es civis, bem como o gozo dos direitos pol\u00edticos (Decreto n.\u00ba 70.436, de 18\/04\/72, e artigo 12, \u00a71\u00ba, da Constitui\u00e7\u00e3o Federal \u2013 artigo 3\u00ba da Emenda Constitucional n.\u00ba 19, de 04\/06\/98);<\/li><li><strong>Ter idade igual ou superior a 18 anos completos na data da nomea\u00e7\u00e3o;<\/strong><\/li><li>Ter a situa\u00e7\u00e3o regularizada com as obriga\u00e7\u00f5es perante o servi\u00e7o militar, se do sexo masculino;<\/li><li>Ter a situa\u00e7\u00e3o regularizada perante a Justi\u00e7a Eleitoral;<\/li><li>Possuir, at\u00e9 a data da posse, todos os requisitos de habilita\u00e7\u00e3o exigidos para o cargo pretendido, conforme quadro do item 2 do Cap\u00edtulo II deste Edital;<\/li><li>Conhecer, atender e aceitar as condi\u00e7\u00f5es estabelecidas neste edital;<\/li><li>Estar em pleno gozo dos seus direitos pol\u00edticos e civis;<\/li><li><strong>Ter aptid\u00e3o f\u00edsica e mental e n\u00e3o ser pessoa com defici\u00eancia incompat\u00edvel com o exerc\u00edcio do cargo, mediante confirma\u00e7\u00e3o de exame m\u00e9dico admissional;<\/strong><\/li><li>N\u00e3o ter sofrido, no exerc\u00edcio da fun\u00e7\u00e3o p\u00fablica, penalidade incompat\u00edvel com a investidura em cargo p\u00fablico, prevista na Lei Federal n.\u00ba 8.429, de 02 de junho de 1992;<\/li><li>N\u00e3o ser, nem ter sido condenado judicialmente por pr\u00e1tica criminosa;<\/li><li>N\u00e3o possuir v\u00ednculo com qualquer \u00f3rg\u00e3o ou entidade da Administra\u00e7\u00e3o P\u00fablica que impossibilite acumula\u00e7\u00e3o de cargos, empregos e fun\u00e7\u00f5es, ressalvados os casos contidos nas al\u00edneas \u201ca\u201d, \u201cb\u201d e \u201cc\u201d, inc. XVI, do art. 37, da Constitui\u00e7\u00e3o Federal, inclusive no que concerne \u00e0 compatibilidade de hor\u00e1rios;<\/li><li>N\u00e3o ser aposentado por invalidez ou ter aposentadoria especial para o mesmo cargo, e nem estar em idade de aposentadoria compuls\u00f3ria;<\/li><li>N\u00e3o ter sido demitido por ato de improbidade ou exonerado \u201ca bem do servi\u00e7o p\u00fablico\u201d, mediante decis\u00e3o transitada em julgado em qualquer esfera governamental.<\/li><\/ul>\n\n\n\n<h2 class=\"wp-block-heading\" id=\"etapas\"><span class=\"ez-toc-section\" id=\"Concurso_Prefeitura_de_Valenca_do_Piaui-PI_Etapas_de_selecao\"><\/span>Concurso Prefeitura de Valen\u00e7a do Piau\u00ed-PI: Etapas de sele\u00e7\u00e3o<span class=\"ez-toc-section-end\"><\/span><\/h2>\n\n\n\n<p>Os candidatos ser\u00e3o avaliados por meio das seguintes etapas de sele\u00e7\u00e3o:<\/p>\n\n\n\n<ul><li><strong>Prova Objetiva<\/strong> &#8211; de car\u00e1ter <em>eliminat\u00f3rio <\/em>e <em>classificat\u00f3rio<\/em>;<\/li><li><strong>Prova de T\u00edtulos<\/strong> &#8211; de car\u00e1ter <em>classificat\u00f3rio<\/em>.<ul><li>Somente para cargos de n\u00edvel superior<\/li><\/ul><\/li><\/ul>\n\n\n\n<h3 class=\"wp-block-heading\">Prova Objetiva<\/h3>\n\n\n\n<p>Essa etapa dever\u00e1 ser realizada no dia <strong>19 de novembro de 2023<\/strong>, onde os candidatos ter\u00e3o o tempo m\u00e1ximo de 03 horas para finalizar a prova.<\/p>\n\n\n\n<p>A avalia\u00e7\u00e3o ser\u00e1 composta por <strong>40 quest\u00f5es de m\u00faltipla escolha<\/strong> que ser\u00e3o versadas nas seguintes disciplinas:<\/p>\n\n\n\n<ul><li>Conhecimentos Gerais<ul><li>L\u00edngua Portuguesa (15)<\/li><\/ul><ul><li>Inform\u00e1tica B\u00e1sica (10)<\/li><li>Matem\u00e1tica (10)<\/li><\/ul><\/li><li>Conhecimentos Espec\u00edficos<ul><li>Conhecimentos Espec\u00edficos (15)<\/li><\/ul><\/li><\/ul>\n\n\n\n<p>O exame ser\u00e1 avaliado em uma escala de 0 a 70 pontos, dessa forma, ser\u00e1 considerado <strong>aprovado <\/strong>o candidato que obtiver no m\u00ednimo de 60% de acertos e n\u00e3o obtiver 0 em nenhum conte\u00fado (disciplina) da prova.<\/p>\n\n\n\n<h3 class=\"wp-block-heading\">Prova de T\u00edtulos <\/h3>\n\n\n\n<p>Confira os t\u00edtulos que ser\u00e3o <strong>aceitos<\/strong> para a avalia\u00e7\u00e3o e sua respectiva pontua\u00e7\u00e3o:<\/p>\n\n\n\n<figure class=\"wp-block-image size-full\"><img loading=\"lazy\" decoding=\"async\" width=\"549\" height=\"376\" src=\"https:\/\/www.editorasolucao.com.br\/blog\/wp-content\/uploads\/2023\/10\/image-10.png\" alt=\"\" class=\"wp-image-36140\"\/><\/figure>\n\n\n\n<p>O prazo de <strong>validade <\/strong>do concurso ser\u00e1 de at\u00e9 dois anos a contar da data de sua homologa\u00e7\u00e3o, podendo ser prorrogado, uma vez e por igual per\u00edodo, por ato discricion\u00e1rio do Prefeito Municipal de Valen\u00e7a do Piau\u00ed.<\/p>\n\n\n\n<p><strong>Bons estudos e boa prova!!!<\/strong><\/p>\n","protected":false},"excerpt":{"rendered":"<p>Foi publicado o edital do concurso Prefeitura de Valen\u00e7a do Piau\u00ed, no estado do Piau\u00ed, que oferta 155 vagas imediatas para cargos de n\u00edveis fundamental, m\u00e9dio, t\u00e9cnico e superior de escolaridade, com sal\u00e1rio de at\u00e9 R$ 4.000,00! Se interessa pelo certame? Confira os demais detalhes no decorrer da not\u00edcia. \ud83d\ude0d Inscri\u00e7\u00f5es Cargos, vagas e remunera\u00e7\u00f5es Requisitos Etapas de sele\u00e7\u00e3o Como ser\u00e3o as inscri\u00e7\u00f5es do concurso Prefeitura de Valen\u00e7a do Piau\u00ed-PI? Os interessados em participar do certame poder\u00e3o realizar as inscri\u00e7\u00f5es a partir do dia 06 de outubro at\u00e9 o dia 02 de novembro de 2023, atrav\u00e9s do site da banca&#8230;<\/p>\n","protected":false},"author":18,"featured_media":36137,"template":"","meta":{"_acf_changed":false,"rank_math_lock_modified_date":false},"categories":[],"tags":[],"acf":[],"_links":{"self":[{"href":"https:\/\/www.editorasolucao.com.br\/blog\/wp-json\/wp\/v2\/concurso\/36136"}],"collection":[{"href":"https:\/\/www.editorasolucao.com.br\/blog\/wp-json\/wp\/v2\/concurso"}],"about":[{"href":"https:\/\/www.editorasolucao.com.br\/blog\/wp-json\/wp\/v2\/types\/concurso"}],"author":[{"embeddable":true,"href":"https:\/\/www.editorasolucao.com.br\/blog\/wp-json\/wp\/v2\/users\/18"}],"wp:featuredmedia":[{"embeddable":true,"href":"https:\/\/www.editorasolucao.com.br\/blog\/wp-json\/wp\/v2\/media\/36137"}],"wp:attachment":[{"href":"https:\/\/www.editorasolucao.com.br\/blog\/wp-json\/wp\/v2\/media?parent=36136"}],"wp:term":[{"taxonomy":"category","embeddable":true,"href":"https:\/\/www.editorasolucao.com.br\/blog\/wp-json\/wp\/v2\/categories?post=36136"},{"taxonomy":"post_tag","embeddable":true,"href":"https:\/\/www.editorasolucao.com.br\/blog\/wp-json\/wp\/v2\/tags?post=36136"}],"curies":[{"name":"wp","href":"https:\/\/api.w.org\/{rel}","templated":true}]}}